{"id":11819,"date":"2025-07-15T14:11:14","date_gmt":"2025-07-15T12:11:14","guid":{"rendered":"https:\/\/www.cafedelhomme.com\/?page_id=11819"},"modified":"2025-07-15T14:11:17","modified_gmt":"2025-07-15T12:11:17","slug":"semi-privatization-at-cafe-de-lhomme","status":"publish","type":"page","link":"https:\/\/www.cafedelhomme.com\/en\/semi-privatization-at-cafe-de-lhomme","title":{"rendered":"Semi-privatization at Caf\u00e9 de l&#8217;Homme"},"content":{"rendered":"<div class=\"wpb-content-wrapper\"><p>[vc_row sticky_row=&#8221;yes&#8221; css=&#8221;.vc_custom_1729757449101{background-image: url(https:\/\/www.cafedelhomme.com\/wp-content\/uploads\/2024\/01\/header-homepage-cdh.jpg?id=5114) !important;background-position: center !important;background-repeat: no-repeat !important;background-size: cover !important;}&#8221; el_id=&#8221;header-page-simple&#8221;][vc_column responsive_css=&#8221;padding_top_large:220px|padding_bottom_large:220px&#8221; css=&#8221;.vc_custom_1683277774171{padding-top: 120px !important;padding-bottom: 230px !important;}&#8221;][vc_custom_heading text=&#8221;Caf\u00e9 de l&#8217;Homme &#8211; The ideal venue for your events in Paris&#8221; font_container=&#8221;tag:h1|text_align:center&#8221; css=&#8221;.vc_custom_1750343238736{margin-bottom: 0px !important;}&#8221;][vc_column_text css=&#8221;&#8221;]<\/p>\n<p style=\"text-align: center;\">A prestigious setting and flexible spaces<\/p>\n<p>[\/vc_column_text][\/vc_column][\/vc_row][vc_row el_id=&#8221;img-and-text&#8221; responsive_css=&#8221;padding_top_large:160px|padding_bottom_large:80px&#8221; css=&#8221;.vc_custom_1730107755116{padding-bottom: 40px !important;background-color: #ffffff !important;}&#8221;][vc_column][vc_row_inner equal_height=&#8221;yes&#8221; content_placement=&#8221;middle&#8221; responsive_css=&#8221;margin_bottom_large:80px&#8221; css=&#8221;.vc_custom_1686138812636{margin-bottom: 40px !important;}&#8221;][vc_column_inner width=&#8221;1\/2&#8243; el_class=&#8221;picture_top&#8221;][vc_single_image image=&#8221;7676&#8243; img_size=&#8221;full&#8221; alignment=&#8221;center&#8221; css=&#8221;.vc_custom_1747905183691{margin-bottom: 0px !important;}&#8221;][\/vc_column_inner][vc_column_inner width=&#8221;1\/2&#8243; el_class=&#8221;text_right&#8221;][vc_custom_heading text=&#8221;Tailor-made events in an exceptional venue&#8221; css=&#8221;&#8221;][vc_column_text css=&#8221;&#8221;]Give your guests a memorable experience by organising your events at the Caf\u00e9 de l&#8217;Homme. Located in the heart of the Trocad\u00e9ro, facing the majestic Eiffel Tower, our establishment combines architectural elegance, top-of-the-range service and flexible spaces. Whether you&#8217;re planning a team lunch, a product presentation, a networking cocktail party or a celebration, we can help you create a unique moment that reflects your image.<\/p>\n<p>We offer semi-privatisation of our spaces, an ideal solution for reconciling intimacy and atmosphere. Take advantage of one of our sunny terraces for a business lunch, overlooking the gardens and the Eiffel Tower. Each location has been designed to offer a friendly, professional and resolutely elegant experience, without ever needing to privatise the entire restaurant.[\/vc_column_text][\/vc_column_inner][\/vc_row_inner][\/vc_column][\/vc_row][vc_row enable_gradient=&#8221;yes&#8221; css=&#8221;.vc_custom_1730111311851{padding-top: 150px !important;padding-bottom: 150px !important;background-color: #000000 !important;background-position: center !important;background-repeat: no-repeat !important;background-size: cover !important;}&#8221; el_class=&#8221;visite-virtuelle&#8221; gradient_bg=&#8221;linear-gradient(0deg, rgba(0, 0, 0, 0.5) 0%, rgba(0,0,0,0.4) 100%)&#8221;][vc_column][vc_custom_heading text=&#8221;Discover Caf\u00e9 de l&#8217;Homme with an immersive virtual tour&#8221; font_container=&#8221;tag:h2|text_align:center&#8221; css=&#8221;&#8221;][vc_column_text css=&#8221;&#8221;]<\/p>\n<div id=\"1730108382.121419\" class=\"c-virtual_list__item\" tabindex=\"0\" role=\"listitem\" aria-setsize=\"-1\" data-qa=\"virtual-list-item\" data-item-key=\"1730108382.121419\">\n<div class=\"c-message_kit__background p-message_pane_message__message c-message_kit__message\" role=\"presentation\" data-qa=\"message_container\" data-qa-unprocessed=\"false\" data-qa-placeholder=\"false\">\n<div class=\"c-message_kit__hover\" role=\"document\" aria-roledescription=\"message\" data-qa-hover=\"true\">\n<div class=\"c-message_kit__actions c-message_kit__actions--default\">\n<div class=\"c-message_kit__gutter\">\n<div class=\"c-message_kit__gutter__right\" role=\"presentation\" data-qa=\"message_content\">\n<div class=\"c-message_kit__blocks c-message_kit__blocks--rich_text\">\n<div class=\"c-message__message_blocks c-message__message_blocks--rich_text\" data-qa=\"message-text\">\n<div class=\"p-block_kit_renderer\" data-qa=\"block-kit-renderer\">\n<div class=\"p-block_kit_renderer__block_wrapper p-block_kit_renderer__block_wrapper--first\">\n<div class=\"p-rich_text_block\" dir=\"auto\">\n<div>Explore the exclusive world of<b> Caf\u00e9 de l&#8217;Homme<\/b> with our immersive virtual tour. Explore every space in our <b>hidden restaurant<\/b>, offering spectacular views of the Eiffel Tower. Immerse yourself in the warm, refined atmosphere of <b>Caf\u00e9 de l&#8217;Homme<\/b> and prepare for a unique experience, right in the heart of Paris.<\/div>\n<\/div>\n<\/div>\n<\/div>\n<\/div>\n<\/div>\n<\/div>\n<\/div>\n<\/div>\n<\/div>\n<\/div>\n<\/div>\n<p>[\/vc_column_text]<a href=\"#\" class=\"btn btn-default btn-bordered border-thin btn btn-outline btn-outline-white open-vv ld_button_69f1c1e417f79\">\n\t<span>\n\t\t\n\t\t\t\t\t<span class=\"btn-txt\">start the virtual tour<\/span>\n\t\t\t\n\t\t\t\t<\/span>\n<\/a>\n[\/vc_column][\/vc_row][vc_row responsive_css=&#8221;padding_top_large:160px|padding_bottom_large:80px&#8221; css=&#8221;.vc_custom_1730107763818{padding-bottom: 40px !important;background-color: #ffffff !important;}&#8221; el_id=&#8221;img-and-text-alt&#8221;][vc_column][vc_row_inner equal_height=&#8221;yes&#8221; content_placement=&#8221;middle&#8221;][vc_column_inner width=&#8221;1\/2&#8243; el_class=&#8221;text_left&#8221;][vc_custom_heading text=&#8221;A flexible offer for every type of event&#8221; css=&#8221;&#8221;][vc_column_text css=&#8221;&#8221;]From informal lunches to corporate cocktail parties, friendly meetings or thank-you evenings, Caf\u00e9 de l&#8217;Homme can adapt to your every need. Thanks to the flexible configuration of our spaces, you can create the event that suits you, with a personalised atmosphere, dedicated service and top-of-the-range facilities.<\/p>\n<p>Our events team has a wealth of experience in welcoming corporate clients, and will work with you from conception to completion. Treat your staff to a breathtaking view of the Eiffel Tower, in a setting that is both iconic and warm. Whether during the day or in the evening, every moment spent at the Caf\u00e9 de l&#8217;Homme becomes an opportunity to make a lasting impression.[\/vc_column_text]<a href=\"#\" class=\"btn btn-naked btn_underline open-contact ld_button_69f1c1e41812c\">\n\t<span>\n\t\t\n\t\t\t\t\t<span class=\"btn-txt\">request a privatisation.<\/span>\n\t\t\t\n\t\t\t\t<\/span>\n<\/a>\n[\/vc_column_inner][vc_column_inner width=&#8221;1\/2&#8243; el_class=&#8221;picture_bottom&#8221;][vc_single_image image=&#8221;7397&#8243; img_size=&#8221;full&#8221; alignment=&#8221;center&#8221; css=&#8221;&#8221;][\/vc_column_inner][\/vc_row_inner][\/vc_column][\/vc_row][vc_row enable_gradient=&#8221;yes&#8221; css=&#8221;.vc_custom_1730111311851{padding-top: 150px !important;padding-bottom: 150px !important;background-color: #000000 !important;background-position: center !important;background-repeat: no-repeat !important;background-size: cover !important;}&#8221; el_class=&#8221;visite-virtuelle&#8221; gradient_bg=&#8221;linear-gradient(0deg, rgba(0, 0, 0, 0.5) 0%, rgba(0,0,0,0.4) 100%)&#8221;][vc_column][vc_custom_heading text=&#8221;Discover our tailor-made professional experiences&#8221; font_container=&#8221;tag:h2|text_align:center&#8221; css=&#8221;&#8221;][vc_row_inner equal_height=&#8221;yes&#8221; content_placement=&#8221;middle&#8221;][vc_column_inner width=&#8221;1\/2&#8243; el_class=&#8221;text_left&#8221;]<a href=\"https:\/\/www.cafedelhomme.com\/en\/privatize\/cafe-de-lhomme-experience\" class=\"btn btn-default btn-bordered border-thin btn btn-outline btn-outline-white ld_button_69f1c1e41825d\">\n\t<span>\n\t\t\n\t\t\t\t\t<span class=\"btn-txt\">Business lunches on the terrace with views<\/span>\n\t\t\t\n\t\t\t\t<\/span>\n<\/a>\n<a href=\"https:\/\/www.cafedelhomme.com\/en\/privatize\/would-you-like-to-launch-your-product-in-front-of-the-eiffel-tower\" class=\"btn btn-default btn-bordered border-thin btn btn-outline btn-outline-white ld_button_69f1c1e418385\">\n\t<span>\n\t\t\n\t\t\t\t\t<span class=\"btn-txt\">Product launches in inspiring surroundings<\/span>\n\t\t\t\n\t\t\t\t<\/span>\n<\/a>\n<a href=\"https:\/\/www.cafedelhomme.com\/en\/restaurant-around-the-eiffel-tower\" class=\"btn btn-default btn-bordered border-thin btn btn-outline btn-outline-white ld_button_69f1c1e41849a\">\n\t<span>\n\t\t\n\t\t\t\t\t<span class=\"btn-txt\">Company dinners in an elegant setting<\/span>\n\t\t\t\n\t\t\t\t<\/span>\n<\/a>\n[\/vc_column_inner][vc_column_inner width=&#8221;1\/2&#8243; el_class=&#8221;picture_bottom&#8221;]<a href=\"https:\/\/www.cafedelhomme.com\/en\/privatize\/privatise-a-training-room-in-the-heart-of-paris\" class=\"btn btn-default btn-bordered border-thin btn btn-outline btn-outline-white ld_button_69f1c1e4185a7\">\n\t<span>\n\t\t\n\t\t\t\t\t<span class=\"btn-txt\">Cocktail receptions in a semi-private lounge<\/span>\n\t\t\t\n\t\t\t\t<\/span>\n<\/a>\n<a href=\"https:\/\/www.cafedelhomme.com\/en\/afterwork-in-paris\" class=\"btn btn-default btn-bordered border-thin btn btn-outline btn-outline-white ld_button_69f1c1e4186b4\">\n\t<span>\n\t\t\n\t\t\t\t\t<span class=\"btn-txt\">Afterworks with signature cocktails<\/span>\n\t\t\t\n\t\t\t\t<\/span>\n<\/a>\n<a href=\"https:\/\/www.cafedelhomme.com\/en\/privatize\/organise-a-corporate-seminar-in-paris-overlooking-the-eiffel-tower\" class=\"btn btn-default btn-bordered border-thin btn btn-outline btn-outline-white ld_button_69f1c1e4187bd\">\n\t<span>\n\t\t\n\t\t\t\t\t<span class=\"btn-txt\">Corporate evenings in the light of the Eiffel<\/span>\n\t\t\t\n\t\t\t\t<\/span>\n<\/a>\n[\/vc_column_inner][\/vc_row_inner][\/vc_column][\/vc_row][vc_row el_id=&#8221;equipements&#8221; css=&#8221;.vc_custom_1686224179321{padding-top: 80px !important;padding-bottom: 80px !important;background-color: #faf9f6 !important;}&#8221; responsive_css=&#8221;padding_top_large:145px|padding_bottom_large:168px&#8221; el_class=&#8221;prestations&#8221;][vc_column width=&#8221;5\/12&#8243;][vc_custom_heading text=&#8221;An exceptional restaurant for your special events&#8221; css=&#8221;.vc_custom_1750343373098{margin-bottom: 40px !important;}&#8221;][vc_column_text css=&#8221;.vc_custom_1750343386848{margin-bottom: 40px !important;}&#8221;]Organising an event at the Caf\u00e9 de l&#8217;Homme means choosing an emblematic venue that combines refined gastronomy, a unique panorama and premium services. Located in the heart of the Palais de Chaillot, our restaurant opens the doors to a confidential and prestigious Paris.<\/p>\n<p>Our menus, designed by Chef Wilfried Graux, showcase seasonal produce in an elegant, contemporary style. To accompany your meals or cocktails, our mixologists come up with bold, refined creations. Our teams pay attention to every detail, to guarantee your guests a smooth, immersive and unforgettable experience.[\/vc_column_text]<a href=\"#\" class=\"btn btn-naked btn_underline open-contact ld_button_69f1c1e4188bf\">\n\t<span>\n\t\t\n\t\t\t\t\t<span class=\"btn-txt\">organise an event.<\/span>\n\t\t\t\n\t\t\t\t<\/span>\n<\/a>\n[\/vc_column][vc_column width=&#8221;7\/12&#8243;][vc_row_inner equal_height=&#8221;yes&#8221; content_placement=&#8221;middle&#8221; responsive_css=&#8221;margin_bottom_large:30px&#8221; css=&#8221;.vc_custom_1686224165726{margin-bottom: 40px !important;}&#8221; el_class=&#8221;options&#8221;][vc_column_inner width=&#8221;1\/2&#8243; enable_overlay=&#8221;yes&#8221; align=&#8221;text-center&#8221; css=&#8221;.vc_custom_1686240038037{background-image: url(https:\/\/www.cafedelhomme.com\/wp-content\/uploads\/2023\/04\/img-right-scaled.jpg?id=371) !important;background-position: center !important;background-repeat: no-repeat !important;background-size: cover !important;}&#8221; overlay_bg=&#8221;rgba(0, 0, 0, 0.35)&#8221; el_class=&#8221;option-modal&#8221;]<a href=\"#\" class=\"btn btn-default btn-bordered border-thin btn btn-outline btn-outline-white open_modal-simple ld_button_69f1c1e4189bd\">\n\t<span>\n\t\t\n\t\t\t\t\t<span class=\"btn-txt\">A Menu to suit your events<\/span>\n\t\t\t\n\t\t\t\t<\/span>\n<\/a>\n[vc_column_text css=&#8221;&#8221; el_class=&#8221;modal-content-simple&#8221;]Our Chef prepares menus to suit your requirements: cocktail aperitifs, seated dinners, buffets or special events. Each dish showcases fresh, seasonal produce in a carefully thought-out presentation, ideal for your business guests.[\/vc_column_text][\/vc_column_inner][vc_column_inner width=&#8221;1\/2&#8243; enable_overlay=&#8221;yes&#8221; align=&#8221;text-center&#8221; css=&#8221;.vc_custom_1686240015414{background-image: url(https:\/\/www.cafedelhomme.com\/wp-content\/uploads\/2023\/04\/bg-fullscreen-scaled.jpg?id=452) !important;background-position: center !important;background-repeat: no-repeat !important;background-size: cover !important;}&#8221; overlay_bg=&#8221;rgba(0, 0, 0, 0.35)&#8221; el_class=&#8221;option-modal&#8221;]<a href=\"#\" class=\"btn btn-default btn-bordered border-thin btn btn-outline btn-outline-white open_modal-simple ld_button_69f1c1e418ac5\">\n\t<span>\n\t\t\n\t\t\t\t\t<span class=\"btn-txt\">A professional setting with a view<\/span>\n\t\t\t\n\t\t\t\t<\/span>\n<\/a>\n[vc_column_text css=&#8221;&#8221; el_class=&#8221;modal-content-simple&#8221;]With its exceptional location on the Trocadero, facing the Eiffel Tower, Caf\u00e9 de l&#8217;Homme adds a unique dimension to your events. Whether enjoying lunch on the terrace or a cocktail at sunset, your guests will enjoy a spectacular panorama in an atmosphere conducive to conviviality, sharing and enhancing your brand image[\/vc_column_text][\/vc_column_inner][\/vc_row_inner][vc_row_inner equal_height=&#8221;yes&#8221; content_placement=&#8221;middle&#8221; responsive_css=&#8221;margin_bottom_large:10px&#8221; css=&#8221;.vc_custom_1686224370091{margin-bottom: 40px !important;}&#8221; el_class=&#8221;options&#8221;][vc_column_inner width=&#8221;1\/2&#8243; enable_overlay=&#8221;yes&#8221; align=&#8221;text-center&#8221; css=&#8221;.vc_custom_1686240081843{background-image: url(https:\/\/www.cafedelhomme.com\/wp-content\/uploads\/2023\/04\/BG-1-1.jpg?id=354) !important;background-position: center !important;background-repeat: no-repeat !important;background-size: cover !important;}&#8221; overlay_bg=&#8221;rgba(0, 0, 0, 0.35)&#8221; el_class=&#8221;option-modal&#8221;]<a href=\"#\" class=\"btn btn-default btn-bordered border-thin btn btn-outline btn-outline-white open_modal-simple ld_button_69f1c1e418bc8\">\n\t<span>\n\t\t\n\t\t\t\t\t<span class=\"btn-txt\">The flexibility of semi-privatisation<\/span>\n\t\t\t\n\t\t\t\t<\/span>\n<\/a>\n[vc_column_text css=&#8221;&#8221; el_class=&#8221;modal-content-simple&#8221;]Semi-privatisation is the perfect option for enjoying a dedicated space without having to reserve the whole restaurant. Our different lounges and terraces can be adapted to suit your needs.[\/vc_column_text][\/vc_column_inner][vc_column_inner width=&#8221;1\/2&#8243; enable_overlay=&#8221;yes&#8221; align=&#8221;text-center&#8221; css=&#8221;.vc_custom_1686240058941{background-image: url(https:\/\/www.cafedelhomme.com\/wp-content\/uploads\/2023\/04\/img-left-scaled.jpg?id=370) !important;background-position: center !important;background-repeat: no-repeat !important;background-size: cover !important;}&#8221; overlay_bg=&#8221;rgba(0, 0, 0, 0.35)&#8221; el_class=&#8221;option-modal&#8221;]<a href=\"#\" class=\"btn btn-default btn-bordered border-thin btn btn-outline btn-outline-white open_modal-simple ld_button_69f1c1e418cc7\">\n\t<span>\n\t\t\n\t\t\t\t\t<span class=\"btn-txt\">Tailor-made support<\/span>\n\t\t\t\n\t\t\t\t<\/span>\n<\/a>\n[vc_column_text css=&#8221;&#8221; el_class=&#8221;modal-content-simple&#8221;]Our team is with you every step of the way, from venue selection to on-site coordination. Thanks to our expertise in corporate hospitality, we can guarantee you a smooth, professional experience that reflects your image. Make Caf\u00e9 de l&#8217;Homme your trusted partner for all your key moments.[\/vc_column_text][\/vc_column_inner][\/vc_row_inner][\/vc_column][\/vc_row][vc_row full_width=&#8221;stretch_row&#8221; equal_height=&#8221;yes&#8221; bg_position=&#8221;center center&#8221; css=&#8221;.vc_custom_1683016397706{padding-top: 80px !important;padding-bottom: 80px !important;background-image: url(https:\/\/www.cafedelhomme.com\/wp-content\/uploads\/2023\/04\/BG-1-1.jpg?id=354) !important;background-position: center !important;background-repeat: no-repeat !important;background-size: cover !important;}&#8221; el_id=&#8221;img-screen&#8221; responsive_css=&#8221;padding_top_large:250px|padding_bottom_large:250px&#8221;][vc_column align=&#8221;text-center&#8221;][vc_custom_heading text=&#8221;Book a unique moment at Caf\u00e9 de l&#8217;Homme&#8221; font_container=&#8221;tag:h2|text_align:center&#8221; css=&#8221;&#8221; el_class=&#8221;title mb-16&#8243;][vc_column_text css=&#8221;&#8221; el_class=&#8221;sub-title mb-40&#8243;]<em>Because the exceptional doesn&#8217;t wait, book now&#8230;<\/em>[\/vc_column_text]<a href=\"https:\/\/www.sevenrooms.com\/explore\/cafedelhomme\/reservations\/create\/search?lang=en&#038;tracking=seo-blog\" target=\"_blank\" class=\"btn btn-default btn-bordered border-thin btn btn-outline btn-outline-white ld_button_69f1c1e418dc2\">\n\t<span>\n\t\t\n\t\t\t\t\t<span class=\"btn-txt\">I reserve.<\/span>\n\t\t\t\n\t\t\t\t<\/span>\n<\/a>\n[\/vc_column][\/vc_row]<\/p>\n<\/div>","protected":false},"excerpt":{"rendered":"<p>[vc_row sticky_row=&#8221;yes&#8221; css=&#8221;.vc_custom_1729757449101{background-image: url(https:\/\/www.cafedelhomme.com\/wp-content\/uploads\/2024\/01\/header-homepage-cdh.jpg?id=5114) !important;background-position: center !important;background-repeat: no-repeat !important;background-size: cover !important;}&#8221; el_id=&#8221;header-page-simple&#8221;][vc_column responsive_css=&#8221;padding_top_large:220px|padding_bottom_large:220px&#8221; css=&#8221;.vc_custom_1683277774171{padding-top: 120px !important;padding-bottom: 230px !important;}&#8221;][vc_custom_heading text=&#8221;Caf\u00e9 de l&#8217;Homme &#8211; The ideal venue for your events in Paris&#8221; font_container=&#8221;tag:h1|text_align:center&#8221; css=&#8221;.vc_custom_1750343238736{margin-bottom: 0px !important;}&#8221;][vc_column_text css=&#8221;&#8221;] A prestigious setting and flexible spaces [\/vc_column_text][\/vc_column][\/vc_row][vc_row el_id=&#8221;img-and-text&#8221; responsive_css=&#8221;padding_top_large:160px|padding_bottom_large:80px&#8221; css=&#8221;.vc_custom_1730107755116{padding-bottom:&#8230;<\/p>\n","protected":false},"author":14,"featured_media":7608,"parent":0,"menu_order":0,"comment_status":"closed","ping_status":"closed","template":"","meta":{"_acf_changed":false,"footnotes":""},"class_list":["post-11819","page","type-page","status-publish","has-post-thumbnail","hentry"],"acf":[],"yoast_head":"<!-- This site is optimized with the Yoast SEO Premium plugin v20.10 (Yoast SEO v27.0) - https:\/\/yoast.com\/product\/yoast-seo-premium-wordpress\/ -->\n<title>Semi-privatization at Caf\u00e9 de l&#039;Homme - Caf\u00e9 de l&#039;Homme<\/title>\n<meta name=\"description\" content=\"Organise your corporate and private events in an exceptional setting at the Caf\u00e9 de l&#039;Homme. Treat your staff or friends to a tailor-made experience on the terrace in our semi-privatised areas overlooking the Eiffel Tower.\" \/>\n<meta name=\"robots\" content=\"index, follow, max-snippet:-1, max-image-preview:large, max-video-preview:-1\" \/>\n<link rel=\"canonical\" href=\"https:\/\/www.cafedelhomme.com\/en\/semi-privatization-at-cafe-de-lhomme\" \/>\n<meta property=\"og:locale\" content=\"en_US\" \/>\n<meta property=\"og:type\" content=\"article\" \/>\n<meta property=\"og:title\" content=\"Semi-privatization at Caf\u00e9 de l&#039;Homme - Caf\u00e9 de l&#039;Homme\" \/>\n<meta property=\"og:description\" content=\"Organise your corporate and private events in an exceptional setting at the Caf\u00e9 de l&#039;Homme. Treat your staff or friends to a tailor-made experience on the terrace in our semi-privatised areas overlooking the Eiffel Tower.\" \/>\n<meta property=\"og:url\" content=\"https:\/\/www.cafedelhomme.com\/en\/semi-privatization-at-cafe-de-lhomme\" \/>\n<meta property=\"og:site_name\" content=\"Caf\u00e9 de l&#039;Homme\" \/>\n<meta property=\"article:publisher\" content=\"https:\/\/www.facebook.com\/cafedelhomme\" \/>\n<meta property=\"article:modified_time\" content=\"2025-07-15T12:11:17+00:00\" \/>\n<meta property=\"og:image\" content=\"https:\/\/www.cafedelhomme.com\/wp-content\/uploads\/2025\/01\/Photo.jpg\" \/>\n\t<meta property=\"og:image:width\" content=\"488\" \/>\n\t<meta property=\"og:image:height\" content=\"388\" \/>\n\t<meta property=\"og:image:type\" content=\"image\/jpeg\" \/>\n<meta name=\"twitter:card\" content=\"summary_large_image\" \/>\n<meta name=\"twitter:label1\" content=\"Est. reading time\" \/>\n\t<meta name=\"twitter:data1\" content=\"6 minutes\" \/>\n<script type=\"application\/ld+json\" class=\"yoast-schema-graph\">{\"@context\":\"https:\/\/schema.org\",\"@graph\":[{\"@type\":\"WebPage\",\"@id\":\"https:\/\/www.cafedelhomme.com\/en\/semi-privatization-at-cafe-de-lhomme\",\"url\":\"https:\/\/www.cafedelhomme.com\/en\/semi-privatization-at-cafe-de-lhomme\",\"name\":\"Semi-privatization at Caf\u00e9 de l'Homme - Caf\u00e9 de l&#039;Homme\",\"isPartOf\":{\"@id\":\"https:\/\/www.cafedelhomme.com\/en#website\"},\"primaryImageOfPage\":{\"@id\":\"https:\/\/www.cafedelhomme.com\/en\/semi-privatization-at-cafe-de-lhomme#primaryimage\"},\"image\":{\"@id\":\"https:\/\/www.cafedelhomme.com\/en\/semi-privatization-at-cafe-de-lhomme#primaryimage\"},\"thumbnailUrl\":\"https:\/\/www.cafedelhomme.com\/wp-content\/uploads\/2025\/01\/Photo.jpg\",\"datePublished\":\"2025-07-15T12:11:14+00:00\",\"dateModified\":\"2025-07-15T12:11:17+00:00\",\"description\":\"Organise your corporate and private events in an exceptional setting at the Caf\u00e9 de l'Homme. Treat your staff or friends to a tailor-made experience on the terrace in our semi-privatised areas overlooking the Eiffel Tower.\",\"inLanguage\":\"en-US\",\"potentialAction\":[{\"@type\":\"ReadAction\",\"target\":[\"https:\/\/www.cafedelhomme.com\/en\/semi-privatization-at-cafe-de-lhomme\"]}]},{\"@type\":\"ImageObject\",\"inLanguage\":\"en-US\",\"@id\":\"https:\/\/www.cafedelhomme.com\/en\/semi-privatization-at-cafe-de-lhomme#primaryimage\",\"url\":\"https:\/\/www.cafedelhomme.com\/wp-content\/uploads\/2025\/01\/Photo.jpg\",\"contentUrl\":\"https:\/\/www.cafedelhomme.com\/wp-content\/uploads\/2025\/01\/Photo.jpg\",\"width\":488,\"height\":388},{\"@type\":\"WebSite\",\"@id\":\"https:\/\/www.cafedelhomme.com\/en#website\",\"url\":\"https:\/\/www.cafedelhomme.com\/en\",\"name\":\"Caf\u00e9 de l'Homme\",\"description\":\"\",\"publisher\":{\"@id\":\"https:\/\/www.cafedelhomme.com\/en#organization\"},\"potentialAction\":[{\"@type\":\"SearchAction\",\"target\":{\"@type\":\"EntryPoint\",\"urlTemplate\":\"https:\/\/www.cafedelhomme.com\/en?s={search_term_string}\"},\"query-input\":{\"@type\":\"PropertyValueSpecification\",\"valueRequired\":true,\"valueName\":\"search_term_string\"}}],\"inLanguage\":\"en-US\"},{\"@type\":\"Organization\",\"@id\":\"https:\/\/www.cafedelhomme.com\/en#organization\",\"name\":\"Caf\u00e9 de l'Homme\",\"url\":\"https:\/\/www.cafedelhomme.com\/en\",\"logo\":{\"@type\":\"ImageObject\",\"inLanguage\":\"en-US\",\"@id\":\"https:\/\/www.cafedelhomme.com\/en#\/schema\/logo\/image\/\",\"url\":\"https:\/\/www.cafedelhomme.com\/wp-content\/uploads\/2023\/04\/big-logo-300x163-1.png\",\"contentUrl\":\"https:\/\/www.cafedelhomme.com\/wp-content\/uploads\/2023\/04\/big-logo-300x163-1.png\",\"width\":300,\"height\":163,\"caption\":\"Caf\u00e9 de l'Homme\"},\"image\":{\"@id\":\"https:\/\/www.cafedelhomme.com\/en#\/schema\/logo\/image\/\"},\"sameAs\":[\"https:\/\/www.facebook.com\/cafedelhomme\",\"https:\/\/www.instagram.com\/cafedelhomme\/\"]}]}<\/script>\n<!-- \/ Yoast SEO Premium plugin. -->","yoast_head_json":{"title":"Semi-privatization at Caf\u00e9 de l'Homme - Caf\u00e9 de l&#039;Homme","description":"Organise your corporate and private events in an exceptional setting at the Caf\u00e9 de l'Homme. Treat your staff or friends to a tailor-made experience on the terrace in our semi-privatised areas overlooking the Eiffel Tower.","robots":{"index":"index","follow":"follow","max-snippet":"max-snippet:-1","max-image-preview":"max-image-preview:large","max-video-preview":"max-video-preview:-1"},"canonical":"https:\/\/www.cafedelhomme.com\/en\/semi-privatization-at-cafe-de-lhomme","og_locale":"en_US","og_type":"article","og_title":"Semi-privatization at Caf\u00e9 de l'Homme - Caf\u00e9 de l&#039;Homme","og_description":"Organise your corporate and private events in an exceptional setting at the Caf\u00e9 de l'Homme. Treat your staff or friends to a tailor-made experience on the terrace in our semi-privatised areas overlooking the Eiffel Tower.","og_url":"https:\/\/www.cafedelhomme.com\/en\/semi-privatization-at-cafe-de-lhomme","og_site_name":"Caf\u00e9 de l&#039;Homme","article_publisher":"https:\/\/www.facebook.com\/cafedelhomme","article_modified_time":"2025-07-15T12:11:17+00:00","og_image":[{"width":488,"height":388,"url":"https:\/\/www.cafedelhomme.com\/wp-content\/uploads\/2025\/01\/Photo.jpg","type":"image\/jpeg"}],"twitter_card":"summary_large_image","twitter_misc":{"Est. reading time":"6 minutes"},"schema":{"@context":"https:\/\/schema.org","@graph":[{"@type":"WebPage","@id":"https:\/\/www.cafedelhomme.com\/en\/semi-privatization-at-cafe-de-lhomme","url":"https:\/\/www.cafedelhomme.com\/en\/semi-privatization-at-cafe-de-lhomme","name":"Semi-privatization at Caf\u00e9 de l'Homme - Caf\u00e9 de l&#039;Homme","isPartOf":{"@id":"https:\/\/www.cafedelhomme.com\/en#website"},"primaryImageOfPage":{"@id":"https:\/\/www.cafedelhomme.com\/en\/semi-privatization-at-cafe-de-lhomme#primaryimage"},"image":{"@id":"https:\/\/www.cafedelhomme.com\/en\/semi-privatization-at-cafe-de-lhomme#primaryimage"},"thumbnailUrl":"https:\/\/www.cafedelhomme.com\/wp-content\/uploads\/2025\/01\/Photo.jpg","datePublished":"2025-07-15T12:11:14+00:00","dateModified":"2025-07-15T12:11:17+00:00","description":"Organise your corporate and private events in an exceptional setting at the Caf\u00e9 de l'Homme. Treat your staff or friends to a tailor-made experience on the terrace in our semi-privatised areas overlooking the Eiffel Tower.","inLanguage":"en-US","potentialAction":[{"@type":"ReadAction","target":["https:\/\/www.cafedelhomme.com\/en\/semi-privatization-at-cafe-de-lhomme"]}]},{"@type":"ImageObject","inLanguage":"en-US","@id":"https:\/\/www.cafedelhomme.com\/en\/semi-privatization-at-cafe-de-lhomme#primaryimage","url":"https:\/\/www.cafedelhomme.com\/wp-content\/uploads\/2025\/01\/Photo.jpg","contentUrl":"https:\/\/www.cafedelhomme.com\/wp-content\/uploads\/2025\/01\/Photo.jpg","width":488,"height":388},{"@type":"WebSite","@id":"https:\/\/www.cafedelhomme.com\/en#website","url":"https:\/\/www.cafedelhomme.com\/en","name":"Caf\u00e9 de l'Homme","description":"","publisher":{"@id":"https:\/\/www.cafedelhomme.com\/en#organization"},"potentialAction":[{"@type":"SearchAction","target":{"@type":"EntryPoint","urlTemplate":"https:\/\/www.cafedelhomme.com\/en?s={search_term_string}"},"query-input":{"@type":"PropertyValueSpecification","valueRequired":true,"valueName":"search_term_string"}}],"inLanguage":"en-US"},{"@type":"Organization","@id":"https:\/\/www.cafedelhomme.com\/en#organization","name":"Caf\u00e9 de l'Homme","url":"https:\/\/www.cafedelhomme.com\/en","logo":{"@type":"ImageObject","inLanguage":"en-US","@id":"https:\/\/www.cafedelhomme.com\/en#\/schema\/logo\/image\/","url":"https:\/\/www.cafedelhomme.com\/wp-content\/uploads\/2023\/04\/big-logo-300x163-1.png","contentUrl":"https:\/\/www.cafedelhomme.com\/wp-content\/uploads\/2023\/04\/big-logo-300x163-1.png","width":300,"height":163,"caption":"Caf\u00e9 de l'Homme"},"image":{"@id":"https:\/\/www.cafedelhomme.com\/en#\/schema\/logo\/image\/"},"sameAs":["https:\/\/www.facebook.com\/cafedelhomme","https:\/\/www.instagram.com\/cafedelhomme\/"]}]}},"_links":{"self":[{"href":"https:\/\/www.cafedelhomme.com\/en\/wp-json\/wp\/v2\/pages\/11819","targetHints":{"allow":["GET"]}}],"collection":[{"href":"https:\/\/www.cafedelhomme.com\/en\/wp-json\/wp\/v2\/pages"}],"about":[{"href":"https:\/\/www.cafedelhomme.com\/en\/wp-json\/wp\/v2\/types\/page"}],"author":[{"embeddable":true,"href":"https:\/\/www.cafedelhomme.com\/en\/wp-json\/wp\/v2\/users\/14"}],"replies":[{"embeddable":true,"href":"https:\/\/www.cafedelhomme.com\/en\/wp-json\/wp\/v2\/comments?post=11819"}],"version-history":[{"count":3,"href":"https:\/\/www.cafedelhomme.com\/en\/wp-json\/wp\/v2\/pages\/11819\/revisions"}],"predecessor-version":[{"id":11844,"href":"https:\/\/www.cafedelhomme.com\/en\/wp-json\/wp\/v2\/pages\/11819\/revisions\/11844"}],"wp:featuredmedia":[{"embeddable":true,"href":"https:\/\/www.cafedelhomme.com\/en\/wp-json\/wp\/v2\/media\/7608"}],"wp:attachment":[{"href":"https:\/\/www.cafedelhomme.com\/en\/wp-json\/wp\/v2\/media?parent=11819"}],"curies":[{"name":"wp","href":"https:\/\/api.w.org\/{rel}","templated":true}]}}