{"id":3396,"date":"2023-07-02T14:48:36","date_gmt":"2023-07-02T12:48:36","guid":{"rendered":"https:\/\/www.cafedelhomme.com\/?page_id=3396"},"modified":"2026-04-16T11:38:43","modified_gmt":"2026-04-16T09:38:43","slug":"july-14th-paris","status":"publish","type":"page","link":"https:\/\/www.cafedelhomme.com\/en\/privatize\/july-14th-paris","title":{"rendered":"Celebrate July 14th in front of the Eiffel Tower &#8211; Caf\u00e9 de l&#8217;Homme"},"content":{"rendered":"<div class=\"wpb-content-wrapper\"><p>[vc_row sticky_row=&#8221;yes&#8221; video_bg=&#8221;yes&#8221; video_local_mp4_url=&#8221;https:\/\/www.cafedelhomme.com\/wp-content\/uploads\/2026\/01\/D-2-\ud83d\udc06-See-you-on-22.01.Dont-forget-to-book-your-table-\ud83e\udea9SauvageByCDH-Party-DJSetLive-Paris.mp4&#8243; enable_content_animation=&#8221;yes&#8221; animation_preset=&#8221;Fade In&#8221; bg_position=&#8221;center center&#8221; css=&#8221;.vc_custom_1770718183123{background-image: url(https:\/\/www.cafedelhomme.com\/wp-content\/uploads\/2025\/06\/TourEiffel-FeuArtifice1-1.jpg?id=12044) !important;background-position: center !important;background-repeat: no-repeat !important;background-size: cover !important;}&#8221; ca_start_delay=&#8221;500&#8243; el_id=&#8221;header-page-simple&#8221;][vc_column responsive_css=&#8221;padding_top_large:200px|padding_bottom_large:200px&#8221; css=&#8221;.vc_custom_1750840175544{padding-top: 150px !important;padding-bottom: 150px !important;}&#8221;][vc_custom_heading text=&#8221;Experience<br \/>\non<br \/>\nJuly 14 at<br \/>\nCaf\u00e9 de l&apos;Homme&#8221; font_container=&#8221;tag:h1|text_align:center&#8221; css_animation=&#8221;none&#8221; css=&#8221;.vc_custom_1719925936675{margin-bottom: 0px !important;}&#8221;][\/vc_column][\/vc_row][vc_row equal_height=&#8221;yes&#8221; content_placement=&#8221;middle&#8221; bg_position=&#8221;center center&#8221; responsive_css=&#8221;padding_top_large:135px|padding_bottom_large:135px&#8221; css=&#8221;.vc_custom_1774601827189{padding-top: 80px !important;padding-bottom: 80px !important;background-color: #121212 !important;background-position: center !important;background-repeat: no-repeat !important;background-size: cover !important;}&#8221; el_id=&#8221;img-and-text-alt&#8221; el_class=&#8221;decouverte_carte&#8221;][vc_column][vc_row_inner equal_height=&#8221;yes&#8221; content_placement=&#8221;middle&#8221; el_class=&#8221;spotify_histoires&#8221;][vc_column_inner width=&#8221;1\/2&#8243;][vc_single_image image=&#8221;19169&#8243; img_size=&#8221;full&#8221; css=&#8221;.vc_custom_1776332122301{margin-bottom: 0px !important;}&#8221;][\/vc_column_inner][vc_column_inner width=&#8221;1\/2&#8243; align=&#8221;text-center&#8221; el_class=&#8221;text_right&#8221;][vc_custom_heading text=&#8221;Celebrate July 14th in Paris in an exceptional venue at Caf\u00e9 de l&apos;Homme&#8221; font_container=&#8221;tag:h2|text_align:center&#8221; css=&#8221;&#8221;][vc_column_text css=&#8221;&#8221;]<\/p>\n<p style=\"text-align: center;\">Facing the <strong>Eiffel<\/strong> Tower, the <strong>restaurant<\/strong> welcomes you to its <strong>festive<\/strong> <strong>rooftop<\/strong> for a unique <strong>July 14,<\/strong> <strong>2026<\/strong> evening. Musical ambience, festive spirit and a breathtaking view of the <strong>Eiffel<\/strong> Tower fireworks. <\/p>\n<p>[\/vc_column_text]<a href=\"https:\/\/www.cafedelhomme.com\/?bookingv2=true&#038;alveole_date=2026-07-14&#038;alveole_time=20:00\" target=\"_blank\" class=\"btn btn-naked btn_underline ld_button_69f42931230c8\">\n\t<span>\n\t\t\n\t\t\t\t\t<span class=\"btn-txt\">R\u00e9server.<\/span>\n\t\t\t\n\t\t\t\t<\/span>\n<\/a>\n[\/vc_column_inner][\/vc_row_inner][\/vc_column][\/vc_row][vc_row responsive_css=&#8221;padding_top_large:160px|padding_bottom_large:160px&#8221; css=&#8221;.vc_custom_1770719264645{padding-top: 80px !important;padding-bottom: 80px !important;}&#8221; el_class=&#8221;intro&#8221; el_id=&#8221;breadcrumb-intro&#8221;][vc_column align=&#8221;text-center&#8221; el_id=&#8221;intro-section&#8221;][vc_custom_heading text=&#8221;Exceptional July 14th experiences at the Caf\u00e9 de l&apos;Homme&#8221; font_container=&#8221;tag:h2|text_align:center&#8221; css=&#8221;&#8221;][vc_column_text css=&#8221;&#8221;]Places are limited, so don&#8217;t miss this opportunity to experience a privileged moment in a refined setting.[\/vc_column_text][\/vc_column][\/vc_row][vc_section el_id=&#8221;section-avis&#8221;][vc_row el_id=&#8221;img-and-text&#8221; responsive_css=&#8221;padding_bottom_large:80px&#8221; css=&#8221;.vc_custom_1686126290516{padding-bottom: 40px !important;background-color: #ffffff !important;}&#8221; el_class=&#8221;img-and-text&#8221;][vc_column][vc_row_inner equal_height=&#8221;yes&#8221; content_placement=&#8221;middle&#8221; el_class=&#8221;a-la-carte section-to-animate&#8221; el_id=&#8221;premium&#8221; css=&#8221;.vc_custom_1719922840443{background-color: #ffffff !important;}&#8221;][vc_column_inner width=&#8221;1\/2&#8243; align=&#8221;text-center&#8221; el_class=&#8221;text_left section-text-content&#8221;][vc_custom_heading text=&#8221;01&#8243; font_container=&#8221;tag:div|text_align:center&#8221; css=&#8221;&#8221; el_class=&#8221;number-title&#8221;][vc_custom_heading text=&#8221;Trocadero&#8221; font_container=&#8221;tag:h2|text_align:center&#8221; css=&#8221;&#8221;][vc_custom_heading text=&#8221;EXPERIENCE THE MAGIC OF PARIS&#8221; font_container=&#8221;tag:p|text_align:center&#8221; css=&#8221;&#8221; el_class=&#8221;subtitle&#8221;][vc_column_text css=&#8221;&#8221; el_class=&#8221;description&#8221;]Enjoy a magical evening in our restaurant with a breathtaking view of the Eiffel Tower fireworks. Enjoy an exceptional culinary experience in the third row, facing this dazzling spectacle.[\/vc_column_text][vc_column_text el_class=&#8221;info_cle&#8221;][\/vc_column_text]<a href=\"https:\/\/www.cafedelhomme.com\/wp-content\/uploads\/2026\/01\/14.07_TROCADERO_V2_01.05-1.pdf\" target=\"_blank\" class=\"btn btn-naked btn_underline ld_button_69f4293123284\">\n\t<span>\n\t\t\n\t\t\t\t\t<span class=\"btn-txt\">d\u00e9couvrir le menu<\/span>\n\t\t\t\n\t\t\t\t<\/span>\n<\/a>\n<a href=\"https:\/\/www.cafedelhomme.com\/?bookingv2=true&#038;alveole_date=2026-07-14&#038;alveole_time=20:00\" target=\"_blank\" class=\"btn btn-naked btn_underline ld_button_69f42931233b7\">\n\t<span>\n\t\t\n\t\t\t\t\t<span class=\"btn-txt\">R\u00e9server.<\/span>\n\t\t\t\n\t\t\t\t<\/span>\n<\/a>\n[\/vc_column_inner][vc_column_inner width=&#8221;1\/2&#8243; el_class=&#8221;picture_bottom&#8221;][vc_single_image image=&#8221;6115&#8243; img_size=&#8221;full&#8221; css=&#8221;&#8221;][\/vc_column_inner][vc_column_inner el_class=&#8221;section-shadow&#8221;][\/vc_column_inner][\/vc_row_inner][vc_row_inner equal_height=&#8221;yes&#8221; content_placement=&#8221;middle&#8221; el_class=&#8221;diamond section-to-animate&#8221; el_id=&#8221;diamond&#8221; css=&#8221;.vc_custom_1718626586694{background-color: #ffffff !important;}&#8221;][vc_column_inner width=&#8221;1\/2&#8243; el_class=&#8221;picture_top&#8221;][vc_single_image image=&#8221;11914&#8243; img_size=&#8221;full&#8221; css=&#8221;&#8221;][\/vc_column_inner][vc_column_inner width=&#8221;1\/2&#8243; align=&#8221;text-center&#8221; el_class=&#8221;text_right section-text-content&#8221;][vc_custom_heading text=&#8221;02&#8243; font_container=&#8221;tag:div|text_align:center&#8221; el_class=&#8221;number-title&#8221;][vc_custom_heading text=&#8221;Paris&#8221; font_container=&#8221;tag:h2|text_align:center&#8221; css=&#8221;&#8221;][vc_custom_heading text=&#8221;FOR AN EXCEPTIONAL MOMENT&#8221; font_container=&#8221;tag:p|text_align:center&#8221; el_class=&#8221;subtitle&#8221;][vc_column_text css=&#8221;&#8221; el_class=&#8221;description&#8221;]Discover the French art of living, magnified by our Chef Wilfried Graux. Succumb to the magic of Paris and marvel at the July 14th fireworks from our restaurant terrace. All with a privileged view of the second row.[\/vc_column_text]<a href=\"https:\/\/www.cafedelhomme.com\/wp-content\/uploads\/2026\/01\/14.07_PARIS_V2_01.06.pdf\" target=\"_blank\" class=\"btn btn-naked btn_underline ld_button_69f42931234d9\">\n\t<span>\n\t\t\n\t\t\t\t\t<span class=\"btn-txt\">d\u00e9couvrir le menu<\/span>\n\t\t\t\n\t\t\t\t<\/span>\n<\/a>\n<a href=\"https:\/\/www.cafedelhomme.com\/?bookingv2=true&#038;alveole_date=2026-07-14&#038;alveole_time=20:00\" target=\"_blank\" class=\"btn btn-naked btn_underline ld_button_69f42931235f2\">\n\t<span>\n\t\t\n\t\t\t\t\t<span class=\"btn-txt\">R\u00e9server.<\/span>\n\t\t\t\n\t\t\t\t<\/span>\n<\/a>\n[\/vc_column_inner][vc_column_inner el_class=&#8221;section-shadow&#8221;][\/vc_column_inner][\/vc_row_inner][vc_row_inner equal_height=&#8221;yes&#8221; content_placement=&#8221;middle&#8221; el_class=&#8221;eiffel section-to-animate&#8221; el_id=&#8221;eiffel&#8221; css=&#8221;.vc_custom_1718626596139{background-color: #ffffff !important;}&#8221;][vc_column_inner width=&#8221;1\/2&#8243; align=&#8221;text-center&#8221; el_class=&#8221;text_left section-text-content&#8221;][vc_custom_heading text=&#8221;03&#8243; font_container=&#8221;tag:div|text_align:center&#8221; css=&#8221;&#8221; el_class=&#8221;number-title&#8221;][vc_custom_heading text=&#8221;Eiffel&#8221; font_container=&#8221;tag:h2|text_align:center&#8221;][vc_custom_heading text=&#8221;THE QUINTESSENCE OF MAN&apos;S COFFEE&#8221; font_container=&#8221;tag:p|text_align:center&#8221; css=&#8221;.vc_custom_1695990250058{padding-bottom: 0px !important;}&#8221; el_class=&#8221;subtitle&#8221;][vc_column_text css=&#8221;&#8221; el_class=&#8221;description&#8221;]Treat yourself to an exceptional experience to celebrate Bastille Day. From our restaurant, enjoy a 5-course dinner with a breathtaking panoramic view of one of Paris&#8217;s finest spectacles. <\/p>\n<p>Immerse yourself in a refined atmosphere where every detail has been thought of to sublimate the moment: discreet and attentive service, carefully prepared gourmet menu, elegant and festive atmosphere.<\/p>\n<p>A unique moment, to experience as a privilege, to share as a secret.[\/vc_column_text]<a href=\"https:\/\/www.cafedelhomme.com\/wp-content\/uploads\/2026\/01\/14.07_EIFFEL_V2_01.06.pdf\" target=\"_blank\" class=\"btn btn-naked btn_underline ld_button_69f4293123712\">\n\t<span>\n\t\t\n\t\t\t\t\t<span class=\"btn-txt\">d\u00e9couvrir le menu<\/span>\n\t\t\t\n\t\t\t\t<\/span>\n<\/a>\n<a href=\"https:\/\/www.cafedelhomme.com\/?bookingv2=true&#038;alveole_date=2026-07-14&#038;alveole_time=20:00\" target=\"_blank\" class=\"btn btn-naked btn_underline ld_button_69f4293123821\">\n\t<span>\n\t\t\n\t\t\t\t\t<span class=\"btn-txt\">R\u00e9server.<\/span>\n\t\t\t\n\t\t\t\t<\/span>\n<\/a>\n[\/vc_column_inner][vc_column_inner width=&#8221;1\/2&#8243; el_class=&#8221;picture_bottom&#8221;][vc_single_image image=&#8221;11922&#8243; img_size=&#8221;full&#8221; css=&#8221;&#8221;][\/vc_column_inner][\/vc_row_inner][\/vc_column][\/vc_row][\/vc_section][vc_row disable_element=&#8221;yes&#8221; el_id=&#8221;img-and-text-alt&#8221; responsive_css=&#8221;padding_top_large:160px|padding_bottom_large:80px&#8221; css=&#8221;.vc_custom_1770719373030{padding-bottom: 40px !important;background-color: #ffffff !important;}&#8221;][vc_column][vc_row_inner equal_height=&#8221;yes&#8221; content_placement=&#8221;middle&#8221; responsive_css=&#8221;margin_bottom_large:80px&#8221; css=&#8221;.vc_custom_1719923057914{margin-bottom: 40px !important;}&#8221;][vc_column_inner width=&#8221;1\/2&#8243; el_class=&#8221;text_right&#8221;][vc_custom_heading text=&#8221;Celebrate Bastille Day&#8221; css=&#8221;&#8221;][vc_column_text css_animation=&#8221;appear&#8221; css=&#8221;&#8221;]For July 14th, Caf\u00e9 de l&#8217;Homme invites you to an exceptional evening with a breathtaking view of the Eiffel Tower fireworks.<\/p>\n<p>Enjoy a unique gastronomic and sensory experience with a menu specially designed for the occasion, combining refined dishes and exceptional wines.<\/p>\n<p>Make yourself comfortable on our rooftop and admire the cabaret dancers&#8217; revue &#8220;Belles de plumes&#8221; in 5 tableaux highlighting the city of Paris and its monuments. Prolong the evening in a festive, chic atmosphere, with an open-air DJ set.[\/vc_column_text]<a href=\"https:\/\/sevn.ly\/xdhXVvv2\" target=\"_blank\" class=\"btn btn-naked btn_underline ld_button_69f4293123933\">\n\t<span>\n\t\t\n\t\t\t\t\t<span class=\"btn-txt\">je r\u00e9serve<\/span>\n\t\t\t\n\t\t\t\t<\/span>\n<\/a>\n[\/vc_column_inner][vc_column_inner width=&#8221;1\/2&#8243; el_class=&#8221;picture_top&#8221;][vc_single_image image=&#8221;11922&#8243; img_size=&#8221;full&#8221; css=&#8221;.vc_custom_1750777775038{margin-bottom: 0px !important;}&#8221; el_class=&#8221;img-juillet&#8221;][\/vc_column_inner][\/vc_row_inner][\/vc_column][\/vc_row][vc_row el_id=&#8221;equipements&#8221; css=&#8221;.vc_custom_1686224179321{padding-top: 80px !important;padding-bottom: 80px !important;background-color: #faf9f6 !important;}&#8221; responsive_css=&#8221;padding_top_large:145px|padding_bottom_large:168px&#8221; el_class=&#8221;prestations&#8221;][vc_column width=&#8221;5\/12&#8243;][vc_custom_heading text=&#8221;July 14th 2026 Trocadero evening: exclusive program at Caf\u00e9 de l&apos;Homme&#8221; css=&#8221;.vc_custom_1770806220127{margin-bottom: 40px !important;}&#8221;][vc_column_text css=&#8221;.vc_custom_1770806289497{margin-bottom: 40px !important;}&#8221;]Experience July 14th 2026 in Paris at one of the capital&#8217;s most iconic venues. In the heart of the Trocadero, the Caf\u00e9 de l&#8217;Homme invites you to an exceptional evening overlooking the Eiffel Tower.[\/vc_column_text]<a href=\"https:\/\/sevn.ly\/xdhXVvv2\" target=\"_blank\" class=\"btn btn-naked btn_underline ld_button_69f4293123a40\">\n\t<span>\n\t\t\n\t\t\t\t\t<span class=\"btn-txt\">R\u00e9server.<\/span>\n\t\t\t\n\t\t\t\t<\/span>\n<\/a>\n[\/vc_column][vc_column width=&#8221;7\/12&#8243;][vc_row_inner equal_height=&#8221;yes&#8221; content_placement=&#8221;middle&#8221; responsive_css=&#8221;margin_bottom_large:30px&#8221; css=&#8221;.vc_custom_1686224165726{margin-bottom: 40px !important;}&#8221; el_class=&#8221;options&#8221;][vc_column_inner width=&#8221;1\/2&#8243; enable_overlay=&#8221;yes&#8221; align=&#8221;text-center&#8221; css=&#8221;.vc_custom_1770806969450{background-image: url(https:\/\/www.cafedelhomme.com\/wp-content\/uploads\/2026\/02\/IMG_2502.jpg?id=15362) !important;background-position: center !important;background-repeat: no-repeat !important;background-size: cover !important;}&#8221; overlay_bg=&#8221;rgba(0, 0, 0, 0.35)&#8221; el_class=&#8221;option-modal&#8221;]<a href=\"#\" class=\"btn btn-default btn-bordered border-thin btn btn-outline btn-outline-white open_modal-simple ld_button_69f4293123b47\">\n\t<span>\n\t\t\n\t\t\t\t\t<span class=\"btn-txt\">Une performance live au saxophone<\/span>\n\t\t\t\n\t\t\t\t<\/span>\n<\/a>\n[vc_column_text css=&#8221;&#8221; el_class=&#8221;modal-content-simple&#8221;]On the evening of <strong>July 14, 2026<\/strong>, the atmosphere takes on an even more vibrant dimension with a live saxophonist performance in the heart of the <strong>Caf\u00e9 de l&#8217;<\/strong>Homme rooftop.<\/p>\n<p>The first notes rise up in front of the illuminated <strong>Eiffel Tower<\/strong>. The warm, powerful sound of the saxophone mingles with the DJ&#8217;s festive rhythms. The artist circulates among the guests, creating surprises and catching glances. The energy becomes more intense. More immersive.    <\/p>\n<p>Each intervention transforms the moment. The <strong>rooftop<\/strong> becomes an open-air stage. The music resonates in the <strong>Trocadero<\/strong> air. The atmosphere gains in elegance and emotion.   <\/p>\n<p>A live performance that enhances the evening of <strong>July 14th in Paris<\/strong>, with festivities, refinement and the spectacle of fireworks.[\/vc_column_text][\/vc_column_inner][vc_column_inner width=&#8221;1\/2&#8243; enable_overlay=&#8221;yes&#8221; align=&#8221;text-center&#8221; css=&#8221;.vc_custom_1770807014757{background-image: url(https:\/\/www.cafedelhomme.com\/wp-content\/uploads\/2026\/02\/IMG_2520.jpg?id=15426) !important;background-position: center !important;background-repeat: no-repeat !important;background-size: cover !important;}&#8221; overlay_bg=&#8221;rgba(0, 0, 0, 0.35)&#8221; el_class=&#8221;option-modal&#8221;]<a href=\"#\" class=\"btn btn-default btn-bordered border-thin btn btn-outline btn-outline-white open_modal-simple ld_button_69f4293123c4b\">\n\t<span>\n\t\t\n\t\t\t\t\t<span class=\"btn-txt\">Une ambiance musicale festive<\/span>\n\t\t\t\n\t\t\t\t<\/span>\n<\/a>\n[vc_column_text css=&#8221;&#8221; el_class=&#8221;modal-content-simple&#8221;]On July 14, 2026, <strong>Caf\u00e9 de l&#8217;Homme<\/strong> will be transformed into a veritable party scene overlooking the<strong>Eiffel<\/strong> Tower. Right from the start of the evening, the music sets the tone. A refined selection accompanies dinner, from lounge sounds to contemporary rhythms. Then the atmosphere changes. The tempo intensifies. The lights warm up. Energy gradually builds on the rooftop.[\/vc_column_text][\/vc_column_inner][\/vc_row_inner][vc_row_inner equal_height=&#8221;yes&#8221; content_placement=&#8221;middle&#8221; responsive_css=&#8221;margin_bottom_large:10px&#8221; css=&#8221;.vc_custom_1686224370091{margin-bottom: 40px !important;}&#8221; el_class=&#8221;options&#8221;][vc_column_inner width=&#8221;1\/2&#8243; enable_overlay=&#8221;yes&#8221; align=&#8221;text-center&#8221; css=&#8221;.vc_custom_1719931840553{background-image: url(https:\/\/www.cafedelhomme.com\/wp-content\/uploads\/2024\/07\/CDH_10-09-20@pmonetta-9585.jpeg?id=6167) !important;background-position: center !important;background-repeat: no-repeat !important;background-size: cover !important;}&#8221; overlay_bg=&#8221;rgba(0, 0, 0, 0.35)&#8221; el_class=&#8221;option-modal&#8221;]<a href=\"#\" class=\"btn btn-default btn-bordered border-thin btn btn-outline btn-outline-white open_modal-simple ld_button_69f4293123d4c\">\n\t<span>\n\t\t\n\t\t\t\t\t<span class=\"btn-txt\">Services exclusifs et acc\u00e8s s\u00e9curis\u00e9<\/span>\n\t\t\t\n\t\t\t\t<\/span>\n<\/a>\n[vc_column_text css=&#8221;&#8221; el_class=&#8221;modal-content-simple&#8221;]Our teams are dedicated to providing you with <strong>attentive<\/strong>, <strong>secure<\/strong> <strong>service<\/strong>, so that you can enjoy your evening to the full in complete peace of mind. At<strong> Caf\u00e9 de l&#8217;<\/strong>Homme, we make it a point of honor to offer you <strong>exclusive services<\/strong> such as a <strong>personalized welcome<\/strong> from the moment you arrive, to ensure that every moment spent with us is <strong>exceptional<\/strong> and <strong>memorable<\/strong>.[\/vc_column_text][\/vc_column_inner][vc_column_inner width=&#8221;1\/2&#8243; enable_overlay=&#8221;yes&#8221; align=&#8221;text-center&#8221; css=&#8221;.vc_custom_1719931853321{background-image: url(https:\/\/www.cafedelhomme.com\/wp-content\/uploads\/2024\/07\/CDH_10-09-20@pmonetta-9285.jpeg?id=6165) !important;background-position: center !important;background-repeat: no-repeat !important;background-size: cover !important;}&#8221; overlay_bg=&#8221;rgba(0, 0, 0, 0.35)&#8221; el_class=&#8221;option-modal&#8221;]<a href=\"#\" class=\"btn btn-default btn-bordered border-thin btn btn-outline btn-outline-white open_modal-simple ld_button_69f4293123e54\">\n\t<span>\n\t\t\n\t\t\t\t\t<span class=\"btn-txt\">Un d\u00eener gastronomique exceptionnel<\/span>\n\t\t\t\n\t\t\t\t<\/span>\n<\/a>\n[vc_column_text css=&#8221;&#8221; el_class=&#8221;modal-content-simple&#8221;]Our Executive Chef then invites you to a <strong>refined gastronomic dinner<\/strong>. Each dish is a culinary masterpiece, featuring seasonal produce and <strong>French flavors<\/strong>, harmoniously orchestrated to offer an unforgettable taste experience. A culinary journey, where every bite will delight your taste buds and awaken your senses, in a <strong>setting of elegance and sophistication<\/strong>.[\/vc_column_text][\/vc_column_inner][\/vc_row_inner][\/vc_column][\/vc_row][vc_row disable_element=&#8221;yes&#8221; responsive_css=&#8221;padding_top_large:160px|padding_bottom_large:80px&#8221; css=&#8221;.vc_custom_1771927741332{padding-bottom: 40px !important;background-color: #ffffff !important;}&#8221; el_id=&#8221;waiting-list-fourteen-july&#8221;][vc_column][vc_custom_heading text=&#8221;Waiting list&#8221; font_container=&#8221;tag:h2|text_align:center&#8221; css=&#8221;&#8221;][vc_column_text css=&#8221;&#8221;]<\/p>\n<p style=\"text-align: center;\">Join the waiting list and be among the first to know when reservations open.<\/p>\n<p>[\/vc_column_text]<script type=\"text\/javascript\">\n\/* <![CDATA[ *\/\nvar gform;gform||(document.addEventListener(\"gform_main_scripts_loaded\",function(){gform.scriptsLoaded=!0}),document.addEventListener(\"gform\/theme\/scripts_loaded\",function(){gform.themeScriptsLoaded=!0}),window.addEventListener(\"DOMContentLoaded\",function(){gform.domLoaded=!0}),gform={domLoaded:!1,scriptsLoaded:!1,themeScriptsLoaded:!1,isFormEditor:()=>\"function\"==typeof InitializeEditor,callIfLoaded:function(o){return!(!gform.domLoaded||!gform.scriptsLoaded||!gform.themeScriptsLoaded&&!gform.isFormEditor()||(gform.isFormEditor()&&console.warn(\"The use of gform.initializeOnLoaded() is deprecated in the form editor context and will be removed in Gravity Forms 3.1.\"),o(),0))},initializeOnLoaded:function(o){gform.callIfLoaded(o)||(document.addEventListener(\"gform_main_scripts_loaded\",()=>{gform.scriptsLoaded=!0,gform.callIfLoaded(o)}),document.addEventListener(\"gform\/theme\/scripts_loaded\",()=>{gform.themeScriptsLoaded=!0,gform.callIfLoaded(o)}),window.addEventListener(\"DOMContentLoaded\",()=>{gform.domLoaded=!0,gform.callIfLoaded(o)}))},hooks:{action:{},filter:{}},addAction:function(o,r,e,t){gform.addHook(\"action\",o,r,e,t)},addFilter:function(o,r,e,t){gform.addHook(\"filter\",o,r,e,t)},doAction:function(o){gform.doHook(\"action\",o,arguments)},applyFilters:function(o){return gform.doHook(\"filter\",o,arguments)},removeAction:function(o,r){gform.removeHook(\"action\",o,r)},removeFilter:function(o,r,e){gform.removeHook(\"filter\",o,r,e)},addHook:function(o,r,e,t,n){null==gform.hooks[o][r]&&(gform.hooks[o][r]=[]);var d=gform.hooks[o][r];null==n&&(n=r+\"_\"+d.length),gform.hooks[o][r].push({tag:n,callable:e,priority:t=null==t?10:t})},doHook:function(r,o,e){var t;if(e=Array.prototype.slice.call(e,1),null!=gform.hooks[r][o]&&((o=gform.hooks[r][o]).sort(function(o,r){return o.priority-r.priority}),o.forEach(function(o){\"function\"!=typeof(t=o.callable)&&(t=window[t]),\"action\"==r?t.apply(null,e):e[0]=t.apply(null,e)})),\"filter\"==r)return e[0]},removeHook:function(o,r,t,n){var e;null!=gform.hooks[o][r]&&(e=(e=gform.hooks[o][r]).filter(function(o,r,e){return!!(null!=n&&n!=o.tag||null!=t&&t!=o.priority)}),gform.hooks[o][r]=e)}});\n\/* ]]> *\/\n<\/script>\n\n                <div class='gf_browser_gecko gform_wrapper gravity-theme gform-theme--no-framework' data-form-theme='gravity-theme' data-form-index='0' id='gform_wrapper_14' >\n                        <div class='gform_heading'>\n\t\t\t\t\t\t\t<p class='gform_required_legend'>&quot;<span class=\"gfield_required gfield_required_asterisk\">*<\/span>&quot; indicates required fields<\/p>\n                        <\/div><form method='post' enctype='multipart\/form-data'  id='gform_14'  action='\/en\/wp-json\/wp\/v2\/pages\/3396' data-formid='14' novalidate>\n                        <div class='gform-body gform_body'><div id='gform_fields_14' class='gform_fields top_label form_sublabel_below description_below validation_below'><div id=\"field_14_14\" class=\"gfield gfield--type-honeypot gform_validation_container field_sublabel_below gfield--has-description field_description_below field_validation_below gfield_visibility_visible\"  ><label class='gfield_label gform-field-label' for='input_14_14'>Instagram<\/label><div class='ginput_container'><input name='input_14' id='input_14_14' type='text' value='' autocomplete='new-password'\/><\/div><div class='gfield_description' id='gfield_description_14_14'>This field is for validation purposes and should be left unchanged.<\/div><\/div><fieldset id=\"field_14_3\" class=\"gfield gfield--type-name gfield--input-type-name gfield_contains_required field_sublabel_hidden_label gfield--no-description field_description_below hidden_label field_validation_below gfield_visibility_visible\"  ><legend class='gfield_label gform-field-label gfield_label_before_complex' >First &amp; last name<span class=\"gfield_required\"><span class=\"gfield_required gfield_required_asterisk\">*<\/span><\/span><\/legend><div class='ginput_complex ginput_container ginput_container--name no_prefix has_first_name no_middle_name has_last_name no_suffix gf_name_has_2 ginput_container_name gform-grid-row' id='input_14_3'>\n                            \n                            <span id='input_14_3_3_container' class='name_first gform-grid-col gform-grid-col--size-auto' >\n                                                    <input type='text' name='input_3.3' id='input_14_3_3' value=''   aria-required='true'   placeholder='Firstname*'  \/>\n                                                    <label for='input_14_3_3' class='gform-field-label gform-field-label--type-sub hidden_sub_label screen-reader-text'>First<\/label>\n                                                <\/span>\n                            \n                            <span id='input_14_3_6_container' class='name_last gform-grid-col gform-grid-col--size-auto' >\n                                                    <input type='text' name='input_3.6' id='input_14_3_6' value=''   aria-required='true'   placeholder='Lastname*'  \/>\n                                                    <label for='input_14_3_6' class='gform-field-label gform-field-label--type-sub hidden_sub_label screen-reader-text'>Last<\/label>\n                                                <\/span>\n                            \n                        <\/div><\/fieldset><div id=\"field_14_4\" class=\"gfield gfield--type-email gfield--input-type-email gfield--width-full gfield_contains_required field_sublabel_below gfield--no-description field_description_below field_validation_below gfield_visibility_visible\"  ><label class='gfield_label gform-field-label' for='input_14_4'>Email<span class=\"gfield_required\"><span class=\"gfield_required gfield_required_asterisk\">*<\/span><\/span><\/label><div class='ginput_container ginput_container_email'>\n                            <input name='input_4' id='input_14_4' type='email' value='' class='large'   placeholder='Email*' aria-required=\"true\" aria-invalid=\"false\"  \/>\n                        <\/div><\/div><div id=\"field_14_5\" class=\"gfield gfield--type-phone gfield--input-type-phone gfield--width-full gfield_contains_required field_sublabel_below gfield--no-description field_description_below field_validation_below gfield_visibility_visible\"  ><label class='gfield_label gform-field-label' for='input_14_5'>Phone<span class=\"gfield_required\"><span class=\"gfield_required gfield_required_asterisk\">*<\/span><\/span><\/label><div class='ginput_container ginput_container_phone'><input name='input_5' id='input_14_5' type='tel' value='' class='large'  placeholder='Phone number' aria-required=\"true\" aria-invalid=\"false\"   \/><\/div><\/div><div id=\"field_14_10\" class=\"gfield gfield--type-number gfield--input-type-number gfield--width-full gfield_contains_required field_sublabel_below gfield--no-description field_description_below field_validation_below gfield_visibility_visible\"  ><label class='gfield_label gform-field-label' for='input_14_10'>Number of guests<span class=\"gfield_required\"><span class=\"gfield_required gfield_required_asterisk\">*<\/span><\/span><\/label><div class='ginput_container ginput_container_number'><input name='input_10' id='input_14_10' type='number' step='any'   value='' class='large'     aria-required=\"true\" aria-invalid=\"false\"  \/><\/div><\/div><div id=\"field_14_13\" class=\"gfield gfield--type-captcha gfield--input-type-captcha gfield--width-full field_sublabel_below gfield--no-description field_description_below field_validation_below gfield_visibility_visible\"  ><label class='gfield_label gform-field-label' for='input_14_13'>CAPTCHA<\/label><div id='input_14_13' class='ginput_container ginput_recaptcha' data-sitekey='6LdlEYkpAAAAACHv1VQoVUMVz9__sVZczOLw3jp_'  data-theme='light' data-tabindex='-1' data-size='invisible' data-badge='bottomright'><\/div><\/div><\/div><\/div>\n        <div class='gform-footer gform_footer top_label'> <button type=\"submit\" id=\"gform_submit_button_14\" class=\"gform_button button\" onclick=\"gform.submission.handleButtonClick(this);\" data-submission-type=\"submit\">Send<\/button> \n            <input type='hidden' class='gform_hidden' name='gform_submission_method' data-js='gform_submission_method_14' value='postback' \/>\n            <input type='hidden' class='gform_hidden' name='gform_theme' data-js='gform_theme_14' id='gform_theme_14' value='gravity-theme' \/>\n            <input type='hidden' class='gform_hidden' name='gform_style_settings' data-js='gform_style_settings_14' id='gform_style_settings_14' value='[]' \/>\n            <input type='hidden' class='gform_hidden' name='is_submit_14' value='1' \/>\n            <input type='hidden' class='gform_hidden' name='gform_submit' value='14' \/>\n            \n            <input type='hidden' class='gform_hidden' name='gform_currency' data-currency='EUR' value='z2U65WPTEmhW5sNjnlNOvouP3aIQbpD7kAUqqOa01+0nDfnj1W9lI0KhBnQLEaKjhoL\/8JMcgGP\/J138tX3d+OCvFJr2x4KQIA4\/OtTNwvejqJI=' \/>\n            <input type='hidden' class='gform_hidden' name='gform_unique_id' value='' \/>\n            <input type='hidden' class='gform_hidden' name='state_14' value='WyJbXSIsIjdjZjRkMjFkNzNmNTI0MmVlODlhOTc2MWFlNTk0YjZlIl0=' \/>\n            <input type='hidden' autocomplete='off' class='gform_hidden' name='gform_target_page_number_14' id='gform_target_page_number_14' value='0' \/>\n            <input type='hidden' autocomplete='off' class='gform_hidden' name='gform_source_page_number_14' id='gform_source_page_number_14' value='1' \/>\n            <input type='hidden' name='gform_field_values' value='' \/>\n            \n        <\/div>\n                        <\/form>\n                        <\/div><script type=\"text\/javascript\">\n\/* <![CDATA[ *\/\n gform.initializeOnLoaded( function() {gformInitSpinner( 14, 'https:\/\/www.cafedelhomme.com\/wp-content\/plugins\/gravityforms\/images\/spinner.svg', true );jQuery('#gform_ajax_frame_14').on('load',function(){var contents = jQuery(this).contents().find('*').html();var is_postback = contents.indexOf('GF_AJAX_POSTBACK') >= 0;if(!is_postback){return;}var form_content = jQuery(this).contents().find('#gform_wrapper_14');var is_confirmation = jQuery(this).contents().find('#gform_confirmation_wrapper_14').length > 0;var is_redirect = contents.indexOf('gformRedirect(){') >= 0;var is_form = form_content.length > 0 && ! is_redirect && ! is_confirmation;var mt = parseInt(jQuery('html').css('margin-top'), 10) + parseInt(jQuery('body').css('margin-top'), 10) + 100;if(is_form){jQuery('#gform_wrapper_14').html(form_content.html());if(form_content.hasClass('gform_validation_error')){jQuery('#gform_wrapper_14').addClass('gform_validation_error');} else {jQuery('#gform_wrapper_14').removeClass('gform_validation_error');}setTimeout( function() { \/* delay the scroll by 50 milliseconds to fix a bug in chrome *\/  }, 50 );if(window['gformInitDatepicker']) {gformInitDatepicker();}if(window['gformInitPriceFields']) {gformInitPriceFields();}var current_page = jQuery('#gform_source_page_number_14').val();gformInitSpinner( 14, 'https:\/\/www.cafedelhomme.com\/wp-content\/plugins\/gravityforms\/images\/spinner.svg', true );jQuery(document).trigger('gform_page_loaded', [14, current_page]);window['gf_submitting_14'] = false;}else if(!is_redirect){var confirmation_content = jQuery(this).contents().find('.GF_AJAX_POSTBACK').html();if(!confirmation_content){confirmation_content = contents;}jQuery('#gform_wrapper_14').replaceWith(confirmation_content);jQuery(document).trigger('gform_confirmation_loaded', [14]);window['gf_submitting_14'] = false;wp.a11y.speak(jQuery('#gform_confirmation_message_14').text());}else{jQuery('#gform_14').append(contents);if(window['gformRedirect']) {gformRedirect();}}jQuery(document).trigger(\"gform_pre_post_render\", [{ formId: \"14\", currentPage: \"current_page\", abort: function() { this.preventDefault(); } }]);        if (event && event.defaultPrevented) {                return;        }        const gformWrapperDiv = document.getElementById( \"gform_wrapper_14\" );        if ( gformWrapperDiv ) {            const visibilitySpan = document.createElement( \"span\" );            visibilitySpan.id = \"gform_visibility_test_14\";            gformWrapperDiv.insertAdjacentElement( \"afterend\", visibilitySpan );        }        const visibilityTestDiv = document.getElementById( \"gform_visibility_test_14\" );        let postRenderFired = false;        function triggerPostRender() {            if ( postRenderFired ) {                return;            }            postRenderFired = true;            gform.core.triggerPostRenderEvents( 14, current_page );            if ( visibilityTestDiv ) {                visibilityTestDiv.parentNode.removeChild( visibilityTestDiv );            }        }        function debounce( func, wait, immediate ) {            var timeout;            return function() {                var context = this, args = arguments;                var later = function() {                    timeout = null;                    if ( !immediate ) func.apply( context, args );                };                var callNow = immediate && !timeout;                clearTimeout( timeout );                timeout = setTimeout( later, wait );                if ( callNow ) func.apply( context, args );            };        }        const debouncedTriggerPostRender = debounce( function() {            triggerPostRender();        }, 200 );        if ( visibilityTestDiv && visibilityTestDiv.offsetParent === null ) {            const observer = new MutationObserver( ( mutations ) => {                mutations.forEach( ( mutation ) => {                    if ( mutation.type === 'attributes' && visibilityTestDiv.offsetParent !== null ) {                        debouncedTriggerPostRender();                        observer.disconnect();                    }                });            });            observer.observe( document.body, {                attributes: true,                childList: false,                subtree: true,                attributeFilter: [ 'style', 'class' ],            });        } else {            triggerPostRender();        }    } );} ); \n\/* ]]> *\/\n<\/script>\n[\/vc_column][\/vc_row]<\/p>\n<\/div>","protected":false},"excerpt":{"rendered":"<p>[vc_row sticky_row=&#8221;yes&#8221; video_bg=&#8221;yes&#8221; video_local_mp4_url=&#8221;https:\/\/www.cafedelhomme.com\/wp-content\/uploads\/2026\/01\/D-2-\ud83d\udc06-See-you-on-22.01.Dont-forget-to-book-your-table-\ud83e\udea9SauvageByCDH-Party-DJSetLive-Paris.mp4&#8243; enable_content_animation=&#8221;yes&#8221; animation_preset=&#8221;Fade In&#8221; bg_position=&#8221;center center&#8221; css=&#8221;.vc_custom_1770718183123{background-image: url(https:\/\/www.cafedelhomme.com\/wp-content\/uploads\/2025\/06\/TourEiffel-FeuArtifice1-1.jpg?id=12044) !important;background-position: center !important;background-repeat: no-repeat !important;background-size: cover !important;}&#8221; ca_start_delay=&#8221;500&#8243; el_id=&#8221;header-page-simple&#8221;][vc_column responsive_css=&#8221;padding_top_large:200px|padding_bottom_large:200px&#8221; css=&#8221;.vc_custom_1750840175544{padding-top: 150px !important;padding-bottom: 150px !important;}&#8221;][vc_custom_heading text=&#8221;Experience on July 14 at Caf\u00e9 de l&apos;Homme&#8221; font_container=&#8221;tag:h1|text_align:center&#8221; css_animation=&#8221;none&#8221; css=&#8221;.vc_custom_1719925936675{margin-bottom: 0px !important;}&#8221;][\/vc_column][\/vc_row][vc_row equal_height=&#8221;yes&#8221; content_placement=&#8221;middle&#8221; bg_position=&#8221;center center&#8221; responsive_css=&#8221;padding_top_large:135px|padding_bottom_large:135px&#8221; css=&#8221;.vc_custom_1774601827189{padding-top:&#8230;<\/p>\n","protected":false},"author":1,"featured_media":0,"parent":3522,"menu_order":0,"comment_status":"closed","ping_status":"closed","template":"","meta":{"_acf_changed":false,"footnotes":""},"class_list":["post-3396","page","type-page","status-publish","hentry"],"acf":[],"yoast_head":"<!-- This site is optimized with the Yoast SEO Premium plugin v20.10 (Yoast SEO v27.0) - https:\/\/yoast.com\/product\/yoast-seo-premium-wordpress\/ -->\n<title>Celebrate July 14th in front of the Eiffel Tower - Caf\u00e9 de l&#039;Homme - Caf\u00e9 de l&#039;Homme<\/title>\n<meta name=\"description\" content=\"Enjoy a unique experience to celebrate July 14th overlooking the Eiffel Tower at Caf\u00e9 de l&#039;Homme: gourmet dinner, chic atmosphere.\" \/>\n<meta name=\"robots\" content=\"index, follow, max-snippet:-1, max-image-preview:large, max-video-preview:-1\" \/>\n<link rel=\"canonical\" href=\"https:\/\/www.cafedelhomme.com\/en\/privatize\/july-14th-paris\" \/>\n<meta property=\"og:locale\" content=\"en_US\" \/>\n<meta property=\"og:type\" content=\"article\" \/>\n<meta property=\"og:title\" content=\"Celebrate July 14th in front of the Eiffel Tower - Caf\u00e9 de l&#039;Homme\" \/>\n<meta property=\"og:description\" content=\"Enjoy a unique experience to celebrate July 14th in front of the Eiffel Tower at Caf\u00e9 de l&#039;Homme: gourmet dinner, chic atmosphere.\" \/>\n<meta property=\"og:url\" content=\"https:\/\/www.cafedelhomme.com\/en\/privatize\/july-14th-paris\" \/>\n<meta property=\"og:site_name\" content=\"Caf\u00e9 de l&#039;Homme\" \/>\n<meta property=\"article:publisher\" content=\"https:\/\/www.facebook.com\/cafedelhomme\" \/>\n<meta property=\"article:modified_time\" content=\"2026-04-16T09:38:43+00:00\" \/>\n<meta property=\"og:image\" content=\"https:\/\/www.cafedelhomme.com\/wp-content\/uploads\/2024\/07\/cafe-de-lhomme-14-juillet-carre-300x300.webp\" \/>\n<meta name=\"twitter:card\" content=\"summary_large_image\" \/>\n<meta name=\"twitter:label1\" content=\"Est. reading time\" \/>\n\t<meta name=\"twitter:data1\" content=\"6 minutes\" \/>\n<script type=\"application\/ld+json\" class=\"yoast-schema-graph\">{\"@context\":\"https:\/\/schema.org\",\"@graph\":[{\"@type\":\"WebPage\",\"@id\":\"https:\/\/www.cafedelhomme.com\/en\/privatize\/july-14th-paris\",\"url\":\"https:\/\/www.cafedelhomme.com\/en\/privatize\/july-14th-paris\",\"name\":\"Celebrate July 14th in front of the Eiffel Tower - Caf\u00e9 de l'Homme - Caf\u00e9 de l&#039;Homme\",\"isPartOf\":{\"@id\":\"https:\/\/www.cafedelhomme.com\/en#website\"},\"datePublished\":\"2023-07-02T12:48:36+00:00\",\"dateModified\":\"2026-04-16T09:38:43+00:00\",\"description\":\"Enjoy a unique experience to celebrate July 14th overlooking the Eiffel Tower at Caf\u00e9 de l'Homme: gourmet dinner, chic atmosphere.\",\"breadcrumb\":{\"@id\":\"https:\/\/www.cafedelhomme.com\/en\/privatize\/july-14th-paris#breadcrumb\"},\"inLanguage\":\"en-US\",\"potentialAction\":[{\"@type\":\"ReadAction\",\"target\":[\"https:\/\/www.cafedelhomme.com\/en\/privatize\/july-14th-paris\"]}]},{\"@type\":\"BreadcrumbList\",\"@id\":\"https:\/\/www.cafedelhomme.com\/en\/privatize\/july-14th-paris#breadcrumb\",\"itemListElement\":[{\"@type\":\"ListItem\",\"position\":1,\"name\":\"Privatize\",\"item\":\"https:\/\/www.cafedelhomme.com\/en\/privatize\"},{\"@type\":\"ListItem\",\"position\":2,\"name\":\"Celebrate July 14th in front of the Eiffel Tower - Caf\u00e9 de l&rsquo;Homme\"}]},{\"@type\":\"WebSite\",\"@id\":\"https:\/\/www.cafedelhomme.com\/en#website\",\"url\":\"https:\/\/www.cafedelhomme.com\/en\",\"name\":\"Caf\u00e9 de l'Homme\",\"description\":\"\",\"publisher\":{\"@id\":\"https:\/\/www.cafedelhomme.com\/en#organization\"},\"potentialAction\":[{\"@type\":\"SearchAction\",\"target\":{\"@type\":\"EntryPoint\",\"urlTemplate\":\"https:\/\/www.cafedelhomme.com\/en?s={search_term_string}\"},\"query-input\":{\"@type\":\"PropertyValueSpecification\",\"valueRequired\":true,\"valueName\":\"search_term_string\"}}],\"inLanguage\":\"en-US\"},{\"@type\":\"Organization\",\"@id\":\"https:\/\/www.cafedelhomme.com\/en#organization\",\"name\":\"Caf\u00e9 de l'Homme\",\"url\":\"https:\/\/www.cafedelhomme.com\/en\",\"logo\":{\"@type\":\"ImageObject\",\"inLanguage\":\"en-US\",\"@id\":\"https:\/\/www.cafedelhomme.com\/en#\/schema\/logo\/image\/\",\"url\":\"https:\/\/www.cafedelhomme.com\/wp-content\/uploads\/2023\/04\/big-logo-300x163-1.png\",\"contentUrl\":\"https:\/\/www.cafedelhomme.com\/wp-content\/uploads\/2023\/04\/big-logo-300x163-1.png\",\"width\":300,\"height\":163,\"caption\":\"Caf\u00e9 de l'Homme\"},\"image\":{\"@id\":\"https:\/\/www.cafedelhomme.com\/en#\/schema\/logo\/image\/\"},\"sameAs\":[\"https:\/\/www.facebook.com\/cafedelhomme\",\"https:\/\/www.instagram.com\/cafedelhomme\/\"]}]}<\/script>\n<!-- \/ Yoast SEO Premium plugin. -->","yoast_head_json":{"title":"Celebrate July 14th in front of the Eiffel Tower - Caf\u00e9 de l'Homme - Caf\u00e9 de l&#039;Homme","description":"Enjoy a unique experience to celebrate July 14th overlooking the Eiffel Tower at Caf\u00e9 de l'Homme: gourmet dinner, chic atmosphere.","robots":{"index":"index","follow":"follow","max-snippet":"max-snippet:-1","max-image-preview":"max-image-preview:large","max-video-preview":"max-video-preview:-1"},"canonical":"https:\/\/www.cafedelhomme.com\/en\/privatize\/july-14th-paris","og_locale":"en_US","og_type":"article","og_title":"Celebrate July 14th in front of the Eiffel Tower - Caf\u00e9 de l'Homme","og_description":"Enjoy a unique experience to celebrate July 14th in front of the Eiffel Tower at Caf\u00e9 de l'Homme: gourmet dinner, chic atmosphere.","og_url":"https:\/\/www.cafedelhomme.com\/en\/privatize\/july-14th-paris","og_site_name":"Caf\u00e9 de l&#039;Homme","article_publisher":"https:\/\/www.facebook.com\/cafedelhomme","article_modified_time":"2026-04-16T09:38:43+00:00","og_image":[{"url":"https:\/\/www.cafedelhomme.com\/wp-content\/uploads\/2024\/07\/cafe-de-lhomme-14-juillet-carre-300x300.webp","type":"","width":"","height":""}],"twitter_card":"summary_large_image","twitter_misc":{"Est. reading time":"6 minutes"},"schema":{"@context":"https:\/\/schema.org","@graph":[{"@type":"WebPage","@id":"https:\/\/www.cafedelhomme.com\/en\/privatize\/july-14th-paris","url":"https:\/\/www.cafedelhomme.com\/en\/privatize\/july-14th-paris","name":"Celebrate July 14th in front of the Eiffel Tower - Caf\u00e9 de l'Homme - Caf\u00e9 de l&#039;Homme","isPartOf":{"@id":"https:\/\/www.cafedelhomme.com\/en#website"},"datePublished":"2023-07-02T12:48:36+00:00","dateModified":"2026-04-16T09:38:43+00:00","description":"Enjoy a unique experience to celebrate July 14th overlooking the Eiffel Tower at Caf\u00e9 de l'Homme: gourmet dinner, chic atmosphere.","breadcrumb":{"@id":"https:\/\/www.cafedelhomme.com\/en\/privatize\/july-14th-paris#breadcrumb"},"inLanguage":"en-US","potentialAction":[{"@type":"ReadAction","target":["https:\/\/www.cafedelhomme.com\/en\/privatize\/july-14th-paris"]}]},{"@type":"BreadcrumbList","@id":"https:\/\/www.cafedelhomme.com\/en\/privatize\/july-14th-paris#breadcrumb","itemListElement":[{"@type":"ListItem","position":1,"name":"Privatize","item":"https:\/\/www.cafedelhomme.com\/en\/privatize"},{"@type":"ListItem","position":2,"name":"Celebrate July 14th in front of the Eiffel Tower - Caf\u00e9 de l&rsquo;Homme"}]},{"@type":"WebSite","@id":"https:\/\/www.cafedelhomme.com\/en#website","url":"https:\/\/www.cafedelhomme.com\/en","name":"Caf\u00e9 de l'Homme","description":"","publisher":{"@id":"https:\/\/www.cafedelhomme.com\/en#organization"},"potentialAction":[{"@type":"SearchAction","target":{"@type":"EntryPoint","urlTemplate":"https:\/\/www.cafedelhomme.com\/en?s={search_term_string}"},"query-input":{"@type":"PropertyValueSpecification","valueRequired":true,"valueName":"search_term_string"}}],"inLanguage":"en-US"},{"@type":"Organization","@id":"https:\/\/www.cafedelhomme.com\/en#organization","name":"Caf\u00e9 de l'Homme","url":"https:\/\/www.cafedelhomme.com\/en","logo":{"@type":"ImageObject","inLanguage":"en-US","@id":"https:\/\/www.cafedelhomme.com\/en#\/schema\/logo\/image\/","url":"https:\/\/www.cafedelhomme.com\/wp-content\/uploads\/2023\/04\/big-logo-300x163-1.png","contentUrl":"https:\/\/www.cafedelhomme.com\/wp-content\/uploads\/2023\/04\/big-logo-300x163-1.png","width":300,"height":163,"caption":"Caf\u00e9 de l'Homme"},"image":{"@id":"https:\/\/www.cafedelhomme.com\/en#\/schema\/logo\/image\/"},"sameAs":["https:\/\/www.facebook.com\/cafedelhomme","https:\/\/www.instagram.com\/cafedelhomme\/"]}]}},"_links":{"self":[{"href":"https:\/\/www.cafedelhomme.com\/en\/wp-json\/wp\/v2\/pages\/3396","targetHints":{"allow":["GET"]}}],"collection":[{"href":"https:\/\/www.cafedelhomme.com\/en\/wp-json\/wp\/v2\/pages"}],"about":[{"href":"https:\/\/www.cafedelhomme.com\/en\/wp-json\/wp\/v2\/types\/page"}],"author":[{"embeddable":true,"href":"https:\/\/www.cafedelhomme.com\/en\/wp-json\/wp\/v2\/users\/1"}],"replies":[{"embeddable":true,"href":"https:\/\/www.cafedelhomme.com\/en\/wp-json\/wp\/v2\/comments?post=3396"}],"version-history":[{"count":27,"href":"https:\/\/www.cafedelhomme.com\/en\/wp-json\/wp\/v2\/pages\/3396\/revisions"}],"predecessor-version":[{"id":19184,"href":"https:\/\/www.cafedelhomme.com\/en\/wp-json\/wp\/v2\/pages\/3396\/revisions\/19184"}],"up":[{"embeddable":true,"href":"https:\/\/www.cafedelhomme.com\/en\/wp-json\/wp\/v2\/pages\/3522"}],"wp:attachment":[{"href":"https:\/\/www.cafedelhomme.com\/en\/wp-json\/wp\/v2\/media?parent=3396"}],"curies":[{"name":"wp","href":"https:\/\/api.w.org\/{rel}","templated":true}]}}