{"id":3964,"date":"2023-06-12T15:35:27","date_gmt":"2023-06-12T13:35:27","guid":{"rendered":"https:\/\/www.cafedelhomme.com\/?page_id=3964"},"modified":"2025-03-18T09:47:54","modified_gmt":"2025-03-18T08:47:54","slug":"film-screenings-and-launches-in-paris","status":"publish","type":"page","link":"https:\/\/www.cafedelhomme.com\/en\/privatize\/film-screenings-and-launches-in-paris","title":{"rendered":"Film screenings and launches in Paris"},"content":{"rendered":"<div class=\"wpb-content-wrapper\"><p>[vc_row sticky_row=&#8221;yes&#8221; css=&#8221;.vc_custom_1686663312147{background-image: url(https:\/\/www.cafedelhomme.com\/wp-content\/uploads\/2023\/05\/mosaic-one-actu.jpg?id=688) !important;background-position: center !important;background-repeat: no-repeat !important;background-size: cover !important;}&#8221; el_id=&#8221;header-page-simple&#8221;][vc_column responsive_css=&#8221;padding_top_large:220px|padding_bottom_large:220px&#8221; css=&#8221;.vc_custom_1683277774171{padding-top: 120px !important;padding-bottom: 230px !important;}&#8221;][vc_custom_heading text=&#8221;Organize a film premiere in Paris&#8221; font_container=&#8221;tag:h1|text_align:center&#8221; css=&#8221;.vc_custom_1686663400678{margin-bottom: 0px !important;}&#8221;][vc_column_text]<\/p>\n<p style=\"text-align: center;\">Enjoy an exceptional setting for your film launch.<\/p>\n<p>[\/vc_column_text][\/vc_column][\/vc_row][vc_row el_id=&#8221;img-and-text&#8221; responsive_css=&#8221;padding_top_large:160px|padding_bottom_large:80px&#8221; css=&#8221;.vc_custom_1686141382134{padding-bottom: 40px !important;background-color: #ffffff !important;}&#8221;][vc_column][vc_row_inner equal_height=&#8221;yes&#8221; content_placement=&#8221;middle&#8221; responsive_css=&#8221;margin_bottom_large:80px&#8221; css=&#8221;.vc_custom_1686138812636{margin-bottom: 40px !important;}&#8221;][vc_column_inner width=&#8221;1\/2&#8243; el_class=&#8221;picture_top&#8221;][vc_single_image image=&#8221;3292&#8243; img_size=&#8221;full&#8221; css=&#8221;.vc_custom_1686663610664{margin-bottom: 0px !important;}&#8221;][\/vc_column_inner][vc_column_inner width=&#8221;1\/2&#8243; el_class=&#8221;text_right&#8221;][vc_custom_heading text=&#8221;Le Caf\u00e9 de l&apos;Homme welcomes your preview&#8221;][vc_column_text]Create a spectacular experience around the release of your <strong>film<\/strong>!<\/p>\n<p><strong>Preview<\/strong> your film in a unique and confidential location.<br \/>\nStand out from the crowd by inviting industry professionals, journalists and actors to a spectacular location to experience an unforgettable moment overlooking the Eiffel Tower.<\/p>\n<p>This <strong>private screening<\/strong> allows you to offer your guests a unique and privileged experience. They&#8217;ll be the first to discover your <strong>work<\/strong>, so it&#8217;s important to prepare this event meticulously, paying particular attention to the<strong> venue<\/strong>. <\/p>\n<p>At <strong>Caf\u00e9 de l&#8217;<\/strong>Homme, spaces can be fully privatized. For a <strong>private event<\/strong>, guests can discover <strong>the<\/strong> long-awaited <strong>film<\/strong> while enjoying a breathtaking view of the Eiffel Tower. <\/p>\n<p>Roll out the red carpet for your guests with a cocktail party during which they can chat with the actors. An unforgettable evening to mark the <strong>launch of your film<\/strong>.[\/vc_column_text][\/vc_column_inner][\/vc_row_inner][vc_row_inner equal_height=&#8221;yes&#8221; content_placement=&#8221;middle&#8221;][vc_column_inner width=&#8221;1\/2&#8243; el_class=&#8221;text_left&#8221;][vc_custom_heading text=&#8221;An exclusive screening in a legendary and confidential venue&#8221;][vc_column_text]Le Caf\u00e9 de l&#8217;Homme&#8217;s spaces can be adapted to suit your needs and the theme of your <strong>event<\/strong>. We offer you the possibility of <strong>screening your film exclusively<\/strong> in the <strong>main auditorium<\/strong> to guarantee a memorable screening. <strong>Modular spaces<\/strong> that can accommodate up to <strong>300 people<\/strong>.  <\/p>\n<p>In the front row of the Eiffel Tower and Parisian monuments, organize your <strong>private<\/strong> <strong>screening<\/strong> in an emblematic and historic location.<strong> Caf\u00e9 de l&#8217;Homme<\/strong> and its 550 m\u00b2, located in the heart of the <strong>16th arrondissement<\/strong>, welcomes you to unveil your new masterpiece.<\/p>\n<p>Our <strong>events team<\/strong> will be at your side every step of the way, taking care of logistics and entertainment down to the last detail.[\/vc_column_text]<a href=\"https:\/\/www.cafedelhomme.com\/privatiser\" title=\"Privatiser\" class=\"btn btn-naked btn_underline open-contact ld_button_69ec5068374fa\">\n\t<span>\n\t\t\n\t\t\t\t\t<span class=\"btn-txt\">privatisez.<\/span>\n\t\t\t\n\t\t\t\t<\/span>\n<\/a>\n[\/vc_column_inner][vc_column_inner width=&#8221;1\/2&#8243; el_class=&#8221;picture_bottom&#8221;][vc_single_image image=&#8221;3290&#8243; img_size=&#8221;full&#8221;][\/vc_column_inner][\/vc_row_inner][\/vc_column][\/vc_row][vc_row el_id=&#8221;experience-cdh&#8221; responsive_css=&#8221;padding_top_large:250px|padding_bottom_large:250px&#8221; css=&#8221;.vc_custom_1682676040834{padding-top: 80px !important;padding-bottom: 80px !important;}&#8221;][vc_column][vc_custom_heading text=&#8221;Discover the Caf\u00e9 de l&apos;Homme experience&#8221; font_container=&#8221;tag:h2|text_align:center&#8221;][vc_column_text]Experience a truly timeless interlude. Ready for the experience?[\/vc_column_text][vc_row_inner][vc_column_inner align=&#8221;text-center&#8221; el_class=&#8221;group_btn&#8221;]<a href=\"https:\/\/www.cafedelhomme.com\/nos-experiences\" title=\"Nos exp\u00e9riences\" class=\"btn btn-default btn-bordered border-thin btn btn-outline btn-outline-white ld_button_69ec506837696\">\n\t<span>\n\t\t\n\t\t\t\t\t<span class=\"btn-txt\">our experiences.<\/span>\n\t\t\t\n\t\t\t\t<\/span>\n<\/a>\n<a href=\"https:\/\/www.cafedelhomme.com\/la-carte\" title=\"La Carte\" class=\"btn btn-default btn-bordered border-thin btn btn-outline btn-outline-white ld_button_69ec5068377d1\">\n\t<span>\n\t\t\n\t\t\t\t\t<span class=\"btn-txt\">see the map.<\/span>\n\t\t\t\n\t\t\t\t<\/span>\n<\/a>\n[\/vc_column_inner][\/vc_row_inner][\/vc_column][\/vc_row][vc_row el_id=&#8221;equipment&#8221; css=&#8221;.vc_custom_1686224179321{padding-top: 80px !important;padding-bottom: 80px !important;background-color: #faf9f6 !important;}&#8221; responsive_css=&#8221;padding_top_large:145px|padding_bottom_large:168px&#8221; el_class=&#8221;prestations&#8221;][vc_column width=&#8221;5\/12&#8243;][vc_custom_heading text=&#8221;Tailor-made services for a film premiere&#8221; css=&#8221;.vc_custom_1691394856997{margin-bottom: 40px !important;}&#8221;][vc_column_text css=&#8221;.vc_custom_1691394827605{margin-bottom: 40px !important;}&#8221;]Caf\u00e9 de l&#8217;Homme offers top-of-the-range equipment and services for organizing previews.<\/p>\n<p>Our events team is at your side to help you create a memorable event.[\/vc_column_text]<a href=\"#\" class=\"btn btn-naked btn_underline open-contact ld_button_69ec5068378fa\">\n\t<span>\n\t\t\n\t\t\t\t\t<span class=\"btn-txt\">privatisez le lieu.<\/span>\n\t\t\t\n\t\t\t\t<\/span>\n<\/a>\n[\/vc_column][vc_column width=&#8221;7\/12&#8243;][vc_row_inner equal_height=&#8221;yes&#8221; content_placement=&#8221;middle&#8221; responsive_css=&#8221;margin_bottom_large:30px&#8221; css=&#8221;.vc_custom_1686224165726{margin-bottom: 40px !important;}&#8221; el_class=&#8221;options&#8221;][vc_column_inner width=&#8221;1\/2&#8243; enable_overlay=&#8221;yes&#8221; align=&#8221;text-center&#8221; css=&#8221;.vc_custom_1686240038037{background-image: url(https:\/\/www.cafedelhomme.com\/wp-content\/uploads\/2023\/04\/img-right-scaled.jpg?id=371) !important;background-position: center !important;background-repeat: no-repeat !important;background-size: cover !important;}&#8221; overlay_bg=&#8221;rgba(0, 0, 0, 0.35)&#8221; el_class=&#8221;option-modal&#8221;]<a href=\"#\" class=\"btn btn-default btn-bordered border-thin btn btn-outline btn-outline-white open_modal-simple ld_button_69ec506837a0a\">\n\t<span>\n\t\t\n\t\t\t\t\t<span class=\"btn-txt\">nos espaces.<\/span>\n\t\t\t\n\t\t\t\t<\/span>\n<\/a>\n[vc_column_text el_class=&#8221;modal-content-simple&#8221;]<strong>Caf\u00e9 de l&#8217;Homme<\/strong> welcomes your <strong>preview<\/strong> in a warm atmosphere. This atypical venue is ideal for all your <strong>private<\/strong> <strong>and<\/strong> <strong>professional<\/strong> events, thanks to the layout of its spaces. <\/p>\n<p>Suitable for setting up a <strong>giant<\/strong> <strong>screen<\/strong>, a podium, a dinner or cocktail party, the spaces can be arranged in different ways to suit your needs.<\/p>\n<p>The architecturally designed <strong>reception room<\/strong> is decorated with brushed cedar walls and ash benches and armchairs.<\/p>\n<p>Outside, the 350 m\u00b2 central terrace offers a timeless setting for sharing unique moments, with the famous<strong> Eiffel<\/strong> Tower as a backdrop.[\/vc_column_text][\/vc_column_inner][vc_column_inner width=&#8221;1\/2&#8243; enable_overlay=&#8221;yes&#8221; align=&#8221;text-center&#8221; css=&#8221;.vc_custom_1686240015414{background-image: url(https:\/\/www.cafedelhomme.com\/wp-content\/uploads\/2023\/04\/bg-fullscreen-scaled.jpg?id=452) !important;background-position: center !important;background-repeat: no-repeat !important;background-size: cover !important;}&#8221; overlay_bg=&#8221;rgba(0, 0, 0, 0.35)&#8221; el_class=&#8221;option-modal&#8221;]<a href=\"#\" class=\"btn btn-default btn-bordered border-thin btn btn-outline btn-outline-white open_modal-simple ld_button_69ec506837b1a\">\n\t<span>\n\t\t\n\t\t\t\t\t<span class=\"btn-txt\">nos \u00e9quipements.<\/span>\n\t\t\t\n\t\t\t\t<\/span>\n<\/a>\n[vc_column_text el_class=&#8221;modal-content-simple&#8221;]To ensure the <strong>evening<\/strong>&#8216;s entertainment, microphones will be provided for <strong>actors<\/strong> and <strong>directors<\/strong> to speak.<\/p>\n<p><strong>Speakers<\/strong>, <strong>giant<\/strong> <strong>screens<\/strong> and <strong>video projectors<\/strong> are installed in the <strong>main hall<\/strong>. They allow you to broadcast the content of your choice in high quality. <\/p>\n<p>In addition, the <strong>LED<\/strong> <strong>lights<\/strong> in the different areas give you the opportunity to choose the colors diffused to create an atmosphere that reflects your image.<\/p>\n<p>Last but not least, our <strong>French<\/strong> <strong>House<\/strong> <strong>and<\/strong> <strong>TUUCI<\/strong> <strong>parasols<\/strong> provide thermal comfort. To protect you from the sun&#8217;s rays in summer and keep you warm in winter.[\/vc_column_text][\/vc_column_inner][\/vc_row_inner][vc_row_inner equal_height=&#8221;yes&#8221; content_placement=&#8221;middle&#8221; responsive_css=&#8221;margin_bottom_large:10px&#8221; css=&#8221;.vc_custom_1686224370091{margin-bottom: 40px !important;}&#8221; el_class=&#8221;options&#8221;][vc_column_inner width=&#8221;1\/2&#8243; enable_overlay=&#8221;yes&#8221; align=&#8221;text-center&#8221; css=&#8221;.vc_custom_1686240081843{background-image: url(https:\/\/www.cafedelhomme.com\/wp-content\/uploads\/2023\/04\/BG-1-1.jpg?id=354) !important;background-position: center !important;background-repeat: no-repeat !important;background-size: cover !important;}&#8221; overlay_bg=&#8221;rgba(0, 0, 0, 0.35)&#8221; el_class=&#8221;option-modal&#8221;]<a href=\"#\" class=\"btn btn-default btn-bordered border-thin btn btn-outline btn-outline-white open_modal-simple ld_button_69ec506837c1d\">\n\t<span>\n\t\t\n\t\t\t\t\t<span class=\"btn-txt\">nos prestations.<\/span>\n\t\t\t\n\t\t\t\t<\/span>\n<\/a>\n[vc_column_text el_class=&#8221;modal-content-simple&#8221;]The <strong>teams<\/strong> <strong>at Le<\/strong> <strong>Caf\u00e9<\/strong> <strong>de<\/strong> <strong>l&#8217;Homme<\/strong> are on hand to listen to your ideas and make your <strong>premiere<\/strong> an event that will be remembered by all who see it.<\/p>\n<p>Whether you&#8217;re planning a sit-down or stand-up <strong>cocktail<\/strong> <strong>party<\/strong>, for small or large groups, we&#8217;ll select the <strong>best catering professionals<\/strong> for you.<\/p>\n<p>To make sure your guests have an unforgettable day, we also offer a range of <strong>services<\/strong>, including valet parking, an entertainer, a DJ and a musician.[\/vc_column_text][\/vc_column_inner][vc_column_inner width=&#8221;1\/2&#8243; enable_overlay=&#8221;yes&#8221; align=&#8221;text-center&#8221; css=&#8221;.vc_custom_1686240058941{background-image: url(https:\/\/www.cafedelhomme.com\/wp-content\/uploads\/2023\/04\/img-left-scaled.jpg?id=370) !important;background-position: center !important;background-repeat: no-repeat !important;background-size: cover !important;}&#8221; overlay_bg=&#8221;rgba(0, 0, 0, 0.35)&#8221; el_class=&#8221;option-modal&#8221;]<a href=\"#\" class=\"btn btn-default btn-bordered border-thin btn btn-outline btn-outline-white open_modal-simple ld_button_69ec506837d29\">\n\t<span>\n\t\t\n\t\t\t\t\t<span class=\"btn-txt\">un lieu exceptionnel.<\/span>\n\t\t\t\n\t\t\t\t<\/span>\n<\/a>\n[vc_column_text el_class=&#8221;modal-content-simple&#8221;]Located on the Parvis des Libert\u00e9s et Droits de l&#8217;Homme, Caf\u00e9 de l&#8217;Homme is housed in the Passy wing of the Palais Chaillot. At the foot of the Trocadero, the Caf\u00e9 de l&#8217;Homme spaces enjoy a dazzling view of the Trocadero gardens, the Champ-de-Mars and the Eiffel Tower. <\/p>\n<p>Last but not least, the site is accessible to all, whether by metro lines 9,6 &#8211; Trocad\u00e9ro, bus lines 22, 30, 32, 63 &#8211; Trocad\u00e9ro or RER Line C.<\/p>\n<p>[\/vc_column_text][\/vc_column_inner][\/vc_row_inner][\/vc_column][\/vc_row][vc_row el_id=&#8221;img-and-text&#8221; responsive_css=&#8221;padding_top_large:160px|padding_bottom_large:80px&#8221; css=&#8221;.vc_custom_1682610552612{padding-bottom: 40px !important;}&#8221;][vc_column][vc_row_inner equal_height=&#8221;yes&#8221; content_placement=&#8221;middle&#8221;][vc_column_inner width=&#8221;1\/2&#8243; el_class=&#8221;picture_top&#8221;][vc_single_image image=&#8221;3274&#8243; img_size=&#8221;full&#8221;][\/vc_column_inner][vc_column_inner width=&#8221;1\/2&#8243; el_class=&#8221;text_right&#8221;][vc_custom_heading text=&#8221;Restaurant&#8221;][vc_column_text]Privatize the restaurant to enjoy the breathtaking view of the Eiffel Tower.<\/p>\n<ul>\n<li>Cocktail reception option:<br \/>\nUp to 300 people in summer<br \/>\nUp to 200 people in winter<\/li>\n<li>Seated dinner option:<br \/>\nUp to 130 people on the terrace or 130 indoors<\/li>\n<\/ul>\n<p>[\/vc_column_text]<a href=\"#\" class=\"btn btn-naked btn_underline open-contact ld_button_69ec506837e2a\">\n\t<span>\n\t\t\n\t\t\t\t\t<span class=\"btn-txt\">privatisez.<\/span>\n\t\t\t\n\t\t\t\t<\/span>\n<\/a>\n[\/vc_column_inner][\/vc_row_inner][vc_row_inner equal_height=&#8221;yes&#8221; content_placement=&#8221;middle&#8221;][vc_column_inner width=&#8221;1\/2&#8243; el_class=&#8221;text_left&#8221;][vc_custom_heading text=&#8221;Garden wing&#8221;][vc_column_text]An exceptional setting for dinners, conferences, cocktails and parties.<\/p>\n<ul>\n<li>Cocktail lunch or dinner for up to 100 people<\/li>\n<li>Seated lunch or dinner for up to 70 people<\/li>\n<li>90% of the wing is covered and heated<\/li>\n<\/ul>\n<p>[\/vc_column_text]<a href=\"#\" class=\"btn btn-naked btn_underline open-contact ld_button_69ec506837f2f\">\n\t<span>\n\t\t\n\t\t\t\t\t<span class=\"btn-txt\">privatisez.<\/span>\n\t\t\t\n\t\t\t\t<\/span>\n<\/a>\n[\/vc_column_inner][vc_column_inner width=&#8221;1\/2&#8243; el_class=&#8221;picture_bottom&#8221;][vc_single_image image=&#8221;3276&#8243; img_size=&#8221;full&#8221;][\/vc_column_inner][\/vc_row_inner][vc_row_inner equal_height=&#8221;yes&#8221; content_placement=&#8221;middle&#8221;][vc_column_inner width=&#8221;1\/2&#8243; el_class=&#8221;picture_top&#8221;][vc_single_image image=&#8221;3277&#8243; img_size=&#8221;full&#8221;][\/vc_column_inner][vc_column_inner width=&#8221;1\/2&#8243; el_class=&#8221;text_right&#8221;][vc_custom_heading text=&#8221;Eiffel wing&#8221;][vc_column_text]Come and experience a prestigious moment in an unusual setting in the heart of Paris.<\/p>\n<ul>\n<li>Cocktail lunch or dinner for up to 100 people<\/li>\n<li>Seated lunch or dinner for up to 70 people<\/li>\n<li>90% of the wing is covered and heated<\/li>\n<\/ul>\n<p>[\/vc_column_text]<a href=\"#\" class=\"btn btn-naked btn_underline open-contact ld_button_69ec50683802c\">\n\t<span>\n\t\t\n\t\t\t\t\t<span class=\"btn-txt\">privatisez.<\/span>\n\t\t\t\n\t\t\t\t<\/span>\n<\/a>\n[\/vc_column_inner][\/vc_row_inner][vc_row_inner equal_height=&#8221;yes&#8221; content_placement=&#8221;middle&#8221;][vc_column_inner width=&#8221;1\/2&#8243; el_class=&#8221;text_left&#8221;][vc_custom_heading text=&#8221;The Mezzanine&#8221;][vc_column_text]The mezzanine overlooks the main room. Its sober, refined lines give this space unparalleled charm. With its intimate setting, the mezzanine is ideal for prestigious events in small groups.  <\/p>\n<ul>\n<li>Capacity for up to 18 people<\/li>\n<li>TV screen available<\/li>\n<\/ul>\n<p>[\/vc_column_text]<a href=\"#\" class=\"btn btn-naked btn_underline open-contact ld_button_69ec506838129\">\n\t<span>\n\t\t\n\t\t\t\t\t<span class=\"btn-txt\">privatisez.<\/span>\n\t\t\t\n\t\t\t\t<\/span>\n<\/a>\n[\/vc_column_inner][vc_column_inner width=&#8221;1\/2&#8243; el_class=&#8221;picture_bottom&#8221;][vc_single_image image=&#8221;3275&#8243; img_size=&#8221;full&#8221;][\/vc_column_inner][\/vc_row_inner][\/vc_column][\/vc_row][vc_row full_width=&#8221;stretch_row&#8221; equal_height=&#8221;yes&#8221; bg_position=&#8221;center center&#8221; css=&#8221;.vc_custom_1683016397706{padding-top: 80px !important;padding-bottom: 80px !important;background-image: url(https:\/\/www.cafedelhomme.com\/wp-content\/uploads\/2023\/04\/BG-1-1.jpg?id=354) !important;background-position: center !important;background-repeat: no-repeat !important;background-size: cover !important;}&#8221; el_id=&#8221;img-screen&#8221; responsive_css=&#8221;padding_top_large:250px|padding_bottom_large:250px&#8221;][vc_column align=&#8221;text-center&#8221;][vc_custom_heading text=&#8221;Contact our<br \/>\nteam of experts&#8221; font_container=&#8221;tag:h2|text_align:center&#8221; el_class=&#8221;title mb-16&#8243;][vc_column_text el_class=&#8221;sub-title mb-40&#8243;]<em>Offers subject to availability, privatization costs vary<\/em><br \/>\n<em>depending on the frequency and hours of operation of the<\/em><br \/>\n<em>our facility. Excluding fittings and technical services. <\/em>[\/vc_column_text]<a href=\"#\" class=\"btn btn-default btn-bordered border-thin btn btn-outline btn-outline-white open-contact ld_button_69ec506838220\">\n\t<span>\n\t\t\n\t\t\t\t\t<span class=\"btn-txt\">demande de devis personnalis\u00e9.<\/span>\n\t\t\t\n\t\t\t\t<\/span>\n<\/a>\n[\/vc_column][\/vc_row]<\/p>\n<\/div>","protected":false},"excerpt":{"rendered":"<p>[vc_row sticky_row=&#8221;yes&#8221; css=&#8221;.vc_custom_1686663312147{background-image: url(https:\/\/www.cafedelhomme.com\/wp-content\/uploads\/2023\/05\/mosaic-one-actu.jpg?id=688) !important;background-position: center !important;background-repeat: no-repeat !important;background-size: cover !important;}&#8221; el_id=&#8221;header-page-simple&#8221;][vc_column responsive_css=&#8221;padding_top_large:220px|padding_bottom_large:220px&#8221; css=&#8221;.vc_custom_1683277774171{padding-top: 120px !important;padding-bottom: 230px !important;}&#8221;][vc_custom_heading text=&#8221;Organize a film premiere in Paris&#8221; font_container=&#8221;tag:h1|text_align:center&#8221; css=&#8221;.vc_custom_1686663400678{margin-bottom: 0px !important;}&#8221;][vc_column_text] Enjoy an exceptional setting for your film launch. [\/vc_column_text][\/vc_column][\/vc_row][vc_row el_id=&#8221;img-and-text&#8221; responsive_css=&#8221;padding_top_large:160px|padding_bottom_large:80px&#8221; css=&#8221;.vc_custom_1686141382134{padding-bottom: 40px !important;background-color: #ffffff !important;}&#8221;][vc_column][vc_row_inner equal_height=&#8221;yes&#8221;&#8230;<\/p>\n","protected":false},"author":1,"featured_media":3051,"parent":3522,"menu_order":0,"comment_status":"closed","ping_status":"closed","template":"","meta":{"_acf_changed":false,"footnotes":""},"class_list":["post-3964","page","type-page","status-publish","has-post-thumbnail","hentry"],"acf":[],"yoast_head":"<!-- This site is optimized with the Yoast SEO Premium plugin v20.10 (Yoast SEO v27.0) - https:\/\/yoast.com\/product\/yoast-seo-premium-wordpress\/ -->\n<title>Film screenings and launches in Paris - Caf\u00e9 de l&#039;Homme<\/title>\n<meta name=\"robots\" content=\"index, follow, max-snippet:-1, max-image-preview:large, max-video-preview:-1\" \/>\n<link rel=\"canonical\" href=\"https:\/\/www.cafedelhomme.com\/en\/privatize\/film-screenings-and-launches-in-paris\" \/>\n<meta property=\"og:locale\" content=\"en_US\" \/>\n<meta property=\"og:type\" content=\"article\" \/>\n<meta property=\"og:title\" content=\"Film screenings and launches in Paris - Caf\u00e9 de l&#039;Homme\" \/>\n<meta property=\"og:description\" content=\"[vc_row sticky_row=&#8221;yes&#8221; css=&#8221;.vc_custom_1686663312147{background-image: url(https:\/\/www.cafedelhomme.com\/wp-content\/uploads\/2023\/05\/mosaic-one-actu.jpg?id=688) !important;background-position: center !important;background-repeat: no-repeat !important;background-size: cover !important;}&#8221; el_id=&#8221;header-page-simple&#8221;][vc_column responsive_css=&#8221;padding_top_large:220px|padding_bottom_large:220px&#8221; css=&#8221;.vc_custom_1683277774171{padding-top: 120px !important;padding-bottom: 230px !important;}&#8221;][vc_custom_heading text=&#8221;Organize a film premiere in Paris&#8221; font_container=&#8221;tag:h1|text_align:center&#8221; css=&#8221;.vc_custom_1686663400678{margin-bottom: 0px !important;}&#8221;][vc_column_text] Enjoy an exceptional setting for your film launch. [\/vc_column_text][\/vc_column][\/vc_row][vc_row el_id=&#8221;img-and-text&#8221; responsive_css=&#8221;padding_top_large:160px|padding_bottom_large:80px&#8221; css=&#8221;.vc_custom_1686141382134{padding-bottom: 40px !important;background-color: #ffffff !important;}&#8221;][vc_column][vc_row_inner equal_height=&#8221;yes&#8221;...\" \/>\n<meta property=\"og:url\" content=\"https:\/\/www.cafedelhomme.com\/en\/privatize\/film-screenings-and-launches-in-paris\" \/>\n<meta property=\"og:site_name\" content=\"Caf\u00e9 de l&#039;Homme\" \/>\n<meta property=\"article:publisher\" content=\"https:\/\/www.facebook.com\/cafedelhomme\" \/>\n<meta property=\"article:modified_time\" content=\"2025-03-18T08:47:54+00:00\" \/>\n<meta property=\"og:image\" content=\"https:\/\/www.cafedelhomme.com\/wp-content\/uploads\/2023\/05\/mosaic-one-actu.jpg\" \/>\n\t<meta property=\"og:image:width\" content=\"800\" \/>\n\t<meta property=\"og:image:height\" content=\"800\" \/>\n\t<meta property=\"og:image:type\" content=\"image\/jpeg\" \/>\n<meta name=\"twitter:card\" content=\"summary_large_image\" \/>\n<meta name=\"twitter:label1\" content=\"Est. reading time\" \/>\n\t<meta name=\"twitter:data1\" content=\"7 minutes\" \/>\n<script type=\"application\/ld+json\" class=\"yoast-schema-graph\">{\"@context\":\"https:\/\/schema.org\",\"@graph\":[{\"@type\":\"WebPage\",\"@id\":\"https:\/\/www.cafedelhomme.com\/en\/privatize\/film-screenings-and-launches-in-paris\",\"url\":\"https:\/\/www.cafedelhomme.com\/en\/privatize\/film-screenings-and-launches-in-paris\",\"name\":\"Film screenings and launches in Paris - Caf\u00e9 de l&#039;Homme\",\"isPartOf\":{\"@id\":\"https:\/\/www.cafedelhomme.com\/en#website\"},\"primaryImageOfPage\":{\"@id\":\"https:\/\/www.cafedelhomme.com\/en\/privatize\/film-screenings-and-launches-in-paris#primaryimage\"},\"image\":{\"@id\":\"https:\/\/www.cafedelhomme.com\/en\/privatize\/film-screenings-and-launches-in-paris#primaryimage\"},\"thumbnailUrl\":\"https:\/\/www.cafedelhomme.com\/wp-content\/uploads\/2023\/05\/mosaic-one-actu.jpg\",\"datePublished\":\"2023-06-12T13:35:27+00:00\",\"dateModified\":\"2025-03-18T08:47:54+00:00\",\"breadcrumb\":{\"@id\":\"https:\/\/www.cafedelhomme.com\/en\/privatize\/film-screenings-and-launches-in-paris#breadcrumb\"},\"inLanguage\":\"en-US\",\"potentialAction\":[{\"@type\":\"ReadAction\",\"target\":[\"https:\/\/www.cafedelhomme.com\/en\/privatize\/film-screenings-and-launches-in-paris\"]}]},{\"@type\":\"ImageObject\",\"inLanguage\":\"en-US\",\"@id\":\"https:\/\/www.cafedelhomme.com\/en\/privatize\/film-screenings-and-launches-in-paris#primaryimage\",\"url\":\"https:\/\/www.cafedelhomme.com\/wp-content\/uploads\/2023\/05\/mosaic-one-actu.jpg\",\"contentUrl\":\"https:\/\/www.cafedelhomme.com\/wp-content\/uploads\/2023\/05\/mosaic-one-actu.jpg\",\"width\":800,\"height\":800},{\"@type\":\"BreadcrumbList\",\"@id\":\"https:\/\/www.cafedelhomme.com\/en\/privatize\/film-screenings-and-launches-in-paris#breadcrumb\",\"itemListElement\":[{\"@type\":\"ListItem\",\"position\":1,\"name\":\"Privatize\",\"item\":\"https:\/\/www.cafedelhomme.com\/en\/privatize\"},{\"@type\":\"ListItem\",\"position\":2,\"name\":\"Film screenings and launches in Paris\"}]},{\"@type\":\"WebSite\",\"@id\":\"https:\/\/www.cafedelhomme.com\/en#website\",\"url\":\"https:\/\/www.cafedelhomme.com\/en\",\"name\":\"Caf\u00e9 de l'Homme\",\"description\":\"\",\"publisher\":{\"@id\":\"https:\/\/www.cafedelhomme.com\/en#organization\"},\"potentialAction\":[{\"@type\":\"SearchAction\",\"target\":{\"@type\":\"EntryPoint\",\"urlTemplate\":\"https:\/\/www.cafedelhomme.com\/en?s={search_term_string}\"},\"query-input\":{\"@type\":\"PropertyValueSpecification\",\"valueRequired\":true,\"valueName\":\"search_term_string\"}}],\"inLanguage\":\"en-US\"},{\"@type\":\"Organization\",\"@id\":\"https:\/\/www.cafedelhomme.com\/en#organization\",\"name\":\"Caf\u00e9 de l'Homme\",\"url\":\"https:\/\/www.cafedelhomme.com\/en\",\"logo\":{\"@type\":\"ImageObject\",\"inLanguage\":\"en-US\",\"@id\":\"https:\/\/www.cafedelhomme.com\/en#\/schema\/logo\/image\/\",\"url\":\"https:\/\/www.cafedelhomme.com\/wp-content\/uploads\/2023\/04\/big-logo-300x163-1.png\",\"contentUrl\":\"https:\/\/www.cafedelhomme.com\/wp-content\/uploads\/2023\/04\/big-logo-300x163-1.png\",\"width\":300,\"height\":163,\"caption\":\"Caf\u00e9 de l'Homme\"},\"image\":{\"@id\":\"https:\/\/www.cafedelhomme.com\/en#\/schema\/logo\/image\/\"},\"sameAs\":[\"https:\/\/www.facebook.com\/cafedelhomme\",\"https:\/\/www.instagram.com\/cafedelhomme\/\"]}]}<\/script>\n<!-- \/ Yoast SEO Premium plugin. -->","yoast_head_json":{"title":"Film screenings and launches in Paris - Caf\u00e9 de l&#039;Homme","robots":{"index":"index","follow":"follow","max-snippet":"max-snippet:-1","max-image-preview":"max-image-preview:large","max-video-preview":"max-video-preview:-1"},"canonical":"https:\/\/www.cafedelhomme.com\/en\/privatize\/film-screenings-and-launches-in-paris","og_locale":"en_US","og_type":"article","og_title":"Film screenings and launches in Paris - Caf\u00e9 de l&#039;Homme","og_description":"[vc_row sticky_row=&#8221;yes&#8221; css=&#8221;.vc_custom_1686663312147{background-image: url(https:\/\/www.cafedelhomme.com\/wp-content\/uploads\/2023\/05\/mosaic-one-actu.jpg?id=688) !important;background-position: center !important;background-repeat: no-repeat !important;background-size: cover !important;}&#8221; el_id=&#8221;header-page-simple&#8221;][vc_column responsive_css=&#8221;padding_top_large:220px|padding_bottom_large:220px&#8221; css=&#8221;.vc_custom_1683277774171{padding-top: 120px !important;padding-bottom: 230px !important;}&#8221;][vc_custom_heading text=&#8221;Organize a film premiere in Paris&#8221; font_container=&#8221;tag:h1|text_align:center&#8221; css=&#8221;.vc_custom_1686663400678{margin-bottom: 0px !important;}&#8221;][vc_column_text] Enjoy an exceptional setting for your film launch. [\/vc_column_text][\/vc_column][\/vc_row][vc_row el_id=&#8221;img-and-text&#8221; responsive_css=&#8221;padding_top_large:160px|padding_bottom_large:80px&#8221; css=&#8221;.vc_custom_1686141382134{padding-bottom: 40px !important;background-color: #ffffff !important;}&#8221;][vc_column][vc_row_inner equal_height=&#8221;yes&#8221;...","og_url":"https:\/\/www.cafedelhomme.com\/en\/privatize\/film-screenings-and-launches-in-paris","og_site_name":"Caf\u00e9 de l&#039;Homme","article_publisher":"https:\/\/www.facebook.com\/cafedelhomme","article_modified_time":"2025-03-18T08:47:54+00:00","og_image":[{"width":800,"height":800,"url":"https:\/\/www.cafedelhomme.com\/wp-content\/uploads\/2023\/05\/mosaic-one-actu.jpg","type":"image\/jpeg"}],"twitter_card":"summary_large_image","twitter_misc":{"Est. reading time":"7 minutes"},"schema":{"@context":"https:\/\/schema.org","@graph":[{"@type":"WebPage","@id":"https:\/\/www.cafedelhomme.com\/en\/privatize\/film-screenings-and-launches-in-paris","url":"https:\/\/www.cafedelhomme.com\/en\/privatize\/film-screenings-and-launches-in-paris","name":"Film screenings and launches in Paris - Caf\u00e9 de l&#039;Homme","isPartOf":{"@id":"https:\/\/www.cafedelhomme.com\/en#website"},"primaryImageOfPage":{"@id":"https:\/\/www.cafedelhomme.com\/en\/privatize\/film-screenings-and-launches-in-paris#primaryimage"},"image":{"@id":"https:\/\/www.cafedelhomme.com\/en\/privatize\/film-screenings-and-launches-in-paris#primaryimage"},"thumbnailUrl":"https:\/\/www.cafedelhomme.com\/wp-content\/uploads\/2023\/05\/mosaic-one-actu.jpg","datePublished":"2023-06-12T13:35:27+00:00","dateModified":"2025-03-18T08:47:54+00:00","breadcrumb":{"@id":"https:\/\/www.cafedelhomme.com\/en\/privatize\/film-screenings-and-launches-in-paris#breadcrumb"},"inLanguage":"en-US","potentialAction":[{"@type":"ReadAction","target":["https:\/\/www.cafedelhomme.com\/en\/privatize\/film-screenings-and-launches-in-paris"]}]},{"@type":"ImageObject","inLanguage":"en-US","@id":"https:\/\/www.cafedelhomme.com\/en\/privatize\/film-screenings-and-launches-in-paris#primaryimage","url":"https:\/\/www.cafedelhomme.com\/wp-content\/uploads\/2023\/05\/mosaic-one-actu.jpg","contentUrl":"https:\/\/www.cafedelhomme.com\/wp-content\/uploads\/2023\/05\/mosaic-one-actu.jpg","width":800,"height":800},{"@type":"BreadcrumbList","@id":"https:\/\/www.cafedelhomme.com\/en\/privatize\/film-screenings-and-launches-in-paris#breadcrumb","itemListElement":[{"@type":"ListItem","position":1,"name":"Privatize","item":"https:\/\/www.cafedelhomme.com\/en\/privatize"},{"@type":"ListItem","position":2,"name":"Film screenings and launches in Paris"}]},{"@type":"WebSite","@id":"https:\/\/www.cafedelhomme.com\/en#website","url":"https:\/\/www.cafedelhomme.com\/en","name":"Caf\u00e9 de l'Homme","description":"","publisher":{"@id":"https:\/\/www.cafedelhomme.com\/en#organization"},"potentialAction":[{"@type":"SearchAction","target":{"@type":"EntryPoint","urlTemplate":"https:\/\/www.cafedelhomme.com\/en?s={search_term_string}"},"query-input":{"@type":"PropertyValueSpecification","valueRequired":true,"valueName":"search_term_string"}}],"inLanguage":"en-US"},{"@type":"Organization","@id":"https:\/\/www.cafedelhomme.com\/en#organization","name":"Caf\u00e9 de l'Homme","url":"https:\/\/www.cafedelhomme.com\/en","logo":{"@type":"ImageObject","inLanguage":"en-US","@id":"https:\/\/www.cafedelhomme.com\/en#\/schema\/logo\/image\/","url":"https:\/\/www.cafedelhomme.com\/wp-content\/uploads\/2023\/04\/big-logo-300x163-1.png","contentUrl":"https:\/\/www.cafedelhomme.com\/wp-content\/uploads\/2023\/04\/big-logo-300x163-1.png","width":300,"height":163,"caption":"Caf\u00e9 de l'Homme"},"image":{"@id":"https:\/\/www.cafedelhomme.com\/en#\/schema\/logo\/image\/"},"sameAs":["https:\/\/www.facebook.com\/cafedelhomme","https:\/\/www.instagram.com\/cafedelhomme\/"]}]}},"_links":{"self":[{"href":"https:\/\/www.cafedelhomme.com\/en\/wp-json\/wp\/v2\/pages\/3964","targetHints":{"allow":["GET"]}}],"collection":[{"href":"https:\/\/www.cafedelhomme.com\/en\/wp-json\/wp\/v2\/pages"}],"about":[{"href":"https:\/\/www.cafedelhomme.com\/en\/wp-json\/wp\/v2\/types\/page"}],"author":[{"embeddable":true,"href":"https:\/\/www.cafedelhomme.com\/en\/wp-json\/wp\/v2\/users\/1"}],"replies":[{"embeddable":true,"href":"https:\/\/www.cafedelhomme.com\/en\/wp-json\/wp\/v2\/comments?post=3964"}],"version-history":[{"count":10,"href":"https:\/\/www.cafedelhomme.com\/en\/wp-json\/wp\/v2\/pages\/3964\/revisions"}],"predecessor-version":[{"id":8210,"href":"https:\/\/www.cafedelhomme.com\/en\/wp-json\/wp\/v2\/pages\/3964\/revisions\/8210"}],"up":[{"embeddable":true,"href":"https:\/\/www.cafedelhomme.com\/en\/wp-json\/wp\/v2\/pages\/3522"}],"wp:featuredmedia":[{"embeddable":true,"href":"https:\/\/www.cafedelhomme.com\/en\/wp-json\/wp\/v2\/media\/3051"}],"wp:attachment":[{"href":"https:\/\/www.cafedelhomme.com\/en\/wp-json\/wp\/v2\/media?parent=3964"}],"curies":[{"name":"wp","href":"https:\/\/api.w.org\/{rel}","templated":true}]}}