{"version":"1.0","provider_name":"Caf\u00e9 de l&#039;Homme","provider_url":"https:\/\/www.cafedelhomme.com\/es","author_name":"Getup","author_url":"https:\/\/www.cafedelhomme.com\/es\/author\/getup","title":"Rel\u00e1jate en la terraza de St-Germain - Caf\u00e9 de l&#039;Homme","type":"rich","width":600,"height":338,"html":"<blockquote class=\"wp-embedded-content\" data-secret=\"BjlTaZGDI2\"><a href=\"https:\/\/www.cafedelhomme.com\/es\/relajate-en-la-terraza-de-st-germain\">Rel\u00e1jate en la terraza de St-Germain<\/a><\/blockquote><iframe sandbox=\"allow-scripts\" security=\"restricted\" src=\"https:\/\/www.cafedelhomme.com\/es\/relajate-en-la-terraza-de-st-germain\/embed#?secret=BjlTaZGDI2\" width=\"600\" height=\"338\" title=\"\u00abRel\u00e1jate en la terraza de St-Germain\u00bb \u2014 Caf\u00e9 de l&#039;Homme\" data-secret=\"BjlTaZGDI2\" frameborder=\"0\" marginwidth=\"0\" marginheight=\"0\" scrolling=\"no\" class=\"wp-embedded-content\"><\/iframe><script type=\"text\/javascript\">\n\/* <![CDATA[ *\/\n\/*! This file is auto-generated *\/\n!function(d,l){\"use strict\";l.querySelector&&d.addEventListener&&\"undefined\"!=typeof URL&&(d.wp=d.wp||{},d.wp.receiveEmbedMessage||(d.wp.receiveEmbedMessage=function(e){var t=e.data;if((t||t.secret||t.message||t.value)&&!\/[^a-zA-Z0-9]\/.test(t.secret)){for(var s,r,n,a=l.querySelectorAll('iframe[data-secret=\"'+t.secret+'\"]'),o=l.querySelectorAll('blockquote[data-secret=\"'+t.secret+'\"]'),c=new RegExp(\"^https?:$\",\"i\"),i=0;i<o.length;i++)o[i].style.display=\"none\";for(i=0;i<a.length;i++)s=a[i],e.source===s.contentWindow&&(s.removeAttribute(\"style\"),\"height\"===t.message?(1e3<(r=parseInt(t.value,10))?r=1e3:~~r<200&&(r=200),s.height=r):\"link\"===t.message&&(r=new URL(s.getAttribute(\"src\")),n=new URL(t.value),c.test(n.protocol))&&n.host===r.host&&l.activeElement===s&&(d.top.location.href=t.value))}},d.addEventListener(\"message\",d.wp.receiveEmbedMessage,!1),l.addEventListener(\"DOMContentLoaded\",function(){for(var e,t,s=l.querySelectorAll(\"iframe.wp-embedded-content\"),r=0;r<s.length;r++)(t=(e=s[r]).getAttribute(\"data-secret\"))||(t=Math.random().toString(36).substring(2,12),e.src+=\"#?secret=\"+t,e.setAttribute(\"data-secret\",t)),e.contentWindow.postMessage({message:\"ready\",secret:t},\"*\")},!1)))}(window,document);\n\/\/# sourceURL=https:\/\/www.cafedelhomme.com\/wp-includes\/js\/wp-embed.min.js\n\/* ]]> *\/\n<\/script>\n","thumbnail_url":"https:\/\/www.cafedelhomme.com\/wp-content\/uploads\/2023\/06\/getThumb.php-5.jpeg","thumbnail_width":800,"thumbnail_height":575,"description":"[vc_row responsive_css=\u00bbpadding_top_large:40px|padding_bottom_large:80px\u00bb css=\u00bb.vc_custom_1686583318297{padding-top: 40px !important;padding-bottom: 40px !important;}\u00bb][vc_column][vc_custom_heading text=\u00bbEste verano, te encantar\u00e1 descansar en los jardines del Trocadero, con sus impresionantes vistas de la Torre Eiffel.\u00bb][vc_column_text]El Caf\u00e9 de l&rsquo;Homme te ofrece una ef\u00edmera terraza St Germain con DJ, c\u00f3cteles de flor de sa\u00faco y un men\u00fa..."}