{"id":11186,"date":"2025-05-03T09:26:26","date_gmt":"2025-05-03T07:26:26","guid":{"rendered":"https:\/\/www.cafedelhomme.com\/?page_id=11186"},"modified":"2025-05-03T09:27:37","modified_gmt":"2025-05-03T07:27:37","slug":"restaurante-insolito-en-paris-2","status":"publish","type":"page","link":"https:\/\/www.cafedelhomme.com\/es\/restaurante-insolito-en-paris-2","title":{"rendered":"Restaurante ins\u00f3lito en Par\u00eds"},"content":{"rendered":"<div class=\"wpb-content-wrapper\"><p>[vc_row sticky_row=\u00bbyes\u00bb css=\u00bb.vc_custom_1729757449101{background-image: url(https:\/\/www.cafedelhomme.com\/wp-content\/uploads\/2024\/01\/header-homepage-cdh.jpg?id=5114) !important;background-position: center !important;background-repeat: no-repeat !important;background-size: cover !important;}\u00bb el_id=\u00bbcabecera-p\u00e1gina-simple\u00bb][vc_column responsive_css=\u00bbpadding_top_large:220px|padding_bottom_large:220px\u00bb css=\u00bb.vc_custom_1683277774171{padding-top: 120px !important;padding-bottom: 230px !important;}\u00bb][vc_custom_heading text=\u00bbDisfruta de una experiencia \u00fanica en un restaurante ins\u00f3lito de Par\u00eds\u00bb font_container=\u00bbtag:h1|text_align:center\u00bb css=\u00bb.vc_custom_1733473238754{margin-bottom: 0px !important;}\u00bb][vc_column_text css=\u00bb\u00bb]<\/p>\n<p style=\"text-align: center;\">Una experiencia culinaria \u00fanica<br \/>\ncon vistas a la Torre Eiffel<\/p>\n<p>[\/vc_column_text][\/vc_column][\/vc_row][vc_row el_id=\u00bbimg-y-texto\u00bb responsive_css=\u00bbpadding_top_large:160px|padding_bottom_large:80px\u00bb css=\u00bb.vc_custom_1730107755116{padding-bottom: 40px !important;background-color: #ffffff !important;}\u00bb][vc_column][vc_row_inner equal_height=\u00bbyes\u00bb content_placement=\u00bbmiddle\u00bb responsive_css=\u00bbmargin_bottom_large:80px\u00bb css=\u00bb.vc_custom_1686138812636{margin-bottom: 40px !important;}\u00bb][vc_column_inner width=\u00bb1\/2&Prime; el_class=\u00bbpicture_top\u00bb][vc_single_image image=\u00bb10314&Prime; img_size=\u00bbfull\u00bb css=\u00bb.vc_custom_1733474318991{margin-bottom: 0px !important;}\u00bb][\/vc_column_inner][vc_column_inner width=\u00bb1\/2&Prime; el_class=\u00bbtext_right\u00bb][vc_custom_heading text=\u00bbTu cena en el mejor restaurante de la capital\u00bb css=\u00bb\u00bb][vc_column_text css=\u00bb\u00bb]<span style=\"font-weight: 400;\">Caf\u00e9 de l&rsquo;Homme te ofrece una <\/span><a href=\"https:\/\/www.cafedelhomme.com\/es\/nuestra-experiencia\"><b>experiencia culinaria<\/b><\/a><b> experiencia culinaria en Par\u00eds<\/b><span style=\"font-weight: 400;\">. Enclavado en un   <\/span><b>lugar oculto<\/b><span style=\"font-weight: 400;\">con una <\/span><b>terraza <\/b><span style=\"font-weight: 400;\">que ofrece <\/span><b>vista excepcional <\/b><span style=\"font-weight: 400;\">de la<\/span><b> Torre Eiffel<\/b><span style=\"font-weight: 400;\">nuestro restaurante es el lugar ideal para una <\/span><b>cena rom\u00e1ntica<\/b><span style=\"font-weight: 400;\">  o una noche con amigos. Este   <\/span><b>azotea oculta en Par\u00eds 16<\/b><span style=\"font-weight: 400;\"> te da la bienvenida para que pases un momento inolvidable.<\/span><\/p>\n<p><span style=\"font-weight: 400;\">Cada comida en nuestro <\/span><b>restaurante de Par\u00eds <\/b> <span style=\"font-weight: 400;\">se convierte en una aut\u00e9ntica aventura gustativa. Nuestros chefs crean platos refinados para despertar tus sentidos en un entorno elegante. El Caf\u00e9 de l&rsquo;Homme se distingue por su ambiente discreto, perfecto para una comida en un entorno \u00edntimo.  <\/span> <b> restaurante rom\u00e1ntico<\/b> <b>en Par\u00eds<\/b><span style=\"font-weight: 400;\">.<\/span><\/p>\n<p><span style=\"font-weight: 400;\">Ven a disfrutar de una comida deliciosa <\/span><b>en un marco ins\u00f3lito en Par\u00eds 16<\/b><span style=\"font-weight: 400;\">. Aprovecha nuestras   <\/span><b>terraza con vistas a la Torre Eiffel<\/b><span style=\"font-weight: 400;\"> para disfrutar <\/span><b>cocina gastron\u00f3mica<\/b><span style=\"font-weight: 400;\"> y cocina de temporada. <\/span><a href=\"https:\/\/www.sevenrooms.com\/explore\/cafedelhomme\/reservations\/create\/search?tracking=seo-blog\"><b>Reserva ahora<\/b><\/a> <span style=\"font-weight: 400;\">para descubrir este <\/span><b>restaurante de Par\u00eds<\/b><span style=\"font-weight: 400;\"> y disfruta de una vista impresionante de la famosa <\/span><b>Torre Eiffel<\/b><span style=\"font-weight: 400;\">.<\/span>[\/vc_column_text][\/vc_column_inner][\/vc_row_inner][\/vc_column][\/vc_row][vc_row enable_gradient=\u00bbyes\u00bb css=\u00bb.vc_custom_1730111311851{padding-top: 150px !important;padding-bottom: 150px !important;background-color: #000000 !important;background-position: center !important;background-repeat: no-repeat !important;background-size: cover !important;}\u00bb el_class=\u00bbvisite-virtuelle\u00bb gradient_bg=\u00bblinear-gradient(0deg, rgba(0, 0, 0, 0.5) 0%, rgba(0,0,0,0.4) 100%)\u00bb][vc_column][vc_custom_heading text=\u00bbVisita nuestra ins\u00f3lita terraza frente a la Torre Eiffel\u00bb font_container=\u00bbtag:h2|text_align:center\u00bb css=\u00bb\u00bb][vc_column_text css=\u00bb\u00bb]<\/p>\n<div id=\"1730108382.121419\" class=\"c-virtual_list__item\" tabindex=\"0\" role=\"listitem\" aria-setsize=\"-1\" data-qa=\"virtual-list-item\" data-item-key=\"1730108382.121419\">\n<div class=\"c-message_kit__background p-message_pane_message__message c-message_kit__message\" role=\"presentation\" data-qa=\"message_container\" data-qa-unprocessed=\"false\" data-qa-placeholder=\"false\">\n<div class=\"c-message_kit__hover\" role=\"document\" aria-roledescription=\"message\" data-qa-hover=\"true\">\n<div class=\"c-message_kit__actions c-message_kit__actions--default\">\n<div class=\"c-message_kit__gutter\">\n<div class=\"c-message_kit__gutter__right\" role=\"presentation\" data-qa=\"message_content\">\n<div class=\"c-message_kit__blocks c-message_kit__blocks--rich_text\">\n<div class=\"c-message__message_blocks c-message__message_blocks--rich_text\" data-qa=\"message-text\">\n<div class=\"p-block_kit_renderer\" data-qa=\"block-kit-renderer\">\n<div class=\"p-block_kit_renderer__block_wrapper p-block_kit_renderer__block_wrapper--first\">\n<div class=\"p-rich_text_block\" dir=\"auto\">\n<div class=\"p-rich_text_section\">Descubre la incomparable experiencia <strong>del Caf\u00e9 de l&rsquo;<\/strong> Homme con nuestra visita virtual inmersiva. Explora cada zona de nuestro <strong>restaurante con terraza<\/strong> que ofrece una vista espectacular de la <strong>Torre Eiffel<\/strong>. Sum\u00e9rgete en el mundo c\u00e1lido y refinado del Caf\u00e9 de l&rsquo;Homme y prep\u00e1rate para una experiencia inolvidable, \u00a1en pleno coraz\u00f3n de <strong>Par\u00eds<\/strong>!  <\/div>\n<\/div>\n<\/div>\n<\/div>\n<\/div>\n<\/div>\n<\/div>\n<\/div>\n<\/div>\n<\/div>\n<\/div>\n<\/div>\n<p>[\/vc_column_text]<a href=\"#\" class=\"btn btn-default btn-bordered border-thin btn btn-outline btn-outline-white open-vv ld_button_69f1eafcae30d\">\n\t<span>\n\t\t\n\t\t\t\t\t<span class=\"btn-txt\">d\u00e9marrer la visite virtuelle<\/span>\n\t\t\t\n\t\t\t\t<\/span>\n<\/a>\n[\/vc_column][\/vc_row][vc_row responsive_css=\u00bbpadding_top_large:160px|padding_bottom_large:80px\u00bb css=\u00bb.vc_custom_1730107763818{padding-bottom: 40px !important;background-color: #ffffff !important;}\u00bb el_id=\u00bbimg-y-texto-alt\u00bb][vc_column][vc_row_inner equal_height=\u00bbyes\u00bb content_placement=\u00bbmiddle\u00bb][vc_column_inner width=\u00bb1\/2&Prime; el_class=\u00bbtext_left\u00bb][vc_custom_heading text=\u00bbUn momento inolvidable en un lugar escondido de Par\u00eds\u00bb css=\u00bb\u00bb][vc_column_text css=\u00bb\u00bb]<span style=\"font-weight: 400;\">Ven a disfrutar de un momento excepcional en el Caf\u00e9 de l&rsquo;Homme, con su <\/span><b>azotea oculta en Par\u00eds 16<\/b><span style=\"font-weight: 400;\">  que ofrece una vista espectacular de la Torre Eiffel. Este   <\/span><b>un lugar ins\u00f3lito<\/b><span style=\"font-weight: 400;\"> te sumerge en un ambiente \u00fanico, que combina intimidad y elegancia.<\/span><\/p>\n<p><span style=\"font-weight: 400;\">Nuestro <\/span><b>restaurante con terraza <\/b><span style=\"font-weight: 400;\">\u00e0<\/span><b> Par\u00eds <\/b> <span style=\"font-weight: 400;\">ofrece el marco perfecto para todas las ocasiones, ya sean profesionales o personales. Admira las luces de la Torre Eiffel mientras saboreas platos gourmet. Nuestro restaurante  <\/span> <b> con vistas a la Torre Eiffel<\/b><span style=\"font-weight: 400;\"> es ideal para una <\/span><b>experiencia culinaria en Par\u00eds<\/b><span style=\"font-weight: 400;\">.<\/span><\/p>\n<p><span style=\"font-weight: 400;\">Disfruta de una comida excepcional en el Caf\u00e9 de l&rsquo;Homme y d\u00e9jate seducir por la impresionante <\/span><b>vista panor\u00e1mica<\/b><span style=\"font-weight: 400;\">  en Par\u00eds. Descubre uno de los lugares m\u00e1s bellos de <\/span> <b> Par\u00eds<\/b><span style=\"font-weight: 400;\"> para <\/span><b>para deleitar tu paladar.<\/b>[\/vc_column_text]<a href=\"https:\/\/www.sevenrooms.com\/explore\/cafedelhomme\/reservations\/create\/search?tracking=seo-blog\" target=\"_blank\" class=\"btn btn-naked btn_underline ld_button_69f1eafcae4be\">\n\t<span>\n\t\t\n\t\t\t\t\t<span class=\"btn-txt\">r\u00e9server.<\/span>\n\t\t\t\n\t\t\t\t<\/span>\n<\/a>\n[\/vc_column_inner][vc_column_inner width=\u00bb1\/2&Prime; el_class=\u00bbpicture_bottom\u00bb][vc_single_image image=\u00bb6646&Prime; img_size=\u00bbfull\u00bb alignment=\u00bbcenter\u00bb css=\u00bb\u00bb][\/vc_column_inner][\/vc_row_inner][\/vc_column][\/vc_row][vc_row enable_overlay=\u00bbyes\u00bb el_class=\u00bbexperience-cdh\u00bb css=\u00bb.vc_custom_1729763312068{background-image: url(https:\/\/www.cafedelhomme.com\/wp-content\/uploads\/2024\/10\/700128bf344cb581fee6cdd353b8c90b.webp?id=6642) !important;}\u00bb overlay_bg=\u00bbrgba(0, 0, 0, 0.3)\u00bb][vc_column responsive_css=\u00bbpadding_top_large:220px|padding_bottom_large:220px\u00bb css=\u00bb.vc_custom_1729763119868{padding-top: 120px !important;padding-bottom: 230px !important;}\u00bb][vc_custom_heading text=\u00bbDescubre nuestras<br \/>\nexperiencias culinarias en Par\u00eds\u00bb font_container=\u00bbtag:h2|font_size:75px|text_align:center|color:%23ffffff|line_height:78px\u00bb css=\u00bb\u00bb][vc_column_text css=\u00bb\u00bb el_class=\u00bbtext-white\u00bb]<\/p>\n<p style=\"color: white !important; text-align: center; margin-top: 24px;\">Disfruta de una experiencia verdaderamente intemporal. \u00bfEst\u00e1s preparado para la experiencia? <\/p>\n<p>[\/vc_column_text]\n<ul id=\"menu_experiences-inline\" class=\"lqd-custom-menu reset-ul   menu_experiences-inline\"><li id=\"menu-item-16310\" class=\"menu-item menu-item-type-custom menu-item-object-custom menu-item-16310\"><a href=\"#eiffel\">Cena Eiffel<\/a><\/li>\n<li id=\"menu-item-10349\" class=\"menu-item menu-item-type-custom menu-item-object-custom menu-item-10349\"><a href=\"#eiffel-lunch\">Almuerzo Eiffel<\/a><\/li>\n<li id=\"menu-item-16311\" class=\"menu-item menu-item-type-custom menu-item-object-custom menu-item-16311\"><a href=\"#diamond\">Cena Diamond<\/a><\/li>\n<li id=\"menu-item-10351\" class=\"menu-item menu-item-type-custom menu-item-object-custom menu-item-10351\"><a href=\"#diamond-lunch\">Almuerzo Diamond<\/a><\/li>\n<li id=\"menu-item-16312\" class=\"menu-item menu-item-type-custom menu-item-object-custom menu-item-16312\"><a href=\"#premium\">Premium<\/a><\/li>\n<\/ul>[\/vc_column][\/vc_row][vc_row responsive_css=\u00bbpadding_top_large:50px|padding_bottom_large:50px\u00bb el_id=\u00bbpan rallado-intro\u00bb el_class=\u00bbintro\u00bb css=\u00bb.vc_custom_1729760041826{padding-top: 50px !important;padding-bottom: 50px !important;}\u00bb][vc_column align=\u00bbtext-center\u00bb el_id=\u00bbintro-section\u00bb][\/vc_column][vc_column el_class=\u00bbsection-shadow\u00bb][\/vc_column][\/vc_row][vc_row el_id=\u00bbimg-y-texto\u00bb responsive_css=\u00bbpadding_bottom_large:80px\u00bb css=\u00bb.vc_custom_1686126290516{padding-bottom: 40px !important;background-color: #ffffff !important;}\u00bb el_class=\u00bbimg-and-text\u00bb][vc_column][vc_row_inner equal_height=\u00bbyes\u00bb content_placement=\u00bbmiddle\u00bb el_class=\u00bbeiffel section-to-animate\u00bb el_id=\u00bbeiffel-lunch\u00bb css=\u00bb.vc_custom_1723793850822{background-color: #ffffff !important;}\u00bb][vc_column_inner width=\u00bb1\/2&Prime; align=\u00bbtext-center\u00bb el_class=\u00bbtext_left section-text-content\u00bb][vc_custom_heading text=\u00bb01&Prime; font_container=\u00bbtag:div|text_align:center\u00bb el_class=\u00bbnumber-title\u00bb][vc_custom_heading text=\u00bbAlmuerzo Eiffel\u00bb font_container=\u00bbtag:h2|text_align:center\u00bb css=\u00bb\u00bb][vc_custom_heading text=\u00bbLA QUINTAESENCIA DEL CAF\u00c9 DEL HOMBRE\u00bb font_container=\u00bbtag:p|text_align:center\u00bb css=\u00bb.vc_custom_1695990250058{padding-bottom: 0px !important;}\u00bb el_class=\u00bbsubtitle\u00bb][vc_column_text css=\u00bb\u00bb el_class=\u00bbdescription\u00bb]Cena garantizada en primera fila para una experiencia inolvidable[\/vc_column_text][vc_column_text css=\u00bb\u00bb el_class=\u00bbinfo_cle\u00bb]Desde 120 euros por persona[\/vc_column_text]<a href=\"#\" class=\"btn btn-naked btn_underline open-vv eiffel-vv ld_button_69f1eafcb1be6\">\n\t<span>\n\t\t\n\t\t\t\t\t<span class=\"btn-txt\">d\u00e9marrer la visite virtuelle.<\/span>\n\t\t\t\n\t\t\t\t<\/span>\n<\/a>\n<a href=\"https:\/\/www.sevenrooms.com\/experiences\/cafedelhomme\/menu-d-jeun--10014680200?tracking=seo-blog\" target=\"_blank\" class=\"btn btn-naked btn_underline small-mt ld_button_69f1eafcb1d2a\">\n\t<span>\n\t\t\n\t\t\t\t\t<span class=\"btn-txt\">en savoir plus sur l\u2019exp\u00e9rience Eiffel d\u00e9jeuner.<\/span>\n\t\t\t\n\t\t\t\t<\/span>\n<\/a>\n[\/vc_column_inner][vc_column_inner width=\u00bb1\/2&Prime; el_class=\u00bbpicture_bottom\u00bb][vc_single_image image=\u00bb9840&Prime; img_size=\u00bbfull\u00bb css=\u00bb\u00bb][\/vc_column_inner][vc_column_inner el_class=\u00bbsection-shadow\u00bb][\/vc_column_inner][\/vc_row_inner][vc_row_inner equal_height=\u00bbyes\u00bb content_placement=\u00bbmiddle\u00bb el_class=\u00bbeiffel section-to-animate\u00bb el_id=\u00bbeiffel\u00bb css=\u00bb.vc_custom_1723466591649{background-color: #ffffff !important;}\u00bb][vc_column_inner width=\u00bb1\/2&Prime; el_class=\u00bbpicture_top\u00bb][vc_single_image image=\u00bb9842&Prime; img_size=\u00bbfull\u00bb css=\u00bb\u00bb][\/vc_column_inner][vc_column_inner width=\u00bb1\/2&Prime; align=\u00bbtext-center\u00bb el_class=\u00bbtext_right section-text-content\u00bb][vc_custom_heading text=\u00bb02&Prime; font_container=\u00bbtag:div|text_align:center\u00bb css=\u00bb\u00bb el_class=\u00bbnumber-title\u00bb][vc_custom_heading text=\u00bbCena Eiffel\u00bb font_container=\u00bbtag:h2|text_align:center\u00bb css=\u00bb\u00bb][vc_custom_heading text=\u00bbLA QUINTAESENCIA DEL CAF\u00c9 DEL HOMBRE\u00bb font_container=\u00bbtag:p|text_align:center\u00bb css=\u00bb\u00bb el_class=\u00bbsubtitle\u00bb][vc_column_text css=\u00bb\u00bb el_class=\u00bbdescription\u00bb]Disfruta de una velada atemporal con una vista \u00fanica desde primera fila.<\/p>\n<p>M\u00e1s informaci\u00f3n sobre la<a href=\"https:\/\/www.cafedelhomme.com\/es\/cena-experiencia-eiffel-una-velada-magica-en-un-restaurante-con-vistas-a-la-torre-eiffel\">experiencia de la cena Eiffel.<\/a>[\/vc_column_text][vc_column_text css=\u00bb\u00bb el_class=\u00bbinfo_cle\u00bb]A partir de 270 euros por persona[\/vc_column_text]<a href=\"#\" class=\"btn btn-naked btn_underline open-vv terrasse-vv ld_button_69f1eafcb1e53\">\n\t<span>\n\t\t\n\t\t\t\t\t<span class=\"btn-txt\">d\u00e9marrer la visite virtuelle.<\/span>\n\t\t\t\n\t\t\t\t<\/span>\n<\/a>\n<a href=\"https:\/\/www.sevenrooms.com\/experiences\/cafedelhomme\/exp-rience-eiffel-5912988263?tracking=seo-blog\" target=\"_blank\" class=\"btn btn-naked btn_underline small-mt ld_button_69f1eafcb1f6a\">\n\t<span>\n\t\t\n\t\t\t\t\t<span class=\"btn-txt\">en savoir plus sur l\u2019exp\u00e9rience Eiffel d\u00eener.<\/span>\n\t\t\t\n\t\t\t\t<\/span>\n<\/a>\n[\/vc_column_inner][vc_column_inner el_class=\u00bbsection-shadow\u00bb][\/vc_column_inner][\/vc_row_inner][vc_row_inner equal_height=\u00bbyes\u00bb content_placement=\u00bbmiddle\u00bb el_class=\u00bbdiamond section-to-animate\u00bb el_id=\u00bbdiamond-lunch\u00bb css=\u00bb.vc_custom_1723793872657{background-color: #ffffff !important;}\u00bb][vc_column_inner width=\u00bb1\/2&Prime; align=\u00bbtext-center\u00bb el_class=\u00bbtext_left section-text-content\u00bb][vc_custom_heading text=\u00bb03&Prime; font_container=\u00bbtag:div|text_align:center\u00bb css=\u00bb\u00bb el_class=\u00bbnumber-title\u00bb][vc_custom_heading text=\u00bbDesayuno Diamante\u00bb font_container=\u00bbtag:h2|text_align:center\u00bb css=\u00bb\u00bb][vc_custom_heading text=\u00bbPARA UN MOMENTO EXCEPCIONAL\u00bb font_container=\u00bbtag:p|text_align:center\u00bb css=\u00bb.vc_custom_1723464390033{padding-bottom: 0px !important;}\u00bb el_class=\u00bbsubtitle\u00bb][vc_column_text css=\u00bb\u00bb el_class=\u00bbdescription\u00bb]Mesa en segunda fila garantizada para una experiencia inolvidable[\/vc_column_text][vc_column_text css=\u00bb\u00bb el_class=\u00bbinfo_cle\u00bb]Desde 75 euros por persona[\/vc_column_text]<a href=\"#\" class=\"btn btn-naked btn_underline open-vv eiffel-vv ld_button_69f1eafcb208f\">\n\t<span>\n\t\t\n\t\t\t\t\t<span class=\"btn-txt\">d\u00e9marrer la visite virtuelle.<\/span>\n\t\t\t\n\t\t\t\t<\/span>\n<\/a>\n<a href=\"https:\/\/www.sevenrooms.com\/experiences\/cafedelhomme\/menu-d-jeun--10014680200?tracking=seo-blog\" target=\"_blank\" class=\"btn btn-naked btn_underline small-mt ld_button_69f1eafcb219c\">\n\t<span>\n\t\t\n\t\t\t\t\t<span class=\"btn-txt\">en savoir plus sur l\u2019exp\u00e9rience Diamond d\u00e9jeuner.<\/span>\n\t\t\t\n\t\t\t\t<\/span>\n<\/a>\n[\/vc_column_inner][vc_column_inner width=\u00bb1\/2&Prime; el_class=\u00bbpicture_bottom\u00bb][vc_single_image image=\u00bb9836&Prime; img_size=\u00bbfull\u00bb css=\u00bb\u00bb][\/vc_column_inner][vc_column_inner el_class=\u00bbsection-shadow\u00bb][\/vc_column_inner][\/vc_row_inner][vc_row_inner equal_height=\u00bbyes\u00bb content_placement=\u00bbmiddle\u00bb el_class=\u00bbdiamond section-to-animate\u00bb el_id=\u00bbdiamond\u00bb css=\u00bb.vc_custom_1723466611700{background-color: #ffffff !important;}\u00bb][vc_column_inner width=\u00bb1\/2&Prime; el_class=\u00bbpicture_top\u00bb][vc_single_image image=\u00bb999&Prime; img_size=\u00bbfull\u00bb][\/vc_column_inner][vc_column_inner width=\u00bb1\/2&Prime; align=\u00bbtext-center\u00bb el_class=\u00bbtext_right section-text-content\u00bb][vc_custom_heading text=\u00bb04&Prime; font_container=\u00bbtag:div|text_align:center\u00bb css=\u00bb\u00bb el_class=\u00bbnumber-title\u00bb][vc_custom_heading text=\u00bbCena con diamantes\u00bb font_container=\u00bbtag:h2|text_align:center\u00bb css=\u00bb\u00bb][vc_custom_heading text=\u00bbPARA UN MOMENTO EXCEPCIONAL\u00bb font_container=\u00bbtag:p|text_align:center\u00bb el_class=\u00bbsubtitle\u00bb][vc_column_text el_class=\u00bbdescription\u00bb]El arte de vivir a la francesa, sublimado por nuestro Chef Wilfried Graux, mientras disfrutas de toda la magia de la Ciudad de la Luz desde la segunda fila de nuestra terraza.[\/vc_column_text][vc_column_text css=\u00bb\u00bb el_class=\u00bbinfo_cle\u00bb]A partir de 190 euros por persona[\/vc_column_text]<a href=\"#\" class=\"btn btn-naked btn_underline open-vv terrasse-vv ld_button_69f1eafcb22aa\">\n\t<span>\n\t\t\n\t\t\t\t\t<span class=\"btn-txt\">d\u00e9marrer la visite virtuelle.<\/span>\n\t\t\t\n\t\t\t\t<\/span>\n<\/a>\n<a href=\"https:\/\/www.sevenrooms.com\/experiences\/cafedelhomme\/exp-rience-diamond-5914578491?tracking=seo-blog\" target=\"_blank\" class=\"btn btn-naked btn_underline small-mt ld_button_69f1eafcb23ef\">\n\t<span>\n\t\t\n\t\t\t\t\t<span class=\"btn-txt\">en savoir plus sur l\u2019exp\u00e9rience Diamond d\u00eener.<\/span>\n\t\t\t\n\t\t\t\t<\/span>\n<\/a>\n[\/vc_column_inner][vc_column_inner el_class=\u00bbsection-shadow\u00bb][\/vc_column_inner][\/vc_row_inner][vc_row_inner equal_height=\u00bbyes\u00bb content_placement=\u00bbmiddle\u00bb el_class=\u00bba-la-carte section-to-animate\u00bb el_id=\u00bbcarte\u00bb css=\u00bb.vc_custom_1718626608064{background-color: #ffffff !important;}\u00bb][vc_column_inner width=\u00bb1\/2&Prime; align=\u00bbtext-center\u00bb el_class=\u00bbtext_left section-text-content\u00bb][vc_custom_heading text=\u00bb05&Prime; font_container=\u00bbtag:div|text_align:center\u00bb css=\u00bb\u00bb el_class=\u00bbnumber-title\u00bb][vc_custom_heading text=\u00bbA la carta\u00bb font_container=\u00bbtag:h2|text_align:center\u00bb][vc_custom_heading text=\u00bbCAF\u00c9 DEL HOMBRE EN TOTAL LIBERTAD\u00bb font_container=\u00bbtag:p|text_align:center\u00bb el_class=\u00bbsubtitle\u00bb][vc_column_text el_class=\u00bbdescription\u00bb]Original y tradicional a la vez, la oferta culinaria del Caf\u00e9 de l&rsquo;Homme celebra los productos locales franceses y explora con pasi\u00f3n y creatividad las nuevas tendencias gastron\u00f3micas de los cinco continentes.[\/vc_column_text][vc_column_text el_class=\u00bbinfo_cle\u00bb]Suplemento de 60 euros por persona que incluye un asiento en la terraza con una copa de Champ\u00e1n Charles Heidsieck brut, vista de la Torre Eiffel garantizada.[\/vc_column_text]<a href=\"#\" class=\"btn btn-naked btn_underline open-vv ld_button_69f1eafcb25b7\">\n\t<span>\n\t\t\n\t\t\t\t\t<span class=\"btn-txt\">d\u00e9marrer la visite virtuelle.<\/span>\n\t\t\t\n\t\t\t\t<\/span>\n<\/a>\n[vc_column_text el_class=\u00bbinfo_cle\u00bb][\/vc_column_text]<a href=\"https:\/\/www.sevenrooms.com\/experiences\/cafedelhomme\/exp-rience-la-carte-5441280260538368?tracking=seo-blog\" target=\"_blank\" class=\"btn btn-naked btn_underline small-mt ld_button_69f1eafcb2771\">\n\t<span>\n\t\t\n\t\t\t\t\t<span class=\"btn-txt\">en savoir plus sur l\u2019exp\u00e9rience \u00c0 la carte.<\/span>\n\t\t\t\n\t\t\t\t<\/span>\n<\/a>\n[\/vc_column_inner][vc_column_inner width=\u00bb1\/2&Prime; el_class=\u00bbpicture_bottom\u00bb][vc_single_image image=\u00bb998&Prime; img_size=\u00bbfull\u00bb][\/vc_column_inner][vc_column_inner el_class=\u00bbsection-shadow\u00bb][\/vc_column_inner][\/vc_row_inner][vc_row_inner equal_height=\u00bbyes\u00bb content_placement=\u00bbmiddle\u00bb el_class=\u00bbpremium section-to-animate\u00bb el_id=\u00bbpremium\u00bb css=\u00bb.vc_custom_1718626617124{background-color: #ffffff !important;}\u00bb][vc_column_inner width=\u00bb1\/2&Prime; el_class=\u00bbpicture_top\u00bb][vc_single_image image=\u00bb205&Prime; img_size=\u00bbfull\u00bb][\/vc_column_inner][vc_column_inner width=\u00bb1\/2&Prime; align=\u00bbtext-center\u00bb el_class=\u00bbtext_right section-text-content\u00bb][vc_custom_heading text=\u00bb06&Prime; font_container=\u00bbtag:div|text_align:center\u00bb css=\u00bb\u00bb el_class=\u00bbnumber-title\u00bb][vc_custom_heading text=\u00bbPremium\u00bb font_container=\u00bbtag:h2|text_align:center\u00bb css=\u00bb.vc_custom_1695990536976{margin-bottom: 54px !important;}\u00bb][vc_column_text el_class=\u00bbdescription\u00bb]En un suntuoso marco con vistas a la legendaria Dama de Hierro, ven a saborear un men\u00fa compuesto por nuestro Chef seg\u00fan las estaciones.[\/vc_column_text][vc_column_text el_class=\u00bbinfo_cle\u00bb]Desde 130 \u20ac por persona experiencia premium en interior<br \/>\nDesde 180 \u20ac por persona experiencia premium en exterior[\/vc_column_text]<a href=\"#\" class=\"btn btn-naked btn_underline open-vv eiffel-vv ld_button_69f1eafcb28fa\">\n\t<span>\n\t\t\n\t\t\t\t\t<span class=\"btn-txt\">d\u00e9marrer la visite virtuelle.<\/span>\n\t\t\t\n\t\t\t\t<\/span>\n<\/a>\n<a href=\"https:\/\/www.sevenrooms.com\/experiences\/cafedelhomme\/exp-rience-premium-5162328486?tracking=seo-blog\" target=\"_blank\" class=\"btn btn-naked btn_underline small-mt ld_button_69f1eafcb2a4c\">\n\t<span>\n\t\t\n\t\t\t\t\t<span class=\"btn-txt\">en savoir plus sur l\u2019exp\u00e9rience Premium.<\/span>\n\t\t\t\n\t\t\t\t<\/span>\n<\/a>\n[\/vc_column_inner][vc_column_inner el_class=\u00bbsection-shadow\u00bb][\/vc_column_inner][\/vc_row_inner][vc_row_inner equal_height=\u00bbyes\u00bb content_placement=\u00bbmiddle\u00bb el_class=\u00bba-la-carte section-to-animate\u00bb el_id=\u00bbbefore-dinner\u00bb css=\u00bb.vc_custom_1732703347382{background-color: #ffffff !important;}\u00bb][vc_column_inner width=\u00bb1\/2&Prime; align=\u00bbtext-center\u00bb el_class=\u00bbtext_left section-text-content\u00bb][vc_custom_heading text=\u00bb07&Prime; font_container=\u00bbtag:div|text_align:center\u00bb css=\u00bb\u00bb el_class=\u00bbnumber-title\u00bb][vc_custom_heading text=\u00bbAntes de cenar\u00bb font_container=\u00bbtag:h2|text_align:center\u00bb css=\u00bb\u00bb][vc_column_text css=\u00bb\u00bb el_class=\u00bbdescription\u00bb]Sum\u00e9rgete en una experiencia memorable en el entorno c\u00e1lido y elegante del Caf\u00e9 de l&rsquo;Homme. D\u00e9jate seducir por nuestro men\u00fa, especialmente dise\u00f1ado para realzar tus momentos, en el marco excepcional de una tarde ba\u00f1ada por el sol.[\/vc_column_text]<a href=\"#\" class=\"btn btn-naked btn_underline open-vv ld_button_69f1eafcb2bd6\">\n\t<span>\n\t\t\n\t\t\t\t\t<span class=\"btn-txt\">d\u00e9marrer la visite virtuelle.<\/span>\n\t\t\t\n\t\t\t\t<\/span>\n<\/a>\n<a href=\"https:\/\/www.sevenrooms.com\/experiences\/cafedelhomme\/after-dinner-11246148465?tracking=seo-blog\" target=\"_blank\" class=\"btn btn-naked btn_underline small-mt ld_button_69f1eafcb2d9c\">\n\t<span>\n\t\t\n\t\t\t\t\t<span class=\"btn-txt\">en savoir plus sur l\u2019exp\u00e9rience Before Dinner.<\/span>\n\t\t\t\n\t\t\t\t<\/span>\n<\/a>\n[\/vc_column_inner][vc_column_inner width=\u00bb1\/2&Prime; el_class=\u00bbpicture_bottom\u00bb][vc_single_image image=\u00bb9845&Prime; img_size=\u00bbfull\u00bb css=\u00bb\u00bb][\/vc_column_inner][vc_column_inner el_class=\u00bbsection-shadow\u00bb][\/vc_column_inner][\/vc_row_inner][vc_row_inner equal_height=\u00bbyes\u00bb content_placement=\u00bbmiddle\u00bb el_class=\u00bbpremium section-to-animate\u00bb el_id=\u00bbafter-dinner\u00bb css=\u00bb.vc_custom_1732703199501{background-color: #ffffff !important;}\u00bb][vc_column_inner width=\u00bb1\/2&Prime; el_class=\u00bbpicture_top\u00bb][vc_single_image image=\u00bb10757&Prime; img_size=\u00bbfull\u00bb css=\u00bb\u00bb][\/vc_column_inner][vc_column_inner width=\u00bb1\/2&Prime; align=\u00bbtext-center\u00bb el_class=\u00bbtext_right section-text-content\u00bb][vc_custom_heading text=\u00bb08&Prime; font_container=\u00bbtag:div|text_align:center\u00bb css=\u00bb\u00bb el_class=\u00bbnumber-title\u00bb][vc_custom_heading text=\u00bbDespu\u00e9s de cenar\u00bb font_container=\u00bbtag:h2|text_align:center\u00bb css=\u00bb.vc_custom_1732703249278{margin-bottom: 54px !important;}\u00bb][vc_column_text css=\u00bb\u00bb el_class=\u00bbdescription\u00bb]Reg\u00e1late una experiencia inolvidable en el c\u00e1lido y elegante entorno del Caf\u00e9 de l&rsquo;Homme, donde la m\u00fasica y el arte se dan cita en veladas m\u00e1gicas. Todos los mi\u00e9rcoles, jueves, viernes y s\u00e1bados, d\u00e9jate transportar por la vibrante energ\u00eda de los DJ sets en directo y las cautivadoras actuaciones de nuestros artistas invitados.[\/vc_column_text]<a href=\"#\" class=\"btn btn-naked btn_underline open-vv ld_button_69f1eafcb2f5f\">\n\t<span>\n\t\t\n\t\t\t\t\t<span class=\"btn-txt\">d\u00e9marrer la visite virtuelle.<\/span>\n\t\t\t\n\t\t\t\t<\/span>\n<\/a>\n<a href=\"https:\/\/www.sevenrooms.com\/experiences\/cafedelhomme\/after-dinner-11246148465?tracking=seo-blog\" target=\"_blank\" class=\"btn btn-naked btn_underline small-mt ld_button_69f1eafcb30c1\">\n\t<span>\n\t\t\n\t\t\t\t\t<span class=\"btn-txt\">en savoir plus sur l\u2019exp\u00e9rience After Dinner.<\/span>\n\t\t\t\n\t\t\t\t<\/span>\n<\/a>\n[\/vc_column_inner][vc_column_inner el_class=\u00bbsection-shadow\u00bb][\/vc_column_inner][\/vc_row_inner][\/vc_column][\/vc_row][vc_row el_id=\u00bbequipo\u00bb css=\u00bb.vc_custom_1686224179321{padding-top: 80px !important;padding-bottom: 80px !important;background-color: #faf9f6 !important;}\u00bb responsive_css=\u00bbpadding_top_large:145px|padding_bottom_large:168px\u00bb el_class=\u00bbprestations\u00bb][vc_column width=\u00bb5\/12&Prime;][vc_custom_heading text=\u00bbServicios<br \/>\ndu Caf\u00e9 de l&apos;Homme\u00bb css=\u00bb.vc_custom_1729761523437{margin-bottom: 40px !important;}\u00bb][vc_column_text css=\u00bb.vc_custom_1733473734209{margin-bottom: 40px !important;}\u00bb]<span style=\"font-weight: 400;\">Para una <\/span><b>experiencia<\/b><span style=\"font-weight: 400;\">descubre nuestro <\/span><b>restaurante secreto en el distrito 16 de Par\u00eds<\/b><span style=\"font-weight: 400;\">con una impresionante vista de la Torre Eiffel. El Caf\u00e9 de l&rsquo;Homme es la direcci\u00f3n ideal para un   <\/span><b>cena en un lugar ins\u00f3lito de Par\u00eds<\/b><span style=\"font-weight: 400;\">. Disfruta de nuestro ambiente c\u00e1lido y elegante durante todo el a\u00f1o. \u00bfBuscas un lugar ineludible en la capital? Te ofrecemos un   <\/span><b>  comida inolvidable<\/b><span style=\"font-weight: 400;\">. Ven y disfruta de un momento m\u00e1gico con algunos de los monumentos m\u00e1s bellos de Europa.   <\/span><b>Par\u00eds<\/b><span style=\"font-weight: 400;\"> al fondo.<\/span>[\/vc_column_text]<a href=\"https:\/\/www.sevenrooms.com\/explore\/cafedelhomme\/reservations\/create\/search?tracking=seo-blog\" target=\"_blank\" class=\"btn btn-naked btn_underline ld_button_69f1eafcb31cf\">\n\t<span>\n\t\t\n\t\t\t\t\t<span class=\"btn-txt\">r\u00e9server une table.<\/span>\n\t\t\t\n\t\t\t\t<\/span>\n<\/a>\n[\/vc_column][vc_column width=\u00bb7\/12&Prime;][vc_row_inner equal_height=\u00bbyes\u00bb content_placement=\u00bbmiddle\u00bb responsive_css=\u00bbmargin_bottom_large:30px\u00bb css=\u00bb.vc_custom_1686224165726{margin-bottom: 40px !important;}\u00bb el_class=\u00bboptions\u00bb][vc_column_inner width=\u00bb1\/2&Prime; enable_overlay=\u00bbyes\u00bb align=\u00bbtext-center\u00bb css=\u00bb.vc_custom_1686240038037{background-image: url(https:\/\/www.cafedelhomme.com\/wp-content\/uploads\/2023\/04\/img-right-scaled.jpg?id=371) !important;background-position: center !important;background-repeat: no-repeat !important;background-size: cover !important;}\u00bb overlay_bg=\u00bbrgba(0, 0, 0, 0.35)\u00bb el_class=\u00bboption-modal\u00bb]<a href=\"#\" class=\"btn btn-default btn-bordered border-thin btn btn-outline btn-outline-white open_modal-simple ld_button_69f1eafcb32dd\">\n\t<span>\n\t\t\n\t\t\t\t\t<span class=\"btn-txt\">Nos plats gastronomiques<\/span>\n\t\t\t\n\t\t\t\t<\/span>\n<\/a>\n[vc_column_text css=\u00bb\u00bb el_class=\u00bbmodal-content-simple\u00bb]<span style=\"font-weight: 400;\">En <\/span><b>Caf\u00e9 del Hombre<\/b><span style=\"font-weight: 400;\">cada plato est\u00e1 dise\u00f1ado para ofrecer una <\/span><b>experiencia culinaria<\/b><span style=\"font-weight: 400;\">. Bajo la direcci\u00f3n del Chef Wilfried Graux, nuestras creaciones combinan tradici\u00f3n e innovaci\u00f3n. Cada plato sublima la    <\/span><b>productos de temporada<\/b><span style=\"font-weight: 400;\">destacando la riqueza de los terru\u00f1os de Francia <\/span><b>de Francia<\/b><span style=\"font-weight: 400;\">. Descubrir\u00e1s nuevas combinaciones de sabores, preparadas con precisi\u00f3n y creatividad, que gustar\u00e1n a grandes y peque\u00f1os. <\/span><\/p>\n<p><span style=\"font-weight: 400;\">Nuestra <\/span><a href=\"https:\/\/www.cafedelhomme.com\/es\/la-carta\"><b>tarjeta<\/b><\/a><span style=\"font-weight: 400;\">  El men\u00fa cambia con las estaciones para ofrecerte los mejores productos. Desde el entrante hasta el postre, cada plato es una obra de arte culinaria, dise\u00f1ada para despertar los sentidos. D\u00e9jate tentar por    <\/span><b>nuestro men\u00fa<\/b><span style=\"font-weight: 400;\"> que refleja el saber hacer <\/span><b>saber hacer gastron\u00f3mico<\/b> <b>gastronom\u00eda francesa<\/b><span style=\"font-weight: 400;\"> a la vez que te lleva a nuevos horizontes.<\/span><\/p>\n<p><span style=\"font-weight: 400;\">Tanto si te gustan los platos tradicionales como los revisitados, <\/span><b>Caf\u00e9 de l&rsquo;Homme<\/b><span style=\"font-weight: 400;\">  promete una experiencia gustativa inolvidable. Nuestras creaciones culinarias, acompa\u00f1adas de un   <\/span><b>una vista espectacular de la Torre Eiffel<\/b><span style=\"font-weight: 400;\">y una vista espectacular del Tour de Francia. <\/span><b>gastronom\u00eda<\/b><span style=\"font-weight: 400;\"> en un marco elegante y refinado.<\/span>[\/vc_column_text][\/vc_column_inner][vc_column_inner width=\u00bb1\/2&Prime; enable_overlay=\u00bbyes\u00bb align=\u00bbtext-center\u00bb css=\u00bb.vc_custom_1686240015414{background-image: url(https:\/\/www.cafedelhomme.com\/wp-content\/uploads\/2023\/04\/bg-fullscreen-scaled.jpg?id=452) !important;background-position: center !important;background-repeat: no-repeat !important;background-size: cover !important;}\u00bb overlay_bg=\u00bbrgba(0, 0, 0, 0.35)\u00bb el_class=\u00bboption-modal\u00bb]<a href=\"#\" class=\"btn btn-default btn-bordered border-thin btn btn-outline btn-outline-white open_modal-simple ld_button_69f1eafcb33f2\">\n\t<span>\n\t\t\n\t\t\t\t\t<span class=\"btn-txt\">Des installations luxueuses<\/span>\n\t\t\t\n\t\t\t\t<\/span>\n<\/a>\n[vc_column_text css=\u00bb\u00bb el_class=\u00bbmodal-content-simple\u00bb]<b>Caf\u00e9 del Hombre<\/b><span style=\"font-weight: 400;\">con su <\/span><b>terraza en el coraz\u00f3n de Par\u00eds<\/b><span style=\"font-weight: 400;\">ofrece un ambiente refinado con una inmejorable <\/span><b>inmejorable de la Torre Eiffel<\/b><span style=\"font-weight: 400;\">. En el interior, el   <\/span><b>Los techos LED que cambian de color<\/b><span style=\"font-weight: 400;\"> crean atm\u00f3sferas personalizadas, mientras que la sutil iluminaci\u00f3n de la terraza contribuye a crear un ambiente c\u00e1lido e \u00edntimo.<\/span><\/p>\n<p><span style=\"font-weight: 400;\">Nuestro equipamiento es de \u00faltima generaci\u00f3n. Con <\/span> <b> Altavoces L-ACOUSTICS<\/b><span style=\"font-weight: 400;\"> altavoces de interior y<\/span><b> altavoces CODA HOPS5\/L<\/b><span style=\"font-weight: 400;\"> para exteriores, la calidad del sonido es excepcional.<\/span><\/p>\n<p><span style=\"font-weight: 400;\">La terraza est\u00e1 equipada con<\/span><b> sombrillas de la Casa Francesa<\/b><span style=\"font-weight: 400;\"> y<\/span><b> sombrillas TUUCI<\/b><span style=\"font-weight: 400;\">que proporcionan sombra para tus almuerzos en nuestro restaurante. <\/span> <\/p>\n<p><span style=\"font-weight: 400;\">Por \u00faltimo, nuestra <\/span><b>Elf\u00e9a<\/b><span style=\"font-weight: 400;\"> garantiza un confort t\u00e9rmico \u00f3ptimo, con niveles sonoros reducidos para un ambiente agradable, <\/span><b>tanto en verano como en invierno<\/b><span style=\"font-weight: 400;\">. Cada detalle se ha dise\u00f1ado para que tu   <\/span><b>experiencia culinaria en Par\u00eds<\/b><span style=\"font-weight: 400;\"> experiencia.<\/span>[\/vc_column_text][\/vc_column_inner][\/vc_row_inner][vc_row_inner equal_height=\u00bbyes\u00bb content_placement=\u00bbmiddle\u00bb responsive_css=\u00bbmargin_bottom_large:10px\u00bb css=\u00bb.vc_custom_1686224370091{margin-bottom: 40px !important;}\u00bb el_class=\u00bboptions\u00bb][vc_column_inner width=\u00bb1\/2&Prime; enable_overlay=\u00bbyes\u00bb align=\u00bbtext-center\u00bb css=\u00bb.vc_custom_1686240081843{background-image: url(https:\/\/www.cafedelhomme.com\/wp-content\/uploads\/2023\/04\/BG-1-1.jpg?id=354) !important;background-position: center !important;background-repeat: no-repeat !important;background-size: cover !important;}\u00bb overlay_bg=\u00bbrgba(0, 0, 0, 0.35)\u00bb el_class=\u00bboption-modal\u00bb]<a href=\"#\" class=\"btn btn-default btn-bordered border-thin btn btn-outline btn-outline-white open_modal-simple ld_button_69f1eafcb34f6\">\n\t<span>\n\t\t\n\t\t\t\t\t<span class=\"btn-txt\">Emplacement central \u00e0 Paris<\/span>\n\t\t\t\n\t\t\t\t<\/span>\n<\/a>\n[vc_column_text css=\u00bb\u00bb el_class=\u00bbmodal-content-simple\u00bb]<b>Caf\u00e9 de l&rsquo;Homme<\/b><span style=\"font-weight: 400;\"> te da la bienvenida a un <\/span><b>lugar escondido con vistas a la Torre Eiffel<\/b><span style=\"font-weight: 400;\">en el coraz\u00f3n del <\/span><b>prestigioso distrito 16<\/b><span style=\"font-weight: 400;\">. Situado en la planta baja del   <\/span><b>Museo del Hombre<\/b><span style=\"font-weight: 400;\">La entrada es la misma que la del museo dedicado a la evoluci\u00f3n del hombre y la sociedad. Este   <\/span><b>restaurante secreto en Par\u00eds<\/b><span style=\"font-weight: 400;\"> combina una ubicaci\u00f3n \u00fanica con una arquitectura Art D\u00e9co dise\u00f1ada por el d\u00fao de arquitectos Gilles &amp; Boissier.<\/span><\/p>\n<p><span style=\"font-weight: 400;\"><a href=\"https:\/\/www.google.com\/maps\/place\/Caf%C3%A9+de+l%E2%80%99Homme+%7C+Restaurant+gastronomique+Paris+%7C+tour+Eiffel\/@48.8622057,2.2876293,1020m\/data=!3m2!1e3!4b1!4m6!3m5!1s0x47e66ffc9e072c95:0x6e8c2c71c8b791d8!8m2!3d48.8622057!4d2.2876293!16s%2Fg%2F1tqpykck?entry=ttu&amp;g_ep=EgoyMDI0MTExMi4wIKXMDSoASAFQAw%3D%3D\">Es f\u00e1cil<\/a> y c\u00f3modo llegar en transporte p\u00fablico (metro, autob\u00fas y RER C). As\u00ed que aprovecha   <\/span><b>azotea oculta en Par\u00eds 16<\/b><span style=\"font-weight: 400;\">  sin limitaciones. Nuestros espacios est\u00e1n dise\u00f1ados para combinar comodidad y serenidad a cualquier hora del d\u00eda. <\/span><\/p>\n<p><span style=\"font-weight: 400;\">Entre una <\/span><b>vistas espectaculares de la Torre Eiffel<\/b><span style=\"font-weight: 400;\"> y una cocina refinada, <\/span><b>Caf\u00e9 de l&rsquo;Homme<\/b><span style=\"font-weight: 400;\"> ofrece una experiencia \u00fanica en un <\/span><b>restaurante en Par\u00eds<\/b><span style=\"font-weight: 400;\">. Cada momento que pasas aqu\u00ed se convierte en una celebraci\u00f3n, combinando gastronom\u00eda y elegancia. <\/span>[\/vc_column_text][\/vc_column_inner][vc_column_inner width=\u00bb1\/2&Prime; enable_overlay=\u00bbyes\u00bb align=\u00bbtext-center\u00bb css=\u00bb.vc_custom_1686240058941{background-image: url(https:\/\/www.cafedelhomme.com\/wp-content\/uploads\/2023\/04\/img-left-scaled.jpg?id=370) !important;background-position: center !important;background-repeat: no-repeat !important;background-size: cover !important;}\u00bb overlay_bg=\u00bbrgba(0, 0, 0, 0.35)\u00bb el_class=\u00bboption-modal\u00bb]<a href=\"#\" class=\"btn btn-default btn-bordered border-thin btn btn-outline btn-outline-white open_modal-simple ld_button_69f1eafcb35f8\">\n\t<span>\n\t\t\n\t\t\t\t\t<span class=\"btn-txt\">Des espaces \u00e9l\u00e9gants<\/span>\n\t\t\t\n\t\t\t\t<\/span>\n<\/a>\n[vc_column_text css=\u00bb\u00bb el_class=\u00bbmodal-content-simple\u00bb]<span style=\"font-weight: 400;\">En <\/span><b>Caf\u00e9 del Hombre<\/b><span style=\"font-weight: 400;\">cada espacio est\u00e1 dise\u00f1ado para ofrecerte una <\/span><b>experiencia culinaria<\/b><span style=\"font-weight: 400;\">  en Par\u00eds. Con espectaculares vistas sobre el   <\/span><b>Torre Eiffel<\/b><span style=\"font-weight: 400;\">Nuestro entorno combina sutilmente elegancia, comodidad e historia.<\/span><\/p>\n<ul>\n<li><b>Espacio interior :<\/b><b><br \/>\n<\/b><span style=\"font-weight: 400;\"><br \/>\nEl interior del <\/span><b>Caf\u00e9 del Hombre<\/b><span style=\"font-weight: 400;\">dise\u00f1ado por el d\u00fao de arquitectos Gilles &amp; Boissier, refleja la esencia del<\/span><b>Art D\u00e9co<\/b><span style=\"font-weight: 400;\"> de los a\u00f1os 30, caracter\u00edstico del <\/span><b>Palacio de Chaillot<\/b><span style=\"font-weight: 400;\">. Este emblem\u00e1tico local te sumerge en un ambiente c\u00e1lido y moderno a la vez, ideal para una comida o cena gourmet. Los materiales nobles, como la madera de cedro arenada y los bancos de fresno, crean una armon\u00eda natural y chic. Cada elemento del dise\u00f1o, desde el mobiliario hecho a medida hasta la discreta iluminaci\u00f3n, ha sido pensado para hacer de tu comida una experiencia inolvidable.     <\/span><b>experiencia memorable<\/b><span style=\"font-weight: 400;\"><span style=\"font-weight: 400;\"><span style=\"font-weight: 400;\">.<\/span><\/span><\/span>&nbsp;<\/li>\n<li><b><b>Espacio exterior:<br \/>\n<\/b><\/b><br \/>\nNuestra <b>terraza de Par\u00eds 16<\/b>, con sus bancos de casta\u00f1o hechos a medida y sus asientos de rat\u00e1n, te ofrece una vista impresionante de la <b>Torre Eiffel<\/b>. Es un lugar excepcional para disfrutar de un momento al aire libre. La terraza est\u00e1 ba\u00f1ada por la suave luz del sol, que acaricia la estatua de H\u00e9rcules domando un bisonte (de Albert Pommier, 1937), mientras que la frondosa vegetaci\u00f3n garantiza la intimidad de cada mesa de granito. Este espacio \u00fanico es ideal para una <b>comida de convivencia<\/b> con tus compa\u00f1eros de trabajo o una m\u00e1s personal con tus seres m\u00e1s queridos.   <\/li>\n<\/ul>\n<p>Tanto en el interior como en el exterior, el restaurante <b>Caf\u00e9 de l&rsquo;Homme<\/b> te invita a disfrutar de una <b>experiencia culinaria ins\u00f3lita en Par\u00eds<\/b>, en un marco en el que cada detalle ha sido cuidadosamente pensado para causar una impresi\u00f3n duradera. Ven a descubrir nuestro <b>ins\u00f3lito restaurante de Par\u00eds 16<\/b>, donde historia, gastronom\u00eda y elegancia se unen para crear momentos inolvidables.[\/vc_column_text][\/vc_column_inner][\/vc_row_inner][\/vc_column][\/vc_row][vc_row full_width=\u00bbstretch_row\u00bb equal_height=\u00bbyes\u00bb bg_position=\u00bbcenter center\u00bb css=\u00bb.vc_custom_1683016397706{padding-top: 80px !important;padding-bottom: 80px !important;background-image: url(https:\/\/www.cafedelhomme.com\/wp-content\/uploads\/2023\/04\/BG-1-1.jpg?id=354) !important;background-position: center !important;background-repeat: no-repeat !important;background-size: cover !important;}\u00bb el_id=\u00bbimg-pantalla\u00bb responsive_css=\u00bbpadding_top_large:250px|padding_bottom_large:250px\u00bb][vc_column align=\u00bbtext-center\u00bb][vc_custom_heading text=\u00bbReserva un momento ins\u00f3lito en nuestro restaurante\u00bb font_container=\u00bbtag:h2|text_align:center\u00bb css=\u00bb\u00bb el_class=\u00bbtitle mb-16&Prime;][vc_column_text css=\u00bb\u00bb el_class=\u00bbsub-title mb-40&Prime;]<em>Porque lo excepcional no espera, reserva ahora&#8230;<\/em>[\/vc_column_text]<a href=\"https:\/\/www.sevenrooms.com\/explore\/cafedelhomme\/reservations\/create\/search?tracking=seo-blog\" target=\"_blank\" class=\"btn btn-default btn-bordered border-thin btn btn-outline btn-outline-white ld_button_69f1eafcb36fe\">\n\t<span>\n\t\t\n\t\t\t\t\t<span class=\"btn-txt\">je r\u00e9serve.<\/span>\n\t\t\t\n\t\t\t\t<\/span>\n<\/a>\n[\/vc_column][\/vc_row]<\/p>\n<\/div>","protected":false},"excerpt":{"rendered":"<p>[vc_row sticky_row=\u00bbyes\u00bb css=\u00bb.vc_custom_1729757449101{background-image: url(https:\/\/www.cafedelhomme.com\/wp-content\/uploads\/2024\/01\/header-homepage-cdh.jpg?id=5114) !important;background-position: center !important;background-repeat: no-repeat !important;background-size: cover !important;}\u00bb el_id=\u00bbcabecera-p\u00e1gina-simple\u00bb][vc_column responsive_css=\u00bbpadding_top_large:220px|padding_bottom_large:220px\u00bb css=\u00bb.vc_custom_1683277774171{padding-top: 120px !important;padding-bottom: 230px !important;}\u00bb][vc_custom_heading text=\u00bbDisfruta de una experiencia \u00fanica en un restaurante ins\u00f3lito de Par\u00eds\u00bb font_container=\u00bbtag:h1|text_align:center\u00bb css=\u00bb.vc_custom_1733473238754{margin-bottom: 0px !important;}\u00bb][vc_column_text css=\u00bb\u00bb] Una experiencia culinaria \u00fanica con vistas a la Torre Eiffel [\/vc_column_text][\/vc_column][\/vc_row][vc_row&#8230;<\/p>\n","protected":false},"author":14,"featured_media":9933,"parent":0,"menu_order":0,"comment_status":"closed","ping_status":"closed","template":"","meta":{"_acf_changed":false,"footnotes":""},"class_list":["post-11186","page","type-page","status-publish","has-post-thumbnail","hentry"],"acf":[],"yoast_head":"<!-- This site is optimized with the Yoast SEO Premium plugin v20.10 (Yoast SEO v27.0) - https:\/\/yoast.com\/product\/yoast-seo-premium-wordpress\/ -->\n<title>Restaurante ins\u00f3lito en Par\u00eds - Caf\u00e9 de l&#039;Homme<\/title>\n<meta name=\"description\" content=\"Una experiencia \u00fanica en un restaurante ins\u00f3lito de Par\u00eds. Situado en Par\u00eds 16, el Caf\u00e9 de l&#039;Homme ofrece una cocina refinada con una vista excepcional de la Torre Eiffel.\" \/>\n<meta name=\"robots\" content=\"index, follow, max-snippet:-1, max-image-preview:large, max-video-preview:-1\" \/>\n<link rel=\"canonical\" href=\"https:\/\/www.cafedelhomme.com\/es\/restaurante-insolito-en-paris-2\" \/>\n<meta property=\"og:locale\" content=\"es_ES\" \/>\n<meta property=\"og:type\" content=\"article\" \/>\n<meta property=\"og:title\" content=\"Restaurante ins\u00f3lito en Par\u00eds - Caf\u00e9 de l&#039;Homme\" \/>\n<meta property=\"og:description\" content=\"Descubre el mejor restaurante con terraza de Par\u00eds 16 y disfruta de una vista de la Torre Eiffel para una comida o cena gourmet\" \/>\n<meta property=\"og:url\" content=\"https:\/\/www.cafedelhomme.com\/es\/restaurante-insolito-en-paris-2\" \/>\n<meta property=\"og:site_name\" content=\"Caf\u00e9 de l&#039;Homme\" \/>\n<meta property=\"article:publisher\" content=\"https:\/\/www.facebook.com\/cafedelhomme\" \/>\n<meta property=\"article:modified_time\" content=\"2025-05-03T07:27:37+00:00\" \/>\n<meta property=\"og:image\" content=\"https:\/\/www.cafedelhomme.com\/wp-content\/uploads\/2024\/11\/Anniversaire.jpg\" \/>\n\t<meta property=\"og:image:width\" content=\"1080\" \/>\n\t<meta property=\"og:image:height\" content=\"1350\" \/>\n\t<meta property=\"og:image:type\" content=\"image\/jpeg\" \/>\n<meta name=\"twitter:card\" content=\"summary_large_image\" \/>\n<meta name=\"twitter:label1\" content=\"Tiempo de lectura\" \/>\n\t<meta name=\"twitter:data1\" content=\"12 minutos\" \/>\n<script type=\"application\/ld+json\" class=\"yoast-schema-graph\">{\"@context\":\"https:\/\/schema.org\",\"@graph\":[{\"@type\":\"WebPage\",\"@id\":\"https:\/\/www.cafedelhomme.com\/es\/restaurante-insolito-en-paris-2\",\"url\":\"https:\/\/www.cafedelhomme.com\/es\/restaurante-insolito-en-paris-2\",\"name\":\"Restaurante ins\u00f3lito en Par\u00eds - Caf\u00e9 de l&#039;Homme\",\"isPartOf\":{\"@id\":\"https:\/\/www.cafedelhomme.com\/es#website\"},\"primaryImageOfPage\":{\"@id\":\"https:\/\/www.cafedelhomme.com\/es\/restaurante-insolito-en-paris-2#primaryimage\"},\"image\":{\"@id\":\"https:\/\/www.cafedelhomme.com\/es\/restaurante-insolito-en-paris-2#primaryimage\"},\"thumbnailUrl\":\"https:\/\/www.cafedelhomme.com\/wp-content\/uploads\/2024\/11\/Anniversaire.jpg\",\"datePublished\":\"2025-05-03T07:26:26+00:00\",\"dateModified\":\"2025-05-03T07:27:37+00:00\",\"description\":\"Una experiencia \u00fanica en un restaurante ins\u00f3lito de Par\u00eds. Situado en Par\u00eds 16, el Caf\u00e9 de l'Homme ofrece una cocina refinada con una vista excepcional de la Torre Eiffel.\",\"inLanguage\":\"es\",\"potentialAction\":[{\"@type\":\"ReadAction\",\"target\":[\"https:\/\/www.cafedelhomme.com\/es\/restaurante-insolito-en-paris-2\"]}]},{\"@type\":\"ImageObject\",\"inLanguage\":\"es\",\"@id\":\"https:\/\/www.cafedelhomme.com\/es\/restaurante-insolito-en-paris-2#primaryimage\",\"url\":\"https:\/\/www.cafedelhomme.com\/wp-content\/uploads\/2024\/11\/Anniversaire.jpg\",\"contentUrl\":\"https:\/\/www.cafedelhomme.com\/wp-content\/uploads\/2024\/11\/Anniversaire.jpg\",\"width\":1080,\"height\":1350},{\"@type\":\"WebSite\",\"@id\":\"https:\/\/www.cafedelhomme.com\/es#website\",\"url\":\"https:\/\/www.cafedelhomme.com\/es\",\"name\":\"Caf\u00e9 de l'Homme\",\"description\":\"\",\"publisher\":{\"@id\":\"https:\/\/www.cafedelhomme.com\/es#organization\"},\"potentialAction\":[{\"@type\":\"SearchAction\",\"target\":{\"@type\":\"EntryPoint\",\"urlTemplate\":\"https:\/\/www.cafedelhomme.com\/es?s={search_term_string}\"},\"query-input\":{\"@type\":\"PropertyValueSpecification\",\"valueRequired\":true,\"valueName\":\"search_term_string\"}}],\"inLanguage\":\"es\"},{\"@type\":\"Organization\",\"@id\":\"https:\/\/www.cafedelhomme.com\/es#organization\",\"name\":\"Caf\u00e9 del Hombre\",\"url\":\"https:\/\/www.cafedelhomme.com\/es\",\"logo\":{\"@type\":\"ImageObject\",\"inLanguage\":\"es\",\"@id\":\"https:\/\/www.cafedelhomme.com\/es#\/schema\/logo\/image\/\",\"url\":\"https:\/\/www.cafedelhomme.com\/wp-content\/uploads\/2023\/04\/big-logo-300x163-1.png\",\"contentUrl\":\"https:\/\/www.cafedelhomme.com\/wp-content\/uploads\/2023\/04\/big-logo-300x163-1.png\",\"width\":300,\"height\":163,\"caption\":\"Caf\u00e9 del Hombre\"},\"image\":{\"@id\":\"https:\/\/www.cafedelhomme.com\/es#\/schema\/logo\/image\/\"},\"sameAs\":[\"https:\/\/www.facebook.com\/cafedelhomme\",\"https:\/\/www.instagram.com\/cafedelhomme\/\"]}]}<\/script>\n<!-- \/ Yoast SEO Premium plugin. -->","yoast_head_json":{"title":"Restaurante ins\u00f3lito en Par\u00eds - Caf\u00e9 de l&#039;Homme","description":"Una experiencia \u00fanica en un restaurante ins\u00f3lito de Par\u00eds. Situado en Par\u00eds 16, el Caf\u00e9 de l'Homme ofrece una cocina refinada con una vista excepcional de la Torre Eiffel.","robots":{"index":"index","follow":"follow","max-snippet":"max-snippet:-1","max-image-preview":"max-image-preview:large","max-video-preview":"max-video-preview:-1"},"canonical":"https:\/\/www.cafedelhomme.com\/es\/restaurante-insolito-en-paris-2","og_locale":"es_ES","og_type":"article","og_title":"Restaurante ins\u00f3lito en Par\u00eds - Caf\u00e9 de l&#039;Homme","og_description":"Descubre el mejor restaurante con terraza de Par\u00eds 16 y disfruta de una vista de la Torre Eiffel para una comida o cena gourmet","og_url":"https:\/\/www.cafedelhomme.com\/es\/restaurante-insolito-en-paris-2","og_site_name":"Caf\u00e9 de l&#039;Homme","article_publisher":"https:\/\/www.facebook.com\/cafedelhomme","article_modified_time":"2025-05-03T07:27:37+00:00","og_image":[{"width":1080,"height":1350,"url":"https:\/\/www.cafedelhomme.com\/wp-content\/uploads\/2024\/11\/Anniversaire.jpg","type":"image\/jpeg"}],"twitter_card":"summary_large_image","twitter_misc":{"Tiempo de lectura":"12 minutos"},"schema":{"@context":"https:\/\/schema.org","@graph":[{"@type":"WebPage","@id":"https:\/\/www.cafedelhomme.com\/es\/restaurante-insolito-en-paris-2","url":"https:\/\/www.cafedelhomme.com\/es\/restaurante-insolito-en-paris-2","name":"Restaurante ins\u00f3lito en Par\u00eds - Caf\u00e9 de l&#039;Homme","isPartOf":{"@id":"https:\/\/www.cafedelhomme.com\/es#website"},"primaryImageOfPage":{"@id":"https:\/\/www.cafedelhomme.com\/es\/restaurante-insolito-en-paris-2#primaryimage"},"image":{"@id":"https:\/\/www.cafedelhomme.com\/es\/restaurante-insolito-en-paris-2#primaryimage"},"thumbnailUrl":"https:\/\/www.cafedelhomme.com\/wp-content\/uploads\/2024\/11\/Anniversaire.jpg","datePublished":"2025-05-03T07:26:26+00:00","dateModified":"2025-05-03T07:27:37+00:00","description":"Una experiencia \u00fanica en un restaurante ins\u00f3lito de Par\u00eds. Situado en Par\u00eds 16, el Caf\u00e9 de l'Homme ofrece una cocina refinada con una vista excepcional de la Torre Eiffel.","inLanguage":"es","potentialAction":[{"@type":"ReadAction","target":["https:\/\/www.cafedelhomme.com\/es\/restaurante-insolito-en-paris-2"]}]},{"@type":"ImageObject","inLanguage":"es","@id":"https:\/\/www.cafedelhomme.com\/es\/restaurante-insolito-en-paris-2#primaryimage","url":"https:\/\/www.cafedelhomme.com\/wp-content\/uploads\/2024\/11\/Anniversaire.jpg","contentUrl":"https:\/\/www.cafedelhomme.com\/wp-content\/uploads\/2024\/11\/Anniversaire.jpg","width":1080,"height":1350},{"@type":"WebSite","@id":"https:\/\/www.cafedelhomme.com\/es#website","url":"https:\/\/www.cafedelhomme.com\/es","name":"Caf\u00e9 de l'Homme","description":"","publisher":{"@id":"https:\/\/www.cafedelhomme.com\/es#organization"},"potentialAction":[{"@type":"SearchAction","target":{"@type":"EntryPoint","urlTemplate":"https:\/\/www.cafedelhomme.com\/es?s={search_term_string}"},"query-input":{"@type":"PropertyValueSpecification","valueRequired":true,"valueName":"search_term_string"}}],"inLanguage":"es"},{"@type":"Organization","@id":"https:\/\/www.cafedelhomme.com\/es#organization","name":"Caf\u00e9 del Hombre","url":"https:\/\/www.cafedelhomme.com\/es","logo":{"@type":"ImageObject","inLanguage":"es","@id":"https:\/\/www.cafedelhomme.com\/es#\/schema\/logo\/image\/","url":"https:\/\/www.cafedelhomme.com\/wp-content\/uploads\/2023\/04\/big-logo-300x163-1.png","contentUrl":"https:\/\/www.cafedelhomme.com\/wp-content\/uploads\/2023\/04\/big-logo-300x163-1.png","width":300,"height":163,"caption":"Caf\u00e9 del Hombre"},"image":{"@id":"https:\/\/www.cafedelhomme.com\/es#\/schema\/logo\/image\/"},"sameAs":["https:\/\/www.facebook.com\/cafedelhomme","https:\/\/www.instagram.com\/cafedelhomme\/"]}]}},"_links":{"self":[{"href":"https:\/\/www.cafedelhomme.com\/es\/wp-json\/wp\/v2\/pages\/11186","targetHints":{"allow":["GET"]}}],"collection":[{"href":"https:\/\/www.cafedelhomme.com\/es\/wp-json\/wp\/v2\/pages"}],"about":[{"href":"https:\/\/www.cafedelhomme.com\/es\/wp-json\/wp\/v2\/types\/page"}],"author":[{"embeddable":true,"href":"https:\/\/www.cafedelhomme.com\/es\/wp-json\/wp\/v2\/users\/14"}],"replies":[{"embeddable":true,"href":"https:\/\/www.cafedelhomme.com\/es\/wp-json\/wp\/v2\/comments?post=11186"}],"version-history":[{"count":3,"href":"https:\/\/www.cafedelhomme.com\/es\/wp-json\/wp\/v2\/pages\/11186\/revisions"}],"predecessor-version":[{"id":11193,"href":"https:\/\/www.cafedelhomme.com\/es\/wp-json\/wp\/v2\/pages\/11186\/revisions\/11193"}],"wp:featuredmedia":[{"embeddable":true,"href":"https:\/\/www.cafedelhomme.com\/es\/wp-json\/wp\/v2\/media\/9933"}],"wp:attachment":[{"href":"https:\/\/www.cafedelhomme.com\/es\/wp-json\/wp\/v2\/media?parent=11186"}],"curies":[{"name":"wp","href":"https:\/\/api.w.org\/{rel}","templated":true}]}}