{"id":11205,"date":"2025-05-15T11:03:20","date_gmt":"2025-05-15T09:03:20","guid":{"rendered":"https:\/\/www.cafedelhomme.com\/?page_id=11205"},"modified":"2025-05-15T11:03:57","modified_gmt":"2025-05-15T09:03:57","slug":"restaurante-insolito-en-paris-3","status":"publish","type":"page","link":"https:\/\/www.cafedelhomme.com\/es\/restaurante-insolito-en-paris-3","title":{"rendered":"Restaurante ins\u00f3lito en Par\u00eds"},"content":{"rendered":"<div class=\"wpb-content-wrapper\"><p>[vc_row sticky_row=\u00bbyes\u00bb css=\u00bb.vc_custom_1729757449101{background-image: url(https:\/\/www.cafedelhomme.com\/wp-content\/uploads\/2024\/01\/header-homepage-cdh.jpg?id=5114) !important;background-position: center !important;background-repeat: no-repeat !important;background-size: cover !important;}\u00bb el_id=\u00bbcabecera-p\u00e1gina-simple\u00bb][vc_column responsive_css=\u00bbpadding_top_large:220px|padding_bottom_large:220px\u00bb css=\u00bb.vc_custom_1683277774171{padding-top: 120px !important;padding-bottom: 230px !important;}\u00bb][vc_custom_heading text=\u00bbAfterwork \u00e0 Paris \u2013 Cocktails, DJ &amp; vue sur la tour Eiffel\u00bb font_container=\u00bbtag:h1|text_align:center\u00bb css=\u00bb.vc_custom_1745913984231{margin-bottom: 0px !important;}\u00bb][vc_column_text css=\u00bb\u00bb]<\/p>\n<p style=\"text-align: center;\">L\u2019exp\u00e9rience unique d\u2019un afterwork<br \/>\navec DJ \u00e0 Paris<\/p>\n<p>[\/vc_column_text][\/vc_column][\/vc_row][vc_row el_id=\u00bbimg-y-texto\u00bb responsive_css=\u00bbpadding_top_large:160px|padding_bottom_large:80px\u00bb css=\u00bb.vc_custom_1730107755116{padding-bottom: 40px !important;background-color: #ffffff !important;}\u00bb][vc_column][vc_row_inner equal_height=\u00bbyes\u00bb content_placement=\u00bbmiddle\u00bb responsive_css=\u00bbmargin_bottom_large:80px\u00bb css=\u00bb.vc_custom_1686138812636{margin-bottom: 40px !important;}\u00bb][vc_column_inner width=\u00bb1\/2&Prime; el_class=\u00bbpicture_top\u00bb][vc_single_image image=\u00bb9933&Prime; img_size=\u00bbfull\u00bb css=\u00bb.vc_custom_1745913507123{margin-bottom: 0px !important;}\u00bb][\/vc_column_inner][vc_column_inner width=\u00bb1\/2&Prime; el_class=\u00bbtext_right\u00bb][vc_custom_heading text=\u00bbUn afterwork d\u2019exception avec cocktails et musique au Caf\u00e9 de l\u2019Homme\u00bb css=\u00bb\u00bb][vc_column_text css=\u00bb\u00bb]Plongez dans l\u2019univers raffin\u00e9 du <b>Caf\u00e9 de l\u2019Homme<\/b>, une adresse incontournable pour un <b>afterwork \u00e0 Paris \u2013 Cocktails, DJ &amp; vue sur la tour Eiffel<\/b>. Situ\u00e9 au c\u0153ur du <b>Trocad\u00e9ro<\/b>, notre \u00e9tablissement offre une atmosph\u00e8re \u00e9l\u00e9gante et dynamique, parfaite pour d\u00e9compresser apr\u00e8s une journ\u00e9e de travail.<\/p>\n<p>Dans un cadre prestigieux avec une vue spectaculaire sur la <b>tour Eiffel<\/b>, savourez des <b>cocktails signatures<\/b> accompagn\u00e9s d\u2019une s\u00e9lection de mets raffin\u00e9s. Chaque soir\u00e9e est rythm\u00e9e par une <b>ambiance musicale envo\u00fbtante<\/b>, orchestr\u00e9e par nos <b>DJs r\u00e9sidents<\/b>, pour une <b>soir\u00e9e afterwork<\/b> o\u00f9 \u00e9l\u00e9gance et convivialit\u00e9 se rencontrent.<\/p>\n<p>Vous recherchez le <b>meilleur restaurant <\/b>pour un<b> afterwork \u00e0 Paris <\/b>? <b>Caf\u00e9 de l\u2019Homme<\/b> est l\u2019adresse id\u00e9ale pour se retrouver entre amis ou coll\u00e8gues. Profitez d\u2019une soir\u00e9e inoubliable dans un <b>restaurant \u00e0 Paris<\/b>, o\u00f9 mixologie et gastronomie fusionnent dans une ambiance unique.<\/p>\n<p>Laissez-vous s\u00e9duire par une <a href=\"https:\/\/www.cafedelhomme.com\/nos-experiences\"><b>exp\u00e9rience exclusive<\/b><\/a>, o\u00f9 chaque d\u00e9tail est pens\u00e9 pour faire de votre <b>afterwork d\u2019entreprise <\/b>un moment hors du temps.[\/vc_column_text][\/vc_column_inner][\/vc_row_inner][\/vc_column][\/vc_row][vc_row enable_gradient=\u00bbyes\u00bb css=\u00bb.vc_custom_1730111311851{padding-top: 150px !important;padding-bottom: 150px !important;background-color: #000000 !important;background-position: center !important;background-repeat: no-repeat !important;background-size: cover !important;}\u00bb el_class=\u00bbvisite-virtuelle\u00bb gradient_bg=\u00bblinear-gradient(0deg, rgba(0, 0, 0, 0.5) 0%, rgba(0,0,0,0.4) 100%)\u00bb][vc_column][vc_custom_heading text=\u00bbProfitez d&rsquo;un afterwork face \u00e0 la tour Eiffel\u00bb font_container=\u00bbtag:h2|text_align:center\u00bb css=\u00bb\u00bb][vc_column_text css=\u00bb\u00bb]<\/p>\n<div id=\"1730108382.121419\" class=\"c-virtual_list__item\" tabindex=\"0\" role=\"listitem\" aria-setsize=\"-1\" data-qa=\"virtual-list-item\" data-item-key=\"1730108382.121419\">\n<div class=\"c-message_kit__background p-message_pane_message__message c-message_kit__message\" role=\"presentation\" data-qa=\"message_container\" data-qa-unprocessed=\"false\" data-qa-placeholder=\"false\">\n<div class=\"c-message_kit__hover\" role=\"document\" aria-roledescription=\"message\" data-qa-hover=\"true\">\n<div class=\"c-message_kit__actions c-message_kit__actions--default\">\n<div class=\"c-message_kit__gutter\">\n<div class=\"c-message_kit__gutter__right\" role=\"presentation\" data-qa=\"message_content\">\n<div class=\"c-message_kit__blocks c-message_kit__blocks--rich_text\">\n<div class=\"c-message__message_blocks c-message__message_blocks--rich_text\" data-qa=\"message-text\">\n<div class=\"p-block_kit_renderer\" data-qa=\"block-kit-renderer\">\n<div class=\"p-block_kit_renderer__block_wrapper p-block_kit_renderer__block_wrapper--first\">\n<div class=\"p-rich_text_block\" dir=\"auto\">\n<div class=\"p-rich_text_section\">Descubre la incomparable experiencia <strong>del Caf\u00e9 de l&rsquo;<\/strong> Homme con nuestra visita virtual inmersiva. Explora cada zona de nuestro <strong>restaurante con terraza<\/strong> que ofrece una vista espectacular de la <strong>Torre Eiffel<\/strong>. Sum\u00e9rgete en el mundo c\u00e1lido y refinado del Caf\u00e9 de l&rsquo;Homme y prep\u00e1rate para una experiencia inolvidable, \u00a1en pleno coraz\u00f3n de <strong>Par\u00eds<\/strong>!  <\/div>\n<\/div>\n<\/div>\n<\/div>\n<\/div>\n<\/div>\n<\/div>\n<\/div>\n<\/div>\n<\/div>\n<\/div>\n<\/div>\n<p>[\/vc_column_text]<a href=\"#\" class=\"btn btn-default btn-bordered border-thin btn btn-outline btn-outline-white open-vv ld_button_69f29459d951f\">\n\t<span>\n\t\t\n\t\t\t\t\t<span class=\"btn-txt\">d\u00e9marrer la visite virtuelle<\/span>\n\t\t\t\n\t\t\t\t<\/span>\n<\/a>\n[\/vc_column][\/vc_row][vc_row responsive_css=\u00bbpadding_top_large:160px|padding_bottom_large:80px\u00bb css=\u00bb.vc_custom_1730107763818{padding-bottom: 40px !important;background-color: #ffffff !important;}\u00bb el_id=\u00bbimg-y-texto-alt\u00bb][vc_column][vc_row_inner equal_height=\u00bbyes\u00bb content_placement=\u00bbmiddle\u00bb][vc_column_inner width=\u00bb1\/2&Prime; el_class=\u00bbtext_left\u00bb][vc_custom_heading text=\u00bbSoir\u00e9es afterwork avec DJ et cocktails signature\u00bb css=\u00bb\u00bb][vc_column_text css=\u00bb\u00bb]Venez profiter d\u2019un <b>afterwork \u00e0 Paris<\/b>, o\u00f9 \u00e9l\u00e9gance et effervescence se rencontrent dans un cadre d\u2019exception. Nos <b>mixologues<\/b> vous proposent des cr\u00e9ations uniques, \u00e9labor\u00e9es avec des ingr\u00e9dients d\u2019exception et des associations subtiles pour \u00e9veiller vos sens. Chaque cocktail est con\u00e7u comme une \u0153uvre d\u2019art, alliant \u00e9quilibre des saveurs et pr\u00e9cision des ar\u00f4mes.<\/p>\n<p>Que vous soyez amateur de <b>classiques revisit\u00e9s<\/b> ou \u00e0 la recherche de <b>cr\u00e9ations originales<\/b>, notre carte regorge de surprises. Des <b>infusions maison<\/b>, des <b>sirops artisanaux<\/b> et des <b>alcools d\u2019exception<\/b> viennent sublimer chaque verre, faisant du <b>Caf\u00e9 de l\u2019Homme<\/b> une adresse incontournable pour un <b>afterwork \u00e0 Paris 16<\/b>.<\/p>\n<p>Plongez dans une <b>ambiance musicale captivante<\/b>, orchestr\u00e9e par nos <b>DJs r\u00e9sidents<\/b>, et laissez-vous porter par une atmosph\u00e8re vibrante tout en admirant la <b>tour Eiffel illumin\u00e9e<\/b>. Que vous recherchiez un lieu pour un <b>afterwork avec DJ \u00e0 Paris<\/b>, ou un <b>rooftop pour faire la f\u00eate<\/b>, chaque soir\u00e9e devient une exp\u00e9rience inoubliable.<\/p>\n<p>Dans ce lieu raffin\u00e9, profitez d\u2019une <b>programmation musicale exclusive<\/b> qui accompagne chaque moment, qu\u2019il s\u2019agisse d\u2019un <b>afterwork <\/b>ou<b> <\/b>d\u2019une <b>soir\u00e9e entre amis \u00e0 Paris<\/b>. Installez-vous confortablement, savourez des <b>cocktails d\u2019exception<\/b>, et laissez-vous emporter par une atmosph\u00e8re o\u00f9 <b>l\u2019art de vivre parisien<\/b> prend tout son sens.[\/vc_column_text]<a href=\"https:\/\/www.sevenrooms.com\/explore\/cafedelhomme\/reservations\/create\/search?tracking=seo-blog\" target=\"_blank\" class=\"btn btn-naked btn_underline ld_button_69f29459d96ed\">\n\t<span>\n\t\t\n\t\t\t\t\t<span class=\"btn-txt\">r\u00e9server.<\/span>\n\t\t\t\n\t\t\t\t<\/span>\n<\/a>\n[\/vc_column_inner][vc_column_inner width=\u00bb1\/2&Prime; el_class=\u00bbpicture_bottom\u00bb][vc_single_image image=\u00bb7593&Prime; img_size=\u00bbfull\u00bb alignment=\u00bbcenter\u00bb css=\u00bb\u00bb][\/vc_column_inner][\/vc_row_inner][\/vc_column][\/vc_row][vc_row enable_overlay=\u00bbyes\u00bb el_class=\u00bbexperience-cdh\u00bb css=\u00bb.vc_custom_1729763312068{background-image: url(https:\/\/www.cafedelhomme.com\/wp-content\/uploads\/2024\/10\/700128bf344cb581fee6cdd353b8c90b.webp?id=6642) !important;}\u00bb overlay_bg=\u00bbrgba(0, 0, 0, 0.3)\u00bb][vc_column responsive_css=\u00bbpadding_top_large:220px|padding_bottom_large:220px\u00bb css=\u00bb.vc_custom_1729763119868{padding-top: 120px !important;padding-bottom: 230px !important;}\u00bb][vc_custom_heading text=\u00bbD\u00e9couvrez nos afterworks festifs\u00bb font_container=\u00bbtag:h2|font_size:75px|text_align:center|color:%23ffffff|line_height:78px\u00bb css=\u00bb\u00bb][vc_column_text css=\u00bb\u00bb el_class=\u00bbtext-white\u00bb]<\/p>\n<p style=\"color: white !important; text-align: center; margin-top: 24px;\">Disfruta de una experiencia verdaderamente intemporal. \u00bfEst\u00e1s preparado para la experiencia? <\/p>\n<p>[\/vc_column_text]\n<ul id=\"menu_experiences-inline\" class=\"lqd-custom-menu reset-ul   menu_experiences-inline\"><li id=\"menu-item-16310\" class=\"menu-item menu-item-type-custom menu-item-object-custom menu-item-16310\"><a href=\"#eiffel\">Cena Eiffel<\/a><\/li>\n<li id=\"menu-item-10349\" class=\"menu-item menu-item-type-custom menu-item-object-custom menu-item-10349\"><a href=\"#eiffel-lunch\">Almuerzo Eiffel<\/a><\/li>\n<li id=\"menu-item-16311\" class=\"menu-item menu-item-type-custom menu-item-object-custom menu-item-16311\"><a href=\"#diamond\">Cena Diamond<\/a><\/li>\n<li id=\"menu-item-10351\" class=\"menu-item menu-item-type-custom menu-item-object-custom menu-item-10351\"><a href=\"#diamond-lunch\">Almuerzo Diamond<\/a><\/li>\n<li id=\"menu-item-16312\" class=\"menu-item menu-item-type-custom menu-item-object-custom menu-item-16312\"><a href=\"#premium\">Premium<\/a><\/li>\n<\/ul>[\/vc_column][\/vc_row][vc_row responsive_css=\u00bbpadding_top_large:50px|padding_bottom_large:50px\u00bb el_id=\u00bbpan rallado-intro\u00bb el_class=\u00bbintro\u00bb css=\u00bb.vc_custom_1729760041826{padding-top: 50px !important;padding-bottom: 50px !important;}\u00bb][vc_column align=\u00bbtext-center\u00bb el_id=\u00bbintro-section\u00bb][\/vc_column][vc_column el_class=\u00bbsection-shadow\u00bb][\/vc_column][\/vc_row][vc_row el_id=\u00bbimg-y-texto\u00bb responsive_css=\u00bbpadding_bottom_large:80px\u00bb css=\u00bb.vc_custom_1686126290516{padding-bottom: 40px !important;background-color: #ffffff !important;}\u00bb el_class=\u00bbimg-and-text\u00bb][vc_column][vc_row_inner equal_height=\u00bbyes\u00bb content_placement=\u00bbmiddle\u00bb el_class=\u00bbeiffel section-to-animate\u00bb el_id=\u00bbeiffel-lunch\u00bb css=\u00bb.vc_custom_1723793850822{background-color: #ffffff !important;}\u00bb][vc_column_inner width=\u00bb1\/2&Prime; align=\u00bbtext-center\u00bb el_class=\u00bbtext_left section-text-content\u00bb][vc_custom_heading text=\u00bb01&Prime; font_container=\u00bbtag:div|text_align:center\u00bb el_class=\u00bbnumber-title\u00bb][vc_custom_heading text=\u00bbAlmuerzo Eiffel\u00bb font_container=\u00bbtag:h2|text_align:center\u00bb css=\u00bb\u00bb][vc_custom_heading text=\u00bbLA QUINTAESENCIA DEL CAF\u00c9 DEL HOMBRE\u00bb font_container=\u00bbtag:p|text_align:center\u00bb css=\u00bb.vc_custom_1695990250058{padding-bottom: 0px !important;}\u00bb el_class=\u00bbsubtitle\u00bb][vc_column_text css=\u00bb\u00bb el_class=\u00bbdescription\u00bb]Cena garantizada en primera fila para una experiencia inolvidable[\/vc_column_text][vc_column_text css=\u00bb\u00bb el_class=\u00bbinfo_cle\u00bb]Desde 120 euros por persona[\/vc_column_text]<a href=\"#\" class=\"btn btn-naked btn_underline open-vv eiffel-vv ld_button_69f29459dad7a\">\n\t<span>\n\t\t\n\t\t\t\t\t<span class=\"btn-txt\">d\u00e9marrer la visite virtuelle.<\/span>\n\t\t\t\n\t\t\t\t<\/span>\n<\/a>\n<a href=\"https:\/\/www.sevenrooms.com\/experiences\/cafedelhomme\/menu-d-jeun--10014680200?tracking=seo-blog\" target=\"_blank\" class=\"btn btn-naked btn_underline small-mt ld_button_69f29459daebb\">\n\t<span>\n\t\t\n\t\t\t\t\t<span class=\"btn-txt\">en savoir plus sur l\u2019exp\u00e9rience Eiffel d\u00e9jeuner.<\/span>\n\t\t\t\n\t\t\t\t<\/span>\n<\/a>\n[\/vc_column_inner][vc_column_inner width=\u00bb1\/2&Prime; el_class=\u00bbpicture_bottom\u00bb][vc_single_image image=\u00bb9840&Prime; img_size=\u00bbfull\u00bb css=\u00bb\u00bb][\/vc_column_inner][vc_column_inner el_class=\u00bbsection-shadow\u00bb][\/vc_column_inner][\/vc_row_inner][vc_row_inner equal_height=\u00bbyes\u00bb content_placement=\u00bbmiddle\u00bb el_class=\u00bbeiffel section-to-animate\u00bb el_id=\u00bbeiffel\u00bb css=\u00bb.vc_custom_1723466591649{background-color: #ffffff !important;}\u00bb][vc_column_inner width=\u00bb1\/2&Prime; el_class=\u00bbpicture_top\u00bb][vc_single_image image=\u00bb9842&Prime; img_size=\u00bbfull\u00bb css=\u00bb\u00bb][\/vc_column_inner][vc_column_inner width=\u00bb1\/2&Prime; align=\u00bbtext-center\u00bb el_class=\u00bbtext_right section-text-content\u00bb][vc_custom_heading text=\u00bb02&Prime; font_container=\u00bbtag:div|text_align:center\u00bb css=\u00bb\u00bb el_class=\u00bbnumber-title\u00bb][vc_custom_heading text=\u00bbCena Eiffel\u00bb font_container=\u00bbtag:h2|text_align:center\u00bb css=\u00bb\u00bb][vc_custom_heading text=\u00bbLA QUINTAESENCIA DEL CAF\u00c9 DEL HOMBRE\u00bb font_container=\u00bbtag:p|text_align:center\u00bb css=\u00bb\u00bb el_class=\u00bbsubtitle\u00bb][vc_column_text css=\u00bb\u00bb el_class=\u00bbdescription\u00bb]Disfruta de una velada atemporal con una vista \u00fanica desde primera fila.<\/p>\n<p>M\u00e1s informaci\u00f3n sobre la<a href=\"https:\/\/www.cafedelhomme.com\/es\/cena-experiencia-eiffel-una-velada-magica-en-un-restaurante-con-vistas-a-la-torre-eiffel\">experiencia de la cena Eiffel.<\/a>[\/vc_column_text][vc_column_text css=\u00bb\u00bb el_class=\u00bbinfo_cle\u00bb]A partir de 270 euros por persona[\/vc_column_text]<a href=\"#\" class=\"btn btn-naked btn_underline open-vv terrasse-vv ld_button_69f29459dafed\">\n\t<span>\n\t\t\n\t\t\t\t\t<span class=\"btn-txt\">d\u00e9marrer la visite virtuelle.<\/span>\n\t\t\t\n\t\t\t\t<\/span>\n<\/a>\n<a href=\"https:\/\/www.sevenrooms.com\/experiences\/cafedelhomme\/exp-rience-eiffel-5912988263?tracking=seo-blog\" target=\"_blank\" class=\"btn btn-naked btn_underline small-mt ld_button_69f29459db108\">\n\t<span>\n\t\t\n\t\t\t\t\t<span class=\"btn-txt\">en savoir plus sur l\u2019exp\u00e9rience Eiffel d\u00eener.<\/span>\n\t\t\t\n\t\t\t\t<\/span>\n<\/a>\n[\/vc_column_inner][vc_column_inner el_class=\u00bbsection-shadow\u00bb][\/vc_column_inner][\/vc_row_inner][vc_row_inner equal_height=\u00bbyes\u00bb content_placement=\u00bbmiddle\u00bb el_class=\u00bbdiamond section-to-animate\u00bb el_id=\u00bbdiamond-lunch\u00bb css=\u00bb.vc_custom_1723793872657{background-color: #ffffff !important;}\u00bb][vc_column_inner width=\u00bb1\/2&Prime; align=\u00bbtext-center\u00bb el_class=\u00bbtext_left section-text-content\u00bb][vc_custom_heading text=\u00bb03&Prime; font_container=\u00bbtag:div|text_align:center\u00bb css=\u00bb\u00bb el_class=\u00bbnumber-title\u00bb][vc_custom_heading text=\u00bbDesayuno Diamante\u00bb font_container=\u00bbtag:h2|text_align:center\u00bb css=\u00bb\u00bb][vc_custom_heading text=\u00bbPARA UN MOMENTO EXCEPCIONAL\u00bb font_container=\u00bbtag:p|text_align:center\u00bb css=\u00bb.vc_custom_1723464390033{padding-bottom: 0px !important;}\u00bb el_class=\u00bbsubtitle\u00bb][vc_column_text css=\u00bb\u00bb el_class=\u00bbdescription\u00bb]Mesa en segunda fila garantizada para una experiencia inolvidable[\/vc_column_text][vc_column_text css=\u00bb\u00bb el_class=\u00bbinfo_cle\u00bb]Desde 75 euros por persona[\/vc_column_text]<a href=\"#\" class=\"btn btn-naked btn_underline open-vv eiffel-vv ld_button_69f29459db21d\">\n\t<span>\n\t\t\n\t\t\t\t\t<span class=\"btn-txt\">d\u00e9marrer la visite virtuelle.<\/span>\n\t\t\t\n\t\t\t\t<\/span>\n<\/a>\n<a href=\"https:\/\/www.sevenrooms.com\/experiences\/cafedelhomme\/menu-d-jeun--10014680200?tracking=seo-blog\" target=\"_blank\" class=\"btn btn-naked btn_underline small-mt ld_button_69f29459db32a\">\n\t<span>\n\t\t\n\t\t\t\t\t<span class=\"btn-txt\">en savoir plus sur l\u2019exp\u00e9rience Diamond d\u00e9jeuner.<\/span>\n\t\t\t\n\t\t\t\t<\/span>\n<\/a>\n[\/vc_column_inner][vc_column_inner width=\u00bb1\/2&Prime; el_class=\u00bbpicture_bottom\u00bb][vc_single_image image=\u00bb9836&Prime; img_size=\u00bbfull\u00bb css=\u00bb\u00bb][\/vc_column_inner][vc_column_inner el_class=\u00bbsection-shadow\u00bb][\/vc_column_inner][\/vc_row_inner][vc_row_inner equal_height=\u00bbyes\u00bb content_placement=\u00bbmiddle\u00bb el_class=\u00bbdiamond section-to-animate\u00bb el_id=\u00bbdiamond\u00bb css=\u00bb.vc_custom_1723466611700{background-color: #ffffff !important;}\u00bb][vc_column_inner width=\u00bb1\/2&Prime; el_class=\u00bbpicture_top\u00bb][vc_single_image image=\u00bb999&Prime; img_size=\u00bbfull\u00bb][\/vc_column_inner][vc_column_inner width=\u00bb1\/2&Prime; align=\u00bbtext-center\u00bb el_class=\u00bbtext_right section-text-content\u00bb][vc_custom_heading text=\u00bb04&Prime; font_container=\u00bbtag:div|text_align:center\u00bb css=\u00bb\u00bb el_class=\u00bbnumber-title\u00bb][vc_custom_heading text=\u00bbCena con diamantes\u00bb font_container=\u00bbtag:h2|text_align:center\u00bb css=\u00bb\u00bb][vc_custom_heading text=\u00bbPARA UN MOMENTO EXCEPCIONAL\u00bb font_container=\u00bbtag:p|text_align:center\u00bb el_class=\u00bbsubtitle\u00bb][vc_column_text el_class=\u00bbdescription\u00bb]El arte de vivir a la francesa, sublimado por nuestro Chef Wilfried Graux, mientras disfrutas de toda la magia de la Ciudad de la Luz desde la segunda fila de nuestra terraza.[\/vc_column_text][vc_column_text css=\u00bb\u00bb el_class=\u00bbinfo_cle\u00bb]A partir de 190 euros por persona[\/vc_column_text]<a href=\"#\" class=\"btn btn-naked btn_underline open-vv terrasse-vv ld_button_69f29459db445\">\n\t<span>\n\t\t\n\t\t\t\t\t<span class=\"btn-txt\">d\u00e9marrer la visite virtuelle.<\/span>\n\t\t\t\n\t\t\t\t<\/span>\n<\/a>\n<a href=\"https:\/\/www.sevenrooms.com\/experiences\/cafedelhomme\/exp-rience-diamond-5914578491?tracking=seo-blog\" target=\"_blank\" class=\"btn btn-naked btn_underline small-mt ld_button_69f29459db550\">\n\t<span>\n\t\t\n\t\t\t\t\t<span class=\"btn-txt\">en savoir plus sur l\u2019exp\u00e9rience Diamond d\u00eener.<\/span>\n\t\t\t\n\t\t\t\t<\/span>\n<\/a>\n[\/vc_column_inner][vc_column_inner el_class=\u00bbsection-shadow\u00bb][\/vc_column_inner][\/vc_row_inner][vc_row_inner equal_height=\u00bbyes\u00bb content_placement=\u00bbmiddle\u00bb el_class=\u00bba-la-carte section-to-animate\u00bb el_id=\u00bbcarte\u00bb css=\u00bb.vc_custom_1718626608064{background-color: #ffffff !important;}\u00bb][vc_column_inner width=\u00bb1\/2&Prime; align=\u00bbtext-center\u00bb el_class=\u00bbtext_left section-text-content\u00bb][vc_custom_heading text=\u00bb05&Prime; font_container=\u00bbtag:div|text_align:center\u00bb css=\u00bb\u00bb el_class=\u00bbnumber-title\u00bb][vc_custom_heading text=\u00bbA la carta\u00bb font_container=\u00bbtag:h2|text_align:center\u00bb][vc_custom_heading text=\u00bbCAF\u00c9 DEL HOMBRE EN TOTAL LIBERTAD\u00bb font_container=\u00bbtag:p|text_align:center\u00bb el_class=\u00bbsubtitle\u00bb][vc_column_text el_class=\u00bbdescription\u00bb]Original y tradicional a la vez, la oferta culinaria del Caf\u00e9 de l&rsquo;Homme celebra los productos locales franceses y explora con pasi\u00f3n y creatividad las nuevas tendencias gastron\u00f3micas de los cinco continentes.[\/vc_column_text][vc_column_text el_class=\u00bbinfo_cle\u00bb]Suplemento de 60 euros por persona que incluye un asiento en la terraza con una copa de Champ\u00e1n Charles Heidsieck brut, vista de la Torre Eiffel garantizada.[\/vc_column_text]<a href=\"#\" class=\"btn btn-naked btn_underline open-vv ld_button_69f29459db65c\">\n\t<span>\n\t\t\n\t\t\t\t\t<span class=\"btn-txt\">d\u00e9marrer la visite virtuelle.<\/span>\n\t\t\t\n\t\t\t\t<\/span>\n<\/a>\n[vc_column_text el_class=\u00bbinfo_cle\u00bb][\/vc_column_text]<a href=\"https:\/\/www.sevenrooms.com\/experiences\/cafedelhomme\/exp-rience-la-carte-5441280260538368?tracking=seo-blog\" target=\"_blank\" class=\"btn btn-naked btn_underline small-mt ld_button_69f29459db760\">\n\t<span>\n\t\t\n\t\t\t\t\t<span class=\"btn-txt\">en savoir plus sur l\u2019exp\u00e9rience \u00c0 la carte.<\/span>\n\t\t\t\n\t\t\t\t<\/span>\n<\/a>\n[\/vc_column_inner][vc_column_inner width=\u00bb1\/2&Prime; el_class=\u00bbpicture_bottom\u00bb][vc_single_image image=\u00bb998&Prime; img_size=\u00bbfull\u00bb][\/vc_column_inner][vc_column_inner el_class=\u00bbsection-shadow\u00bb][\/vc_column_inner][\/vc_row_inner][vc_row_inner equal_height=\u00bbyes\u00bb content_placement=\u00bbmiddle\u00bb el_class=\u00bbpremium section-to-animate\u00bb el_id=\u00bbpremium\u00bb css=\u00bb.vc_custom_1718626617124{background-color: #ffffff !important;}\u00bb][vc_column_inner width=\u00bb1\/2&Prime; el_class=\u00bbpicture_top\u00bb][vc_single_image image=\u00bb205&Prime; img_size=\u00bbfull\u00bb][\/vc_column_inner][vc_column_inner width=\u00bb1\/2&Prime; align=\u00bbtext-center\u00bb el_class=\u00bbtext_right section-text-content\u00bb][vc_custom_heading text=\u00bb06&Prime; font_container=\u00bbtag:div|text_align:center\u00bb css=\u00bb\u00bb el_class=\u00bbnumber-title\u00bb][vc_custom_heading text=\u00bbPremium\u00bb font_container=\u00bbtag:h2|text_align:center\u00bb css=\u00bb.vc_custom_1695990536976{margin-bottom: 54px !important;}\u00bb][vc_column_text el_class=\u00bbdescription\u00bb]En un suntuoso marco con vistas a la legendaria Dama de Hierro, ven a saborear un men\u00fa compuesto por nuestro Chef seg\u00fan las estaciones.[\/vc_column_text][vc_column_text el_class=\u00bbinfo_cle\u00bb]Desde 130 \u20ac por persona experiencia premium en interior<br \/>\nDesde 180 \u20ac por persona experiencia premium en exterior[\/vc_column_text]<a href=\"#\" class=\"btn btn-naked btn_underline open-vv eiffel-vv ld_button_69f29459db871\">\n\t<span>\n\t\t\n\t\t\t\t\t<span class=\"btn-txt\">d\u00e9marrer la visite virtuelle.<\/span>\n\t\t\t\n\t\t\t\t<\/span>\n<\/a>\n<a href=\"https:\/\/www.sevenrooms.com\/experiences\/cafedelhomme\/exp-rience-premium-5162328486?tracking=seo-blog\" target=\"_blank\" class=\"btn btn-naked btn_underline small-mt ld_button_69f29459db977\">\n\t<span>\n\t\t\n\t\t\t\t\t<span class=\"btn-txt\">en savoir plus sur l\u2019exp\u00e9rience Premium.<\/span>\n\t\t\t\n\t\t\t\t<\/span>\n<\/a>\n[\/vc_column_inner][vc_column_inner el_class=\u00bbsection-shadow\u00bb][\/vc_column_inner][\/vc_row_inner][vc_row_inner equal_height=\u00bbyes\u00bb content_placement=\u00bbmiddle\u00bb el_class=\u00bba-la-carte section-to-animate\u00bb el_id=\u00bbbefore-dinner\u00bb css=\u00bb.vc_custom_1732703347382{background-color: #ffffff !important;}\u00bb][vc_column_inner width=\u00bb1\/2&Prime; align=\u00bbtext-center\u00bb el_class=\u00bbtext_left section-text-content\u00bb][vc_custom_heading text=\u00bb07&Prime; font_container=\u00bbtag:div|text_align:center\u00bb css=\u00bb\u00bb el_class=\u00bbnumber-title\u00bb][vc_custom_heading text=\u00bbAntes de cenar\u00bb font_container=\u00bbtag:h2|text_align:center\u00bb css=\u00bb\u00bb][vc_column_text css=\u00bb\u00bb el_class=\u00bbdescription\u00bb]Sum\u00e9rgete en una experiencia memorable en el entorno c\u00e1lido y elegante del Caf\u00e9 de l&rsquo;Homme. D\u00e9jate seducir por nuestro men\u00fa, especialmente dise\u00f1ado para realzar tus momentos, en el marco excepcional de una tarde ba\u00f1ada por el sol.[\/vc_column_text]<a href=\"#\" class=\"btn btn-naked btn_underline open-vv ld_button_69f29459dba7d\">\n\t<span>\n\t\t\n\t\t\t\t\t<span class=\"btn-txt\">d\u00e9marrer la visite virtuelle.<\/span>\n\t\t\t\n\t\t\t\t<\/span>\n<\/a>\n<a href=\"https:\/\/www.sevenrooms.com\/experiences\/cafedelhomme\/after-dinner-11246148465?tracking=seo-blog\" target=\"_blank\" class=\"btn btn-naked btn_underline small-mt ld_button_69f29459dbb83\">\n\t<span>\n\t\t\n\t\t\t\t\t<span class=\"btn-txt\">en savoir plus sur l\u2019exp\u00e9rience Before Dinner.<\/span>\n\t\t\t\n\t\t\t\t<\/span>\n<\/a>\n[\/vc_column_inner][vc_column_inner width=\u00bb1\/2&Prime; el_class=\u00bbpicture_bottom\u00bb][vc_single_image image=\u00bb9845&Prime; img_size=\u00bbfull\u00bb css=\u00bb\u00bb][\/vc_column_inner][vc_column_inner el_class=\u00bbsection-shadow\u00bb][\/vc_column_inner][\/vc_row_inner][vc_row_inner equal_height=\u00bbyes\u00bb content_placement=\u00bbmiddle\u00bb el_class=\u00bbpremium section-to-animate\u00bb el_id=\u00bbafter-dinner\u00bb css=\u00bb.vc_custom_1732703199501{background-color: #ffffff !important;}\u00bb][vc_column_inner width=\u00bb1\/2&Prime; el_class=\u00bbpicture_top\u00bb][vc_single_image image=\u00bb10757&Prime; img_size=\u00bbfull\u00bb css=\u00bb\u00bb][\/vc_column_inner][vc_column_inner width=\u00bb1\/2&Prime; align=\u00bbtext-center\u00bb el_class=\u00bbtext_right section-text-content\u00bb][vc_custom_heading text=\u00bb08&Prime; font_container=\u00bbtag:div|text_align:center\u00bb css=\u00bb\u00bb el_class=\u00bbnumber-title\u00bb][vc_custom_heading text=\u00bbDespu\u00e9s de cenar\u00bb font_container=\u00bbtag:h2|text_align:center\u00bb css=\u00bb.vc_custom_1732703249278{margin-bottom: 54px !important;}\u00bb][vc_column_text css=\u00bb\u00bb el_class=\u00bbdescription\u00bb]Reg\u00e1late una experiencia inolvidable en el c\u00e1lido y elegante entorno del Caf\u00e9 de l&rsquo;Homme, donde la m\u00fasica y el arte se dan cita en veladas m\u00e1gicas. Todos los mi\u00e9rcoles, jueves, viernes y s\u00e1bados, d\u00e9jate transportar por la vibrante energ\u00eda de los DJ sets en directo y las cautivadoras actuaciones de nuestros artistas invitados.[\/vc_column_text]<a href=\"#\" class=\"btn btn-naked btn_underline open-vv ld_button_69f29459dbc8e\">\n\t<span>\n\t\t\n\t\t\t\t\t<span class=\"btn-txt\">d\u00e9marrer la visite virtuelle.<\/span>\n\t\t\t\n\t\t\t\t<\/span>\n<\/a>\n<a href=\"https:\/\/www.sevenrooms.com\/experiences\/cafedelhomme\/after-dinner-11246148465?tracking=seo-blog\" target=\"_blank\" class=\"btn btn-naked btn_underline small-mt ld_button_69f29459dbd98\">\n\t<span>\n\t\t\n\t\t\t\t\t<span class=\"btn-txt\">en savoir plus sur l\u2019exp\u00e9rience After Dinner.<\/span>\n\t\t\t\n\t\t\t\t<\/span>\n<\/a>\n[\/vc_column_inner][vc_column_inner el_class=\u00bbsection-shadow\u00bb][\/vc_column_inner][\/vc_row_inner][\/vc_column][\/vc_row][vc_row el_id=\u00bbequipo\u00bb css=\u00bb.vc_custom_1686224179321{padding-top: 80px !important;padding-bottom: 80px !important;background-color: #faf9f6 !important;}\u00bb responsive_css=\u00bbpadding_top_large:145px|padding_bottom_large:168px\u00bb el_class=\u00bbprestations\u00bb][vc_column width=\u00bb5\/12&Prime;][vc_custom_heading text=\u00bbUn afterwork d\u2019exception avec une vue imprenable\u00bb css=\u00bb.vc_custom_1745913911713{margin-bottom: 40px !important;}\u00bb][vc_column_text css=\u00bb.vc_custom_1745913925134{margin-bottom: 40px !important;}\u00bb]Vivez une soir\u00e9e inoubliable au <b>Caf\u00e9 de l\u2019Homme<\/b>, o\u00f9 <b>gastronomie, mixologie et musique live<\/b> s\u2019harmonisent pour un moment d\u2019exception. Id\u00e9alement situ\u00e9 au <b>Trocad\u00e9ro<\/b>, notre <b>rooftop \u00e0 Paris<\/b> vous offre une vue panoramique sur la <b>tour Eiffel<\/b>, cr\u00e9ant une atmosph\u00e8re magique d\u00e8s la tomb\u00e9e du jour.<\/p>\n<p>Rendez-vous pour une <b>soir\u00e9e afterwork <\/b>anim\u00e9e par des DJs pour vivre une exp\u00e9rience immersive dans la capitale. Notre <b>carte de cocktails<\/b> \u00e9labor\u00e9e par des <b>mixologues experts<\/b>, alli\u00e9e \u00e0 une <b>cuisine raffin\u00e9e<\/b>, promet des instants de pure convivialit\u00e9.<\/p>\n<p>Nos <b>DJs r\u00e9sidents<\/b> s\u00e9lectionnent des playlists vari\u00e9es, m\u00ealant <b>rythmes lounge et sons entra\u00eenants<\/b>, pour accompagner votre soir\u00e9e et sublimer votre <b>afterwork d&rsquo;entreprise \u00e0 Paris<\/b>. Laissez-vous s\u00e9duire par un cadre o\u00f9 le raffinement et la d\u00e9tente se conjuguent \u00e0 la perfection.[\/vc_column_text]<a href=\"https:\/\/www.sevenrooms.com\/explore\/cafedelhomme\/reservations\/create\/search?tracking=seo-blog\" target=\"_blank\" class=\"btn btn-naked btn_underline ld_button_69f29459dbea8\">\n\t<span>\n\t\t\n\t\t\t\t\t<span class=\"btn-txt\">r\u00e9server une table.<\/span>\n\t\t\t\n\t\t\t\t<\/span>\n<\/a>\n[\/vc_column][vc_column width=\u00bb7\/12&Prime;][vc_row_inner equal_height=\u00bbyes\u00bb content_placement=\u00bbmiddle\u00bb responsive_css=\u00bbmargin_bottom_large:30px\u00bb css=\u00bb.vc_custom_1686224165726{margin-bottom: 40px !important;}\u00bb el_class=\u00bboptions\u00bb][vc_column_inner width=\u00bb1\/2&Prime; enable_overlay=\u00bbyes\u00bb align=\u00bbtext-center\u00bb css=\u00bb.vc_custom_1686240038037{background-image: url(https:\/\/www.cafedelhomme.com\/wp-content\/uploads\/2023\/04\/img-right-scaled.jpg?id=371) !important;background-position: center !important;background-repeat: no-repeat !important;background-size: cover !important;}\u00bb overlay_bg=\u00bbrgba(0, 0, 0, 0.35)\u00bb el_class=\u00bboption-modal\u00bb]<a href=\"#\" class=\"btn btn-default btn-bordered border-thin btn btn-outline btn-outline-white open_modal-simple ld_button_69f29459dbfb7\">\n\t<span>\n\t\t\n\t\t\t\t\t<span class=\"btn-txt\">Des cocktails raffin\u00e9s<\/span>\n\t\t\t\n\t\t\t\t<\/span>\n<\/a>\n[vc_column_text css=\u00bb\u00bb el_class=\u00bbmodal-content-simple\u00bb]Chaque cocktail du <b>Caf\u00e9 de l\u2019Homme<\/b> est une v\u00e9ritable cr\u00e9ation, m\u00ealant <b>ingr\u00e9dients d\u2019exception<\/b> et <b>savoir-faire mixologique<\/b>. Pens\u00e9s pour sublimer votre <b>afterwork \u00e0 Paris <\/b>avec vue sur la<b> tour Eiffel<\/b>, nos cocktails revisitent les classiques avec une touche moderne et audacieuse.<\/p>\n<p>Nos <b>mixologues talentueux<\/b> s\u00e9lectionnent avec soin des <b>spiritueux premium<\/b>, des <b>fruits frais<\/b> et des <b>infusions<\/b> pour composer des cocktails \u00e9quilibr\u00e9s et surprenants. Chaque verre est con\u00e7u pour \u00e9veiller les sens, jouant sur les textures, les ar\u00f4mes et les contrastes subtils.<\/p>\n<p>Dans notre <b>restaurant avec bar \u00e0 Paris 16<\/b>, nous privil\u00e9gions les <b>produits de qualit\u00e9<\/b> et les associations innovantes afin de proposer une <b>exp\u00e9rience gustative unique<\/b>. Notre carte \u00e9volue au fil des saisons, offrant des saveurs toujours renouvel\u00e9es, parfaites pour accompagner votre <b>soir\u00e9e \u00e0 Paris<\/b>.<\/p>\n<p>Laissez-vous s\u00e9duire par nos <a href=\"https:\/\/www.cafedelhomme.com\/la-carte\"><b>cocktails signatures<\/b><\/a>, qui font du <b>Caf\u00e9 de l\u2019Homme<\/b> le <b>meilleur lieu <\/b>pour un <b>afterwork \u00e0 Paris<\/b>. Installez-vous confortablement, admirez la <b>vue sur la tour Eiffel<\/b>, et savourez un moment d\u2019exception dans un cadre \u00e9l\u00e9gant.[\/vc_column_text][\/vc_column_inner][vc_column_inner width=\u00bb1\/2&Prime; enable_overlay=\u00bbyes\u00bb align=\u00bbtext-center\u00bb css=\u00bb.vc_custom_1686240015414{background-image: url(https:\/\/www.cafedelhomme.com\/wp-content\/uploads\/2023\/04\/bg-fullscreen-scaled.jpg?id=452) !important;background-position: center !important;background-repeat: no-repeat !important;background-size: cover !important;}\u00bb overlay_bg=\u00bbrgba(0, 0, 0, 0.35)\u00bb el_class=\u00bboption-modal\u00bb]<a href=\"#\" class=\"btn btn-default btn-bordered border-thin btn btn-outline btn-outline-white open_modal-simple ld_button_69f29459dc0bc\">\n\t<span>\n\t\t\n\t\t\t\t\t<span class=\"btn-txt\">Une ambiance musicale envo\u00fbtante<\/span>\n\t\t\t\n\t\t\t\t<\/span>\n<\/a>\n[vc_column_text css=\u00bb\u00bb el_class=\u00bbmodal-content-simple\u00bb]Au <b>Caf\u00e9 de l\u2019Homme<\/b>, la musique est au c\u0153ur de l\u2019exp\u00e9rience. Nos <b>DJs <\/b>et artistes invit\u00e9s animent chaque <b>afterwork \u00e0 Paris<\/b> avec des sets soigneusement \u00e9labor\u00e9s. Du <b>lounge sophistiqu\u00e9<\/b> aux <b>rythmes \u00e9lectro-chic<\/b>, chaque soir\u00e9e est pens\u00e9e pour cr\u00e9er une atmosph\u00e8re vibrante et \u00e9l\u00e9gante.<\/p>\n<p>Notre programmation musicale \u00e9volue au gr\u00e9 de l\u2019\u00e9nergie de la soir\u00e9e. Nos <b>talents reconnus<\/b> proposent une s\u00e9lection allant des sonorit\u00e9s jazzy aux beats entra\u00eenants.<\/p>\n<p>Au <b>restaurant<\/b>, la musique fusionne avec l\u2019art de la mixologie et la gastronomie pour une <b>exp\u00e9rience immersive<\/b> o\u00f9 chaque note s\u2019accorde aux saveurs et aux instants partag\u00e9s. Parfait pour une <b>soir\u00e9e d\u2019afterwork Paris<\/b>, notre <b>rooftop <\/b>vous promet des instants m\u00e9morables sous les lumi\u00e8res de la <b>tour Eiffel<\/b>.[\/vc_column_text][\/vc_column_inner][\/vc_row_inner][vc_row_inner equal_height=\u00bbyes\u00bb content_placement=\u00bbmiddle\u00bb responsive_css=\u00bbmargin_bottom_large:10px\u00bb css=\u00bb.vc_custom_1686224370091{margin-bottom: 40px !important;}\u00bb el_class=\u00bboptions\u00bb][vc_column_inner width=\u00bb1\/2&Prime; enable_overlay=\u00bbyes\u00bb align=\u00bbtext-center\u00bb css=\u00bb.vc_custom_1686240081843{background-image: url(https:\/\/www.cafedelhomme.com\/wp-content\/uploads\/2023\/04\/BG-1-1.jpg?id=354) !important;background-position: center !important;background-repeat: no-repeat !important;background-size: cover !important;}\u00bb overlay_bg=\u00bbrgba(0, 0, 0, 0.35)\u00bb el_class=\u00bboption-modal\u00bb]<a href=\"#\" class=\"btn btn-default btn-bordered border-thin btn btn-outline btn-outline-white open_modal-simple ld_button_69f29459dc1bc\">\n\t<span>\n\t\t\n\t\t\t\t\t<span class=\"btn-txt\">Un cadre exceptionnel<\/span>\n\t\t\t\n\t\t\t\t<\/span>\n<\/a>\n[vc_column_text css=\u00bb\u00bb el_class=\u00bbmodal-content-simple\u00bb]Situ\u00e9 au <b>c\u0153ur du Trocad\u00e9ro<\/b>, <b>Caf\u00e9 de l\u2019Homme<\/b> offre une vue imprenable sur la <b>tour Eiffel<\/b>, cr\u00e9ant le d\u00e9cor parfait pour un <b>afterwork \u00e0 Paris<\/b>. Que ce soit sur notre <b>rooftop<\/b> ou dans notre salle int\u00e9rieure \u00e9l\u00e9gante, chaque espace a \u00e9t\u00e9 con\u00e7u pour offrir une exp\u00e9rience immersive.<\/p>\n<p>Notre <b>terrasse panoramique<\/b>, baign\u00e9e de lumi\u00e8res tamis\u00e9es, invite \u00e0 la d\u00e9tente dans une atmosph\u00e8re chic et chaleureuse. Installez-vous confortablement et savourez un <b>cocktail signature<\/b>, berc\u00e9 par une ambiance musicale envo\u00fbtante et le scintillement de la <b>tour Eiffel<\/b> en toile de fond. Le mobilier raffin\u00e9, les assises confortables et la disposition pens\u00e9e pour l\u2019intimit\u00e9 font de notre \u00e9tablissement un <b>lieu<\/b> id\u00e9al pour se retrouver entre coll\u00e8gues ou amis.<\/p>\n<p>L\u2019int\u00e9rieur du <b>Caf\u00e9 de l\u2019Homme<\/b> m\u00eale <b>modernit\u00e9 et touches classiques<\/b>, avec des mat\u00e9riaux nobles tels que le bois, le marbre et le velours, offrant un cadre \u00e0 la fois feutr\u00e9 et sophistiqu\u00e9. Les <b>grandes baies vitr\u00e9es<\/b> permettent d\u2019admirer la <b>tour Eiffel<\/b> sous un angle in\u00e9dit, sublimant chaque instant pass\u00e9 dans notre <b>restaurant \u00e0 Paris<\/b>.<\/p>\n<p>Que vous organisiez une <b>soir\u00e9e<\/b> entre amis ou une c\u00e9l\u00e9bration exclusive, notre cadre prestigieux garantit une exp\u00e9rience m\u00e9morable, o\u00f9 <b>l\u2019\u00e9l\u00e9gance parisienne<\/b> rencontre l\u2019art de la f\u00eate.[\/vc_column_text][\/vc_column_inner][vc_column_inner width=\u00bb1\/2&Prime; enable_overlay=\u00bbyes\u00bb align=\u00bbtext-center\u00bb css=\u00bb.vc_custom_1686240058941{background-image: url(https:\/\/www.cafedelhomme.com\/wp-content\/uploads\/2023\/04\/img-left-scaled.jpg?id=370) !important;background-position: center !important;background-repeat: no-repeat !important;background-size: cover !important;}\u00bb overlay_bg=\u00bbrgba(0, 0, 0, 0.35)\u00bb el_class=\u00bboption-modal\u00bb]<a href=\"#\" class=\"btn btn-default btn-bordered border-thin btn btn-outline btn-outline-white open_modal-simple ld_button_69f29459dc2bb\">\n\t<span>\n\t\t\n\t\t\t\t\t<span class=\"btn-txt\">Des espaces unique \u00e0 Paris<\/span>\n\t\t\t\n\t\t\t\t<\/span>\n<\/a>\n[vc_column_text css=\u00bb\u00bb el_class=\u00bbmodal-content-simple\u00bb]L\u2019alliance d\u2019un <b>cadre prestigieux<\/b>, de <b>cocktails signatures<\/b> et d\u2019une <b>ambiance musicale \u00e9lectrisante<\/b> fait du <b>Caf\u00e9 de l\u2019Homme<\/b> le lieu incontournable pour un <b>afterwork \u00e0 Paris avec cocktails et DJ<\/b>. D\u00e8s votre arriv\u00e9e, plongez dans une atmosph\u00e8re \u00e9l\u00e9gante o\u00f9 chaque d\u00e9tail est pens\u00e9 pour \u00e9veiller vos sens et offrir une soir\u00e9e inoubliable.<\/p>\n<p>L\u2019<b>\u00e9clairage tamis\u00e9<\/b>, savamment dispos\u00e9, met en valeur l\u2019architecture du lieu et cr\u00e9e une ambiance feutr\u00e9e qui \u00e9volue au fil de la soir\u00e9e. L\u2019harmonie entre <b>modernit\u00e9 et tradition<\/b> fa\u00e7onne un cadre o\u00f9 <b>luxe et convivialit\u00e9<\/b> se conjuguent parfaitement. Que vous profitiez de l\u2019<b>int\u00e9rieur sophistiqu\u00e9<\/b> ou de la <b>terrasse panoramique<\/b>, chaque espace est con\u00e7u pour sublimer votre <b>soir\u00e9e afterwork Paris<\/b>.<\/p>\n<p>Les <b>afterworks avec DJ<\/b> du Caf\u00e9 de l\u2019Homme sont rythm\u00e9s par une <b>programmation musicale exclusive<\/b>, orchestr\u00e9e par nos <b>DJs<\/b>. D\u00e8s le d\u00e9but de la soir\u00e9e, des sonorit\u00e9s lounge accompagnent vos premiers cocktails, avant que les rythmes ne s\u2019intensifient pour prolonger l\u2019instant festif. Que vous recherchiez un <b>bar <\/b>ou<b> <\/b>un <b>restaurant pour un afterwork \u00e0 Paris<\/b>, <b>Caf\u00e9 de l\u2019Homme<\/b> vous promet une ambiance vibrante et sophistiqu\u00e9e.<\/p>\n<p>Que vous veniez c\u00e9l\u00e9brer une <b>r\u00e9ussite professionnelle<\/b>, un <b>\u00e9v\u00e9nement d\u2019entreprise<\/b>, ou simplement partager un moment privil\u00e9gi\u00e9 entre amis, nos <b>afterworks<\/b> vous garantissent une soir\u00e9e hors du temps. Venez d\u00e9couvrir un lieu o\u00f9 <b>mixologie cr\u00e9ative<\/b>, <b>musique envo\u00fbtante<\/b> et <b>vue spectaculaire sur la tour Eiffel<\/b> se conjuguent pour vous offrir une <b>exp\u00e9rience unique au c\u0153ur de Paris<\/b>.[\/vc_column_text][\/vc_column_inner][\/vc_row_inner][\/vc_column][\/vc_row][vc_row full_width=\u00bbstretch_row\u00bb equal_height=\u00bbyes\u00bb bg_position=\u00bbcenter center\u00bb css=\u00bb.vc_custom_1683016397706{padding-top: 80px !important;padding-bottom: 80px !important;background-image: url(https:\/\/www.cafedelhomme.com\/wp-content\/uploads\/2023\/04\/BG-1-1.jpg?id=354) !important;background-position: center !important;background-repeat: no-repeat !important;background-size: cover !important;}\u00bb el_id=\u00bbimg-pantalla\u00bb responsive_css=\u00bbpadding_top_large:250px|padding_bottom_large:250px\u00bb][vc_column align=\u00bbtext-center\u00bb][vc_custom_heading text=\u00bbReserva un momento ins\u00f3lito en nuestro restaurante\u00bb font_container=\u00bbtag:h2|text_align:center\u00bb css=\u00bb\u00bb el_class=\u00bbtitle mb-16&Prime;][vc_column_text css=\u00bb\u00bb el_class=\u00bbsub-title mb-40&Prime;]<em>Porque lo excepcional no espera, reserva ahora&#8230;<\/em>[\/vc_column_text]<a href=\"https:\/\/www.sevenrooms.com\/explore\/cafedelhomme\/reservations\/create\/search?tracking=seo-blog\" target=\"_blank\" class=\"btn btn-default btn-bordered border-thin btn btn-outline btn-outline-white ld_button_69f29459dc3c2\">\n\t<span>\n\t\t\n\t\t\t\t\t<span class=\"btn-txt\">je r\u00e9serve.<\/span>\n\t\t\t\n\t\t\t\t<\/span>\n<\/a>\n[\/vc_column][\/vc_row]<\/p>\n<\/div>","protected":false},"excerpt":{"rendered":"<p>[vc_row sticky_row=\u00bbyes\u00bb css=\u00bb.vc_custom_1729757449101{background-image: url(https:\/\/www.cafedelhomme.com\/wp-content\/uploads\/2024\/01\/header-homepage-cdh.jpg?id=5114) !important;background-position: center !important;background-repeat: no-repeat !important;background-size: cover !important;}\u00bb el_id=\u00bbcabecera-p\u00e1gina-simple\u00bb][vc_column responsive_css=\u00bbpadding_top_large:220px|padding_bottom_large:220px\u00bb css=\u00bb.vc_custom_1683277774171{padding-top: 120px !important;padding-bottom: 230px !important;}\u00bb][vc_custom_heading text=\u00bbAfterwork \u00e0 Paris \u2013 Cocktails, DJ &amp; vue sur la tour Eiffel\u00bb font_container=\u00bbtag:h1|text_align:center\u00bb css=\u00bb.vc_custom_1745913984231{margin-bottom: 0px !important;}\u00bb][vc_column_text css=\u00bb\u00bb] L\u2019exp\u00e9rience unique d\u2019un afterwork avec DJ \u00e0 Paris [\/vc_column_text][\/vc_column][\/vc_row][vc_row el_id=\u00bbimg-y-texto\u00bb&#8230;<\/p>\n","protected":false},"author":14,"featured_media":11216,"parent":0,"menu_order":0,"comment_status":"closed","ping_status":"closed","template":"","meta":{"_acf_changed":false,"footnotes":""},"class_list":["post-11205","page","type-page","status-publish","has-post-thumbnail","hentry"],"acf":[],"yoast_head":"<!-- This site is optimized with the Yoast SEO Premium plugin v20.10 (Yoast SEO v27.0) - https:\/\/yoast.com\/product\/yoast-seo-premium-wordpress\/ -->\n<title>Restaurante ins\u00f3lito en Par\u00eds - Caf\u00e9 de l&#039;Homme<\/title>\n<meta name=\"description\" content=\"Una experiencia \u00fanica en un restaurante ins\u00f3lito de Par\u00eds. Situado en Par\u00eds 16, el Caf\u00e9 de l&#039;Homme ofrece una cocina refinada con una vista excepcional de la Torre Eiffel.\" \/>\n<meta name=\"robots\" content=\"index, follow, max-snippet:-1, max-image-preview:large, max-video-preview:-1\" \/>\n<link rel=\"canonical\" href=\"https:\/\/www.cafedelhomme.com\/es\/restaurante-insolito-en-paris-3\" \/>\n<meta property=\"og:locale\" content=\"es_ES\" \/>\n<meta property=\"og:type\" content=\"article\" \/>\n<meta property=\"og:title\" content=\"Restaurante ins\u00f3lito en Par\u00eds - Caf\u00e9 de l&#039;Homme\" \/>\n<meta property=\"og:description\" content=\"Descubre el mejor restaurante con terraza de Par\u00eds 16 y disfruta de una vista de la Torre Eiffel para una comida o cena gourmet\" \/>\n<meta property=\"og:url\" content=\"https:\/\/www.cafedelhomme.com\/es\/restaurante-insolito-en-paris-3\" \/>\n<meta property=\"og:site_name\" content=\"Caf\u00e9 de l&#039;Homme\" \/>\n<meta property=\"article:publisher\" content=\"https:\/\/www.facebook.com\/cafedelhomme\" \/>\n<meta property=\"article:modified_time\" content=\"2025-05-15T09:03:57+00:00\" \/>\n<meta property=\"og:image\" content=\"https:\/\/www.cafedelhomme.com\/wp-content\/uploads\/2025\/01\/Photo.jpg\" \/>\n\t<meta property=\"og:image:width\" content=\"488\" \/>\n\t<meta property=\"og:image:height\" content=\"388\" \/>\n\t<meta property=\"og:image:type\" content=\"image\/jpeg\" \/>\n<meta name=\"twitter:card\" content=\"summary_large_image\" \/>\n<meta name=\"twitter:label1\" content=\"Tiempo de lectura\" \/>\n\t<meta name=\"twitter:data1\" content=\"12 minutos\" \/>\n<script type=\"application\/ld+json\" class=\"yoast-schema-graph\">{\"@context\":\"https:\/\/schema.org\",\"@graph\":[{\"@type\":\"WebPage\",\"@id\":\"https:\/\/www.cafedelhomme.com\/es\/restaurante-insolito-en-paris-3\",\"url\":\"https:\/\/www.cafedelhomme.com\/es\/restaurante-insolito-en-paris-3\",\"name\":\"Restaurante ins\u00f3lito en Par\u00eds - Caf\u00e9 de l&#039;Homme\",\"isPartOf\":{\"@id\":\"https:\/\/www.cafedelhomme.com\/es#website\"},\"primaryImageOfPage\":{\"@id\":\"https:\/\/www.cafedelhomme.com\/es\/restaurante-insolito-en-paris-3#primaryimage\"},\"image\":{\"@id\":\"https:\/\/www.cafedelhomme.com\/es\/restaurante-insolito-en-paris-3#primaryimage\"},\"thumbnailUrl\":\"https:\/\/www.cafedelhomme.com\/wp-content\/uploads\/2025\/01\/Photo.jpg\",\"datePublished\":\"2025-05-15T09:03:20+00:00\",\"dateModified\":\"2025-05-15T09:03:57+00:00\",\"description\":\"Una experiencia \u00fanica en un restaurante ins\u00f3lito de Par\u00eds. Situado en Par\u00eds 16, el Caf\u00e9 de l'Homme ofrece una cocina refinada con una vista excepcional de la Torre Eiffel.\",\"inLanguage\":\"es\",\"potentialAction\":[{\"@type\":\"ReadAction\",\"target\":[\"https:\/\/www.cafedelhomme.com\/es\/restaurante-insolito-en-paris-3\"]}]},{\"@type\":\"ImageObject\",\"inLanguage\":\"es\",\"@id\":\"https:\/\/www.cafedelhomme.com\/es\/restaurante-insolito-en-paris-3#primaryimage\",\"url\":\"https:\/\/www.cafedelhomme.com\/wp-content\/uploads\/2025\/01\/Photo.jpg\",\"contentUrl\":\"https:\/\/www.cafedelhomme.com\/wp-content\/uploads\/2025\/01\/Photo.jpg\",\"width\":488,\"height\":388},{\"@type\":\"WebSite\",\"@id\":\"https:\/\/www.cafedelhomme.com\/es#website\",\"url\":\"https:\/\/www.cafedelhomme.com\/es\",\"name\":\"Caf\u00e9 de l'Homme\",\"description\":\"\",\"publisher\":{\"@id\":\"https:\/\/www.cafedelhomme.com\/es#organization\"},\"potentialAction\":[{\"@type\":\"SearchAction\",\"target\":{\"@type\":\"EntryPoint\",\"urlTemplate\":\"https:\/\/www.cafedelhomme.com\/es?s={search_term_string}\"},\"query-input\":{\"@type\":\"PropertyValueSpecification\",\"valueRequired\":true,\"valueName\":\"search_term_string\"}}],\"inLanguage\":\"es\"},{\"@type\":\"Organization\",\"@id\":\"https:\/\/www.cafedelhomme.com\/es#organization\",\"name\":\"Caf\u00e9 del Hombre\",\"url\":\"https:\/\/www.cafedelhomme.com\/es\",\"logo\":{\"@type\":\"ImageObject\",\"inLanguage\":\"es\",\"@id\":\"https:\/\/www.cafedelhomme.com\/es#\/schema\/logo\/image\/\",\"url\":\"https:\/\/www.cafedelhomme.com\/wp-content\/uploads\/2023\/04\/big-logo-300x163-1.png\",\"contentUrl\":\"https:\/\/www.cafedelhomme.com\/wp-content\/uploads\/2023\/04\/big-logo-300x163-1.png\",\"width\":300,\"height\":163,\"caption\":\"Caf\u00e9 del Hombre\"},\"image\":{\"@id\":\"https:\/\/www.cafedelhomme.com\/es#\/schema\/logo\/image\/\"},\"sameAs\":[\"https:\/\/www.facebook.com\/cafedelhomme\",\"https:\/\/www.instagram.com\/cafedelhomme\/\"]}]}<\/script>\n<!-- \/ Yoast SEO Premium plugin. -->","yoast_head_json":{"title":"Restaurante ins\u00f3lito en Par\u00eds - Caf\u00e9 de l&#039;Homme","description":"Una experiencia \u00fanica en un restaurante ins\u00f3lito de Par\u00eds. Situado en Par\u00eds 16, el Caf\u00e9 de l'Homme ofrece una cocina refinada con una vista excepcional de la Torre Eiffel.","robots":{"index":"index","follow":"follow","max-snippet":"max-snippet:-1","max-image-preview":"max-image-preview:large","max-video-preview":"max-video-preview:-1"},"canonical":"https:\/\/www.cafedelhomme.com\/es\/restaurante-insolito-en-paris-3","og_locale":"es_ES","og_type":"article","og_title":"Restaurante ins\u00f3lito en Par\u00eds - Caf\u00e9 de l&#039;Homme","og_description":"Descubre el mejor restaurante con terraza de Par\u00eds 16 y disfruta de una vista de la Torre Eiffel para una comida o cena gourmet","og_url":"https:\/\/www.cafedelhomme.com\/es\/restaurante-insolito-en-paris-3","og_site_name":"Caf\u00e9 de l&#039;Homme","article_publisher":"https:\/\/www.facebook.com\/cafedelhomme","article_modified_time":"2025-05-15T09:03:57+00:00","og_image":[{"width":488,"height":388,"url":"https:\/\/www.cafedelhomme.com\/wp-content\/uploads\/2025\/01\/Photo.jpg","type":"image\/jpeg"}],"twitter_card":"summary_large_image","twitter_misc":{"Tiempo de lectura":"12 minutos"},"schema":{"@context":"https:\/\/schema.org","@graph":[{"@type":"WebPage","@id":"https:\/\/www.cafedelhomme.com\/es\/restaurante-insolito-en-paris-3","url":"https:\/\/www.cafedelhomme.com\/es\/restaurante-insolito-en-paris-3","name":"Restaurante ins\u00f3lito en Par\u00eds - Caf\u00e9 de l&#039;Homme","isPartOf":{"@id":"https:\/\/www.cafedelhomme.com\/es#website"},"primaryImageOfPage":{"@id":"https:\/\/www.cafedelhomme.com\/es\/restaurante-insolito-en-paris-3#primaryimage"},"image":{"@id":"https:\/\/www.cafedelhomme.com\/es\/restaurante-insolito-en-paris-3#primaryimage"},"thumbnailUrl":"https:\/\/www.cafedelhomme.com\/wp-content\/uploads\/2025\/01\/Photo.jpg","datePublished":"2025-05-15T09:03:20+00:00","dateModified":"2025-05-15T09:03:57+00:00","description":"Una experiencia \u00fanica en un restaurante ins\u00f3lito de Par\u00eds. Situado en Par\u00eds 16, el Caf\u00e9 de l'Homme ofrece una cocina refinada con una vista excepcional de la Torre Eiffel.","inLanguage":"es","potentialAction":[{"@type":"ReadAction","target":["https:\/\/www.cafedelhomme.com\/es\/restaurante-insolito-en-paris-3"]}]},{"@type":"ImageObject","inLanguage":"es","@id":"https:\/\/www.cafedelhomme.com\/es\/restaurante-insolito-en-paris-3#primaryimage","url":"https:\/\/www.cafedelhomme.com\/wp-content\/uploads\/2025\/01\/Photo.jpg","contentUrl":"https:\/\/www.cafedelhomme.com\/wp-content\/uploads\/2025\/01\/Photo.jpg","width":488,"height":388},{"@type":"WebSite","@id":"https:\/\/www.cafedelhomme.com\/es#website","url":"https:\/\/www.cafedelhomme.com\/es","name":"Caf\u00e9 de l'Homme","description":"","publisher":{"@id":"https:\/\/www.cafedelhomme.com\/es#organization"},"potentialAction":[{"@type":"SearchAction","target":{"@type":"EntryPoint","urlTemplate":"https:\/\/www.cafedelhomme.com\/es?s={search_term_string}"},"query-input":{"@type":"PropertyValueSpecification","valueRequired":true,"valueName":"search_term_string"}}],"inLanguage":"es"},{"@type":"Organization","@id":"https:\/\/www.cafedelhomme.com\/es#organization","name":"Caf\u00e9 del Hombre","url":"https:\/\/www.cafedelhomme.com\/es","logo":{"@type":"ImageObject","inLanguage":"es","@id":"https:\/\/www.cafedelhomme.com\/es#\/schema\/logo\/image\/","url":"https:\/\/www.cafedelhomme.com\/wp-content\/uploads\/2023\/04\/big-logo-300x163-1.png","contentUrl":"https:\/\/www.cafedelhomme.com\/wp-content\/uploads\/2023\/04\/big-logo-300x163-1.png","width":300,"height":163,"caption":"Caf\u00e9 del Hombre"},"image":{"@id":"https:\/\/www.cafedelhomme.com\/es#\/schema\/logo\/image\/"},"sameAs":["https:\/\/www.facebook.com\/cafedelhomme","https:\/\/www.instagram.com\/cafedelhomme\/"]}]}},"_links":{"self":[{"href":"https:\/\/www.cafedelhomme.com\/es\/wp-json\/wp\/v2\/pages\/11205","targetHints":{"allow":["GET"]}}],"collection":[{"href":"https:\/\/www.cafedelhomme.com\/es\/wp-json\/wp\/v2\/pages"}],"about":[{"href":"https:\/\/www.cafedelhomme.com\/es\/wp-json\/wp\/v2\/types\/page"}],"author":[{"embeddable":true,"href":"https:\/\/www.cafedelhomme.com\/es\/wp-json\/wp\/v2\/users\/14"}],"replies":[{"embeddable":true,"href":"https:\/\/www.cafedelhomme.com\/es\/wp-json\/wp\/v2\/comments?post=11205"}],"version-history":[{"count":3,"href":"https:\/\/www.cafedelhomme.com\/es\/wp-json\/wp\/v2\/pages\/11205\/revisions"}],"predecessor-version":[{"id":11212,"href":"https:\/\/www.cafedelhomme.com\/es\/wp-json\/wp\/v2\/pages\/11205\/revisions\/11212"}],"wp:featuredmedia":[{"embeddable":true,"href":"https:\/\/www.cafedelhomme.com\/es\/wp-json\/wp\/v2\/media\/11216"}],"wp:attachment":[{"href":"https:\/\/www.cafedelhomme.com\/es\/wp-json\/wp\/v2\/media?parent=11205"}],"curies":[{"name":"wp","href":"https:\/\/api.w.org\/{rel}","templated":true}]}}