{"id":11336,"date":"2025-05-06T15:24:18","date_gmt":"2025-05-06T13:24:18","guid":{"rendered":"https:\/\/www.cafedelhomme.com\/groupes"},"modified":"2026-02-17T16:27:21","modified_gmt":"2026-02-17T15:27:21","slug":"groupes","status":"publish","type":"page","link":"https:\/\/www.cafedelhomme.com\/es\/groupes","title":{"rendered":"Comida en grupo en Caf\u00e9 de l\u2019Homme Par\u00eds"},"content":{"rendered":"<div class=\"wpb-content-wrapper\"><p>[vc_row css=\u00bb.vc_custom_1746538378646{background: rgba(0,0,0,0.05) url(https:\/\/www.cafedelhomme.com\/wp-content\/uploads\/2025\/05\/b140f4d831f22f67090491de225b729b8c6c0168-1.jpg?id=11240) !important;background-position: center !important;background-repeat: no-repeat !important;background-size: cover !important;*background-color: rgb(0,0,0) !important;}\u00bb el_class=\u00bbcdh-private\u00bb][vc_column responsive_css=\u00bbpadding_top_large:220px|padding_bottom_large:220px\u00bb css=\u00bb.vc_custom_1683277774171{padding-top: 120px !important;padding-bottom: 230px !important;}\u00bb][vc_custom_heading text=\u00bbUn lugar de excepci\u00f3n para sus comidas en grupo\u00bb font_container=\u00bbtag:h1|text_align:center\u00bb css=\u00bb.vc_custom_1746531196572{margin-bottom: 0px !important;}\u00bb][\/vc_column][\/vc_row][vc_row full_width=\u00bbstretch_row\u00bb css=\u00bb.vc_custom_1746539406150{background-position: center !important;background-repeat: no-repeat !important;background-size: cover !important;}\u00bb el_id=\u00bbbreadcrumb-intro\u00bb el_class=\u00bbintro\u00bb][vc_column align=\u00bbtext-center\u00bb responsive_css=\u00bbpadding_top_large:220px\u00bb css=\u00bb.vc_custom_1746627610305{padding-top: 120px !important;}\u00bb offset=\u00bbvc_col-lg-offset-2 vc_col-lg-8&Prime;][vc_raw_html css=\u00bb\u00bb]W2Fkbl9icmVhZGNydW1iXQ==[\/vc_raw_html][vc_column_text css=\u00bb.vc_custom_1746627552915{margin-bottom: 0px !important;}\u00bb]<\/p>\n<p style=\"text-align: center;\">Ofrezca a sus invitados una experiencia \u00fanica frente a la Torre Eiffel. Caf\u00e9 de l\u2019Homme acoge sus almuerzos y cenas de grupo en un entorno refinado, entre patrimonio arquitect\u00f3nico y cocina gastron\u00f3mica. Ya sea para una ocasi\u00f3n profesional o privada, nuestro equipo le acompa\u00f1a en la organizaci\u00f3n de un momento inolvidable.<\/p>\n<p style=\"text-align: center;\">Adaptamos nuestras experiencias al n\u00famero de comensales, a sus deseos y a sus limitaciones. Nuestros espacios, tanto interiores como en terraza, pueden acoger desde peque\u00f1os comit\u00e9s hasta grupos m\u00e1s numerosos, con toda elegancia.<\/p>\n<p>[\/vc_column_text][\/vc_column][\/vc_row][vc_row el_id=\u00bbimg-and-text\u00bb responsive_css=\u00bbpadding_top_large:160px|padding_bottom_large:80px\u00bb css=\u00bb.vc_custom_1730107755116{padding-bottom: 40px !important;background-color: #ffffff !important;}\u00bb][vc_column][vc_row_inner equal_height=\u00bbyes\u00bb content_placement=\u00bbmiddle\u00bb responsive_css=\u00bbmargin_bottom_large:80px\u00bb css=\u00bb.vc_custom_1746603398175{margin-bottom: 40px !important;}\u00bb el_class=\u00bbsection-to-animate\u00bb el_id=\u00bbexperience-signature\u00bb][vc_column_inner width=\u00bb1\/2&Prime; el_class=\u00bbtext_left\u00bb][vc_custom_heading text=\u00bb01&Prime; font_container=\u00bbtag:div|text_align:center\u00bb css=\u00bb\u00bb el_class=\u00bbnumber-title\u00bb][vc_custom_heading text=\u00bbExperiencia<br \/>\nDistintiva\u00bb font_container=\u00bbtag:h2|text_align:center\u00bb css=\u00bb.vc_custom_1746545118843{margin-bottom: 16px !important;}\u00bb][vc_column_text css=\u00bb.vc_custom_1746545054400{margin-bottom: 35px !important;}\u00bb el_class=\u00bbsubtitle\u00bb]<\/p>\n<p style=\"text-align: center;\"><span style=\"text-transform: uppercase;\">[ de 13 a 30 personas ]<\/span><\/p>\n<p>[\/vc_column_text][vc_column_text css=\u00bb.vc_custom_1746534334079{margin-top: 35px !important;}\u00bb]<\/p>\n<ul>\n<li>Recepci\u00f3n de invitados a las 19:00 o 19:30<\/li>\n<li>Colocaci\u00f3n restaurante interior<\/li>\n<li>Suplemento colocaci\u00f3n terraza bajo demanda<\/li>\n<li>Oferta gastron\u00f3mica:\n<ul>\n<li>Entrada, plato principal, postre<\/li>\n<li>1 copa de champ\u00e1n Charles Heidsieck Brut<\/li>\n<li>Agua mineral<\/li>\n<\/ul>\n<\/li>\n<\/ul>\n<p>[\/vc_column_text]<a href=\"#contact\" class=\"btn btn-naked btn_underline ld_button_69f04839e134b\">\n\t<span>\n\t\t\n\t\t\t\t\t<span class=\"btn-txt\">solicitar un presupuesto<\/span>\n\t\t\t\n\t\t\t\t<\/span>\n<\/a>\n[\/vc_column_inner][vc_column_inner width=\u00bb1\/2&Prime; el_class=\u00bbpicture_top\u00bb][vc_single_image image=\u00bb11316&Prime; img_size=\u00bbfull\u00bb css=\u00bb.vc_custom_1746602178273{margin-bottom: 0px !important;}\u00bb][\/vc_column_inner][\/vc_row_inner][vc_row_inner equal_height=\u00bbyes\u00bb content_placement=\u00bbmiddle\u00bb responsive_css=\u00bbmargin_bottom_large:80px\u00bb css=\u00bb.vc_custom_1746603410521{margin-bottom: 40px !important;}\u00bb el_class=\u00bbsection-to-animate\u00bb el_id=\u00bbexperience-sur-mesure\u00bb][vc_column_inner width=\u00bb1\/2&Prime; el_class=\u00bbpicture_top\u00bb][vc_single_image image=\u00bb11320&Prime; img_size=\u00bbfull\u00bb css=\u00bb.vc_custom_1746602217066{margin-bottom: 0px !important;}\u00bb][\/vc_column_inner][vc_column_inner width=\u00bb1\/2&Prime; el_class=\u00bbtext_right\u00bb][vc_custom_heading text=\u00bb02&Prime; font_container=\u00bbtag:div|text_align:center\u00bb css=\u00bb\u00bb el_class=\u00bbnumber-title\u00bb][vc_custom_heading text=\u00bbExperiencia<br \/>\na medida\u00bb font_container=\u00bbtag:h2|text_align:center\u00bb css=\u00bb.vc_custom_1746545134477{margin-bottom: 16px !important;}\u00bb][vc_column_text css=\u00bb.vc_custom_1746545080681{margin-bottom: 35px !important;}\u00bb el_class=\u00bbsubtitle\u00bb]<\/p>\n<p style=\"text-align: center;\"><span style=\"text-transform: uppercase;\">una comida de grupo a tu imagen<\/span><\/p>\n<p>[\/vc_column_text][vc_column_text css=\u00bb.vc_custom_1746545160170{margin-top: 35px !important;}\u00bb]<\/p>\n<ul>\n<li>Acompa\u00f1amiento personalizado<\/li>\n<li>Oferta gastron\u00f3mica, men\u00fa de creaci\u00f3n<\/li>\n<li>Ubicaci\u00f3n privilegiada y privatizaci\u00f3n parcial o total<\/li>\n<\/ul>\n<p>[\/vc_column_text]<a href=\"#contact\" class=\"btn btn-naked btn_underline ld_button_69f04839e1503\">\n\t<span>\n\t\t\n\t\t\t\t\t<span class=\"btn-txt\">solicitar un presupuesto<\/span>\n\t\t\t\n\t\t\t\t<\/span>\n<\/a>\n[\/vc_column_inner][\/vc_row_inner][\/vc_column][\/vc_row][vc_row css=\u00bb.vc_custom_1746540457431{padding-top: 150px !important;padding-bottom: 150px !important;background-color: #faf9f6 !important;background-position: center !important;background-repeat: no-repeat !important;background-size: cover !important;}\u00bb][vc_column align=\u00bbtext-center\u00bb][vc_custom_heading text=\u00bbUn equipo dedicado a sus comidas de grupo\u00bb font_container=\u00bbtag:h2|text_align:left|color:%23121212&Prime; css=\u00bb\u00bb][vc_column_text css=\u00bb\u00bb]<\/p>\n<div id=\"1730108382.121419\" class=\"c-virtual_list__item\" tabindex=\"0\" role=\"listitem\" aria-setsize=\"-1\" data-qa=\"virtual-list-item\" data-item-key=\"1730108382.121419\">\n<div class=\"c-message_kit__background p-message_pane_message__message c-message_kit__message\" role=\"presentation\" data-qa=\"message_container\" data-qa-unprocessed=\"false\" data-qa-placeholder=\"false\">\n<div class=\"c-message_kit__hover\" role=\"document\" aria-roledescription=\"message\" data-qa-hover=\"true\">\n<div class=\"c-message_kit__actions c-message_kit__actions--default\">\n<div class=\"c-message_kit__gutter\">\n<div class=\"c-message_kit__gutter__right\" role=\"presentation\" data-qa=\"message_content\">\n<div class=\"c-message_kit__blocks c-message_kit__blocks--rich_text\">\n<div class=\"c-message__message_blocks c-message__message_blocks--rich_text\" data-qa=\"message-text\">\n<div class=\"p-block_kit_renderer\" data-qa=\"block-kit-renderer\">\n<div class=\"p-block_kit_renderer__block_wrapper p-block_kit_renderer__block_wrapper--first\">\n<div class=\"p-rich_text_block\" dir=\"auto\">\n<div class=\"p-rich_text_section\" style=\"text-align: left;\"><span style=\"color: #121212;\">Nuestros gerentes de eventos <strong>Floriane<\/strong> y <strong>Chlo\u00e9<\/strong> son sus interlocutores privilegiados. Atentos desde el primer intercambio, le aconsejan sobre las mejores configuraciones seg\u00fan sus objetivos. Profesionalismo, reactividad, discreci\u00f3n: nuestro equipo hace todo lo posible para que su almuerzo o cena de grupo sea un \u00e9xito total, en un lugar excepcional en el coraz\u00f3n de Par\u00eds. <\/span><\/div>\n<\/div>\n<\/div>\n<\/div>\n<\/div>\n<\/div>\n<\/div>\n<\/div>\n<\/div>\n<\/div>\n<\/div>\n<\/div>\n<p>[\/vc_column_text]<a href=\"#contact\" class=\"btn btn-default btn-bordered border-thin btn btn-outline btn-outline-black ld_button_69f04839e163c\">\n\t<span>\n\t\t\n\t\t\t\t\t<span class=\"btn-txt\">organizar una comida en grupo<\/span>\n\t\t\t\n\t\t\t\t<\/span>\n<\/a>\n[\/vc_column][\/vc_row][vc_row full_height=\u00bbyes\u00bb css=\u00bb.vc_custom_1746541105063{padding-top: 150px !important;padding-bottom: 150px !important;background-image: url(https:\/\/www.cafedelhomme.com\/wp-content\/uploads\/2025\/05\/CDH-photo-de-groupe-2.jpg?id=11294) !important;background-position: center !important;background-repeat: no-repeat !important;background-size: cover !important;}\u00bb][vc_column align=\u00bbtext-center\u00bb][vc_custom_heading text=\u00bbUna comida en grupo<br \/>\nen pleno coraz\u00f3n de Par\u00eds\u00bb font_container=\u00bbtag:h2|font_size:75px|text_align:center|color:%23ffffff|line_height:100%25&Prime; css=\u00bb\u00bb el_class=\u00bbgroup-page-title\u00bb][\/vc_column][\/vc_row][vc_row full_width=\u00bbstretch_row\u00bb equal_height=\u00bbyes\u00bb bg_position=\u00bbcenter center\u00bb css=\u00bb.vc_custom_1746545468309{padding-top: 80px !important;padding-bottom: 80px !important;background-position: center !important;background-repeat: no-repeat !important;background-size: cover !important;}\u00bb responsive_css=\u00bbpadding_top_large:250px|padding_bottom_large:250px\u00bb el_class=\u00bbform-styles\u00bb][vc_column align=\u00bbtext-center\u00bb el_id=\u00bbcontact\u00bb][vc_custom_heading text=\u00bbContacta con nosotros\u00bb font_container=\u00bbtag:h2|text_align:center|line_height:1.2&Prime; css=\u00bb.vc_custom_1746612280604{margin-right: 64px !important;margin-left: 64px !important;}\u00bb el_class=\u00bbtitle mb-16&Prime;]<script type=\"text\/javascript\">\n\/* <![CDATA[ *\/\nvar gform;gform||(document.addEventListener(\"gform_main_scripts_loaded\",function(){gform.scriptsLoaded=!0}),document.addEventListener(\"gform\/theme\/scripts_loaded\",function(){gform.themeScriptsLoaded=!0}),window.addEventListener(\"DOMContentLoaded\",function(){gform.domLoaded=!0}),gform={domLoaded:!1,scriptsLoaded:!1,themeScriptsLoaded:!1,isFormEditor:()=>\"function\"==typeof InitializeEditor,callIfLoaded:function(o){return!(!gform.domLoaded||!gform.scriptsLoaded||!gform.themeScriptsLoaded&&!gform.isFormEditor()||(gform.isFormEditor()&&console.warn(\"The use of gform.initializeOnLoaded() is deprecated in the form editor context and will be removed in Gravity Forms 3.1.\"),o(),0))},initializeOnLoaded:function(o){gform.callIfLoaded(o)||(document.addEventListener(\"gform_main_scripts_loaded\",()=>{gform.scriptsLoaded=!0,gform.callIfLoaded(o)}),document.addEventListener(\"gform\/theme\/scripts_loaded\",()=>{gform.themeScriptsLoaded=!0,gform.callIfLoaded(o)}),window.addEventListener(\"DOMContentLoaded\",()=>{gform.domLoaded=!0,gform.callIfLoaded(o)}))},hooks:{action:{},filter:{}},addAction:function(o,r,e,t){gform.addHook(\"action\",o,r,e,t)},addFilter:function(o,r,e,t){gform.addHook(\"filter\",o,r,e,t)},doAction:function(o){gform.doHook(\"action\",o,arguments)},applyFilters:function(o){return gform.doHook(\"filter\",o,arguments)},removeAction:function(o,r){gform.removeHook(\"action\",o,r)},removeFilter:function(o,r,e){gform.removeHook(\"filter\",o,r,e)},addHook:function(o,r,e,t,n){null==gform.hooks[o][r]&&(gform.hooks[o][r]=[]);var d=gform.hooks[o][r];null==n&&(n=r+\"_\"+d.length),gform.hooks[o][r].push({tag:n,callable:e,priority:t=null==t?10:t})},doHook:function(r,o,e){var t;if(e=Array.prototype.slice.call(e,1),null!=gform.hooks[r][o]&&((o=gform.hooks[r][o]).sort(function(o,r){return o.priority-r.priority}),o.forEach(function(o){\"function\"!=typeof(t=o.callable)&&(t=window[t]),\"action\"==r?t.apply(null,e):e[0]=t.apply(null,e)})),\"filter\"==r)return e[0]},removeHook:function(o,r,t,n){var e;null!=gform.hooks[o][r]&&(e=(e=gform.hooks[o][r]).filter(function(o,r,e){return!!(null!=n&&n!=o.tag||null!=t&&t!=o.priority)}),gform.hooks[o][r]=e)}});\n\/* ]]> *\/\n<\/script>\n\n                <div class='gf_browser_gecko gform_wrapper gravity-theme gform-theme--no-framework' data-form-theme='gravity-theme' data-form-index='0' id='gform_wrapper_12' style='display:none'>\n                        <div class='gform_heading'>\n\t\t\t\t\t\t\t<p class='gform_required_legend'>&quot;<span class=\"gfield_required gfield_required_asterisk\">*<\/span>&quot; se\u00f1ala los campos obligatorios<\/p>\n                        <\/div><form method='post' enctype='multipart\/form-data'  id='gform_12'  action='\/es\/wp-json\/wp\/v2\/pages\/11336' data-formid='12' novalidate>\n                        <div class='gform-body gform_body'><div id='gform_fields_12' class='gform_fields top_label form_sublabel_below description_below validation_below'><div id=\"field_12_22\" class=\"gfield gfield--type-honeypot gform_validation_container field_sublabel_below gfield--has-description field_description_below field_validation_below gfield_visibility_visible\"  ><label class='gfield_label gform-field-label' for='input_12_22'>Comments<\/label><div class='ginput_container'><input name='input_22' id='input_12_22' type='text' value='' autocomplete='new-password'\/><\/div><div class='gfield_description' id='gfield_description_12_22'>Este campo tiene fines de validaci\u00f3n y no debe modificarse.<\/div><\/div><div id=\"field_12_11\" class=\"gfield gfield--type-hidden gfield--input-type-hidden gfield--width-full gform_hidden field_sublabel_below gfield--no-description field_description_below field_validation_below gfield_visibility_visible\"  ><div class='ginput_container ginput_container_text'><input name='input_11' id='input_12_11' type='hidden' class='gform_hidden'  aria-invalid=\"false\" value='00D2p000000PQxn' \/><\/div><\/div><div id=\"field_12_12\" class=\"gfield gfield--type-hidden gfield--input-type-hidden gfield--width-full gform_hidden field_sublabel_below gfield--no-description field_description_below field_validation_below gfield_visibility_visible\"  ><div class='ginput_container ginput_container_text'><input name='input_12' id='input_12_12' type='hidden' class='gform_hidden'  aria-invalid=\"false\" value='https:\/\/www.cafedelhomme.com\/thank-you\/' \/><\/div><\/div><div id=\"field_12_13\" class=\"gfield gfield--type-hidden gfield--input-type-hidden gfield--width-full gform_hidden field_sublabel_below gfield--no-description field_description_below field_validation_below gfield_visibility_visible\"  ><div class='ginput_container ginput_container_text'><input name='input_13' id='input_12_13' type='hidden' class='gform_hidden'  aria-invalid=\"false\" value='P\u00e1gina web' \/><\/div><\/div><div id=\"field_12_16\" class=\"gfield gfield--type-text gfield--input-type-text gfield--width-full field_sublabel_below gfield--no-description field_description_below field_validation_below gfield_visibility_hidden\"  ><div class=\"admin-hidden-markup\"><i class=\"gform-icon gform-icon--hidden\" aria-hidden=\"true\" title=\"Este campo se oculta al visualizar el formulario\"><\/i><span>Este campo se oculta al visualizar el formulario<\/span><\/div><label class='gfield_label gform-field-label' for='input_12_16'>Lengua<\/label><div class='ginput_container ginput_container_text'><input name='input_16' id='input_12_16' type='text' value='fr' class='large'      aria-invalid=\"false\"   \/><\/div><\/div><fieldset id=\"field_12_1\" class=\"gfield gfield--type-name gfield--input-type-name gfield_contains_required field_sublabel_hidden_label gfield--no-description field_description_below hidden_label field_validation_below gfield_visibility_visible\"  ><legend class='gfield_label gform-field-label gfield_label_before_complex' >Nom<span class=\"gfield_required\"><span class=\"gfield_required gfield_required_asterisk\">*<\/span><\/span><\/legend><div class='ginput_complex ginput_container ginput_container--name no_prefix no_first_name no_middle_name has_last_name no_suffix gf_name_has_1 ginput_container_name gform-grid-row' id='input_12_1'>\n                            \n                            \n                            \n                            <span id='input_12_1_6_container' class='name_last gform-grid-col gform-grid-col--size-auto' >\n                                                    <input type='text' name='input_1.6' id='input_12_1_6' value=''   aria-required='true'   placeholder='Nom*'  \/>\n                                                    <label for='input_12_1_6' class='gform-field-label gform-field-label--type-sub hidden_sub_label screen-reader-text'>\u00daltima<\/label>\n                                                <\/span>\n                            \n                        <\/div><\/fieldset><fieldset id=\"field_12_3\" class=\"gfield gfield--type-name gfield--input-type-name gfield--width-full gfield_contains_required field_sublabel_hidden_label gfield--no-description field_description_below hidden_label field_validation_below gfield_visibility_visible\"  ><legend class='gfield_label gform-field-label gfield_label_before_complex' >Pr\u00e9nom<span class=\"gfield_required\"><span class=\"gfield_required gfield_required_asterisk\">*<\/span><\/span><\/legend><div class='ginput_complex ginput_container ginput_container--name no_prefix has_first_name no_middle_name no_last_name no_suffix gf_name_has_1 ginput_container_name gform-grid-row' id='input_12_3'>\n                            \n                            <span id='input_12_3_3_container' class='name_first gform-grid-col gform-grid-col--size-auto' >\n                                                    <input type='text' name='input_3.3' id='input_12_3_3' value=''   aria-required='true'   placeholder='Pr\u00e9nom*'  \/>\n                                                    <label for='input_12_3_3' class='gform-field-label gform-field-label--type-sub hidden_sub_label screen-reader-text'>Primero<\/label>\n                                                <\/span>\n                            \n                            \n                            \n                        <\/div><\/fieldset><div id=\"field_12_4\" class=\"gfield gfield--type-text gfield--input-type-text gfield--width-full field_sublabel_below gfield--no-description field_description_below hidden_label field_validation_below gfield_visibility_visible\"  ><label class='gfield_label gform-field-label' for='input_12_4'>Sociedad<\/label><div class='ginput_container ginput_container_text'><input name='input_4' id='input_12_4' type='text' value='' class='large' maxlength='40'   placeholder='Sociedad'  aria-invalid=\"false\"   \/><\/div><\/div><div id=\"field_12_5\" class=\"gfield gfield--type-email gfield--input-type-email gfield--width-full gfield_contains_required field_sublabel_below gfield--no-description field_description_below hidden_label field_validation_below gfield_visibility_visible\"  ><label class='gfield_label gform-field-label' for='input_12_5'>Correo electr\u00f3nico<span class=\"gfield_required\"><span class=\"gfield_required gfield_required_asterisk\">*<\/span><\/span><\/label><div class='ginput_container ginput_container_email'>\n                            <input name='input_5' id='input_12_5' type='email' value='' class='large'   placeholder='Correo electr\u00f3nico' aria-required=\"true\" aria-invalid=\"false\"  \/>\n                        <\/div><\/div><div id=\"field_12_6\" class=\"gfield gfield--type-phone gfield--input-type-phone gfield--width-full gfield_contains_required field_sublabel_below gfield--no-description field_description_below hidden_label field_validation_below gfield_visibility_visible\"  ><label class='gfield_label gform-field-label' for='input_12_6'>Tel\u00e9fono<span class=\"gfield_required\"><span class=\"gfield_required gfield_required_asterisk\">*<\/span><\/span><\/label><div class='ginput_container ginput_container_phone'><input name='input_6' id='input_12_6' type='tel' value='' class='large'  placeholder='Tel\u00e9fono' aria-required=\"true\" aria-invalid=\"false\"   \/><\/div><\/div><div id=\"field_12_10\" class=\"gfield gfield--type-select gfield--input-type-select gfield--width-full formEventType gfield_contains_required field_sublabel_below gfield--no-description field_description_below hidden_label field_validation_below gfield_visibility_visible\"  ><label class='gfield_label gform-field-label' for='input_12_10'>Tipo de evento<span class=\"gfield_required\"><span class=\"gfield_required gfield_required_asterisk\">*<\/span><\/span><\/label><div class='ginput_container ginput_container_select'><select name='input_10' id='input_12_10' class='large gfield_select'    aria-required=\"true\" aria-invalid=\"false\" ><option value='' selected='selected' class='gf_placeholder'>Tipo de evento<\/option><option value='GRUPO' >Grupo (menos de 15 personas)<\/option><option value='EVENTOS' >Evento (m\u00e1s de 15 personas)<\/option><\/select><\/div><\/div><div id=\"field_12_19\" class=\"gfield gfield--type-textarea gfield--input-type-textarea gfield--width-full field_sublabel_below gfield--has-description field_description_above hidden_label field_validation_below gfield_visibility_visible\"  ><label class='gfield_label gform-field-label' for='input_12_19'>Comentario<\/label><div class='gfield_description' id='gfield_description_12_19'>INFO - A partir de 150\u20ac HT \/ pax<\/div><div class='ginput_container ginput_container_textarea'><textarea name='input_19' id='input_12_19' class='textarea large'  aria-describedby=\"gfield_description_12_19\"  placeholder='Comentarios (duraci\u00f3n, horario, etc.)'  aria-invalid=\"false\"   rows='10' cols='50'><\/textarea><\/div><\/div><div id=\"field_12_20\" class=\"gfield gfield--type-select gfield--input-type-select gfield--width-full formEventType gfield_contains_required field_sublabel_below gfield--no-description field_description_below hidden_label field_validation_below gfield_visibility_visible\"  ><label class='gfield_label gform-field-label' for='input_12_20'>Presupuesto Fourchette<span class=\"gfield_required\"><span class=\"gfield_required gfield_required_asterisk\">*<\/span><\/span><\/label><div class='ginput_container ginput_container_select'><select name='input_20' id='input_12_20' class='large gfield_select'    aria-required=\"true\" aria-invalid=\"false\" ><option value='' selected='selected' class='gf_placeholder'>Presupuesto Fourchette<\/option><option value='10-20' >10k-20k<\/option><option value='20-30' >20k-30k<\/option><option value='+30' >+30k<\/option><\/select><\/div><\/div><div id=\"field_12_21\" class=\"gfield gfield--type-textarea gfield--input-type-textarea gfield--width-full field_sublabel_below gfield--no-description field_description_below hidden_label field_validation_below gfield_visibility_visible\"  ><label class='gfield_label gform-field-label' for='input_12_21'>Cuaderno de cargos<\/label><div class='ginput_container ginput_container_textarea'><textarea name='input_21' id='input_12_21' class='textarea large'    placeholder='Cuaderno de cargos'  aria-invalid=\"false\"   rows='10' cols='50'><\/textarea><\/div><\/div><div id=\"field_12_18\" class=\"gfield gfield--type-number gfield--input-type-number gfield--width-full guests-number gfield_contains_required field_sublabel_below gfield--no-description field_description_above hidden_label field_validation_below gfield_visibility_visible\"  ><label class='gfield_label gform-field-label' for='input_12_18'>N\u00famero de invitados<span class=\"gfield_required\"><span class=\"gfield_required gfield_required_asterisk\">*<\/span><\/span><\/label><div class='ginput_container ginput_container_number'><input name='input_18' id='input_12_18' type='number' step='any' min='10' max='300' value='' class='large'    placeholder='N\u00famero de invitados (entre 10 y 300)' aria-required=\"true\" aria-invalid=\"false\" aria-describedby=\"gfield_instruction_12_18\" \/><div class='gfield_description instruction ' id='gfield_instruction_12_18'>Por favor, introduce un n\u00famero del <strong>10<\/strong> al <strong>300<\/strong>.<\/div><\/div><\/div><div id=\"field_12_17\" class=\"gfield gfield--type-date gfield--input-type-date gfield--input-type-datepicker gfield--datepicker-default-icon gfield--width-full event-date gfield_contains_required field_sublabel_below gfield--no-description field_description_below field_validation_below gfield_visibility_visible\"  ><label class='gfield_label gform-field-label' for='input_12_17'>Fecha del evento<span class=\"gfield_required\"><span class=\"gfield_required gfield_required_asterisk\">*<\/span><\/span><\/label><div class='ginput_container ginput_container_date'>\n                            <input name='input_17' id='input_12_17' type='text' value='' class='datepicker gform-datepicker dmy datepicker_with_icon gdatepicker_with_icon'   placeholder='dd\/mm\/aaaa' aria-describedby=\"input_12_17_date_format\" aria-invalid=\"false\" aria-required=\"true\"\/>\n                            <span id='input_12_17_date_format' class='screen-reader-text'>DD barra MM barra AAAA<\/span>\n                        <\/div>\n                        <input type='hidden' id='gforms_calendar_icon_input_12_17' class='gform_hidden' value='https:\/\/www.cafedelhomme.com\/wp-content\/plugins\/gravityforms\/images\/datepicker\/datepicker.svg'\/><\/div><\/div><\/div>\n        <div class='gform-footer gform_footer top_label'> <button type=\"submit\" id=\"gform_submit_button_12\" class=\"gform_button button\" onclick=\"gform.submission.handleButtonClick(this);\" data-submission-type=\"submit\">Enviar<\/button> \n            <input type='hidden' class='gform_hidden' name='gform_submission_method' data-js='gform_submission_method_12' value='postback' \/>\n            <input type='hidden' class='gform_hidden' name='gform_theme' data-js='gform_theme_12' id='gform_theme_12' value='gravity-theme' \/>\n            <input type='hidden' class='gform_hidden' name='gform_style_settings' data-js='gform_style_settings_12' id='gform_style_settings_12' value='[]' \/>\n            <input type='hidden' class='gform_hidden' name='is_submit_12' value='1' \/>\n            <input type='hidden' class='gform_hidden' name='gform_submit' value='12' \/>\n            \n            <input type='hidden' class='gform_hidden' name='gform_currency' data-currency='EUR' value='ZNAU9CQprLKpshWiqi3oyFRG\/G3B\/mt3OLY\/xJqFvcpuwH5bbWJt5ZcN+8fqsUIYhHpQmljc+rT\/+Ae2tM08Ik9joIAXfBRMLTEfvc52NpZqRQ8=' \/>\n            <input type='hidden' class='gform_hidden' name='gform_unique_id' value='' \/>\n            <input type='hidden' class='gform_hidden' name='state_12' value='WyJ7XCIxMFwiOltcImMwNDllMGIwMDJiMmExNDVmZGNmNjI5MWY3ODU0NGQxXCIsXCJlZWRhZjYxNGFhZTk2OTU0ZTE2ZmIxNjcwODcwYjYzM1wiXSxcIjIwXCI6W1wiMmIwODc4ZTBiZmEzODM0M2VjYTU3NmM1MDhiNjg1ZGNcIixcIjM1YzllZjQzNTRiMDk2ZTA0NzI1MTJlNjE3YmFmMjJjXCIsXCIyODE3OGY4NTM0NTcwOWE4MGZiZGJiMjY2N2M0ZDIxN1wiXX0iLCJkNTI2MmYwZTg2MDBjMTNiM2E1ZDhmZDY5OTRiYjJiMiJd' \/>\n            <input type='hidden' autocomplete='off' class='gform_hidden' name='gform_target_page_number_12' id='gform_target_page_number_12' value='0' \/>\n            <input type='hidden' autocomplete='off' class='gform_hidden' name='gform_source_page_number_12' id='gform_source_page_number_12' value='1' \/>\n            <input type='hidden' name='gform_field_values' value='' \/>\n            \n        <\/div>\n                        <\/form>\n                        <\/div><script type=\"text\/javascript\">\n\/* <![CDATA[ *\/\n gform.initializeOnLoaded( function() {gformInitSpinner( 12, 'https:\/\/www.cafedelhomme.com\/wp-content\/plugins\/gravityforms\/images\/spinner.svg', true );jQuery('#gform_ajax_frame_12').on('load',function(){var contents = jQuery(this).contents().find('*').html();var is_postback = contents.indexOf('GF_AJAX_POSTBACK') >= 0;if(!is_postback){return;}var form_content = jQuery(this).contents().find('#gform_wrapper_12');var is_confirmation = jQuery(this).contents().find('#gform_confirmation_wrapper_12').length > 0;var is_redirect = contents.indexOf('gformRedirect(){') >= 0;var is_form = form_content.length > 0 && ! is_redirect && ! is_confirmation;var mt = parseInt(jQuery('html').css('margin-top'), 10) + parseInt(jQuery('body').css('margin-top'), 10) + 100;if(is_form){form_content.find('form').css('opacity', 0);jQuery('#gform_wrapper_12').html(form_content.html());if(form_content.hasClass('gform_validation_error')){jQuery('#gform_wrapper_12').addClass('gform_validation_error');} else {jQuery('#gform_wrapper_12').removeClass('gform_validation_error');}setTimeout( function() { \/* delay the scroll by 50 milliseconds to fix a bug in chrome *\/  }, 50 );if(window['gformInitDatepicker']) {gformInitDatepicker();}if(window['gformInitPriceFields']) {gformInitPriceFields();}var current_page = jQuery('#gform_source_page_number_12').val();gformInitSpinner( 12, 'https:\/\/www.cafedelhomme.com\/wp-content\/plugins\/gravityforms\/images\/spinner.svg', true );jQuery(document).trigger('gform_page_loaded', [12, current_page]);window['gf_submitting_12'] = false;}else if(!is_redirect){var confirmation_content = jQuery(this).contents().find('.GF_AJAX_POSTBACK').html();if(!confirmation_content){confirmation_content = contents;}jQuery('#gform_wrapper_12').replaceWith(confirmation_content);jQuery(document).trigger('gform_confirmation_loaded', [12]);window['gf_submitting_12'] = false;wp.a11y.speak(jQuery('#gform_confirmation_message_12').text());}else{jQuery('#gform_12').append(contents);if(window['gformRedirect']) {gformRedirect();}}jQuery(document).trigger(\"gform_pre_post_render\", [{ formId: \"12\", currentPage: \"current_page\", abort: function() { this.preventDefault(); } }]);        if (event && event.defaultPrevented) {                return;        }        const gformWrapperDiv = document.getElementById( \"gform_wrapper_12\" );        if ( gformWrapperDiv ) {            const visibilitySpan = document.createElement( \"span\" );            visibilitySpan.id = \"gform_visibility_test_12\";            gformWrapperDiv.insertAdjacentElement( \"afterend\", visibilitySpan );        }        const visibilityTestDiv = document.getElementById( \"gform_visibility_test_12\" );        let postRenderFired = false;        function triggerPostRender() {            if ( postRenderFired ) {                return;            }            postRenderFired = true;            gform.core.triggerPostRenderEvents( 12, current_page );            if ( visibilityTestDiv ) {                visibilityTestDiv.parentNode.removeChild( visibilityTestDiv );            }        }        function debounce( func, wait, immediate ) {            var timeout;            return function() {                var context = this, args = arguments;                var later = function() {                    timeout = null;                    if ( !immediate ) func.apply( context, args );                };                var callNow = immediate && !timeout;                clearTimeout( timeout );                timeout = setTimeout( later, wait );                if ( callNow ) func.apply( context, args );            };        }        const debouncedTriggerPostRender = debounce( function() {            triggerPostRender();        }, 200 );        if ( visibilityTestDiv && visibilityTestDiv.offsetParent === null ) {            const observer = new MutationObserver( ( mutations ) => {                mutations.forEach( ( mutation ) => {                    if ( mutation.type === 'attributes' && visibilityTestDiv.offsetParent !== null ) {                        debouncedTriggerPostRender();                        observer.disconnect();                    }                });            });            observer.observe( document.body, {                attributes: true,                childList: false,                subtree: true,                attributeFilter: [ 'style', 'class' ],            });        } else {            triggerPostRender();        }    } );} ); \n\/* ]]> *\/\n<\/script>\n[\/vc_column][\/vc_row][vc_row full_width=\u00bbstretch_row\u00bb equal_height=\u00bbyes\u00bb bg_position=\u00bbcenter center\u00bb css=\u00bb.vc_custom_1746543039836{padding-top: 80px !important;padding-bottom: 80px !important;background-image: url(https:\/\/www.cafedelhomme.com\/wp-content\/uploads\/2025\/05\/rene-bohmer-YeUVDKZWSZ4-unsplash-1.jpg?id=11298) !important;background-position: center !important;background-repeat: no-repeat !important;background-size: cover !important;}\u00bb el_id=\u00bbimg-screen\u00bb responsive_css=\u00bbpadding_top_large:250px|padding_bottom_large:250px\u00bb][vc_column align=\u00bbtext-center\u00bb offset=\u00bbvc_col-lg-offset-2 vc_col-lg-8&Prime;][vc_custom_heading text=\u00bbVisite en primicia nuestro restaurante con terraza frente a la torre Eiffel\u00bb font_container=\u00bbtag:h2|font_size:60px|text_align:center|line_height:1.1&Prime; css=\u00bb\u00bb el_class=\u00bbtitle mb-16 group-page-title\u00bb][vc_column_text css=\u00bb.vc_custom_1746617642550{margin-top: 48px !important;}\u00bb el_class=\u00bbsub-title mb-40&Prime;]Descubre la incomparable experiencia <strong>del Caf\u00e9 de l&rsquo;<\/strong> Homme con nuestra visita virtual inmersiva. Explora cada zona de nuestro <strong>restaurante con terraza<\/strong> que ofrece espectaculares vistas de la <strong>Torre Eiffel<\/strong>. Sum\u00e9rjase en el universo refinado y c\u00e1lido del Caf\u00e9 de l\u2019Homme y prep\u00e1rese para vivir un momento inolvidable, \u00a1en pleno coraz\u00f3n de <strong>Par\u00eds<\/strong>![\/vc_column_text]<a href=\"https:\/\/www.sevenrooms.com\/explore\/cafedelhomme\/reservations\/create\/search?tracking=seo-blog\" target=\"_blank\" class=\"btn btn-default btn-bordered border-thin btn btn-outline btn-outline-white open-vv ld_button_69f04839e6bc4 vc_custom_1746543898529\">\n\t<span>\n\t\t\n\t\t\t\t\t<span class=\"btn-txt\">iniciar la visita virtual<\/span>\n\t\t\t\n\t\t\t\t<\/span>\n<\/a>\n[\/vc_column][\/vc_row][vc_row css=\u00bb.vc_custom_1746602684601{background-color: #0f0f0f !important;}\u00bb responsive_css=\u00bbpadding_top_large:80px|padding_bottom_large:80px\u00bb][vc_column][vc_raw_html css=\u00bb\u00bb]PHNjcmlwdCBkZWZlciBhc3luYyBzcmM9J2h0dHBzOi8vY2RuLnRydXN0aW5kZXguaW8vbG9hZGVyLmpzPzUzZDYyYjc0MzQwNDY3OGZkYTQ2YjQwOWE0Mic+PC9zY3JpcHQ+[\/vc_raw_html]<a href=\"https:\/\/g.page\/r\/CdiRt8hxLIxuEBE\/review\" title=\"Privatiser\" target=\"_blank\" class=\"btn btn-naked btn_underline give-review vc_custom_1744036113919\">\n\t<span>\n\t\t\n\t\t\t\t\t<span class=\"btn-txt\">dejar una rese\u00f1a.<\/span>\n\t\t\t\n\t\t\t\t<\/span>\n<\/a>\n[\/vc_column][\/vc_row][vc_row full_width=\u00bbstretch_row\u00bb equal_height=\u00bbyes\u00bb bg_position=\u00bbcenter center\u00bb css=\u00bb.vc_custom_1746544172878{padding-top: 80px !important;padding-bottom: 80px !important;background-image: url(https:\/\/www.cafedelhomme.com\/wp-content\/uploads\/2025\/05\/bg-mur-1.jpg?id=11303) !important;background-position: center !important;background-repeat: no-repeat !important;background-size: cover !important;}\u00bb responsive_css=\u00bbpadding_top_large:250px|padding_bottom_large:250px\u00bb][vc_column align=\u00bbtext-center\u00bb offset=\u00bbvc_col-lg-offset-2 vc_col-lg-8&Prime;][vc_custom_heading text=\u00bbPara sus eventos de hasta 300 personas, descubra la privatizaci\u00f3n total de Caf\u00e9 de l\u2019Homme\u00bb font_container=\u00bbtag:h2|text_align:center|color:%230f0f0f\u00bb css=\u00bb.vc_custom_1746627735297{margin-right: 64px !important;margin-left: 64px !important;}\u00bb el_class=\u00bbtitle mb-16 group-page-title\u00bb]<a href=\"https:\/\/www.cafedelhomme.com\/privatiser\" title=\"Privatiser\" target=\"_blank\" class=\"btn btn-default btn-bordered border-thin btn btn-outline btn-outline-black open-vv ld_button_69f04839e6e2c vc_custom_1746544349918\">\n\t<span>\n\t\t\n\t\t\t\t\t<span class=\"btn-txt\">privatizaci\u00f3n<\/span>\n\t\t\t\n\t\t\t\t<\/span>\n<\/a>\n[\/vc_column][\/vc_row]<\/p>\n<\/div>","protected":false},"excerpt":{"rendered":"<p>[vc_row css=\u00bb.vc_custom_1746538378646{background: rgba(0,0,0,0.05) url(https:\/\/www.cafedelhomme.com\/wp-content\/uploads\/2025\/05\/b140f4d831f22f67090491de225b729b8c6c0168-1.jpg?id=11240) !important;background-position: center !important;background-repeat: no-repeat !important;background-size: cover !important;*background-color: rgb(0,0,0) !important;}\u00bb el_class=\u00bbcdh-private\u00bb][vc_column responsive_css=\u00bbpadding_top_large:220px|padding_bottom_large:220px\u00bb css=\u00bb.vc_custom_1683277774171{padding-top: 120px !important;padding-bottom: 230px !important;}\u00bb][vc_custom_heading text=\u00bbUn lugar de excepci\u00f3n para sus comidas en grupo\u00bb font_container=\u00bbtag:h1|text_align:center\u00bb css=\u00bb.vc_custom_1746531196572{margin-bottom: 0px !important;}\u00bb][\/vc_column][\/vc_row][vc_row full_width=\u00bbstretch_row\u00bb css=\u00bb.vc_custom_1746539406150{background-position: center !important;background-repeat: no-repeat !important;background-size: cover !important;}\u00bb el_id=\u00bbbreadcrumb-intro\u00bb el_class=\u00bbintro\u00bb][vc_column align=\u00bbtext-center\u00bb responsive_css=\u00bbpadding_top_large:220px\u00bb&#8230;<\/p>\n","protected":false},"author":1,"featured_media":11330,"parent":0,"menu_order":0,"comment_status":"closed","ping_status":"closed","template":"","meta":{"_acf_changed":false,"footnotes":""},"class_list":["post-11336","page","type-page","status-publish","has-post-thumbnail","hentry"],"acf":[],"yoast_head":"<!-- This site is optimized with the Yoast SEO Premium plugin v20.10 (Yoast SEO v27.0) - https:\/\/yoast.com\/product\/yoast-seo-premium-wordpress\/ -->\n<title>Comida en grupo en Caf\u00e9 de l\u2019Homme Par\u00eds - Caf\u00e9 de l&#039;Homme<\/title>\n<meta name=\"description\" content=\"Organice su comida en grupo en el Caf\u00e9 de l\u2019Homme, frente a la Torre Eiffel. Experiencias a medida en nuestro restaurante con terraza frente a la Torre Eiffel.\" \/>\n<meta name=\"robots\" content=\"index, follow, max-snippet:-1, max-image-preview:large, max-video-preview:-1\" \/>\n<link rel=\"canonical\" href=\"https:\/\/www.cafedelhomme.com\/es\/groupes\" \/>\n<meta property=\"og:locale\" content=\"es_ES\" \/>\n<meta property=\"og:type\" content=\"article\" \/>\n<meta property=\"og:title\" content=\"Comida en grupo en Caf\u00e9 de l\u2019Homme Par\u00eds - Caf\u00e9 de l&#039;Homme\" \/>\n<meta property=\"og:description\" content=\"Descubre el mejor restaurante con terraza de Par\u00eds 16 y disfruta de una vista de la Torre Eiffel para una comida o cena gourmet\" \/>\n<meta property=\"og:url\" content=\"https:\/\/www.cafedelhomme.com\/es\/groupes\" \/>\n<meta property=\"og:site_name\" content=\"Caf\u00e9 de l&#039;Homme\" \/>\n<meta property=\"article:publisher\" content=\"https:\/\/www.facebook.com\/cafedelhomme\" \/>\n<meta property=\"article:modified_time\" content=\"2026-02-17T15:27:21+00:00\" \/>\n<meta property=\"og:image\" content=\"https:\/\/www.cafedelhomme.com\/wp-content\/uploads\/2025\/05\/Anniversaire.jpg\" \/>\n\t<meta property=\"og:image:width\" content=\"1080\" \/>\n\t<meta property=\"og:image:height\" content=\"1350\" \/>\n\t<meta property=\"og:image:type\" content=\"image\/jpeg\" \/>\n<meta name=\"twitter:card\" content=\"summary_large_image\" \/>\n<meta name=\"twitter:label1\" content=\"Tiempo de lectura\" \/>\n\t<meta name=\"twitter:data1\" content=\"4 minutos\" \/>\n<script type=\"application\/ld+json\" class=\"yoast-schema-graph\">{\"@context\":\"https:\/\/schema.org\",\"@graph\":[{\"@type\":\"WebPage\",\"@id\":\"https:\/\/www.cafedelhomme.com\/es\/groupes\",\"url\":\"https:\/\/www.cafedelhomme.com\/es\/groupes\",\"name\":\"Comida en grupo en Caf\u00e9 de l\u2019Homme Par\u00eds - Caf\u00e9 de l&#039;Homme\",\"isPartOf\":{\"@id\":\"https:\/\/www.cafedelhomme.com\/es#website\"},\"primaryImageOfPage\":{\"@id\":\"https:\/\/www.cafedelhomme.com\/es\/groupes#primaryimage\"},\"image\":{\"@id\":\"https:\/\/www.cafedelhomme.com\/es\/groupes#primaryimage\"},\"thumbnailUrl\":\"https:\/\/www.cafedelhomme.com\/wp-content\/uploads\/2025\/05\/Anniversaire.jpg\",\"datePublished\":\"2025-05-06T13:24:18+00:00\",\"dateModified\":\"2026-02-17T15:27:21+00:00\",\"description\":\"Organice su comida en grupo en el Caf\u00e9 de l\u2019Homme, frente a la Torre Eiffel. Experiencias a medida en nuestro restaurante con terraza frente a la Torre Eiffel.\",\"inLanguage\":\"es\",\"potentialAction\":[{\"@type\":\"ReadAction\",\"target\":[\"https:\/\/www.cafedelhomme.com\/es\/groupes\"]}]},{\"@type\":\"ImageObject\",\"inLanguage\":\"es\",\"@id\":\"https:\/\/www.cafedelhomme.com\/es\/groupes#primaryimage\",\"url\":\"https:\/\/www.cafedelhomme.com\/wp-content\/uploads\/2025\/05\/Anniversaire.jpg\",\"contentUrl\":\"https:\/\/www.cafedelhomme.com\/wp-content\/uploads\/2025\/05\/Anniversaire.jpg\",\"width\":1080,\"height\":1350},{\"@type\":\"WebSite\",\"@id\":\"https:\/\/www.cafedelhomme.com\/es#website\",\"url\":\"https:\/\/www.cafedelhomme.com\/es\",\"name\":\"Caf\u00e9 de l'Homme\",\"description\":\"\",\"publisher\":{\"@id\":\"https:\/\/www.cafedelhomme.com\/es#organization\"},\"potentialAction\":[{\"@type\":\"SearchAction\",\"target\":{\"@type\":\"EntryPoint\",\"urlTemplate\":\"https:\/\/www.cafedelhomme.com\/es?s={search_term_string}\"},\"query-input\":{\"@type\":\"PropertyValueSpecification\",\"valueRequired\":true,\"valueName\":\"search_term_string\"}}],\"inLanguage\":\"es\"},{\"@type\":\"Organization\",\"@id\":\"https:\/\/www.cafedelhomme.com\/es#organization\",\"name\":\"Caf\u00e9 del Hombre\",\"url\":\"https:\/\/www.cafedelhomme.com\/es\",\"logo\":{\"@type\":\"ImageObject\",\"inLanguage\":\"es\",\"@id\":\"https:\/\/www.cafedelhomme.com\/es#\/schema\/logo\/image\/\",\"url\":\"https:\/\/www.cafedelhomme.com\/wp-content\/uploads\/2023\/04\/big-logo-300x163-1.png\",\"contentUrl\":\"https:\/\/www.cafedelhomme.com\/wp-content\/uploads\/2023\/04\/big-logo-300x163-1.png\",\"width\":300,\"height\":163,\"caption\":\"Caf\u00e9 del Hombre\"},\"image\":{\"@id\":\"https:\/\/www.cafedelhomme.com\/es#\/schema\/logo\/image\/\"},\"sameAs\":[\"https:\/\/www.facebook.com\/cafedelhomme\",\"https:\/\/www.instagram.com\/cafedelhomme\/\"]}]}<\/script>\n<!-- \/ Yoast SEO Premium plugin. -->","yoast_head_json":{"title":"Comida en grupo en Caf\u00e9 de l\u2019Homme Par\u00eds - Caf\u00e9 de l&#039;Homme","description":"Organice su comida en grupo en el Caf\u00e9 de l\u2019Homme, frente a la Torre Eiffel. Experiencias a medida en nuestro restaurante con terraza frente a la Torre Eiffel.","robots":{"index":"index","follow":"follow","max-snippet":"max-snippet:-1","max-image-preview":"max-image-preview:large","max-video-preview":"max-video-preview:-1"},"canonical":"https:\/\/www.cafedelhomme.com\/es\/groupes","og_locale":"es_ES","og_type":"article","og_title":"Comida en grupo en Caf\u00e9 de l\u2019Homme Par\u00eds - Caf\u00e9 de l&#039;Homme","og_description":"Descubre el mejor restaurante con terraza de Par\u00eds 16 y disfruta de una vista de la Torre Eiffel para una comida o cena gourmet","og_url":"https:\/\/www.cafedelhomme.com\/es\/groupes","og_site_name":"Caf\u00e9 de l&#039;Homme","article_publisher":"https:\/\/www.facebook.com\/cafedelhomme","article_modified_time":"2026-02-17T15:27:21+00:00","og_image":[{"width":1080,"height":1350,"url":"https:\/\/www.cafedelhomme.com\/wp-content\/uploads\/2025\/05\/Anniversaire.jpg","type":"image\/jpeg"}],"twitter_card":"summary_large_image","twitter_misc":{"Tiempo de lectura":"4 minutos"},"schema":{"@context":"https:\/\/schema.org","@graph":[{"@type":"WebPage","@id":"https:\/\/www.cafedelhomme.com\/es\/groupes","url":"https:\/\/www.cafedelhomme.com\/es\/groupes","name":"Comida en grupo en Caf\u00e9 de l\u2019Homme Par\u00eds - Caf\u00e9 de l&#039;Homme","isPartOf":{"@id":"https:\/\/www.cafedelhomme.com\/es#website"},"primaryImageOfPage":{"@id":"https:\/\/www.cafedelhomme.com\/es\/groupes#primaryimage"},"image":{"@id":"https:\/\/www.cafedelhomme.com\/es\/groupes#primaryimage"},"thumbnailUrl":"https:\/\/www.cafedelhomme.com\/wp-content\/uploads\/2025\/05\/Anniversaire.jpg","datePublished":"2025-05-06T13:24:18+00:00","dateModified":"2026-02-17T15:27:21+00:00","description":"Organice su comida en grupo en el Caf\u00e9 de l\u2019Homme, frente a la Torre Eiffel. Experiencias a medida en nuestro restaurante con terraza frente a la Torre Eiffel.","inLanguage":"es","potentialAction":[{"@type":"ReadAction","target":["https:\/\/www.cafedelhomme.com\/es\/groupes"]}]},{"@type":"ImageObject","inLanguage":"es","@id":"https:\/\/www.cafedelhomme.com\/es\/groupes#primaryimage","url":"https:\/\/www.cafedelhomme.com\/wp-content\/uploads\/2025\/05\/Anniversaire.jpg","contentUrl":"https:\/\/www.cafedelhomme.com\/wp-content\/uploads\/2025\/05\/Anniversaire.jpg","width":1080,"height":1350},{"@type":"WebSite","@id":"https:\/\/www.cafedelhomme.com\/es#website","url":"https:\/\/www.cafedelhomme.com\/es","name":"Caf\u00e9 de l'Homme","description":"","publisher":{"@id":"https:\/\/www.cafedelhomme.com\/es#organization"},"potentialAction":[{"@type":"SearchAction","target":{"@type":"EntryPoint","urlTemplate":"https:\/\/www.cafedelhomme.com\/es?s={search_term_string}"},"query-input":{"@type":"PropertyValueSpecification","valueRequired":true,"valueName":"search_term_string"}}],"inLanguage":"es"},{"@type":"Organization","@id":"https:\/\/www.cafedelhomme.com\/es#organization","name":"Caf\u00e9 del Hombre","url":"https:\/\/www.cafedelhomme.com\/es","logo":{"@type":"ImageObject","inLanguage":"es","@id":"https:\/\/www.cafedelhomme.com\/es#\/schema\/logo\/image\/","url":"https:\/\/www.cafedelhomme.com\/wp-content\/uploads\/2023\/04\/big-logo-300x163-1.png","contentUrl":"https:\/\/www.cafedelhomme.com\/wp-content\/uploads\/2023\/04\/big-logo-300x163-1.png","width":300,"height":163,"caption":"Caf\u00e9 del Hombre"},"image":{"@id":"https:\/\/www.cafedelhomme.com\/es#\/schema\/logo\/image\/"},"sameAs":["https:\/\/www.facebook.com\/cafedelhomme","https:\/\/www.instagram.com\/cafedelhomme\/"]}]}},"_links":{"self":[{"href":"https:\/\/www.cafedelhomme.com\/es\/wp-json\/wp\/v2\/pages\/11336","targetHints":{"allow":["GET"]}}],"collection":[{"href":"https:\/\/www.cafedelhomme.com\/es\/wp-json\/wp\/v2\/pages"}],"about":[{"href":"https:\/\/www.cafedelhomme.com\/es\/wp-json\/wp\/v2\/types\/page"}],"author":[{"embeddable":true,"href":"https:\/\/www.cafedelhomme.com\/es\/wp-json\/wp\/v2\/users\/1"}],"replies":[{"embeddable":true,"href":"https:\/\/www.cafedelhomme.com\/es\/wp-json\/wp\/v2\/comments?post=11336"}],"version-history":[{"count":10,"href":"https:\/\/www.cafedelhomme.com\/es\/wp-json\/wp\/v2\/pages\/11336\/revisions"}],"predecessor-version":[{"id":15877,"href":"https:\/\/www.cafedelhomme.com\/es\/wp-json\/wp\/v2\/pages\/11336\/revisions\/15877"}],"wp:featuredmedia":[{"embeddable":true,"href":"https:\/\/www.cafedelhomme.com\/es\/wp-json\/wp\/v2\/media\/11330"}],"wp:attachment":[{"href":"https:\/\/www.cafedelhomme.com\/es\/wp-json\/wp\/v2\/media?parent=11336"}],"curies":[{"name":"wp","href":"https:\/\/api.w.org\/{rel}","templated":true}]}}