{"id":12611,"date":"2025-09-08T10:00:11","date_gmt":"2025-09-08T08:00:11","guid":{"rendered":"https:\/\/www.cafedelhomme.com\/?page_id=12611"},"modified":"2025-09-08T10:01:03","modified_gmt":"2025-09-08T08:01:03","slug":"restaurante-insolito-en-paris-10","status":"publish","type":"page","link":"https:\/\/www.cafedelhomme.com\/es\/restaurante-insolito-en-paris-10","title":{"rendered":"Restaurante ins\u00f3lito en Par\u00eds"},"content":{"rendered":"<div class=\"wpb-content-wrapper\"><p>[vc_row sticky_row=\u00bbyes\u00bb css=\u00bb.vc_custom_1729757449101{background-image: url(https:\/\/www.cafedelhomme.com\/wp-content\/uploads\/2024\/01\/header-homepage-cdh.jpg?id=5114) !important;background-position: center !important;background-repeat: no-repeat !important;background-size: cover !important;}\u00bb el_id=\u00bbcabecera-p\u00e1gina-simple\u00bb][vc_column responsive_css=\u00bbpadding_top_large:220px|padding_bottom_large:220px\u00bb css=\u00bb.vc_custom_1683277774171{padding-top: 120px !important;padding-bottom: 230px !important;}\u00bb][vc_custom_heading text=\u00bbL\u2019\u00c9t\u00e9 parisien au Caf\u00e9 de l\u2019Homme \u2013 Terrasse, saveurs et vue imprenable\u00bb font_container=\u00bbtag:h1|text_align:center\u00bb css=\u00bb.vc_custom_1752743956776{margin-bottom: 0px !important;}\u00bb][vc_column_text css=\u00bb\u00bb]<\/p>\n<p style=\"text-align: center;\">Un \u00e9t\u00e9 inoubliable \u00e0 Paris, face \u00e0 la tour Eiffel<\/p>\n<p>[\/vc_column_text][\/vc_column][\/vc_row][vc_row el_id=\u00bbimg-y-texto\u00bb responsive_css=\u00bbpadding_top_large:160px|padding_bottom_large:80px\u00bb css=\u00bb.vc_custom_1730107755116{padding-bottom: 40px !important;background-color: #ffffff !important;}\u00bb][vc_column][vc_row_inner equal_height=\u00bbyes\u00bb content_placement=\u00bbmiddle\u00bb responsive_css=\u00bbmargin_bottom_large:80px\u00bb css=\u00bb.vc_custom_1686138812636{margin-bottom: 40px !important;}\u00bb][vc_column_inner width=\u00bb1\/2&Prime; el_class=\u00bbpicture_top\u00bb][vc_single_image image=\u00bb9886&Prime; img_size=\u00bbfull\u00bb css=\u00bb.vc_custom_1752744069860{margin-bottom: 0px !important;}\u00bb][\/vc_column_inner][vc_column_inner width=\u00bb1\/2&Prime; el_class=\u00bbtext_right\u00bb][vc_custom_heading text=\u00bbUne terrasse embl\u00e9matique pour profiter pleinement du soleil \u00e0 Paris\u00bb css=\u00bb\u00bb][vc_column_text css=\u00bb\u00bb]Caf\u00e9 de l\u2019Homme devient l\u2019une des adresses les plus pris\u00e9es de la capitale. Install\u00e9 dans l\u2019enceinte du Palais de Chaillot, au c\u0153ur du Trocad\u00e9ro, notre \u00e9tablissement vous accueille sur ses terrasses* \u00e0 ciel ouvert pour savourer pleinement la saison estivale. Que ce soit pour un d\u00e9jeuner ensoleill\u00e9, un ap\u00e9ritif entre amis ou un d\u00eener au cr\u00e9puscule, chaque moment se vit ici dans un d\u00e9cor \u00e0 couper le souffle, avec vue directe sur la tour Eiffel.<\/p>\n<p>\u00bbL\u2019exp\u00e9rience Terrasse vous garantit une vue imprenable sur la tour Eiffel, accompagn\u00e9e d\u2019une coupe de champagne, pour un suppl\u00e9ment de 60\u20ac par convive.\u00bb<\/p>\n<p>La Terrasse Jardin, bord\u00e9e de verdure, offre un cocon de fra\u00eecheur et de tranquillit\u00e9, tandis que la Terrasse Eiffel s\u00e9duit par son orientation plein monument et ses couchers de soleil spectaculaires. Le cadre parfait pour savourer l\u2019art de vivre parisien, en toute \u00e9l\u00e9gance.[\/vc_column_text]<a href=\"#\" class=\"btn btn-naked btn_underline open-vv ld_button_69f1eb1bb7196\">\n\t<span>\n\t\t\n\t\t\t\t\t<span class=\"btn-txt\">visiter la terrasse du Caf\u00e9 de l'Homme.<\/span>\n\t\t\t\n\t\t\t\t<\/span>\n<\/a>\n[\/vc_column_inner][\/vc_row_inner][\/vc_column][\/vc_row][vc_row enable_gradient=\u00bbyes\u00bb css=\u00bb.vc_custom_1730111311851{padding-top: 150px !important;padding-bottom: 150px !important;background-color: #000000 !important;background-position: center !important;background-repeat: no-repeat !important;background-size: cover !important;}\u00bb el_class=\u00bbvisite-virtuelle\u00bb gradient_bg=\u00bblinear-gradient(0deg, rgba(0, 0, 0, 0.5) 0%, rgba(0,0,0,0.4) 100%)\u00bb][vc_column][vc_custom_heading text=\u00bbD\u00e9couvrez Caf\u00e9 de l&rsquo;Homme avec une visite virtuelle immersive\u00bb font_container=\u00bbtag:h2|text_align:center\u00bb css=\u00bb\u00bb][vc_column_text css=\u00bb\u00bb]Explorez l\u2019univers exclusif du Caf\u00e9 de l\u2019Homme gr\u00e2ce \u00e0 notre visite virtuelle immersive. Parcourez chaque espace de notre restaurant cach\u00e9 offrant une vue spectaculaire sur la tour Eiffel. Plongez dans l\u2019atmosph\u00e8re raffin\u00e9e et chaleureuse du Caf\u00e9 de l\u2019Homme et pr\u00e9parez-vous \u00e0 vivre une exp\u00e9rience unique, en plein c\u0153ur de Paris.[\/vc_column_text]<a href=\"#\" class=\"btn btn-default btn-bordered border-thin btn btn-outline btn-outline-white open-vv ld_button_69f1eb1bb734d\">\n\t<span>\n\t\t\n\t\t\t\t\t<span class=\"btn-txt\">d\u00e9marrer la visite virtuelle<\/span>\n\t\t\t\n\t\t\t\t<\/span>\n<\/a>\n[\/vc_column][\/vc_row][vc_row responsive_css=\u00bbpadding_top_large:160px|padding_bottom_large:80px\u00bb css=\u00bb.vc_custom_1730107763818{padding-bottom: 40px !important;background-color: #ffffff !important;}\u00bb el_id=\u00bbimg-y-texto-alt\u00bb][vc_column][vc_row_inner equal_height=\u00bbyes\u00bb content_placement=\u00bbmiddle\u00bb][vc_column_inner width=\u00bb1\/2&Prime; el_class=\u00bbtext_left\u00bb][vc_custom_heading text=\u00bbUne carte estivale qui c\u00e9l\u00e8bre les saveurs de saison\u00bb css=\u00bb\u00bb][vc_column_text css=\u00bb\u00bb]L\u2019\u00e9t\u00e9 est aussi dans l\u2019assiette. Le Chef Wilfried Graux et sa brigade vous proposent une carte estivale fra\u00eeche et raffin\u00e9e, mettant \u00e0 l\u2019honneur les produits de saison. Entr\u00e9es d\u00e9licates, plats sophistiqu\u00e9s, accompagnements soign\u00e9s et assiettes \u00e0 partager : chaque mets est pens\u00e9 pour conjuguer l\u00e9g\u00e8ret\u00e9, go\u00fbt et plaisir.<\/p>\n<p>Les mets sont accompagn\u00e9s d\u2019une s\u00e9lection de vins ros\u00e9s, champagnes prestigieux et cocktails signatures, \u00e9labor\u00e9s par nos mixologues. Que vous optiez pour une coupe en terrasse \u00e0 midi ou un cocktail glac\u00e9 au coucher du soleil, la carte estivale du Caf\u00e9 de l\u2019Homme invite \u00e0 la d\u00e9tente gourmande, dans un cadre d\u2019exception.[\/vc_column_text]<a href=\"https:\/\/www.cafedelhomme.com\/la-carte\" class=\"btn btn-naked btn_underline ld_button_69f1eb1bb748b\">\n\t<span>\n\t\t\n\t\t\t\t\t<span class=\"btn-txt\">d\u00e9couvrir la carte d\u2019\u00e9t\u00e9.<\/span>\n\t\t\t\n\t\t\t\t<\/span>\n<\/a>\n[\/vc_column_inner][vc_column_inner width=\u00bb1\/2&Prime; el_class=\u00bbpicture_bottom\u00bb][vc_single_image image=\u00bb7704&Prime; img_size=\u00bbfull\u00bb alignment=\u00bbcenter\u00bb css=\u00bb\u00bb][\/vc_column_inner][\/vc_row_inner][\/vc_column][\/vc_row][vc_row responsive_css=\u00bbpadding_top_large:160px|padding_bottom_large:80px\u00bb css=\u00bb.vc_custom_1752743267910{padding-bottom: 40px !important;background-color: #ffffff !important;}\u00bb el_class=\u00bbimg-and-text\u00bb][vc_column][vc_row_inner equal_height=\u00bbyes\u00bb content_placement=\u00bbmiddle\u00bb responsive_css=\u00bbmargin_bottom_large:80px\u00bb css=\u00bb.vc_custom_1686138812636{margin-bottom: 40px !important;}\u00bb][vc_column_inner width=\u00bb1\/2&Prime; el_class=\u00bbpicture_top\u00bb][vc_single_image image=\u00bb12208&Prime; img_size=\u00bbfull\u00bb css=\u00bb.vc_custom_1752754446090{margin-bottom: 0px !important;}\u00bb][\/vc_column_inner][vc_column_inner width=\u00bb1\/2&Prime; el_class=\u00bbtext_right\u00bb][vc_custom_heading text=\u00bbSunset, cocktails et ambiance unique\u00bb css=\u00bb\u00bb][vc_column_text css=\u00bb.vc_custom_1752754429241{margin-top: 35px !important;}\u00bb]Au Caf\u00e9 de l\u2019Homme, l\u2019ambiance \u00e9volue tout au long de la journ\u00e9e, au rythme du soleil. En journ\u00e9e, les terrasses se pr\u00eatent \u00e0 un d\u00e9jeuner lumineux, baign\u00e9 de lumi\u00e8re naturelle et anim\u00e9 par l\u2019\u00e9l\u00e9gance parisienne. En fin d\u2019apr\u00e8s-midi, place \u00e0 l\u2019ap\u00e9ritif en terrasse, avec une carte de cocktails estivaux aux ar\u00f4mes fruit\u00e9s et exotiques, parfaits pour accompagner le spectacle d\u2019un coucher de soleil face \u00e0 la tour Eiffel.<\/p>\n<p>\u00c0 la tomb\u00e9e de la nuit, le lieu se transforme : l\u2019atmosph\u00e8re devient plus feutr\u00e9e, plus festive, port\u00e9e par une s\u00e9lection musicale soigneusement pens\u00e9e. Entre romantisme parisien et art de recevoir \u00e0 la fran\u00e7aise, l\u2019\u00e9t\u00e9 au Caf\u00e9 de l\u2019Homme se vit comme une parenth\u00e8se envo\u00fbtante suspendue dans le temps.[\/vc_column_text][\/vc_column_inner][\/vc_row_inner][\/vc_column][\/vc_row][vc_row enable_gradient=\u00bbyes\u00bb css=\u00bb.vc_custom_1730111311851{padding-top: 150px !important;padding-bottom: 150px !important;background-color: #000000 !important;background-position: center !important;background-repeat: no-repeat !important;background-size: cover !important;}\u00bb el_class=\u00bbvisite-virtuelle\u00bb gradient_bg=\u00bblinear-gradient(0deg, rgba(0, 0, 0, 0.5) 0%, rgba(0,0,0,0.4) 100%)\u00bb][vc_column][vc_custom_heading text=\u00bbVenez d\u00e9couvrir le Caf\u00e9 de l&rsquo;Homme au coeur de Paris\u00bb font_container=\u00bbtag:h2|text_align:center\u00bb css=\u00bb\u00bb][\/vc_column][\/vc_row][vc_row el_id=\u00bbequipo\u00bb css=\u00bb.vc_custom_1686224179321{padding-top: 80px !important;padding-bottom: 80px !important;background-color: #faf9f6 !important;}\u00bb responsive_css=\u00bbpadding_top_large:145px|padding_bottom_large:168px\u00bb el_class=\u00bbprestations\u00bb][vc_column width=\u00bb5\/12&Prime;][vc_custom_heading text=\u00bbL\u2019exp\u00e9rience estivale Caf\u00e9 de l\u2019Homme\u00bb css=\u00bb.vc_custom_1752755112589{margin-bottom: 40px !important;}\u00bb][vc_column_text css=\u00bb.vc_custom_1752755127068{margin-bottom: 40px !important;}\u00bb]Terrasse, gastronomie, vue, ambiance, service sur mesure : tout est r\u00e9uni pour faire du Caf\u00e9 de l\u2019Homme l\u2019adresse incontournable de votre \u00e9t\u00e9 parisien. Que vous soyez de passage \u00e0 Paris ou Parisien en qu\u00eate d\u2019\u00e9vasion, notre restaurant vous accueille dans une atmosph\u00e8re unique.<\/p>\n<p>Vivez la capitale autrement, en vous installant \u00e0 l\u2019une de nos tables en terrasse, avec un cocktail, une fl\u00fbte de champagne et des mets d\u00e9licats. Du d\u00e9jeuner chic \u00e0 l\u2019ap\u00e9ro sunset, jusqu\u2019au d\u00eener sous les \u00e9toiles, chaque moment pass\u00e9 au Caf\u00e9 de l\u2019Homme est une exp\u00e9rience \u00e0 part enti\u00e8re. Le tout port\u00e9 par un service soign\u00e9, une cuisine inspir\u00e9e et une ambiance qu\u2019on ne trouve nulle part ailleurs.[\/vc_column_text]<a href=\"#\" class=\"btn btn-naked btn_underline track-lkd init-seven-rooms sr-res-root ld_button_69f1eb1bb75b5\">\n\t<span>\n\t\t\n\t\t\t\t\t<span class=\"btn-txt\">r\u00e9server une table.<\/span>\n\t\t\t\n\t\t\t\t<\/span>\n<\/a>\n[\/vc_column][vc_column width=\u00bb7\/12&Prime;][vc_row_inner equal_height=\u00bbyes\u00bb content_placement=\u00bbmiddle\u00bb responsive_css=\u00bbmargin_bottom_large:30px\u00bb css=\u00bb.vc_custom_1686224165726{margin-bottom: 40px !important;}\u00bb el_class=\u00bboptions\u00bb][vc_column_inner width=\u00bb1\/2&Prime; enable_overlay=\u00bbyes\u00bb align=\u00bbtext-center\u00bb css=\u00bb.vc_custom_1686240038037{background-image: url(https:\/\/www.cafedelhomme.com\/wp-content\/uploads\/2023\/04\/img-right-scaled.jpg?id=371) !important;background-position: center !important;background-repeat: no-repeat !important;background-size: cover !important;}\u00bb overlay_bg=\u00bbrgba(0, 0, 0, 0.35)\u00bb el_class=\u00bboption-modal\u00bb]<a href=\"#\" class=\"btn btn-default btn-bordered border-thin btn btn-outline btn-outline-white open_modal-simple ld_button_69f1eb1bb76ca\">\n\t<span>\n\t\t\n\t\t\t\t\t<span class=\"btn-txt\">Des plats sophistiqu\u00e9s et gourmands<\/span>\n\t\t\t\n\t\t\t\t<\/span>\n<\/a>\n[vc_column_text css=\u00bb\u00bb el_class=\u00bbmodal-content-simple\u00bb]La carte estivale du Caf\u00e9 de l\u2019Homme met \u00e0 l\u2019honneur les produits frais et de saison : Homard, duo de thon, l\u00e9gumes grill\u00e9s, viandes savoureuses et douceurs fruit\u00e9es. Des assiettes \u00e0 la fois g\u00e9n\u00e9reuses et \u00e9quilibr\u00e9es, pens\u00e9es pour accompagner les beaux jours avec \u00e9l\u00e9gance. Id\u00e9al pour un d\u00e9jeuner rapide, un d\u00eener raffin\u00e9 ou un ap\u00e9ritif dinatoire \u00e0 partager face \u00e0 la tour Eiffel.[\/vc_column_text][\/vc_column_inner][vc_column_inner width=\u00bb1\/2&Prime; enable_overlay=\u00bbyes\u00bb align=\u00bbtext-center\u00bb css=\u00bb.vc_custom_1686240015414{background-image: url(https:\/\/www.cafedelhomme.com\/wp-content\/uploads\/2023\/04\/bg-fullscreen-scaled.jpg?id=452) !important;background-position: center !important;background-repeat: no-repeat !important;background-size: cover !important;}\u00bb overlay_bg=\u00bbrgba(0, 0, 0, 0.35)\u00bb el_class=\u00bboption-modal\u00bb]<a href=\"#\" class=\"btn btn-default btn-bordered border-thin btn btn-outline btn-outline-white open_modal-simple ld_button_69f1eb1bb77d4\">\n\t<span>\n\t\t\n\t\t\t\t\t<span class=\"btn-txt\">Une terrasse ouverte sur Paris<\/span>\n\t\t\t\n\t\t\t\t<\/span>\n<\/a>\n[vc_column_text css=\u00bb\u00bb el_class=\u00bbmodal-content-simple\u00bb]Avec ses deux terrasses d\u2019exception \u2013 Terrasse Jardin et Terrasse Eiffel \u2013 Caf\u00e9 de l\u2019Homme offre l\u2019une des plus belles vues de Paris. Que vous choisissiez l\u2019ambiance v\u00e9g\u00e9tale et intimiste ou le panorama direct sur la tour Eiffel, chaque table est une invitation \u00e0 profiter du grand air, en plein c\u0153ur de la capitale.[\/vc_column_text][\/vc_column_inner][\/vc_row_inner][vc_row_inner equal_height=\u00bbyes\u00bb content_placement=\u00bbmiddle\u00bb responsive_css=\u00bbmargin_bottom_large:10px\u00bb css=\u00bb.vc_custom_1686224370091{margin-bottom: 40px !important;}\u00bb el_class=\u00bboptions\u00bb][vc_column_inner width=\u00bb1\/2&Prime; enable_overlay=\u00bbyes\u00bb align=\u00bbtext-center\u00bb css=\u00bb.vc_custom_1686240081843{background-image: url(https:\/\/www.cafedelhomme.com\/wp-content\/uploads\/2023\/04\/BG-1-1.jpg?id=354) !important;background-position: center !important;background-repeat: no-repeat !important;background-size: cover !important;}\u00bb overlay_bg=\u00bbrgba(0, 0, 0, 0.35)\u00bb el_class=\u00bboption-modal\u00bb]<a href=\"#\" class=\"btn btn-default btn-bordered border-thin btn btn-outline btn-outline-white open_modal-simple ld_button_69f1eb1bb78d9\">\n\t<span>\n\t\t\n\t\t\t\t\t<span class=\"btn-txt\">Des cocktails pour savourer l\u2019\u00e9t\u00e9<\/span>\n\t\t\t\n\t\t\t\t<\/span>\n<\/a>\n[vc_column_text css=\u00bb\u00bb el_class=\u00bbmodal-content-simple\u00bb]D\u00e9couvrez une collection estivale de cocktails frais, color\u00e9s et inventifs. Fruits rouges, agrumes, herbes fra\u00eeches, notes florales ou exotiques : chaque cr\u00e9ation est pens\u00e9e pour sublimer vos fins de journ\u00e9e. Parfait pour accompagner un sunset ou d\u00e9marrer une soir\u00e9e chic, les cocktails du Caf\u00e9 de l\u2019Homme sont \u00e0 la hauteur du cadre.[\/vc_column_text][\/vc_column_inner][vc_column_inner width=\u00bb1\/2&Prime; enable_overlay=\u00bbyes\u00bb align=\u00bbtext-center\u00bb css=\u00bb.vc_custom_1686240058941{background-image: url(https:\/\/www.cafedelhomme.com\/wp-content\/uploads\/2023\/04\/img-left-scaled.jpg?id=370) !important;background-position: center !important;background-repeat: no-repeat !important;background-size: cover !important;}\u00bb overlay_bg=\u00bbrgba(0, 0, 0, 0.35)\u00bb el_class=\u00bboption-modal\u00bb]<a href=\"#\" class=\"btn btn-default btn-bordered border-thin btn btn-outline btn-outline-white open_modal-simple ld_button_69f1eb1bb79e6\">\n\t<span>\n\t\t\n\t\t\t\t\t<span class=\"btn-txt\">Une ambiance qui \u00e9volue toute la journ\u00e9e<\/span>\n\t\t\t\n\t\t\t\t<\/span>\n<\/a>\n[vc_column_text css=\u00bb\u00bb el_class=\u00bbmodal-content-simple\u00bb]Du midi jusqu\u2019\u00e0 minuit, l\u2019ambiance du Caf\u00e9 de l\u2019Homme suit la lumi\u00e8re du jour : d\u00e9jeuner lumineux, ap\u00e9ritif en terrasse, soir\u00e9e musicale feutr\u00e9e. Gr\u00e2ce \u00e0 une programmation musicale subtile et un service attentif, chaque moment prend une tonalit\u00e9 diff\u00e9rente, faisant de votre venue un v\u00e9ritable voyage sensoriel en plein Paris.[\/vc_column_text][\/vc_column_inner][\/vc_row_inner][\/vc_column][\/vc_row][vc_row full_width=\u00bbstretch_row\u00bb equal_height=\u00bbyes\u00bb bg_position=\u00bbcenter center\u00bb css=\u00bb.vc_custom_1683016397706{padding-top: 80px !important;padding-bottom: 80px !important;background-image: url(https:\/\/www.cafedelhomme.com\/wp-content\/uploads\/2023\/04\/BG-1-1.jpg?id=354) !important;background-position: center !important;background-repeat: no-repeat !important;background-size: cover !important;}\u00bb el_id=\u00bbimg-pantalla\u00bb responsive_css=\u00bbpadding_top_large:250px|padding_bottom_large:250px\u00bb][vc_column align=\u00bbtext-center\u00bb][vc_custom_heading text=\u00bbReserva un momento ins\u00f3lito en nuestro restaurante\u00bb font_container=\u00bbtag:h2|text_align:center\u00bb css=\u00bb\u00bb el_class=\u00bbtitle mb-16&Prime;][vc_column_text css=\u00bb\u00bb el_class=\u00bbsub-title mb-40&Prime;]<em>Porque lo excepcional no espera, reserva ahora&#8230;<\/em>[\/vc_column_text]<a href=\"https:\/\/www.sevenrooms.com\/explore\/cafedelhomme\/reservations\/create\/search?tracking=seo-blog\" target=\"_blank\" class=\"btn btn-default btn-bordered border-thin btn btn-outline btn-outline-white ld_button_69f1eb1bb7aee\">\n\t<span>\n\t\t\n\t\t\t\t\t<span class=\"btn-txt\">je r\u00e9serve.<\/span>\n\t\t\t\n\t\t\t\t<\/span>\n<\/a>\n[\/vc_column][\/vc_row]<\/p>\n<\/div>","protected":false},"excerpt":{"rendered":"<p>[vc_row sticky_row=\u00bbyes\u00bb css=\u00bb.vc_custom_1729757449101{background-image: url(https:\/\/www.cafedelhomme.com\/wp-content\/uploads\/2024\/01\/header-homepage-cdh.jpg?id=5114) !important;background-position: center !important;background-repeat: no-repeat !important;background-size: cover !important;}\u00bb el_id=\u00bbcabecera-p\u00e1gina-simple\u00bb][vc_column responsive_css=\u00bbpadding_top_large:220px|padding_bottom_large:220px\u00bb css=\u00bb.vc_custom_1683277774171{padding-top: 120px !important;padding-bottom: 230px !important;}\u00bb][vc_custom_heading text=\u00bbL\u2019\u00c9t\u00e9 parisien au Caf\u00e9 de l\u2019Homme \u2013 Terrasse, saveurs et vue imprenable\u00bb font_container=\u00bbtag:h1|text_align:center\u00bb css=\u00bb.vc_custom_1752743956776{margin-bottom: 0px !important;}\u00bb][vc_column_text css=\u00bb\u00bb] Un \u00e9t\u00e9 inoubliable \u00e0 Paris, face \u00e0 la tour Eiffel&#8230;<\/p>\n","protected":false},"author":14,"featured_media":12635,"parent":0,"menu_order":0,"comment_status":"closed","ping_status":"closed","template":"","meta":{"_acf_changed":false,"footnotes":""},"class_list":["post-12611","page","type-page","status-publish","has-post-thumbnail","hentry"],"acf":[],"yoast_head":"<!-- This site is optimized with the Yoast SEO Premium plugin v20.10 (Yoast SEO v27.0) - https:\/\/yoast.com\/product\/yoast-seo-premium-wordpress\/ -->\n<title>Restaurante ins\u00f3lito en Par\u00eds - Caf\u00e9 de l&#039;Homme<\/title>\n<meta name=\"description\" content=\"Una experiencia \u00fanica en un restaurante ins\u00f3lito de Par\u00eds. Situado en Par\u00eds 16, el Caf\u00e9 de l&#039;Homme ofrece una cocina refinada con una vista excepcional de la Torre Eiffel.\" \/>\n<meta name=\"robots\" content=\"index, follow, max-snippet:-1, max-image-preview:large, max-video-preview:-1\" \/>\n<link rel=\"canonical\" href=\"https:\/\/www.cafedelhomme.com\/es\/restaurante-insolito-en-paris-10\" \/>\n<meta property=\"og:locale\" content=\"es_ES\" \/>\n<meta property=\"og:type\" content=\"article\" \/>\n<meta property=\"og:title\" content=\"Restaurante ins\u00f3lito en Par\u00eds - Caf\u00e9 de l&#039;Homme\" \/>\n<meta property=\"og:description\" content=\"Descubre el mejor restaurante con terraza de Par\u00eds 16 y disfruta de una vista de la Torre Eiffel para una comida o cena gourmet\" \/>\n<meta property=\"og:url\" content=\"https:\/\/www.cafedelhomme.com\/es\/restaurante-insolito-en-paris-10\" \/>\n<meta property=\"og:site_name\" content=\"Caf\u00e9 de l&#039;Homme\" \/>\n<meta property=\"article:publisher\" content=\"https:\/\/www.facebook.com\/cafedelhomme\" \/>\n<meta property=\"article:modified_time\" content=\"2025-09-08T08:01:03+00:00\" \/>\n<meta property=\"og:image\" content=\"https:\/\/www.cafedelhomme.com\/wp-content\/uploads\/2023\/04\/BG-1.jpg\" \/>\n\t<meta property=\"og:image:width\" content=\"720\" \/>\n\t<meta property=\"og:image:height\" content=\"740\" \/>\n\t<meta property=\"og:image:type\" content=\"image\/jpeg\" \/>\n<meta name=\"twitter:card\" content=\"summary_large_image\" \/>\n<meta name=\"twitter:label1\" content=\"Tiempo de lectura\" \/>\n\t<meta name=\"twitter:data1\" content=\"12 minutos\" \/>\n<script type=\"application\/ld+json\" class=\"yoast-schema-graph\">{\"@context\":\"https:\/\/schema.org\",\"@graph\":[{\"@type\":\"WebPage\",\"@id\":\"https:\/\/www.cafedelhomme.com\/es\/restaurante-insolito-en-paris-10\",\"url\":\"https:\/\/www.cafedelhomme.com\/es\/restaurante-insolito-en-paris-10\",\"name\":\"Restaurante ins\u00f3lito en Par\u00eds - Caf\u00e9 de l&#039;Homme\",\"isPartOf\":{\"@id\":\"https:\/\/www.cafedelhomme.com\/es#website\"},\"primaryImageOfPage\":{\"@id\":\"https:\/\/www.cafedelhomme.com\/es\/restaurante-insolito-en-paris-10#primaryimage\"},\"image\":{\"@id\":\"https:\/\/www.cafedelhomme.com\/es\/restaurante-insolito-en-paris-10#primaryimage\"},\"thumbnailUrl\":\"https:\/\/www.cafedelhomme.com\/wp-content\/uploads\/2023\/04\/BG-1.jpg\",\"datePublished\":\"2025-09-08T08:00:11+00:00\",\"dateModified\":\"2025-09-08T08:01:03+00:00\",\"description\":\"Una experiencia \u00fanica en un restaurante ins\u00f3lito de Par\u00eds. Situado en Par\u00eds 16, el Caf\u00e9 de l'Homme ofrece una cocina refinada con una vista excepcional de la Torre Eiffel.\",\"inLanguage\":\"es\",\"potentialAction\":[{\"@type\":\"ReadAction\",\"target\":[\"https:\/\/www.cafedelhomme.com\/es\/restaurante-insolito-en-paris-10\"]}]},{\"@type\":\"ImageObject\",\"inLanguage\":\"es\",\"@id\":\"https:\/\/www.cafedelhomme.com\/es\/restaurante-insolito-en-paris-10#primaryimage\",\"url\":\"https:\/\/www.cafedelhomme.com\/wp-content\/uploads\/2023\/04\/BG-1.jpg\",\"contentUrl\":\"https:\/\/www.cafedelhomme.com\/wp-content\/uploads\/2023\/04\/BG-1.jpg\",\"width\":720,\"height\":740},{\"@type\":\"WebSite\",\"@id\":\"https:\/\/www.cafedelhomme.com\/es#website\",\"url\":\"https:\/\/www.cafedelhomme.com\/es\",\"name\":\"Caf\u00e9 de l'Homme\",\"description\":\"\",\"publisher\":{\"@id\":\"https:\/\/www.cafedelhomme.com\/es#organization\"},\"potentialAction\":[{\"@type\":\"SearchAction\",\"target\":{\"@type\":\"EntryPoint\",\"urlTemplate\":\"https:\/\/www.cafedelhomme.com\/es?s={search_term_string}\"},\"query-input\":{\"@type\":\"PropertyValueSpecification\",\"valueRequired\":true,\"valueName\":\"search_term_string\"}}],\"inLanguage\":\"es\"},{\"@type\":\"Organization\",\"@id\":\"https:\/\/www.cafedelhomme.com\/es#organization\",\"name\":\"Caf\u00e9 del Hombre\",\"url\":\"https:\/\/www.cafedelhomme.com\/es\",\"logo\":{\"@type\":\"ImageObject\",\"inLanguage\":\"es\",\"@id\":\"https:\/\/www.cafedelhomme.com\/es#\/schema\/logo\/image\/\",\"url\":\"https:\/\/www.cafedelhomme.com\/wp-content\/uploads\/2023\/04\/big-logo-300x163-1.png\",\"contentUrl\":\"https:\/\/www.cafedelhomme.com\/wp-content\/uploads\/2023\/04\/big-logo-300x163-1.png\",\"width\":300,\"height\":163,\"caption\":\"Caf\u00e9 del Hombre\"},\"image\":{\"@id\":\"https:\/\/www.cafedelhomme.com\/es#\/schema\/logo\/image\/\"},\"sameAs\":[\"https:\/\/www.facebook.com\/cafedelhomme\",\"https:\/\/www.instagram.com\/cafedelhomme\/\"]}]}<\/script>\n<!-- \/ Yoast SEO Premium plugin. -->","yoast_head_json":{"title":"Restaurante ins\u00f3lito en Par\u00eds - Caf\u00e9 de l&#039;Homme","description":"Una experiencia \u00fanica en un restaurante ins\u00f3lito de Par\u00eds. Situado en Par\u00eds 16, el Caf\u00e9 de l'Homme ofrece una cocina refinada con una vista excepcional de la Torre Eiffel.","robots":{"index":"index","follow":"follow","max-snippet":"max-snippet:-1","max-image-preview":"max-image-preview:large","max-video-preview":"max-video-preview:-1"},"canonical":"https:\/\/www.cafedelhomme.com\/es\/restaurante-insolito-en-paris-10","og_locale":"es_ES","og_type":"article","og_title":"Restaurante ins\u00f3lito en Par\u00eds - Caf\u00e9 de l&#039;Homme","og_description":"Descubre el mejor restaurante con terraza de Par\u00eds 16 y disfruta de una vista de la Torre Eiffel para una comida o cena gourmet","og_url":"https:\/\/www.cafedelhomme.com\/es\/restaurante-insolito-en-paris-10","og_site_name":"Caf\u00e9 de l&#039;Homme","article_publisher":"https:\/\/www.facebook.com\/cafedelhomme","article_modified_time":"2025-09-08T08:01:03+00:00","og_image":[{"width":720,"height":740,"url":"https:\/\/www.cafedelhomme.com\/wp-content\/uploads\/2023\/04\/BG-1.jpg","type":"image\/jpeg"}],"twitter_card":"summary_large_image","twitter_misc":{"Tiempo de lectura":"12 minutos"},"schema":{"@context":"https:\/\/schema.org","@graph":[{"@type":"WebPage","@id":"https:\/\/www.cafedelhomme.com\/es\/restaurante-insolito-en-paris-10","url":"https:\/\/www.cafedelhomme.com\/es\/restaurante-insolito-en-paris-10","name":"Restaurante ins\u00f3lito en Par\u00eds - Caf\u00e9 de l&#039;Homme","isPartOf":{"@id":"https:\/\/www.cafedelhomme.com\/es#website"},"primaryImageOfPage":{"@id":"https:\/\/www.cafedelhomme.com\/es\/restaurante-insolito-en-paris-10#primaryimage"},"image":{"@id":"https:\/\/www.cafedelhomme.com\/es\/restaurante-insolito-en-paris-10#primaryimage"},"thumbnailUrl":"https:\/\/www.cafedelhomme.com\/wp-content\/uploads\/2023\/04\/BG-1.jpg","datePublished":"2025-09-08T08:00:11+00:00","dateModified":"2025-09-08T08:01:03+00:00","description":"Una experiencia \u00fanica en un restaurante ins\u00f3lito de Par\u00eds. Situado en Par\u00eds 16, el Caf\u00e9 de l'Homme ofrece una cocina refinada con una vista excepcional de la Torre Eiffel.","inLanguage":"es","potentialAction":[{"@type":"ReadAction","target":["https:\/\/www.cafedelhomme.com\/es\/restaurante-insolito-en-paris-10"]}]},{"@type":"ImageObject","inLanguage":"es","@id":"https:\/\/www.cafedelhomme.com\/es\/restaurante-insolito-en-paris-10#primaryimage","url":"https:\/\/www.cafedelhomme.com\/wp-content\/uploads\/2023\/04\/BG-1.jpg","contentUrl":"https:\/\/www.cafedelhomme.com\/wp-content\/uploads\/2023\/04\/BG-1.jpg","width":720,"height":740},{"@type":"WebSite","@id":"https:\/\/www.cafedelhomme.com\/es#website","url":"https:\/\/www.cafedelhomme.com\/es","name":"Caf\u00e9 de l'Homme","description":"","publisher":{"@id":"https:\/\/www.cafedelhomme.com\/es#organization"},"potentialAction":[{"@type":"SearchAction","target":{"@type":"EntryPoint","urlTemplate":"https:\/\/www.cafedelhomme.com\/es?s={search_term_string}"},"query-input":{"@type":"PropertyValueSpecification","valueRequired":true,"valueName":"search_term_string"}}],"inLanguage":"es"},{"@type":"Organization","@id":"https:\/\/www.cafedelhomme.com\/es#organization","name":"Caf\u00e9 del Hombre","url":"https:\/\/www.cafedelhomme.com\/es","logo":{"@type":"ImageObject","inLanguage":"es","@id":"https:\/\/www.cafedelhomme.com\/es#\/schema\/logo\/image\/","url":"https:\/\/www.cafedelhomme.com\/wp-content\/uploads\/2023\/04\/big-logo-300x163-1.png","contentUrl":"https:\/\/www.cafedelhomme.com\/wp-content\/uploads\/2023\/04\/big-logo-300x163-1.png","width":300,"height":163,"caption":"Caf\u00e9 del Hombre"},"image":{"@id":"https:\/\/www.cafedelhomme.com\/es#\/schema\/logo\/image\/"},"sameAs":["https:\/\/www.facebook.com\/cafedelhomme","https:\/\/www.instagram.com\/cafedelhomme\/"]}]}},"_links":{"self":[{"href":"https:\/\/www.cafedelhomme.com\/es\/wp-json\/wp\/v2\/pages\/12611","targetHints":{"allow":["GET"]}}],"collection":[{"href":"https:\/\/www.cafedelhomme.com\/es\/wp-json\/wp\/v2\/pages"}],"about":[{"href":"https:\/\/www.cafedelhomme.com\/es\/wp-json\/wp\/v2\/types\/page"}],"author":[{"embeddable":true,"href":"https:\/\/www.cafedelhomme.com\/es\/wp-json\/wp\/v2\/users\/14"}],"replies":[{"embeddable":true,"href":"https:\/\/www.cafedelhomme.com\/es\/wp-json\/wp\/v2\/comments?post=12611"}],"version-history":[{"count":3,"href":"https:\/\/www.cafedelhomme.com\/es\/wp-json\/wp\/v2\/pages\/12611\/revisions"}],"predecessor-version":[{"id":12618,"href":"https:\/\/www.cafedelhomme.com\/es\/wp-json\/wp\/v2\/pages\/12611\/revisions\/12618"}],"wp:featuredmedia":[{"embeddable":true,"href":"https:\/\/www.cafedelhomme.com\/es\/wp-json\/wp\/v2\/media\/12635"}],"wp:attachment":[{"href":"https:\/\/www.cafedelhomme.com\/es\/wp-json\/wp\/v2\/media?parent=12611"}],"curies":[{"name":"wp","href":"https:\/\/api.w.org\/{rel}","templated":true}]}}