{"id":12763,"date":"2025-09-22T16:12:05","date_gmt":"2025-09-22T14:12:05","guid":{"rendered":"https:\/\/www.cafedelhomme.com\/?page_id=12763"},"modified":"2025-09-22T16:12:09","modified_gmt":"2025-09-22T14:12:09","slug":"restaurante-insolito-en-paris-11","status":"publish","type":"page","link":"https:\/\/www.cafedelhomme.com\/es\/restaurante-insolito-en-paris-11","title":{"rendered":"Restaurante ins\u00f3lito en Par\u00eds"},"content":{"rendered":"<div class=\"wpb-content-wrapper\"><p>[vc_row sticky_row=\u00bbyes\u00bb css=\u00bb.vc_custom_1729757449101{background-image: url(https:\/\/www.cafedelhomme.com\/wp-content\/uploads\/2024\/01\/header-homepage-cdh.jpg?id=5114) !important;background-position: center !important;background-repeat: no-repeat !important;background-size: cover !important;}\u00bb el_id=\u00bbcabecera-p\u00e1gina-simple\u00bb][vc_column responsive_css=\u00bbpadding_top_large:220px|padding_bottom_large:220px\u00bb css=\u00bb.vc_custom_1683277774171{padding-top: 120px !important;padding-bottom: 230px !important;}\u00bb][vc_custom_heading text=\u00bbL\u2019Automne au Caf\u00e9 de l\u2019Homme \u2013 Terrasse, saveurs et vue imprenable\u00bb font_container=\u00bbtag:h1|text_align:center\u00bb css=\u00bb.vc_custom_1758525708462{margin-bottom: 0px !important;}\u00bb][vc_column_text css=\u00bb\u00bb]<\/p>\n<p style=\"text-align: center;\">Des soir\u00e9es inoubliables \u00e0 Paris, face \u00e0 la tour Eiffel<\/p>\n<p>[\/vc_column_text][\/vc_column][\/vc_row][vc_row el_id=\u00bbimg-y-texto\u00bb responsive_css=\u00bbpadding_top_large:160px|padding_bottom_large:80px\u00bb css=\u00bb.vc_custom_1730107755116{padding-bottom: 40px !important;background-color: #ffffff !important;}\u00bb][vc_column][vc_row_inner equal_height=\u00bbyes\u00bb content_placement=\u00bbmiddle\u00bb responsive_css=\u00bbmargin_bottom_large:80px\u00bb css=\u00bb.vc_custom_1686138812636{margin-bottom: 40px !important;}\u00bb][vc_column_inner width=\u00bb1\/2&Prime; el_class=\u00bbpicture_top\u00bb][vc_single_image image=\u00bb10278&Prime; img_size=\u00bbfull\u00bb css=\u00bb.vc_custom_1756989032106{margin-bottom: 0px !important;}\u00bb][\/vc_column_inner][vc_column_inner width=\u00bb1\/2&Prime; el_class=\u00bbtext_right\u00bb][vc_custom_heading text=\u00bbOrganisez vos r\u00e9unions et \u00e9v\u00e9nements corporates face \u00e0 la tour Eiffel\u00bb css=\u00bb\u00bb][vc_column_text css=\u00bb\u00bb]Caf\u00e9 de l\u2019Homme s\u2019impose comme une adresse MICE incontournable \u00e0 Paris, r\u00e9unissant tous les crit\u00e8res d\u2019un \u00e9v\u00e9nement professionnel r\u00e9ussi : un emplacement iconique au c\u0153ur du Trocad\u00e9ro, une vue imprenable sur la tour Eiffel, des prestations haut de gamme, et une \u00e9quipe d\u00e9di\u00e9e \u00e0 l\u2019excellence \u00e9v\u00e9nementielle.<\/p>\n<p>R\u00e9unions de direction, s\u00e9minaires, cocktails d\u2019entreprise, lancements de produits, soir\u00e9es de gala ou incentives exclusifs : chaque projet est trait\u00e9 avec rigueur, \u00e9l\u00e9gance et flexibilit\u00e9. Notre objectif : sublimer l\u2019image de votre entreprise, tout en garantissant \u00e0 vos invit\u00e9s une exp\u00e9rience m\u00e9morable dans l\u2019un des lieux les plus prestigieux de la capitale.[\/vc_column_text]<a href=\"#\" class=\"btn btn-naked btn_underline open-vv ld_button_69f3d527d98c2\">\n\t<span>\n\t\t\n\t\t\t\t\t<span class=\"btn-txt\">visiter la terrasse du Caf\u00e9 de l'Homme.<\/span>\n\t\t\t\n\t\t\t\t<\/span>\n<\/a>\n[\/vc_column_inner][\/vc_row_inner][\/vc_column][\/vc_row][vc_row enable_gradient=\u00bbyes\u00bb css=\u00bb.vc_custom_1730111311851{padding-top: 150px !important;padding-bottom: 150px !important;background-color: #000000 !important;background-position: center !important;background-repeat: no-repeat !important;background-size: cover !important;}\u00bb el_class=\u00bbvisite-virtuelle\u00bb gradient_bg=\u00bblinear-gradient(0deg, rgba(0, 0, 0, 0.5) 0%, rgba(0,0,0,0.4) 100%)\u00bb][vc_column][vc_custom_heading text=\u00bbD\u00e9couvrez Caf\u00e9 de l&rsquo;Homme avec une visite virtuelle immersive\u00bb font_container=\u00bbtag:h2|text_align:center\u00bb css=\u00bb\u00bb][vc_column_text css=\u00bb\u00bb]Explorez l\u2019univers exclusif du Caf\u00e9 de l\u2019Homme gr\u00e2ce \u00e0 notre visite virtuelle immersive. Parcourez chaque espace de notre restaurant cach\u00e9 offrant une vue spectaculaire sur la tour Eiffel. Plongez dans l\u2019atmosph\u00e8re raffin\u00e9e et chaleureuse du Caf\u00e9 de l\u2019Homme et pr\u00e9parez-vous \u00e0 vivre une exp\u00e9rience unique, en plein c\u0153ur de Paris.[\/vc_column_text]<a href=\"#\" class=\"btn btn-default btn-bordered border-thin btn btn-outline btn-outline-white open-vv ld_button_69f3d527d9a73\">\n\t<span>\n\t\t\n\t\t\t\t\t<span class=\"btn-txt\">d\u00e9marrer la visite virtuelle<\/span>\n\t\t\t\n\t\t\t\t<\/span>\n<\/a>\n[\/vc_column][\/vc_row][vc_row responsive_css=\u00bbpadding_top_large:160px|padding_bottom_large:80px\u00bb css=\u00bb.vc_custom_1730107763818{padding-bottom: 40px !important;background-color: #ffffff !important;}\u00bb el_id=\u00bbimg-y-texto-alt\u00bb][vc_column][vc_row_inner equal_height=\u00bbyes\u00bb content_placement=\u00bbmiddle\u00bb][vc_column_inner width=\u00bb1\/2&Prime; el_class=\u00bbtext_left\u00bb][vc_custom_heading text=\u00bbDes installations premium et un accompagnement sur-mesure\u00bb css=\u00bb\u00bb][vc_column_text css=\u00bb\u00bb]Nos espaces offrent une modularit\u00e9 exceptionnelle, parfaitement adapt\u00e9s aux exigences du segment MICE. Que vous optiez pour une semi-privatisation de nos terrasses ext\u00e9rieures ou pour une privatisation totale de l\u2019\u00e9tablissement, nous vous garantissons un cadre op\u00e9rationnel optimal alliant confort, performance technique et \u00e9l\u00e9gance.<\/p>\n<p>\u00c9quipements disponibles :<\/p>\n<ul>\n<li>Syst\u00e8mes de sonorisation et \u00e9clairage professionnels<\/li>\n<li>\u00c9crans, micros, connectivit\u00e9 haut d\u00e9bit<\/li>\n<li>R\u00e9gie technique int\u00e9gr\u00e9e<\/li>\n<li>Mobilier haut de gamme modulable<\/li>\n<li>Service voiturier, h\u00f4tesses, s\u00e9curit\u00e9 sur demande<\/li>\n<\/ul>\n<p>Notre \u00e9quipe \u00e9v\u00e9nementielle vous accompagne de la conception \u00e0 la coordination op\u00e9rationnelle, en collaboration \u00e9troite avec vos \u00e9quipes internes ou votre agence. Chaque d\u00e9tail compte, chaque attente est anticip\u00e9e.[\/vc_column_text]<a href=\"https:\/\/www.cafedelhomme.com\/informations-cafe-de-lhomme\" title=\"Contact\" class=\"btn btn-naked btn_underline ld_button_69f3d527d9ba7\">\n\t<span>\n\t\t\n\t\t\t\t\t<span class=\"btn-txt\">demander un devis.<\/span>\n\t\t\t\n\t\t\t\t<\/span>\n<\/a>\n[\/vc_column_inner][vc_column_inner width=\u00bb1\/2&Prime; el_class=\u00bbpicture_bottom\u00bb][vc_single_image image=\u00bb10100&Prime; img_size=\u00bbfull\u00bb alignment=\u00bbcenter\u00bb css=\u00bb\u00bb][\/vc_column_inner][\/vc_row_inner][\/vc_column][\/vc_row][vc_row responsive_css=\u00bbpadding_top_large:160px|padding_bottom_large:80px\u00bb css=\u00bb.vc_custom_1756990562845{padding-bottom: 40px !important;background-color: #ffffff !important;}\u00bb el_class=\u00bbimg-and-text\u00bb el_id=\u00bbequipo\u00bb][vc_column][vc_custom_heading text=\u00bbDes exp\u00e9riences corporates pens\u00e9es pour f\u00e9d\u00e9rer\u00bb font_container=\u00bbtag:h2|text_align:center\u00bb css=\u00bb\u00bb][vc_column_text css=\u00bb.vc_custom_1756990362880{margin-top: 35px !important;}\u00bb]<\/p>\n<p style=\"text-align: center;\">Au Caf\u00e9 de l\u2019Homme, vos \u00e9v\u00e9nements MICE prennent une dimension exp\u00e9rientielle forte. Profitez de nos deux terrasses ext\u00e9rieures semi-privatisables, la terrasse Jardin plus v\u00e9g\u00e9tale et intimiste, ou la terrasse Eiffel, spectaculaire et monumentale, toutes deux avec vue directe sur la tour Eiffel.<\/p>\n<p style=\"text-align: center;\">Nous proposons des formats sur-mesure pour vos \u00e9v\u00e9nements :<\/p>\n<ul style=\"text-align: center;\">\n<li>Petit-d\u00e9jeuner d\u2019\u00e9quipe ou d\u00e9jeuner de travail au grand air<\/li>\n<li>Cocktail networking durant le sunset, avec DJ set<\/li>\n<li>Soir\u00e9e de gala exclusive ou d\u00eener VIP<\/li>\n<li>Lancement de produit dans un d\u00e9cor iconique<\/li>\n<li>Incentive sur-mesure, team building haut de gamme<\/li>\n<li>Afterwork \u00e9l\u00e9gant avec s\u00e9lection de cocktails et champagne<\/li>\n<\/ul>\n<p style=\"text-align: center;\">Le service est calibr\u00e9 au millim\u00e8tre : personnel multilingue, coordination discr\u00e8te, menus adapt\u00e9s aux r\u00e9gimes sp\u00e9cifiques, d\u00e9roul\u00e9 ma\u00eetris\u00e9 \u00e0 la minute pr\u00e8s.<\/p>\n<p>[\/vc_column_text][vc_row_inner equal_height=\u00bbyes\u00bb el_class=\u00bbcards\u00bb responsive_css=\u00bbmargin_bottom_large:88px\u00bb css=\u00bb.vc_custom_1756990476818{margin-top: 40px !important;}\u00bb][vc_column_inner width=\u00bb1\/4&Prime; align=\u00bbtext-center\u00bb][vc_single_image image=\u00bb241&Prime; img_size=\u00bbfull\u00bb alignment=\u00bbcenter\u00bb][vc_custom_heading text=\u00bb\u00c9clairage\u00bb font_container=\u00bbtag:h3|text_align:center\u00bb css=\u00bb\u00bb][vc_column_text css=\u00bb\u00bb el_class=\u00bbcards_item\u00bb]<\/p>\n<p style=\"text-align: center;\">Couleurs modulables<\/p>\n<p>[\/vc_column_text][\/vc_column_inner][vc_column_inner width=\u00bb1\/4&Prime;][vc_single_image image=\u00bb242&Prime; img_size=\u00bbfull\u00bb alignment=\u00bbcenter\u00bb][vc_custom_heading text=\u00bbSonorisation\u00bb font_container=\u00bbtag:h3|text_align:center\u00bb][vc_column_text css=\u00bb\u00bb el_class=\u00bbcards_item\u00bb]<\/p>\n<p style=\"text-align: center;\">Enceintes et micros<\/p>\n<p>[\/vc_column_text][\/vc_column_inner][vc_column_inner width=\u00bb1\/4&Prime;][vc_single_image image=\u00bb243&Prime; img_size=\u00bbfull\u00bb alignment=\u00bbcenter\u00bb][vc_custom_heading text=\u00bbProjection\u00bb font_container=\u00bbtag:h3|text_align:center\u00bb][vc_column_text css=\u00bb\u00bb el_class=\u00bbcards_item\u00bb]<\/p>\n<p style=\"text-align: center;\">\u00c9crans g\u00e9ants<\/p>\n<p>[\/vc_column_text][\/vc_column_inner][vc_column_inner width=\u00bb1\/4&Prime;][vc_single_image image=\u00bb244&Prime; img_size=\u00bbfull\u00bb alignment=\u00bbcenter\u00bb][vc_custom_heading text=\u00bbInternet &amp; wifi\u00bb font_container=\u00bbtag:h3|text_align:center\u00bb][vc_column_text css=\u00bb\u00bb el_class=\u00bbcards_item\u00bb]<\/p>\n<p style=\"text-align: center;\">Fibre tr\u00e8s haut d\u00e9bit<\/p>\n<p>[\/vc_column_text][\/vc_column_inner][\/vc_row_inner][\/vc_column][\/vc_row][vc_row enable_gradient=\u00bbyes\u00bb css=\u00bb.vc_custom_1730111311851{padding-top: 150px !important;padding-bottom: 150px !important;background-color: #000000 !important;background-position: center !important;background-repeat: no-repeat !important;background-size: cover !important;}\u00bb el_class=\u00bbvisite-virtuelle\u00bb gradient_bg=\u00bblinear-gradient(0deg, rgba(0, 0, 0, 0.5) 0%, rgba(0,0,0,0.4) 100%)\u00bb][vc_column][vc_custom_heading text=\u00bbVenez d\u00e9couvrir le Caf\u00e9 de l&rsquo;Homme au coeur de Paris\u00bb font_container=\u00bbtag:h2|text_align:center\u00bb css=\u00bb\u00bb][\/vc_column][\/vc_row][vc_row el_id=\u00bbequipo\u00bb css=\u00bb.vc_custom_1686224179321{padding-top: 80px !important;padding-bottom: 80px !important;background-color: #faf9f6 !important;}\u00bb responsive_css=\u00bbpadding_top_large:145px|padding_bottom_large:168px\u00bb el_class=\u00bbprestations\u00bb][vc_column width=\u00bb5\/12&Prime;][vc_custom_heading text=\u00bbL\u2019alliance parfaite entre image de marque et art de recevoir \u00e0 la fran\u00e7aise\u00bb css=\u00bb.vc_custom_1756995465938{margin-bottom: 40px !important;}\u00bb][vc_column_text css=\u00bb.vc_custom_1756995485251{margin-bottom: 40px !important;}\u00bb]Choisir Caf\u00e9 de l\u2019Homme pour vos \u00e9v\u00e9nements MICE, c\u2019est faire le choix d\u2019un lieu qui incarne l\u2019excellence \u00e0 la fran\u00e7aise. Nich\u00e9 dans l\u2019aile droite du Palais de Chaillot, \u00e0 deux pas du m\u00e9tro Trocad\u00e9ro, notre \u00e9tablissement offre une accessibilit\u00e9 optimale, tout en garantissant confidentialit\u00e9, prestige et confort.<\/p>\n<p>Face \u00e0 l\u2019un des monuments les plus embl\u00e9matiques au monde, vos prises de parole, lancements ou c\u00e9l\u00e9brations prennent une ampleur nouvelle, face \u00e0 la tour Eiffel. Dans ce cadre exceptionnel, nous veillons \u00e0 ce que chaque invit\u00e9 reparte marqu\u00e9 par l\u2019\u00e9l\u00e9gance, la fluidit\u00e9 et la qualit\u00e9 de l\u2019exp\u00e9rience.<\/p>\n<p>Professionnalisme, adaptabilit\u00e9 et prestige : autant de valeurs qui font de Caf\u00e9 de l\u2019Homme une adresse MICE incontournable \u00e0 Paris.[\/vc_column_text]<a href=\"https:\/\/www.cafedelhomme.com\/informations-cafe-de-lhomme\" title=\"Contact\" class=\"btn btn-naked btn_underline ld_button_69f3d527d9ccd\">\n\t<span>\n\t\t\n\t\t\t\t\t<span class=\"btn-txt\">organiser vos \u00e9v\u00e9nements professionnels.<\/span>\n\t\t\t\n\t\t\t\t<\/span>\n<\/a>\n[\/vc_column][vc_column width=\u00bb7\/12&Prime;][vc_row_inner equal_height=\u00bbyes\u00bb content_placement=\u00bbmiddle\u00bb responsive_css=\u00bbmargin_bottom_large:30px\u00bb css=\u00bb.vc_custom_1686224165726{margin-bottom: 40px !important;}\u00bb el_class=\u00bboptions\u00bb][vc_column_inner width=\u00bb1\/2&Prime; enable_overlay=\u00bbyes\u00bb align=\u00bbtext-center\u00bb css=\u00bb.vc_custom_1686240038037{background-image: url(https:\/\/www.cafedelhomme.com\/wp-content\/uploads\/2023\/04\/img-right-scaled.jpg?id=371) !important;background-position: center !important;background-repeat: no-repeat !important;background-size: cover !important;}\u00bb overlay_bg=\u00bbrgba(0, 0, 0, 0.35)\u00bb el_class=\u00bboption-modal\u00bb]<a href=\"#\" class=\"btn btn-default btn-bordered border-thin btn btn-outline btn-outline-white open_modal-simple ld_button_69f3d527d9de5\">\n\t<span>\n\t\t\n\t\t\t\t\t<span class=\"btn-txt\">Des espaces \u00e9v\u00e9nementiels modulables<\/span>\n\t\t\t\n\t\t\t\t<\/span>\n<\/a>\n[vc_column_text css=\u00bb\u00bb el_class=\u00bbmodal-content-simple\u00bb]Accueillant de 20 \u00e0 300 invit\u00e9s, nous adaptons nos configurations selon vos objectifs : pr\u00e9sentation confidentielle, cocktail networking ou d\u00eener d\u2019exception. La Terrasse Jardins et la Terrasse Eiffel peuvent \u00eatre semi-privatis\u00e9es pour offrir un cadre exclusif en plein air, avec vue directe sur la tour Eiffel.[\/vc_column_text][\/vc_column_inner][vc_column_inner width=\u00bb1\/2&Prime; enable_overlay=\u00bbyes\u00bb align=\u00bbtext-center\u00bb css=\u00bb.vc_custom_1686240015414{background-image: url(https:\/\/www.cafedelhomme.com\/wp-content\/uploads\/2023\/04\/bg-fullscreen-scaled.jpg?id=452) !important;background-position: center !important;background-repeat: no-repeat !important;background-size: cover !important;}\u00bb overlay_bg=\u00bbrgba(0, 0, 0, 0.35)\u00bb el_class=\u00bboption-modal\u00bb]<a href=\"#\" class=\"btn btn-default btn-bordered border-thin btn btn-outline btn-outline-white open_modal-simple ld_button_69f3d527d9ef6\">\n\t<span>\n\t\t\n\t\t\t\t\t<span class=\"btn-txt\">Une gastronomie de prestige<\/span>\n\t\t\t\n\t\t\t\t<\/span>\n<\/a>\n[vc_column_text css=\u00bb\u00bb el_class=\u00bbmodal-content-simple\u00bb]La carte du Chef Wilfried Graux propose une cuisine de saison, \u00e9l\u00e9gante et cr\u00e9ative. Menus de gala, cocktails d\u00eenatoires, pauses sucr\u00e9es, ou plateaux sur-mesure : chaque format s\u2019adapte \u00e0 l\u2019occasion. Vins, champagnes et cocktails signatures viennent enrichir l\u2019exp\u00e9rience.[\/vc_column_text][\/vc_column_inner][\/vc_row_inner][vc_row_inner equal_height=\u00bbyes\u00bb content_placement=\u00bbmiddle\u00bb responsive_css=\u00bbmargin_bottom_large:10px\u00bb css=\u00bb.vc_custom_1686224370091{margin-bottom: 40px !important;}\u00bb el_class=\u00bboptions\u00bb][vc_column_inner width=\u00bb1\/2&Prime; enable_overlay=\u00bbyes\u00bb align=\u00bbtext-center\u00bb css=\u00bb.vc_custom_1686240081843{background-image: url(https:\/\/www.cafedelhomme.com\/wp-content\/uploads\/2023\/04\/BG-1-1.jpg?id=354) !important;background-position: center !important;background-repeat: no-repeat !important;background-size: cover !important;}\u00bb overlay_bg=\u00bbrgba(0, 0, 0, 0.35)\u00bb el_class=\u00bboption-modal\u00bb]<a href=\"#\" class=\"btn btn-default btn-bordered border-thin btn btn-outline btn-outline-white open_modal-simple ld_button_69f3d527d9ffe\">\n\t<span>\n\t\t\n\t\t\t\t\t<span class=\"btn-txt\">Un accompagnement hautement professionnel<\/span>\n\t\t\t\n\t\t\t\t<\/span>\n<\/a>\n[vc_column_text css=\u00bb\u00bb el_class=\u00bbmodal-content-simple\u00bb]Notre \u00e9quipe \u00e9v\u00e9nementielle d\u00e9di\u00e9e MICE assure la gestion de votre projet avec pr\u00e9cision et souplesse : coordination logistique, suivi des timings, services techniques int\u00e9gr\u00e9s et pr\u00e9sence terrain. Chaque \u00e9tape est anticip\u00e9e pour garantir un d\u00e9roul\u00e9 fluide et irr\u00e9prochable.[\/vc_column_text][\/vc_column_inner][vc_column_inner width=\u00bb1\/2&Prime; enable_overlay=\u00bbyes\u00bb align=\u00bbtext-center\u00bb css=\u00bb.vc_custom_1686240058941{background-image: url(https:\/\/www.cafedelhomme.com\/wp-content\/uploads\/2023\/04\/img-left-scaled.jpg?id=370) !important;background-position: center !important;background-repeat: no-repeat !important;background-size: cover !important;}\u00bb overlay_bg=\u00bbrgba(0, 0, 0, 0.35)\u00bb el_class=\u00bboption-modal\u00bb]<a href=\"#\" class=\"btn btn-default btn-bordered border-thin btn btn-outline btn-outline-white open_modal-simple ld_button_69f3d527da11c\">\n\t<span>\n\t\t\n\t\t\t\t\t<span class=\"btn-txt\">L\u2019image de votre entreprise valoris\u00e9e<\/span>\n\t\t\t\n\t\t\t\t<\/span>\n<\/a>\n[vc_column_text css=\u00bb\u00bb el_class=\u00bbmodal-content-simple\u00bb]Recevoir au Caf\u00e9 de l\u2019Homme, c\u2019est associer votre \u00e9v\u00e9nement \u00e0 un lieu d\u2019exception, gage de s\u00e9rieux, de bon go\u00fbt et de raffinement. Offrez \u00e0 vos collaborateurs, clients ou partenaires un moment qui refl\u00e8te la hauteur de vos ambitions, dans un d\u00e9cor mythique et une atmosph\u00e8re unique.[\/vc_column_text][\/vc_column_inner][\/vc_row_inner][\/vc_column][\/vc_row][vc_row full_width=\u00bbstretch_row\u00bb equal_height=\u00bbyes\u00bb bg_position=\u00bbcenter center\u00bb css=\u00bb.vc_custom_1683016397706{padding-top: 80px !important;padding-bottom: 80px !important;background-image: url(https:\/\/www.cafedelhomme.com\/wp-content\/uploads\/2023\/04\/BG-1-1.jpg?id=354) !important;background-position: center !important;background-repeat: no-repeat !important;background-size: cover !important;}\u00bb el_id=\u00bbimg-pantalla\u00bb responsive_css=\u00bbpadding_top_large:250px|padding_bottom_large:250px\u00bb][vc_column align=\u00bbtext-center\u00bb][vc_custom_heading text=\u00bbReserva un momento ins\u00f3lito en nuestro restaurante\u00bb font_container=\u00bbtag:h2|text_align:center\u00bb css=\u00bb\u00bb el_class=\u00bbtitle mb-16&Prime;][vc_column_text css=\u00bb\u00bb el_class=\u00bbsub-title mb-40&Prime;]<em>Porque lo excepcional no espera, reserva ahora&#8230;<\/em>[\/vc_column_text]<a href=\"https:\/\/www.sevenrooms.com\/explore\/cafedelhomme\/reservations\/create\/search?tracking=seo-blog\" target=\"_blank\" class=\"btn btn-default btn-bordered border-thin btn btn-outline btn-outline-white ld_button_69f3d527da21d\">\n\t<span>\n\t\t\n\t\t\t\t\t<span class=\"btn-txt\">je r\u00e9serve.<\/span>\n\t\t\t\n\t\t\t\t<\/span>\n<\/a>\n[\/vc_column][\/vc_row]<\/p>\n<\/div>","protected":false},"excerpt":{"rendered":"<p>[vc_row sticky_row=\u00bbyes\u00bb css=\u00bb.vc_custom_1729757449101{background-image: url(https:\/\/www.cafedelhomme.com\/wp-content\/uploads\/2024\/01\/header-homepage-cdh.jpg?id=5114) !important;background-position: center !important;background-repeat: no-repeat !important;background-size: cover !important;}\u00bb el_id=\u00bbcabecera-p\u00e1gina-simple\u00bb][vc_column responsive_css=\u00bbpadding_top_large:220px|padding_bottom_large:220px\u00bb css=\u00bb.vc_custom_1683277774171{padding-top: 120px !important;padding-bottom: 230px !important;}\u00bb][vc_custom_heading text=\u00bbL\u2019Automne au Caf\u00e9 de l\u2019Homme \u2013 Terrasse, saveurs et vue imprenable\u00bb font_container=\u00bbtag:h1|text_align:center\u00bb css=\u00bb.vc_custom_1758525708462{margin-bottom: 0px !important;}\u00bb][vc_column_text css=\u00bb\u00bb] Des soir\u00e9es inoubliables \u00e0 Paris, face \u00e0 la tour Eiffel [\/vc_column_text][\/vc_column][\/vc_row][vc_row&#8230;<\/p>\n","protected":false},"author":1,"featured_media":12635,"parent":0,"menu_order":0,"comment_status":"closed","ping_status":"closed","template":"","meta":{"_acf_changed":false,"footnotes":""},"class_list":["post-12763","page","type-page","status-publish","has-post-thumbnail","hentry"],"acf":[],"yoast_head":"<!-- This site is optimized with the Yoast SEO Premium plugin v20.10 (Yoast SEO v27.0) - https:\/\/yoast.com\/product\/yoast-seo-premium-wordpress\/ -->\n<title>Restaurante ins\u00f3lito en Par\u00eds - Caf\u00e9 de l&#039;Homme<\/title>\n<meta name=\"description\" content=\"Una experiencia \u00fanica en un restaurante ins\u00f3lito de Par\u00eds. Situado en Par\u00eds 16, el Caf\u00e9 de l&#039;Homme ofrece una cocina refinada con una vista excepcional de la Torre Eiffel.\" \/>\n<meta name=\"robots\" content=\"index, follow, max-snippet:-1, max-image-preview:large, max-video-preview:-1\" \/>\n<link rel=\"canonical\" href=\"https:\/\/www.cafedelhomme.com\/es\/restaurante-insolito-en-paris-11\" \/>\n<meta property=\"og:locale\" content=\"es_ES\" \/>\n<meta property=\"og:type\" content=\"article\" \/>\n<meta property=\"og:title\" content=\"Restaurante ins\u00f3lito en Par\u00eds - Caf\u00e9 de l&#039;Homme\" \/>\n<meta property=\"og:description\" content=\"Descubre el mejor restaurante con terraza de Par\u00eds 16 y disfruta de una vista de la Torre Eiffel para una comida o cena gourmet\" \/>\n<meta property=\"og:url\" content=\"https:\/\/www.cafedelhomme.com\/es\/restaurante-insolito-en-paris-11\" \/>\n<meta property=\"og:site_name\" content=\"Caf\u00e9 de l&#039;Homme\" \/>\n<meta property=\"article:publisher\" content=\"https:\/\/www.facebook.com\/cafedelhomme\" \/>\n<meta property=\"article:modified_time\" content=\"2025-09-22T14:12:09+00:00\" \/>\n<meta property=\"og:image\" content=\"https:\/\/www.cafedelhomme.com\/wp-content\/uploads\/2023\/04\/BG-1.jpg\" \/>\n\t<meta property=\"og:image:width\" content=\"720\" \/>\n\t<meta property=\"og:image:height\" content=\"740\" \/>\n\t<meta property=\"og:image:type\" content=\"image\/jpeg\" \/>\n<meta name=\"twitter:card\" content=\"summary_large_image\" \/>\n<meta name=\"twitter:label1\" content=\"Tiempo de lectura\" \/>\n\t<meta name=\"twitter:data1\" content=\"12 minutos\" \/>\n<script type=\"application\/ld+json\" class=\"yoast-schema-graph\">{\"@context\":\"https:\/\/schema.org\",\"@graph\":[{\"@type\":\"WebPage\",\"@id\":\"https:\/\/www.cafedelhomme.com\/es\/restaurante-insolito-en-paris-11\",\"url\":\"https:\/\/www.cafedelhomme.com\/es\/restaurante-insolito-en-paris-11\",\"name\":\"Restaurante ins\u00f3lito en Par\u00eds - Caf\u00e9 de l&#039;Homme\",\"isPartOf\":{\"@id\":\"https:\/\/www.cafedelhomme.com\/es#website\"},\"primaryImageOfPage\":{\"@id\":\"https:\/\/www.cafedelhomme.com\/es\/restaurante-insolito-en-paris-11#primaryimage\"},\"image\":{\"@id\":\"https:\/\/www.cafedelhomme.com\/es\/restaurante-insolito-en-paris-11#primaryimage\"},\"thumbnailUrl\":\"https:\/\/www.cafedelhomme.com\/wp-content\/uploads\/2023\/04\/BG-1.jpg\",\"datePublished\":\"2025-09-22T14:12:05+00:00\",\"dateModified\":\"2025-09-22T14:12:09+00:00\",\"description\":\"Una experiencia \u00fanica en un restaurante ins\u00f3lito de Par\u00eds. Situado en Par\u00eds 16, el Caf\u00e9 de l'Homme ofrece una cocina refinada con una vista excepcional de la Torre Eiffel.\",\"inLanguage\":\"es\",\"potentialAction\":[{\"@type\":\"ReadAction\",\"target\":[\"https:\/\/www.cafedelhomme.com\/es\/restaurante-insolito-en-paris-11\"]}]},{\"@type\":\"ImageObject\",\"inLanguage\":\"es\",\"@id\":\"https:\/\/www.cafedelhomme.com\/es\/restaurante-insolito-en-paris-11#primaryimage\",\"url\":\"https:\/\/www.cafedelhomme.com\/wp-content\/uploads\/2023\/04\/BG-1.jpg\",\"contentUrl\":\"https:\/\/www.cafedelhomme.com\/wp-content\/uploads\/2023\/04\/BG-1.jpg\",\"width\":720,\"height\":740},{\"@type\":\"WebSite\",\"@id\":\"https:\/\/www.cafedelhomme.com\/es#website\",\"url\":\"https:\/\/www.cafedelhomme.com\/es\",\"name\":\"Caf\u00e9 de l'Homme\",\"description\":\"\",\"publisher\":{\"@id\":\"https:\/\/www.cafedelhomme.com\/es#organization\"},\"potentialAction\":[{\"@type\":\"SearchAction\",\"target\":{\"@type\":\"EntryPoint\",\"urlTemplate\":\"https:\/\/www.cafedelhomme.com\/es?s={search_term_string}\"},\"query-input\":{\"@type\":\"PropertyValueSpecification\",\"valueRequired\":true,\"valueName\":\"search_term_string\"}}],\"inLanguage\":\"es\"},{\"@type\":\"Organization\",\"@id\":\"https:\/\/www.cafedelhomme.com\/es#organization\",\"name\":\"Caf\u00e9 del Hombre\",\"url\":\"https:\/\/www.cafedelhomme.com\/es\",\"logo\":{\"@type\":\"ImageObject\",\"inLanguage\":\"es\",\"@id\":\"https:\/\/www.cafedelhomme.com\/es#\/schema\/logo\/image\/\",\"url\":\"https:\/\/www.cafedelhomme.com\/wp-content\/uploads\/2023\/04\/big-logo-300x163-1.png\",\"contentUrl\":\"https:\/\/www.cafedelhomme.com\/wp-content\/uploads\/2023\/04\/big-logo-300x163-1.png\",\"width\":300,\"height\":163,\"caption\":\"Caf\u00e9 del Hombre\"},\"image\":{\"@id\":\"https:\/\/www.cafedelhomme.com\/es#\/schema\/logo\/image\/\"},\"sameAs\":[\"https:\/\/www.facebook.com\/cafedelhomme\",\"https:\/\/www.instagram.com\/cafedelhomme\/\"]}]}<\/script>\n<!-- \/ Yoast SEO Premium plugin. -->","yoast_head_json":{"title":"Restaurante ins\u00f3lito en Par\u00eds - Caf\u00e9 de l&#039;Homme","description":"Una experiencia \u00fanica en un restaurante ins\u00f3lito de Par\u00eds. Situado en Par\u00eds 16, el Caf\u00e9 de l'Homme ofrece una cocina refinada con una vista excepcional de la Torre Eiffel.","robots":{"index":"index","follow":"follow","max-snippet":"max-snippet:-1","max-image-preview":"max-image-preview:large","max-video-preview":"max-video-preview:-1"},"canonical":"https:\/\/www.cafedelhomme.com\/es\/restaurante-insolito-en-paris-11","og_locale":"es_ES","og_type":"article","og_title":"Restaurante ins\u00f3lito en Par\u00eds - Caf\u00e9 de l&#039;Homme","og_description":"Descubre el mejor restaurante con terraza de Par\u00eds 16 y disfruta de una vista de la Torre Eiffel para una comida o cena gourmet","og_url":"https:\/\/www.cafedelhomme.com\/es\/restaurante-insolito-en-paris-11","og_site_name":"Caf\u00e9 de l&#039;Homme","article_publisher":"https:\/\/www.facebook.com\/cafedelhomme","article_modified_time":"2025-09-22T14:12:09+00:00","og_image":[{"width":720,"height":740,"url":"https:\/\/www.cafedelhomme.com\/wp-content\/uploads\/2023\/04\/BG-1.jpg","type":"image\/jpeg"}],"twitter_card":"summary_large_image","twitter_misc":{"Tiempo de lectura":"12 minutos"},"schema":{"@context":"https:\/\/schema.org","@graph":[{"@type":"WebPage","@id":"https:\/\/www.cafedelhomme.com\/es\/restaurante-insolito-en-paris-11","url":"https:\/\/www.cafedelhomme.com\/es\/restaurante-insolito-en-paris-11","name":"Restaurante ins\u00f3lito en Par\u00eds - Caf\u00e9 de l&#039;Homme","isPartOf":{"@id":"https:\/\/www.cafedelhomme.com\/es#website"},"primaryImageOfPage":{"@id":"https:\/\/www.cafedelhomme.com\/es\/restaurante-insolito-en-paris-11#primaryimage"},"image":{"@id":"https:\/\/www.cafedelhomme.com\/es\/restaurante-insolito-en-paris-11#primaryimage"},"thumbnailUrl":"https:\/\/www.cafedelhomme.com\/wp-content\/uploads\/2023\/04\/BG-1.jpg","datePublished":"2025-09-22T14:12:05+00:00","dateModified":"2025-09-22T14:12:09+00:00","description":"Una experiencia \u00fanica en un restaurante ins\u00f3lito de Par\u00eds. Situado en Par\u00eds 16, el Caf\u00e9 de l'Homme ofrece una cocina refinada con una vista excepcional de la Torre Eiffel.","inLanguage":"es","potentialAction":[{"@type":"ReadAction","target":["https:\/\/www.cafedelhomme.com\/es\/restaurante-insolito-en-paris-11"]}]},{"@type":"ImageObject","inLanguage":"es","@id":"https:\/\/www.cafedelhomme.com\/es\/restaurante-insolito-en-paris-11#primaryimage","url":"https:\/\/www.cafedelhomme.com\/wp-content\/uploads\/2023\/04\/BG-1.jpg","contentUrl":"https:\/\/www.cafedelhomme.com\/wp-content\/uploads\/2023\/04\/BG-1.jpg","width":720,"height":740},{"@type":"WebSite","@id":"https:\/\/www.cafedelhomme.com\/es#website","url":"https:\/\/www.cafedelhomme.com\/es","name":"Caf\u00e9 de l'Homme","description":"","publisher":{"@id":"https:\/\/www.cafedelhomme.com\/es#organization"},"potentialAction":[{"@type":"SearchAction","target":{"@type":"EntryPoint","urlTemplate":"https:\/\/www.cafedelhomme.com\/es?s={search_term_string}"},"query-input":{"@type":"PropertyValueSpecification","valueRequired":true,"valueName":"search_term_string"}}],"inLanguage":"es"},{"@type":"Organization","@id":"https:\/\/www.cafedelhomme.com\/es#organization","name":"Caf\u00e9 del Hombre","url":"https:\/\/www.cafedelhomme.com\/es","logo":{"@type":"ImageObject","inLanguage":"es","@id":"https:\/\/www.cafedelhomme.com\/es#\/schema\/logo\/image\/","url":"https:\/\/www.cafedelhomme.com\/wp-content\/uploads\/2023\/04\/big-logo-300x163-1.png","contentUrl":"https:\/\/www.cafedelhomme.com\/wp-content\/uploads\/2023\/04\/big-logo-300x163-1.png","width":300,"height":163,"caption":"Caf\u00e9 del Hombre"},"image":{"@id":"https:\/\/www.cafedelhomme.com\/es#\/schema\/logo\/image\/"},"sameAs":["https:\/\/www.facebook.com\/cafedelhomme","https:\/\/www.instagram.com\/cafedelhomme\/"]}]}},"_links":{"self":[{"href":"https:\/\/www.cafedelhomme.com\/es\/wp-json\/wp\/v2\/pages\/12763","targetHints":{"allow":["GET"]}}],"collection":[{"href":"https:\/\/www.cafedelhomme.com\/es\/wp-json\/wp\/v2\/pages"}],"about":[{"href":"https:\/\/www.cafedelhomme.com\/es\/wp-json\/wp\/v2\/types\/page"}],"author":[{"embeddable":true,"href":"https:\/\/www.cafedelhomme.com\/es\/wp-json\/wp\/v2\/users\/1"}],"replies":[{"embeddable":true,"href":"https:\/\/www.cafedelhomme.com\/es\/wp-json\/wp\/v2\/comments?post=12763"}],"version-history":[{"count":7,"href":"https:\/\/www.cafedelhomme.com\/es\/wp-json\/wp\/v2\/pages\/12763\/revisions"}],"predecessor-version":[{"id":12779,"href":"https:\/\/www.cafedelhomme.com\/es\/wp-json\/wp\/v2\/pages\/12763\/revisions\/12779"}],"wp:featuredmedia":[{"embeddable":true,"href":"https:\/\/www.cafedelhomme.com\/es\/wp-json\/wp\/v2\/media\/12635"}],"wp:attachment":[{"href":"https:\/\/www.cafedelhomme.com\/es\/wp-json\/wp\/v2\/media?parent=12763"}],"curies":[{"name":"wp","href":"https:\/\/api.w.org\/{rel}","templated":true}]}}