{"id":12917,"date":"2025-09-29T10:03:32","date_gmt":"2025-09-29T08:03:32","guid":{"rendered":"https:\/\/www.cafedelhomme.com\/?page_id=12917"},"modified":"2025-09-29T10:03:38","modified_gmt":"2025-09-29T08:03:38","slug":"restaurante-insolito-en-paris-13","status":"publish","type":"page","link":"https:\/\/www.cafedelhomme.com\/es\/restaurante-insolito-en-paris-13","title":{"rendered":"Restaurante ins\u00f3lito en Par\u00eds"},"content":{"rendered":"<div class=\"wpb-content-wrapper\"><p>[vc_row sticky_row=\u00bbyes\u00bb css=\u00bb.vc_custom_1729757449101{background-image: url(https:\/\/www.cafedelhomme.com\/wp-content\/uploads\/2024\/01\/header-homepage-cdh.jpg?id=5114) !important;background-position: center !important;background-repeat: no-repeat !important;background-size: cover !important;}\u00bb el_id=\u00bbcabecera-p\u00e1gina-simple\u00bb][vc_column responsive_css=\u00bbpadding_top_large:220px\u00bb css=\u00bb.vc_custom_1758718205413{padding-top: 120px !important;}\u00bb][vc_custom_heading text=\u00bbRepas d\u2019affaires \u00e0 Paris : \u00e9l\u00e9gance et confidentialit\u00e9 face \u00e0 la Tour Eiffel\u00bb font_container=\u00bbtag:h1|text_align:center\u00bb css=\u00bb.vc_custom_1758715956878{margin-bottom: 0px !important;}\u00bb][vc_column_text css=\u00bb.vc_custom_1758720389832{padding-top: 50px !important;padding-bottom: 150px !important;}\u00bb]<\/p>\n<p style=\"text-align: center;\"><span style=\"font-weight: 400;\">\u00c0 l&rsquo;heure du d\u00e9jeuner<\/span>, le <strong>Caf\u00e9 de l\u2019Homme<\/strong> <span style=\"font-weight: 400;\">devient le <strong>rendez-vous incontournable<\/strong><\/span> pour vos repas d\u2019affaires. Dans une atmosph\u00e8re conviviale, chaque d\u00e9jeuner professionnel associe efficacit\u00e9 et plaisir.<\/p>\n<p>[\/vc_column_text][\/vc_column][\/vc_row][vc_row el_id=\u00bbimg-y-texto\u00bb responsive_css=\u00bbpadding_top_large:160px|padding_bottom_large:80px\u00bb css=\u00bb.vc_custom_1730107755116{padding-bottom: 40px !important;background-color: #ffffff !important;}\u00bb][vc_column][vc_row_inner equal_height=\u00bbyes\u00bb content_placement=\u00bbmiddle\u00bb responsive_css=\u00bbmargin_bottom_large:80px\u00bb css=\u00bb.vc_custom_1686138812636{margin-bottom: 40px !important;}\u00bb][vc_column_inner width=\u00bb1\/2&Prime; el_class=\u00bbpicture_top\u00bb][vc_single_image image=\u00bb12903&Prime; img_size=\u00bbfull\u00bb css=\u00bb.vc_custom_1758721786243{margin-bottom: 0px !important;}\u00bb][\/vc_column_inner][vc_column_inner width=\u00bb1\/2&Prime; el_class=\u00bbtext_right\u00bb][vc_custom_heading text=\u00bbAu c\u0153ur du Trocad\u00e9ro, l\u2019adresse business par excellence\u00bb css=\u00bb\u00bb][vc_column_text css=\u00bb\u00bb]<\/p>\n<p class=\"my-2 [&amp;+p]:mt-4 [&amp;_strong:has(+br)]:inline-block [&amp;_strong:has(+br)]:pb-2\">Entre prestige et accessibilit\u00e9, le <strong>Caf\u00e9 de l\u2019Homme<\/strong> s\u2019impose comme un lieu incontournable pour un <strong>d\u00e9jeuner professionnel<\/strong> \u00e0 <strong>Paris<\/strong>. Nich\u00e9 au <strong>centre du Trocad\u00e9ro<\/strong>, <strong>face \u00e0 la Tour Eiffel<\/strong>, il offre un d\u00e9cor embl\u00e9matique qui sublime vos rendez-vous professionnels.<\/p>\n<p class=\"my-2 [&amp;+p]:mt-4 [&amp;_strong:has(+br)]:inline-block [&amp;_strong:has(+br)]:pb-2\">Que votre rencontre soit formelle ou plus d\u00e9contract\u00e9e, chaque <strong>repas d\u2019affaires<\/strong> prend ici une dimension unique et <strong>m\u00e9morable<\/strong>.<\/p>\n<p class=\"my-2 [&amp;+p]:mt-4 [&amp;_strong:has(+br)]:inline-block [&amp;_strong:has(+br)]:pb-2\">Pour pr\u00e9server la <strong>confidentialit\u00e9<\/strong>, nos tables permettent des \u00e9changes <strong>discrets<\/strong>, tandis que la <strong>grande table du Chef<\/strong> favorise les moments conviviaux entre collaborateurs, partenaires ou clients. De plus, une salle \u00e0 manger privative est disponible afin d\u2019organiser vos r\u00e9unions avec s\u00e9r\u00e9nit\u00e9. Gr\u00e2ce \u00e0 cette flexibilit\u00e9, le restaurant s\u2019adapte \u00e0 vos besoins pour cr\u00e9er le cadre id\u00e9al de vos d\u00e9jeuners professionnels.<\/p>\n<p>[\/vc_column_text]<a href=\"https:\/\/www.cafedelhomme.com\/privatiser#terrasse-eiffel\" title=\"Privatiser la terrasse Eiffel\" class=\"btn btn-naked btn_underline open-vv ld_button_69f2f13409f43\">\n\t<span>\n\t\t\n\t\t\t\t\t<span class=\"btn-txt\">visiter la terrasse du Caf\u00e9 de l'Homme.<\/span>\n\t\t\t\n\t\t\t\t<\/span>\n<\/a>\n[\/vc_column_inner][\/vc_row_inner][\/vc_column][\/vc_row][vc_row enable_gradient=\u00bbyes\u00bb css=\u00bb.vc_custom_1758573681762{padding-top: 150px !important;padding-bottom: 150px !important;background: #000000 url(https:\/\/www.cafedelhomme.com\/wp-content\/uploads\/2025\/05\/b140f4d831f22f67090491de225b729b8c6c0168-1.jpg?id=11240) !important;background-position: center !important;background-repeat: no-repeat !important;background-size: cover !important;}\u00bb el_class=\u00bbvisite-virtuelle\u00bb gradient_bg=\u00bblinear-gradient(0deg, rgba(0, 0, 0, 0.5) 0%, rgba(0,0,0,0.4) 100%)\u00bb][vc_column][vc_custom_heading text=\u00bbUne cuisine raffin\u00e9e pour un d\u00e9jeuner professionnel efficace\u00bb font_container=\u00bbtag:h2|text_align:center\u00bb css=\u00bb\u00bb][vc_column_text css=\u00bb\u00bb el_class=\u00bbtext-white\u00bb]<\/p>\n<p style=\"text-align: center;\">Notre cuisine met \u00e0 l&rsquo;honneur les <strong>terroirs fran\u00e7ais,<\/strong> des produits <strong>de saison<\/strong> et des plats <strong>raffin\u00e9s<\/strong>, con\u00e7us pour <strong>s&rsquo;adapter aux rythmes professionnels<\/strong>. Service efficace, assiettes \u00e9l\u00e9gantes et g\u00e9n\u00e9reuses, s\u00e9lection de vins soigneusement choisis rendent chaque <strong>d\u00e9jeuner professionnels<\/strong> agr\u00e9able ; tout est pens\u00e9 pour faciliter vos <strong>repas d\u2019affaires<\/strong> dans un cadre prestigieux.<\/p>\n<p>[\/vc_column_text]<a href=\"https:\/\/www.cafedelhomme.com\/la-carte\" title=\"La Carte\" class=\"btn btn-default btn-bordered border-thin btn btn-outline btn-outline-white open-vv ld_button_69f2f1340a10e\">\n\t<span>\n\t\t\n\t\t\t\t\t<span class=\"btn-txt\">D\u00e9couvrir la carte du Caf\u00e9 de l'Homme<\/span>\n\t\t\t\n\t\t\t\t<\/span>\n<\/a>\n[\/vc_column][\/vc_row][vc_row responsive_css=\u00bbpadding_top_large:160px|padding_bottom_large:80px\u00bb css=\u00bb.vc_custom_1730107763818{padding-bottom: 40px !important;background-color: #ffffff !important;}\u00bb el_id=\u00bbimg-y-texto-alt\u00bb][vc_column][vc_row_inner equal_height=\u00bbyes\u00bb content_placement=\u00bbmiddle\u00bb][vc_column_inner width=\u00bb1\/2&Prime; el_class=\u00bbtext_left\u00bb][vc_custom_heading text=\u00bbDes espaces adapt\u00e9s \u00e0 toutes les configurations\u00bb css=\u00bb\u00bb][vc_column_text css=\u00bb\u00bb]L&rsquo;efficacit\u00e9 au service de vos projets. Parce que chaque minute compte, notre \u00e9quipe vous garantit un service rapide discret et professionnel, sans perte de qualit\u00e9.<\/p>\n<p>Qu\u2019il s\u2019agisse d\u2019une <strong>r\u00e9union strat\u00e9gique<\/strong>, d\u2019un <strong>contrat \u00e0 signer<\/strong> ou de <strong>renforcer la coh\u00e9sion de vos \u00e9quipes<\/strong>, nos espaces et notre service discret cr\u00e9ent les conditions id\u00e9ales. Vos <strong>repas d\u2019affaires<\/strong> se d\u00e9roulent avec fluidit\u00e9 et s\u00e9r\u00e9nit\u00e9.[\/vc_column_text]<a href=\"https:\/\/www.cafedelhomme.com\/informations-cafe-de-lhomme\" title=\"Contact\" class=\"btn btn-naked btn_underline ld_button_69f2f1340a24e\">\n\t<span>\n\t\t\n\t\t\t\t\t<span class=\"btn-txt\">d\u00e9tailler ma configuration.<\/span>\n\t\t\t\n\t\t\t\t<\/span>\n<\/a>\n[\/vc_column_inner][vc_column_inner width=\u00bb1\/2&Prime; el_class=\u00bbpicture_bottom\u00bb][vc_single_image image=\u00bb12816&Prime; img_size=\u00bbfull\u00bb alignment=\u00bbcenter\u00bb css=\u00bb\u00bb][\/vc_column_inner][\/vc_row_inner][vc_row_inner equal_height=\u00bbyes\u00bb el_class=\u00bbcards\u00bb css=\u00bb.vc_custom_1758626505805{margin-top: 150px !important;margin-bottom: 30px !important;}\u00bb][vc_column_inner width=\u00bb1\/4&Prime; align=\u00bbtext-center\u00bb][vc_single_image image=\u00bb12905&Prime; img_size=\u00bbfull\u00bb alignment=\u00bbcenter\u00bb css=\u00bb\u00bb][vc_custom_heading text=\u00bb\u00c9clairage\u00bb font_container=\u00bbtag:h3|text_align:center\u00bb css=\u00bb\u00bb][vc_column_text css=\u00bb\u00bb el_class=\u00bbcards_item\u00bb]<\/p>\n<p style=\"text-align: center;\">Qualit\u00e9 professionnelle, couleurs modulables<\/p>\n<p>[\/vc_column_text][\/vc_column_inner][vc_column_inner width=\u00bb1\/4&Prime;][vc_single_image image=\u00bb12907&Prime; img_size=\u00bbfull\u00bb alignment=\u00bbcenter\u00bb css=\u00bb\u00bb][vc_custom_heading text=\u00bbSonorisation\u00bb font_container=\u00bbtag:h3|text_align:center\u00bb css=\u00bb\u00bb][vc_column_text css=\u00bb\u00bb el_class=\u00bbcards_item\u00bb]<\/p>\n<p style=\"text-align: center;\">Enceintes, micros, r\u00e9gie technique haut de gamme<\/p>\n<p>[\/vc_column_text][\/vc_column_inner][vc_column_inner width=\u00bb1\/4&Prime;][vc_single_image image=\u00bb12909&Prime; img_size=\u00bbfull\u00bb alignment=\u00bbcenter\u00bb css=\u00bb\u00bb][vc_custom_heading text=\u00bbProjection\u00bb font_container=\u00bbtag:h3|text_align:center\u00bb][vc_column_text css=\u00bb\u00bb el_class=\u00bbcards_item\u00bb]<\/p>\n<p style=\"text-align: center;\">\u00c9crans g\u00e9ants<\/p>\n<p>[\/vc_column_text][\/vc_column_inner][vc_column_inner width=\u00bb1\/4&Prime;][vc_single_image image=\u00bb12911&Prime; img_size=\u00bbfull\u00bb alignment=\u00bbcenter\u00bb css=\u00bb\u00bb][vc_custom_heading text=\u00bbInternet &amp; Wifi\u00bb font_container=\u00bbtag:h3|text_align:center\u00bb css=\u00bb\u00bb][vc_column_text css=\u00bb\u00bb el_class=\u00bbcards_item\u00bb]<\/p>\n<p style=\"text-align: center;\">Fibre tr\u00e8s haut d\u00e9bit<\/p>\n<p>[\/vc_column_text][\/vc_column_inner][\/vc_row_inner][\/vc_column][\/vc_row][vc_row css=\u00bb.vc_custom_1746602684601{background-color: #0f0f0f !important;}\u00bb responsive_css=\u00bbpadding_top_large:80px|padding_bottom_large:80px\u00bb][vc_column][vc_raw_html css=\u00bb\u00bb]JTNDc2NyaXB0JTIwZGVmZXIlMjBhc3luYyUyMHNyYyUzRCUyN2h0dHBzJTNBJTJGJTJGY2RuLnRydXN0aW5kZXguaW8lMkZsb2FkZXIuanMlM0Y1M2Q2MmI3NDM0MDQ2NzhmZGE0NmI0MDlhNDIlMjclM0UlM0MlMkZzY3JpcHQlM0U=[\/vc_raw_html]<a href=\"https:\/\/g.page\/r\/CdiRt8hxLIxuEBE\/review\" title=\"Privatiser\" target=\"_blank\" class=\"btn btn-naked btn_underline give-review vc_custom_1744036113919\">\n\t<span>\n\t\t\n\t\t\t\t\t<span class=\"btn-txt\">laisser un avis.<\/span>\n\t\t\t\n\t\t\t\t<\/span>\n<\/a>\n[\/vc_column][\/vc_row][vc_row][vc_column][vc_column_text css=\u00bb.vc_custom_1758717843309{padding-top: 100px !important;padding-bottom: 100px !important;}\u00bb el_class=\u00bbtext-big\u00bb]<\/p>\n<p style=\"text-align: center;\">Organisez d\u00e8s aujourd&rsquo;hui votre d\u00e9jeuner professionnel au Caf\u00e9 de l&rsquo;Homme et offrez \u00e0 vos collaborateurs une exp\u00e9rience unique au c\u0153ur de Paris.<\/p>\n<p>[\/vc_column_text][\/vc_column][\/vc_row][vc_row responsive_css=\u00bbpadding_bottom_large:100px\u00bb css=\u00bb.vc_custom_1758719079919{padding-bottom: 40px !important;background-color: #ffffff !important;}\u00bb el_class=\u00bbimg-and-text\u00bb el_id=\u00bbmenuBusiness\u00bb][vc_column][vc_custom_heading text=\u00bbMenus business et formules sur\u2011mesure\u00bb font_container=\u00bbtag:h2|text_align:center\u00bb css=\u00bb\u00bb el_class=\u00bbbusinessHidden\u00bb][vc_column_text css=\u00bb.vc_custom_1758718929493{margin-top: 50px !important;}\u00bb el_class=\u00bbbusinessHidden\u00bb]<\/p>\n<p style=\"text-align: center;\">Au <strong>Caf\u00e9 de l\u2019Homme<\/strong>, nous proposons une formule d\u00e9jeuner express\u202f: un menu business entr\u00e9e\u2011plat\u2011dessert, accompagn\u00e9 d\u2019un verre de vin ou d\u2019un soft, servi en une heure chrono.<\/p>\n<p style=\"text-align: center;\">De plus, nos \u00e9quipes d\u00e9veloppent \u00e9galement des formats sur\u2011mesure\u202f:<\/p>\n<ul style=\"text-align: center;\">\n<li>Petit\u2011d\u00e9jeuner d\u2019\u00e9quipe ou d\u00e9jeuner de travail en terrasse<\/li>\n<li>Cocktail networking au coucher du soleil<\/li>\n<li>D\u00eener VIP ou soir\u00e9e de gala exclusive<\/li>\n<li>Lancement de produit dans un d\u00e9cor iconique<\/li>\n<li>Team building ou incentive haut de gamme<\/li>\n<li>Afterwork \u00e9l\u00e9gant autour de cocktails et champagne<\/li>\n<\/ul>\n<p style=\"text-align: center;\">\u00c0 souligner que chaque proposition culinaire est pens\u00e9e main dans la main avec le Chef et le sommelier\u202f: menus saisonniers, accords mets et vins sur\u2011mesure, <strong>adaptations<\/strong> pour r\u00e9gimes sp\u00e9cifiques.<\/p>\n<p style=\"text-align: center;\">Le service est <strong>calibr\u00e9 au millim\u00e8tre<\/strong> : personnel multilingue, coordination discr\u00e8te, d\u00e9roul\u00e9 ma\u00eetris\u00e9 \u00e0 la minute pr\u00e8s.<\/p>\n<p>[\/vc_column_text][vc_row_inner content_placement=\u00bbmiddle\u00bb el_id=\u00bbsection-coeur\u00bb][vc_column_inner][vc_raw_html css=\u00bb\u00bb el_id=\u00bbslider-test\u00bb]JTVCY2RoX3Bob3RvJTIwY2F0ZWclM0QlMjJwbGF0cyUyMiU1RA==[\/vc_raw_html][\/vc_column_inner][\/vc_row_inner][\/vc_column][\/vc_row][vc_row enable_gradient=\u00bbyes\u00bb css=\u00bb.vc_custom_1730111311851{padding-top: 150px !important;padding-bottom: 150px !important;background-color: #000000 !important;background-position: center !important;background-repeat: no-repeat !important;background-size: cover !important;}\u00bb el_class=\u00bbvisite-virtuelle\u00bb gradient_bg=\u00bblinear-gradient(0deg, rgba(0, 0, 0, 0.5) 0%, rgba(0,0,0,0.4) 100%)\u00bb][vc_column][vc_custom_heading text=\u00bbService attentif et expertise \u00e9v\u00e9nementielle\u00bb font_container=\u00bbtag:h2|text_align:center\u00bb css=\u00bb\u00bb][vc_column_text css=\u00bb\u00bb el_class=\u00bbtext-white\u00bb]<\/p>\n<p class=\"my-2 [&amp;+p]:mt-4 [&amp;_strong:has(+br)]:inline-block [&amp;_strong:has(+br)]:pb-2\" style=\"text-align: center;\">Notre \u00e9quipe d\u00e9di\u00e9e et multilingue accompagne vos projets avec rigueur et discr\u00e9tion. Etant donn\u00e9 qu&rsquo;ils sont form\u00e9s au service corporate, nos collaborateurs coordonnent chaque \u00e9tape avec pr\u00e9cision, assurant fluidit\u00e9 et confidentialit\u00e9.<\/p>\n<p style=\"text-align: center;\">Egalement, gr\u00e2ce \u00e0 un service calibr\u00e9 et une anticipation des impr\u00e9vus, nous respectons vos contraintes de temps tout en offrant une exp\u00e9rience \u00e9l\u00e9gante et sans friction, faisant du <strong>Caf\u00e9 de l\u2019Homme<\/strong> un <strong>partenaire privil\u00e9gi\u00e9<\/strong>.<\/p>\n<p>[\/vc_column_text]<a href=\"https:\/\/www.sevenrooms.com\/explore\/cafedelhomme\/reservations\/create\/search?tracking=seo-blog\" target=\"_blank\" class=\"btn btn-default btn-bordered border-thin btn btn-outline btn-outline-white ld_button_69f2f1340a4b4\">\n\t<span>\n\t\t\n\t\t\t\t\t<span class=\"btn-txt\">Je r\u00e9serve<\/span>\n\t\t\t\n\t\t\t\t<\/span>\n<\/a>\n[\/vc_column][\/vc_row][vc_row full_width=\u00bbstretch_row\u00bb gap=\u00bb35&Prime; content_placement=\u00bbmiddle\u00bb el_id=\u00bbequipo\u00bb css=\u00bb.vc_custom_1758716733559{padding-top: 80px !important;padding-right: 150px !important;padding-bottom: 80px !important;padding-left: 150px !important;background-color: #faf9f6 !important;}\u00bb responsive_css=\u00bbpadding_top_large:145px|padding_bottom_large:168px\u00bb el_class=\u00bbprestations\u00bb][vc_column width=\u00bb5\/12&Prime;][vc_custom_heading text=\u00bbInformations pratiques et accessibilit\u00e9\u00bb css=\u00bb.vc_custom_1758531526132{margin-bottom: 40px !important;}\u00bb][vc_column_text css=\u00bb.vc_custom_1758550744734{margin-bottom: 40px !important;}\u00bb]<\/p>\n<p class=\"my-2 [&amp;+p]:mt-4 [&amp;_strong:has(+br)]:inline-block [&amp;_strong:has(+br)]:pb-2\">Id\u00e9alement situ\u00e9 au <strong>17 place du Trocad\u00e9ro<\/strong>, <strong>au c\u0153ur du 16e arrondissement<\/strong>, le <strong>Caf\u00e9 de l\u2019Homme<\/strong> b\u00e9n\u00e9ficie d\u2019une accessibilit\u00e9 <strong>optimale<\/strong>. En effet, la proximit\u00e9 imm\u00e9diate du <strong>m\u00e9tro Trocad\u00e9ro (lignes 6 et 9)<\/strong> et le service voiturier facilitent vos d\u00e9placements.<\/p>\n<p class=\"my-2 [&amp;+p]:mt-4 [&amp;_strong:has(+br)]:inline-block [&amp;_strong:has(+br)]:pb-2\">\u00c0 ce titre, cette centralit\u00e9 strat\u00e9gique simplifie l\u2019organisation de vos <strong>repas d\u2019affaires<\/strong> \u00e0<strong> Paris<\/strong>.<\/p>\n<p class=\"my-2 [&amp;+p]:mt-4 [&amp;_strong:has(+br)]:inline-block [&amp;_strong:has(+br)]:pb-2\">Par ailleurs, le service d\u00e9jeuner est propos\u00e9 de <strong>12 h \u00e0 14 h 30<\/strong>, avec la possibilit\u00e9 de prolonger vos rendez-vous autour d\u2019un caf\u00e9 ou d\u2019un dessert l\u2019apr\u00e8s-midi.<\/p>\n<p class=\"my-2 [&amp;+p]:mt-4 [&amp;_strong:has(+br)]:inline-block [&amp;_strong:has(+br)]:pb-2\">Les r\u00e9servations se font directement via notre plateforme <strong>SevenRooms<\/strong>, et toute demande de devis ou de privatisation est trait\u00e9e en <strong>moins de 24 heures<\/strong>.<\/p>\n<p>[\/vc_column_text]<a href=\"https:\/\/www.cafedelhomme.com\/informations-cafe-de-lhomme\" title=\"Contact\" class=\"btn btn-naked btn_underline ld_button_69f2f1340a5d8\">\n\t<span>\n\t\t\n\t\t\t\t\t<span class=\"btn-txt\">organiser vos repas d'affaires.<\/span>\n\t\t\t\n\t\t\t\t<\/span>\n<\/a>\n[\/vc_column][vc_column width=\u00bb7\/12&Prime; align=\u00bbtext-center\u00bb responsive_css=\u00bbpadding_left_large:150px\u00bb][vc_row_inner equal_height=\u00bbyes\u00bb content_placement=\u00bbmiddle\u00bb gap=\u00bb10&Prime; responsive_css=\u00bbmargin_bottom_large:30px\u00bb css=\u00bb.vc_custom_1758717257809{margin-bottom: 40px !important;}\u00bb el_class=\u00bboptions\u00bb][vc_column_inner width=\u00bb1\/2&Prime; enable_overlay=\u00bbyes\u00bb align=\u00bbtext-center\u00bb css=\u00bb.vc_custom_1686240038037{background-image: url(https:\/\/www.cafedelhomme.com\/wp-content\/uploads\/2023\/04\/img-right-scaled.jpg?id=371) !important;background-position: center !important;background-repeat: no-repeat !important;background-size: cover !important;}\u00bb overlay_bg=\u00bbrgba(0, 0, 0, 0.35)\u00bb el_class=\u00bboption-modal\u00bb]<a href=\"#\" class=\"btn btn-default btn-xlg btn-bordered border-thin btn btn-outline btn-outline-white open_modal-simple ld_button_69f2f1340a6f3\">\n\t<span>\n\t\t\n\t\t\t\t\t<span class=\"btn-txt\">Des espaces \u00e9v\u00e9nementiels modulables<\/span>\n\t\t\t\n\t\t\t\t<\/span>\n<\/a>\n[vc_column_text css=\u00bb\u00bb el_class=\u00bbmodal-content-simple\u00bb]Accueillant de 20 \u00e0 300 invit\u00e9s, nous adaptons nos configurations selon vos objectifs : pr\u00e9sentation confidentielle, cocktail networking ou d\u00eener d\u2019exception. La Terrasse Jardins et la Terrasse Eiffel peuvent \u00eatre semi-privatis\u00e9es pour offrir un cadre exclusif en plein air, avec vue directe sur la tour Eiffel.[\/vc_column_text][\/vc_column_inner][vc_column_inner width=\u00bb1\/2&Prime; enable_overlay=\u00bbyes\u00bb align=\u00bbtext-center\u00bb css=\u00bb.vc_custom_1686240015414{background-image: url(https:\/\/www.cafedelhomme.com\/wp-content\/uploads\/2023\/04\/bg-fullscreen-scaled.jpg?id=452) !important;background-position: center !important;background-repeat: no-repeat !important;background-size: cover !important;}\u00bb overlay_bg=\u00bbrgba(0, 0, 0, 0.35)\u00bb el_class=\u00bboption-modal\u00bb]<a href=\"#\" class=\"btn btn-default btn-bordered border-thin btn btn-outline btn-outline-white open_modal-simple ld_button_69f2f1340a80f\">\n\t<span>\n\t\t\n\t\t\t\t\t<span class=\"btn-txt\">Une gastronomie de prestige<\/span>\n\t\t\t\n\t\t\t\t<\/span>\n<\/a>\n[vc_column_text css=\u00bb\u00bb el_class=\u00bbmodal-content-simple\u00bb]La carte du Chef Wilfried Graux propose une cuisine de saison, \u00e9l\u00e9gante et cr\u00e9ative. Menus de gala, cocktails d\u00eenatoires, pauses sucr\u00e9es, ou plateaux sur-mesure : chaque format s\u2019adapte \u00e0 l\u2019occasion. Vins, champagnes et cocktails signatures viennent enrichir l\u2019exp\u00e9rience.[\/vc_column_text][\/vc_column_inner][\/vc_row_inner][vc_row_inner equal_height=\u00bbyes\u00bb content_placement=\u00bbmiddle\u00bb responsive_css=\u00bbmargin_bottom_large:10px\u00bb css=\u00bb.vc_custom_1686224370091{margin-bottom: 40px !important;}\u00bb el_class=\u00bboptions\u00bb][vc_column_inner width=\u00bb1\/2&Prime; enable_overlay=\u00bbyes\u00bb align=\u00bbtext-center\u00bb css=\u00bb.vc_custom_1686240081843{background-image: url(https:\/\/www.cafedelhomme.com\/wp-content\/uploads\/2023\/04\/BG-1-1.jpg?id=354) !important;background-position: center !important;background-repeat: no-repeat !important;background-size: cover !important;}\u00bb overlay_bg=\u00bbrgba(0, 0, 0, 0.35)\u00bb el_class=\u00bboption-modal\u00bb]<a href=\"#\" class=\"btn btn-default btn-bordered border-thin btn btn-outline btn-outline-white open_modal-simple ld_button_69f2f1340a91d\">\n\t<span>\n\t\t\n\t\t\t\t\t<span class=\"btn-txt\">Un accompagnement hautement professionnel<\/span>\n\t\t\t\n\t\t\t\t<\/span>\n<\/a>\n[vc_column_text css=\u00bb\u00bb el_class=\u00bbmodal-content-simple\u00bb]Notre \u00e9quipe \u00e9v\u00e9nementielle d\u00e9di\u00e9e MICE assure la gestion de votre projet avec pr\u00e9cision et souplesse : coordination logistique, suivi des timings, services techniques int\u00e9gr\u00e9s et pr\u00e9sence terrain. Chaque \u00e9tape est anticip\u00e9e pour garantir un d\u00e9roul\u00e9 fluide et irr\u00e9prochable.[\/vc_column_text][\/vc_column_inner][vc_column_inner width=\u00bb1\/2&Prime; enable_overlay=\u00bbyes\u00bb align=\u00bbtext-center\u00bb css=\u00bb.vc_custom_1686240058941{background-image: url(https:\/\/www.cafedelhomme.com\/wp-content\/uploads\/2023\/04\/img-left-scaled.jpg?id=370) !important;background-position: center !important;background-repeat: no-repeat !important;background-size: cover !important;}\u00bb overlay_bg=\u00bbrgba(0, 0, 0, 0.35)\u00bb el_class=\u00bboption-modal\u00bb]<a href=\"#\" class=\"btn btn-default btn-bordered border-thin btn btn-outline btn-outline-white open_modal-simple ld_button_69f2f1340aa28\">\n\t<span>\n\t\t\n\t\t\t\t\t<span class=\"btn-txt\">L\u2019image de votre entreprise valoris\u00e9e<\/span>\n\t\t\t\n\t\t\t\t<\/span>\n<\/a>\n[vc_column_text css=\u00bb\u00bb el_class=\u00bbmodal-content-simple\u00bb]Recevoir au Caf\u00e9 de l\u2019Homme, c\u2019est associer votre \u00e9v\u00e9nement \u00e0 un lieu d\u2019exception, gage de s\u00e9rieux, de bon go\u00fbt et de raffinement. Offrez \u00e0 vos collaborateurs, clients ou partenaires un moment qui refl\u00e8te la hauteur de vos ambitions, dans un d\u00e9cor mythique et une atmosph\u00e8re unique.[\/vc_column_text][\/vc_column_inner][\/vc_row_inner][\/vc_column][\/vc_row][vc_row full_width=\u00bbstretch_row\u00bb equal_height=\u00bbyes\u00bb bg_position=\u00bbcenter center\u00bb css=\u00bb.vc_custom_1683016397706{padding-top: 80px !important;padding-bottom: 80px !important;background-image: url(https:\/\/www.cafedelhomme.com\/wp-content\/uploads\/2023\/04\/BG-1-1.jpg?id=354) !important;background-position: center !important;background-repeat: no-repeat !important;background-size: cover !important;}\u00bb el_id=\u00bbimg-pantalla\u00bb responsive_css=\u00bbpadding_top_large:250px|padding_bottom_large:250px\u00bb][vc_column align=\u00bbtext-center\u00bb][vc_custom_heading text=\u00bbR\u00e9servez votre d\u00e9jeuner professionnel\u00bb font_container=\u00bbtag:h2|text_align:center\u00bb css=\u00bb\u00bb el_class=\u00bbtitle mb-16&Prime;][vc_column_text css=\u00bb\u00bb el_class=\u00bbsub-title mb-40&Prime;]<em>Parce que l\u2019exceptionnel n\u2019attend pas, r\u00e9servez d\u00e8s maintenant\u2026<\/em>[\/vc_column_text]<a href=\"https:\/\/www.sevenrooms.com\/explore\/cafedelhomme\/reservations\/create\/search?tracking=seo-blog\" target=\"_blank\" class=\"btn btn-default btn-bordered border-thin btn btn-outline btn-outline-white ld_button_69f2f1340ab33\">\n\t<span>\n\t\t\n\t\t\t\t\t<span class=\"btn-txt\">Je r\u00e9serve<\/span>\n\t\t\t\n\t\t\t\t<\/span>\n<\/a>\n[\/vc_column][\/vc_row][vc_row el_id=\u00bbcrossPagesBanner\u00bb][vc_column align=\u00bbtext-center\u00bb css=\u00bb.vc_custom_1758553497531{padding-top: 145px !important;padding-bottom: 168px !important;}\u00bb][vc_custom_heading text=\u00bbUn lieu exclusif pour vos repas d\u2019affaires \u00e0 Paris\u00bb font_container=\u00bbtag:h2|text_align:center\u00bb css=\u00bb\u00bb][vc_column_text css=\u00bb.vc_custom_1758554498764{padding-bottom: 50px !important;}\u00bb]<\/p>\n<p class=\"my-2 [&amp;+p]:mt-4 [&amp;_strong:has(+br)]:inline-block [&amp;_strong:has(+br)]:pb-2\">Le <strong>d\u00e9jeuner professionnel<\/strong> au <strong>Caf\u00e9 de l\u2019Homme<\/strong> se d\u00e9roule dans un cadre prestigieux avec une vue spectaculaire sur la <strong>Tour Eiffel<\/strong>. La terrasse spacieuse et les espaces modulables offrent un <strong>environnement id\u00e9al<\/strong> pour un repas d\u2019affaires alliant confort, confidentialit\u00e9 et \u00e9l\u00e9gance. Le service est attentif et adapt\u00e9 aux exigences des d\u00e9jeuners professionnels pour une exp\u00e9rience fluide et agr\u00e9able.<\/p>\n<p class=\"my-2 [&amp;+p]:mt-4 [&amp;_strong:has(+br)]:inline-block [&amp;_strong:has(+br)]:pb-2\">Le <strong>menu business<\/strong> est compos\u00e9 par le <strong>Chef Wilfried Graux<\/strong> autour de produits de saison, avec une cuisine raffin\u00e9e mariant tradition fran\u00e7aise et touches cr\u00e9atives. Pens\u00e9 pour allier rapidit\u00e9 et qualit\u00e9, ce menu propose des plats soign\u00e9s et \u00e9quilibr\u00e9s. Une s\u00e9lection de vins fins compl\u00e8te ce moment gastronomique, sublimant chaque rendez-vous.<\/p>\n<p>[\/vc_column_text]<a href=\"https:\/\/www.cafedelhomme.com\/dejeuner-pro-paris-16\" title=\"Organiser mon d\u00e9jeuner professionnel\" class=\"btn btn-naked btn_underline ld_button_69f2f1340ac4b\">\n\t<span>\n\t\t\n\t\t\t\t\t<span class=\"btn-txt\">organiser mon d\u00e9jeuner professionnel.<\/span>\n\t\t\t\n\t\t\t\t<\/span>\n<\/a>\n[\/vc_column][\/vc_row]<\/p>\n<\/div>","protected":false},"excerpt":{"rendered":"<p>[vc_row sticky_row=\u00bbyes\u00bb css=\u00bb.vc_custom_1729757449101{background-image: url(https:\/\/www.cafedelhomme.com\/wp-content\/uploads\/2024\/01\/header-homepage-cdh.jpg?id=5114) !important;background-position: center !important;background-repeat: no-repeat !important;background-size: cover !important;}\u00bb el_id=\u00bbcabecera-p\u00e1gina-simple\u00bb][vc_column responsive_css=\u00bbpadding_top_large:220px\u00bb css=\u00bb.vc_custom_1758718205413{padding-top: 120px !important;}\u00bb][vc_custom_heading text=\u00bbRepas d\u2019affaires \u00e0 Paris : \u00e9l\u00e9gance et confidentialit\u00e9 face \u00e0 la Tour Eiffel\u00bb font_container=\u00bbtag:h1|text_align:center\u00bb css=\u00bb.vc_custom_1758715956878{margin-bottom: 0px !important;}\u00bb][vc_column_text css=\u00bb.vc_custom_1758720389832{padding-top: 50px !important;padding-bottom: 150px !important;}\u00bb] \u00c0 l&rsquo;heure du d\u00e9jeuner, le Caf\u00e9 de&#8230;<\/p>\n","protected":false},"author":1,"featured_media":9608,"parent":0,"menu_order":0,"comment_status":"closed","ping_status":"closed","template":"","meta":{"_acf_changed":false,"footnotes":""},"class_list":["post-12917","page","type-page","status-publish","has-post-thumbnail","hentry"],"acf":[],"yoast_head":"<!-- This site is optimized with the Yoast SEO Premium plugin v20.10 (Yoast SEO v27.0) - https:\/\/yoast.com\/product\/yoast-seo-premium-wordpress\/ -->\n<title>Restaurante ins\u00f3lito en Par\u00eds - Caf\u00e9 de l&#039;Homme<\/title>\n<meta name=\"description\" content=\"Una experiencia \u00fanica en un restaurante ins\u00f3lito de Par\u00eds. Situado en Par\u00eds 16, el Caf\u00e9 de l&#039;Homme ofrece una cocina refinada con una vista excepcional de la Torre Eiffel.\" \/>\n<meta name=\"robots\" content=\"index, follow, max-snippet:-1, max-image-preview:large, max-video-preview:-1\" \/>\n<link rel=\"canonical\" href=\"https:\/\/www.cafedelhomme.com\/es\/restaurante-insolito-en-paris-13\" \/>\n<meta property=\"og:locale\" content=\"es_ES\" \/>\n<meta property=\"og:type\" content=\"article\" \/>\n<meta property=\"og:title\" content=\"Restaurante ins\u00f3lito en Par\u00eds - Caf\u00e9 de l&#039;Homme\" \/>\n<meta property=\"og:description\" content=\"Descubre el mejor restaurante con terraza de Par\u00eds 16 y disfruta de una vista de la Torre Eiffel para una comida o cena gourmet\" \/>\n<meta property=\"og:url\" content=\"https:\/\/www.cafedelhomme.com\/es\/restaurante-insolito-en-paris-13\" \/>\n<meta property=\"og:site_name\" content=\"Caf\u00e9 de l&#039;Homme\" \/>\n<meta property=\"article:publisher\" content=\"https:\/\/www.facebook.com\/cafedelhomme\" \/>\n<meta property=\"article:modified_time\" content=\"2025-09-29T08:03:38+00:00\" \/>\n<meta property=\"og:image\" content=\"https:\/\/www.cafedelhomme.com\/wp-content\/uploads\/2023\/06\/exp-inedite-1024x683.jpg\" \/>\n<meta name=\"twitter:card\" content=\"summary_large_image\" \/>\n<meta name=\"twitter:label1\" content=\"Tiempo de lectura\" \/>\n\t<meta name=\"twitter:data1\" content=\"12 minutos\" \/>\n<script type=\"application\/ld+json\" class=\"yoast-schema-graph\">{\"@context\":\"https:\/\/schema.org\",\"@graph\":[{\"@type\":\"WebPage\",\"@id\":\"https:\/\/www.cafedelhomme.com\/es\/restaurante-insolito-en-paris-13\",\"url\":\"https:\/\/www.cafedelhomme.com\/es\/restaurante-insolito-en-paris-13\",\"name\":\"Restaurante ins\u00f3lito en Par\u00eds - Caf\u00e9 de l&#039;Homme\",\"isPartOf\":{\"@id\":\"https:\/\/www.cafedelhomme.com\/es#website\"},\"primaryImageOfPage\":{\"@id\":\"https:\/\/www.cafedelhomme.com\/es\/restaurante-insolito-en-paris-13#primaryimage\"},\"image\":{\"@id\":\"https:\/\/www.cafedelhomme.com\/es\/restaurante-insolito-en-paris-13#primaryimage\"},\"thumbnailUrl\":\"https:\/\/www.cafedelhomme.com\/wp-content\/uploads\/2023\/06\/bg-cafedelhomme.jpg\",\"datePublished\":\"2025-09-29T08:03:32+00:00\",\"dateModified\":\"2025-09-29T08:03:38+00:00\",\"description\":\"Una experiencia \u00fanica en un restaurante ins\u00f3lito de Par\u00eds. Situado en Par\u00eds 16, el Caf\u00e9 de l'Homme ofrece una cocina refinada con una vista excepcional de la Torre Eiffel.\",\"inLanguage\":\"es\",\"potentialAction\":[{\"@type\":\"ReadAction\",\"target\":[\"https:\/\/www.cafedelhomme.com\/es\/restaurante-insolito-en-paris-13\"]}]},{\"@type\":\"ImageObject\",\"inLanguage\":\"es\",\"@id\":\"https:\/\/www.cafedelhomme.com\/es\/restaurante-insolito-en-paris-13#primaryimage\",\"url\":\"https:\/\/www.cafedelhomme.com\/wp-content\/uploads\/2023\/06\/bg-cafedelhomme.jpg\",\"contentUrl\":\"https:\/\/www.cafedelhomme.com\/wp-content\/uploads\/2023\/06\/bg-cafedelhomme.jpg\",\"width\":1920,\"height\":1080},{\"@type\":\"WebSite\",\"@id\":\"https:\/\/www.cafedelhomme.com\/es#website\",\"url\":\"https:\/\/www.cafedelhomme.com\/es\",\"name\":\"Caf\u00e9 de l'Homme\",\"description\":\"\",\"publisher\":{\"@id\":\"https:\/\/www.cafedelhomme.com\/es#organization\"},\"potentialAction\":[{\"@type\":\"SearchAction\",\"target\":{\"@type\":\"EntryPoint\",\"urlTemplate\":\"https:\/\/www.cafedelhomme.com\/es?s={search_term_string}\"},\"query-input\":{\"@type\":\"PropertyValueSpecification\",\"valueRequired\":true,\"valueName\":\"search_term_string\"}}],\"inLanguage\":\"es\"},{\"@type\":\"Organization\",\"@id\":\"https:\/\/www.cafedelhomme.com\/es#organization\",\"name\":\"Caf\u00e9 del Hombre\",\"url\":\"https:\/\/www.cafedelhomme.com\/es\",\"logo\":{\"@type\":\"ImageObject\",\"inLanguage\":\"es\",\"@id\":\"https:\/\/www.cafedelhomme.com\/es#\/schema\/logo\/image\/\",\"url\":\"https:\/\/www.cafedelhomme.com\/wp-content\/uploads\/2023\/04\/big-logo-300x163-1.png\",\"contentUrl\":\"https:\/\/www.cafedelhomme.com\/wp-content\/uploads\/2023\/04\/big-logo-300x163-1.png\",\"width\":300,\"height\":163,\"caption\":\"Caf\u00e9 del Hombre\"},\"image\":{\"@id\":\"https:\/\/www.cafedelhomme.com\/es#\/schema\/logo\/image\/\"},\"sameAs\":[\"https:\/\/www.facebook.com\/cafedelhomme\",\"https:\/\/www.instagram.com\/cafedelhomme\/\"]}]}<\/script>\n<!-- \/ Yoast SEO Premium plugin. -->","yoast_head_json":{"title":"Restaurante ins\u00f3lito en Par\u00eds - Caf\u00e9 de l&#039;Homme","description":"Una experiencia \u00fanica en un restaurante ins\u00f3lito de Par\u00eds. Situado en Par\u00eds 16, el Caf\u00e9 de l'Homme ofrece una cocina refinada con una vista excepcional de la Torre Eiffel.","robots":{"index":"index","follow":"follow","max-snippet":"max-snippet:-1","max-image-preview":"max-image-preview:large","max-video-preview":"max-video-preview:-1"},"canonical":"https:\/\/www.cafedelhomme.com\/es\/restaurante-insolito-en-paris-13","og_locale":"es_ES","og_type":"article","og_title":"Restaurante ins\u00f3lito en Par\u00eds - Caf\u00e9 de l&#039;Homme","og_description":"Descubre el mejor restaurante con terraza de Par\u00eds 16 y disfruta de una vista de la Torre Eiffel para una comida o cena gourmet","og_url":"https:\/\/www.cafedelhomme.com\/es\/restaurante-insolito-en-paris-13","og_site_name":"Caf\u00e9 de l&#039;Homme","article_publisher":"https:\/\/www.facebook.com\/cafedelhomme","article_modified_time":"2025-09-29T08:03:38+00:00","og_image":[{"url":"https:\/\/www.cafedelhomme.com\/wp-content\/uploads\/2023\/06\/exp-inedite-1024x683.jpg","type":"","width":"","height":""}],"twitter_card":"summary_large_image","twitter_misc":{"Tiempo de lectura":"12 minutos"},"schema":{"@context":"https:\/\/schema.org","@graph":[{"@type":"WebPage","@id":"https:\/\/www.cafedelhomme.com\/es\/restaurante-insolito-en-paris-13","url":"https:\/\/www.cafedelhomme.com\/es\/restaurante-insolito-en-paris-13","name":"Restaurante ins\u00f3lito en Par\u00eds - Caf\u00e9 de l&#039;Homme","isPartOf":{"@id":"https:\/\/www.cafedelhomme.com\/es#website"},"primaryImageOfPage":{"@id":"https:\/\/www.cafedelhomme.com\/es\/restaurante-insolito-en-paris-13#primaryimage"},"image":{"@id":"https:\/\/www.cafedelhomme.com\/es\/restaurante-insolito-en-paris-13#primaryimage"},"thumbnailUrl":"https:\/\/www.cafedelhomme.com\/wp-content\/uploads\/2023\/06\/bg-cafedelhomme.jpg","datePublished":"2025-09-29T08:03:32+00:00","dateModified":"2025-09-29T08:03:38+00:00","description":"Una experiencia \u00fanica en un restaurante ins\u00f3lito de Par\u00eds. Situado en Par\u00eds 16, el Caf\u00e9 de l'Homme ofrece una cocina refinada con una vista excepcional de la Torre Eiffel.","inLanguage":"es","potentialAction":[{"@type":"ReadAction","target":["https:\/\/www.cafedelhomme.com\/es\/restaurante-insolito-en-paris-13"]}]},{"@type":"ImageObject","inLanguage":"es","@id":"https:\/\/www.cafedelhomme.com\/es\/restaurante-insolito-en-paris-13#primaryimage","url":"https:\/\/www.cafedelhomme.com\/wp-content\/uploads\/2023\/06\/bg-cafedelhomme.jpg","contentUrl":"https:\/\/www.cafedelhomme.com\/wp-content\/uploads\/2023\/06\/bg-cafedelhomme.jpg","width":1920,"height":1080},{"@type":"WebSite","@id":"https:\/\/www.cafedelhomme.com\/es#website","url":"https:\/\/www.cafedelhomme.com\/es","name":"Caf\u00e9 de l'Homme","description":"","publisher":{"@id":"https:\/\/www.cafedelhomme.com\/es#organization"},"potentialAction":[{"@type":"SearchAction","target":{"@type":"EntryPoint","urlTemplate":"https:\/\/www.cafedelhomme.com\/es?s={search_term_string}"},"query-input":{"@type":"PropertyValueSpecification","valueRequired":true,"valueName":"search_term_string"}}],"inLanguage":"es"},{"@type":"Organization","@id":"https:\/\/www.cafedelhomme.com\/es#organization","name":"Caf\u00e9 del Hombre","url":"https:\/\/www.cafedelhomme.com\/es","logo":{"@type":"ImageObject","inLanguage":"es","@id":"https:\/\/www.cafedelhomme.com\/es#\/schema\/logo\/image\/","url":"https:\/\/www.cafedelhomme.com\/wp-content\/uploads\/2023\/04\/big-logo-300x163-1.png","contentUrl":"https:\/\/www.cafedelhomme.com\/wp-content\/uploads\/2023\/04\/big-logo-300x163-1.png","width":300,"height":163,"caption":"Caf\u00e9 del Hombre"},"image":{"@id":"https:\/\/www.cafedelhomme.com\/es#\/schema\/logo\/image\/"},"sameAs":["https:\/\/www.facebook.com\/cafedelhomme","https:\/\/www.instagram.com\/cafedelhomme\/"]}]}},"_links":{"self":[{"href":"https:\/\/www.cafedelhomme.com\/es\/wp-json\/wp\/v2\/pages\/12917","targetHints":{"allow":["GET"]}}],"collection":[{"href":"https:\/\/www.cafedelhomme.com\/es\/wp-json\/wp\/v2\/pages"}],"about":[{"href":"https:\/\/www.cafedelhomme.com\/es\/wp-json\/wp\/v2\/types\/page"}],"author":[{"embeddable":true,"href":"https:\/\/www.cafedelhomme.com\/es\/wp-json\/wp\/v2\/users\/1"}],"replies":[{"embeddable":true,"href":"https:\/\/www.cafedelhomme.com\/es\/wp-json\/wp\/v2\/comments?post=12917"}],"version-history":[{"count":3,"href":"https:\/\/www.cafedelhomme.com\/es\/wp-json\/wp\/v2\/pages\/12917\/revisions"}],"predecessor-version":[{"id":12924,"href":"https:\/\/www.cafedelhomme.com\/es\/wp-json\/wp\/v2\/pages\/12917\/revisions\/12924"}],"wp:featuredmedia":[{"embeddable":true,"href":"https:\/\/www.cafedelhomme.com\/es\/wp-json\/wp\/v2\/media\/9608"}],"wp:attachment":[{"href":"https:\/\/www.cafedelhomme.com\/es\/wp-json\/wp\/v2\/media?parent=12917"}],"curies":[{"name":"wp","href":"https:\/\/api.w.org\/{rel}","templated":true}]}}