{"id":9543,"date":"2023-07-11T15:12:58","date_gmt":"2023-07-11T13:12:58","guid":{"rendered":"https:\/\/www.cafedelhomme.com\/mapa-del-sitio"},"modified":"2025-03-27T15:27:51","modified_gmt":"2025-03-27T14:27:51","slug":"mapa-del-sitio","status":"publish","type":"page","link":"https:\/\/www.cafedelhomme.com\/es\/mapa-del-sitio","title":{"rendered":"Mapa del sitio"},"content":{"rendered":"<div class=\"wpb-content-wrapper\"><p>[vc_row responsive_css=\u00bbpadding_top_large:40px|padding_bottom_large:40px\u00bb css=\u00bb.vc_custom_1689081358122{padding-top: 40px !important;padding-bottom: 40px !important;}\u00bb][vc_column][vc_column_text]<div class=\"wsp-container\"><h2 class=\"wsp-pages-title\">P\u00e1ginas<\/h2>\n<ul class=\"wsp-pages-list\">\n<li class=\"page_item page-item-9557\"><a href=\"https:\/\/www.cafedelhomme.com\/es\/acceso-y-contacto\">Acceso y contacto<\/a><\/li>\n<li class=\"page_item page-item-9685\"><a href=\"https:\/\/www.cafedelhomme.com\/es\/cafe-de-lhomme-te-ofrece-un-espacio-de-co-working\">Caf\u00e9 de l&rsquo;homme te ofrece un espacio de co-working<\/a><\/li>\n<li class=\"page_item page-item-11336\"><a href=\"https:\/\/www.cafedelhomme.com\/es\/groupes\">Comida en grupo en Caf\u00e9 de l\u2019Homme Par\u00eds<\/a><\/li>\n<li class=\"page_item page-item-9760\"><a href=\"https:\/\/www.cafedelhomme.com\/es\/comunicados-de-prensa\">Comunicados de prensa<\/a><\/li>\n<li class=\"page_item page-item-9683\"><a href=\"https:\/\/www.cafedelhomme.com\/es\/condiciones-generales\">Condiciones generales<\/a><\/li>\n<li class=\"page_item page-item-9567\"><a href=\"https:\/\/www.cafedelhomme.com\/es\/contratacion\">Contrataci\u00f3n<\/a><\/li>\n<li class=\"page_item page-item-9692\"><a href=\"https:\/\/www.cafedelhomme.com\/es\/cookies\">Cookies<\/a><\/li>\n<li class=\"page_item page-item-9627\"><a href=\"https:\/\/www.cafedelhomme.com\/es\/datos-personales\">Datos personales<\/a><\/li>\n<li class=\"page_item page-item-10687\"><a href=\"https:\/\/www.cafedelhomme.com\/es\/formulario-salesforce-2\">Formulario Salesforce<\/a><\/li>\n<li class=\"page_item page-item-9715\"><a href=\"https:\/\/www.cafedelhomme.com\/es\/formulario-salesforce\">Formulario Salesforce<\/a><\/li>\n<li class=\"page_item page-item-10294\"><a href=\"https:\/\/www.cafedelhomme.com\/es\/gracias-por-tu-solicitud\">Gracias por tu solicitud<\/a><\/li>\n<li class=\"page_item page-item-15234\"><a href=\"https:\/\/www.cafedelhomme.com\/es\/informacion-legal-2\">Informaci\u00f3n legal<\/a><\/li>\n<li class=\"page_item page-item-9700\"><a href=\"https:\/\/www.cafedelhomme.com\/es\/informacion-legal\">Informaci\u00f3n legal<\/a><\/li>\n<li class=\"page_item page-item-10302\"><a href=\"https:\/\/www.cafedelhomme.com\/es\/informacion-sobre-la-promocion-welcome2025\">Informaci\u00f3n sobre la promoci\u00f3n WELCOME2025<\/a><\/li>\n<li class=\"page_item page-item-10509\"><a href=\"https:\/\/www.cafedelhomme.com\/es\">Inicio<\/a><\/li>\n<li class=\"page_item page-item-9558\"><a href=\"https:\/\/www.cafedelhomme.com\/es\/la-carta\">La Carta<\/a><\/li>\n<li class=\"page_item page-item-10099\"><a href=\"https:\/\/www.cafedelhomme.com\/es\/los-mejores-restaurantes-de-paris\">Los mejores restaurantes de Par\u00eds<\/a><\/li>\n<li class=\"page_item page-item-9576\"><a href=\"https:\/\/www.cafedelhomme.com\/es\/manifiesto\">Manifiesto<\/a><\/li>\n<li class=\"page_item page-item-9543\"><a href=\"https:\/\/www.cafedelhomme.com\/es\/mapa-del-sitio\">Mapa del sitio<\/a><\/li>\n<li class=\"page_item page-item-9728\"><a href=\"https:\/\/www.cafedelhomme.com\/es\/mejor-restaurante-paris-16\">Mejor restaurante Par\u00eds 16<\/a><\/li>\n<li class=\"page_item page-item-9552\"><a href=\"https:\/\/www.cafedelhomme.com\/es\/nuestra-experiencia\">Nuestra experiencia<\/a><\/li>\n<li class=\"page_item page-item-17837\"><a href=\"https:\/\/www.cafedelhomme.com\/es\/nuestra-experiencia-2\">Nuestras experiencias de redise\u00f1o<\/a><\/li>\n<li class=\"page_item page-item-9540\"><a href=\"https:\/\/www.cafedelhomme.com\/es\/nuestras-historias\">Nuestras historias<\/a><\/li>\n<li class=\"page_item page-item-9680\"><a href=\"https:\/\/www.cafedelhomme.com\/es\/nuestros-excepcionales-productos\">Nuestros excepcionales productos<\/a><\/li>\n<li class=\"page_item page-item-9777\"><a href=\"https:\/\/www.cafedelhomme.com\/es\/paris-beauty-popup\">Par\u00eds Beauty Popup<\/a><\/li>\n<li class=\"page_item page-item-9768\"><a href=\"https:\/\/www.cafedelhomme.com\/es\/popup-cocktails-creaciones-exclusivas\">Popup Cocktails creaciones exclusivas<\/a><\/li>\n<li class=\"page_item page-item-9616\"><a href=\"https:\/\/www.cafedelhomme.com\/es\/preguntas-mas-frecuentes\">Preguntas m\u00e1s frecuentes<\/a><\/li>\n<li class=\"page_item page-item-9673\"><a href=\"https:\/\/www.cafedelhomme.com\/es\/privatizacion-total\">Privatizaci\u00f3n total<\/a><\/li>\n<li class=\"page_item page-item-9551 page_item_has_children\"><a href=\"https:\/\/www.cafedelhomme.com\/es\/privatizar\">Privatizar<\/a>\n<ul class='children'>\n\t<li class=\"page_item page-item-9607\"><a href=\"https:\/\/www.cafedelhomme.com\/es\/privatizar\/te-gustaria-lanzar-tu-producto-delante-de-la-torre-eiffel\">\u00bfTe gustar\u00eda lanzar tu producto delante de la Torre Eiffel?<\/a><\/li>\n\t<li class=\"page_item page-item-13614\"><a href=\"https:\/\/www.cafedelhomme.com\/es\/privatizar\/cafe-de-lhomme-de-noche-2\">Caf\u00e9 de l&rsquo;Homme de noche<\/a><\/li>\n\t<li class=\"page_item page-item-9793\"><a href=\"https:\/\/www.cafedelhomme.com\/es\/privatizar\/cafe-de-lhomme-de-noche\">Caf\u00e9 de l&rsquo;Homme de noche<\/a><\/li>\n\t<li class=\"page_item page-item-9794\"><a href=\"https:\/\/www.cafedelhomme.com\/es\/privatizar\/celebra-el-14-de-julio-frente-a-la-torre-eiffel-cafe-de-lhomme\">Celebra el 14 de julio frente a la Torre Eiffel - Caf\u00e9 de l&rsquo;Homme<\/a><\/li>\n\t<li class=\"page_item page-item-9785\"><a href=\"https:\/\/www.cafedelhomme.com\/es\/privatizar\/celebra-el-14-de-julio-frente-a-la-torre-eiffel-cafe-de-lhomme-antiguo\">Celebra el 14 de julio frente a la Torre Eiffel - Caf\u00e9 de l&rsquo;Homme (antiguo)<\/a><\/li>\n\t<li class=\"page_item page-item-12978\"><a href=\"https:\/\/www.cafedelhomme.com\/es\/privatizar\/celebre-el-31-de-diciembre-frente-a-la-torre-eiffel-cafe-de-lhomme-cafe-de-lhomme\">Celebre el 31 de diciembre frente a la torre eiffel cafe de lhomme - Caf\u00e9 de l&rsquo;Homme<\/a><\/li>\n\t<li class=\"page_item page-item-13499\"><a href=\"https:\/\/www.cafedelhomme.com\/es\/privatizar\/celebre-el-31-de-diciembre-frente-a-la-torre-eiffel-cafe-de-lhomme-cafe-de-lhomme-2\">Celebre el 31 de diciembre frente a la torre eiffel cafe de lhomme - Caf\u00e9 de l&rsquo;Homme<\/a><\/li>\n\t<li class=\"page_item page-item-9653\"><a href=\"https:\/\/www.cafedelhomme.com\/es\/privatizar\/ceremonia-de-graduacion-en-paris\">Ceremonia de graduaci\u00f3n en Par\u00eds<\/a><\/li>\n\t<li class=\"page_item page-item-9665\"><a href=\"https:\/\/www.cafedelhomme.com\/es\/privatizar\/congreso-en-paris\">Congreso en Par\u00eds<\/a><\/li>\n\t<li class=\"page_item page-item-14281\"><a href=\"https:\/\/www.cafedelhomme.com\/es\/privatizar\/congreso-en-paris-2\">Congreso en Par\u00eds<\/a><\/li>\n\t<li class=\"page_item page-item-9656\"><a href=\"https:\/\/www.cafedelhomme.com\/es\/privatizar\/convencion-en-paris\">Convenci\u00f3n en Par\u00eds<\/a><\/li>\n\t<li class=\"page_item page-item-9588\"><a href=\"https:\/\/www.cafedelhomme.com\/es\/privatizar\/experimenta-el-cafe-de-lhomme\">Experimenta el Caf\u00e9 de l&rsquo;Homme<\/a><\/li>\n\t<li class=\"page_item page-item-9590\"><a href=\"https:\/\/www.cafedelhomme.com\/es\/privatizar\/haz-tus-rodajes-y-platos-de-tv-frente-a-la-torre-eiffel\">Haz tus rodajes y plat\u00f3s de TV frente a la Torre Eiffel<\/a><\/li>\n\t<li class=\"page_item page-item-9701\"><a href=\"https:\/\/www.cafedelhomme.com\/es\/privatizar\/organiza-la-boda-de-tus-suenos-con-vistas-a-la-torre-eiffel\">Organiza la boda de tus sue\u00f1os con vistas a la Torre Eiffel<\/a><\/li>\n\t<li class=\"page_item page-item-9628\"><a href=\"https:\/\/www.cafedelhomme.com\/es\/privatizar\/organiza-la-fiesta-de-compromiso-de-tus-suenos-con-vistas-a-la-torre-eiffel\">Organiza la fiesta de compromiso de tus sue\u00f1os con vistas a la Torre Eiffel<\/a><\/li>\n\t<li class=\"page_item page-item-9778\"><a href=\"https:\/\/www.cafedelhomme.com\/es\/privatizar\/organiza-tu-comite-de-empresa-en-paris\">Organiza tu comit\u00e9 de empresa en Par\u00eds<\/a><\/li>\n\t<li class=\"page_item page-item-9610\"><a href=\"https:\/\/www.cafedelhomme.com\/es\/privatizar\/organiza-tu-conferencia-frente-a-la-torre-eiffel\">Organiza tu conferencia frente a la Torre Eiffel<\/a><\/li>\n\t<li class=\"page_item page-item-9647\"><a href=\"https:\/\/www.cafedelhomme.com\/es\/privatizar\/organiza-tu-desfile-de-la-semana-de-la-moda-delante-de-la-torre-eiffel\">Organiza tu desfile de la semana de la moda delante de la Torre Eiffel<\/a><\/li>\n\t<li class=\"page_item page-item-9581\"><a href=\"https:\/\/www.cafedelhomme.com\/es\/privatizar\/organiza-tu-exposicion-de-arte-en-el-cafe-de-lhomme\">Organiza tu exposici\u00f3n de arte en el Caf\u00e9 de l&rsquo;Homme<\/a><\/li>\n\t<li class=\"page_item page-item-9674\"><a href=\"https:\/\/www.cafedelhomme.com\/es\/privatizar\/organiza-un-bautizo-delante-de-la-torre-eiffel\">Organiza un bautizo delante de la Torre Eiffel<\/a><\/li>\n\t<li class=\"page_item page-item-9637\"><a href=\"https:\/\/www.cafedelhomme.com\/es\/privatizar\/organiza-un-desfile-de-moda-delante-de-la-torre-eiffel\">Organiza un desfile de moda delante de la Torre Eiffel<\/a><\/li>\n\t<li class=\"page_item page-item-9644\"><a href=\"https:\/\/www.cafedelhomme.com\/es\/privatizar\/organiza-un-seminario-de-empresa-en-paris-con-vistas-a-la-torre-eiffel\">Organiza un seminario de empresa en Par\u00eds con vistas a la Torre Eiffel<\/a><\/li>\n\t<li class=\"page_item page-item-9786\"><a href=\"https:\/\/www.cafedelhomme.com\/es\/privatizar\/organiza-una-competicion-en-un-lugar-excepcional\">Organiza una competici\u00f3n en un lugar excepcional<\/a><\/li>\n\t<li class=\"page_item page-item-9599\"><a href=\"https:\/\/www.cafedelhomme.com\/es\/privatizar\/organiza-una-rueda-de-prensa-en-paris-delante-de-la-torre-eiffel\">Organiza una rueda de prensa en Par\u00eds delante de la Torre Eiffel<\/a><\/li>\n\t<li class=\"page_item page-item-9598\"><a href=\"https:\/\/www.cafedelhomme.com\/es\/privatizar\/privatizar-un-lugar-unico\">Privatizar un lugar \u00fanico<\/a><\/li>\n\t<li class=\"page_item page-item-9766\"><a href=\"https:\/\/www.cafedelhomme.com\/es\/privatizar\/privatizar-una-sala-de-formacion-en-el-corazon-de-paris\">Privatizar una sala de formaci\u00f3n en el coraz\u00f3n de Par\u00eds<\/a><\/li>\n\t<li class=\"page_item page-item-9660\"><a href=\"https:\/\/www.cafedelhomme.com\/es\/privatizar\/proyecciones-y-lanzamientos-de-peliculas-en-paris\">Proyecciones y lanzamientos de pel\u00edculas en Par\u00eds<\/a><\/li>\n\t<li class=\"page_item page-item-9580\"><a href=\"https:\/\/www.cafedelhomme.com\/es\/privatizar\/tu-gala-benefica-frente-a-la-torre-eiffel\">Tu gala ben\u00e9fica frente a la Torre Eiffel<\/a><\/li>\n\t<li class=\"page_item page-item-9635\"><a href=\"https:\/\/www.cafedelhomme.com\/es\/privatizar\/tu-team-building-en-el-cafe-de-lhomme-en-el-corazon-de-paris\">Tu team building en el Caf\u00e9 de l&rsquo;Homme, en el coraz\u00f3n de Par\u00eds<\/a><\/li>\n\t<li class=\"page_item page-item-9618\"><a href=\"https:\/\/www.cafedelhomme.com\/es\/privatizar\/una-prestigiosa-fiesta-de-cumpleanos-con-vistas-a-la-torre-eiffel\">Una prestigiosa fiesta de cumplea\u00f1os con vistas a la Torre Eiffel<\/a><\/li>\n<\/ul>\n<\/li>\n<li class=\"page_item page-item-18615\"><a href=\"https:\/\/www.cafedelhomme.com\/es\/privatizar-2\">Privatizar<\/a><\/li>\n<li class=\"page_item page-item-10104\"><a href=\"https:\/\/www.cafedelhomme.com\/es\/restaurante-alrededor-de-la-torre-eiffel\">Restaurante alrededor de la Torre Eiffel<\/a><\/li>\n<li class=\"page_item page-item-9734\"><a href=\"https:\/\/www.cafedelhomme.com\/es\/restaurante-cerca-de-la-torre-eiffel\">Restaurante cerca de la Torre Eiffel<\/a><\/li>\n<li class=\"page_item page-item-9751\"><a href=\"https:\/\/www.cafedelhomme.com\/es\/restaurante-con-azotea-con-vistas-a-la-torre-eiffel\">Restaurante con azotea con vistas a la Torre Eiffel<\/a><\/li>\n<li class=\"page_item page-item-9759\"><a href=\"https:\/\/www.cafedelhomme.com\/es\/restaurante-con-terraza-excepcional-en-paris-16\">Restaurante con terraza excepcional en Par\u00eds 16<\/a><\/li>\n<li class=\"page_item page-item-9710\"><a href=\"https:\/\/www.cafedelhomme.com\/es\/restaurante-con-vistas-a-la-torre-eiffel-en-paris\">Restaurante con vistas a la Torre Eiffel en Par\u00eds<\/a><\/li>\n<li class=\"page_item page-item-17206\"><a href=\"https:\/\/www.cafedelhomme.com\/es\/restaurante-con-vistas-paris-2\">Restaurante con vistas Par\u00eds<\/a><\/li>\n<li class=\"page_item page-item-10094\"><a href=\"https:\/\/www.cafedelhomme.com\/es\/restaurante-con-vistas-paris\">Restaurante con vistas Par\u00eds<\/a><\/li>\n<li class=\"page_item page-item-10083\"><a href=\"https:\/\/www.cafedelhomme.com\/es\/restaurante-festivo-paris\">Restaurante festivo Par\u00eds<\/a><\/li>\n<li class=\"page_item page-item-9737\"><a href=\"https:\/\/www.cafedelhomme.com\/es\/restaurante-gastronomico-paris\">Restaurante gastron\u00f3mico Par\u00eds<\/a><\/li>\n<li class=\"page_item page-item-11522\"><a href=\"https:\/\/www.cafedelhomme.com\/es\/restaurante-insolito-en-paris-5\">Restaurante ins\u00f3lito en Par\u00eds<\/a><\/li>\n<li class=\"page_item page-item-11779\"><a href=\"https:\/\/www.cafedelhomme.com\/es\/restaurante-insolito-en-paris-6\">Restaurante ins\u00f3lito en Par\u00eds<\/a><\/li>\n<li class=\"page_item page-item-11821\"><a href=\"https:\/\/www.cafedelhomme.com\/es\/restaurante-insolito-en-paris-7\">Restaurante ins\u00f3lito en Par\u00eds<\/a><\/li>\n<li class=\"page_item page-item-13362\"><a href=\"https:\/\/www.cafedelhomme.com\/es\/restaurante-insolito-en-paris-14\">Restaurante ins\u00f3lito en Par\u00eds<\/a><\/li>\n<li class=\"page_item page-item-12851\"><a href=\"https:\/\/www.cafedelhomme.com\/es\/restaurante-insolito-en-paris-12\">Restaurante ins\u00f3lito en Par\u00eds<\/a><\/li>\n<li class=\"page_item page-item-12611\"><a href=\"https:\/\/www.cafedelhomme.com\/es\/restaurante-insolito-en-paris-10\">Restaurante ins\u00f3lito en Par\u00eds<\/a><\/li>\n<li class=\"page_item page-item-10313\"><a href=\"https:\/\/www.cafedelhomme.com\/es\/restaurante-insolito-en-paris\">Restaurante ins\u00f3lito en Par\u00eds<\/a><\/li>\n<li class=\"page_item page-item-12917\"><a href=\"https:\/\/www.cafedelhomme.com\/es\/restaurante-insolito-en-paris-13\">Restaurante ins\u00f3lito en Par\u00eds<\/a><\/li>\n<li class=\"page_item page-item-11186\"><a href=\"https:\/\/www.cafedelhomme.com\/es\/restaurante-insolito-en-paris-2\">Restaurante ins\u00f3lito en Par\u00eds<\/a><\/li>\n<li class=\"page_item page-item-12223\"><a href=\"https:\/\/www.cafedelhomme.com\/es\/restaurante-insolito-en-paris-8\">Restaurante ins\u00f3lito en Par\u00eds<\/a><\/li>\n<li class=\"page_item page-item-11205\"><a href=\"https:\/\/www.cafedelhomme.com\/es\/restaurante-insolito-en-paris-3\">Restaurante ins\u00f3lito en Par\u00eds<\/a><\/li>\n<li class=\"page_item page-item-12243\"><a href=\"https:\/\/www.cafedelhomme.com\/es\/restaurante-insolito-en-paris-9\">Restaurante ins\u00f3lito en Par\u00eds<\/a><\/li>\n<li class=\"page_item page-item-12763\"><a href=\"https:\/\/www.cafedelhomme.com\/es\/restaurante-insolito-en-paris-11\">Restaurante ins\u00f3lito en Par\u00eds<\/a><\/li>\n<li class=\"page_item page-item-11504\"><a href=\"https:\/\/www.cafedelhomme.com\/es\/restaurante-insolito-en-paris-4\">Restaurante ins\u00f3lito en Par\u00eds<\/a><\/li>\n<li class=\"page_item page-item-9743\"><a href=\"https:\/\/www.cafedelhomme.com\/es\/restaurante-romantico-en-paris\">Restaurante rom\u00e1ntico en Par\u00eds<\/a><\/li>\n<li class=\"page_item page-item-9571\"><a href=\"https:\/\/www.cafedelhomme.com\/es\/socios\">Socios<\/a><\/li>\n<li class=\"page_item page-item-15070\"><a href=\"https:\/\/www.cafedelhomme.com\/es\/tienda\">Tienda<\/a><\/li>\n<li class=\"page_item page-item-9725\"><a href=\"https:\/\/www.cafedelhomme.com\/es\/ventana-emergente-de-ano-nuevo\">Ventana emergente de A\u00f1o Nuevo<\/a><\/li>\n<li class=\"page_item page-item-9721\"><a href=\"https:\/\/www.cafedelhomme.com\/es\/visita-virtual\">Visita virtual<\/a><\/li>\n<\/ul>\n<\/div>[\/vc_column_text][\/vc_column][\/vc_row]<\/p>\n<\/div>","protected":false},"excerpt":{"rendered":"<p>[vc_row responsive_css=\u00bbpadding_top_large:40px|padding_bottom_large:40px\u00bb css=\u00bb.vc_custom_1689081358122{padding-top: 40px !important;padding-bottom: 40px !important;}\u00bb][vc_column][vc_column_text][\/vc_column_text][\/vc_column][\/vc_row]<\/p>\n","protected":false},"author":8,"featured_media":0,"parent":0,"menu_order":0,"comment_status":"closed","ping_status":"closed","template":"","meta":{"_acf_changed":false,"footnotes":""},"class_list":["post-9543","page","type-page","status-publish","hentry"],"acf":[],"yoast_head":"<!-- This site is optimized with the Yoast SEO Premium plugin v20.10 (Yoast SEO v27.0) - https:\/\/yoast.com\/product\/yoast-seo-premium-wordpress\/ -->\n<title>Mapa del sitio - Caf\u00e9 de l&#039;Homme<\/title>\n<meta name=\"robots\" content=\"index, follow, max-snippet:-1, max-image-preview:large, max-video-preview:-1\" \/>\n<link rel=\"canonical\" href=\"https:\/\/www.cafedelhomme.com\/es\/mapa-del-sitio\" \/>\n<meta property=\"og:locale\" content=\"es_ES\" \/>\n<meta property=\"og:type\" content=\"article\" \/>\n<meta property=\"og:title\" content=\"Mapa del sitio - Caf\u00e9 de l&#039;Homme\" \/>\n<meta property=\"og:description\" content=\"[vc_row responsive_css=\u00bbpadding_top_large:40px|padding_bottom_large:40px\u00bb css=\u00bb.vc_custom_1689081358122{padding-top: 40px !important;padding-bottom: 40px !important;}\u00bb][vc_column][vc_column_text][\/vc_column_text][\/vc_column][\/vc_row]\" \/>\n<meta property=\"og:url\" content=\"https:\/\/www.cafedelhomme.com\/es\/mapa-del-sitio\" \/>\n<meta property=\"og:site_name\" content=\"Caf\u00e9 de l&#039;Homme\" \/>\n<meta property=\"article:publisher\" content=\"https:\/\/www.facebook.com\/cafedelhomme\" \/>\n<meta property=\"article:modified_time\" content=\"2025-03-27T14:27:51+00:00\" \/>\n<meta name=\"twitter:card\" content=\"summary_large_image\" \/>\n<script type=\"application\/ld+json\" class=\"yoast-schema-graph\">{\"@context\":\"https:\/\/schema.org\",\"@graph\":[{\"@type\":\"WebPage\",\"@id\":\"https:\/\/www.cafedelhomme.com\/es\/mapa-del-sitio\",\"url\":\"https:\/\/www.cafedelhomme.com\/es\/mapa-del-sitio\",\"name\":\"Mapa del sitio - Caf\u00e9 de l&#039;Homme\",\"isPartOf\":{\"@id\":\"https:\/\/www.cafedelhomme.com\/es#website\"},\"datePublished\":\"2023-07-11T13:12:58+00:00\",\"dateModified\":\"2025-03-27T14:27:51+00:00\",\"inLanguage\":\"es\",\"potentialAction\":[{\"@type\":\"ReadAction\",\"target\":[\"https:\/\/www.cafedelhomme.com\/es\/mapa-del-sitio\"]}]},{\"@type\":\"WebSite\",\"@id\":\"https:\/\/www.cafedelhomme.com\/es#website\",\"url\":\"https:\/\/www.cafedelhomme.com\/es\",\"name\":\"Caf\u00e9 de l'Homme\",\"description\":\"\",\"publisher\":{\"@id\":\"https:\/\/www.cafedelhomme.com\/es#organization\"},\"potentialAction\":[{\"@type\":\"SearchAction\",\"target\":{\"@type\":\"EntryPoint\",\"urlTemplate\":\"https:\/\/www.cafedelhomme.com\/es?s={search_term_string}\"},\"query-input\":{\"@type\":\"PropertyValueSpecification\",\"valueRequired\":true,\"valueName\":\"search_term_string\"}}],\"inLanguage\":\"es\"},{\"@type\":\"Organization\",\"@id\":\"https:\/\/www.cafedelhomme.com\/es#organization\",\"name\":\"Caf\u00e9 del Hombre\",\"url\":\"https:\/\/www.cafedelhomme.com\/es\",\"logo\":{\"@type\":\"ImageObject\",\"inLanguage\":\"es\",\"@id\":\"https:\/\/www.cafedelhomme.com\/es#\/schema\/logo\/image\/\",\"url\":\"https:\/\/www.cafedelhomme.com\/wp-content\/uploads\/2023\/04\/big-logo-300x163-1.png\",\"contentUrl\":\"https:\/\/www.cafedelhomme.com\/wp-content\/uploads\/2023\/04\/big-logo-300x163-1.png\",\"width\":300,\"height\":163,\"caption\":\"Caf\u00e9 del Hombre\"},\"image\":{\"@id\":\"https:\/\/www.cafedelhomme.com\/es#\/schema\/logo\/image\/\"},\"sameAs\":[\"https:\/\/www.facebook.com\/cafedelhomme\",\"https:\/\/www.instagram.com\/cafedelhomme\/\"]}]}<\/script>\n<!-- \/ Yoast SEO Premium plugin. -->","yoast_head_json":{"title":"Mapa del sitio - Caf\u00e9 de l&#039;Homme","robots":{"index":"index","follow":"follow","max-snippet":"max-snippet:-1","max-image-preview":"max-image-preview:large","max-video-preview":"max-video-preview:-1"},"canonical":"https:\/\/www.cafedelhomme.com\/es\/mapa-del-sitio","og_locale":"es_ES","og_type":"article","og_title":"Mapa del sitio - Caf\u00e9 de l&#039;Homme","og_description":"[vc_row responsive_css=\u00bbpadding_top_large:40px|padding_bottom_large:40px\u00bb css=\u00bb.vc_custom_1689081358122{padding-top: 40px !important;padding-bottom: 40px !important;}\u00bb][vc_column][vc_column_text][\/vc_column_text][\/vc_column][\/vc_row]","og_url":"https:\/\/www.cafedelhomme.com\/es\/mapa-del-sitio","og_site_name":"Caf\u00e9 de l&#039;Homme","article_publisher":"https:\/\/www.facebook.com\/cafedelhomme","article_modified_time":"2025-03-27T14:27:51+00:00","twitter_card":"summary_large_image","schema":{"@context":"https:\/\/schema.org","@graph":[{"@type":"WebPage","@id":"https:\/\/www.cafedelhomme.com\/es\/mapa-del-sitio","url":"https:\/\/www.cafedelhomme.com\/es\/mapa-del-sitio","name":"Mapa del sitio - Caf\u00e9 de l&#039;Homme","isPartOf":{"@id":"https:\/\/www.cafedelhomme.com\/es#website"},"datePublished":"2023-07-11T13:12:58+00:00","dateModified":"2025-03-27T14:27:51+00:00","inLanguage":"es","potentialAction":[{"@type":"ReadAction","target":["https:\/\/www.cafedelhomme.com\/es\/mapa-del-sitio"]}]},{"@type":"WebSite","@id":"https:\/\/www.cafedelhomme.com\/es#website","url":"https:\/\/www.cafedelhomme.com\/es","name":"Caf\u00e9 de l'Homme","description":"","publisher":{"@id":"https:\/\/www.cafedelhomme.com\/es#organization"},"potentialAction":[{"@type":"SearchAction","target":{"@type":"EntryPoint","urlTemplate":"https:\/\/www.cafedelhomme.com\/es?s={search_term_string}"},"query-input":{"@type":"PropertyValueSpecification","valueRequired":true,"valueName":"search_term_string"}}],"inLanguage":"es"},{"@type":"Organization","@id":"https:\/\/www.cafedelhomme.com\/es#organization","name":"Caf\u00e9 del Hombre","url":"https:\/\/www.cafedelhomme.com\/es","logo":{"@type":"ImageObject","inLanguage":"es","@id":"https:\/\/www.cafedelhomme.com\/es#\/schema\/logo\/image\/","url":"https:\/\/www.cafedelhomme.com\/wp-content\/uploads\/2023\/04\/big-logo-300x163-1.png","contentUrl":"https:\/\/www.cafedelhomme.com\/wp-content\/uploads\/2023\/04\/big-logo-300x163-1.png","width":300,"height":163,"caption":"Caf\u00e9 del Hombre"},"image":{"@id":"https:\/\/www.cafedelhomme.com\/es#\/schema\/logo\/image\/"},"sameAs":["https:\/\/www.facebook.com\/cafedelhomme","https:\/\/www.instagram.com\/cafedelhomme\/"]}]}},"_links":{"self":[{"href":"https:\/\/www.cafedelhomme.com\/es\/wp-json\/wp\/v2\/pages\/9543","targetHints":{"allow":["GET"]}}],"collection":[{"href":"https:\/\/www.cafedelhomme.com\/es\/wp-json\/wp\/v2\/pages"}],"about":[{"href":"https:\/\/www.cafedelhomme.com\/es\/wp-json\/wp\/v2\/types\/page"}],"author":[{"embeddable":true,"href":"https:\/\/www.cafedelhomme.com\/es\/wp-json\/wp\/v2\/users\/8"}],"replies":[{"embeddable":true,"href":"https:\/\/www.cafedelhomme.com\/es\/wp-json\/wp\/v2\/comments?post=9543"}],"version-history":[{"count":1,"href":"https:\/\/www.cafedelhomme.com\/es\/wp-json\/wp\/v2\/pages\/9543\/revisions"}],"predecessor-version":[{"id":9544,"href":"https:\/\/www.cafedelhomme.com\/es\/wp-json\/wp\/v2\/pages\/9543\/revisions\/9544"}],"wp:attachment":[{"href":"https:\/\/www.cafedelhomme.com\/es\/wp-json\/wp\/v2\/media?parent=9543"}],"curies":[{"name":"wp","href":"https:\/\/api.w.org\/{rel}","templated":true}]}}