{"id":9557,"date":"2023-04-19T16:34:29","date_gmt":"2023-04-19T14:34:29","guid":{"rendered":"https:\/\/www.cafedelhomme.com\/acceso-y-contacto"},"modified":"2025-10-29T16:02:27","modified_gmt":"2025-10-29T15:02:27","slug":"acceso-y-contacto","status":"publish","type":"page","link":"https:\/\/www.cafedelhomme.com\/es\/acceso-y-contacto","title":{"rendered":"Acceso y contacto"},"content":{"rendered":"<div class=\"wpb-content-wrapper\"><p>[vc_row full_width=\u00bbstretch_row\u00bb equal_height=\u00bbyes\u00bb content_placement=\u00bbmiddle\u00bb el_id=\u00bbheader-page\u00bb][vc_column width=\u00bb1\/2&Prime; el_class=\u00bbimg-bg\u00bb][vc_single_image image=\u00bb1000&Prime; img_size=\u00bbfull\u00bb css=\u00bb.vc_custom_1683643845474{margin-bottom: 0px !important;}\u00bb][\/vc_column][vc_column width=\u00bb1\/2&Prime; el_class=\u00bbtext_right_herobanner\u00bb][vc_raw_html]W2Fkbl9icmVhZGNydW1iXQ==[\/vc_raw_html][vc_custom_heading text=\u00bbContacto y acceso\u00bb font_container=\u00bbtag:h2|text_align:center\u00bb][vc_column_text el_class=\u00bbtext_top_herobanner\u00bb]Si tienes alguna pregunta, reserva o solicitud especial, no dudes en ponerte en contacto con nosotros. Tambi\u00e9n puedes acceder a nuestras preguntas m\u00e1s frecuentes.[\/vc_column_text][\/vc_column][\/vc_row][vc_row enable_gradient=\u00bbyes\u00bb css=\u00bb.vc_custom_1730111311851{padding-top: 150px !important;padding-bottom: 150px !important;background-color: #000000 !important;background-position: center !important;background-repeat: no-repeat !important;background-size: cover !important;}\u00bb el_class=\u00bbvisite-virtuelle\u00bb gradient_bg=\u00bblinear-gradient(0deg, rgba(0, 0, 0, 0.5) 0%, rgba(0,0,0,0.4) 100%)\u00bb][vc_column][vc_custom_heading text=\u00bbDescubra el Caf\u00e9 de l&rsquo;Homme con una visita virtual inmersiva\u00bb font_container=\u00bbtag:h2|text_align:center\u00bb css=\u00bb\u00bb][vc_column_text css=\u00bb\u00bb]<\/p>\n<div id=\"1730108382.121419\" class=\"c-virtual_list__item\" tabindex=\"0\" role=\"listitem\" aria-setsize=\"-1\" data-qa=\"virtual-list-item\" data-item-key=\"1730108382.121419\">\n<div class=\"c-message_kit__background p-message_pane_message__message c-message_kit__message\" role=\"presentation\" data-qa=\"message_container\" data-qa-unprocessed=\"false\" data-qa-placeholder=\"false\">\n<div class=\"c-message_kit__hover\" role=\"document\" aria-roledescription=\"message\" data-qa-hover=\"true\">\n<div class=\"c-message_kit__actions c-message_kit__actions--default\">\n<div class=\"c-message_kit__gutter\">\n<div class=\"c-message_kit__gutter__right\" role=\"presentation\" data-qa=\"message_content\">\n<div class=\"c-message_kit__blocks c-message_kit__blocks--rich_text\">\n<div class=\"c-message__message_blocks c-message__message_blocks--rich_text\" data-qa=\"message-text\">\n<div class=\"p-block_kit_renderer\" data-qa=\"block-kit-renderer\">\n<div class=\"p-block_kit_renderer__block_wrapper p-block_kit_renderer__block_wrapper--first\">\n<div class=\"p-rich_text_block\" dir=\"auto\">Explora el exclusivo mundo del Caf\u00e9 de l&rsquo;Homme con nuestra visita virtual inmersiva. Explora cada rinc\u00f3n de nuestro restaurante escondido, que ofrece unas vistas espectaculares de la Torre Eiffel. Sum\u00e9rgete en el ambiente c\u00e1lido y refinado del Caf\u00e9 de l&rsquo;Homme y prep\u00e1rate para vivir una experiencia \u00fanica en pleno coraz\u00f3n de Par\u00eds.<\/div>\n<\/div>\n<\/div>\n<\/div>\n<\/div>\n<\/div>\n<\/div>\n<\/div>\n<\/div>\n<\/div>\n<\/div>\n<p>[\/vc_column_text]<a href=\"#\" class=\"btn btn-default btn-bordered border-thin btn btn-outline btn-outline-white open-vv ld_button_69f37ba402fe0\">\n\t<span>\n\t\t\n\t\t\t\t\t<span class=\"btn-txt\">Iniciar la visita virtual<\/span>\n\t\t\t\n\t\t\t\t<\/span>\n<\/a>\n[\/vc_column][\/vc_row][vc_row el_id=\u00bbintro-header\u00bb responsive_css=\u00bbpadding_top_large:160px|padding_bottom_large:160px\u00bb css=\u00bb.vc_custom_1683644040510{padding-top: 40px !important;padding-bottom: 40px !important;}\u00bb el_class=\u00bbinfos-cafe-de-lhomme\u00bb][vc_column][vc_custom_heading text=\u00bbEncuentra toda la informaci\u00f3n que necesitas para visitar el Caf\u00e9 de l&rsquo;Homme y aprovechar sus servicios.\u00bb][vc_column_text]Nuestro restaurante te da la bienvenida todos los d\u00edas para comer, cenar o tomar una copa. Idealmente situado en la capital, toma asiento en nuestras mesas y disfruta de una impresionante panor\u00e1mica del Campo de Marte y la Torre Eiffel.[\/vc_column_text][\/vc_column][\/vc_row][vc_row el_class=\u00bbbloc_adresse\u00bb css=\u00bb.vc_custom_1683647550919{background-position: center !important;background-repeat: no-repeat !important;background-size: cover !important;}\u00bb][vc_column][vc_row_inner][vc_column_inner width=\u00bb1\/2&Prime; align=\u00bbtext-center\u00bb][vc_single_image image=\u00bb82&Prime; img_size=\u00bbfull\u00bb][vc_column_text css=\u00bb.vc_custom_1695721930375{padding-bottom: 12px !important;}\u00bb]<\/p>\n<div class=\"adresse_complete\">\n<div class=\"wpb_text_column wpb_content_element numero\">\n<div class=\"wpb_wrapper\">\n<p>17<\/p>\n<\/div>\n<\/div>\n<div class=\"wpb_text_column wpb_content_element adresse\">\n<div class=\"wpb_wrapper\">\n<p>Plaza del Trocadero<\/p>\n<\/div>\n<\/div>\n<div class=\"wpb_text_column wpb_content_element adresse\">\n<div class=\"wpb_wrapper\">\n<p>75016<\/p>\n<\/div>\n<\/div>\n<div class=\"wpb_text_column wpb_content_element adresse\">\n<div class=\"wpb_wrapper\">\n<p>Par\u00eds<\/p>\n<\/div>\n<\/div>\n<\/div>\n<p>[\/vc_column_text][vc_column_text]<\/p>\n<div class=\"adresse_complete\">\n<div class=\"wpb_text_column wpb_content_element adresse\">\n<div class=\"wpb_wrapper\">Reservas : <a href=\"tel:+33144053015\"><strong>01 44 05 30 15<\/strong><\/a><\/div>\n<\/div>\n<\/div>\n<p>[\/vc_column_text][\/vc_column_inner][vc_column_inner width=\u00bb1\/2&Prime; el_class=\u00bbbloc_horaires\u00bb][vc_column_text el_class=\u00bbtitre\u00bb]Horario de apertura[\/vc_column_text][vc_column_text el_class=\u00bbhoraires\u00bb]<span data-contrast=\"auto\">De lunes a martes: <strong>12.00 h \/ 16.30 h - 19.00 h \/ 02.00 h <\/strong><\/span><\/p>\n<p><span data-contrast=\"auto\">De mi\u00e9rcoles a domingo: <strong>12 h \/ 2 h<\/strong><\/span>[\/vc_column_text][\/vc_column_inner][\/vc_row_inner][\/vc_column][\/vc_row][vc_row full_width=\u00bbstretch_row\u00bb gap=\u00bb0&Prime; el_class=\u00bbbloc_google\u00bb][vc_column el_class=\u00bbadresse_google\u00bb]<div class=\"ld-gmap-container ld_google_map_69f37ba40317b\" id=\"ld_google_map_69f37ba40317b\" style=\"height: 600px\">\n\n\t<div class=\"ld-gmap\" data-plugin-map=\"true\" data-plugin-options='{\"style\":\"wy\",\"address\":\"17 Pl. du Trocad\\u00e9ro et du 11 Novembre, 75016 Paris, France\",\"marker\":\"https:\\\/\\\/www.cafedelhomme.com\\\/wp-content\\\/uploads\\\/2023\\\/05\\\/map-pin.svg\",\"markers\":null,\"map\":{\"zoom\":14,\"mapTypeId\":\"roadmap\",\"fullscreenControl\":true}}'><\/div>\n\n<\/div>[\/vc_column][\/vc_row][vc_row el_id=\u00bbequipements\u00bb css=\u00bb.vc_custom_1683880785698{padding-top: 80px !important;padding-bottom: 0px !important;background-color: #faf9f6 !important;}\u00bb responsive_css=\u00bbpadding_top_large:145px|padding_bottom_large:168px\u00bb el_class=\u00bbservices_acces\u00bb][vc_column][vc_custom_heading text=\u00bbServicios y acceso\u00bb css=\u00bb.vc_custom_1683817253200{margin-bottom: 80px !important;}\u00bb][vc_row_inner equal_height=\u00bbyes\u00bb el_class=\u00bbcards\u00bb][vc_column_inner width=\u00bb1\/3&Prime; align=\u00bbtext-left\u00bb][vc_single_image image=\u00bb1121&Prime; img_size=\u00bbfull\u00bb alignment=\u00bbcenter\u00bb][vc_custom_heading text=\u00bbTransporte\u00bb font_container=\u00bbtag:h3|text_align:left\u00bb][vc_column_text el_class=\u00bbcards_item\u00bb]Metro l\u00edneas <strong>9 y 6: Trocad\u00e9ro<\/strong><br \/>\nSalida 6: Avenue Paul Doumer<\/p>\n<p>Autob\u00fas l\u00edneas <strong>22, 30, 32, 63: Trocad\u00e9ro<\/strong><\/p>\n<p>RER L\u00ednea <strong>C: Tour Eiffel-Champ de Mars<\/strong>[\/vc_column_text][\/vc_column_inner][vc_column_inner width=\u00bb1\/3&Prime; align=\u00bbtext-left\u00bb][vc_single_image image=\u00bb1120&Prime; img_size=\u00bbfull\u00bb alignment=\u00bbcenter\u00bb][vc_custom_heading text=\u00bbTaxis\u00bb font_container=\u00bbtag:h3|text_align:left\u00bb][vc_column_text el_class=\u00bbcards_item\u00bb]Puedes pedir un taxi y\/o un ch\u00f3fer privado en unos minutos. Frente a tu restaurante, en la plaza del Trocadero, en la avenida de Eylau, hay una parada de taxis.[\/vc_column_text][\/vc_column_inner][\/vc_row_inner][\/vc_column][\/vc_row][vc_row el_id=\u00bbaccordion\u00bb css=\u00bb.vc_custom_1683277934527{padding-top: 80px !important;padding-bottom: 80px !important;}\u00bb responsive_css=\u00bbpadding_top_large:160px|padding_bottom_large:160px\u00bb][vc_column][vc_custom_heading text=\u00bbNuestras respuestas a las preguntas m\u00e1s frecuentes\u00bb]<div class=\"accordion accordion-md accordion-expander-lg vc_accordion_69f37ba4065ce\" id=\"vc_accordion_69f37ba4065ce\" role=\"tablist\" aria-multiselectable=\"true\">\n\n\t<div class=\"accordion-item panel  active \">\n\n\t\t<div class=\"accordion-heading\" role=\"tab\" id=\"heading_1683215003243-d136ad25-f193512e-8cd7\">\n\t\t\t<h4 class=\"accordion-title\">\n\t\t\t\t<a class=\"\" data-toggle=\"collapse\" data-parent=\"#vc_accordion_69f37ba4065ce\" href=\"#1683215003243-d136ad25-f193512e-8cd7\" aria-expanded=\"true\" aria-controls=\"1683215003243-d136ad25-f193512e-8cd7\">\n\t\t\t\t\t\n\t\t\t\t\t\n\t\t\t\t\t\u00bfD\u00f3nde puedo aparcar?\n\t\t\t\t\t\t\t\t\t\t<span class=\"accordion-expander\">\n\t\t\t\t\t\t<i class=\"fa fa-plus\"><\/i>\n\t\t\t\t\t\t<i class=\"fa fa-minus\"><\/i>\n\t\t\t\t\t<\/span>\n\t\t\t\t\t\n\t\t\t\t<\/a>\n\t\t\t\t\n\t\t\t<\/h4>\n\t\t<\/div>\n\n\t\t<div id=\"1683215003243-d136ad25-f193512e-8cd7\" class=\"accordion-collapse collapse in\" role=\"tabpanel\" aria-labelledby=\"heading_1683215003243-d136ad25-f193512e-8cd7\">\n\t\t\t<div class=\"accordion-content\">\n\t\t\t<p>[vc_column_text css=\u00bb\u00bb]Te recomendamos que aparques tu veh\u00edculo en uno de los aparcamientos p\u00fablicos cercanos:<\/p>\n<ul>\n<li>Parking Kl\u00e9ber Trocad\u00e9ro: 65 Avenue Kleber, 75116 PAR\u00cdS<\/li>\n<li>Zenpark: 29 bis Rue Saint-Didier, 75116 PAR\u00cdS<\/li>\n<li>Aparcamiento: 16 Avenue du Pr\u00e9sident Wilson, 75016 PAR\u00cdS<\/li>\n<\/ul>\n<p>[\/vc_column_text]<\/p>\n\t\t\t<\/div>\n\t\t<\/div>\n\t<\/div>\n\t<div class=\"accordion-item panel  \">\n\n\t\t<div class=\"accordion-heading\" role=\"tab\" id=\"heading_1683215003256-f0a20d39-04bb512e-8cd7\">\n\t\t\t<h4 class=\"accordion-title\">\n\t\t\t\t<a class=\"collapsed\" data-toggle=\"collapse\" data-parent=\"#vc_accordion_69f37ba4065ce\" href=\"#1683215003256-f0a20d39-04bb512e-8cd7\" aria-expanded=\"false\" aria-controls=\"1683215003256-f0a20d39-04bb512e-8cd7\">\n\t\t\t\t\t\n\t\t\t\t\t\n\t\t\t\t\t\u00bfCu\u00e1l es el horario de apertura del Caf\u00e9 de l'Homme?\n\t\t\t\t\t\t\t\t\t\t<span class=\"accordion-expander\">\n\t\t\t\t\t\t<i class=\"fa fa-plus\"><\/i>\n\t\t\t\t\t\t<i class=\"fa fa-minus\"><\/i>\n\t\t\t\t\t<\/span>\n\t\t\t\t\t\n\t\t\t\t<\/a>\n\t\t\t\t\n\t\t\t<\/h4>\n\t\t<\/div>\n\n\t\t<div id=\"1683215003256-f0a20d39-04bb512e-8cd7\" class=\"accordion-collapse collapse\" role=\"tabpanel\" aria-labelledby=\"heading_1683215003256-f0a20d39-04bb512e-8cd7\">\n\t\t\t<div class=\"accordion-content\">\n\t\t\t<p>[vc_column_text]<span data-contrast=\"auto\">El horario de apertura del Caf\u00e9 de l&rsquo;Homme es :<\/span><\/p>\n<p><span data-contrast=\"auto\">Lunes: 12 h \/ 16.30 h - 19 h \/ 2 h <\/span><\/p>\n<p><span data-contrast=\"auto\">Martes: 12.00 \/ 16.30 - 19.00 \/ 02.00 <\/span><\/p>\n<p><span data-contrast=\"auto\">Mi\u00e9rcoles: 12h00 \/ 02h00<\/span><\/p>\n<p><span data-contrast=\"auto\">Jueves: 12:00 \/ 02:00<\/span><\/p>\n<p><span data-contrast=\"auto\">Viernes: 12 h \/ 2 h.<\/span><\/p>\n<p><span data-contrast=\"auto\">S\u00e1bado : 12h00 \/ 02h00 <\/span><\/p>\n<p><span data-contrast=\"auto\">Domingo: 12 h \/ 2 h. <\/span><\/p>\n<p>&nbsp;<\/p>\n<p><span data-contrast=\"auto\">Estos tiempos pueden variar en funci\u00f3n de varios factores.<\/span> [\/vc_column_text]<\/p>\n\t\t\t<\/div>\n\t\t<\/div>\n\t<\/div>\n\t<div class=\"accordion-item panel  \">\n\n\t\t<div class=\"accordion-heading\" role=\"tab\" id=\"heading_1683272448034-dcdeba4a-064f512e-8cd7\">\n\t\t\t<h4 class=\"accordion-title\">\n\t\t\t\t<a class=\"collapsed\" data-toggle=\"collapse\" data-parent=\"#vc_accordion_69f37ba4065ce\" href=\"#1683272448034-dcdeba4a-064f512e-8cd7\" aria-expanded=\"false\" aria-controls=\"1683272448034-dcdeba4a-064f512e-8cd7\">\n\t\t\t\t\t\n\t\t\t\t\t\n\t\t\t\t\t\u00bfCu\u00e1les son las \u00faltimas horas de reserva posibles?\n\t\t\t\t\t\t\t\t\t\t<span class=\"accordion-expander\">\n\t\t\t\t\t\t<i class=\"fa fa-plus\"><\/i>\n\t\t\t\t\t\t<i class=\"fa fa-minus\"><\/i>\n\t\t\t\t\t<\/span>\n\t\t\t\t\t\n\t\t\t\t<\/a>\n\t\t\t\t\n\t\t\t<\/h4>\n\t\t<\/div>\n\n\t\t<div id=\"1683272448034-dcdeba4a-064f512e-8cd7\" class=\"accordion-collapse collapse\" role=\"tabpanel\" aria-labelledby=\"heading_1683272448034-dcdeba4a-064f512e-8cd7\">\n\t\t\t<div class=\"accordion-content\">\n\t\t\t<p>[vc_column_text css=\u00bb\u00bb]<\/p>\n<p data-pm-slice=\"1 1 &#091;&#093;\">Las reservas definitivas se aceptan en los siguientes horarios:<\/p>\n<p>Comida: hasta las 14.15 h<\/p>\n<p>Para la cena de antes: hasta las 16.45 h<\/p>\n<p>Para cenar: hasta las 22.15 h<\/p>\n<p>Para la Sobremesa: hasta las 00:15<\/p>\n<p>&nbsp;<\/p>\n<p>Estos horarios est\u00e1n sujetos a cambios por diversas razones.[\/vc_column_text]<\/p>\n\t\t\t<\/div>\n\t\t<\/div>\n\t<\/div>\n\t<div class=\"accordion-item panel  \">\n\n\t\t<div class=\"accordion-heading\" role=\"tab\" id=\"heading_1683272477150-05ac92e7-11d8512e-8cd7\">\n\t\t\t<h4 class=\"accordion-title\">\n\t\t\t\t<a class=\"collapsed\" data-toggle=\"collapse\" data-parent=\"#vc_accordion_69f37ba4065ce\" href=\"#1683272477150-05ac92e7-11d8512e-8cd7\" aria-expanded=\"false\" aria-controls=\"1683272477150-05ac92e7-11d8512e-8cd7\">\n\t\t\t\t\t\n\t\t\t\t\t\n\t\t\t\t\t\u00bfHay men\u00fa infantil?\n\t\t\t\t\t\t\t\t\t\t<span class=\"accordion-expander\">\n\t\t\t\t\t\t<i class=\"fa fa-plus\"><\/i>\n\t\t\t\t\t\t<i class=\"fa fa-minus\"><\/i>\n\t\t\t\t\t<\/span>\n\t\t\t\t\t\n\t\t\t\t<\/a>\n\t\t\t\t\n\t\t\t<\/h4>\n\t\t<\/div>\n\n\t\t<div id=\"1683272477150-05ac92e7-11d8512e-8cd7\" class=\"accordion-collapse collapse\" role=\"tabpanel\" aria-labelledby=\"heading_1683272477150-05ac92e7-11d8512e-8cd7\">\n\t\t\t<div class=\"accordion-content\">\n\t\t\t<p>[vc_column_text]<span class=\"TextRun SCXW92998220 BCX4\" lang=\"FR-FR\" xml:lang=\"FR-FR\" data-contrast=\"none\"><span class=\"NormalTextRun SCXW92998220 BCX4\">Aunque no tenemos un men\u00fa espec\u00edfico para ni\u00f1os, nuestro chef siempre est\u00e1 dispuesto a adaptar los platos a las preferencias de los peque\u00f1os comensales, garantizando una experiencia gastron\u00f3mica adecuada y agradable. No dudes en pedir recomendaciones a nuestro personal; estamos aqu\u00ed para ayudarte a encontrar platos que deleitar\u00e1n el paladar de tus peque\u00f1os gourmets. <\/span><\/span> [\/vc_column_text]<\/p>\n\t\t\t<\/div>\n\t\t<\/div>\n\t<\/div>\n<\/div><a href=\"https:\/\/www.cafedelhomme.com\/questions-frequentes\" title=\"Questions fr\u00e9quentes\" class=\"btn btn-naked btn_underline ld_button_69f37ba406777\">\n\t<span>\n\t\t\n\t\t\t\t\t<span class=\"btn-txt\">acc\u00e9der \u00e0 la FAQ.<\/span>\n\t\t\t\n\t\t\t\t<\/span>\n<\/a>\n[\/vc_column][\/vc_row][vc_row full_width=\u00bbstretch_row\u00bb equal_height=\u00bbyes\u00bb bg_position=\u00bbcenter center\u00bb css=\u00bb.vc_custom_1683016397706{padding-top: 80px !important;padding-bottom: 80px !important;background-image: url(https:\/\/www.cafedelhomme.com\/wp-content\/uploads\/2023\/04\/BG-1-1.jpg?id=354) !important;background-position: center !important;background-repeat: no-repeat !important;background-size: cover !important;}\u00bb el_id=\u00bbimg-screen\u00bb responsive_css=\u00bbpadding_top_large:250px|padding_bottom_large:250px\u00bb][vc_column align=\u00bbtext-center\u00bb][vc_custom_heading text=\u00bbDamos vida a tu proyecto\u00bb font_container=\u00bbtag:h2|text_align:center\u00bb el_class=\u00bbtitle mb-16&Prime;][vc_column_text el_class=\u00bbsub-title mb-40&Prime;]El Caf\u00e9 de l&rsquo;Homme y su arte de entretener te ayudar\u00e1n a que tu evento<br \/>\nsea \u00fanico y prestigioso.[\/vc_column_text]<a href=\"#\" class=\"btn btn-default btn-bordered border-thin btn btn-outline btn-outline-white open-contact ld_button_69f37ba407167\">\n\t<span>\n\t\t\n\t\t\t\t\t<span class=\"btn-txt\">Demande de devis personnalis\u00e9<\/span>\n\t\t\t\n\t\t\t\t<\/span>\n<\/a>\n[\/vc_column][\/vc_row]<\/p>\n<\/div>","protected":false},"excerpt":{"rendered":"<p>[vc_row full_width=\u00bbstretch_row\u00bb equal_height=\u00bbyes\u00bb content_placement=\u00bbmiddle\u00bb el_id=\u00bbheader-page\u00bb][vc_column width=\u00bb1\/2&Prime; el_class=\u00bbimg-bg\u00bb][vc_single_image image=\u00bb1000&Prime; img_size=\u00bbfull\u00bb css=\u00bb.vc_custom_1683643845474{margin-bottom: 0px !important;}\u00bb][\/vc_column][vc_column width=\u00bb1\/2&Prime; el_class=\u00bbtext_right_herobanner\u00bb][vc_raw_html]W2Fkbl9icmVhZGNydW1iXQ==[\/vc_raw_html][vc_custom_heading text=\u00bbContacto y acceso\u00bb font_container=\u00bbtag:h2|text_align:center\u00bb][vc_column_text el_class=\u00bbtext_top_herobanner\u00bb]Si tienes alguna pregunta, reserva o solicitud especial, no dudes en ponerte en contacto con nosotros. Tambi\u00e9n puedes acceder a nuestras preguntas m\u00e1s frecuentes.[\/vc_column_text][\/vc_column][\/vc_row][vc_row enable_gradient=\u00bbyes\u00bb css=\u00bb.vc_custom_1730111311851{padding-top: 150px&#8230;<\/p>\n","protected":false},"author":1,"featured_media":0,"parent":0,"menu_order":0,"comment_status":"closed","ping_status":"closed","template":"","meta":{"_acf_changed":false,"footnotes":""},"class_list":["post-9557","page","type-page","status-publish","hentry"],"acf":[],"yoast_head":"<!-- This site is optimized with the Yoast SEO Premium plugin v20.10 (Yoast SEO v27.0) - https:\/\/yoast.com\/product\/yoast-seo-premium-wordpress\/ -->\n<title>Toda la informaci\u00f3n pr\u00e1ctica sobre el Caf\u00e9 de l&#039;Homme<\/title>\n<meta name=\"description\" content=\"Toda la informaci\u00f3n que necesitas para descubrir el restaurante m\u00e1s emblem\u00e1tico del Trocadero.\" \/>\n<meta name=\"robots\" content=\"index, follow, max-snippet:-1, max-image-preview:large, max-video-preview:-1\" \/>\n<link rel=\"canonical\" href=\"https:\/\/www.cafedelhomme.com\/es\/acceso-y-contacto\" \/>\n<meta property=\"og:locale\" content=\"es_ES\" \/>\n<meta property=\"og:type\" content=\"article\" \/>\n<meta property=\"og:title\" content=\"Toda la informaci\u00f3n pr\u00e1ctica sobre el Caf\u00e9 de l&#039;Homme\" \/>\n<meta property=\"og:description\" content=\"Toda la informaci\u00f3n que necesitas para descubrir el restaurante m\u00e1s emblem\u00e1tico del Trocadero.\" \/>\n<meta property=\"og:url\" content=\"https:\/\/www.cafedelhomme.com\/es\/acceso-y-contacto\" \/>\n<meta property=\"og:site_name\" content=\"Caf\u00e9 de l&#039;Homme\" \/>\n<meta property=\"article:publisher\" content=\"https:\/\/www.facebook.com\/cafedelhomme\" \/>\n<meta property=\"article:modified_time\" content=\"2025-10-29T15:02:27+00:00\" \/>\n<meta name=\"twitter:card\" content=\"summary_large_image\" \/>\n<meta name=\"twitter:label1\" content=\"Tiempo de lectura\" \/>\n\t<meta name=\"twitter:data1\" content=\"6 minutos\" \/>\n<script type=\"application\/ld+json\" class=\"yoast-schema-graph\">{\"@context\":\"https:\/\/schema.org\",\"@graph\":[{\"@type\":\"WebPage\",\"@id\":\"https:\/\/www.cafedelhomme.com\/es\/acceso-y-contacto\",\"url\":\"https:\/\/www.cafedelhomme.com\/es\/acceso-y-contacto\",\"name\":\"Toda la informaci\u00f3n pr\u00e1ctica sobre el Caf\u00e9 de l'Homme\",\"isPartOf\":{\"@id\":\"https:\/\/www.cafedelhomme.com\/es#website\"},\"datePublished\":\"2023-04-19T14:34:29+00:00\",\"dateModified\":\"2025-10-29T15:02:27+00:00\",\"description\":\"Toda la informaci\u00f3n que necesitas para descubrir el restaurante m\u00e1s emblem\u00e1tico del Trocadero.\",\"inLanguage\":\"es\",\"potentialAction\":[{\"@type\":\"ReadAction\",\"target\":[\"https:\/\/www.cafedelhomme.com\/es\/acceso-y-contacto\"]}]},{\"@type\":\"WebSite\",\"@id\":\"https:\/\/www.cafedelhomme.com\/es#website\",\"url\":\"https:\/\/www.cafedelhomme.com\/es\",\"name\":\"Caf\u00e9 de l'Homme\",\"description\":\"\",\"publisher\":{\"@id\":\"https:\/\/www.cafedelhomme.com\/es#organization\"},\"potentialAction\":[{\"@type\":\"SearchAction\",\"target\":{\"@type\":\"EntryPoint\",\"urlTemplate\":\"https:\/\/www.cafedelhomme.com\/es?s={search_term_string}\"},\"query-input\":{\"@type\":\"PropertyValueSpecification\",\"valueRequired\":true,\"valueName\":\"search_term_string\"}}],\"inLanguage\":\"es\"},{\"@type\":\"Organization\",\"@id\":\"https:\/\/www.cafedelhomme.com\/es#organization\",\"name\":\"Caf\u00e9 del Hombre\",\"url\":\"https:\/\/www.cafedelhomme.com\/es\",\"logo\":{\"@type\":\"ImageObject\",\"inLanguage\":\"es\",\"@id\":\"https:\/\/www.cafedelhomme.com\/es#\/schema\/logo\/image\/\",\"url\":\"https:\/\/www.cafedelhomme.com\/wp-content\/uploads\/2023\/04\/big-logo-300x163-1.png\",\"contentUrl\":\"https:\/\/www.cafedelhomme.com\/wp-content\/uploads\/2023\/04\/big-logo-300x163-1.png\",\"width\":300,\"height\":163,\"caption\":\"Caf\u00e9 del Hombre\"},\"image\":{\"@id\":\"https:\/\/www.cafedelhomme.com\/es#\/schema\/logo\/image\/\"},\"sameAs\":[\"https:\/\/www.facebook.com\/cafedelhomme\",\"https:\/\/www.instagram.com\/cafedelhomme\/\"]}]}<\/script>\n<!-- \/ Yoast SEO Premium plugin. -->","yoast_head_json":{"title":"Toda la informaci\u00f3n pr\u00e1ctica sobre el Caf\u00e9 de l'Homme","description":"Toda la informaci\u00f3n que necesitas para descubrir el restaurante m\u00e1s emblem\u00e1tico del Trocadero.","robots":{"index":"index","follow":"follow","max-snippet":"max-snippet:-1","max-image-preview":"max-image-preview:large","max-video-preview":"max-video-preview:-1"},"canonical":"https:\/\/www.cafedelhomme.com\/es\/acceso-y-contacto","og_locale":"es_ES","og_type":"article","og_title":"Toda la informaci\u00f3n pr\u00e1ctica sobre el Caf\u00e9 de l'Homme","og_description":"Toda la informaci\u00f3n que necesitas para descubrir el restaurante m\u00e1s emblem\u00e1tico del Trocadero.","og_url":"https:\/\/www.cafedelhomme.com\/es\/acceso-y-contacto","og_site_name":"Caf\u00e9 de l&#039;Homme","article_publisher":"https:\/\/www.facebook.com\/cafedelhomme","article_modified_time":"2025-10-29T15:02:27+00:00","twitter_card":"summary_large_image","twitter_misc":{"Tiempo de lectura":"6 minutos"},"schema":{"@context":"https:\/\/schema.org","@graph":[{"@type":"WebPage","@id":"https:\/\/www.cafedelhomme.com\/es\/acceso-y-contacto","url":"https:\/\/www.cafedelhomme.com\/es\/acceso-y-contacto","name":"Toda la informaci\u00f3n pr\u00e1ctica sobre el Caf\u00e9 de l'Homme","isPartOf":{"@id":"https:\/\/www.cafedelhomme.com\/es#website"},"datePublished":"2023-04-19T14:34:29+00:00","dateModified":"2025-10-29T15:02:27+00:00","description":"Toda la informaci\u00f3n que necesitas para descubrir el restaurante m\u00e1s emblem\u00e1tico del Trocadero.","inLanguage":"es","potentialAction":[{"@type":"ReadAction","target":["https:\/\/www.cafedelhomme.com\/es\/acceso-y-contacto"]}]},{"@type":"WebSite","@id":"https:\/\/www.cafedelhomme.com\/es#website","url":"https:\/\/www.cafedelhomme.com\/es","name":"Caf\u00e9 de l'Homme","description":"","publisher":{"@id":"https:\/\/www.cafedelhomme.com\/es#organization"},"potentialAction":[{"@type":"SearchAction","target":{"@type":"EntryPoint","urlTemplate":"https:\/\/www.cafedelhomme.com\/es?s={search_term_string}"},"query-input":{"@type":"PropertyValueSpecification","valueRequired":true,"valueName":"search_term_string"}}],"inLanguage":"es"},{"@type":"Organization","@id":"https:\/\/www.cafedelhomme.com\/es#organization","name":"Caf\u00e9 del Hombre","url":"https:\/\/www.cafedelhomme.com\/es","logo":{"@type":"ImageObject","inLanguage":"es","@id":"https:\/\/www.cafedelhomme.com\/es#\/schema\/logo\/image\/","url":"https:\/\/www.cafedelhomme.com\/wp-content\/uploads\/2023\/04\/big-logo-300x163-1.png","contentUrl":"https:\/\/www.cafedelhomme.com\/wp-content\/uploads\/2023\/04\/big-logo-300x163-1.png","width":300,"height":163,"caption":"Caf\u00e9 del Hombre"},"image":{"@id":"https:\/\/www.cafedelhomme.com\/es#\/schema\/logo\/image\/"},"sameAs":["https:\/\/www.facebook.com\/cafedelhomme","https:\/\/www.instagram.com\/cafedelhomme\/"]}]}},"_links":{"self":[{"href":"https:\/\/www.cafedelhomme.com\/es\/wp-json\/wp\/v2\/pages\/9557","targetHints":{"allow":["GET"]}}],"collection":[{"href":"https:\/\/www.cafedelhomme.com\/es\/wp-json\/wp\/v2\/pages"}],"about":[{"href":"https:\/\/www.cafedelhomme.com\/es\/wp-json\/wp\/v2\/types\/page"}],"author":[{"embeddable":true,"href":"https:\/\/www.cafedelhomme.com\/es\/wp-json\/wp\/v2\/users\/1"}],"replies":[{"embeddable":true,"href":"https:\/\/www.cafedelhomme.com\/es\/wp-json\/wp\/v2\/comments?post=9557"}],"version-history":[{"count":6,"href":"https:\/\/www.cafedelhomme.com\/es\/wp-json\/wp\/v2\/pages\/9557\/revisions"}],"predecessor-version":[{"id":13419,"href":"https:\/\/www.cafedelhomme.com\/es\/wp-json\/wp\/v2\/pages\/9557\/revisions\/13419"}],"wp:attachment":[{"href":"https:\/\/www.cafedelhomme.com\/es\/wp-json\/wp\/v2\/media?parent=9557"}],"curies":[{"name":"wp","href":"https:\/\/api.w.org\/{rel}","templated":true}]}}