{"id":9580,"date":"2023-06-13T17:26:38","date_gmt":"2023-06-13T15:26:38","guid":{"rendered":"https:\/\/www.cafedelhomme.com\/privatizar\/tu-gala-benefica-frente-a-la-torre-eiffel"},"modified":"2025-04-25T11:43:40","modified_gmt":"2025-04-25T09:43:40","slug":"tu-gala-benefica-frente-a-la-torre-eiffel","status":"publish","type":"page","link":"https:\/\/www.cafedelhomme.com\/es\/privatizar\/tu-gala-benefica-frente-a-la-torre-eiffel","title":{"rendered":"Tu gala ben\u00e9fica frente a la Torre Eiffel"},"content":{"rendered":"<div class=\"wpb-content-wrapper\"><p>[vc_row sticky_row=\u00bbyes\u00bb css=\u00bb.vc_custom_1686663502715{background-image: url(https:\/\/www.cafedelhomme.com\/wp-content\/uploads\/2023\/06\/280534928_1045432909714989_378998164212777935_n-1024&#215;1024-1.jpg?id=2748) !important;background-position: center !important;background-repeat: no-repeat !important;background-size: cover !important;}\u00bb el_id=\u00bbheader-page-simple\u00bb][vc_column responsive_css=\u00bbpadding_top_large:220px|padding_bottom_large:220px\u00bb css=\u00bb.vc_custom_1683277774171{padding-top: 120px !important;padding-bottom: 230px !important;}\u00bb][vc_custom_heading text=\u00bbTu gala ben\u00e9fica<br \/>\nfrente a la Torre Eiffel\u00bb font_container=\u00bbtag:h1|text_align:center\u00bb css=\u00bb.vc_custom_1686670054399{margin-bottom: 0px !important;}\u00bb][vc_column_text]<\/p>\n<p style=\"text-align: center;\">Privatiza un lugar \u00fanico en Par\u00eds para tu Gala Ben\u00e9fica<\/p>\n<p>[\/vc_column_text][\/vc_column][\/vc_row][vc_row el_id=\u00bbimg-and-text\u00bb responsive_css=\u00bbpadding_top_large:160px|padding_bottom_large:80px\u00bb css=\u00bb.vc_custom_1686141382134{padding-bottom: 40px !important;background-color: #ffffff !important;}\u00bb][vc_column][vc_row_inner equal_height=\u00bbyes\u00bb content_placement=\u00bbmiddle\u00bb responsive_css=\u00bbmargin_bottom_large:80px\u00bb css=\u00bb.vc_custom_1686138812636{margin-bottom: 40px !important;}\u00bb][vc_column_inner width=\u00bb1\/2&Prime; el_class=\u00bbpicture_top\u00bb][vc_single_image image=\u00bb2815&Prime; img_size=\u00bbfull\u00bb css=\u00bb.vc_custom_1686670997482{margin-bottom: 0px !important;}\u00bb][\/vc_column_inner][vc_column_inner width=\u00bb1\/2&Prime; el_class=\u00bbtext_right\u00bb][vc_custom_heading text=\u00bbOrganiza tu gala ben\u00e9fica en Par\u00eds en un lugar emblem\u00e1tico\u00bb][vc_column_text]Con sus 550 m\u00b2 de espacios en el coraz\u00f3n del Palais de Chaillot, Caf\u00e9 de l\u2019Homme ofrece un entorno \u00fanico para su <strong>gala ben\u00e9fica<\/strong>. Exhiba sus obras privatizando un <strong>lugar de prestigio<\/strong>.<\/p>\n<p>Sus impresionantes vistas de la Torre Eiffel, los jardines del Trocadero, el Campo de Marte y los monumentos de Par\u00eds deslumbrar\u00e1n a tus invitados. El interior, dise\u00f1ado por los arquitectos de interiores Gilles &amp; Boissier en estilo Art D\u00e9co, puede adaptarse a tus necesidades.<\/p>\n<p>Sensibiliza a <strong>los donantes<\/strong> sobre tu causa en una <strong>Gala de Bienfaisance<\/strong> en un lugar prestigioso y confidencial, famoso por su elegancia y sus vistas inolvidables.<\/p>\n<p>Nuestro <strong>equipo de eventos<\/strong> te ayudar\u00e1 a dise\u00f1ar este acto ben\u00e9fico para satisfacer tus distintas necesidades.<\/p>\n<p><strong>Agencia de eventos<\/strong> u <strong>organizador de Gala<\/strong>, ponte en contacto con nosotros para hablar de los objetivos de esta campa\u00f1a de recaudaci\u00f3n de fondos.[\/vc_column_text][\/vc_column_inner][\/vc_row_inner][vc_row_inner equal_height=\u00bbyes\u00bb content_placement=\u00bbmiddle\u00bb][vc_column_inner width=\u00bb1\/2&Prime; el_class=\u00bbtext_left\u00bb][vc_custom_heading text=\u00bbUn lugar prestigioso para tu Gala\u00bb][vc_column_text]En el coraz\u00f3n del <strong>distrito 16<\/strong>, en un <strong>marco refinado<\/strong> frente a la famosa Torre <strong>Eiffel<\/strong>, te damos la bienvenida para organizar tu <strong>Gala Ben\u00e9fica en Par\u00eds<\/strong>.<\/p>\n<p>Una <strong>ubicaci\u00f3n ideal<\/strong>, un entorno \u00fanico, <strong>servicios de alta gama<\/strong> y un <strong>apoyo a medida<\/strong> hacen <strong>del Caf\u00e9 de l&rsquo;<\/strong> Homme un lugar de primera categor\u00eda.<\/p>\n<p>Movilizamos todas nuestras competencias para que tu <strong>acto ben\u00e9fico<\/strong> cumpla todos tus requisitos y te permita obtener los donativos que necesitas para apoyar la causa que defiendes.<\/p>\n<p>Si nos conf\u00edas la organizaci\u00f3n de tu <strong>Gala Ben\u00e9fica<\/strong>, puedes estar seguro de que disfrutar\u00e1s de un evento <strong>de gran calidad<\/strong> que dejar\u00e1 una impresi\u00f3n duradera en tus invitados.[\/vc_column_text]<a href=\"#\" class=\"btn btn-naked btn_underline open-contact ld_button_69f3d3f3b50eb\">\n\t<span>\n\t\t\n\t\t\t\t\t<span class=\"btn-txt\">privatice.<\/span>\n\t\t\t\n\t\t\t\t<\/span>\n<\/a>\n[\/vc_column_inner][vc_column_inner width=\u00bb1\/2&Prime; el_class=\u00bbpicture_bottom\u00bb][vc_single_image image=\u00bb9761&Prime; img_size=\u00bbfull\u00bb][\/vc_column_inner][\/vc_row_inner][\/vc_column][\/vc_row][vc_row el_id=\u00bbimg-and-text\u00bb responsive_css=\u00bbpadding_top_large:160px|padding_bottom_large:80px\u00bb css=\u00bb.vc_custom_1682610552612{padding-bottom: 40px !important;}\u00bb][vc_column][vc_row_inner equal_height=\u00bbyes\u00bb content_placement=\u00bbmiddle\u00bb][vc_column_inner width=\u00bb1\/2&Prime; el_class=\u00bbpicture_top\u00bb][vc_single_image image=\u00bb2574&Prime; img_size=\u00bbfull\u00bb][\/vc_column_inner][vc_column_inner width=\u00bb1\/2&Prime; el_class=\u00bbtext_right\u00bb][vc_custom_heading text=\u00bbRestaurante\u00bb][vc_column_text]Haz tuyo el restaurante y disfruta de la impresionante vista de la Torre Eiffel.<\/p>\n<ul>\n<li>Opci\u00f3n c\u00f3ctel:<br \/>\nHasta 300 personas en verano<br \/>\nHasta 200 personas en invierno<\/li>\n<li>Opci\u00f3n cena sentados:<br \/>\nHasta 130 personas en la terraza o 130 en el interior<\/li>\n<\/ul>\n<p>[\/vc_column_text]<a href=\"#\" class=\"btn btn-naked btn_underline open-contact ld_button_69f3d3f3b52a8\">\n\t<span>\n\t\t\n\t\t\t\t\t<span class=\"btn-txt\">privatice.<\/span>\n\t\t\t\n\t\t\t\t<\/span>\n<\/a>\n[\/vc_column_inner][\/vc_row_inner][vc_row_inner equal_height=\u00bbyes\u00bb content_placement=\u00bbmiddle\u00bb][vc_column_inner width=\u00bb1\/2&Prime; el_class=\u00bbtext_left\u00bb][vc_custom_heading text=\u00bbAla jard\u00edn\u00bb][vc_column_text]Un marco excepcional para tus cenas, conferencias, c\u00f3cteles y fiestas.<\/p>\n<ul>\n<li>C\u00f3ctel comida o cena para hasta 100 personas<\/li>\n<li>Comida o cena sentados para hasta 70 personas<\/li>\n<li>El ala est\u00e1 cubierta y calentada en el 90% de su superficie<\/li>\n<\/ul>\n<p>[\/vc_column_text]<a href=\"#\" class=\"btn btn-naked btn_underline open-contact ld_button_69f3d3f3b53d8\">\n\t<span>\n\t\t\n\t\t\t\t\t<span class=\"btn-txt\">privatice.<\/span>\n\t\t\t\n\t\t\t\t<\/span>\n<\/a>\n[\/vc_column_inner][vc_column_inner width=\u00bb1\/2&Prime; el_class=\u00bbpicture_bottom\u00bb][vc_single_image image=\u00bb2589&Prime; img_size=\u00bbfull\u00bb][\/vc_column_inner][\/vc_row_inner][vc_row_inner equal_height=\u00bbyes\u00bb content_placement=\u00bbmiddle\u00bb][vc_column_inner width=\u00bb1\/2&Prime; el_class=\u00bbpicture_top\u00bb][vc_single_image image=\u00bb2590&Prime; img_size=\u00bbfull\u00bb][\/vc_column_inner][vc_column_inner width=\u00bb1\/2&Prime; el_class=\u00bbtext_right\u00bb][vc_custom_heading text=\u00bbAla Eiffel\u00bb][vc_column_text]Ven a vivir un momento de prestigio en un marco ins\u00f3lito en el coraz\u00f3n de Par\u00eds.<\/p>\n<ul>\n<li>C\u00f3ctel comida o cena para hasta 100 personas<\/li>\n<li>Comida o cena sentados para hasta 70 personas<\/li>\n<li>El ala est\u00e1 cubierta y calentada en el 90% de su superficie<\/li>\n<\/ul>\n<p>[\/vc_column_text]<a href=\"#\" class=\"btn btn-naked btn_underline open-contact ld_button_69f3d3f3b54f1\">\n\t<span>\n\t\t\n\t\t\t\t\t<span class=\"btn-txt\">privatice.<\/span>\n\t\t\t\n\t\t\t\t<\/span>\n<\/a>\n[\/vc_column_inner][\/vc_row_inner][vc_row_inner equal_height=\u00bbyes\u00bb content_placement=\u00bbmiddle\u00bb][vc_column_inner width=\u00bb1\/2&Prime; el_class=\u00bbtext_left\u00bb][vc_custom_heading text=\u00bbEl entresuelo\u00bb][vc_column_text]El entresuelo da a la sala principal. Su decoraci\u00f3n, de l\u00edneas sobrias y refinadas, confiere a este espacio un encanto incomparable. Con su ambiente \u00edntimo, el entresuelo es ideal para actos de prestigio para grupos reducidos.<\/p>\n<ul>\n<li>Capacidad para hasta 18 personas<\/li>\n<li>Pantalla de TV disponible<\/li>\n<\/ul>\n<p>[\/vc_column_text]<a href=\"#\" class=\"btn btn-naked btn_underline open-contact ld_button_69f3d3f3b55fe\">\n\t<span>\n\t\t\n\t\t\t\t\t<span class=\"btn-txt\">privatice.<\/span>\n\t\t\t\n\t\t\t\t<\/span>\n<\/a>\n[\/vc_column_inner][vc_column_inner width=\u00bb1\/2&Prime; el_class=\u00bbpicture_bottom\u00bb][vc_single_image image=\u00bb2587&Prime; img_size=\u00bbfull\u00bb][\/vc_column_inner][\/vc_row_inner][\/vc_column][\/vc_row][vc_row full_width=\u00bbstretch_row\u00bb equal_height=\u00bbyes\u00bb bg_position=\u00bbcenter center\u00bb css=\u00bb.vc_custom_1683016397706{padding-top: 80px !important;padding-bottom: 80px !important;background-image: url(https:\/\/www.cafedelhomme.com\/wp-content\/uploads\/2023\/04\/BG-1-1.jpg?id=354) !important;background-position: center !important;background-repeat: no-repeat !important;background-size: cover !important;}\u00bb el_id=\u00bbimg-screen\u00bb responsive_css=\u00bbpadding_top_large:250px|padding_bottom_large:250px\u00bb][vc_column align=\u00bbtext-center\u00bb][vc_custom_heading text=\u00bbContacta con nuestro equipo de expertos\u00bb font_container=\u00bbtag:h2|text_align:center\u00bb el_class=\u00bbtitle mb-16&Prime;][vc_column_text el_class=\u00bbsub-title mb-40&Prime;]<em>Ofertas sujetas a disponibilidad, los costes de privatizaci\u00f3n var\u00edan<\/em><br \/>\n<em>en funci\u00f3n de la frecuencia y las horas de funcionamiento del<\/em><br \/>\n<em>nuestro establecimiento. Excluidos los accesorios y los servicios t\u00e9cnicos. <\/em>[\/vc_column_text]<a href=\"#\" class=\"btn btn-default btn-bordered border-thin btn btn-outline btn-outline-white open-contact ld_button_69f3d3f3b570e\">\n\t<span>\n\t\t\n\t\t\t\t\t<span class=\"btn-txt\">solicitud de presupuesto personalizado.<\/span>\n\t\t\t\n\t\t\t\t<\/span>\n<\/a>\n[\/vc_column][\/vc_row][vc_row el_id=\u00bbequipements\u00bb css=\u00bb.vc_custom_1686224179321{padding-top: 80px !important;padding-bottom: 80px !important;background-color: #faf9f6 !important;}\u00bb responsive_css=\u00bbpadding_top_large:145px|padding_bottom_large:168px\u00bb el_class=\u00bbprestations\u00bb][vc_column width=\u00bb5\/12&Prime;][vc_custom_heading text=\u00bbUtiliza nuestros espacios para organizar tu gala ben\u00e9fica<br \/>\n\u00bb css=\u00bb.vc_custom_1686670388607{margin-bottom: 40px !important;}\u00bb][vc_column_text css=\u00bb.vc_custom_1686670434157{margin-bottom: 40px !important;}\u00bb]Da vida a una <strong>Gala Ben\u00e9fica<\/strong> en Le <strong>Caf\u00e9 de l&rsquo;<\/strong>Homme. Nuestros equipos har\u00e1n todo lo posible para que tu <strong>evento<\/strong> sea un \u00e9xito. El local puede privatizarse para acoger a tus invitados en un momento de compartir y solidaridad.<\/p>\n<p>Desde la<strong>disposici\u00f3n<\/strong> del lugar hasta los proveedores de servicios y el <strong>equipo tecnol\u00f3gico<\/strong>, estamos ah\u00ed en cada paso del camino para asegurarnos de que tu proyecto sea tal y como lo imaginaste.[\/vc_column_text]<a href=\"#\" class=\"btn btn-naked btn_underline open-contact ld_button_69f3d3f3b5819\">\n\t<span>\n\t\t\n\t\t\t\t\t<span class=\"btn-txt\">privatice el lugar.<\/span>\n\t\t\t\n\t\t\t\t<\/span>\n<\/a>\n[\/vc_column][vc_column width=\u00bb7\/12&Prime;][vc_row_inner equal_height=\u00bbyes\u00bb content_placement=\u00bbmiddle\u00bb responsive_css=\u00bbmargin_bottom_large:30px\u00bb css=\u00bb.vc_custom_1686224165726{margin-bottom: 40px !important;}\u00bb el_class=\u00bboptions\u00bb][vc_column_inner width=\u00bb1\/2&Prime; enable_overlay=\u00bbyes\u00bb align=\u00bbtext-center\u00bb css=\u00bb.vc_custom_1686240038037{background-image: url(https:\/\/www.cafedelhomme.com\/wp-content\/uploads\/2023\/04\/img-right-scaled.jpg?id=371) !important;background-position: center !important;background-repeat: no-repeat !important;background-size: cover !important;}\u00bb overlay_bg=\u00bbrgba(0, 0, 0, 0.35)\u00bb el_class=\u00bboption-modal\u00bb]<a href=\"#\" class=\"btn btn-default btn-bordered border-thin btn btn-outline btn-outline-white open_modal-simple ld_button_69f3d3f3b5926\">\n\t<span>\n\t\t\n\t\t\t\t\t<span class=\"btn-txt\">el interior y el exterior.<\/span>\n\t\t\t\n\t\t\t\t<\/span>\n<\/a>\n[vc_column_text el_class=\u00bbmodal-content-simple\u00bb]Para que este <strong>acto ben\u00e9fico<\/strong> sea un recuerdo inolvidable tanto para los artistas como para los invitados, adaptamos la disposici\u00f3n de nuestros espacios para que sean el escaparate de tu <strong>gala ben\u00e9fica<\/strong>.<\/p>\n<p>Le <strong>Caf\u00e9 de l&rsquo;<\/strong>Homme es una oportunidad \u00fanica para mostrar tu arte en un ambiente sofisticado y elegante. La <strong>sala principal<\/strong> y el <strong>entresuelo<\/strong> est\u00e1n decorados con gusto y delicadeza.<\/p>\n<p>En el exterior, la <strong>Terrasse, el Aile Eiffel y el Aile Jardin<\/strong> son espacios verdes perfectos para recibir a tus invitados en una <strong>Gala Ben\u00e9fica<\/strong> con vistas a la Torre Eiffel.[\/vc_column_text][\/vc_column_inner][vc_column_inner width=\u00bb1\/2&Prime; enable_overlay=\u00bbyes\u00bb align=\u00bbtext-center\u00bb css=\u00bb.vc_custom_1686240015414{background-image: url(https:\/\/www.cafedelhomme.com\/wp-content\/uploads\/2023\/04\/bg-fullscreen-scaled.jpg?id=452) !important;background-position: center !important;background-repeat: no-repeat !important;background-size: cover !important;}\u00bb overlay_bg=\u00bbrgba(0, 0, 0, 0.35)\u00bb el_class=\u00bboption-modal\u00bb]<a href=\"#\" class=\"btn btn-default btn-bordered border-thin btn btn-outline btn-outline-white open_modal-simple ld_button_69f3d3f3b5a2a\">\n\t<span>\n\t\t\n\t\t\t\t\t<span class=\"btn-txt\">el material tecnol\u00f3gico proporcionado.<\/span>\n\t\t\t\n\t\t\t\t<\/span>\n<\/a>\n[vc_column_text el_class=\u00bbmodal-content-simple\u00bb]Ponemos a tu disposici\u00f3n <strong>equipos de alta tecnolog\u00eda<\/strong> para compartir tus <strong>contenidos audiovisuales<\/strong> durante todo tu <strong>acto ben\u00e9fico<\/strong>.<\/p>\n<p>En nuestras distintas zonas se instalan <strong>altavoces multidifusi\u00f3n<\/strong> para difundir tu sonido por todo el recinto. Para que los anfitriones puedan presidir la <strong>Gala<\/strong>, les proporcionamos <strong>micr\u00f3fonos<\/strong> y <strong>micr\u00f3fonos de corbata<\/strong> para todo el d\u00eda o la noche.<\/p>\n<p>En la sala de recepci\u00f3n tambi\u00e9n hay <strong>pantallas gigantes<\/strong> y <strong>proyectores de v\u00eddeo<\/strong> para que puedas compartir tus v\u00eddeos y fotos con tus <strong>invitados<\/strong>. Arriba, el <strong>entresuelo<\/strong> tambi\u00e9n est\u00e1 equipado con un <strong>televisor Samsung\u00ae<\/strong> para retransmitir tus presentaciones.<\/p>\n<p>Por \u00faltimo, en la <strong>terraza panor\u00e1mica<\/strong> del <strong>Caf\u00e9 de l&rsquo;Homme<\/strong> hay <strong>sombrillas de la Casa Francesa<\/strong> y <strong>sombrillas TUUCI<\/strong> para mantenerte fresco en verano y caliente en invierno.[\/vc_column_text][\/vc_column_inner][\/vc_row_inner][vc_row_inner equal_height=\u00bbyes\u00bb content_placement=\u00bbmiddle\u00bb responsive_css=\u00bbmargin_bottom_large:10px\u00bb css=\u00bb.vc_custom_1686224370091{margin-bottom: 40px !important;}\u00bb el_class=\u00bboptions\u00bb][vc_column_inner width=\u00bb1\/2&Prime; enable_overlay=\u00bbyes\u00bb align=\u00bbtext-center\u00bb css=\u00bb.vc_custom_1686240081843{background-image: url(https:\/\/www.cafedelhomme.com\/wp-content\/uploads\/2023\/04\/BG-1-1.jpg?id=354) !important;background-position: center !important;background-repeat: no-repeat !important;background-size: cover !important;}\u00bb overlay_bg=\u00bbrgba(0, 0, 0, 0.35)\u00bb el_class=\u00bboption-modal\u00bb]<a href=\"#\" class=\"btn btn-default btn-bordered border-thin btn btn-outline btn-outline-white open_modal-simple ld_button_69f3d3f3b5b2f\">\n\t<span>\n\t\t\n\t\t\t\t\t<span class=\"btn-txt\">un lugar de excepci\u00f3n.<\/span>\n\t\t\t\n\t\t\t\t<\/span>\n<\/a>\n[vc_column_text el_class=\u00bbmodal-content-simple\u00bb]La ubicaci\u00f3n del <strong>Caf\u00e9 de l&rsquo;Homme<\/strong> en <strong>Par\u00eds<\/strong> lo convierte en el <strong>lugar<\/strong> perfecto para recibir a tus invitados. Situado en el <strong>Palacio de Chaillot<\/strong>, en el <strong>distrito 16<\/strong>, al pie del <strong>Trocadero<\/strong>, nuestras salas son accesibles por varios medios de transporte (autob\u00fas, metro, RER).<\/p>\n<p>Tambi\u00e9n ofrecemos <strong>servicio de aparcacoches<\/strong> para llevar a tus invitados desde su hotel hasta tu <strong>Gala Ben\u00e9fica<\/strong>.<\/p>\n<p>Haz que tus invitados pasen un rato excepcional ofreci\u00e9ndoles la posibilidad de disfrutar de una impresionante vista de la Torre <strong>Eiffel<\/strong> durante una <strong>Velada Ben\u00e9fica<\/strong>.[\/vc_column_text][\/vc_column_inner][vc_column_inner width=\u00bb1\/2&Prime; enable_overlay=\u00bbyes\u00bb align=\u00bbtext-center\u00bb css=\u00bb.vc_custom_1686240058941{background-image: url(https:\/\/www.cafedelhomme.com\/wp-content\/uploads\/2023\/04\/img-left-scaled.jpg?id=370) !important;background-position: center !important;background-repeat: no-repeat !important;background-size: cover !important;}\u00bb overlay_bg=\u00bbrgba(0, 0, 0, 0.35)\u00bb el_class=\u00bboption-modal\u00bb]<a href=\"#\" class=\"btn btn-default btn-bordered border-thin btn btn-outline btn-outline-white open_modal-simple ld_button_69f3d3f3b5c31\">\n\t<span>\n\t\t\n\t\t\t\t\t<span class=\"btn-txt\">las prestaciones anexas.<\/span>\n\t\t\t\n\t\t\t\t<\/span>\n<\/a>\n[vc_column_text el_class=\u00bbmodal-content-simple\u00bb]Los equipos del Caf\u00e9 de l&rsquo;Homme ofrecen <strong>servicios a medida<\/strong> para que tu <strong>acto ben\u00e9fico<\/strong> sea inolvidable.<\/p>\n<p>\u00bfQuieres contratar <strong>animadores profesionales<\/strong> u organizar un <strong>c\u00f3ctel<\/strong> para los <strong>donantes <\/strong>que asistan a tu acto? Trabajaremos contigo para seleccionar a <strong>los mejores proveedores de servicios<\/strong>.<\/p>\n<p>Para tu <strong>Gala de Bienfaisance<\/strong>, tambi\u00e9n puedes amueblar <strong>nuestros espacios<\/strong> con el estilo que prefieras y alquilar o no el mobiliario disponible en Le Caf\u00e9 de l&rsquo;Homme.[\/vc_column_text][\/vc_column_inner][\/vc_row_inner][\/vc_column][\/vc_row][vc_row el_id=\u00bbexperience-cdh\u00bb responsive_css=\u00bbpadding_top_large:250px|padding_bottom_large:250px\u00bb css=\u00bb.vc_custom_1682676040834{padding-top: 80px !important;padding-bottom: 80px !important;}\u00bb][vc_column][vc_custom_heading text=\u00bbVen a descubrir la experiencia del Caf\u00e9 de l&rsquo;Homme\u00bb font_container=\u00bbtag:h2|text_align:center\u00bb][vc_column_text]Disfruta de una experiencia verdaderamente intemporal. \u00bfEst\u00e1s preparado para la experiencia?[\/vc_column_text][vc_row_inner][vc_column_inner align=\u00bbtext-center\u00bb el_class=\u00bbgroup_btn\u00bb]<a href=\"https:\/\/www.cafedelhomme.com\/nos-experiences\" title=\"Nos exp\u00e9riences\" class=\"btn btn-default btn-bordered border-thin btn btn-outline btn-outline-white ld_button_69f3d3f3b5d30\">\n\t<span>\n\t\t\n\t\t\t\t\t<span class=\"btn-txt\">nuestras experiencias.<\/span>\n\t\t\t\n\t\t\t\t<\/span>\n<\/a>\n<a href=\"https:\/\/www.cafedelhomme.com\/la-carte\" title=\"La Carte\" class=\"btn btn-default btn-bordered border-thin btn btn-outline btn-outline-white ld_button_69f3d3f3b5e3c\">\n\t<span>\n\t\t\n\t\t\t\t\t<span class=\"btn-txt\">ver el mapa.<\/span>\n\t\t\t\n\t\t\t\t<\/span>\n<\/a>\n[\/vc_column_inner][\/vc_row_inner][\/vc_column][\/vc_row]<\/p>\n<\/div>","protected":false},"excerpt":{"rendered":"<p>[vc_row sticky_row=\u00bbyes\u00bb css=\u00bb.vc_custom_1686663502715{background-image: url(https:\/\/www.cafedelhomme.com\/wp-content\/uploads\/2023\/06\/280534928_1045432909714989_378998164212777935_n-1024&#215;1024-1.jpg?id=2748) !important;background-position: center !important;background-repeat: no-repeat !important;background-size: cover !important;}\u00bb el_id=\u00bbheader-page-simple\u00bb][vc_column responsive_css=\u00bbpadding_top_large:220px|padding_bottom_large:220px\u00bb css=\u00bb.vc_custom_1683277774171{padding-top: 120px !important;padding-bottom: 230px !important;}\u00bb][vc_custom_heading text=\u00bbTu gala ben\u00e9fica frente a la Torre Eiffel\u00bb font_container=\u00bbtag:h1|text_align:center\u00bb css=\u00bb.vc_custom_1686670054399{margin-bottom: 0px !important;}\u00bb][vc_column_text] Privatiza un lugar \u00fanico en Par\u00eds para tu Gala Ben\u00e9fica [\/vc_column_text][\/vc_column][\/vc_row][vc_row el_id=\u00bbimg-and-text\u00bb responsive_css=\u00bbpadding_top_large:160px|padding_bottom_large:80px\u00bb css=\u00bb.vc_custom_1686141382134{padding-bottom: 40px&#8230;<\/p>\n","protected":false},"author":1,"featured_media":9582,"parent":9551,"menu_order":0,"comment_status":"closed","ping_status":"closed","template":"","meta":{"_acf_changed":false,"footnotes":""},"class_list":["post-9580","page","type-page","status-publish","has-post-thumbnail","hentry"],"acf":[],"yoast_head":"<!-- This site is optimized with the Yoast SEO Premium plugin v20.10 (Yoast SEO v27.0) - https:\/\/yoast.com\/product\/yoast-seo-premium-wordpress\/ -->\n<title>Tu gala ben\u00e9fica frente a la Torre Eiffel - Caf\u00e9 de l&#039;Homme<\/title>\n<meta name=\"robots\" content=\"index, follow, max-snippet:-1, max-image-preview:large, max-video-preview:-1\" \/>\n<link rel=\"canonical\" href=\"https:\/\/www.cafedelhomme.com\/es\/privatizar\/tu-gala-benefica-frente-a-la-torre-eiffel\" \/>\n<meta property=\"og:locale\" content=\"es_ES\" \/>\n<meta property=\"og:type\" content=\"article\" \/>\n<meta property=\"og:title\" content=\"Tu gala ben\u00e9fica frente a la Torre Eiffel - Caf\u00e9 de l&#039;Homme\" \/>\n<meta property=\"og:description\" content=\"[vc_row sticky_row=\u00bbyes\u00bb css=\u00bb.vc_custom_1686663502715{background-image: url(https:\/\/www.cafedelhomme.com\/wp-content\/uploads\/2023\/06\/280534928_1045432909714989_378998164212777935_n-1024&#215;1024-1.jpg?id=2748) !important;background-position: center !important;background-repeat: no-repeat !important;background-size: cover !important;}\u00bb el_id=\u00bbheader-page-simple\u00bb][vc_column responsive_css=\u00bbpadding_top_large:220px|padding_bottom_large:220px\u00bb css=\u00bb.vc_custom_1683277774171{padding-top: 120px !important;padding-bottom: 230px !important;}\u00bb][vc_custom_heading text=\u00bbTu gala ben\u00e9fica frente a la Torre Eiffel\u00bb font_container=\u00bbtag:h1|text_align:center\u00bb css=\u00bb.vc_custom_1686670054399{margin-bottom: 0px !important;}\u00bb][vc_column_text] Privatiza un lugar \u00fanico en Par\u00eds para tu Gala Ben\u00e9fica [\/vc_column_text][\/vc_column][\/vc_row][vc_row el_id=\u00bbimg-and-text\u00bb responsive_css=\u00bbpadding_top_large:160px|padding_bottom_large:80px\u00bb css=\u00bb.vc_custom_1686141382134{padding-bottom: 40px...\" \/>\n<meta property=\"og:url\" content=\"https:\/\/www.cafedelhomme.com\/es\/privatizar\/tu-gala-benefica-frente-a-la-torre-eiffel\" \/>\n<meta property=\"og:site_name\" content=\"Caf\u00e9 de l&#039;Homme\" \/>\n<meta property=\"article:publisher\" content=\"https:\/\/www.facebook.com\/cafedelhomme\" \/>\n<meta property=\"article:modified_time\" content=\"2025-04-25T09:43:40+00:00\" \/>\n<meta property=\"og:image\" content=\"https:\/\/www.cafedelhomme.com\/wp-content\/uploads\/2023\/06\/280534928_1045432909714989_378998164212777935_n-1024x1024-1.jpg\" \/>\n\t<meta property=\"og:image:width\" content=\"1024\" \/>\n\t<meta property=\"og:image:height\" content=\"1024\" \/>\n\t<meta property=\"og:image:type\" content=\"image\/jpeg\" \/>\n<meta name=\"twitter:card\" content=\"summary_large_image\" \/>\n<meta name=\"twitter:label1\" content=\"Tiempo de lectura\" \/>\n\t<meta name=\"twitter:data1\" content=\"7 minutos\" \/>\n<script type=\"application\/ld+json\" class=\"yoast-schema-graph\">{\"@context\":\"https:\/\/schema.org\",\"@graph\":[{\"@type\":\"WebPage\",\"@id\":\"https:\/\/www.cafedelhomme.com\/es\/privatizar\/tu-gala-benefica-frente-a-la-torre-eiffel\",\"url\":\"https:\/\/www.cafedelhomme.com\/es\/privatizar\/tu-gala-benefica-frente-a-la-torre-eiffel\",\"name\":\"Tu gala ben\u00e9fica frente a la Torre Eiffel - Caf\u00e9 de l&#039;Homme\",\"isPartOf\":{\"@id\":\"https:\/\/www.cafedelhomme.com\/es#website\"},\"primaryImageOfPage\":{\"@id\":\"https:\/\/www.cafedelhomme.com\/es\/privatizar\/tu-gala-benefica-frente-a-la-torre-eiffel#primaryimage\"},\"image\":{\"@id\":\"https:\/\/www.cafedelhomme.com\/es\/privatizar\/tu-gala-benefica-frente-a-la-torre-eiffel#primaryimage\"},\"thumbnailUrl\":\"https:\/\/www.cafedelhomme.com\/wp-content\/uploads\/2023\/06\/280534928_1045432909714989_378998164212777935_n-1024x1024-1.jpg\",\"datePublished\":\"2023-06-13T15:26:38+00:00\",\"dateModified\":\"2025-04-25T09:43:40+00:00\",\"breadcrumb\":{\"@id\":\"https:\/\/www.cafedelhomme.com\/es\/privatizar\/tu-gala-benefica-frente-a-la-torre-eiffel#breadcrumb\"},\"inLanguage\":\"es\",\"potentialAction\":[{\"@type\":\"ReadAction\",\"target\":[\"https:\/\/www.cafedelhomme.com\/es\/privatizar\/tu-gala-benefica-frente-a-la-torre-eiffel\"]}]},{\"@type\":\"ImageObject\",\"inLanguage\":\"es\",\"@id\":\"https:\/\/www.cafedelhomme.com\/es\/privatizar\/tu-gala-benefica-frente-a-la-torre-eiffel#primaryimage\",\"url\":\"https:\/\/www.cafedelhomme.com\/wp-content\/uploads\/2023\/06\/280534928_1045432909714989_378998164212777935_n-1024x1024-1.jpg\",\"contentUrl\":\"https:\/\/www.cafedelhomme.com\/wp-content\/uploads\/2023\/06\/280534928_1045432909714989_378998164212777935_n-1024x1024-1.jpg\",\"width\":1024,\"height\":1024},{\"@type\":\"BreadcrumbList\",\"@id\":\"https:\/\/www.cafedelhomme.com\/es\/privatizar\/tu-gala-benefica-frente-a-la-torre-eiffel#breadcrumb\",\"itemListElement\":[{\"@type\":\"ListItem\",\"position\":1,\"name\":\"Privatizar\",\"item\":\"https:\/\/www.cafedelhomme.com\/es\/privatizar\"},{\"@type\":\"ListItem\",\"position\":2,\"name\":\"Tu gala ben\u00e9fica frente a la Torre Eiffel\"}]},{\"@type\":\"WebSite\",\"@id\":\"https:\/\/www.cafedelhomme.com\/es#website\",\"url\":\"https:\/\/www.cafedelhomme.com\/es\",\"name\":\"Caf\u00e9 de l'Homme\",\"description\":\"\",\"publisher\":{\"@id\":\"https:\/\/www.cafedelhomme.com\/es#organization\"},\"potentialAction\":[{\"@type\":\"SearchAction\",\"target\":{\"@type\":\"EntryPoint\",\"urlTemplate\":\"https:\/\/www.cafedelhomme.com\/es?s={search_term_string}\"},\"query-input\":{\"@type\":\"PropertyValueSpecification\",\"valueRequired\":true,\"valueName\":\"search_term_string\"}}],\"inLanguage\":\"es\"},{\"@type\":\"Organization\",\"@id\":\"https:\/\/www.cafedelhomme.com\/es#organization\",\"name\":\"Caf\u00e9 del Hombre\",\"url\":\"https:\/\/www.cafedelhomme.com\/es\",\"logo\":{\"@type\":\"ImageObject\",\"inLanguage\":\"es\",\"@id\":\"https:\/\/www.cafedelhomme.com\/es#\/schema\/logo\/image\/\",\"url\":\"https:\/\/www.cafedelhomme.com\/wp-content\/uploads\/2023\/04\/big-logo-300x163-1.png\",\"contentUrl\":\"https:\/\/www.cafedelhomme.com\/wp-content\/uploads\/2023\/04\/big-logo-300x163-1.png\",\"width\":300,\"height\":163,\"caption\":\"Caf\u00e9 del Hombre\"},\"image\":{\"@id\":\"https:\/\/www.cafedelhomme.com\/es#\/schema\/logo\/image\/\"},\"sameAs\":[\"https:\/\/www.facebook.com\/cafedelhomme\",\"https:\/\/www.instagram.com\/cafedelhomme\/\"]}]}<\/script>\n<!-- \/ Yoast SEO Premium plugin. -->","yoast_head_json":{"title":"Tu gala ben\u00e9fica frente a la Torre Eiffel - Caf\u00e9 de l&#039;Homme","robots":{"index":"index","follow":"follow","max-snippet":"max-snippet:-1","max-image-preview":"max-image-preview:large","max-video-preview":"max-video-preview:-1"},"canonical":"https:\/\/www.cafedelhomme.com\/es\/privatizar\/tu-gala-benefica-frente-a-la-torre-eiffel","og_locale":"es_ES","og_type":"article","og_title":"Tu gala ben\u00e9fica frente a la Torre Eiffel - Caf\u00e9 de l&#039;Homme","og_description":"[vc_row sticky_row=\u00bbyes\u00bb css=\u00bb.vc_custom_1686663502715{background-image: url(https:\/\/www.cafedelhomme.com\/wp-content\/uploads\/2023\/06\/280534928_1045432909714989_378998164212777935_n-1024&#215;1024-1.jpg?id=2748) !important;background-position: center !important;background-repeat: no-repeat !important;background-size: cover !important;}\u00bb el_id=\u00bbheader-page-simple\u00bb][vc_column responsive_css=\u00bbpadding_top_large:220px|padding_bottom_large:220px\u00bb css=\u00bb.vc_custom_1683277774171{padding-top: 120px !important;padding-bottom: 230px !important;}\u00bb][vc_custom_heading text=\u00bbTu gala ben\u00e9fica frente a la Torre Eiffel\u00bb font_container=\u00bbtag:h1|text_align:center\u00bb css=\u00bb.vc_custom_1686670054399{margin-bottom: 0px !important;}\u00bb][vc_column_text] Privatiza un lugar \u00fanico en Par\u00eds para tu Gala Ben\u00e9fica [\/vc_column_text][\/vc_column][\/vc_row][vc_row el_id=\u00bbimg-and-text\u00bb responsive_css=\u00bbpadding_top_large:160px|padding_bottom_large:80px\u00bb css=\u00bb.vc_custom_1686141382134{padding-bottom: 40px...","og_url":"https:\/\/www.cafedelhomme.com\/es\/privatizar\/tu-gala-benefica-frente-a-la-torre-eiffel","og_site_name":"Caf\u00e9 de l&#039;Homme","article_publisher":"https:\/\/www.facebook.com\/cafedelhomme","article_modified_time":"2025-04-25T09:43:40+00:00","og_image":[{"width":1024,"height":1024,"url":"https:\/\/www.cafedelhomme.com\/wp-content\/uploads\/2023\/06\/280534928_1045432909714989_378998164212777935_n-1024x1024-1.jpg","type":"image\/jpeg"}],"twitter_card":"summary_large_image","twitter_misc":{"Tiempo de lectura":"7 minutos"},"schema":{"@context":"https:\/\/schema.org","@graph":[{"@type":"WebPage","@id":"https:\/\/www.cafedelhomme.com\/es\/privatizar\/tu-gala-benefica-frente-a-la-torre-eiffel","url":"https:\/\/www.cafedelhomme.com\/es\/privatizar\/tu-gala-benefica-frente-a-la-torre-eiffel","name":"Tu gala ben\u00e9fica frente a la Torre Eiffel - Caf\u00e9 de l&#039;Homme","isPartOf":{"@id":"https:\/\/www.cafedelhomme.com\/es#website"},"primaryImageOfPage":{"@id":"https:\/\/www.cafedelhomme.com\/es\/privatizar\/tu-gala-benefica-frente-a-la-torre-eiffel#primaryimage"},"image":{"@id":"https:\/\/www.cafedelhomme.com\/es\/privatizar\/tu-gala-benefica-frente-a-la-torre-eiffel#primaryimage"},"thumbnailUrl":"https:\/\/www.cafedelhomme.com\/wp-content\/uploads\/2023\/06\/280534928_1045432909714989_378998164212777935_n-1024x1024-1.jpg","datePublished":"2023-06-13T15:26:38+00:00","dateModified":"2025-04-25T09:43:40+00:00","breadcrumb":{"@id":"https:\/\/www.cafedelhomme.com\/es\/privatizar\/tu-gala-benefica-frente-a-la-torre-eiffel#breadcrumb"},"inLanguage":"es","potentialAction":[{"@type":"ReadAction","target":["https:\/\/www.cafedelhomme.com\/es\/privatizar\/tu-gala-benefica-frente-a-la-torre-eiffel"]}]},{"@type":"ImageObject","inLanguage":"es","@id":"https:\/\/www.cafedelhomme.com\/es\/privatizar\/tu-gala-benefica-frente-a-la-torre-eiffel#primaryimage","url":"https:\/\/www.cafedelhomme.com\/wp-content\/uploads\/2023\/06\/280534928_1045432909714989_378998164212777935_n-1024x1024-1.jpg","contentUrl":"https:\/\/www.cafedelhomme.com\/wp-content\/uploads\/2023\/06\/280534928_1045432909714989_378998164212777935_n-1024x1024-1.jpg","width":1024,"height":1024},{"@type":"BreadcrumbList","@id":"https:\/\/www.cafedelhomme.com\/es\/privatizar\/tu-gala-benefica-frente-a-la-torre-eiffel#breadcrumb","itemListElement":[{"@type":"ListItem","position":1,"name":"Privatizar","item":"https:\/\/www.cafedelhomme.com\/es\/privatizar"},{"@type":"ListItem","position":2,"name":"Tu gala ben\u00e9fica frente a la Torre Eiffel"}]},{"@type":"WebSite","@id":"https:\/\/www.cafedelhomme.com\/es#website","url":"https:\/\/www.cafedelhomme.com\/es","name":"Caf\u00e9 de l'Homme","description":"","publisher":{"@id":"https:\/\/www.cafedelhomme.com\/es#organization"},"potentialAction":[{"@type":"SearchAction","target":{"@type":"EntryPoint","urlTemplate":"https:\/\/www.cafedelhomme.com\/es?s={search_term_string}"},"query-input":{"@type":"PropertyValueSpecification","valueRequired":true,"valueName":"search_term_string"}}],"inLanguage":"es"},{"@type":"Organization","@id":"https:\/\/www.cafedelhomme.com\/es#organization","name":"Caf\u00e9 del Hombre","url":"https:\/\/www.cafedelhomme.com\/es","logo":{"@type":"ImageObject","inLanguage":"es","@id":"https:\/\/www.cafedelhomme.com\/es#\/schema\/logo\/image\/","url":"https:\/\/www.cafedelhomme.com\/wp-content\/uploads\/2023\/04\/big-logo-300x163-1.png","contentUrl":"https:\/\/www.cafedelhomme.com\/wp-content\/uploads\/2023\/04\/big-logo-300x163-1.png","width":300,"height":163,"caption":"Caf\u00e9 del Hombre"},"image":{"@id":"https:\/\/www.cafedelhomme.com\/es#\/schema\/logo\/image\/"},"sameAs":["https:\/\/www.facebook.com\/cafedelhomme","https:\/\/www.instagram.com\/cafedelhomme\/"]}]}},"_links":{"self":[{"href":"https:\/\/www.cafedelhomme.com\/es\/wp-json\/wp\/v2\/pages\/9580","targetHints":{"allow":["GET"]}}],"collection":[{"href":"https:\/\/www.cafedelhomme.com\/es\/wp-json\/wp\/v2\/pages"}],"about":[{"href":"https:\/\/www.cafedelhomme.com\/es\/wp-json\/wp\/v2\/types\/page"}],"author":[{"embeddable":true,"href":"https:\/\/www.cafedelhomme.com\/es\/wp-json\/wp\/v2\/users\/1"}],"replies":[{"embeddable":true,"href":"https:\/\/www.cafedelhomme.com\/es\/wp-json\/wp\/v2\/comments?post=9580"}],"version-history":[{"count":10,"href":"https:\/\/www.cafedelhomme.com\/es\/wp-json\/wp\/v2\/pages\/9580\/revisions"}],"predecessor-version":[{"id":11102,"href":"https:\/\/www.cafedelhomme.com\/es\/wp-json\/wp\/v2\/pages\/9580\/revisions\/11102"}],"up":[{"embeddable":true,"href":"https:\/\/www.cafedelhomme.com\/es\/wp-json\/wp\/v2\/pages\/9551"}],"wp:featuredmedia":[{"embeddable":true,"href":"https:\/\/www.cafedelhomme.com\/es\/wp-json\/wp\/v2\/media\/9582"}],"wp:attachment":[{"href":"https:\/\/www.cafedelhomme.com\/es\/wp-json\/wp\/v2\/media?parent=9580"}],"curies":[{"name":"wp","href":"https:\/\/api.w.org\/{rel}","templated":true}]}}