{"id":9588,"date":"2023-06-13T15:52:36","date_gmt":"2023-06-13T13:52:36","guid":{"rendered":"https:\/\/www.cafedelhomme.com\/privatizar\/experimenta-el-cafe-de-lhomme"},"modified":"2025-04-25T14:20:03","modified_gmt":"2025-04-25T12:20:03","slug":"experimenta-el-cafe-de-lhomme","status":"publish","type":"page","link":"https:\/\/www.cafedelhomme.com\/es\/privatizar\/experimenta-el-cafe-de-lhomme","title":{"rendered":"Experimenta el Caf\u00e9 de l&rsquo;Homme"},"content":{"rendered":"<div class=\"wpb-content-wrapper\"><p>[vc_row sticky_row=\u00bbyes\u00bb css=\u00bb.vc_custom_1686667858183{background-image: url(https:\/\/www.cafedelhomme.com\/wp-content\/uploads\/2023\/05\/actu5.jpeg?id=1470) !important;background-position: center !important;background-repeat: no-repeat !important;background-size: cover !important;}\u00bb el_id=\u00bbheader-page-simple\u00bb][vc_column responsive_css=\u00bbpadding_top_large:220px|padding_bottom_large:220px\u00bb css=\u00bb.vc_custom_1683277774171{padding-top: 120px !important;padding-bottom: 230px !important;}\u00bb][vc_custom_heading text=\u00bbExperimenta el Caf\u00e9 de l&apos;Homme\u00bb font_container=\u00bbtag:h1|text_align:center\u00bb css=\u00bb.vc_custom_1686919452344{margin-bottom: 0px !important;}\u00bb][vc_column_text]<\/p>\n<p style=\"text-align: center;\">Obsequia a tus invitados con lo mejor en un c\u00f3ctel, comida o cena de grupo<\/p>\n<p>[\/vc_column_text][\/vc_column][\/vc_row][vc_row el_id=\u00bbimg-and-text\u00bb responsive_css=\u00bbpadding_top_large:160px|padding_bottom_large:80px\u00bb css=\u00bb.vc_custom_1686141382134{padding-bottom: 40px !important;background-color: #ffffff !important;}\u00bb][vc_column][vc_custom_heading text=\u00bbUna experiencia \u00fanica\u00bb font_container=\u00bbtag:h2|text_align:center\u00bb css=\u00bb.vc_custom_1686919459791{margin-bottom: 150px !important;}\u00bb el_class=\u00bbtitle-experience\u00bb][vc_row_inner equal_height=\u00bbyes\u00bb content_placement=\u00bbmiddle\u00bb responsive_css=\u00bbmargin_bottom_large:80px\u00bb css=\u00bb.vc_custom_1686138812636{margin-bottom: 40px !important;}\u00bb][vc_column_inner width=\u00bb1\/2&Prime; el_class=\u00bbpicture_top\u00bb][vc_single_image image=\u00bb2772&Prime; img_size=\u00bbfull\u00bb css=\u00bb.vc_custom_1686667422642{margin-bottom: 0px !important;}\u00bb][\/vc_column_inner][vc_column_inner width=\u00bb1\/2&Prime; el_class=\u00bbtext_right\u00bb][vc_custom_heading text=\u00bbUna experiencia \u00fanica\u00bb][vc_column_text]El Caf\u00e9 de l&rsquo;Homme ofrece una experiencia \u00fanica que celebra el arte de entretener y el arte franc\u00e9s de vivir.[\/vc_column_text][\/vc_column_inner][\/vc_row_inner][vc_row_inner equal_height=\u00bbyes\u00bb content_placement=\u00bbmiddle\u00bb][vc_column_inner width=\u00bb1\/2&Prime; el_class=\u00bbtext_left\u00bb][vc_custom_heading text=\u00bbPrivatiza un lugar emblem\u00e1tico y excepcional para tu boda\u00bb][vc_column_text]Impresiona a tus <b>clientes <\/b>y <b>colegas <\/b>en un <strong>almuerzo<\/strong>, <strong>cena sentada<\/strong> o <strong>c\u00f3ctel <\/strong>invit\u00e1ndoles a un lugar confidencial.<\/p>\n<p>Regala a tus invitados una experiencia <strong>memorable<\/strong> en el coraz\u00f3n <strong>del Trocadero<\/strong>, frente a la Torre <strong>Eiffel<\/strong>.[\/vc_column_text][\/vc_column_inner][vc_column_inner width=\u00bb1\/2&Prime; el_class=\u00bbpicture_bottom\u00bb][vc_single_image image=\u00bb9591&Prime; img_size=\u00bbfull\u00bb][\/vc_column_inner][\/vc_row_inner][vc_row_inner equal_height=\u00bbyes\u00bb content_placement=\u00bbmiddle\u00bb responsive_css=\u00bbmargin_bottom_large:80px\u00bb css=\u00bb.vc_custom_1686668484217{margin-top: 100px !important;margin-bottom: 40px !important;}\u00bb][vc_column_inner width=\u00bb1\/2&Prime; el_class=\u00bbpicture_top\u00bb][vc_single_image image=\u00bb2783&Prime; img_size=\u00bbfull\u00bb css=\u00bb.vc_custom_1686668598924{margin-bottom: 0px !important;}\u00bb][\/vc_column_inner][vc_column_inner width=\u00bb1\/2&Prime; el_class=\u00bbtext_right\u00bb][vc_custom_heading text=\u00bbNuestro Chef Ejecutivo y Pastelero\u00bb][vc_column_text]Ofrecen una experiencia gastron\u00f3mica \u00fanica acompa\u00f1ada de una selecci\u00f3n de renombrados vinos locales.[\/vc_column_text][\/vc_column_inner][\/vc_row_inner][\/vc_column][\/vc_row][vc_row el_id=\u00bbexperience-cdh\u00bb responsive_css=\u00bbpadding_top_large:250px|padding_bottom_large:250px\u00bb css=\u00bb.vc_custom_1686918770688{background-image: url(https:\/\/www.cafedelhomme.com\/wp-content\/uploads\/2023\/06\/fond-carre.jpg?id=2620) !important;}\u00bb el_class=\u00bbbg-brown\u00bb][vc_column el_class=\u00bbblack\u00bb][vc_row_inner][vc_column_inner width=\u00bb1\/2&Prime; align=\u00bbtext-center\u00bb el_class=\u00bbgroup_btn\u00bb]<a href=\"https:\/\/www.cafedelhomme.com\/privatiser\/nouvelle-offre-gastronomique\" title=\"Vivez l\u2019exp\u00e9rience Caf\u00e9 de l\u2019Homme\" class=\"btn btn-default btn-bordered border-thin btn btn-outline btn-outline-white ld_button_69f1d807b7429\">\n\t<span>\n\t\t\n\t\t\t\t\t<span class=\"btn-txt\">presentaci\u00f3n comercial.<\/span>\n\t\t\t\n\t\t\t\t<\/span>\n<\/a>\n[\/vc_column_inner][vc_column_inner width=\u00bb1\/2&Prime;]<a href=\"https:\/\/www.cafedelhomme.com\/privatiser\/wp-content\/uploads\/2022\/06\/Cafe-de-lHomme-Diner-du-14-juillet-2022.pdf\" title=\"menu pdf\" target=\"_blank\" class=\"btn btn-default btn-bordered border-thin btn btn-outline btn-outline-white text-center ld_button_69f1d807b75e6 vc_custom_1686918985974\">\n\t<span>\n\t\t\n\t\t\t\t\t<span class=\"btn-txt\">ver el mapa.<\/span>\n\t\t\t\n\t\t\t\t<\/span>\n<\/a>\n[\/vc_column_inner][\/vc_row_inner][\/vc_column][\/vc_row][vc_row full_width=\u00bbstretch_row\u00bb equal_height=\u00bbyes\u00bb bg_position=\u00bbcenter center\u00bb css=\u00bb.vc_custom_1683016397706{padding-top: 80px !important;padding-bottom: 80px !important;background-image: url(https:\/\/www.cafedelhomme.com\/wp-content\/uploads\/2023\/04\/BG-1-1.jpg?id=354) !important;background-position: center !important;background-repeat: no-repeat !important;background-size: cover !important;}\u00bb el_id=\u00bbimg-screen\u00bb responsive_css=\u00bbpadding_top_large:250px|padding_bottom_large:250px\u00bb][vc_column align=\u00bbtext-center\u00bb][vc_custom_heading text=\u00bbContacta con nuestro equipo de expertos\u00bb font_container=\u00bbtag:h2|text_align:center\u00bb el_class=\u00bbtitle mb-16&Prime;][vc_column_text el_class=\u00bbsub-title mb-40&Prime;]<em>Ofertas sujetas a disponibilidad, los costes de privatizaci\u00f3n var\u00edan<\/em><br \/>\n<em>en funci\u00f3n de la frecuencia y las horas de funcionamiento del<\/em><br \/>\n<em>nuestro establecimiento. Excluidos los accesorios y los servicios t\u00e9cnicos. <\/em>[\/vc_column_text]<a href=\"#\" class=\"btn btn-default btn-bordered border-thin btn btn-outline btn-outline-white open-contact ld_button_69f1d807b7720\">\n\t<span>\n\t\t\n\t\t\t\t\t<span class=\"btn-txt\">solicite un presupuesto personalizado.<\/span>\n\t\t\t\n\t\t\t\t<\/span>\n<\/a>\n[\/vc_column][\/vc_row][vc_row el_id=\u00bbmosaic\u00bb css=\u00bb.vc_custom_1682606545303{padding-right: 30px !important;padding-left: 30px !important;}\u00bb][vc_column responsive_css=\u00bbpadding_top_large:160px|padding_bottom_large:160px\u00bb css=\u00bb.vc_custom_1682607516225{padding-top: 80px !important;}\u00bb][vc_gallery type=\u00bbimage_grid\u00bb images=\u00bb2820,2805,2806,2700,2807,10001,2809,2810,9666,9619,2812,2813,2814,2815,2816,2817,2818,2713,2783&Prime; img_size=\u00bbfull\u00bb onclick=\u00bb\u00bb css=\u00bb.vc_custom_1686671325830{margin-bottom: 0px !important;}\u00bb el_class=\u00bbgalery-3-img\u00bb][\/vc_column][\/vc_row]<\/p>\n<\/div>","protected":false},"excerpt":{"rendered":"<p>[vc_row sticky_row=\u00bbyes\u00bb css=\u00bb.vc_custom_1686667858183{background-image: url(https:\/\/www.cafedelhomme.com\/wp-content\/uploads\/2023\/05\/actu5.jpeg?id=1470) !important;background-position: center !important;background-repeat: no-repeat !important;background-size: cover !important;}\u00bb el_id=\u00bbheader-page-simple\u00bb][vc_column responsive_css=\u00bbpadding_top_large:220px|padding_bottom_large:220px\u00bb css=\u00bb.vc_custom_1683277774171{padding-top: 120px !important;padding-bottom: 230px !important;}\u00bb][vc_custom_heading text=\u00bbExperimenta el Caf\u00e9 de l&apos;Homme\u00bb font_container=\u00bbtag:h1|text_align:center\u00bb css=\u00bb.vc_custom_1686919452344{margin-bottom: 0px !important;}\u00bb][vc_column_text] Obsequia a tus invitados con lo mejor en un c\u00f3ctel, comida o cena de grupo [\/vc_column_text][\/vc_column][\/vc_row][vc_row el_id=\u00bbimg-and-text\u00bb responsive_css=\u00bbpadding_top_large:160px|padding_bottom_large:80px\u00bb&#8230;<\/p>\n","protected":false},"author":1,"featured_media":9589,"parent":9551,"menu_order":0,"comment_status":"closed","ping_status":"closed","template":"","meta":{"_acf_changed":false,"footnotes":""},"class_list":["post-9588","page","type-page","status-publish","has-post-thumbnail","hentry"],"acf":[],"yoast_head":"<!-- This site is optimized with the Yoast SEO Premium plugin v20.10 (Yoast SEO v27.0) - https:\/\/yoast.com\/product\/yoast-seo-premium-wordpress\/ -->\n<title>Experimenta el Caf\u00e9 de l&#039;Homme - Caf\u00e9 de l&#039;Homme<\/title>\n<meta name=\"robots\" content=\"index, follow, max-snippet:-1, max-image-preview:large, max-video-preview:-1\" \/>\n<link rel=\"canonical\" href=\"https:\/\/www.cafedelhomme.com\/es\/privatizar\/experimenta-el-cafe-de-lhomme\" \/>\n<meta property=\"og:locale\" content=\"es_ES\" \/>\n<meta property=\"og:type\" content=\"article\" \/>\n<meta property=\"og:title\" content=\"Experimenta el Caf\u00e9 de l&#039;Homme - Caf\u00e9 de l&#039;Homme\" \/>\n<meta property=\"og:description\" content=\"[vc_row sticky_row=\u00bbyes\u00bb css=\u00bb.vc_custom_1686667858183{background-image: url(https:\/\/www.cafedelhomme.com\/wp-content\/uploads\/2023\/05\/actu5.jpeg?id=1470) !important;background-position: center !important;background-repeat: no-repeat !important;background-size: cover !important;}\u00bb el_id=\u00bbheader-page-simple\u00bb][vc_column responsive_css=\u00bbpadding_top_large:220px|padding_bottom_large:220px\u00bb css=\u00bb.vc_custom_1683277774171{padding-top: 120px !important;padding-bottom: 230px !important;}\u00bb][vc_custom_heading text=\u00bbExperimenta el Caf\u00e9 de l&amp;apos;Homme\u00bb font_container=\u00bbtag:h1|text_align:center\u00bb css=\u00bb.vc_custom_1686919452344{margin-bottom: 0px !important;}\u00bb][vc_column_text] Obsequia a tus invitados con lo mejor en un c\u00f3ctel, comida o cena de grupo [\/vc_column_text][\/vc_column][\/vc_row][vc_row el_id=\u00bbimg-and-text\u00bb responsive_css=\u00bbpadding_top_large:160px|padding_bottom_large:80px\u00bb...\" \/>\n<meta property=\"og:url\" content=\"https:\/\/www.cafedelhomme.com\/es\/privatizar\/experimenta-el-cafe-de-lhomme\" \/>\n<meta property=\"og:site_name\" content=\"Caf\u00e9 de l&#039;Homme\" \/>\n<meta property=\"article:publisher\" content=\"https:\/\/www.facebook.com\/cafedelhomme\" \/>\n<meta property=\"article:modified_time\" content=\"2025-04-25T12:20:03+00:00\" \/>\n<meta property=\"og:image\" content=\"https:\/\/www.cafedelhomme.com\/wp-content\/uploads\/2023\/05\/actu5.jpeg\" \/>\n\t<meta property=\"og:image:width\" content=\"1200\" \/>\n\t<meta property=\"og:image:height\" content=\"800\" \/>\n\t<meta property=\"og:image:type\" content=\"image\/jpeg\" \/>\n<meta name=\"twitter:card\" content=\"summary_large_image\" \/>\n<meta name=\"twitter:label1\" content=\"Tiempo de lectura\" \/>\n\t<meta name=\"twitter:data1\" content=\"4 minutos\" \/>\n<script type=\"application\/ld+json\" class=\"yoast-schema-graph\">{\"@context\":\"https:\/\/schema.org\",\"@graph\":[{\"@type\":\"WebPage\",\"@id\":\"https:\/\/www.cafedelhomme.com\/es\/privatizar\/experimenta-el-cafe-de-lhomme\",\"url\":\"https:\/\/www.cafedelhomme.com\/es\/privatizar\/experimenta-el-cafe-de-lhomme\",\"name\":\"Experimenta el Caf\u00e9 de l'Homme - Caf\u00e9 de l&#039;Homme\",\"isPartOf\":{\"@id\":\"https:\/\/www.cafedelhomme.com\/es#website\"},\"primaryImageOfPage\":{\"@id\":\"https:\/\/www.cafedelhomme.com\/es\/privatizar\/experimenta-el-cafe-de-lhomme#primaryimage\"},\"image\":{\"@id\":\"https:\/\/www.cafedelhomme.com\/es\/privatizar\/experimenta-el-cafe-de-lhomme#primaryimage\"},\"thumbnailUrl\":\"https:\/\/www.cafedelhomme.com\/wp-content\/uploads\/2023\/05\/actu5.jpeg\",\"datePublished\":\"2023-06-13T13:52:36+00:00\",\"dateModified\":\"2025-04-25T12:20:03+00:00\",\"breadcrumb\":{\"@id\":\"https:\/\/www.cafedelhomme.com\/es\/privatizar\/experimenta-el-cafe-de-lhomme#breadcrumb\"},\"inLanguage\":\"es\",\"potentialAction\":[{\"@type\":\"ReadAction\",\"target\":[\"https:\/\/www.cafedelhomme.com\/es\/privatizar\/experimenta-el-cafe-de-lhomme\"]}]},{\"@type\":\"ImageObject\",\"inLanguage\":\"es\",\"@id\":\"https:\/\/www.cafedelhomme.com\/es\/privatizar\/experimenta-el-cafe-de-lhomme#primaryimage\",\"url\":\"https:\/\/www.cafedelhomme.com\/wp-content\/uploads\/2023\/05\/actu5.jpeg\",\"contentUrl\":\"https:\/\/www.cafedelhomme.com\/wp-content\/uploads\/2023\/05\/actu5.jpeg\",\"width\":1200,\"height\":800},{\"@type\":\"BreadcrumbList\",\"@id\":\"https:\/\/www.cafedelhomme.com\/es\/privatizar\/experimenta-el-cafe-de-lhomme#breadcrumb\",\"itemListElement\":[{\"@type\":\"ListItem\",\"position\":1,\"name\":\"Privatizar\",\"item\":\"https:\/\/www.cafedelhomme.com\/es\/privatizar\"},{\"@type\":\"ListItem\",\"position\":2,\"name\":\"Experimenta el Caf\u00e9 de l&rsquo;Homme\"}]},{\"@type\":\"WebSite\",\"@id\":\"https:\/\/www.cafedelhomme.com\/es#website\",\"url\":\"https:\/\/www.cafedelhomme.com\/es\",\"name\":\"Caf\u00e9 de l'Homme\",\"description\":\"\",\"publisher\":{\"@id\":\"https:\/\/www.cafedelhomme.com\/es#organization\"},\"potentialAction\":[{\"@type\":\"SearchAction\",\"target\":{\"@type\":\"EntryPoint\",\"urlTemplate\":\"https:\/\/www.cafedelhomme.com\/es?s={search_term_string}\"},\"query-input\":{\"@type\":\"PropertyValueSpecification\",\"valueRequired\":true,\"valueName\":\"search_term_string\"}}],\"inLanguage\":\"es\"},{\"@type\":\"Organization\",\"@id\":\"https:\/\/www.cafedelhomme.com\/es#organization\",\"name\":\"Caf\u00e9 del Hombre\",\"url\":\"https:\/\/www.cafedelhomme.com\/es\",\"logo\":{\"@type\":\"ImageObject\",\"inLanguage\":\"es\",\"@id\":\"https:\/\/www.cafedelhomme.com\/es#\/schema\/logo\/image\/\",\"url\":\"https:\/\/www.cafedelhomme.com\/wp-content\/uploads\/2023\/04\/big-logo-300x163-1.png\",\"contentUrl\":\"https:\/\/www.cafedelhomme.com\/wp-content\/uploads\/2023\/04\/big-logo-300x163-1.png\",\"width\":300,\"height\":163,\"caption\":\"Caf\u00e9 del Hombre\"},\"image\":{\"@id\":\"https:\/\/www.cafedelhomme.com\/es#\/schema\/logo\/image\/\"},\"sameAs\":[\"https:\/\/www.facebook.com\/cafedelhomme\",\"https:\/\/www.instagram.com\/cafedelhomme\/\"]}]}<\/script>\n<!-- \/ Yoast SEO Premium plugin. -->","yoast_head_json":{"title":"Experimenta el Caf\u00e9 de l'Homme - Caf\u00e9 de l&#039;Homme","robots":{"index":"index","follow":"follow","max-snippet":"max-snippet:-1","max-image-preview":"max-image-preview:large","max-video-preview":"max-video-preview:-1"},"canonical":"https:\/\/www.cafedelhomme.com\/es\/privatizar\/experimenta-el-cafe-de-lhomme","og_locale":"es_ES","og_type":"article","og_title":"Experimenta el Caf\u00e9 de l'Homme - Caf\u00e9 de l&#039;Homme","og_description":"[vc_row sticky_row=\u00bbyes\u00bb css=\u00bb.vc_custom_1686667858183{background-image: url(https:\/\/www.cafedelhomme.com\/wp-content\/uploads\/2023\/05\/actu5.jpeg?id=1470) !important;background-position: center !important;background-repeat: no-repeat !important;background-size: cover !important;}\u00bb el_id=\u00bbheader-page-simple\u00bb][vc_column responsive_css=\u00bbpadding_top_large:220px|padding_bottom_large:220px\u00bb css=\u00bb.vc_custom_1683277774171{padding-top: 120px !important;padding-bottom: 230px !important;}\u00bb][vc_custom_heading text=\u00bbExperimenta el Caf\u00e9 de l&apos;Homme\u00bb font_container=\u00bbtag:h1|text_align:center\u00bb css=\u00bb.vc_custom_1686919452344{margin-bottom: 0px !important;}\u00bb][vc_column_text] Obsequia a tus invitados con lo mejor en un c\u00f3ctel, comida o cena de grupo [\/vc_column_text][\/vc_column][\/vc_row][vc_row el_id=\u00bbimg-and-text\u00bb responsive_css=\u00bbpadding_top_large:160px|padding_bottom_large:80px\u00bb...","og_url":"https:\/\/www.cafedelhomme.com\/es\/privatizar\/experimenta-el-cafe-de-lhomme","og_site_name":"Caf\u00e9 de l&#039;Homme","article_publisher":"https:\/\/www.facebook.com\/cafedelhomme","article_modified_time":"2025-04-25T12:20:03+00:00","og_image":[{"width":1200,"height":800,"url":"https:\/\/www.cafedelhomme.com\/wp-content\/uploads\/2023\/05\/actu5.jpeg","type":"image\/jpeg"}],"twitter_card":"summary_large_image","twitter_misc":{"Tiempo de lectura":"4 minutos"},"schema":{"@context":"https:\/\/schema.org","@graph":[{"@type":"WebPage","@id":"https:\/\/www.cafedelhomme.com\/es\/privatizar\/experimenta-el-cafe-de-lhomme","url":"https:\/\/www.cafedelhomme.com\/es\/privatizar\/experimenta-el-cafe-de-lhomme","name":"Experimenta el Caf\u00e9 de l'Homme - Caf\u00e9 de l&#039;Homme","isPartOf":{"@id":"https:\/\/www.cafedelhomme.com\/es#website"},"primaryImageOfPage":{"@id":"https:\/\/www.cafedelhomme.com\/es\/privatizar\/experimenta-el-cafe-de-lhomme#primaryimage"},"image":{"@id":"https:\/\/www.cafedelhomme.com\/es\/privatizar\/experimenta-el-cafe-de-lhomme#primaryimage"},"thumbnailUrl":"https:\/\/www.cafedelhomme.com\/wp-content\/uploads\/2023\/05\/actu5.jpeg","datePublished":"2023-06-13T13:52:36+00:00","dateModified":"2025-04-25T12:20:03+00:00","breadcrumb":{"@id":"https:\/\/www.cafedelhomme.com\/es\/privatizar\/experimenta-el-cafe-de-lhomme#breadcrumb"},"inLanguage":"es","potentialAction":[{"@type":"ReadAction","target":["https:\/\/www.cafedelhomme.com\/es\/privatizar\/experimenta-el-cafe-de-lhomme"]}]},{"@type":"ImageObject","inLanguage":"es","@id":"https:\/\/www.cafedelhomme.com\/es\/privatizar\/experimenta-el-cafe-de-lhomme#primaryimage","url":"https:\/\/www.cafedelhomme.com\/wp-content\/uploads\/2023\/05\/actu5.jpeg","contentUrl":"https:\/\/www.cafedelhomme.com\/wp-content\/uploads\/2023\/05\/actu5.jpeg","width":1200,"height":800},{"@type":"BreadcrumbList","@id":"https:\/\/www.cafedelhomme.com\/es\/privatizar\/experimenta-el-cafe-de-lhomme#breadcrumb","itemListElement":[{"@type":"ListItem","position":1,"name":"Privatizar","item":"https:\/\/www.cafedelhomme.com\/es\/privatizar"},{"@type":"ListItem","position":2,"name":"Experimenta el Caf\u00e9 de l&rsquo;Homme"}]},{"@type":"WebSite","@id":"https:\/\/www.cafedelhomme.com\/es#website","url":"https:\/\/www.cafedelhomme.com\/es","name":"Caf\u00e9 de l'Homme","description":"","publisher":{"@id":"https:\/\/www.cafedelhomme.com\/es#organization"},"potentialAction":[{"@type":"SearchAction","target":{"@type":"EntryPoint","urlTemplate":"https:\/\/www.cafedelhomme.com\/es?s={search_term_string}"},"query-input":{"@type":"PropertyValueSpecification","valueRequired":true,"valueName":"search_term_string"}}],"inLanguage":"es"},{"@type":"Organization","@id":"https:\/\/www.cafedelhomme.com\/es#organization","name":"Caf\u00e9 del Hombre","url":"https:\/\/www.cafedelhomme.com\/es","logo":{"@type":"ImageObject","inLanguage":"es","@id":"https:\/\/www.cafedelhomme.com\/es#\/schema\/logo\/image\/","url":"https:\/\/www.cafedelhomme.com\/wp-content\/uploads\/2023\/04\/big-logo-300x163-1.png","contentUrl":"https:\/\/www.cafedelhomme.com\/wp-content\/uploads\/2023\/04\/big-logo-300x163-1.png","width":300,"height":163,"caption":"Caf\u00e9 del Hombre"},"image":{"@id":"https:\/\/www.cafedelhomme.com\/es#\/schema\/logo\/image\/"},"sameAs":["https:\/\/www.facebook.com\/cafedelhomme","https:\/\/www.instagram.com\/cafedelhomme\/"]}]}},"_links":{"self":[{"href":"https:\/\/www.cafedelhomme.com\/es\/wp-json\/wp\/v2\/pages\/9588","targetHints":{"allow":["GET"]}}],"collection":[{"href":"https:\/\/www.cafedelhomme.com\/es\/wp-json\/wp\/v2\/pages"}],"about":[{"href":"https:\/\/www.cafedelhomme.com\/es\/wp-json\/wp\/v2\/types\/page"}],"author":[{"embeddable":true,"href":"https:\/\/www.cafedelhomme.com\/es\/wp-json\/wp\/v2\/users\/1"}],"replies":[{"embeddable":true,"href":"https:\/\/www.cafedelhomme.com\/es\/wp-json\/wp\/v2\/comments?post=9588"}],"version-history":[{"count":10,"href":"https:\/\/www.cafedelhomme.com\/es\/wp-json\/wp\/v2\/pages\/9588\/revisions"}],"predecessor-version":[{"id":11153,"href":"https:\/\/www.cafedelhomme.com\/es\/wp-json\/wp\/v2\/pages\/9588\/revisions\/11153"}],"up":[{"embeddable":true,"href":"https:\/\/www.cafedelhomme.com\/es\/wp-json\/wp\/v2\/pages\/9551"}],"wp:featuredmedia":[{"embeddable":true,"href":"https:\/\/www.cafedelhomme.com\/es\/wp-json\/wp\/v2\/media\/9589"}],"wp:attachment":[{"href":"https:\/\/www.cafedelhomme.com\/es\/wp-json\/wp\/v2\/media?parent=9588"}],"curies":[{"name":"wp","href":"https:\/\/api.w.org\/{rel}","templated":true}]}}