{"id":9590,"date":"2023-06-14T11:17:10","date_gmt":"2023-06-14T09:17:10","guid":{"rendered":"https:\/\/www.cafedelhomme.com\/privatizar\/haz-tus-rodajes-y-platos-de-tv-frente-a-la-torre-eiffel"},"modified":"2025-04-25T10:00:19","modified_gmt":"2025-04-25T08:00:19","slug":"haz-tus-rodajes-y-platos-de-tv-frente-a-la-torre-eiffel","status":"publish","type":"page","link":"https:\/\/www.cafedelhomme.com\/es\/privatizar\/haz-tus-rodajes-y-platos-de-tv-frente-a-la-torre-eiffel","title":{"rendered":"Haz tus rodajes y plat\u00f3s de TV frente a la Torre Eiffel"},"content":{"rendered":"<div class=\"wpb-content-wrapper\"><p>[vc_row sticky_row=\u00bbyes\u00bb css=\u00bb.vc_custom_1686733930095{background-image: url(https:\/\/www.cafedelhomme.com\/wp-content\/uploads\/2023\/06\/Emily-In-paris-Netflix.jpg?id=2774) !important;background-position: center !important;background-repeat: no-repeat !important;background-size: cover !important;}\u00bb el_id=\u00bbheader-page-simple\u00bb][vc_column responsive_css=\u00bbpadding_top_large:220px|padding_bottom_large:220px\u00bb css=\u00bb.vc_custom_1683277774171{padding-top: 120px !important;padding-bottom: 230px !important;}\u00bb][vc_custom_heading text=\u00bbHaz tus rodajes y plat\u00f3s de TV frente a la Torre Eiffel\u00bb font_container=\u00bbtag:h1|text_align:center\u00bb css=\u00bb.vc_custom_1686733935545{margin-bottom: 0px !important;}\u00bb][vc_column_text]<\/p>\n<p style=\"text-align: center;\">Aprovecha un marco excepcional para tu rodaje o plat\u00f3 de TV.<\/p>\n<p>[\/vc_column_text][\/vc_column][\/vc_row][vc_row el_id=\u00bbimg-and-text\u00bb responsive_css=\u00bbpadding_top_large:160px|padding_bottom_large:80px\u00bb css=\u00bb.vc_custom_1686141382134{padding-bottom: 40px !important;background-color: #ffffff !important;}\u00bb][vc_column][vc_row_inner equal_height=\u00bbyes\u00bb content_placement=\u00bbmiddle\u00bb responsive_css=\u00bbmargin_bottom_large:80px\u00bb css=\u00bb.vc_custom_1686138812636{margin-bottom: 40px !important;}\u00bb][vc_column_inner width=\u00bb1\/2&Prime; el_class=\u00bbpicture_top\u00bb][vc_single_image image=\u00bb9767&Prime; img_size=\u00bbfull\u00bb css=\u00bb.vc_custom_1686734065941{margin-bottom: 0px !important;}\u00bb][\/vc_column_inner][vc_column_inner width=\u00bb1\/2&Prime; el_class=\u00bbtext_right\u00bb][vc_custom_heading text=\u00bbDa a tus obras audiovisuales un tel\u00f3n de fondo impresionante\u00bb][vc_column_text]Cada a\u00f1o, Par\u00eds acoge miles de <strong>rodajes de<\/strong> <strong>cine<\/strong> <strong>y<\/strong> <strong>televisi\u00f3n<\/strong>. Sus calles y monumentos constituyen aut\u00e9nticos <strong>telones de fondo<\/strong> para <strong>el cine<\/strong> y la <strong>televisi\u00f3n<\/strong>. Para aprovechar un espacio \u00fanico y confidencial para tus rodajes en pleno centro de Par\u00eds, \u00a1aprovecha el Caf\u00e9 de l&rsquo;Homme!<\/p>\n<p>Con sus 500 m\u00b2 de superficie, su terraza de 350 m\u00b2 en la azotea frente a la Torre Eiffel y su ambiente refinado, el Caf\u00e9 de l&rsquo;Homme es un <strong>lugar fuera de lo com\u00fan<\/strong>. El comedor principal tiene techos altos, una decoraci\u00f3n delicada y sofisticada y una vista ininterrumpida de la Dama de Hierro.<\/p>\n<p>La frondosa terraza, protegida de las multitudes de los alrededores, \u00a1a\u00f1adir\u00e1 un ambiente \u00fanico a la <strong>realizaci\u00f3n de tu programa o pel\u00edcula<\/strong>![\/vc_column_text][\/vc_column_inner][\/vc_row_inner][vc_row_inner equal_height=\u00bbyes\u00bb content_placement=\u00bbmiddle\u00bb][vc_column_inner width=\u00bb1\/2&Prime; el_class=\u00bbtext_left\u00bb][vc_custom_heading text=\u00bbRueda tus pel\u00edculas, series y programas en el Caf\u00e9 de l&rsquo;Homme\u00bb][vc_column_text]El Caf\u00e9 de l&rsquo;Homme es el lugar ideal para rodar tu <strong>pel\u00edcula<\/strong> o <strong>serie<\/strong>. Como un aut\u00e9ntico <strong>estudio de cine<\/strong> o <strong>plat\u00f3 de televisi\u00f3n<\/strong>, los <strong>distintos ambientes de<\/strong> las <strong>salas<\/strong> responder\u00e1n a todas tus necesidades. Tu <strong>equipo de rodaje<\/strong> tendr\u00e1 acceso a todos los espacios y equipos: sistema de sonido, iluminaci\u00f3n, pantallas gigantes, micr\u00f3fonos, aire acondicionado y calefacci\u00f3n.<\/p>\n<p>Seg\u00fan tus necesidades, los espacios se pueden modular y reorganizar. Podemos organizar una cena, un c\u00f3ctel o un espect\u00e1culo sonoro para actores, invitados o intermitentes de entretenimiento.<\/p>\n<p>Con su inclinaci\u00f3n por la creatividad, nuestro escenario ya ha sido elegido por Netflix para el rodaje de la serie Emily en Par\u00eds. Eurosport y la FIFA tambi\u00e9n han rodado programas de alto nivel desde la terraza del <strong>Caf\u00e9 de l&rsquo;Homme<\/strong>.[\/vc_column_text]<a href=\"#\" class=\"btn btn-naked btn_underline open-contact ld_button_69f4efcaeb73d\">\n\t<span>\n\t\t\n\t\t\t\t\t<span class=\"btn-txt\">privatice.<\/span>\n\t\t\t\n\t\t\t\t<\/span>\n<\/a>\n[\/vc_column_inner][vc_column_inner width=\u00bb1\/2&Prime; el_class=\u00bbpicture_bottom\u00bb][vc_single_image image=\u00bb2864&Prime; img_size=\u00bbfull\u00bb][\/vc_column_inner][\/vc_row_inner][\/vc_column][\/vc_row][vc_row el_id=\u00bbimg-and-text\u00bb responsive_css=\u00bbpadding_top_large:160px|padding_bottom_large:80px\u00bb css=\u00bb.vc_custom_1682610552612{padding-bottom: 40px !important;}\u00bb][vc_column][vc_row_inner equal_height=\u00bbyes\u00bb content_placement=\u00bbmiddle\u00bb][vc_column_inner width=\u00bb1\/2&Prime; el_class=\u00bbpicture_top\u00bb][vc_single_image image=\u00bb2574&Prime; img_size=\u00bbfull\u00bb][\/vc_column_inner][vc_column_inner width=\u00bb1\/2&Prime; el_class=\u00bbtext_right\u00bb][vc_custom_heading text=\u00bbRestaurante\u00bb][vc_column_text]Haz tuyo el restaurante y disfruta de la impresionante vista de la Torre Eiffel.<\/p>\n<ul>\n<li>Opci\u00f3n c\u00f3ctel:<br \/>\nHasta 300 personas en verano<br \/>\nHasta 200 personas en invierno<\/li>\n<li>Opci\u00f3n cena sentados:<br \/>\nHasta 130 personas en la terraza o 130 en el interior<\/li>\n<\/ul>\n<p>[\/vc_column_text]<a href=\"#\" class=\"btn btn-naked btn_underline open-contact ld_button_69f4efcaeb8e3\">\n\t<span>\n\t\t\n\t\t\t\t\t<span class=\"btn-txt\">privatice.<\/span>\n\t\t\t\n\t\t\t\t<\/span>\n<\/a>\n[\/vc_column_inner][\/vc_row_inner][vc_row_inner equal_height=\u00bbyes\u00bb content_placement=\u00bbmiddle\u00bb][vc_column_inner width=\u00bb1\/2&Prime; el_class=\u00bbtext_left\u00bb][vc_custom_heading text=\u00bbAla jard\u00edn\u00bb][vc_column_text]Un marco excepcional para tus cenas, conferencias, c\u00f3cteles y fiestas.<\/p>\n<ul>\n<li>C\u00f3ctel comida o cena para hasta 100 personas<\/li>\n<li>Comida o cena sentados para hasta 70 personas<\/li>\n<li>El ala est\u00e1 cubierta y calentada en el 90% de su superficie<\/li>\n<\/ul>\n<p>[\/vc_column_text]<a href=\"#\" class=\"btn btn-naked btn_underline open-contact ld_button_69f4efcaeba30\">\n\t<span>\n\t\t\n\t\t\t\t\t<span class=\"btn-txt\">privatice.<\/span>\n\t\t\t\n\t\t\t\t<\/span>\n<\/a>\n[\/vc_column_inner][vc_column_inner width=\u00bb1\/2&Prime; el_class=\u00bbpicture_bottom\u00bb][vc_single_image image=\u00bb2589&Prime; img_size=\u00bbfull\u00bb][\/vc_column_inner][\/vc_row_inner][vc_row_inner equal_height=\u00bbyes\u00bb content_placement=\u00bbmiddle\u00bb][vc_column_inner width=\u00bb1\/2&Prime; el_class=\u00bbpicture_top\u00bb][vc_single_image image=\u00bb2590&Prime; img_size=\u00bbfull\u00bb][\/vc_column_inner][vc_column_inner width=\u00bb1\/2&Prime; el_class=\u00bbtext_right\u00bb][vc_custom_heading text=\u00bbAla Eiffel\u00bb][vc_column_text]Ven a vivir un momento de prestigio en un marco ins\u00f3lito en el coraz\u00f3n de Par\u00eds.<\/p>\n<ul>\n<li>C\u00f3ctel comida o cena para hasta 100 personas<\/li>\n<li>Comida o cena sentados para hasta 70 personas<\/li>\n<li>El ala est\u00e1 cubierta y calentada en el 90% de su superficie<\/li>\n<\/ul>\n<p>[\/vc_column_text]<a href=\"#\" class=\"btn btn-naked btn_underline open-contact ld_button_69f4efcaebb50\">\n\t<span>\n\t\t\n\t\t\t\t\t<span class=\"btn-txt\">privatice.<\/span>\n\t\t\t\n\t\t\t\t<\/span>\n<\/a>\n[\/vc_column_inner][\/vc_row_inner][vc_row_inner equal_height=\u00bbyes\u00bb content_placement=\u00bbmiddle\u00bb][vc_column_inner width=\u00bb1\/2&Prime; el_class=\u00bbtext_left\u00bb][vc_custom_heading text=\u00bbEl entresuelo\u00bb][vc_column_text]El entresuelo da a la sala principal. Su decoraci\u00f3n, de l\u00edneas sobrias y refinadas, confiere a este espacio un encanto incomparable. Con su ambiente \u00edntimo, el entresuelo es ideal para actos de prestigio para grupos reducidos.<\/p>\n<ul>\n<li>Capacidad para hasta 18 personas<\/li>\n<li>Pantalla de TV disponible<\/li>\n<\/ul>\n<p>[\/vc_column_text]<a href=\"#\" class=\"btn btn-naked btn_underline open-contact ld_button_69f4efcaebc60\">\n\t<span>\n\t\t\n\t\t\t\t\t<span class=\"btn-txt\">privatice.<\/span>\n\t\t\t\n\t\t\t\t<\/span>\n<\/a>\n[\/vc_column_inner][vc_column_inner width=\u00bb1\/2&Prime; el_class=\u00bbpicture_bottom\u00bb][vc_single_image image=\u00bb2587&Prime; img_size=\u00bbfull\u00bb][\/vc_column_inner][\/vc_row_inner][\/vc_column][\/vc_row][vc_row full_width=\u00bbstretch_row\u00bb equal_height=\u00bbyes\u00bb bg_position=\u00bbcenter center\u00bb css=\u00bb.vc_custom_1683016397706{padding-top: 80px !important;padding-bottom: 80px !important;background-image: url(https:\/\/www.cafedelhomme.com\/wp-content\/uploads\/2023\/04\/BG-1-1.jpg?id=354) !important;background-position: center !important;background-repeat: no-repeat !important;background-size: cover !important;}\u00bb el_id=\u00bbimg-screen\u00bb responsive_css=\u00bbpadding_top_large:250px|padding_bottom_large:250px\u00bb][vc_column align=\u00bbtext-center\u00bb][vc_custom_heading text=\u00bbContacta con nuestro equipo de expertos\u00bb font_container=\u00bbtag:h2|text_align:center\u00bb el_class=\u00bbtitle mb-16&Prime;][vc_column_text el_class=\u00bbsub-title mb-40&Prime;]<em>Ofertas sujetas a disponibilidad, los costes de privatizaci\u00f3n var\u00edan<\/em><br \/>\n<em>en funci\u00f3n de la frecuencia y las horas de funcionamiento del<\/em><br \/>\n<em>nuestro establecimiento. Excluidos los accesorios y los servicios t\u00e9cnicos. <\/em>[\/vc_column_text]<a href=\"#\" class=\"btn btn-default btn-bordered border-thin btn btn-outline btn-outline-white open-contact ld_button_69f4efcaebd71\">\n\t<span>\n\t\t\n\t\t\t\t\t<span class=\"btn-txt\">solicitud de presupuesto personalizado.<\/span>\n\t\t\t\n\t\t\t\t<\/span>\n<\/a>\n[\/vc_column][\/vc_row][vc_row el_id=\u00bbequipements\u00bb css=\u00bb.vc_custom_1686224179321{padding-top: 80px !important;padding-bottom: 80px !important;background-color: #faf9f6 !important;}\u00bb responsive_css=\u00bbpadding_top_large:145px|padding_bottom_large:168px\u00bb el_class=\u00bbprestations\u00bb][vc_column width=\u00bb5\/12&Prime;][vc_custom_heading text=\u00bbElige un escenario excepcional<br \/>\npara tus rodajes\u00bb css=\u00bb.vc_custom_1686734339540{margin-bottom: 40px !important;}\u00bb][vc_column_text css=\u00bb.vc_custom_1686734388844{margin-bottom: 40px !important;}\u00bb]Para asegurarte de que el lugar se ajusta a tu rodaje, tendr\u00e1s la oportunidad de visitar <strong>el Caf\u00e9 de l&rsquo;Homme<\/strong> durante tu b\u00fasqueda de localizaciones. El acceso log\u00edstico para los veh\u00edculos de rodaje y el transporte de equipos ser\u00e1 muy f\u00e1cil. Adem\u00e1s, nuestras instalaciones el\u00e9ctricas interiores y exteriores se adaptan a tus necesidades. Se pueden instalar <strong>camerinos<\/strong> en nuestros espacios, donde tambi\u00e9n podr\u00e1s guardar tu equipo de producci\u00f3n.<\/p>\n<p>Los equipos <strong>del Caf\u00e9 de l&rsquo;<\/strong> Homme seleccionan para tu <strong>rodaje<\/strong> a los mejores proveedores de servicios de Par\u00eds, para ayudarte en tu proyecto.[\/vc_column_text]<a href=\"#\" class=\"btn btn-naked btn_underline open-contact ld_button_69f4efcaebe7e\">\n\t<span>\n\t\t\n\t\t\t\t\t<span class=\"btn-txt\">privatice el lugar.<\/span>\n\t\t\t\n\t\t\t\t<\/span>\n<\/a>\n[\/vc_column][vc_column width=\u00bb7\/12&Prime;][vc_row_inner equal_height=\u00bbyes\u00bb content_placement=\u00bbmiddle\u00bb responsive_css=\u00bbmargin_bottom_large:30px\u00bb css=\u00bb.vc_custom_1686224165726{margin-bottom: 40px !important;}\u00bb el_class=\u00bboptions\u00bb][vc_column_inner width=\u00bb1\/2&Prime; enable_overlay=\u00bbyes\u00bb align=\u00bbtext-center\u00bb css=\u00bb.vc_custom_1686240038037{background-image: url(https:\/\/www.cafedelhomme.com\/wp-content\/uploads\/2023\/04\/img-right-scaled.jpg?id=371) !important;background-position: center !important;background-repeat: no-repeat !important;background-size: cover !important;}\u00bb overlay_bg=\u00bbrgba(0, 0, 0, 0.35)\u00bb el_class=\u00bboption-modal\u00bb]<a href=\"#\" class=\"btn btn-default btn-bordered border-thin btn btn-outline btn-outline-white open_modal-simple ld_button_69f4efcaebf8c\">\n\t<span>\n\t\t\n\t\t\t\t\t<span class=\"btn-txt\">nuestros espacios.<\/span>\n\t\t\t\n\t\t\t\t<\/span>\n<\/a>\n[vc_column_text el_class=\u00bbmodal-content-simple\u00bb]La sala principal, orientada hacia el exterior, puede albergar hasta 200 personas para una <strong>gran retransmisi\u00f3n<\/strong> con multitud de invitados. Arriba, el entresuelo ofrece un entorno \u00edntimo para entrevistas o camerinos privados. La zona exterior ofrece un panorama excepcional como tel\u00f3n de fondo para tus <strong>escenas<\/strong> y <strong>retransmisiones<\/strong>, con una vista impresionante de la Torre Eiffel y los monumentos parisinos.[\/vc_column_text][\/vc_column_inner][vc_column_inner width=\u00bb1\/2&Prime; enable_overlay=\u00bbyes\u00bb align=\u00bbtext-center\u00bb css=\u00bb.vc_custom_1686240015414{background-image: url(https:\/\/www.cafedelhomme.com\/wp-content\/uploads\/2023\/04\/bg-fullscreen-scaled.jpg?id=452) !important;background-position: center !important;background-repeat: no-repeat !important;background-size: cover !important;}\u00bb overlay_bg=\u00bbrgba(0, 0, 0, 0.35)\u00bb el_class=\u00bboption-modal\u00bb]<a href=\"#\" class=\"btn btn-default btn-bordered border-thin btn btn-outline btn-outline-white open_modal-simple ld_button_69f4efcaec092\">\n\t<span>\n\t\t\n\t\t\t\t\t<span class=\"btn-txt\">nuestros equipamientos.<\/span>\n\t\t\t\n\t\t\t\t<\/span>\n<\/a>\n[vc_column_text el_class=\u00bbmodal-content-simple\u00bb]Todos nuestros espacios est\u00e1n equipados con tecnolog\u00eda de punta para la <strong>realizaci\u00f3n<\/strong> de su <strong>rodaje<\/strong>. Podr\u00e1 modificar los colores de nuestras luces exteriores y de nuestros techos con Leds para crear un ambiente acorde a la <strong>escena filmada<\/strong>.<\/p>\n<p>Las zonas tienen calefacci\u00f3n, sombra y aire acondicionado para la comodidad de los actores y los <strong>equipos de rodaje<\/strong>. Por \u00faltimo, tanto en el interior como en el exterior, hay tomas el\u00e9ctricas para conectar tu equipo de <strong>producci\u00f3n audiovisual<\/strong>.[\/vc_column_text][\/vc_column_inner][\/vc_row_inner][vc_row_inner equal_height=\u00bbyes\u00bb content_placement=\u00bbmiddle\u00bb responsive_css=\u00bbmargin_bottom_large:10px\u00bb css=\u00bb.vc_custom_1686224370091{margin-bottom: 40px !important;}\u00bb el_class=\u00bboptions\u00bb][vc_column_inner width=\u00bb1\/2&Prime; enable_overlay=\u00bbyes\u00bb align=\u00bbtext-center\u00bb css=\u00bb.vc_custom_1686240081843{background-image: url(https:\/\/www.cafedelhomme.com\/wp-content\/uploads\/2023\/04\/BG-1-1.jpg?id=354) !important;background-position: center !important;background-repeat: no-repeat !important;background-size: cover !important;}\u00bb overlay_bg=\u00bbrgba(0, 0, 0, 0.35)\u00bb el_class=\u00bboption-modal\u00bb]<a href=\"#\" class=\"btn btn-default btn-bordered border-thin btn btn-outline btn-outline-white open_modal-simple ld_button_69f4efcaec199\">\n\t<span>\n\t\t\n\t\t\t\t\t<span class=\"btn-txt\">nuestras prestaciones.<\/span>\n\t\t\t\n\t\t\t\t<\/span>\n<\/a>\n[vc_column_text el_class=\u00bbmodal-content-simple\u00bb]Para el <strong>rodaje de<\/strong> tu <strong>pel\u00edcula<\/strong>, <strong>serie<\/strong> o programa <strong>de<\/strong> televisi\u00f3n, seleccionamos proveedores de servicios de renombre. Nuestros servicios de alta gama te permitir\u00e1n dar vida a escenas \u00fanicas en <strong>el Caf\u00e9 de l&rsquo;<\/strong>Homme.[\/vc_column_text][\/vc_column_inner][vc_column_inner width=\u00bb1\/2&Prime; enable_overlay=\u00bbyes\u00bb align=\u00bbtext-center\u00bb css=\u00bb.vc_custom_1686240058941{background-image: url(https:\/\/www.cafedelhomme.com\/wp-content\/uploads\/2023\/04\/img-left-scaled.jpg?id=370) !important;background-position: center !important;background-repeat: no-repeat !important;background-size: cover !important;}\u00bb overlay_bg=\u00bbrgba(0, 0, 0, 0.35)\u00bb el_class=\u00bboption-modal\u00bb]<a href=\"#\" class=\"btn btn-default btn-bordered border-thin btn btn-outline btn-outline-white open_modal-simple ld_button_69f4efcaec29c\">\n\t<span>\n\t\t\n\t\t\t\t\t<span class=\"btn-txt\">un lugar m\u00edtico.<\/span>\n\t\t\t\n\t\t\t\t<\/span>\n<\/a>\n[vc_column_text el_class=\u00bbmodal-content-simple\u00bb]Situado en el centro de <strong>Par\u00eds<\/strong> y de f\u00e1cil acceso, el Caf\u00e9 de l&rsquo;Homme se adapta a tus necesidades para crear un evento a la altura de tus deseos. Al <strong>contratar el Caf\u00e9 de l&rsquo;Homme para todo<\/strong> o <strong>parte de<\/strong> tu evento, podr\u00e1s acondicionar nuestros espacios, integrar tu <strong>decoraci\u00f3n<\/strong> y emocionar a tu p\u00fablico.[\/vc_column_text][\/vc_column_inner][\/vc_row_inner][\/vc_column][\/vc_row][vc_row el_id=\u00bbexperience-cdh\u00bb responsive_css=\u00bbpadding_top_large:250px|padding_bottom_large:250px\u00bb css=\u00bb.vc_custom_1682676040834{padding-top: 80px !important;padding-bottom: 80px !important;}\u00bb][vc_column][vc_custom_heading text=\u00bbVen a descubrir la experiencia del Caf\u00e9 de l&rsquo;Homme\u00bb font_container=\u00bbtag:h2|text_align:center\u00bb][vc_column_text]Disfruta de una experiencia verdaderamente intemporal. \u00bfEst\u00e1s preparado para la experiencia?[\/vc_column_text][vc_row_inner][vc_column_inner align=\u00bbtext-center\u00bb el_class=\u00bbgroup_btn\u00bb]<a href=\"https:\/\/www.cafedelhomme.com\/nos-experiences\" title=\"Nos exp\u00e9riences\" class=\"btn btn-default btn-bordered border-thin btn btn-outline btn-outline-white ld_button_69f4efcaec39c\">\n\t<span>\n\t\t\n\t\t\t\t\t<span class=\"btn-txt\">nuestras experiencias.<\/span>\n\t\t\t\n\t\t\t\t<\/span>\n<\/a>\n<a href=\"https:\/\/www.cafedelhomme.com\/la-carte\" title=\"La Carte\" class=\"btn btn-default btn-bordered border-thin btn btn-outline btn-outline-white ld_button_69f4efcaec4a5\">\n\t<span>\n\t\t\n\t\t\t\t\t<span class=\"btn-txt\">ver el mapa.<\/span>\n\t\t\t\n\t\t\t\t<\/span>\n<\/a>\n[\/vc_column_inner][\/vc_row_inner][\/vc_column][\/vc_row]<\/p>\n<div id=\"simple-translate\" class=\"simple-translate-system-theme\">\n<div>\n<div class=\"simple-translate-button isShow\" style=\"background-image: url('chrome-extension:\/\/ibplnjkanclpjokhdolnendpplpjiace\/icons\/512.png'); height: 22px; width: 22px; top: 2561px; left: 805px;\"><\/div>\n<div class=\"simple-translate-panel \" style=\"width: 300px; height: 200px; top: 0px; left: 0px; font-size: 13px;\">\n<div class=\"simple-translate-result-wrapper\" style=\"overflow: hidden;\">\n<div class=\"simple-translate-move\" draggable=\"true\"><\/div>\n<div class=\"simple-translate-result-contents\">\n<p class=\"simple-translate-result\" dir=\"auto\">\n<p class=\"simple-translate-candidate\" dir=\"auto\">\n<\/div>\n<\/div>\n<\/div>\n<\/div>\n<\/div>\n<\/div>","protected":false},"excerpt":{"rendered":"<p>[vc_row sticky_row=\u00bbyes\u00bb css=\u00bb.vc_custom_1686733930095{background-image: url(https:\/\/www.cafedelhomme.com\/wp-content\/uploads\/2023\/06\/Emily-In-paris-Netflix.jpg?id=2774) !important;background-position: center !important;background-repeat: no-repeat !important;background-size: cover !important;}\u00bb el_id=\u00bbheader-page-simple\u00bb][vc_column responsive_css=\u00bbpadding_top_large:220px|padding_bottom_large:220px\u00bb css=\u00bb.vc_custom_1683277774171{padding-top: 120px !important;padding-bottom: 230px !important;}\u00bb][vc_custom_heading text=\u00bbHaz tus rodajes y plat\u00f3s de TV frente a la Torre Eiffel\u00bb font_container=\u00bbtag:h1|text_align:center\u00bb css=\u00bb.vc_custom_1686733935545{margin-bottom: 0px !important;}\u00bb][vc_column_text] Aprovecha un marco excepcional para tu rodaje o plat\u00f3 de TV&#8230;.<\/p>\n","protected":false},"author":1,"featured_media":9591,"parent":9551,"menu_order":0,"comment_status":"closed","ping_status":"closed","template":"","meta":{"_acf_changed":false,"footnotes":""},"class_list":["post-9590","page","type-page","status-publish","has-post-thumbnail","hentry"],"acf":[],"yoast_head":"<!-- This site is optimized with the Yoast SEO Premium plugin v20.10 (Yoast SEO v27.0) - https:\/\/yoast.com\/product\/yoast-seo-premium-wordpress\/ -->\n<title>Haz tus rodajes y plat\u00f3s de TV frente a la Torre Eiffel - Caf\u00e9 de l&#039;Homme<\/title>\n<meta name=\"robots\" content=\"index, follow, max-snippet:-1, max-image-preview:large, max-video-preview:-1\" \/>\n<link rel=\"canonical\" href=\"https:\/\/www.cafedelhomme.com\/es\/privatizar\/haz-tus-rodajes-y-platos-de-tv-frente-a-la-torre-eiffel\" \/>\n<meta property=\"og:locale\" content=\"es_ES\" \/>\n<meta property=\"og:type\" content=\"article\" \/>\n<meta property=\"og:title\" content=\"Haz tus rodajes y plat\u00f3s de TV frente a la Torre Eiffel - Caf\u00e9 de l&#039;Homme\" \/>\n<meta property=\"og:description\" content=\"[vc_row sticky_row=\u00bbyes\u00bb css=\u00bb.vc_custom_1686733930095{background-image: url(https:\/\/www.cafedelhomme.com\/wp-content\/uploads\/2023\/06\/Emily-In-paris-Netflix.jpg?id=2774) !important;background-position: center !important;background-repeat: no-repeat !important;background-size: cover !important;}\u00bb el_id=\u00bbheader-page-simple\u00bb][vc_column responsive_css=\u00bbpadding_top_large:220px|padding_bottom_large:220px\u00bb css=\u00bb.vc_custom_1683277774171{padding-top: 120px !important;padding-bottom: 230px !important;}\u00bb][vc_custom_heading text=\u00bbHaz tus rodajes y plat\u00f3s de TV frente a la Torre Eiffel\u00bb font_container=\u00bbtag:h1|text_align:center\u00bb css=\u00bb.vc_custom_1686733935545{margin-bottom: 0px !important;}\u00bb][vc_column_text] Aprovecha un marco excepcional para tu rodaje o plat\u00f3 de TV....\" \/>\n<meta property=\"og:url\" content=\"https:\/\/www.cafedelhomme.com\/es\/privatizar\/haz-tus-rodajes-y-platos-de-tv-frente-a-la-torre-eiffel\" \/>\n<meta property=\"og:site_name\" content=\"Caf\u00e9 de l&#039;Homme\" \/>\n<meta property=\"article:publisher\" content=\"https:\/\/www.facebook.com\/cafedelhomme\" \/>\n<meta property=\"article:modified_time\" content=\"2025-04-25T08:00:19+00:00\" \/>\n<meta property=\"og:image\" content=\"https:\/\/www.cafedelhomme.com\/wp-content\/uploads\/2023\/06\/Emily-In-paris-Netflix.jpg\" \/>\n\t<meta property=\"og:image:width\" content=\"1920\" \/>\n\t<meta property=\"og:image:height\" content=\"1080\" \/>\n\t<meta property=\"og:image:type\" content=\"image\/jpeg\" \/>\n<meta name=\"twitter:card\" content=\"summary_large_image\" \/>\n<meta name=\"twitter:label1\" content=\"Tiempo de lectura\" \/>\n\t<meta name=\"twitter:data1\" content=\"7 minutos\" \/>\n<script type=\"application\/ld+json\" class=\"yoast-schema-graph\">{\"@context\":\"https:\/\/schema.org\",\"@graph\":[{\"@type\":\"WebPage\",\"@id\":\"https:\/\/www.cafedelhomme.com\/es\/privatizar\/haz-tus-rodajes-y-platos-de-tv-frente-a-la-torre-eiffel\",\"url\":\"https:\/\/www.cafedelhomme.com\/es\/privatizar\/haz-tus-rodajes-y-platos-de-tv-frente-a-la-torre-eiffel\",\"name\":\"Haz tus rodajes y plat\u00f3s de TV frente a la Torre Eiffel - Caf\u00e9 de l&#039;Homme\",\"isPartOf\":{\"@id\":\"https:\/\/www.cafedelhomme.com\/es#website\"},\"primaryImageOfPage\":{\"@id\":\"https:\/\/www.cafedelhomme.com\/es\/privatizar\/haz-tus-rodajes-y-platos-de-tv-frente-a-la-torre-eiffel#primaryimage\"},\"image\":{\"@id\":\"https:\/\/www.cafedelhomme.com\/es\/privatizar\/haz-tus-rodajes-y-platos-de-tv-frente-a-la-torre-eiffel#primaryimage\"},\"thumbnailUrl\":\"https:\/\/www.cafedelhomme.com\/wp-content\/uploads\/2023\/06\/Emily-In-paris-Netflix.jpg\",\"datePublished\":\"2023-06-14T09:17:10+00:00\",\"dateModified\":\"2025-04-25T08:00:19+00:00\",\"breadcrumb\":{\"@id\":\"https:\/\/www.cafedelhomme.com\/es\/privatizar\/haz-tus-rodajes-y-platos-de-tv-frente-a-la-torre-eiffel#breadcrumb\"},\"inLanguage\":\"es\",\"potentialAction\":[{\"@type\":\"ReadAction\",\"target\":[\"https:\/\/www.cafedelhomme.com\/es\/privatizar\/haz-tus-rodajes-y-platos-de-tv-frente-a-la-torre-eiffel\"]}]},{\"@type\":\"ImageObject\",\"inLanguage\":\"es\",\"@id\":\"https:\/\/www.cafedelhomme.com\/es\/privatizar\/haz-tus-rodajes-y-platos-de-tv-frente-a-la-torre-eiffel#primaryimage\",\"url\":\"https:\/\/www.cafedelhomme.com\/wp-content\/uploads\/2023\/06\/Emily-In-paris-Netflix.jpg\",\"contentUrl\":\"https:\/\/www.cafedelhomme.com\/wp-content\/uploads\/2023\/06\/Emily-In-paris-Netflix.jpg\",\"width\":1920,\"height\":1080,\"caption\":\"Image repr\u00e9sentant 2 personnes en train de partager un verre au Caf\u00e9 de l'Homme sur la terrasse de nuit.\"},{\"@type\":\"BreadcrumbList\",\"@id\":\"https:\/\/www.cafedelhomme.com\/es\/privatizar\/haz-tus-rodajes-y-platos-de-tv-frente-a-la-torre-eiffel#breadcrumb\",\"itemListElement\":[{\"@type\":\"ListItem\",\"position\":1,\"name\":\"Privatizar\",\"item\":\"https:\/\/www.cafedelhomme.com\/es\/privatizar\"},{\"@type\":\"ListItem\",\"position\":2,\"name\":\"Haz tus rodajes y plat\u00f3s de TV frente a la Torre Eiffel\"}]},{\"@type\":\"WebSite\",\"@id\":\"https:\/\/www.cafedelhomme.com\/es#website\",\"url\":\"https:\/\/www.cafedelhomme.com\/es\",\"name\":\"Caf\u00e9 de l'Homme\",\"description\":\"\",\"publisher\":{\"@id\":\"https:\/\/www.cafedelhomme.com\/es#organization\"},\"potentialAction\":[{\"@type\":\"SearchAction\",\"target\":{\"@type\":\"EntryPoint\",\"urlTemplate\":\"https:\/\/www.cafedelhomme.com\/es?s={search_term_string}\"},\"query-input\":{\"@type\":\"PropertyValueSpecification\",\"valueRequired\":true,\"valueName\":\"search_term_string\"}}],\"inLanguage\":\"es\"},{\"@type\":\"Organization\",\"@id\":\"https:\/\/www.cafedelhomme.com\/es#organization\",\"name\":\"Caf\u00e9 del Hombre\",\"url\":\"https:\/\/www.cafedelhomme.com\/es\",\"logo\":{\"@type\":\"ImageObject\",\"inLanguage\":\"es\",\"@id\":\"https:\/\/www.cafedelhomme.com\/es#\/schema\/logo\/image\/\",\"url\":\"https:\/\/www.cafedelhomme.com\/wp-content\/uploads\/2023\/04\/big-logo-300x163-1.png\",\"contentUrl\":\"https:\/\/www.cafedelhomme.com\/wp-content\/uploads\/2023\/04\/big-logo-300x163-1.png\",\"width\":300,\"height\":163,\"caption\":\"Caf\u00e9 del Hombre\"},\"image\":{\"@id\":\"https:\/\/www.cafedelhomme.com\/es#\/schema\/logo\/image\/\"},\"sameAs\":[\"https:\/\/www.facebook.com\/cafedelhomme\",\"https:\/\/www.instagram.com\/cafedelhomme\/\"]}]}<\/script>\n<!-- \/ Yoast SEO Premium plugin. -->","yoast_head_json":{"title":"Haz tus rodajes y plat\u00f3s de TV frente a la Torre Eiffel - Caf\u00e9 de l&#039;Homme","robots":{"index":"index","follow":"follow","max-snippet":"max-snippet:-1","max-image-preview":"max-image-preview:large","max-video-preview":"max-video-preview:-1"},"canonical":"https:\/\/www.cafedelhomme.com\/es\/privatizar\/haz-tus-rodajes-y-platos-de-tv-frente-a-la-torre-eiffel","og_locale":"es_ES","og_type":"article","og_title":"Haz tus rodajes y plat\u00f3s de TV frente a la Torre Eiffel - Caf\u00e9 de l&#039;Homme","og_description":"[vc_row sticky_row=\u00bbyes\u00bb css=\u00bb.vc_custom_1686733930095{background-image: url(https:\/\/www.cafedelhomme.com\/wp-content\/uploads\/2023\/06\/Emily-In-paris-Netflix.jpg?id=2774) !important;background-position: center !important;background-repeat: no-repeat !important;background-size: cover !important;}\u00bb el_id=\u00bbheader-page-simple\u00bb][vc_column responsive_css=\u00bbpadding_top_large:220px|padding_bottom_large:220px\u00bb css=\u00bb.vc_custom_1683277774171{padding-top: 120px !important;padding-bottom: 230px !important;}\u00bb][vc_custom_heading text=\u00bbHaz tus rodajes y plat\u00f3s de TV frente a la Torre Eiffel\u00bb font_container=\u00bbtag:h1|text_align:center\u00bb css=\u00bb.vc_custom_1686733935545{margin-bottom: 0px !important;}\u00bb][vc_column_text] Aprovecha un marco excepcional para tu rodaje o plat\u00f3 de TV....","og_url":"https:\/\/www.cafedelhomme.com\/es\/privatizar\/haz-tus-rodajes-y-platos-de-tv-frente-a-la-torre-eiffel","og_site_name":"Caf\u00e9 de l&#039;Homme","article_publisher":"https:\/\/www.facebook.com\/cafedelhomme","article_modified_time":"2025-04-25T08:00:19+00:00","og_image":[{"width":1920,"height":1080,"url":"https:\/\/www.cafedelhomme.com\/wp-content\/uploads\/2023\/06\/Emily-In-paris-Netflix.jpg","type":"image\/jpeg"}],"twitter_card":"summary_large_image","twitter_misc":{"Tiempo de lectura":"7 minutos"},"schema":{"@context":"https:\/\/schema.org","@graph":[{"@type":"WebPage","@id":"https:\/\/www.cafedelhomme.com\/es\/privatizar\/haz-tus-rodajes-y-platos-de-tv-frente-a-la-torre-eiffel","url":"https:\/\/www.cafedelhomme.com\/es\/privatizar\/haz-tus-rodajes-y-platos-de-tv-frente-a-la-torre-eiffel","name":"Haz tus rodajes y plat\u00f3s de TV frente a la Torre Eiffel - Caf\u00e9 de l&#039;Homme","isPartOf":{"@id":"https:\/\/www.cafedelhomme.com\/es#website"},"primaryImageOfPage":{"@id":"https:\/\/www.cafedelhomme.com\/es\/privatizar\/haz-tus-rodajes-y-platos-de-tv-frente-a-la-torre-eiffel#primaryimage"},"image":{"@id":"https:\/\/www.cafedelhomme.com\/es\/privatizar\/haz-tus-rodajes-y-platos-de-tv-frente-a-la-torre-eiffel#primaryimage"},"thumbnailUrl":"https:\/\/www.cafedelhomme.com\/wp-content\/uploads\/2023\/06\/Emily-In-paris-Netflix.jpg","datePublished":"2023-06-14T09:17:10+00:00","dateModified":"2025-04-25T08:00:19+00:00","breadcrumb":{"@id":"https:\/\/www.cafedelhomme.com\/es\/privatizar\/haz-tus-rodajes-y-platos-de-tv-frente-a-la-torre-eiffel#breadcrumb"},"inLanguage":"es","potentialAction":[{"@type":"ReadAction","target":["https:\/\/www.cafedelhomme.com\/es\/privatizar\/haz-tus-rodajes-y-platos-de-tv-frente-a-la-torre-eiffel"]}]},{"@type":"ImageObject","inLanguage":"es","@id":"https:\/\/www.cafedelhomme.com\/es\/privatizar\/haz-tus-rodajes-y-platos-de-tv-frente-a-la-torre-eiffel#primaryimage","url":"https:\/\/www.cafedelhomme.com\/wp-content\/uploads\/2023\/06\/Emily-In-paris-Netflix.jpg","contentUrl":"https:\/\/www.cafedelhomme.com\/wp-content\/uploads\/2023\/06\/Emily-In-paris-Netflix.jpg","width":1920,"height":1080,"caption":"Image repr\u00e9sentant 2 personnes en train de partager un verre au Caf\u00e9 de l'Homme sur la terrasse de nuit."},{"@type":"BreadcrumbList","@id":"https:\/\/www.cafedelhomme.com\/es\/privatizar\/haz-tus-rodajes-y-platos-de-tv-frente-a-la-torre-eiffel#breadcrumb","itemListElement":[{"@type":"ListItem","position":1,"name":"Privatizar","item":"https:\/\/www.cafedelhomme.com\/es\/privatizar"},{"@type":"ListItem","position":2,"name":"Haz tus rodajes y plat\u00f3s de TV frente a la Torre Eiffel"}]},{"@type":"WebSite","@id":"https:\/\/www.cafedelhomme.com\/es#website","url":"https:\/\/www.cafedelhomme.com\/es","name":"Caf\u00e9 de l'Homme","description":"","publisher":{"@id":"https:\/\/www.cafedelhomme.com\/es#organization"},"potentialAction":[{"@type":"SearchAction","target":{"@type":"EntryPoint","urlTemplate":"https:\/\/www.cafedelhomme.com\/es?s={search_term_string}"},"query-input":{"@type":"PropertyValueSpecification","valueRequired":true,"valueName":"search_term_string"}}],"inLanguage":"es"},{"@type":"Organization","@id":"https:\/\/www.cafedelhomme.com\/es#organization","name":"Caf\u00e9 del Hombre","url":"https:\/\/www.cafedelhomme.com\/es","logo":{"@type":"ImageObject","inLanguage":"es","@id":"https:\/\/www.cafedelhomme.com\/es#\/schema\/logo\/image\/","url":"https:\/\/www.cafedelhomme.com\/wp-content\/uploads\/2023\/04\/big-logo-300x163-1.png","contentUrl":"https:\/\/www.cafedelhomme.com\/wp-content\/uploads\/2023\/04\/big-logo-300x163-1.png","width":300,"height":163,"caption":"Caf\u00e9 del Hombre"},"image":{"@id":"https:\/\/www.cafedelhomme.com\/es#\/schema\/logo\/image\/"},"sameAs":["https:\/\/www.facebook.com\/cafedelhomme","https:\/\/www.instagram.com\/cafedelhomme\/"]}]}},"_links":{"self":[{"href":"https:\/\/www.cafedelhomme.com\/es\/wp-json\/wp\/v2\/pages\/9590","targetHints":{"allow":["GET"]}}],"collection":[{"href":"https:\/\/www.cafedelhomme.com\/es\/wp-json\/wp\/v2\/pages"}],"about":[{"href":"https:\/\/www.cafedelhomme.com\/es\/wp-json\/wp\/v2\/types\/page"}],"author":[{"embeddable":true,"href":"https:\/\/www.cafedelhomme.com\/es\/wp-json\/wp\/v2\/users\/1"}],"replies":[{"embeddable":true,"href":"https:\/\/www.cafedelhomme.com\/es\/wp-json\/wp\/v2\/comments?post=9590"}],"version-history":[{"count":10,"href":"https:\/\/www.cafedelhomme.com\/es\/wp-json\/wp\/v2\/pages\/9590\/revisions"}],"predecessor-version":[{"id":11070,"href":"https:\/\/www.cafedelhomme.com\/es\/wp-json\/wp\/v2\/pages\/9590\/revisions\/11070"}],"up":[{"embeddable":true,"href":"https:\/\/www.cafedelhomme.com\/es\/wp-json\/wp\/v2\/pages\/9551"}],"wp:featuredmedia":[{"embeddable":true,"href":"https:\/\/www.cafedelhomme.com\/es\/wp-json\/wp\/v2\/media\/9591"}],"wp:attachment":[{"href":"https:\/\/www.cafedelhomme.com\/es\/wp-json\/wp\/v2\/media?parent=9590"}],"curies":[{"name":"wp","href":"https:\/\/api.w.org\/{rel}","templated":true}]}}