{"id":9607,"date":"2023-06-13T09:49:40","date_gmt":"2023-06-13T07:49:40","guid":{"rendered":"https:\/\/www.cafedelhomme.com\/privatizar\/te-gustaria-lanzar-tu-producto-delante-de-la-torre-eiffel"},"modified":"2025-04-25T09:11:38","modified_gmt":"2025-04-25T07:11:38","slug":"te-gustaria-lanzar-tu-producto-delante-de-la-torre-eiffel","status":"publish","type":"page","link":"https:\/\/www.cafedelhomme.com\/es\/privatizar\/te-gustaria-lanzar-tu-producto-delante-de-la-torre-eiffel","title":{"rendered":"\u00bfTe gustar\u00eda lanzar tu producto delante de la Torre Eiffel?"},"content":{"rendered":"<div class=\"wpb-content-wrapper\"><p>[vc_row sticky_row=\u00bbyes\u00bb css=\u00bb.vc_custom_1686649571943{background-image: url(https:\/\/www.cafedelhomme.com\/wp-content\/uploads\/2023\/06\/bg-cafedelhomme.jpg?id=2514) !important;background-position: center !important;background-repeat: no-repeat !important;background-size: cover !important;}\u00bb el_id=\u00bbheader-page-simple\u00bb][vc_column responsive_css=\u00bbpadding_top_large:220px|padding_bottom_large:220px\u00bb css=\u00bb.vc_custom_1683277774171{padding-top: 120px !important;padding-bottom: 230px !important;}\u00bb][vc_custom_heading text=\u00bb\u00bfTe gustar\u00eda lanzar<br \/>\ntu producto delante de la Torre Eiffel?\u00bb font_container=\u00bbtag:h1|text_align:center\u00bb css=\u00bb.vc_custom_1686642898073{margin-bottom: 0px !important;}\u00bb][\/vc_column][\/vc_row][vc_row el_id=\u00bbimg-and-text\u00bb responsive_css=\u00bbpadding_top_large:160px|padding_bottom_large:80px\u00bb css=\u00bb.vc_custom_1686646899712{padding-bottom: 40px !important;background-color: #ffffff !important;}\u00bb][vc_column][vc_row_inner equal_height=\u00bbyes\u00bb content_placement=\u00bbmiddle\u00bb responsive_css=\u00bbmargin_bottom_large:80px\u00bb css=\u00bb.vc_custom_1686661166823{margin-bottom: 40px !important;}\u00bb][vc_column_inner video_bg=\u00bbyes\u00bb video_local_mp4_url=\u00bb\/wp-content\/uploads\/2023\/06\/Emily-In-Paris-CDH_v1.mp4&Prime; width=\u00bb1\/2&Prime; el_class=\u00bbpicture_top\u00bb][vc_single_image image=\u00bb9630&Prime; img_size=\u00bbfull\u00bb css=\u00bb\u00bb][\/vc_column_inner][vc_column_inner width=\u00bb1\/2&Prime; el_class=\u00bbtext_right\u00bb][vc_custom_heading text=\u00bbCrea un evento en torno a un nuevo producto en Par\u00eds.\u00bb][vc_column_text]<\/p>\n<div class=\"fusion-fullwidth fullwidth-box fusion-builder-row-2 video-background privatisez-first-section nonhundred-percent-fullwidth non-hundred-percent-height-scrolling fusion-equal-height-columns\">\n<div class=\"fusion-builder-row fusion-row\">\n<div class=\"fusion-layout-column fusion_builder_column fusion-builder-column-2 fusion_builder_column_1_2 1_2 fusion-one-half fusion-column-last\">\n<div class=\"fusion-column-wrapper fusion-flex-column-wrapper-legacy\">\n<div class=\"fusion-text fusion-text-1 header-section-right\">\n<p>El <b>lanzamiento<\/b> de un <b>producto<\/b> es una etapa clave en el crecimiento de una empresa. Ya sea un <b>producto<\/b> f\u00edsico o un <b>servicio<\/b>, el <b>lanzamiento<\/b> es la culminaci\u00f3n de una estrategia de marketing. El <b>lanzamiento<\/b> de <b>producto<\/b> puede corresponder tanto a la presentaci\u00f3n del <b>producto<\/b> al p\u00fablico como a la comercializaci\u00f3n del <b>producto<\/b> en los canales de distribuci\u00f3n.<\/p>\n<p>Para maximizar la visibilidad de tu <b>producto <\/b>en el mercado y garantizar su \u00e9xito, hay que organizar un <b>acto de <\/b> <b>lanzamiento<\/b>. <b>El acto de lanzamiento <\/b>debe causar una impresi\u00f3n duradera y generar inter\u00e9s entre los empleados invitados y los medios de comunicaci\u00f3n.<\/p>\n<p>La forma del acto de <b>lanzamiento <\/b>y su ubicaci\u00f3n no deben elegirse al azar. El escenario de tu <b>lanzamiento <\/b>debe estar a la altura del <b>producto<\/b>. Para que el <b>lanzamiento de <\/b>tu producto sea un \u00e9xito, podemos ofrecerte el <b>Caf\u00e9 de l&rsquo; <\/b>Homme, un lugar prestigioso donde la elegancia y el lujo son las palabras clave*.<\/p>\n<\/div>\n<div class=\"fusion-text fusion-text-2\">\n<p><em>*El Caf\u00e9 del Hombre se compromete y cumple en todos sus aspectos las normas sanitarias establecidas por el Ministerio de Sanidad.<\/em><\/p>\n<\/div>\n<\/div>\n<\/div>\n<\/div>\n<\/div>\n<p>[\/vc_column_text][\/vc_column_inner][\/vc_row_inner][\/vc_column][\/vc_row][vc_row css=\u00bb.vc_custom_1686646936935{padding-top: 80px !important;padding-bottom: 80px !important;background-color: #faf9f6 !important;}\u00bb responsive_css=\u00bbpadding_top_large:145px|padding_bottom_large:168px\u00bb el_class=\u00bbprestations\u00bb][vc_column][vc_custom_heading text=\u00bb\u00a1Cree la combinaci\u00f3n perfecta para un lanzamiento de producto sensacional!\u00bb css=\u00bb.vc_custom_1686661616072{margin-bottom: 40px !important;}\u00bb][vc_column_text css=\u00bb.vc_custom_1686661509783{margin-bottom: 40px !important;}\u00bb]<\/p>\n<div class=\"fusion-layout-column fusion_builder_column fusion-builder-column-4 fusion_builder_column_1_1 1_1 fusion-one-full fusion-column-first fusion-column-last no-mh\">\n<div class=\"fusion-column-wrapper fusion-flex-column-wrapper-legacy\">\n<div class=\"fusion-text fusion-text-3 content-privatisez-white-section\">\n<p>Desde hace m\u00e1s de 17 a\u00f1os, algunas de las mejores marcas del mundo nos conf\u00edan sus <b>eventos de <\/b> <b>lanzamiento de <\/b> <b>productos <\/b>en <b>Par\u00eds. <\/b>Por citar s\u00f3lo algunas, el Paris Saint Germain eligi\u00f3 nuestro prestigioso <b>recinto <\/b>para la llegada de su famoso delantero Neymar. Dior, L&rsquo;Or\u00e9al y Chanel tambi\u00e9n han organizado <b>fiestas de <\/b> <b>lanzamiento<\/b>.<\/p>\n<\/div>\n<div class=\"fusion-clearfix\"><\/div>\n<\/div>\n<\/div>\n<div class=\"fusion-layout-column fusion_builder_column fusion-builder-column-5 fusion_builder_column_1_1 1_1 fusion-one-full fusion-column-first fusion-column-last no-mh\">\n<div class=\"fusion-column-wrapper fusion-flex-column-wrapper-legacy\">\n<div class=\"fusion-text fusion-text-4 content-privatisez-white-section\">\n<p>Nuestro equipo de eventos organizar\u00e1 el <b>lanzamiento de tu producto<\/b> para que sea una ocasi\u00f3n memorable. En un entorno <b>privilegiado <\/b>y <b>sofisticado <\/b>, te damos la bienvenida en pleno <b>Trocadero<\/b>, frente a la Torre <b>Eiffel<\/b>. Nuestra terraza con vistas a la Dama de Hierro, nuestra sala de recepci\u00f3n y nuestro entresuelo pueden convertirse en privados para acoger a tus invitados en tu <b>fiesta de lanzamiento<\/b>.<\/p>\n<p>Con el logotipo de tu empresa, cuidamos cada detalle para que tu <b>nuevo producto <\/b>destaque. Nuestro objetivo es proporcionar una experiencia visual y sensorial inolvidable en tu <b>acto de lanzamiento<\/b>.<\/p>\n<\/div>\n<\/div>\n<\/div>\n<p>[\/vc_column_text]<a href=\"#\" class=\"btn btn-naked btn_underline ld_button_69f1d80cc1b63\">\n\t<span>\n\t\t\n\t\t\t\t\t<span class=\"btn-txt\">privatice.<\/span>\n\t\t\t\n\t\t\t\t<\/span>\n<\/a>\n[\/vc_column][\/vc_row][vc_row full_width=\u00bbstretch_row\u00bb equal_height=\u00bbyes\u00bb bg_position=\u00bbcenter center\u00bb css=\u00bb.vc_custom_1683016397706{padding-top: 80px !important;padding-bottom: 80px !important;background-image: url(https:\/\/www.cafedelhomme.com\/wp-content\/uploads\/2023\/04\/BG-1-1.jpg?id=354) !important;background-position: center !important;background-repeat: no-repeat !important;background-size: cover !important;}\u00bb el_id=\u00bbimg-screen\u00bb responsive_css=\u00bbpadding_top_large:250px|padding_bottom_large:250px\u00bb][vc_column align=\u00bbtext-center\u00bb][vc_custom_heading text=\u00bbContacta con nuestro equipo de expertos en\u00bb font_container=\u00bbtag:h2|text_align:center\u00bb el_class=\u00bbtitle mb-16&Prime;][vc_column_text el_class=\u00bbsub-title mb-40&Prime;]<em>Ofertas sujetas a disponibilidad, los costes de privatizaci\u00f3n var\u00edan<\/em><br \/>\n<em>en funci\u00f3n de la frecuencia y las horas de funcionamiento del<\/em><br \/>\n<em>nuestro establecimiento. Excluidos los accesorios y los servicios t\u00e9cnicos. <\/em>[\/vc_column_text]<a href=\"#\" class=\"btn btn-default btn-bordered border-thin btn btn-outline btn-outline-white open-contact ld_button_69f1d80cc1d10\">\n\t<span>\n\t\t\n\t\t\t\t\t<span class=\"btn-txt\">solicitud de presupuesto personalizado.<\/span>\n\t\t\t\n\t\t\t\t<\/span>\n<\/a>\n[\/vc_column][\/vc_row][vc_row css=\u00bb.vc_custom_1686646936935{padding-top: 80px !important;padding-bottom: 80px !important;background-color: #faf9f6 !important;}\u00bb responsive_css=\u00bbpadding_top_large:145px|padding_bottom_large:168px\u00bb el_class=\u00bbprestations\u00bb][vc_column width=\u00bb5\/12&Prime;][vc_custom_heading text=\u00bb\u00a1Prepara el paquete perfecto para lanzar un producto sensacional!\u00bb css=\u00bb.vc_custom_1686661686299{margin-bottom: 40px !important;}\u00bb][vc_column_text css=\u00bb.vc_custom_1686644070986{margin-bottom: 40px !important;}\u00bb]<strong>Caf\u00e9 de l&rsquo;<\/strong> Homme y su arte de entretener te ayudar\u00e1n a crear un evento a medida para el <strong>lanzamiento de<\/strong> tu producto. Descubre los diferentes servicios que ofrece <strong>Caf\u00e9 de l&rsquo;<\/strong> Homme para el <strong>lanzamiento de<\/strong> tu producto en el distrito 16 de Par\u00eds.[\/vc_column_text][\/vc_column][vc_column width=\u00bb7\/12&Prime;][vc_row_inner equal_height=\u00bbyes\u00bb content_placement=\u00bbmiddle\u00bb responsive_css=\u00bbmargin_bottom_large:30px\u00bb css=\u00bb.vc_custom_1686224165726{margin-bottom: 40px !important;}\u00bb el_class=\u00bboptions\u00bb][vc_column_inner width=\u00bb1\/2&Prime; enable_overlay=\u00bbyes\u00bb align=\u00bbtext-center\u00bb css=\u00bb.vc_custom_1686656696885{background-image: url(https:\/\/www.cafedelhomme.com\/wp-content\/uploads\/2023\/04\/img-right-scaled.jpg?id=371) !important;background-position: center !important;background-repeat: no-repeat !important;background-size: cover !important;}\u00bb overlay_bg=\u00bbrgba(0, 0, 0, 0.35)\u00bb el_class=\u00bboption-modal\u00bb]<a href=\"#\" class=\"btn btn-default btn-bordered border-thin btn btn-outline btn-outline-white open_modal-simple ld_button_69f1d80cc1e4a\">\n\t<span>\n\t\t\n\t\t\t\t\t<span class=\"btn-txt\">el entorno de excepci\u00f3n.<\/span>\n\t\t\t\n\t\t\t\t<\/span>\n<\/a>\n[vc_column_text el_class=\u00bbmodal-content-simple\u00bb]El <strong>Caf\u00e9 de l&rsquo;<\/strong> Homme celebra el <strong>lanzamiento de<\/strong> tu <strong>producto<\/strong> con una excepcional vista panor\u00e1mica de la <strong>Torre Eiffel<\/strong>. Enclavado en el coraz\u00f3n del Palacio Chaillot, en el distrito XVI, el <strong>Caf\u00e9 de l&rsquo;<\/strong> Homme ofrece una vista impresionante de <strong>los jardines del Trocadero<\/strong> y los Campos de Marte. Tu <strong>producto<\/strong> disfrutar\u00e1 de un marco inolvidable para su <strong>lanzamiento<\/strong>, con la Dama de Hierro de fondo.[\/vc_column_text][\/vc_column_inner][vc_column_inner width=\u00bb1\/2&Prime; enable_overlay=\u00bbyes\u00bb align=\u00bbtext-center\u00bb css=\u00bb.vc_custom_1686240015414{background-image: url(https:\/\/www.cafedelhomme.com\/wp-content\/uploads\/2023\/04\/bg-fullscreen-scaled.jpg?id=452) !important;background-position: center !important;background-repeat: no-repeat !important;background-size: cover !important;}\u00bb overlay_bg=\u00bbrgba(0, 0, 0, 0.35)\u00bb el_class=\u00bboption-modal\u00bb]<a href=\"#\" class=\"btn btn-default btn-bordered border-thin btn btn-outline btn-outline-white open_modal-simple ld_button_69f1d80cc1f63\">\n\t<span>\n\t\t\n\t\t\t\t\t<span class=\"btn-txt\">nuestros servicios.<\/span>\n\t\t\t\n\t\t\t\t<\/span>\n<\/a>\n[vc_column_text el_class=\u00bbmodal-content-simple\u00bb]Para garantizar el \u00e9xito del <strong>lanzamiento de tu producto<\/strong>, te ofrecemos una serie de servicios de prestigio. Para el catering, ponemos a tu disposici\u00f3n nuestro servicio de catering asociado. Un DJ profesional amenizar\u00e1 tu <strong>acto de presentaci\u00f3n<\/strong>. Por \u00faltimo, dispondr\u00e1s de un servicio de aparcacoches para que tus invitados est\u00e9n bien atendidos frente al Caf\u00e9 de l&rsquo;Homme.[\/vc_column_text][\/vc_column_inner][\/vc_row_inner][vc_row_inner equal_height=\u00bbyes\u00bb content_placement=\u00bbmiddle\u00bb responsive_css=\u00bbmargin_bottom_large:10px\u00bb css=\u00bb.vc_custom_1686224370091{margin-bottom: 40px !important;}\u00bb el_class=\u00bboptions\u00bb][vc_column_inner width=\u00bb1\/2&Prime; enable_overlay=\u00bbyes\u00bb align=\u00bbtext-center\u00bb css=\u00bb.vc_custom_1686240081843{background-image: url(https:\/\/www.cafedelhomme.com\/wp-content\/uploads\/2023\/04\/BG-1-1.jpg?id=354) !important;background-position: center !important;background-repeat: no-repeat !important;background-size: cover !important;}\u00bb overlay_bg=\u00bbrgba(0, 0, 0, 0.35)\u00bb el_class=\u00bboption-modal\u00bb]<a href=\"#\" class=\"btn btn-default btn-bordered border-thin btn btn-outline btn-outline-white open_modal-simple ld_button_69f1d80cc206f\">\n\t<span>\n\t\t\n\t\t\t\t\t<span class=\"btn-txt\">nuestros espacios.<\/span>\n\t\t\t\n\t\t\t\t<\/span>\n<\/a>\n[vc_column_text el_class=\u00bbmodal-content-simple\u00bb]Con una superficie total de 550 m\u00b2, <strong>el Caf\u00e9 de l&rsquo;Homme<\/strong> puede acoger hasta 300 invitados para <strong>el lanzamiento de productos<\/strong>. Nuestra terraza panor\u00e1mica ofrece una vista impresionante de la <strong>Dama de<\/strong> Hierro. La gran sala de recepci\u00f3n, orientada hacia la Torre <strong>Eiffel<\/strong>, se ha decorado con los mejores materiales para crear un entorno m\u00e1gico para el <strong>lanzamiento de<\/strong> tu producto.[\/vc_column_text][\/vc_column_inner][vc_column_inner width=\u00bb1\/2&Prime; enable_overlay=\u00bbyes\u00bb align=\u00bbtext-center\u00bb css=\u00bb.vc_custom_1686240058941{background-image: url(https:\/\/www.cafedelhomme.com\/wp-content\/uploads\/2023\/04\/img-left-scaled.jpg?id=370) !important;background-position: center !important;background-repeat: no-repeat !important;background-size: cover !important;}\u00bb overlay_bg=\u00bbrgba(0, 0, 0, 0.35)\u00bb el_class=\u00bboption-modal\u00bb]<a href=\"#\" class=\"btn btn-default btn-bordered border-thin btn btn-outline btn-outline-white open_modal-simple ld_button_69f1d80cc217a\">\n\t<span>\n\t\t\n\t\t\t\t\t<span class=\"btn-txt\">nuestros equipamientos.<\/span>\n\t\t\t\n\t\t\t\t<\/span>\n<\/a>\n[vc_column_text el_class=\u00bbmodal-content-simple\u00bb]Para hacer del <strong>lanzamiento de tu producto<\/strong> un momento \u00fanico, el Caf\u00e9 de l&rsquo;Homme te da acceso a sus 3 pantallas gigantes de 2,8 m x 2,3 m. Sus altavoces y micr\u00f3fonos retransmitir\u00e1n tus contenidos durante todo el <strong>acto de lanzamiento<\/strong>. Para crear un ambiente a medida, el interior y el exterior del <strong>Caf\u00e9 de l&rsquo;Hom<\/strong> me est\u00e1n equipados con iluminaci\u00f3n regulable. Por \u00faltimo, el local dispone de conexi\u00f3n de banda ancha para que tu <strong>acto de<\/strong> lanzamiento pueda compartirse instant\u00e1neamente en la web.[\/vc_column_text][\/vc_column_inner][\/vc_row_inner][\/vc_column][\/vc_row][vc_row el_id=\u00bbexperience-cdh\u00bb responsive_css=\u00bbpadding_top_large:250px|padding_bottom_large:250px\u00bb css=\u00bb.vc_custom_1682676040834{padding-top: 80px !important;padding-bottom: 80px !important;}\u00bb][vc_column][vc_custom_heading text=\u00bbVen a descubrir la experiencia del Caf\u00e9 de l&rsquo;Homme\u00bb font_container=\u00bbtag:h2|text_align:center\u00bb][vc_column_text]Disfruta de una experiencia verdaderamente intemporal. \u00bfEst\u00e1s preparado para la experiencia?[\/vc_column_text][vc_row_inner][vc_column_inner align=\u00bbtext-center\u00bb el_class=\u00bbgroup_btn\u00bb]<a href=\"https:\/\/www.cafedelhomme.com\/nos-experiences\" title=\"Nos exp\u00e9riences\" class=\"btn btn-default btn-bordered border-thin btn btn-outline btn-outline-white ld_button_69f1d80cc2285\">\n\t<span>\n\t\t\n\t\t\t\t\t<span class=\"btn-txt\">nuestras experiencias.<\/span>\n\t\t\t\n\t\t\t\t<\/span>\n<\/a>\n<a href=\"https:\/\/www.cafedelhomme.com\/la-carte\" title=\"La Carte\" class=\"btn btn-default btn-bordered border-thin btn btn-outline btn-outline-white ld_button_69f1d80cc2396\">\n\t<span>\n\t\t\n\t\t\t\t\t<span class=\"btn-txt\">ver el mapa.<\/span>\n\t\t\t\n\t\t\t\t<\/span>\n<\/a>\n[\/vc_column_inner][\/vc_row_inner][\/vc_column][\/vc_row]<\/p>\n<\/div>","protected":false},"excerpt":{"rendered":"<p>[vc_row sticky_row=\u00bbyes\u00bb css=\u00bb.vc_custom_1686649571943{background-image: url(https:\/\/www.cafedelhomme.com\/wp-content\/uploads\/2023\/06\/bg-cafedelhomme.jpg?id=2514) !important;background-position: center !important;background-repeat: no-repeat !important;background-size: cover !important;}\u00bb el_id=\u00bbheader-page-simple\u00bb][vc_column responsive_css=\u00bbpadding_top_large:220px|padding_bottom_large:220px\u00bb css=\u00bb.vc_custom_1683277774171{padding-top: 120px !important;padding-bottom: 230px !important;}\u00bb][vc_custom_heading text=\u00bb\u00bfTe gustar\u00eda lanzar tu producto delante de la Torre Eiffel?\u00bb font_container=\u00bbtag:h1|text_align:center\u00bb css=\u00bb.vc_custom_1686642898073{margin-bottom: 0px !important;}\u00bb][\/vc_column][\/vc_row][vc_row el_id=\u00bbimg-and-text\u00bb responsive_css=\u00bbpadding_top_large:160px|padding_bottom_large:80px\u00bb css=\u00bb.vc_custom_1686646899712{padding-bottom: 40px !important;background-color: #ffffff !important;}\u00bb][vc_column][vc_row_inner equal_height=\u00bbyes\u00bb content_placement=\u00bbmiddle\u00bb responsive_css=\u00bbmargin_bottom_large:80px\u00bb css=\u00bb.vc_custom_1686661166823{margin-bottom: 40px !important;}\u00bb][vc_column_inner&#8230;<\/p>\n","protected":false},"author":1,"featured_media":9608,"parent":9551,"menu_order":0,"comment_status":"closed","ping_status":"closed","template":"","meta":{"_acf_changed":false,"footnotes":""},"class_list":["post-9607","page","type-page","status-publish","has-post-thumbnail","hentry"],"acf":[],"yoast_head":"<!-- This site is optimized with the Yoast SEO Premium plugin v20.10 (Yoast SEO v27.0) - https:\/\/yoast.com\/product\/yoast-seo-premium-wordpress\/ -->\n<title>\u00bfTe gustar\u00eda lanzar tu producto delante de la Torre Eiffel? - Caf\u00e9 de l&#039;Homme<\/title>\n<meta name=\"robots\" content=\"index, follow, max-snippet:-1, max-image-preview:large, max-video-preview:-1\" \/>\n<link rel=\"canonical\" href=\"https:\/\/www.cafedelhomme.com\/es\/privatizar\/te-gustaria-lanzar-tu-producto-delante-de-la-torre-eiffel\" \/>\n<meta property=\"og:locale\" content=\"es_ES\" \/>\n<meta property=\"og:type\" content=\"article\" \/>\n<meta property=\"og:title\" content=\"\u00bfTe gustar\u00eda lanzar tu producto delante de la Torre Eiffel? - Caf\u00e9 de l&#039;Homme\" \/>\n<meta property=\"og:description\" content=\"[vc_row sticky_row=\u00bbyes\u00bb css=\u00bb.vc_custom_1686649571943{background-image: url(https:\/\/www.cafedelhomme.com\/wp-content\/uploads\/2023\/06\/bg-cafedelhomme.jpg?id=2514) !important;background-position: center !important;background-repeat: no-repeat !important;background-size: cover !important;}\u00bb el_id=\u00bbheader-page-simple\u00bb][vc_column responsive_css=\u00bbpadding_top_large:220px|padding_bottom_large:220px\u00bb css=\u00bb.vc_custom_1683277774171{padding-top: 120px !important;padding-bottom: 230px !important;}\u00bb][vc_custom_heading text=\u00bb\u00bfTe gustar\u00eda lanzar tu producto delante de la Torre Eiffel?\u00bb font_container=\u00bbtag:h1|text_align:center\u00bb css=\u00bb.vc_custom_1686642898073{margin-bottom: 0px !important;}\u00bb][\/vc_column][\/vc_row][vc_row el_id=\u00bbimg-and-text\u00bb responsive_css=\u00bbpadding_top_large:160px|padding_bottom_large:80px\u00bb css=\u00bb.vc_custom_1686646899712{padding-bottom: 40px !important;background-color: #ffffff !important;}\u00bb][vc_column][vc_row_inner equal_height=\u00bbyes\u00bb content_placement=\u00bbmiddle\u00bb responsive_css=\u00bbmargin_bottom_large:80px\u00bb css=\u00bb.vc_custom_1686661166823{margin-bottom: 40px !important;}\u00bb][vc_column_inner...\" \/>\n<meta property=\"og:url\" content=\"https:\/\/www.cafedelhomme.com\/es\/privatizar\/te-gustaria-lanzar-tu-producto-delante-de-la-torre-eiffel\" \/>\n<meta property=\"og:site_name\" content=\"Caf\u00e9 de l&#039;Homme\" \/>\n<meta property=\"article:publisher\" content=\"https:\/\/www.facebook.com\/cafedelhomme\" \/>\n<meta property=\"article:modified_time\" content=\"2025-04-25T07:11:38+00:00\" \/>\n<meta property=\"og:image\" content=\"https:\/\/www.cafedelhomme.com\/wp-content\/uploads\/2023\/06\/bg-cafedelhomme.jpg\" \/>\n\t<meta property=\"og:image:width\" content=\"1920\" \/>\n\t<meta property=\"og:image:height\" content=\"1080\" \/>\n\t<meta property=\"og:image:type\" content=\"image\/jpeg\" \/>\n<meta name=\"twitter:card\" content=\"summary_large_image\" \/>\n<meta name=\"twitter:label1\" content=\"Tiempo de lectura\" \/>\n\t<meta name=\"twitter:data1\" content=\"6 minutos\" \/>\n<script type=\"application\/ld+json\" class=\"yoast-schema-graph\">{\"@context\":\"https:\/\/schema.org\",\"@graph\":[{\"@type\":\"WebPage\",\"@id\":\"https:\/\/www.cafedelhomme.com\/es\/privatizar\/te-gustaria-lanzar-tu-producto-delante-de-la-torre-eiffel\",\"url\":\"https:\/\/www.cafedelhomme.com\/es\/privatizar\/te-gustaria-lanzar-tu-producto-delante-de-la-torre-eiffel\",\"name\":\"\u00bfTe gustar\u00eda lanzar tu producto delante de la Torre Eiffel? - Caf\u00e9 de l&#039;Homme\",\"isPartOf\":{\"@id\":\"https:\/\/www.cafedelhomme.com\/es#website\"},\"primaryImageOfPage\":{\"@id\":\"https:\/\/www.cafedelhomme.com\/es\/privatizar\/te-gustaria-lanzar-tu-producto-delante-de-la-torre-eiffel#primaryimage\"},\"image\":{\"@id\":\"https:\/\/www.cafedelhomme.com\/es\/privatizar\/te-gustaria-lanzar-tu-producto-delante-de-la-torre-eiffel#primaryimage\"},\"thumbnailUrl\":\"https:\/\/www.cafedelhomme.com\/wp-content\/uploads\/2023\/06\/bg-cafedelhomme.jpg\",\"datePublished\":\"2023-06-13T07:49:40+00:00\",\"dateModified\":\"2025-04-25T07:11:38+00:00\",\"breadcrumb\":{\"@id\":\"https:\/\/www.cafedelhomme.com\/es\/privatizar\/te-gustaria-lanzar-tu-producto-delante-de-la-torre-eiffel#breadcrumb\"},\"inLanguage\":\"es\",\"potentialAction\":[{\"@type\":\"ReadAction\",\"target\":[\"https:\/\/www.cafedelhomme.com\/es\/privatizar\/te-gustaria-lanzar-tu-producto-delante-de-la-torre-eiffel\"]}]},{\"@type\":\"ImageObject\",\"inLanguage\":\"es\",\"@id\":\"https:\/\/www.cafedelhomme.com\/es\/privatizar\/te-gustaria-lanzar-tu-producto-delante-de-la-torre-eiffel#primaryimage\",\"url\":\"https:\/\/www.cafedelhomme.com\/wp-content\/uploads\/2023\/06\/bg-cafedelhomme.jpg\",\"contentUrl\":\"https:\/\/www.cafedelhomme.com\/wp-content\/uploads\/2023\/06\/bg-cafedelhomme.jpg\",\"width\":1920,\"height\":1080},{\"@type\":\"BreadcrumbList\",\"@id\":\"https:\/\/www.cafedelhomme.com\/es\/privatizar\/te-gustaria-lanzar-tu-producto-delante-de-la-torre-eiffel#breadcrumb\",\"itemListElement\":[{\"@type\":\"ListItem\",\"position\":1,\"name\":\"Privatizar\",\"item\":\"https:\/\/www.cafedelhomme.com\/es\/privatizar\"},{\"@type\":\"ListItem\",\"position\":2,\"name\":\"\u00bfTe gustar\u00eda lanzar tu producto delante de la Torre Eiffel?\"}]},{\"@type\":\"WebSite\",\"@id\":\"https:\/\/www.cafedelhomme.com\/es#website\",\"url\":\"https:\/\/www.cafedelhomme.com\/es\",\"name\":\"Caf\u00e9 de l'Homme\",\"description\":\"\",\"publisher\":{\"@id\":\"https:\/\/www.cafedelhomme.com\/es#organization\"},\"potentialAction\":[{\"@type\":\"SearchAction\",\"target\":{\"@type\":\"EntryPoint\",\"urlTemplate\":\"https:\/\/www.cafedelhomme.com\/es?s={search_term_string}\"},\"query-input\":{\"@type\":\"PropertyValueSpecification\",\"valueRequired\":true,\"valueName\":\"search_term_string\"}}],\"inLanguage\":\"es\"},{\"@type\":\"Organization\",\"@id\":\"https:\/\/www.cafedelhomme.com\/es#organization\",\"name\":\"Caf\u00e9 del Hombre\",\"url\":\"https:\/\/www.cafedelhomme.com\/es\",\"logo\":{\"@type\":\"ImageObject\",\"inLanguage\":\"es\",\"@id\":\"https:\/\/www.cafedelhomme.com\/es#\/schema\/logo\/image\/\",\"url\":\"https:\/\/www.cafedelhomme.com\/wp-content\/uploads\/2023\/04\/big-logo-300x163-1.png\",\"contentUrl\":\"https:\/\/www.cafedelhomme.com\/wp-content\/uploads\/2023\/04\/big-logo-300x163-1.png\",\"width\":300,\"height\":163,\"caption\":\"Caf\u00e9 del Hombre\"},\"image\":{\"@id\":\"https:\/\/www.cafedelhomme.com\/es#\/schema\/logo\/image\/\"},\"sameAs\":[\"https:\/\/www.facebook.com\/cafedelhomme\",\"https:\/\/www.instagram.com\/cafedelhomme\/\"]}]}<\/script>\n<!-- \/ Yoast SEO Premium plugin. -->","yoast_head_json":{"title":"\u00bfTe gustar\u00eda lanzar tu producto delante de la Torre Eiffel? - Caf\u00e9 de l&#039;Homme","robots":{"index":"index","follow":"follow","max-snippet":"max-snippet:-1","max-image-preview":"max-image-preview:large","max-video-preview":"max-video-preview:-1"},"canonical":"https:\/\/www.cafedelhomme.com\/es\/privatizar\/te-gustaria-lanzar-tu-producto-delante-de-la-torre-eiffel","og_locale":"es_ES","og_type":"article","og_title":"\u00bfTe gustar\u00eda lanzar tu producto delante de la Torre Eiffel? - Caf\u00e9 de l&#039;Homme","og_description":"[vc_row sticky_row=\u00bbyes\u00bb css=\u00bb.vc_custom_1686649571943{background-image: url(https:\/\/www.cafedelhomme.com\/wp-content\/uploads\/2023\/06\/bg-cafedelhomme.jpg?id=2514) !important;background-position: center !important;background-repeat: no-repeat !important;background-size: cover !important;}\u00bb el_id=\u00bbheader-page-simple\u00bb][vc_column responsive_css=\u00bbpadding_top_large:220px|padding_bottom_large:220px\u00bb css=\u00bb.vc_custom_1683277774171{padding-top: 120px !important;padding-bottom: 230px !important;}\u00bb][vc_custom_heading text=\u00bb\u00bfTe gustar\u00eda lanzar tu producto delante de la Torre Eiffel?\u00bb font_container=\u00bbtag:h1|text_align:center\u00bb css=\u00bb.vc_custom_1686642898073{margin-bottom: 0px !important;}\u00bb][\/vc_column][\/vc_row][vc_row el_id=\u00bbimg-and-text\u00bb responsive_css=\u00bbpadding_top_large:160px|padding_bottom_large:80px\u00bb css=\u00bb.vc_custom_1686646899712{padding-bottom: 40px !important;background-color: #ffffff !important;}\u00bb][vc_column][vc_row_inner equal_height=\u00bbyes\u00bb content_placement=\u00bbmiddle\u00bb responsive_css=\u00bbmargin_bottom_large:80px\u00bb css=\u00bb.vc_custom_1686661166823{margin-bottom: 40px !important;}\u00bb][vc_column_inner...","og_url":"https:\/\/www.cafedelhomme.com\/es\/privatizar\/te-gustaria-lanzar-tu-producto-delante-de-la-torre-eiffel","og_site_name":"Caf\u00e9 de l&#039;Homme","article_publisher":"https:\/\/www.facebook.com\/cafedelhomme","article_modified_time":"2025-04-25T07:11:38+00:00","og_image":[{"width":1920,"height":1080,"url":"https:\/\/www.cafedelhomme.com\/wp-content\/uploads\/2023\/06\/bg-cafedelhomme.jpg","type":"image\/jpeg"}],"twitter_card":"summary_large_image","twitter_misc":{"Tiempo de lectura":"6 minutos"},"schema":{"@context":"https:\/\/schema.org","@graph":[{"@type":"WebPage","@id":"https:\/\/www.cafedelhomme.com\/es\/privatizar\/te-gustaria-lanzar-tu-producto-delante-de-la-torre-eiffel","url":"https:\/\/www.cafedelhomme.com\/es\/privatizar\/te-gustaria-lanzar-tu-producto-delante-de-la-torre-eiffel","name":"\u00bfTe gustar\u00eda lanzar tu producto delante de la Torre Eiffel? - Caf\u00e9 de l&#039;Homme","isPartOf":{"@id":"https:\/\/www.cafedelhomme.com\/es#website"},"primaryImageOfPage":{"@id":"https:\/\/www.cafedelhomme.com\/es\/privatizar\/te-gustaria-lanzar-tu-producto-delante-de-la-torre-eiffel#primaryimage"},"image":{"@id":"https:\/\/www.cafedelhomme.com\/es\/privatizar\/te-gustaria-lanzar-tu-producto-delante-de-la-torre-eiffel#primaryimage"},"thumbnailUrl":"https:\/\/www.cafedelhomme.com\/wp-content\/uploads\/2023\/06\/bg-cafedelhomme.jpg","datePublished":"2023-06-13T07:49:40+00:00","dateModified":"2025-04-25T07:11:38+00:00","breadcrumb":{"@id":"https:\/\/www.cafedelhomme.com\/es\/privatizar\/te-gustaria-lanzar-tu-producto-delante-de-la-torre-eiffel#breadcrumb"},"inLanguage":"es","potentialAction":[{"@type":"ReadAction","target":["https:\/\/www.cafedelhomme.com\/es\/privatizar\/te-gustaria-lanzar-tu-producto-delante-de-la-torre-eiffel"]}]},{"@type":"ImageObject","inLanguage":"es","@id":"https:\/\/www.cafedelhomme.com\/es\/privatizar\/te-gustaria-lanzar-tu-producto-delante-de-la-torre-eiffel#primaryimage","url":"https:\/\/www.cafedelhomme.com\/wp-content\/uploads\/2023\/06\/bg-cafedelhomme.jpg","contentUrl":"https:\/\/www.cafedelhomme.com\/wp-content\/uploads\/2023\/06\/bg-cafedelhomme.jpg","width":1920,"height":1080},{"@type":"BreadcrumbList","@id":"https:\/\/www.cafedelhomme.com\/es\/privatizar\/te-gustaria-lanzar-tu-producto-delante-de-la-torre-eiffel#breadcrumb","itemListElement":[{"@type":"ListItem","position":1,"name":"Privatizar","item":"https:\/\/www.cafedelhomme.com\/es\/privatizar"},{"@type":"ListItem","position":2,"name":"\u00bfTe gustar\u00eda lanzar tu producto delante de la Torre Eiffel?"}]},{"@type":"WebSite","@id":"https:\/\/www.cafedelhomme.com\/es#website","url":"https:\/\/www.cafedelhomme.com\/es","name":"Caf\u00e9 de l'Homme","description":"","publisher":{"@id":"https:\/\/www.cafedelhomme.com\/es#organization"},"potentialAction":[{"@type":"SearchAction","target":{"@type":"EntryPoint","urlTemplate":"https:\/\/www.cafedelhomme.com\/es?s={search_term_string}"},"query-input":{"@type":"PropertyValueSpecification","valueRequired":true,"valueName":"search_term_string"}}],"inLanguage":"es"},{"@type":"Organization","@id":"https:\/\/www.cafedelhomme.com\/es#organization","name":"Caf\u00e9 del Hombre","url":"https:\/\/www.cafedelhomme.com\/es","logo":{"@type":"ImageObject","inLanguage":"es","@id":"https:\/\/www.cafedelhomme.com\/es#\/schema\/logo\/image\/","url":"https:\/\/www.cafedelhomme.com\/wp-content\/uploads\/2023\/04\/big-logo-300x163-1.png","contentUrl":"https:\/\/www.cafedelhomme.com\/wp-content\/uploads\/2023\/04\/big-logo-300x163-1.png","width":300,"height":163,"caption":"Caf\u00e9 del Hombre"},"image":{"@id":"https:\/\/www.cafedelhomme.com\/es#\/schema\/logo\/image\/"},"sameAs":["https:\/\/www.facebook.com\/cafedelhomme","https:\/\/www.instagram.com\/cafedelhomme\/"]}]}},"_links":{"self":[{"href":"https:\/\/www.cafedelhomme.com\/es\/wp-json\/wp\/v2\/pages\/9607","targetHints":{"allow":["GET"]}}],"collection":[{"href":"https:\/\/www.cafedelhomme.com\/es\/wp-json\/wp\/v2\/pages"}],"about":[{"href":"https:\/\/www.cafedelhomme.com\/es\/wp-json\/wp\/v2\/types\/page"}],"author":[{"embeddable":true,"href":"https:\/\/www.cafedelhomme.com\/es\/wp-json\/wp\/v2\/users\/1"}],"replies":[{"embeddable":true,"href":"https:\/\/www.cafedelhomme.com\/es\/wp-json\/wp\/v2\/comments?post=9607"}],"version-history":[{"count":10,"href":"https:\/\/www.cafedelhomme.com\/es\/wp-json\/wp\/v2\/pages\/9607\/revisions"}],"predecessor-version":[{"id":11052,"href":"https:\/\/www.cafedelhomme.com\/es\/wp-json\/wp\/v2\/pages\/9607\/revisions\/11052"}],"up":[{"embeddable":true,"href":"https:\/\/www.cafedelhomme.com\/es\/wp-json\/wp\/v2\/pages\/9551"}],"wp:featuredmedia":[{"embeddable":true,"href":"https:\/\/www.cafedelhomme.com\/es\/wp-json\/wp\/v2\/media\/9608"}],"wp:attachment":[{"href":"https:\/\/www.cafedelhomme.com\/es\/wp-json\/wp\/v2\/media?parent=9607"}],"curies":[{"name":"wp","href":"https:\/\/api.w.org\/{rel}","templated":true}]}}