{"id":9627,"date":"2023-06-12T17:29:53","date_gmt":"2023-06-12T15:29:53","guid":{"rendered":"https:\/\/www.cafedelhomme.com\/datos-personales"},"modified":"2025-04-23T14:06:29","modified_gmt":"2025-04-23T12:06:29","slug":"datos-personales","status":"publish","type":"page","link":"https:\/\/www.cafedelhomme.com\/es\/datos-personales","title":{"rendered":"Datos personales"},"content":{"rendered":"<div class=\"wpb-content-wrapper\"><p>[vc_row sticky_row=\u00bbyes\u00bb css=\u00bb.vc_custom_1686584680030{background-image: url(https:\/\/www.cafedelhomme.com\/wp-content\/uploads\/2023\/06\/helicot.jpg?id=2448) !important;background-position: center !important;background-repeat: no-repeat !important;background-size: cover !important;}\u00bb el_id=\u00bbheader-page-simple\u00bb][vc_column responsive_css=\u00bbpadding_top_large:220px|padding_bottom_large:220px\u00bb css=\u00bb.vc_custom_1683277774171{padding-top: 120px !important;padding-bottom: 230px !important;}\u00bb][vc_custom_heading text=\u00bbDatos personales\u00bb font_container=\u00bbtag:h1|text_align:center\u00bb css=\u00bb.vc_custom_1686584132766{margin-bottom: 0px !important;}\u00bb][vc_column_text]<\/p>\n<p style=\"text-align: center;\">M\u00e1s informaci\u00f3n sobre los datos personales que recopilamos.<\/p>\n<p>[\/vc_column_text][\/vc_column][\/vc_row][vc_row responsive_css=\u00bbpadding_top_large:40px|padding_bottom_large:80px\u00bb css=\u00bb.vc_custom_1686584601510{padding-top: 40px !important;padding-bottom: 40px !important;background-color: #ffffff !important;}\u00bb][vc_column][vc_custom_heading text=\u00bb\u00bfQui\u00e9nes somos?\u00bb][vc_column_text]Cafe de l&rsquo;Homme (en lo sucesivo \u00bbnosotros\u00bb o \u00bbnos\u00bb), sociedad por acciones simplificada con domicilio social en 17 PLACE DU TROCADERO - 75116 PAR\u00cdS, es responsable del tratamiento de tus datos personales.[\/vc_column_text][vc_custom_heading text=\u00bbLos datos personales que recogemos\u00bb css=\u00bb.vc_custom_1686584532203{margin-top: 30px !important;}\u00bb][vc_column_text]Recogemos y utilizamos \u00fanicamente los datos que necesitamos para prestarte servicios personalizados y de alta calidad en el marco de nuestras actividades.<\/p>\n<p>Podemos recoger varias categor\u00edas de datos personales, entre ellas:<\/p>\n<p>- Informaci\u00f3n de contacto (apellidos, nombre, fecha de nacimiento, direcci\u00f3n postal y de correo electr\u00f3nico, n\u00famero de tel\u00e9fono, sexo y edad).<br \/>\n- Datos de identificaci\u00f3n y autenticaci\u00f3n, en particular al utilizar nuestras tiendas en l\u00ednea (registros t\u00e9cnicos, rastros inform\u00e1ticos, informaci\u00f3n sobre la seguridad y el uso del terminal, direcci\u00f3n IP).[\/vc_column_text][vc_custom_heading text=\u00bbUso de tus datos personales\u00bb css=\u00bb.vc_custom_1686584537031{margin-top: 30px !important;}\u00bb][vc_column_text]Garantizamos total transparencia en el uso de tus datos personales, consulta la tabla siguiente para entender c\u00f3mo procesamos tus datos.<\/p>\n<p>[\/vc_column_text][vc_row_inner][vc_column_inner width=\u00bb1\/3&Prime;][vc_custom_heading text=\u00bbProp\u00f3sito\u00bb font_container=\u00bbtag:h3|text_align:left\u00bb][vc_column_text]Para facilitarte la navegaci\u00f3n por nuestro sitio web[\/vc_column_text][vc_column_text]Para informarte de forma segmentada a trav\u00e9s de publicidad de pago (redes sociales, Google Ads, etc.) sobre nuestras novedades y productos.[\/vc_column_text][vc_column_text]Para mantenerte informado a trav\u00e9s de boletines informativos sobre nuestras novedades y productos[\/vc_column_text][vc_column_text]Para vender un servicio o hacer una reserva[\/vc_column_text][vc_column_text]Para medir y analizar el tr\u00e1fico del sitio[\/vc_column_text][vc_column_text]Para responder a tus solicitudes a trav\u00e9s de nuestro formulario de contacto, una de nuestras direcciones de correo electr\u00f3nico o uno de los n\u00fameros de tel\u00e9fono a tu disposici\u00f3n.[\/vc_column_text][\/vc_column_inner][vc_column_inner width=\u00bb1\/3&Prime;][vc_custom_heading text=\u00bbTipo de datos\u00bb font_container=\u00bbtag:h3|text_align:left\u00bb][vc_column_text]Direcci\u00f3n IP\/Mac Datos del navegador y\/o del dispositivo Datos de conexi\u00f3n y navegaci\u00f3n del sitio[\/vc_column_text][vc_column_text]Direcci\u00f3n IP\/Mac Datos del navegador y\/o del dispositivo Datos de conexi\u00f3n y navegaci\u00f3n del sitio[\/vc_column_text][vc_column_text]Direcci\u00f3n de correo electr\u00f3nico[\/vc_column_text][vc_column_text]Apellidos y nombre Cargo Direcci\u00f3n de correo electr\u00f3nico (Direcci\u00f3n postal) N\u00famero de tel\u00e9fono[\/vc_column_text][vc_column_text]Direcci\u00f3n IP\/Mac Datos del navegador y\/o del dispositivo Datos de conexi\u00f3n y navegaci\u00f3n del sitio[\/vc_column_text][vc_column_text]Nombre completo Direcci\u00f3n de correo electr\u00f3nico Direcci\u00f3n de entrega y facturaci\u00f3n N\u00famero de tel\u00e9fono Cualquier otra informaci\u00f3n que quieras facilitarnos[\/vc_column_text][\/vc_column_inner][vc_column_inner width=\u00bb1\/3&Prime;][vc_custom_heading text=\u00bbBase jur\u00eddica\u00bb font_container=\u00bbtag:h3|text_align:left\u00bb][vc_column_text]Nuestros intereses leg\u00edtimos (el llamado rastreo \u00bbestrictamente necesario\u00bb, que no requiere tu consentimiento previo)[\/vc_column_text][vc_column_text]Nuestros intereses leg\u00edtimos (desarrollar nuestro negocio y aplicar nuestra estrategia de marketing)[\/vc_column_text][vc_column_text]Tu consentimiento para recibir comunicaciones de marketing por correo electr\u00f3nico Nuestros intereses leg\u00edtimos (desarrollar nuestro negocio y aplicar nuestra estrategia de marketing)[\/vc_column_text][vc_column_text]Necesarios para la ejecuci\u00f3n de un contrato celebrado contigo[\/vc_column_text][vc_column_text]Nuestros intereses leg\u00edtimos (mantener nuestro sitio actualizado y relevante, recopilar estad\u00edsticas de uso, desarrollar nuestro negocio y llevar a cabo nuestra estrategia de marketing)[\/vc_column_text][vc_column_text]Necesarios para la ejecuci\u00f3n de un contrato celebrado contigo[\/vc_column_text][\/vc_column_inner][\/vc_row_inner][vc_custom_heading text=\u00bbCompartir tus datos personales\u00bb css=\u00bb.vc_custom_1686584541681{margin-top: 30px !important;}\u00bb][vc_column_text]Para cumplir los fines descritos anteriormente, s\u00f3lo revelamos tus datos personales a proveedores de servicios y subcontratistas que prestan servicios en nuestro nombre. Conservamos tus datos personales durante 3 a\u00f1os desde la fecha de recogida o desde la fecha de tu \u00faltima actividad.<\/p>\n<p>[\/vc_column_text][vc_custom_heading text=\u00bbCookies\u00bb css=\u00bb.vc_custom_1686584545678{margin-top: 30px !important;}\u00bb][vc_column_text]Este sitio utiliza cookies. Se trata de archivos que contienen un identificador enviado desde un servidor web al navegador web y que luego se almacenan en el ordenador del usuario. Pueden utilizarse para facilitar el acceso y hacer un seguimiento de los usuarios mientras navegan por el sitio. Al visitar el sitio, los usuarios tambi\u00e9n pueden recibir cookies de terceros, en particular de Google Analytics. Esta soluci\u00f3n nos permite analizar el uso del sitio y generar estad\u00edsticas sobre las visitas. Las normas de confidencialidad de Google est\u00e1n disponibles en https:\/\/policies.google.com\/?hl=fr&amp;gl=fr.     <\/p>\n<p>Puedes aceptar o rechazar las cookies. Los ajustes para la gesti\u00f3n de cookies dependen de tu navegador. Puedes encontrar informaci\u00f3n sobre la gesti\u00f3n de cookies para los principales navegadores en las direcciones que se indican a continuaci\u00f3n:  <\/p>\n<p>- Para Internet Explorer<br \/>\n- Para Chrome<br \/>\n- Para Safari<br \/>\n- Para Firefox<br \/>\n- Para Opera[\/vc_column_text][vc_custom_heading text=\u00bbTus derechos\u00bb css=\u00bb.vc_custom_1686584550241{margin-top: 30px !important;}\u00bb][vc_column_text]De acuerdo con la normativa aplicable, tienes una serie de derechos:<\/p>\n<p>- Derecho de acceso: puedes obtener informaci\u00f3n sobre el tratamiento de tus datos personales y una copia de los mismos.<br \/>\n- Derecho de rectificaci\u00f3n: si crees que tus datos personales son inexactos o incompletos, puedes solicitar que se modifiquen en consecuencia.<br \/>\n- Derecho de supresi\u00f3n: puedes solicitar la supresi\u00f3n de tus datos personales en la medida en que lo permita la ley.<br \/>\n- Derecho a limitar el tratamiento: puedes solicitar que se limite el tratamiento de tus datos personales.<br \/>\n- Derecho de oposici\u00f3n: puedes oponerte al tratamiento de tus datos personales por motivos relacionados con tu situaci\u00f3n particular. Tienes derecho absoluto a oponerte al tratamiento de tus datos personales con fines de prospecci\u00f3n comercial, incluida la elaboraci\u00f3n de perfiles asociada a dicha prospecci\u00f3n.<br \/>\n- Derecho a la portabilidad de tus datos, cuando este derecho sea aplicable, tienes derecho a que se te devuelvan los datos personales que nos hayas facilitado o, cuando sea t\u00e9cnicamente posible, a que se transfieran a un tercero.<br \/>\n- Tienes derecho a definir directrices relativas a la conservaci\u00f3n, supresi\u00f3n o comunicaci\u00f3n de tus datos personales, aplicables despu\u00e9s de tu fallecimiento.<br \/>\n- Derecho a retirar tu consentimiento: si has dado tu consentimiento al tratamiento de tus datos personales, tienes derecho a retirarlo en cualquier momento.<br \/>\nPuedes ejercer los derechos arriba indicados escribiendo a CAFE DE L&rsquo;HOMME, D\u00e9l\u00e9gu\u00e9 \u00e0 la Protection des donn\u00e9es, 17 PLACE DU TROCADERO - 75116 PARIS, o por correo electr\u00f3nico a dpo@cafedelhomme.com.<\/p>\n<p>De conformidad con la normativa aplicable, tienes derecho a presentar una reclamaci\u00f3n ante la autoridad de control competente, como la Comisi\u00f3n Nacional de Inform\u00e1tica y Libertades (CNIL): 3 Place de Fontenoy - TSA 80715 - 75334 Par\u00eds 07.<\/p>\n<p>[\/vc_column_text][vc_custom_heading text=\u00bbCambios en esta Pol\u00edtica de Confidencialidad y Protecci\u00f3n de Datos Personales\u00bb css=\u00bb.vc_custom_1686584554599{margin-top: 30px !important;}\u00bb][vc_column_text]Nos reservamos el derecho a modificar esta pol\u00edtica de privacidad. Te invitamos a consultar la \u00faltima versi\u00f3n de este documento en nuestros sitios y te informaremos de cualquier cambio sustancial a trav\u00e9s de nuestros sitios o por nuestros medios de comunicaci\u00f3n habituales.[\/vc_column_text][vc_custom_heading text=\u00bb\u00bfC\u00f3mo puedes ponerte en contacto con nosotros?\u00bb css=\u00bb.vc_custom_1686584558585{margin-top: 30px !important;}\u00bb][vc_column_text]Si tienes alguna pregunta sobre el uso de tus datos personales contemplados en este documento, puedes ponerte en contacto con nuestro Delegado de Protecci\u00f3n de Datos por correo postal en CAFE DE L&rsquo;HOMME, D\u00e9l\u00e9gu\u00e9 \u00e0 la Protection des donn\u00e9es, 17 PLACE DU TROCADERO - 75116 PARIS, o por correo electr\u00f3nico dpo@cafedelhomme.com.[\/vc_column_text][\/vc_column][\/vc_row]<\/p>\n<\/div>","protected":false},"excerpt":{"rendered":"<p>[vc_row sticky_row=\u00bbyes\u00bb css=\u00bb.vc_custom_1686584680030{background-image: url(https:\/\/www.cafedelhomme.com\/wp-content\/uploads\/2023\/06\/helicot.jpg?id=2448) !important;background-position: center !important;background-repeat: no-repeat !important;background-size: cover !important;}\u00bb el_id=\u00bbheader-page-simple\u00bb][vc_column responsive_css=\u00bbpadding_top_large:220px|padding_bottom_large:220px\u00bb css=\u00bb.vc_custom_1683277774171{padding-top: 120px !important;padding-bottom: 230px !important;}\u00bb][vc_custom_heading text=\u00bbDatos personales\u00bb font_container=\u00bbtag:h1|text_align:center\u00bb css=\u00bb.vc_custom_1686584132766{margin-bottom: 0px !important;}\u00bb][vc_column_text] M\u00e1s informaci\u00f3n sobre los datos personales que recopilamos. [\/vc_column_text][\/vc_column][\/vc_row][vc_row responsive_css=\u00bbpadding_top_large:40px|padding_bottom_large:80px\u00bb css=\u00bb.vc_custom_1686584601510{padding-top: 40px !important;padding-bottom: 40px !important;background-color: #ffffff !important;}\u00bb][vc_column][vc_custom_heading text=\u00bb\u00bfQui\u00e9nes somos?\u00bb][vc_column_text]Cafe de l&rsquo;Homme&#8230;<\/p>\n","protected":false},"author":1,"featured_media":9629,"parent":0,"menu_order":0,"comment_status":"closed","ping_status":"closed","template":"","meta":{"_acf_changed":false,"footnotes":""},"class_list":["post-9627","page","type-page","status-publish","has-post-thumbnail","hentry"],"acf":[],"yoast_head":"<!-- This site is optimized with the Yoast SEO Premium plugin v20.10 (Yoast SEO v27.0) - https:\/\/yoast.com\/product\/yoast-seo-premium-wordpress\/ -->\n<title>Datos personales - Caf\u00e9 de l&#039;Homme<\/title>\n<meta name=\"robots\" content=\"index, follow, max-snippet:-1, max-image-preview:large, max-video-preview:-1\" \/>\n<link rel=\"canonical\" href=\"https:\/\/www.cafedelhomme.com\/es\/datos-personales\" \/>\n<meta property=\"og:locale\" content=\"es_ES\" \/>\n<meta property=\"og:type\" content=\"article\" \/>\n<meta property=\"og:title\" content=\"Datos personales - Caf\u00e9 de l&#039;Homme\" \/>\n<meta property=\"og:description\" content=\"[vc_row sticky_row=\u00bbyes\u00bb css=\u00bb.vc_custom_1686584680030{background-image: url(https:\/\/www.cafedelhomme.com\/wp-content\/uploads\/2023\/06\/helicot.jpg?id=2448) !important;background-position: center !important;background-repeat: no-repeat !important;background-size: cover !important;}\u00bb el_id=\u00bbheader-page-simple\u00bb][vc_column responsive_css=\u00bbpadding_top_large:220px|padding_bottom_large:220px\u00bb css=\u00bb.vc_custom_1683277774171{padding-top: 120px !important;padding-bottom: 230px !important;}\u00bb][vc_custom_heading text=\u00bbDatos personales\u00bb font_container=\u00bbtag:h1|text_align:center\u00bb css=\u00bb.vc_custom_1686584132766{margin-bottom: 0px !important;}\u00bb][vc_column_text] M\u00e1s informaci\u00f3n sobre los datos personales que recopilamos. [\/vc_column_text][\/vc_column][\/vc_row][vc_row responsive_css=\u00bbpadding_top_large:40px|padding_bottom_large:80px\u00bb css=\u00bb.vc_custom_1686584601510{padding-top: 40px !important;padding-bottom: 40px !important;background-color: #ffffff !important;}\u00bb][vc_column][vc_custom_heading text=\u00bb\u00bfQui\u00e9nes somos?\u00bb][vc_column_text]Cafe de l&rsquo;Homme...\" \/>\n<meta property=\"og:url\" content=\"https:\/\/www.cafedelhomme.com\/es\/datos-personales\" \/>\n<meta property=\"og:site_name\" content=\"Caf\u00e9 de l&#039;Homme\" \/>\n<meta property=\"article:publisher\" content=\"https:\/\/www.facebook.com\/cafedelhomme\" \/>\n<meta property=\"article:modified_time\" content=\"2025-04-23T12:06:29+00:00\" \/>\n<meta property=\"og:image\" content=\"https:\/\/www.cafedelhomme.com\/wp-content\/uploads\/2023\/06\/helicot.jpg\" \/>\n\t<meta property=\"og:image:width\" content=\"1138\" \/>\n\t<meta property=\"og:image:height\" content=\"765\" \/>\n\t<meta property=\"og:image:type\" content=\"image\/jpeg\" \/>\n<meta name=\"twitter:card\" content=\"summary_large_image\" \/>\n<meta name=\"twitter:label1\" content=\"Tiempo de lectura\" \/>\n\t<meta name=\"twitter:data1\" content=\"8 minutos\" \/>\n<script type=\"application\/ld+json\" class=\"yoast-schema-graph\">{\"@context\":\"https:\/\/schema.org\",\"@graph\":[{\"@type\":\"WebPage\",\"@id\":\"https:\/\/www.cafedelhomme.com\/es\/datos-personales\",\"url\":\"https:\/\/www.cafedelhomme.com\/es\/datos-personales\",\"name\":\"Datos personales - Caf\u00e9 de l&#039;Homme\",\"isPartOf\":{\"@id\":\"https:\/\/www.cafedelhomme.com\/es#website\"},\"primaryImageOfPage\":{\"@id\":\"https:\/\/www.cafedelhomme.com\/es\/datos-personales#primaryimage\"},\"image\":{\"@id\":\"https:\/\/www.cafedelhomme.com\/es\/datos-personales#primaryimage\"},\"thumbnailUrl\":\"https:\/\/www.cafedelhomme.com\/wp-content\/uploads\/2023\/06\/helicot.jpg\",\"datePublished\":\"2023-06-12T15:29:53+00:00\",\"dateModified\":\"2025-04-23T12:06:29+00:00\",\"inLanguage\":\"es\",\"potentialAction\":[{\"@type\":\"ReadAction\",\"target\":[\"https:\/\/www.cafedelhomme.com\/es\/datos-personales\"]}]},{\"@type\":\"ImageObject\",\"inLanguage\":\"es\",\"@id\":\"https:\/\/www.cafedelhomme.com\/es\/datos-personales#primaryimage\",\"url\":\"https:\/\/www.cafedelhomme.com\/wp-content\/uploads\/2023\/06\/helicot.jpg\",\"contentUrl\":\"https:\/\/www.cafedelhomme.com\/wp-content\/uploads\/2023\/06\/helicot.jpg\",\"width\":1138,\"height\":765},{\"@type\":\"WebSite\",\"@id\":\"https:\/\/www.cafedelhomme.com\/es#website\",\"url\":\"https:\/\/www.cafedelhomme.com\/es\",\"name\":\"Caf\u00e9 de l'Homme\",\"description\":\"\",\"publisher\":{\"@id\":\"https:\/\/www.cafedelhomme.com\/es#organization\"},\"potentialAction\":[{\"@type\":\"SearchAction\",\"target\":{\"@type\":\"EntryPoint\",\"urlTemplate\":\"https:\/\/www.cafedelhomme.com\/es?s={search_term_string}\"},\"query-input\":{\"@type\":\"PropertyValueSpecification\",\"valueRequired\":true,\"valueName\":\"search_term_string\"}}],\"inLanguage\":\"es\"},{\"@type\":\"Organization\",\"@id\":\"https:\/\/www.cafedelhomme.com\/es#organization\",\"name\":\"Caf\u00e9 del Hombre\",\"url\":\"https:\/\/www.cafedelhomme.com\/es\",\"logo\":{\"@type\":\"ImageObject\",\"inLanguage\":\"es\",\"@id\":\"https:\/\/www.cafedelhomme.com\/es#\/schema\/logo\/image\/\",\"url\":\"https:\/\/www.cafedelhomme.com\/wp-content\/uploads\/2023\/04\/big-logo-300x163-1.png\",\"contentUrl\":\"https:\/\/www.cafedelhomme.com\/wp-content\/uploads\/2023\/04\/big-logo-300x163-1.png\",\"width\":300,\"height\":163,\"caption\":\"Caf\u00e9 del Hombre\"},\"image\":{\"@id\":\"https:\/\/www.cafedelhomme.com\/es#\/schema\/logo\/image\/\"},\"sameAs\":[\"https:\/\/www.facebook.com\/cafedelhomme\",\"https:\/\/www.instagram.com\/cafedelhomme\/\"]}]}<\/script>\n<!-- \/ Yoast SEO Premium plugin. -->","yoast_head_json":{"title":"Datos personales - Caf\u00e9 de l&#039;Homme","robots":{"index":"index","follow":"follow","max-snippet":"max-snippet:-1","max-image-preview":"max-image-preview:large","max-video-preview":"max-video-preview:-1"},"canonical":"https:\/\/www.cafedelhomme.com\/es\/datos-personales","og_locale":"es_ES","og_type":"article","og_title":"Datos personales - Caf\u00e9 de l&#039;Homme","og_description":"[vc_row sticky_row=\u00bbyes\u00bb css=\u00bb.vc_custom_1686584680030{background-image: url(https:\/\/www.cafedelhomme.com\/wp-content\/uploads\/2023\/06\/helicot.jpg?id=2448) !important;background-position: center !important;background-repeat: no-repeat !important;background-size: cover !important;}\u00bb el_id=\u00bbheader-page-simple\u00bb][vc_column responsive_css=\u00bbpadding_top_large:220px|padding_bottom_large:220px\u00bb css=\u00bb.vc_custom_1683277774171{padding-top: 120px !important;padding-bottom: 230px !important;}\u00bb][vc_custom_heading text=\u00bbDatos personales\u00bb font_container=\u00bbtag:h1|text_align:center\u00bb css=\u00bb.vc_custom_1686584132766{margin-bottom: 0px !important;}\u00bb][vc_column_text] M\u00e1s informaci\u00f3n sobre los datos personales que recopilamos. [\/vc_column_text][\/vc_column][\/vc_row][vc_row responsive_css=\u00bbpadding_top_large:40px|padding_bottom_large:80px\u00bb css=\u00bb.vc_custom_1686584601510{padding-top: 40px !important;padding-bottom: 40px !important;background-color: #ffffff !important;}\u00bb][vc_column][vc_custom_heading text=\u00bb\u00bfQui\u00e9nes somos?\u00bb][vc_column_text]Cafe de l&rsquo;Homme...","og_url":"https:\/\/www.cafedelhomme.com\/es\/datos-personales","og_site_name":"Caf\u00e9 de l&#039;Homme","article_publisher":"https:\/\/www.facebook.com\/cafedelhomme","article_modified_time":"2025-04-23T12:06:29+00:00","og_image":[{"width":1138,"height":765,"url":"https:\/\/www.cafedelhomme.com\/wp-content\/uploads\/2023\/06\/helicot.jpg","type":"image\/jpeg"}],"twitter_card":"summary_large_image","twitter_misc":{"Tiempo de lectura":"8 minutos"},"schema":{"@context":"https:\/\/schema.org","@graph":[{"@type":"WebPage","@id":"https:\/\/www.cafedelhomme.com\/es\/datos-personales","url":"https:\/\/www.cafedelhomme.com\/es\/datos-personales","name":"Datos personales - Caf\u00e9 de l&#039;Homme","isPartOf":{"@id":"https:\/\/www.cafedelhomme.com\/es#website"},"primaryImageOfPage":{"@id":"https:\/\/www.cafedelhomme.com\/es\/datos-personales#primaryimage"},"image":{"@id":"https:\/\/www.cafedelhomme.com\/es\/datos-personales#primaryimage"},"thumbnailUrl":"https:\/\/www.cafedelhomme.com\/wp-content\/uploads\/2023\/06\/helicot.jpg","datePublished":"2023-06-12T15:29:53+00:00","dateModified":"2025-04-23T12:06:29+00:00","inLanguage":"es","potentialAction":[{"@type":"ReadAction","target":["https:\/\/www.cafedelhomme.com\/es\/datos-personales"]}]},{"@type":"ImageObject","inLanguage":"es","@id":"https:\/\/www.cafedelhomme.com\/es\/datos-personales#primaryimage","url":"https:\/\/www.cafedelhomme.com\/wp-content\/uploads\/2023\/06\/helicot.jpg","contentUrl":"https:\/\/www.cafedelhomme.com\/wp-content\/uploads\/2023\/06\/helicot.jpg","width":1138,"height":765},{"@type":"WebSite","@id":"https:\/\/www.cafedelhomme.com\/es#website","url":"https:\/\/www.cafedelhomme.com\/es","name":"Caf\u00e9 de l'Homme","description":"","publisher":{"@id":"https:\/\/www.cafedelhomme.com\/es#organization"},"potentialAction":[{"@type":"SearchAction","target":{"@type":"EntryPoint","urlTemplate":"https:\/\/www.cafedelhomme.com\/es?s={search_term_string}"},"query-input":{"@type":"PropertyValueSpecification","valueRequired":true,"valueName":"search_term_string"}}],"inLanguage":"es"},{"@type":"Organization","@id":"https:\/\/www.cafedelhomme.com\/es#organization","name":"Caf\u00e9 del Hombre","url":"https:\/\/www.cafedelhomme.com\/es","logo":{"@type":"ImageObject","inLanguage":"es","@id":"https:\/\/www.cafedelhomme.com\/es#\/schema\/logo\/image\/","url":"https:\/\/www.cafedelhomme.com\/wp-content\/uploads\/2023\/04\/big-logo-300x163-1.png","contentUrl":"https:\/\/www.cafedelhomme.com\/wp-content\/uploads\/2023\/04\/big-logo-300x163-1.png","width":300,"height":163,"caption":"Caf\u00e9 del Hombre"},"image":{"@id":"https:\/\/www.cafedelhomme.com\/es#\/schema\/logo\/image\/"},"sameAs":["https:\/\/www.facebook.com\/cafedelhomme","https:\/\/www.instagram.com\/cafedelhomme\/"]}]}},"_links":{"self":[{"href":"https:\/\/www.cafedelhomme.com\/es\/wp-json\/wp\/v2\/pages\/9627","targetHints":{"allow":["GET"]}}],"collection":[{"href":"https:\/\/www.cafedelhomme.com\/es\/wp-json\/wp\/v2\/pages"}],"about":[{"href":"https:\/\/www.cafedelhomme.com\/es\/wp-json\/wp\/v2\/types\/page"}],"author":[{"embeddable":true,"href":"https:\/\/www.cafedelhomme.com\/es\/wp-json\/wp\/v2\/users\/1"}],"replies":[{"embeddable":true,"href":"https:\/\/www.cafedelhomme.com\/es\/wp-json\/wp\/v2\/comments?post=9627"}],"version-history":[{"count":10,"href":"https:\/\/www.cafedelhomme.com\/es\/wp-json\/wp\/v2\/pages\/9627\/revisions"}],"predecessor-version":[{"id":10909,"href":"https:\/\/www.cafedelhomme.com\/es\/wp-json\/wp\/v2\/pages\/9627\/revisions\/10909"}],"wp:featuredmedia":[{"embeddable":true,"href":"https:\/\/www.cafedelhomme.com\/es\/wp-json\/wp\/v2\/media\/9629"}],"wp:attachment":[{"href":"https:\/\/www.cafedelhomme.com\/es\/wp-json\/wp\/v2\/media?parent=9627"}],"curies":[{"name":"wp","href":"https:\/\/api.w.org\/{rel}","templated":true}]}}