{"id":9683,"date":"2023-04-19T16:44:17","date_gmt":"2023-04-19T14:44:17","guid":{"rendered":"https:\/\/www.cafedelhomme.com\/condiciones-generales"},"modified":"2025-04-23T11:03:02","modified_gmt":"2025-04-23T09:03:02","slug":"condiciones-generales","status":"publish","type":"page","link":"https:\/\/www.cafedelhomme.com\/es\/condiciones-generales","title":{"rendered":"Condiciones generales"},"content":{"rendered":"<div class=\"wpb-content-wrapper\"><p>[vc_row el_class=\u00bbexperience-cdh\u00bb el_id=\u00bbheader-page-simple\u00bb css=\u00bb.vc_custom_1686573948510{background-image: url(https:\/\/www.cafedelhomme.com\/wp-content\/uploads\/2023\/04\/bg-key-figures-scaled.jpg?id=406) !important;}\u00bb][vc_column responsive_css=\u00bbpadding_top_large:220px|padding_bottom_large:220px\u00bb css=\u00bb.vc_custom_1683277774171{padding-top: 120px !important;padding-bottom: 230px !important;}\u00bb][vc_custom_heading text=\u00bbCondiciones generales\u00bb font_container=\u00bbtag:h1|text_align:center\u00bb el_class=\u00bbtitle_termes_conditions\u00bb][vc_column_text css=\u00bb.vc_custom_1686642228353{margin-top: -50px !important;}\u00bb el_class=\u00bbsubtitle_termes_conditions\u00bb]<\/p>\n<p style=\"text-align: center;\">Las condiciones generales del servicio determinan<br \/>\nla relaci\u00f3n entre Caf\u00e9 de l&rsquo;Homme y sus clientes.<\/p>\n<p>[\/vc_column_text][\/vc_column][\/vc_row][vc_row el_class=\u00bbmain_termes_conditions\u00bb][vc_column][vc_column_text css=\u00bb.vc_custom_1691054478068{margin-top: 50px !important;}\u00bb]Las condiciones generales del servicio rigen las relaciones entre Caf\u00e9 de l&rsquo;Homme, sociedad por acciones simplificada con un capital de 40.000 euros e inscrita en el Registro de Comercio y Sociedades con el n\u00famero 478 343 304-RCS Par\u00eds, y sus clientes en el marco de un sistema de venta a distancia de servicios tur\u00edsticos y de ocio. Te invitamos a que leas atentamente estas condiciones, ya que contienen obligaciones legales y constituyen la base para la aceptaci\u00f3n de reservas por parte del Caf\u00e9 de l&rsquo;Homme. <\/p>\n<p>Todos los pedidos confirmados a Le Caf\u00e9 de l&rsquo;Homme implican la plena aceptaci\u00f3n de estas condiciones generales de servicio.<\/p>\n<p>Los usuarios de este sitio deben asegurarse de que leen y comprenden estas condiciones generales de servicio y tratarlas como exclusivamente aplicables.[\/vc_column_text][vc_custom_heading text=\u00bbCondiciones generales\u00bb font_container=\u00bbtag:h3|text_align:left\u00bb css=\u00bb.vc_custom_1686574547561{margin-top: 100px !important;}\u00bb][vc_column_text]Al utilizar nuestro sitio web, aceptas quedar vinculado por estos t\u00e9rminos y condiciones de servicio, que entran en vigor inmediatamente.<br \/>\nSi no aceptas quedar vinculado por estos t\u00e9rminos y condiciones de servicio en su totalidad, no debes utilizar este sitio web ni hacer una reserva.<\/p>\n<p>Caf\u00e9 de l&rsquo;Homme puede modificar estos t\u00e9rminos y condiciones en cualquier momento publicando informaci\u00f3n actualizada en l\u00ednea. Por favor, comprueba regularmente estos t\u00e9rminos y condiciones para conocer cualquier cambio realizado por Caf\u00e9 de l&rsquo;Homme. <\/p>\n<p>Tu uso continuado del sitio despu\u00e9s de que las condiciones del servicio hayan sido actualizadas o modificadas significa que aceptas cumplir la cl\u00e1usula o cl\u00e1usulas modificadas o actualizadas.<br \/>\nAceptas utilizar este sitio s\u00f3lo con fines l\u00edcitos y de forma que no infrinja los derechos de terceros, sin restringir ni inhibir el uso o disfrute del sitio www.cafedelhomme.com.<\/p>\n<p>Tu uso del sitio www.cafedelhomme.com est\u00e1 destinado a un uso personal no comercial o a realizar solicitudes leg\u00edtimas para reservar los productos o servicios ofrecidos. Te comprometes a no utilizar este sitio para realizar solicitudes especulativas, falsas o fraudulentas. Te comprometes a no utilizar robots u otros medios automatizados para acceder a este sitio, salvo autorizaci\u00f3n expresa de Caf\u00e9 de l&rsquo;Homme.  <\/p>\n<p>Declaras y garantizas que:<br \/>\n1.no has sido suspendido por Caf\u00e9 de l&rsquo;Homme ni se te ha prohibido de otro modo el acceso al sitio;<br \/>\n2.no eres un competidor directo de Caf\u00e9 de l&rsquo;Homme;<br \/>\n3.no tienes m\u00e1s de una cuenta de Caf\u00e9 de l&rsquo;Homme en un momento dado;<br \/>\n4.tienes la facultad de aceptar estos t\u00e9rminos y condiciones y que al hacerlo no est\u00e1s violando ning\u00fan otro acuerdo que se te aplique.[\/vc_column_text][vc_custom_heading text=\u00bbDerechos de propiedad intelectual relativos a la Torre Eiffel y a la imagen de la Torre Eiffel iluminada\u00bb font_container=\u00bbtag:h3|text_align:left\u00bb css=\u00bb.vc_custom_1686574621071{margin-top: 80px !important;}\u00bb][vc_column_text]Se informa al Cliente de que la imagen de la Torre Eiffel iluminada est\u00e1 protegida por derechos de autor y de marca.<\/p>\n<p>La Torre Eiffel pertenece a la Ciudad de Par\u00eds, y la SETE (Sociedad de Explotaci\u00f3n de la Torre Eiffel), empresa p\u00fablica local, tiene delegado por el Ayuntamiento de Par\u00eds un contrato de servicio p\u00fablico. La misi\u00f3n de la SETE es promover la utilizaci\u00f3n de la imagen de la Torre Eiffel y gestionar todos los derechos de propiedad intelectual relativos a la Torre Eiffel y a la imagen de la Torre Eiffel iluminada. <\/p>\n<p>La iluminaci\u00f3n de la Torre Eiffel protegida por derechos de autor (en lo sucesivo, la \u00bbIluminaci\u00f3n Original\u00bb) incluye, en particular, la iluminaci\u00f3n dorada y centelleante de la Torre Eiffel. El autor de esta iluminaci\u00f3n, el Sr. Pierre Bideau, ha cedido sus derechos patrimoniales a la SETE. <\/p>\n<p>La Ciudad de Par\u00eds es titular de varias marcas relativas a la Torre Eiffel iluminada (en lo sucesivo, las \u00bbMarcas\u00bb), que incluyen en particular la marca francesa semifigurativa n\u00ba 1379547, que representa la Torre Eiffel adornada con su iluminaci\u00f3n dorada. SETE ha firmado un acuerdo de licencia exclusiva con la Ciudad de Par\u00eds en relaci\u00f3n con estas Marcas. <\/p>\n<p>En caso de que el Cliente desee reproducir o representar, y\/o hacer reproducir o hacer representar, aunque sea parcialmente, las Iluminaciones Originales (incluyendo, pero sin limitarse a, fotograf\u00edas o v\u00eddeos de la Torre Eiffel iluminada), el Cliente deber\u00e1 obtener la autorizaci\u00f3n previa y por escrito de SETE. Antes de cualquier reproducci\u00f3n o representaci\u00f3n, el Cliente se compromete a enviar una solicitud de autorizaci\u00f3n a la siguiente direcci\u00f3n de correo electr\u00f3nico: documentation@toureiffel.paris <\/p>\n<p>Esta solicitud de autorizaci\u00f3n debe contener informaci\u00f3n que permita identificar al Cliente, los medios para ponerse en contacto con \u00e9l, como una direcci\u00f3n postal y una direcci\u00f3n de correo electr\u00f3nico, y toda la informaci\u00f3n de que disponga el Cliente sobre el uso previsto de las Iluminaciones Originales y\/o las Marcas.[\/vc_column_text][vc_custom_heading text=\u00bbCuenta de usuario\u00bb font_container=\u00bbtag:h3|text_align:left\u00bb css=\u00bb.vc_custom_1686574660262{margin-top: 80px !important;}\u00bb][vc_column_text]Para utilizar determinadas funciones del sitio, debes crear una cuenta y proporcionar informaci\u00f3n personal. Tambi\u00e9n eres responsable de todas las actividades que ocurran bajo tu cuenta. Te comprometes a notificarnos inmediatamente cualquier uso no autorizado de tu cuenta. Tu cuenta es s\u00f3lo para uso personal y no comercial. No puedes hacerte pasar por otra persona, crear una cuenta para otra persona, proporcionar una direcci\u00f3n de correo electr\u00f3nico que no te pertenezca o crear varias cuentas.    <\/p>\n<p>Caf\u00e9 de l&rsquo;Homme se reserva el derecho a cancelar tu cuenta en cualquier momento y por cualquier motivo.[\/vc_column_text][vc_custom_heading text=\u00bbPago\u00bb font_container=\u00bbtag:h3|text_align:left\u00bb css=\u00bb.vc_custom_1686574666565{margin-top: 80px !important;}\u00bb][vc_column_text]<\/p>\n<div class=\"page\" title=\"P\u00e1gina 2\">\n<div class=\"layoutArea\">\n<div class=\"column\">\n<p>El cliente que haya comunicado su n\u00famero de tarjeta de cr\u00e9dito o bancaria, en particular a trav\u00e9s de Internet, acepta sin reservas las condiciones generales del servicio. Este pago no implica ninguna facturaci\u00f3n \u00bbf\u00edsica\u00bb por parte de Le Caf\u00e9 de l&rsquo;Homme. S\u00f3lo se cargar\u00e1 en la cuenta del cliente una vez que el servicio est\u00e9 disponible y se haya enviado el vale correspondiente por correo electr\u00f3nico o postal. Se puede enviar una factura al cliente si lo solicita.   <\/p>\n<p>Se puede solicitar al cliente una impresi\u00f3n de tarjeta de cr\u00e9dito para cubrir el coste de las reservas si es necesario (por ejemplo, men\u00fas, regalos, etc.).<br \/>\nCaf\u00e9 de l&rsquo;Homme acepta los siguientes m\u00e9todos de pago: Mastercard, Visa, American Express y JCB.<\/p>\n<p>No hay tasas ni comisiones por procesar los pagos con tarjeta de cr\u00e9dito. Se requiere el pago completo con tarjeta de cr\u00e9dito para hacer una reserva. El pago aparecer\u00e1 a nombre de CAF\u00c9 DE L&rsquo;HOMME en el extracto de la tarjeta.<br \/>\nNo es posible realizar reembolsos por servicios ya iniciados.  <\/p>\n<p>Condiciones de pago del grupo :<\/p>\n<p>Los precios de nuestros presupuestos son los de la lista de precios aplicable el d\u00eda del pedido y son firmes durante la duraci\u00f3n de la opci\u00f3n indicada en el presupuesto. Estos precios pueden revisarse en funci\u00f3n de los precios estacionales de los productos y de las condiciones econ\u00f3micas, por lo que deben confirmarse al final del periodo de opci\u00f3n. <\/p>\n<p>Cualquier servicio adicional (bebidas, mercanc\u00edas) no incluido en el presupuesto se facturar\u00e1 por separado, previo acuerdo del cliente el d\u00eda del servicio. Salvo que se acuerde expresamente lo contrario en la oferta o presupuesto, las condiciones de pago son las siguientes: <\/p>\n<p>- La aceptaci\u00f3n del presupuesto debe ir acompa\u00f1ada de un dep\u00f3sito del 50% del importe del presupuesto, IVA incluido.<\/p>\n<ul>\n<li>- El saldo y los posibles suplementos in situ el d\u00eda de la cena<\/li>\n<li>- Toda suma no pagada en la fecha de vencimiento indicada en la factura estar\u00e1 sujeta, autom\u00e1ticamente y sin previo aviso, a penalizaciones por demora a raz\u00f3n de un euro por d\u00eda.<\/li>\n<\/ul>\n<\/div>\n<\/div>\n<\/div>\n<div class=\"page\" title=\"P\u00e1gina 3\">\n<div class=\"layoutArea\">\n<div class=\"column\">\n<p>veces el tipo de inter\u00e9s legal, m\u00e1s el pago de los gastos en que haya incurrido la empresa.<\/p>\n<p>En caso de retraso en el pago, nuestro establecimiento podr\u00e1 suspender todos los pedidos y\/o reservas en curso, sin perjuicio de cualquier otra v\u00eda de recurso.<br \/>\nNo se aceptar\u00e1 ninguna reclamaci\u00f3n relativa a la prestaci\u00f3n del servicio despu\u00e9s de la fecha del mismo.<br \/>\nCualquier litigio relativo a la facturaci\u00f3n s\u00f3lo podr\u00e1 examinarse en un plazo de ocho d\u00edas a partir de la fecha de la factura.<br \/>\nPenalizaciones por demora en el pago<br \/>\nDe conformidad con el art\u00edculo L441-6 del C\u00f3digo de Comercio franc\u00e9s, modificado por la Ley n\u00ba 2008-776 de 04\/08\/2008 - Art.92, se cobrar\u00e1n intereses de demora por cualquier pago realizado despu\u00e9s de la fecha de vencimiento a un tipo igual al triple del tipo de inter\u00e9s legal. Aplicaci\u00f3n del r\u00e9gimen de margen de beneficios. Art\u00edculos 26 y 26 bis de la 6\u00aa Directiva. Indemnizaci\u00f3n fija legal por gastos de cobro: 40,00 euros.    <\/p>\n<\/div>\n<\/div>\n<\/div>\n<p>[\/vc_column_text][vc_custom_heading text=\u00bbCondiciones de reserva\u00bb font_container=\u00bbtag:h3|text_align:left\u00bb css=\u00bb.vc_custom_1686574750791{margin-top: 80px !important;}\u00bb][vc_column_text]<\/p>\n<div class=\"page\" title=\"P\u00e1gina 2\">\n<div class=\"layoutArea\">\n<div class=\"column\">\n<p>El cliente puede cancelar la reserva dentro del plazo propuesto, en particular a trav\u00e9s del enlace de cancelaci\u00f3n facilitado. En caso de no presentarse, se cobrar\u00e1n 50 euros por persona. Para recibir el reembolso, las cancelaciones deben hacerse al menos 12 horas antes de la fecha de la reserva, sin incurrir en gastos administrativos. No se admiten animales de compa\u00f1\u00eda. Se admiten ni\u00f1os peque\u00f1os. Es obligatorio vestir correctamente. Cada persona representa un cubierto y est\u00e1 sujeta a las mismas tarifas.      <\/p>\n<p>Dentro de las 24 horas, el importe garantizado no ser\u00e1 reembolsable. Los clientes tendr\u00e1n la opci\u00f3n, 3 horas antes de la reserva, de cambiar la hora o reprogramar la reserva seg\u00fan la disponibilidad durante 12 meses a partir de la fecha del aniversario.<\/p>\n<p>No se permite la entrada de comida o bebida del exterior.<\/p>\n<p>Condiciones de reserva para grupos:<\/p>\n<p>Todo pedido y\/o reserva implica la aceptaci\u00f3n de estas condiciones por parte del cliente. S\u00f3lo las cl\u00e1usulas espec\u00edficas de los contratos firmados con el cliente pueden completar, especificar o incluso derogar estas condiciones.<br \/>\nTodos los pedidos y\/o reservas s\u00f3lo se registran definitivamente en nuestro establecimiento tras la recepci\u00f3n del presupuesto con la menci\u00f3n \u00bbBon pour Accord\u00bb (Bueno para el Acuerdo) acompa\u00f1ado de un dep\u00f3sito inicial del 50% del importe del presupuesto.<br \/>\nTodos los pedidos de men\u00fas de comida y\/o cena sentados implican una elecci\u00f3n de men\u00fa que debe confirmarse 5 d\u00edas laborables antes de la fecha del servicio. <\/p>\n<\/div>\n<\/div>\n<\/div>\n<p>[\/vc_column_text][vc_custom_heading text=\u00bbColecci\u00f3n\u00bb font_container=\u00bbtag:h3|text_align:left\u00bb css=\u00bb.vc_custom_1686574809749{margin-top: 80px !important;}\u00bb][vc_column_text]<\/p>\n<div class=\"page\" title=\"P\u00e1gina 2\">\n<div class=\"layoutArea\">\n<div class=\"column\">\n<div class=\"page\" title=\"P\u00e1gina 3\">\n<div class=\"layoutArea\">\n<div class=\"column\">\n<p>Caf\u00e9 de l&rsquo;Homme garantiza una alta calidad de servicio a sus clientes. Con este esp\u00edritu, Caf\u00e9 de l&rsquo;Homme s\u00f3lo cobrar\u00e1 el importe correspondiente a los servicios disponibles en el momento de la confirmaci\u00f3n del pedido. Ning\u00fan servicio no confirmado se cargar\u00e1 a la tarjeta de cr\u00e9dito del cliente. Para cualquier coste adicional, se solicitar\u00e1 el acuerdo del cliente antes de realizar cualquier cargo en su tarjeta de pago.   <\/p>\n<p>El cobro s\u00f3lo se realizar\u00e1 en estas condiciones. La transferencia de banco a banco se realizar\u00e1 seg\u00fan las instrucciones de Le Caf\u00e9 de l&rsquo;Homme y s\u00f3lo seg\u00fan estas instrucciones. <\/p>\n<\/div>\n<\/div>\n<\/div>\n<\/div>\n<\/div>\n<\/div>\n<p>[\/vc_column_text][vc_custom_heading text=\u00bbConfidencialidad y seguridad en los pagos\u00bb font_container=\u00bbtag:h3|text_align:left\u00bb css=\u00bb.vc_custom_1686574928966{margin-top: 80px !important;}\u00bb][vc_column_text]<\/p>\n<div class=\"page\" title=\"P\u00e1gina 2\">\n<div class=\"layoutArea\">\n<div class=\"column\">\n<div class=\"page\" title=\"P\u00e1gina 3\">\n<div class=\"layoutArea\">\n<div class=\"column\">\n<p>Caf\u00e9 de l&rsquo;Homme ha elegido un proveedor de servicios bancarios establecido y de calidad para gestionar la transacci\u00f3n bancaria: Ingenico. La confidencialidad de la informaci\u00f3n est\u00e1 garantizada por el proveedor de servicios elegido por Caf\u00e9 de l&rsquo;Homme. \u00c9l es el \u00fanico responsable de las operaciones de transferencia de banco a banco relativas a la confidencialidad de la informaci\u00f3n proporcionada por el cliente.  <\/p>\n<p>Se utiliza un protocolo SSL (Secure Socket Layer) para encriptar la informaci\u00f3n. Esto garantiza la m\u00e1xima calidad de servicio para tu pago en l\u00ednea. Caf\u00e9 de l&rsquo;Homme no acepta ninguna responsabilidad por cualquier fallo en la transmisi\u00f3n de datos y, en particular, por cualquier p\u00e9rdida de confidencialidad.  <\/p>\n<\/div>\n<\/div>\n<\/div>\n<\/div>\n<\/div>\n<\/div>\n<p>[\/vc_column_text][vc_custom_heading text=\u00bbPrecios\u00bb font_container=\u00bbtag:h3|text_align:left\u00bb css=\u00bb.vc_custom_1686574949119{margin-top: 80px !important;}\u00bb][vc_column_text]<\/p>\n<div class=\"page\" title=\"P\u00e1gina 2\">\n<div class=\"layoutArea\">\n<div class=\"column\">\n<div class=\"page\" title=\"P\u00e1gina 3\">\n<div class=\"layoutArea\">\n<div class=\"column\">\n<div class=\"page\" title=\"P\u00e1gina 4\">\n<div class=\"layoutArea\">\n<div class=\"column\">\n<p>Nuestros precios son netos, incluidos todos los impuestos, en particular el IVA. El pago se realiza siempre en euros. Los gastos de env\u00edo postal de los vales o bonos de canje pueden cobrarse a los clientes en caso de env\u00edo especial (correo certificado, chronopost, etc.). Se a\u00f1adir\u00e1n al importe de los servicios elegidos por el cliente si \u00e9ste desea que se env\u00ede f\u00edsicamente (y no por correo electr\u00f3nico).   <\/p>\n<p>Salvo que se indique lo contrario, los precios indicados en el sitio web son por persona. Los precios no incluyen <\/p>\n<ul>\n<li>Se pueden dejar propinas para el personal de sala,<\/li>\n<li>Cualquier cosa de car\u00e1cter personal,<\/li>\n<li>Los precios en euros son s\u00f3lo indicativos. Los precios p\u00fablicos tambi\u00e9n son indicativos. No representan en ning\u00fan caso un compromiso contractual por parte del Caf\u00e9 de l&rsquo;Homme y pueden diferir del importe registrado por el cliente.<br \/>\nNo tienen en cuenta las posibles promociones ofrecidas por el establecimiento<strong>. Validez de los preciosLos<\/strong>precios indicados en el sitio web del Caf\u00e9 de l&rsquo;Homme son v\u00e1lidos en el momento de su publicaci\u00f3n y, en principio, son v\u00e1lidos para la temporada en curso.<br \/>\nNo obstante, el Caf\u00e9 de l&rsquo;Homme se reserva el derecho de modificar sus precios sin previo aviso, especialmente en caso de variaci\u00f3n de los tipos de cambio, de las tasas de servicio o de los impuestos aduaneros<strong>. Confidencialidad<\/strong>  <\/li>\n<\/ul>\n<\/div>\n<\/div>\n<\/div>\n<div class=\"page\" title=\"P\u00e1gina 5\">\n<div class=\"layoutArea\">\n<div class=\"column\">\n<p>Caf\u00e9 de l&rsquo;Homme se compromete a utilizar los datos recogidos \u00fanicamente dentro del marco legal. El cliente podr\u00e1 eliminar su nombre de esta lista de contactos enviando una solicitud por correo postal o electr\u00f3nico \u00fanicamente a Caf\u00e9 de l&rsquo;Homme. <\/p>\n<\/div>\n<\/div>\n<\/div>\n<\/div>\n<\/div>\n<\/div>\n<\/div>\n<\/div>\n<\/div>\n<p>[\/vc_column_text][vc_custom_heading text=\u00bbVales \/ Vales \/ C\u00f3digos QR\u00bb font_container=\u00bbtag:h3|text_align:left\u00bb css=\u00bb.vc_custom_1686575017343{margin-top: 80px !important;}\u00bb][vc_column_text]<\/p>\n<div class=\"page\" title=\"P\u00e1gina 2\">\n<div class=\"layoutArea\">\n<div class=\"column\">\n<div class=\"page\" title=\"P\u00e1gina 3\">\n<div class=\"layoutArea\">\n<div class=\"column\">\n<div class=\"page\" title=\"P\u00e1gina 4\">\n<div class=\"layoutArea\">\n<div class=\"column\">\n<p>El cliente recibir\u00e1 la confirmaci\u00f3n de la reserva por correo electr\u00f3nico.<br \/>\nEl cliente deber\u00e1 poder presentar estos documentos para cualquier comprobaci\u00f3n o inspecci\u00f3n, y en particular cuando se tomen los servicios, de lo contrario el cliente no podr\u00e1 beneficiarse de los servicios reservados.<br \/>\nLos Vales\/C\u00f3digos de Canje\/C\u00f3digos QR Caf\u00e9 de l&rsquo;Homme son v\u00e1lidos durante doce (12) meses a partir de la fecha de compra inicial, sujetos a disponibilidad. Si el valor de los servicios reservados es superior al valor de los Vales\/C\u00f3digos de canje\/QR, podr\u00e1s pagar la diferencia en efectivo o mediante una tarjeta de cr\u00e9dito aceptada por nuestro establecimiento. <\/p>\n<\/div>\n<\/div>\n<\/div>\n<\/div>\n<\/div>\n<\/div>\n<\/div>\n<\/div>\n<\/div>\n<p>[\/vc_column_text][vc_custom_heading text=\u00bbCheques regalo Caf\u00e9 de l&apos;Homme\u00bb font_container=\u00bbtag:h3|text_align:left\u00bb css=\u00bb.vc_custom_1686575056876{margin-top: 80px !important;}\u00bb][vc_column_text]<\/p>\n<div class=\"page\" title=\"P\u00e1gina 2\">\n<div class=\"layoutArea\">\n<div class=\"column\">\n<div class=\"page\" title=\"P\u00e1gina 3\">\n<div class=\"layoutArea\">\n<div class=\"column\">\n<div class=\"page\" title=\"P\u00e1gina 4\">\n<div class=\"layoutArea\">\n<div class=\"column\">\n<p>Los vales regalo de Caf\u00e9 de l&rsquo;Homme s\u00f3lo se pueden utilizar en el sitio www.cafedelhomme.com. Los vales regalo de Caf\u00e9 de l&rsquo;Homme pueden canjearse por cualquier producto ofrecido en el sitio.<br \/>\nLos vales regalo de Caf\u00e9 de l&rsquo;Homme son v\u00e1lidos durante doce (12) meses a partir de la fecha de compra inicial. Si el valor de los servicios reservados es superior al valor del vale regalo, puedes pagar la diferencia utilizando una tarjeta de cr\u00e9dito aceptada en el sitio www.cafedelhomme.com. Si el valor de las compras es inferior al valor del vale regalo, el importe del vale regalo se considerar\u00e1 totalmente utilizado. Los vales regalo de Caf\u00e9 de l&rsquo;Homme no pueden canjearse por dinero en efectivo.<br \/>\nCaf\u00e9 de l&rsquo;Homme se reserva el derecho de anular los vales regalo obtenidos de forma fraudulenta. Caf\u00e9 de l&rsquo;Homme no se hace responsable de la p\u00e9rdida o robo de vales regalo.<br \/>\nTodas las ventas de vales regalo son definitivas. Los vales regalo no son reembolsables y son canjeables seg\u00fan disponibilidad en Caf\u00e9 de l&rsquo;Homme.      <\/p>\n<\/div>\n<\/div>\n<\/div>\n<\/div>\n<\/div>\n<\/div>\n<\/div>\n<\/div>\n<\/div>\n<p>[\/vc_column_text][vc_custom_heading text=\u00bbDep\u00f3sito\u00bb font_container=\u00bbtag:h3|text_align:left\u00bb css=\u00bb.vc_custom_1686575079664{margin-top: 80px !important;}\u00bb][vc_column_text]<\/p>\n<div class=\"page\" title=\"P\u00e1gina 2\">\n<div class=\"layoutArea\">\n<div class=\"column\">\n<div class=\"page\" title=\"P\u00e1gina 3\">\n<div class=\"layoutArea\">\n<div class=\"column\">\n<div class=\"page\" title=\"P\u00e1gina 4\">\n<div class=\"layoutArea\">\n<div class=\"column\">\n<p>El dep\u00f3sito pagado por el cliente en caso de reserva de una mesa grande de 5 (cinco) cubiertos o m\u00e1s o de pedido de men\u00fas representa un compromiso firme por parte del comprador. Es un pago inicial \u00bba aplicar\u00bb a una compra. No existe posibilidad de cancelaci\u00f3n por parte del cliente. Por tanto, el dep\u00f3sito no es reembolsable.   <\/p>\n<\/div>\n<\/div>\n<\/div>\n<\/div>\n<\/div>\n<\/div>\n<\/div>\n<\/div>\n<\/div>\n<p>[\/vc_column_text][vc_custom_heading text=\u00bbNuestra experiencia\u00bb font_container=\u00bbtag:h3|text_align:left\u00bb css=\u00bb.vc_custom_1686575110768{margin-top: 80px !important;}\u00bb][vc_column_text]El restaurante, sus equipos y sus socios trabajar\u00e1n contigo desde la fase de dise\u00f1o hasta la personalizaci\u00f3n y creaci\u00f3n de tu men\u00fa para una experiencia a medida. Para reservas a partir de 7 personas, se te pedir\u00e1 que elijas un men\u00fa de acuerdo con nuestro departamento de ventas. <\/p>\n<p>Para reservas sencillas, ofrecemos cinco opciones de men\u00fa:<\/p>\n<ul>\n<li>La Experiencia Eiffel desde 250 \u20ac por persona incluye una bienvenida personalizada, asientos en primera fila, mejor mesa garantizada, champ\u00e1n Charles Heidsieck blanc de blancs ilimitado, aperitivos, una experiencia a la carta de tres secuencias, una mesa reservada para toda la velada y recuerdos para llevar.<\/li>\n<li>La experiencia Diamante a partir de 170 euros por persona incluye un asiento garantizado en segunda fila, una copa de champ\u00e1n Charles Heidsieck blanc de blancs, amuse-bouches, una experiencia a la carta en tres secuencias y un recuerdo para llevar a casa.<\/li>\n<li>La experiencia Premium s\u00f3lo est\u00e1 disponible para grupos de 7 a 12 personas, a partir de 130 euros por persona para una experiencia en interior y a partir de 180 euros por persona para una experiencia en exterior.<\/li>\n<li>La experiencia a la carta, con un coste adicional de 50 euros por persona, incluye un asiento en la terraza con una copa de champ\u00e1n brut Charles Heidsieck y una vista garantizada de la Torre Eiffel.<\/li>\n<li>Zona geogr\u00e1fica de la oferta - Caf\u00e9 de l&rsquo;Homme distribuye sus productos en Internet y los ofrece a una clientela mundial. Las condiciones y compromisos siguen siendo v\u00e1lidos en la mayor\u00eda de los pa\u00edses. Por lo tanto, no se podr\u00e1 reclamar a Caf\u00e9 de l&rsquo;Homme en caso de retraso en la entrega de los vales al cliente.  <\/li>\n<li>Modificaci\u00f3n o cancelaci\u00f3n debida al prestador del servicio - Caf\u00e9 de l&rsquo;Homme har\u00e1 todo lo posible para garantizar el buen funcionamiento del servicio a sus clientes, sin que por ello pueda considerarse responsable de acontecimientos fortuitos, causas de fuerza mayor o acciones de terceros (especialmente en caso de huelga). No obstante, incluso en estos \u00faltimos casos, el Caf\u00e9 de l&rsquo;Homme se esforzar\u00e1 por encontrar soluciones para superar las dificultades que puedan surgir. Si antes de la llegada, se modifica el servicio en relaci\u00f3n con un elemento esencial del contrato, el cliente podr\u00e1, en un plazo de 7 d\u00edas tras haber sido informado :\n<ul>\n<li>O bien anular su reserva (s\u00f3lo por correo electr\u00f3nico), en cuyo caso recibir\u00e1n el reembolso inmediato de todas las cantidades abonadas;<\/li>\n<li>O aceptar la modificaci\u00f3n propuesta. En este caso, se enviar\u00e1 al cliente un vale modificado y se le enviar\u00e1 un correo electr\u00f3nico especificando los cambios y la reducci\u00f3n o el aumento del precio. <\/li>\n<\/ul>\n<\/li>\n<\/ul>\n<p>[\/vc_column_text][vc_custom_heading text=\u00bbAnulaci\u00f3n o modificaci\u00f3n por parte del cliente\u00bb font_container=\u00bbtag:h3|text_align:left\u00bb css=\u00bb.vc_custom_1686575148984{margin-top: 80px !important;}\u00bb][vc_column_text css=\u00bb\u00bb]<\/p>\n<div class=\"page\" title=\"P\u00e1gina 2\">\n<div class=\"layoutArea\">\n<div class=\"column\">\n<div class=\"page\" title=\"P\u00e1gina 3\">\n<div class=\"layoutArea\">\n<div class=\"column\">\n<div class=\"page\" title=\"P\u00e1gina 4\">\n<div class=\"layoutArea\">\n<div class=\"column\">\n<div class=\"page\" title=\"P\u00e1gina 5\">\n<div class=\"layoutArea\">\n<div class=\"column\">\n<div class=\"page\" title=\"P\u00e1gina 7\">\n<div class=\"layoutArea\">\n<div class=\"column\">\n<p style=\"font-weight: 400;\">En caso de cancelaci\u00f3n, el cliente deber\u00e1 informar a Le Caf\u00e9 de l&rsquo;Homme por correo electr\u00f3nico.<\/p>\n<p style=\"font-weight: 400;\">La fecha de recepci\u00f3n del correo electr\u00f3nico determinar\u00e1 la fecha de cancelaci\u00f3n y el importe de la tasa de cancelaci\u00f3n, si procede.<\/p>\n<p style=\"font-weight: 400;\">En caso de no presentarse, se cobrar\u00e1 al cliente el 100% del precio de la reserva.<\/p>\n<p style=\"font-weight: 400;\">En ning\u00fan caso el importe de estas penalizaciones podr\u00e1 trasladarse a otro servicio. Toda reserva que no se cumpla se considerar\u00e1 consumida por el cliente y no dar\u00e1 lugar a reembolso alguno. No se reembolsar\u00e1 ning\u00fan servicio anulado si el cliente no se presenta el d\u00eda, a la hora y en el lugar indicados. Cualquier modificaci\u00f3n dentro de los l\u00edmites de la disponibilidad se aceptar\u00e1 sujeta a un cargo fijo de 15 euros por persona a\u00f1adido al suplemento que puedan suponer los cambios. Si el cliente tiene alg\u00fan deseo especial, deber\u00e1 rellenar el apartado del formulario titulado \u00bbTus comentarios\u00bb. Le Caf\u00e9 de l&rsquo;Homme no garantiza que puedan prestarse estos servicios adicionales.     <\/p>\n<p style=\"font-weight: 400;\">Una reserva no puede cancelarse ni modificarse por este motivo.<\/p>\n<p style=\"font-weight: 400;\">Para fechas especiales, como el 24 y el 31 de diciembre, el 14 de febrero, el 14 de julio o cualquier otra fecha especial designada:<\/p>\n<ul>\n<li style=\"font-weight: 400;\">Hasta 90 d\u00edas antes del evento: Reembolso \u00edntegro de la reserva, menos 50 euros de gastos de tramitaci\u00f3n por reserva.<\/li>\n<li style=\"font-weight: 400;\">Entre 60 y 30 d\u00edas antes del evento: se retendr\u00e1 el 50% del importe de la reserva en concepto de gastos de cancelaci\u00f3n.<\/li>\n<li style=\"font-weight: 400;\">Menos de 30 d\u00edas antes del evento : No es posible el reembolso, se cobrar\u00e1 el importe total de la reserva.<\/li>\n<\/ul>\n<\/div>\n<\/div>\n<\/div>\n<\/div>\n<\/div>\n<\/div>\n<\/div>\n<\/div>\n<\/div>\n<\/div>\n<\/div>\n<\/div>\n<\/div>\n<\/div>\n<\/div>\n<p>[\/vc_column_text][vc_custom_heading text=\u00bbDescripciones\u00bb font_container=\u00bbtag:h3|text_align:left\u00bb css=\u00bb.vc_custom_1686575184484{margin-top: 80px !important;}\u00bb][vc_column_text]<\/p>\n<div class=\"page\" title=\"P\u00e1gina 2\">\n<div class=\"layoutArea\">\n<div class=\"column\">\n<div class=\"page\" title=\"P\u00e1gina 3\">\n<div class=\"layoutArea\">\n<div class=\"column\">\n<div class=\"page\" title=\"P\u00e1gina 4\">\n<div class=\"layoutArea\">\n<div class=\"column\">\n<div class=\"page\" title=\"P\u00e1gina 5\">\n<div class=\"layoutArea\">\n<div class=\"column\">\n<div class=\"page\" title=\"P\u00e1gina 7\">\n<div class=\"layoutArea\">\n<div class=\"column\">\n<p>Caf\u00e9 de l&rsquo;Homme se esfuerza por ofrecer la informaci\u00f3n m\u00e1s precisa posible sobre los productos ofrecidos, as\u00ed como en las descripciones de los barrios y lugares p\u00fablicos. Caf\u00e9 de l&rsquo;Homme te invita a enviarnos tus comentarios si detectas alg\u00fan error a la siguiente direcci\u00f3n: reservation@cafedelhomme.com Las ilustraciones y servicios presentados en el sitio se ofrecen a t\u00edtulo informativo y pueden estar sujetos a cambios (en particular los men\u00fas). Del mismo modo, las caracter\u00edsticas citadas pueden estar sujetas a cambios. En ning\u00fan caso podr\u00e1n constituir motivo de reclamaci\u00f3n o reducci\u00f3n. Las fotograf\u00edas que ilustran los productos no son contractuales. Le Caf\u00e9 de l&rsquo;Homme no se hace responsable de posibles errores. Los dibujos, im\u00e1genes, textos y descripciones son y seguir\u00e1n siendo propiedad de Caf\u00e9 de l&rsquo;Homme y no podr\u00e1n ser utilizados por terceros. No obstante, algunas im\u00e1genes est\u00e1n libres de derechos de autor y se indican sus autores en la medida de lo posible. La exactitud de la informaci\u00f3n sobre todos los productos y servicios ofrecidos por Caf\u00e9 de l&rsquo;Homme se verifica peri\u00f3dicamente. Sin embargo, Caf\u00e9 de l&rsquo;Homme no garantiza que la funcionalidad, el contenido o la informaci\u00f3n del sitio sean ininterrumpidos o est\u00e9n libres de errores, que los defectos sean corregidos, o que el sitio o los servidores que lo ponen a disposici\u00f3n est\u00e9n libres de virus o errores.         <\/p>\n<\/div>\n<\/div>\n<\/div>\n<\/div>\n<\/div>\n<\/div>\n<\/div>\n<\/div>\n<\/div>\n<\/div>\n<\/div>\n<\/div>\n<\/div>\n<\/div>\n<\/div>\n<p>[\/vc_column_text][vc_custom_heading text=\u00bbDisponibilidad\u00bb font_container=\u00bbtag:h3|text_align:left\u00bb css=\u00bb.vc_custom_1686575215539{margin-top: 80px !important;}\u00bb][vc_column_text]<\/p>\n<div class=\"page\" title=\"P\u00e1gina 2\">\n<div class=\"layoutArea\">\n<div class=\"column\">\n<div class=\"page\" title=\"P\u00e1gina 3\">\n<div class=\"layoutArea\">\n<div class=\"column\">\n<div class=\"page\" title=\"P\u00e1gina 4\">\n<div class=\"layoutArea\">\n<div class=\"column\">\n<div class=\"page\" title=\"P\u00e1gina 5\">\n<div class=\"layoutArea\">\n<div class=\"column\">\n<div class=\"page\" title=\"P\u00e1gina 7\">\n<div class=\"layoutArea\">\n<div class=\"column\">\n<p>El Caf\u00e9 de l&rsquo;Homme se esfuerza por servir a sus clientes lo mejor posible. Sin embargo, los servicios ofrecidos por el Caf\u00e9 de l&rsquo;Homme est\u00e1n sujetos a la disponibilidad de mesas. El cliente no podr\u00e1 reclamar ninguna solicitud ni compensaci\u00f3n en caso de que el servicio elegido no est\u00e9 disponible. El Caf\u00e9 de l&rsquo;Homme no tiene ninguna obligaci\u00f3n de prestar servicios que no pueda garantizar. Cuando los servicios elegidos por el cliente no est\u00e9n disponibles, Caf\u00e9 de l&rsquo;Homme har\u00e1 todo lo posible por proporcionar una soluci\u00f3n similar a la solicitud realizada. En este caso, si la nueva elecci\u00f3n propuesta no conviene al cliente, \u00e9ste tendr\u00e1 derecho al reembolso \u00edntegro del precio de compra inicial, con excepci\u00f3n de los servicios reservados para fechas especiales para los que Caf\u00e9 de l&rsquo;Homme puede no conocer el precio o precios de sus servicios en el momento de su puesta en l\u00ednea. No obstante lo anterior, cuando Caf\u00e9 de l&rsquo;Homme sea informado con antelaci\u00f3n de un cambio significativo en una reserva, producto o evento, utilizar\u00e1 todos los medios razonables para avisar a sus clientes con el fin de modificar la reserva cuando sea posible.      <\/p>\n<\/div>\n<\/div>\n<\/div>\n<\/div>\n<\/div>\n<\/div>\n<\/div>\n<\/div>\n<\/div>\n<\/div>\n<\/div>\n<\/div>\n<\/div>\n<\/div>\n<\/div>\n<p>[\/vc_column_text][vc_custom_heading text=\u00bbRedacci\u00f3n de \u00f3rdenes\u00bb font_container=\u00bbtag:h3|text_align:left\u00bb css=\u00bb.vc_custom_1686575243146{margin-top: 80px !important;}\u00bb][vc_column_text]<\/p>\n<div class=\"page\" title=\"P\u00e1gina 2\">\n<div class=\"layoutArea\">\n<div class=\"column\">\n<div class=\"page\" title=\"P\u00e1gina 3\">\n<div class=\"layoutArea\">\n<div class=\"column\">\n<div class=\"page\" title=\"P\u00e1gina 4\">\n<div class=\"layoutArea\">\n<div class=\"column\">\n<div class=\"page\" title=\"P\u00e1gina 5\">\n<div class=\"layoutArea\">\n<div class=\"column\">\n<div class=\"page\" title=\"P\u00e1gina 7\">\n<div class=\"layoutArea\">\n<div class=\"column\">\n<p>Para que el pedido pueda ser tenido en cuenta por Caf\u00e9 de l&rsquo;Homme, pedimos a los clientes que rellenen unas m\u00e1scaras de entrada en las que se indican los campos que deben rellenarse obligatoriamente. No se podr\u00e1 procesar ninguna reserva o pedido sin esta informaci\u00f3n. Por lo tanto, te recomendamos que utilices las m\u00e1scaras de entrada y los nombres que aparecen en nuestras publicaciones. No aceptamos ninguna responsabilidad por cualquier error en la reserva debido a una inexactitud por parte del cliente. Por \u00faltimo, los sistemas de registro autom\u00e1tico del Caf\u00e9 de l&rsquo;Homme se consideran prueba de la naturaleza del contrato y de su fecha.    <\/p>\n<\/div>\n<\/div>\n<\/div>\n<\/div>\n<\/div>\n<\/div>\n<\/div>\n<\/div>\n<\/div>\n<\/div>\n<\/div>\n<\/div>\n<\/div>\n<\/div>\n<\/div>\n<p>[\/vc_column_text][vc_custom_heading text=\u00bbAceptaci\u00f3n de pedidos\u00bb font_container=\u00bbtag:h3|text_align:left\u00bb css=\u00bb.vc_custom_1686575283680{margin-top: 80px !important;}\u00bb][vc_column_text]<\/p>\n<div class=\"page\" title=\"P\u00e1gina 2\">\n<div class=\"layoutArea\">\n<div class=\"column\">\n<div class=\"page\" title=\"P\u00e1gina 3\">\n<div class=\"layoutArea\">\n<div class=\"column\">\n<div class=\"page\" title=\"P\u00e1gina 4\">\n<div class=\"layoutArea\">\n<div class=\"column\">\n<div class=\"page\" title=\"P\u00e1gina 5\">\n<div class=\"layoutArea\">\n<div class=\"column\">\n<div class=\"page\" title=\"P\u00e1gina 7\">\n<div class=\"layoutArea\">\n<div class=\"column\">\n<p>Todos los pedidos son vinculantes para Caf\u00e9 de l&rsquo;Homme s\u00f3lo tras la confirmaci\u00f3n de su aceptaci\u00f3n por correo electr\u00f3nico. Los casos de fuerza mayor pueden impedir que Caf\u00e9 de l&rsquo;Homme cumpla sus compromisos de tramitar el pedido. No se podr\u00e1 hacer ninguna reclamaci\u00f3n al respecto. Caf\u00e9 de l&rsquo;Homme se reserva el derecho de rechazar determinados pedidos. En este caso y en la medida de lo posible, Caf\u00e9 de l&rsquo;Homme informar\u00e1 al cliente de la no confirmaci\u00f3n de este pedido por correo electr\u00f3nico.    <\/p>\n<\/div>\n<\/div>\n<\/div>\n<\/div>\n<\/div>\n<\/div>\n<\/div>\n<\/div>\n<\/div>\n<\/div>\n<\/div>\n<\/div>\n<\/div>\n<\/div>\n<\/div>\n<p>[\/vc_column_text][vc_custom_heading text=\u00bbPlazos - retrasos\u00bb font_container=\u00bbtag:h3|text_align:left\u00bb css=\u00bb.vc_custom_1686575314758{margin-top: 80px !important;}\u00bb][vc_column_text]<\/p>\n<div class=\"page\" title=\"P\u00e1gina 2\">\n<div class=\"layoutArea\">\n<div class=\"column\">\n<div class=\"page\" title=\"P\u00e1gina 3\">\n<div class=\"layoutArea\">\n<div class=\"column\">\n<div class=\"page\" title=\"P\u00e1gina 4\">\n<div class=\"layoutArea\">\n<div class=\"column\">\n<div class=\"page\" title=\"P\u00e1gina 5\">\n<div class=\"layoutArea\">\n<div class=\"column\">\n<div class=\"page\" title=\"P\u00e1gina 7\">\n<div class=\"layoutArea\">\n<div class=\"column\">\n<p>Con el fin de prestar el mejor servicio posible a sus clientes, Caf\u00e9 de l&rsquo;Homme se esfuerza por responder a las solicitudes en un plazo de dos d\u00edas laborables a partir de la confirmaci\u00f3n del pedido. Sin embargo, este plazo no es contractual y no puede ser objeto de ninguna reclamaci\u00f3n. Si el cliente no recibe sus servicios, puede ponerse en contacto con el departamento de reservas de Caf\u00e9 de l&rsquo;Homme en d\u00edas y horas laborables para recibir una copia de sus vales previa confirmaci\u00f3n de su identidad. Los plazos de entrega indicados en las publicaciones o confirmaciones de pedido se dan de buena fe, pero no son vinculantes. Queda excluida cualquier penalizaci\u00f3n por retraso en la entrega. El correo electr\u00f3nico utilizado para enviar el vale de canje se considerar\u00e1 aut\u00e9ntico. Si el comprador no puede recoger los servicios o vales en la fecha en que se ponen a su disposici\u00f3n, los servicios no ser\u00e1n reembolsables (NO SHOW). Ten en cuenta que, en caso de retraso superior a 25 minutos, se considerar\u00e1 que tu reserva no se ha respetado.Las condiciones en las que has reservado pueden modificarse in situ en funci\u00f3n de la actividad del restaurante.El tr\u00e1fico y la congesti\u00f3n de Par\u00eds pueden provocar retrasos, sobre todo en horas punta. En este caso, el cliente es el \u00fanico responsable de las consecuencias y debe asegurarse de que dispone de tiempo suficiente para presentarse en el restaurante. El Caf\u00e9 de l&rsquo;Homme no ser\u00e1 responsable en ning\u00fan caso si el cliente no respeta el tiempo asignado en el momento de la reserva. En tales casos, no se podr\u00e1 solicitar ninguna compensaci\u00f3n ni aplazamiento a Caf\u00e9 de l&rsquo;Homme.          <\/p>\n<\/div>\n<\/div>\n<\/div>\n<\/div>\n<\/div>\n<\/div>\n<\/div>\n<\/div>\n<\/div>\n<\/div>\n<\/div>\n<\/div>\n<\/div>\n<\/div>\n<\/div>\n<p>[\/vc_column_text][vc_custom_heading text=\u00bbLimitaci\u00f3n de responsabilidad\u00bb font_container=\u00bbtag:h3|text_align:left\u00bb css=\u00bb.vc_custom_1686575353925{margin-top: 80px !important;}\u00bb][vc_column_text]<\/p>\n<div class=\"page\" title=\"P\u00e1gina 2\">\n<div class=\"layoutArea\">\n<div class=\"column\">\n<div class=\"page\" title=\"P\u00e1gina 3\">\n<div class=\"layoutArea\">\n<div class=\"column\">\n<div class=\"page\" title=\"P\u00e1gina 4\">\n<div class=\"layoutArea\">\n<div class=\"column\">\n<div class=\"page\" title=\"P\u00e1gina 5\">\n<div class=\"layoutArea\">\n<div class=\"column\">\n<div class=\"page\" title=\"P\u00e1gina 7\">\n<div class=\"layoutArea\">\n<div class=\"column\">\n<div class=\"page\" title=\"P\u00e1gina 9\">\n<div class=\"layoutArea\">\n<div class=\"column\">\n<p>El Caf\u00e9 de l&rsquo;Homme no se hace responsable en ning\u00fan caso de las p\u00e9rdidas o da\u00f1os causados por el uso de este sitio.<\/p>\n<\/div>\n<\/div>\n<\/div>\n<div class=\"page\" title=\"P\u00e1gina 10\">\n<div class=\"layoutArea\">\n<div class=\"column\">\n<p>(independientemente de si dicha p\u00e9rdida o da\u00f1o estaba previsto, era previsible, conocido o no): (a) p\u00e9rdida de datos; (b) p\u00e9rdida de ingresos o beneficios previstos; (c) p\u00e9rdida de negocio; (d) p\u00e9rdida de oportunidades; (e) p\u00e9rdida de activos intangibles o da\u00f1o a la reputaci\u00f3n; (f) p\u00e9rdidas sufridas por terceros; o (g) cualquier da\u00f1o indirecto, consecuente, especial o ejemplar derivado del uso del sitio, independientemente de la forma de acci\u00f3n. Caf\u00e9 de l&rsquo;Homme, al proporcionar reservas de servicios, no se hace responsable de ninguna lesi\u00f3n, da\u00f1o, p\u00e9rdida, accidente, retraso o irregularidad, deuda o gasto a personas o bienes como resultado del fallo de cualquier proveedor, transportista u otra empresa o persona que proporcione los servicios incluidos en los servicios. Adem\u00e1s, Caf\u00e9 de l&rsquo;Homme y sus proveedores no se hacen responsables de enfermedades, robos, conflictos laborales, aver\u00edas de maquinaria, restricciones gubernamentales, actos de guerra o terrorismo, condiciones meteorol\u00f3gicas, defectos en los medios de transporte, percances o accidentes, o cualquier otra causa fuera de su control.         <\/p>\n<p>En ning\u00fan caso Caf\u00e9 de l&rsquo;Homme ser\u00e1 responsable de los da\u00f1os, p\u00e9rdidas o litigios de cualquier tipo que resulten del uso de este sitio. Asimismo, Caf\u00e9 de l&rsquo;Homme no se hace responsable de los incidentes de cualquier tipo que puedan ocurrir durante la estancia de un cliente en Caf\u00e9 de l&rsquo;Homme. Lo mismo se aplica a cualquier cancelaci\u00f3n de habitaciones de hotel, vuelos, huelgas, restricciones gubernamentales, que puedan ocurrir fuera del control de Caf\u00e9 de l&rsquo;Homme. Por \u00faltimo, Caf\u00e9 de l&rsquo;Homme no acepta ninguna responsabilidad por gastos personales no cubiertos por el contrato, por retrasos o decisiones gubernamentales de cualquier tipo.   <\/p>\n<p>Si alguno de estos t\u00e9rminos y condiciones fuera ilegal, inv\u00e1lido o inaplicable en virtud de las leyes de cualquier estado o pa\u00eds en el que se pretenda que estos t\u00e9rminos y condiciones tengan efecto, entonces, en la medida de la jurisdicci\u00f3n en la que dicho t\u00e9rmino o condici\u00f3n sea ilegal, inv\u00e1lido o inaplicable, se separar\u00e1 de estos t\u00e9rminos y condiciones y los t\u00e9rminos y condiciones restantes sobrevivir\u00e1n, permanecer\u00e1n en pleno vigor y efecto y seguir\u00e1n siendo aplicables.<\/p>\n<\/div>\n<\/div>\n<\/div>\n<\/div>\n<\/div>\n<\/div>\n<\/div>\n<\/div>\n<\/div>\n<\/div>\n<\/div>\n<\/div>\n<\/div>\n<\/div>\n<\/div>\n<\/div>\n<\/div>\n<\/div>\n<p>[\/vc_column_text][vc_custom_heading text=\u00bbRestricciones de uso\u00bb font_container=\u00bbtag:h3|text_align:left\u00bb css=\u00bb.vc_custom_1686575392238{margin-top: 80px !important;}\u00bb][vc_column_text css=\u00bb.vc_custom_1686575404271{margin-bottom: 100px !important;}\u00bb]<\/p>\n<div class=\"page\" title=\"P\u00e1gina 2\">\n<div class=\"layoutArea\">\n<div class=\"column\">\n<div class=\"page\" title=\"P\u00e1gina 3\">\n<div class=\"layoutArea\">\n<div class=\"column\">\n<div class=\"page\" title=\"P\u00e1gina 4\">\n<div class=\"layoutArea\">\n<div class=\"column\">\n<div class=\"page\" title=\"P\u00e1gina 5\">\n<div class=\"layoutArea\">\n<div class=\"column\">\n<div class=\"page\" title=\"P\u00e1gina 7\">\n<div class=\"layoutArea\">\n<div class=\"column\">\n<div class=\"page\" title=\"P\u00e1gina 9\">\n<div class=\"layoutArea\">\n<div class=\"column\">\n<div class=\"page\" title=\"P\u00e1gina 10\">\n<div class=\"layoutArea\">\n<div class=\"column\">\n<p>Te comprometes a no realizar ninguna de las siguientes acciones, ni a ayudar o animar a otras personas a :<\/p>\n<ul>\n<li>Utilizar el sitio para amenazar, vigilar, defraudar, incitar, acosar a un tercero, justificar el acoso de un tercero o interferir de cualquier otro modo en el uso del sitio por un tercero;<\/li>\n<li>Utilizar el sitio para enviar o difundir mensajes no solicitados, cartas en cadena, concursos, spam, esquemas piramidales, encuestas u otros mensajes masivos, sean o no de naturaleza comercial;<\/li>\n<li>Utilizar el sitio de forma que pueda crear un conflicto de intereses, por ejemplo intercambiando comentarios comerciales con otras empresas o escribiendo o solicitando comentarios;<\/li>\n<li>Utilizar el sitio para promover cualquier forma de intolerancia o discriminaci\u00f3n contra categor\u00edas protegidas de personas;<\/li>\n<li>Utilizar el sitio para infringir los derechos de un tercero, lo que puede incluir la infracci\u00f3n de la confidencialidad, derechos de autor, marca registrada, patente, copyright o cualquier otro derecho de propiedad intelectual.<\/li>\n<\/ul>\n<\/div>\n<\/div>\n<\/div>\n<div class=\"page\" title=\"P\u00e1gina 11\">\n<div class=\"layoutArea\">\n<div class=\"column\">\n<p>los derechos morales, el derecho a la intimidad, el derecho a la publicidad o el derecho a la privacidad.<\/p>\n<p>cualquier otro derecho de propiedad o propiedad intelectual ;<\/p>\n<ul>\n<li>Utilizar el sitio para enviar o distribuir contenido ilegal o pornogr\u00e1fico.<\/li>\n<li>Utilizar el sitio para obtener informaci\u00f3n personal sobre menores, amenazarlos o hacerles da\u00f1o;<\/li>\n<li>Utilizar cualquier robot, motor, aplicaci\u00f3n de b\u00fasqueda\/recuperaci\u00f3n u otro sistema automatizado, proceso u otro medio para acceder, recuperar, indexar o explotar de otro modo el sitio o su contenido;<\/li>\n<li>Intentar obtener acceso no autorizado al Sitio, cuentas de usuario, sistemas inform\u00e1ticos o redes conectadas al Sitio mediante pirater\u00eda inform\u00e1tica, extracci\u00f3n de contrase\u00f1as o cualquier otro medio; utilizar el Sitio o cualquier contenido del Sitio para transmitir virus inform\u00e1ticos, gusanos, defectos, troyanos u otros elementos de naturaleza maliciosa o destructiva (colectivamente, \u00bbVirus\u00bb); utilizar cualquier dispositivo, software o programa que interfiera en el correcto funcionamiento del Sitio o intentar interferir de cualquier otro modo en el funcionamiento del Sitio;<\/li>\n<li>Aumentar excesivamente el tr\u00e1fico del sitio;<\/li>\n<li>Utilizar el sitio para violar la seguridad de una red inform\u00e1tica, descifrar contrase\u00f1as o claves de cifrado de seguridad;<\/li>\n<li>Deteriorar o perturbar la seguridad del sitio o da\u00f1ar de otro modo el sitio o su contenido<\/li>\n<li>Eliminar, eludir, desactivar, da\u00f1ar o de cualquier otra forma interferir con las funciones de seguridad del sitio o las caracter\u00edsticas implementadas para prevenir o reducir el uso o la copia de los contenidos del sitio, o que sirvan para restringir el uso del sitio.<br \/><strong>Reclamaciones<br \/><\/strong>Cualquier reclamaci\u00f3n debe enviarse por carta certificada dentro de un plazo m\u00e1ximo de ocho d\u00edas despu\u00e9s de la recepci\u00f3n de los servicios, a la siguiente direcci\u00f3n: Caf\u00e9 de l\u2019Homme, 17, Place du Trocad\u00e9ro \u2013 75016 PAR\u00cdS FRANCIA<br \/><strong>Resoluci\u00f3n de litigios<br \/><\/strong>En aplicaci\u00f3n de la Ley n.\u00ba 2016-301, el Beneficiario puede, si lo desea y sin que sea obligatorio, recurrir al mediador de consumo para disputas derivadas del consumo, cuyos datos de contacto son los siguientes: MTV M\u00e9diation Tourisme Voyage \u2013 BP 80 303 \u2013 75 823 Par\u00eds Cedex 17 \u2013 http:\/\/www.mtv.travel\/<br \/><strong>Derechos de autor y propiedad intelectual<br \/><\/strong>Todas las operaciones de copia, reproducci\u00f3n, republicaci\u00f3n, descarga, carga, distribuci\u00f3n, puesta a disposici\u00f3n del p\u00fablico u otros usos de los contenidos del sitio (texto, im\u00e1genes, URL, informaci\u00f3n de tarifas, etc.) para fines distintos del uso personal y no comercial est\u00e1n prohibidas.<\/li>\n<\/ul>\n<\/div>\n<\/div>\n<\/div>\n<div class=\"page\" title=\"P\u00e1gina 12\">\n<div class=\"layoutArea\">\n<div class=\"column\">\n<p>el uso comercial est\u00e1 estrictamente prohibido. Cualquier otro uso de los contenidos del sitio requiere la autorizaci\u00f3n por escrito de Caf\u00e9 de l&rsquo;Homme.<br \/>\nEl cliente o usuario de este sitio reconoce que la informaci\u00f3n, datos, programas, fotograf\u00edas, dibujos, v\u00eddeos, dise\u00f1o, procesamiento, m\u00fasica, sonidos, im\u00e1genes, mapas, textos y cualquier otro contenido de este sitio son propiedad de Caf\u00e9 de l&rsquo;Homme o de algunos de sus proveedores. La reproducci\u00f3n o almacenamiento de este contenido en cualquier forma mediante tecnolog\u00edas actuales o futuras est\u00e1 sujeta a la legislaci\u00f3n francesa y a la Ley de Derechos de Autor de EE.UU. de 1976, T\u00edtulo 17 del C\u00f3digo de los Estados Unidos.  <\/p>\n<p>Jurisdicci\u00f3n: PAR\u00cdS, Francia<\/p>\n<p>Las partes acuerdan que el presente contrato est\u00e1 sujeto a la legislaci\u00f3n francesa. Cualquier litigio se someter\u00e1 a la jurisdicci\u00f3n de Par\u00eds, Francia. Nuestros giros y aceptaciones de pago, as\u00ed como cualquier acuerdo especial establecido de mutuo acuerdo, no motivan ni derogan esta cl\u00e1usula de jurisdicci\u00f3n. Nuestras condiciones de venta son las \u00fanicas v\u00e1lidas y se consideran aceptadas por el comprador. Cualquier cl\u00e1usula contraria deber\u00e1 acordarse por escrito.    <\/p>\n<p>El Decreto n\u00ba 94-490 de 15 de junio de 1994 en aplicaci\u00f3n del art\u00edculo 31 de la Ley n\u00ba 92-645 de 13 de julio de 1992, y en particular los art\u00edculos 95 a 103 de este decreto, se aplican a estas condiciones de venta.<\/p>\n<p>Caf\u00e9 de l&rsquo;Homme 17, Place du Trocad\u00e9ro, 75116 Par\u00eds - FRANCIA Tel\u00e9fono: +33 (0)1 44 05 30 15<\/p>\n<\/div>\n<\/div>\n<\/div>\n<\/div>\n<\/div>\n<\/div>\n<\/div>\n<\/div>\n<\/div>\n<\/div>\n<\/div>\n<\/div>\n<\/div>\n<\/div>\n<\/div>\n<\/div>\n<\/div>\n<\/div>\n<\/div>\n<\/div>\n<\/div>\n<p>[\/vc_column_text][\/vc_column][\/vc_row]<\/p>\n<\/div>","protected":false},"excerpt":{"rendered":"<p>[vc_row el_class=\u00bbexperience-cdh\u00bb el_id=\u00bbheader-page-simple\u00bb css=\u00bb.vc_custom_1686573948510{background-image: url(https:\/\/www.cafedelhomme.com\/wp-content\/uploads\/2023\/04\/bg-key-figures-scaled.jpg?id=406) !important;}\u00bb][vc_column responsive_css=\u00bbpadding_top_large:220px|padding_bottom_large:220px\u00bb css=\u00bb.vc_custom_1683277774171{padding-top: 120px !important;padding-bottom: 230px !important;}\u00bb][vc_custom_heading text=\u00bbCondiciones generales\u00bb font_container=\u00bbtag:h1|text_align:center\u00bb el_class=\u00bbtitle_termes_conditions\u00bb][vc_column_text css=\u00bb.vc_custom_1686642228353{margin-top: -50px !important;}\u00bb el_class=\u00bbsubtitle_termes_conditions\u00bb] Las condiciones generales del servicio determinan la relaci\u00f3n entre Caf\u00e9 de l&rsquo;Homme y sus clientes. [\/vc_column_text][\/vc_column][\/vc_row][vc_row el_class=\u00bbmain_termes_conditions\u00bb][vc_column][vc_column_text css=\u00bb.vc_custom_1691054478068{margin-top: 50px !important;}\u00bb]Las condiciones generales del servicio rigen&#8230;<\/p>\n","protected":false},"author":1,"featured_media":0,"parent":0,"menu_order":0,"comment_status":"closed","ping_status":"closed","template":"","meta":{"_acf_changed":false,"footnotes":""},"class_list":["post-9683","page","type-page","status-publish","hentry"],"acf":[],"yoast_head":"<!-- This site is optimized with the Yoast SEO Premium plugin v20.10 (Yoast SEO v27.0) - https:\/\/yoast.com\/product\/yoast-seo-premium-wordpress\/ -->\n<title>Condiciones generales - Caf\u00e9 de l&#039;Homme<\/title>\n<meta name=\"robots\" content=\"index, follow, max-snippet:-1, max-image-preview:large, max-video-preview:-1\" \/>\n<link rel=\"canonical\" href=\"https:\/\/www.cafedelhomme.com\/es\/condiciones-generales\" \/>\n<meta property=\"og:locale\" content=\"es_ES\" \/>\n<meta property=\"og:type\" content=\"article\" \/>\n<meta property=\"og:title\" content=\"Condiciones generales - Caf\u00e9 de l&#039;Homme\" \/>\n<meta property=\"og:description\" content=\"[vc_row el_class=\u00bbexperience-cdh\u00bb el_id=\u00bbheader-page-simple\u00bb css=\u00bb.vc_custom_1686573948510{background-image: url(https:\/\/www.cafedelhomme.com\/wp-content\/uploads\/2023\/04\/bg-key-figures-scaled.jpg?id=406) !important;}\u00bb][vc_column responsive_css=\u00bbpadding_top_large:220px|padding_bottom_large:220px\u00bb css=\u00bb.vc_custom_1683277774171{padding-top: 120px !important;padding-bottom: 230px !important;}\u00bb][vc_custom_heading text=\u00bbCondiciones generales\u00bb font_container=\u00bbtag:h1|text_align:center\u00bb el_class=\u00bbtitle_termes_conditions\u00bb][vc_column_text css=\u00bb.vc_custom_1686642228353{margin-top: -50px !important;}\u00bb el_class=\u00bbsubtitle_termes_conditions\u00bb] Las condiciones generales del servicio determinan la relaci\u00f3n entre Caf\u00e9 de l&rsquo;Homme y sus clientes. [\/vc_column_text][\/vc_column][\/vc_row][vc_row el_class=\u00bbmain_termes_conditions\u00bb][vc_column][vc_column_text css=\u00bb.vc_custom_1691054478068{margin-top: 50px !important;}\u00bb]Las condiciones generales del servicio rigen...\" \/>\n<meta property=\"og:url\" content=\"https:\/\/www.cafedelhomme.com\/es\/condiciones-generales\" \/>\n<meta property=\"og:site_name\" content=\"Caf\u00e9 de l&#039;Homme\" \/>\n<meta property=\"article:publisher\" content=\"https:\/\/www.facebook.com\/cafedelhomme\" \/>\n<meta property=\"article:modified_time\" content=\"2025-04-23T09:03:02+00:00\" \/>\n<meta name=\"twitter:card\" content=\"summary_large_image\" \/>\n<meta name=\"twitter:label1\" content=\"Tiempo de lectura\" \/>\n\t<meta name=\"twitter:data1\" content=\"30 minutos\" \/>\n<script type=\"application\/ld+json\" class=\"yoast-schema-graph\">{\"@context\":\"https:\/\/schema.org\",\"@graph\":[{\"@type\":\"WebPage\",\"@id\":\"https:\/\/www.cafedelhomme.com\/es\/condiciones-generales\",\"url\":\"https:\/\/www.cafedelhomme.com\/es\/condiciones-generales\",\"name\":\"Condiciones generales - Caf\u00e9 de l&#039;Homme\",\"isPartOf\":{\"@id\":\"https:\/\/www.cafedelhomme.com\/es#website\"},\"datePublished\":\"2023-04-19T14:44:17+00:00\",\"dateModified\":\"2025-04-23T09:03:02+00:00\",\"inLanguage\":\"es\",\"potentialAction\":[{\"@type\":\"ReadAction\",\"target\":[\"https:\/\/www.cafedelhomme.com\/es\/condiciones-generales\"]}]},{\"@type\":\"WebSite\",\"@id\":\"https:\/\/www.cafedelhomme.com\/es#website\",\"url\":\"https:\/\/www.cafedelhomme.com\/es\",\"name\":\"Caf\u00e9 de l'Homme\",\"description\":\"\",\"publisher\":{\"@id\":\"https:\/\/www.cafedelhomme.com\/es#organization\"},\"potentialAction\":[{\"@type\":\"SearchAction\",\"target\":{\"@type\":\"EntryPoint\",\"urlTemplate\":\"https:\/\/www.cafedelhomme.com\/es?s={search_term_string}\"},\"query-input\":{\"@type\":\"PropertyValueSpecification\",\"valueRequired\":true,\"valueName\":\"search_term_string\"}}],\"inLanguage\":\"es\"},{\"@type\":\"Organization\",\"@id\":\"https:\/\/www.cafedelhomme.com\/es#organization\",\"name\":\"Caf\u00e9 del Hombre\",\"url\":\"https:\/\/www.cafedelhomme.com\/es\",\"logo\":{\"@type\":\"ImageObject\",\"inLanguage\":\"es\",\"@id\":\"https:\/\/www.cafedelhomme.com\/es#\/schema\/logo\/image\/\",\"url\":\"https:\/\/www.cafedelhomme.com\/wp-content\/uploads\/2023\/04\/big-logo-300x163-1.png\",\"contentUrl\":\"https:\/\/www.cafedelhomme.com\/wp-content\/uploads\/2023\/04\/big-logo-300x163-1.png\",\"width\":300,\"height\":163,\"caption\":\"Caf\u00e9 del Hombre\"},\"image\":{\"@id\":\"https:\/\/www.cafedelhomme.com\/es#\/schema\/logo\/image\/\"},\"sameAs\":[\"https:\/\/www.facebook.com\/cafedelhomme\",\"https:\/\/www.instagram.com\/cafedelhomme\/\"]}]}<\/script>\n<!-- \/ Yoast SEO Premium plugin. -->","yoast_head_json":{"title":"Condiciones generales - Caf\u00e9 de l&#039;Homme","robots":{"index":"index","follow":"follow","max-snippet":"max-snippet:-1","max-image-preview":"max-image-preview:large","max-video-preview":"max-video-preview:-1"},"canonical":"https:\/\/www.cafedelhomme.com\/es\/condiciones-generales","og_locale":"es_ES","og_type":"article","og_title":"Condiciones generales - Caf\u00e9 de l&#039;Homme","og_description":"[vc_row el_class=\u00bbexperience-cdh\u00bb el_id=\u00bbheader-page-simple\u00bb css=\u00bb.vc_custom_1686573948510{background-image: url(https:\/\/www.cafedelhomme.com\/wp-content\/uploads\/2023\/04\/bg-key-figures-scaled.jpg?id=406) !important;}\u00bb][vc_column responsive_css=\u00bbpadding_top_large:220px|padding_bottom_large:220px\u00bb css=\u00bb.vc_custom_1683277774171{padding-top: 120px !important;padding-bottom: 230px !important;}\u00bb][vc_custom_heading text=\u00bbCondiciones generales\u00bb font_container=\u00bbtag:h1|text_align:center\u00bb el_class=\u00bbtitle_termes_conditions\u00bb][vc_column_text css=\u00bb.vc_custom_1686642228353{margin-top: -50px !important;}\u00bb el_class=\u00bbsubtitle_termes_conditions\u00bb] Las condiciones generales del servicio determinan la relaci\u00f3n entre Caf\u00e9 de l&rsquo;Homme y sus clientes. [\/vc_column_text][\/vc_column][\/vc_row][vc_row el_class=\u00bbmain_termes_conditions\u00bb][vc_column][vc_column_text css=\u00bb.vc_custom_1691054478068{margin-top: 50px !important;}\u00bb]Las condiciones generales del servicio rigen...","og_url":"https:\/\/www.cafedelhomme.com\/es\/condiciones-generales","og_site_name":"Caf\u00e9 de l&#039;Homme","article_publisher":"https:\/\/www.facebook.com\/cafedelhomme","article_modified_time":"2025-04-23T09:03:02+00:00","twitter_card":"summary_large_image","twitter_misc":{"Tiempo de lectura":"30 minutos"},"schema":{"@context":"https:\/\/schema.org","@graph":[{"@type":"WebPage","@id":"https:\/\/www.cafedelhomme.com\/es\/condiciones-generales","url":"https:\/\/www.cafedelhomme.com\/es\/condiciones-generales","name":"Condiciones generales - Caf\u00e9 de l&#039;Homme","isPartOf":{"@id":"https:\/\/www.cafedelhomme.com\/es#website"},"datePublished":"2023-04-19T14:44:17+00:00","dateModified":"2025-04-23T09:03:02+00:00","inLanguage":"es","potentialAction":[{"@type":"ReadAction","target":["https:\/\/www.cafedelhomme.com\/es\/condiciones-generales"]}]},{"@type":"WebSite","@id":"https:\/\/www.cafedelhomme.com\/es#website","url":"https:\/\/www.cafedelhomme.com\/es","name":"Caf\u00e9 de l'Homme","description":"","publisher":{"@id":"https:\/\/www.cafedelhomme.com\/es#organization"},"potentialAction":[{"@type":"SearchAction","target":{"@type":"EntryPoint","urlTemplate":"https:\/\/www.cafedelhomme.com\/es?s={search_term_string}"},"query-input":{"@type":"PropertyValueSpecification","valueRequired":true,"valueName":"search_term_string"}}],"inLanguage":"es"},{"@type":"Organization","@id":"https:\/\/www.cafedelhomme.com\/es#organization","name":"Caf\u00e9 del Hombre","url":"https:\/\/www.cafedelhomme.com\/es","logo":{"@type":"ImageObject","inLanguage":"es","@id":"https:\/\/www.cafedelhomme.com\/es#\/schema\/logo\/image\/","url":"https:\/\/www.cafedelhomme.com\/wp-content\/uploads\/2023\/04\/big-logo-300x163-1.png","contentUrl":"https:\/\/www.cafedelhomme.com\/wp-content\/uploads\/2023\/04\/big-logo-300x163-1.png","width":300,"height":163,"caption":"Caf\u00e9 del Hombre"},"image":{"@id":"https:\/\/www.cafedelhomme.com\/es#\/schema\/logo\/image\/"},"sameAs":["https:\/\/www.facebook.com\/cafedelhomme","https:\/\/www.instagram.com\/cafedelhomme\/"]}]}},"_links":{"self":[{"href":"https:\/\/www.cafedelhomme.com\/es\/wp-json\/wp\/v2\/pages\/9683","targetHints":{"allow":["GET"]}}],"collection":[{"href":"https:\/\/www.cafedelhomme.com\/es\/wp-json\/wp\/v2\/pages"}],"about":[{"href":"https:\/\/www.cafedelhomme.com\/es\/wp-json\/wp\/v2\/types\/page"}],"author":[{"embeddable":true,"href":"https:\/\/www.cafedelhomme.com\/es\/wp-json\/wp\/v2\/users\/1"}],"replies":[{"embeddable":true,"href":"https:\/\/www.cafedelhomme.com\/es\/wp-json\/wp\/v2\/comments?post=9683"}],"version-history":[{"count":4,"href":"https:\/\/www.cafedelhomme.com\/es\/wp-json\/wp\/v2\/pages\/9683\/revisions"}],"predecessor-version":[{"id":10840,"href":"https:\/\/www.cafedelhomme.com\/es\/wp-json\/wp\/v2\/pages\/9683\/revisions\/10840"}],"wp:attachment":[{"href":"https:\/\/www.cafedelhomme.com\/es\/wp-json\/wp\/v2\/media?parent=9683"}],"curies":[{"name":"wp","href":"https:\/\/api.w.org\/{rel}","templated":true}]}}