{"id":9728,"date":"2025-01-14T08:59:25","date_gmt":"2025-01-14T07:59:25","guid":{"rendered":"https:\/\/www.cafedelhomme.com\/mejor-restaurante-paris-16"},"modified":"2025-04-24T15:37:44","modified_gmt":"2025-04-24T13:37:44","slug":"mejor-restaurante-paris-16","status":"publish","type":"page","link":"https:\/\/www.cafedelhomme.com\/es\/mejor-restaurante-paris-16","title":{"rendered":"Mejor restaurante Par\u00eds 16"},"content":{"rendered":"<div class=\"wpb-content-wrapper\"><p>[vc_row sticky_row=\u00bbyes\u00bb css=\u00bb.vc_custom_1745501624919{background-image: url(https:\/\/www.cafedelhomme.com\/wp-content\/uploads\/2024\/01\/header-homepage-cdh.jpg?id=5114) !important;background-position: center !important;background-repeat: no-repeat !important;background-size: cover !important;}\u00bb el_id=\u00bbheader-page-simple\u00bb][vc_column responsive_css=\u00bbpadding_top_large:220px|padding_bottom_large:220px\u00bb css=\u00bb.vc_custom_1683277774171{padding-top: 120px !important;padding-bottom: 230px !important;}\u00bb][vc_custom_heading text=\u00bb\u00bfD\u00f3nde encontrar el mejor restaurante de Par\u00eds 16?\u00bb font_container=\u00bbtag:h1|text_align:center\u00bb css=\u00bb.vc_custom_1736757560294{margin-bottom: 0px !important;}\u00bb][vc_column_text css=\u00bb\u00bb]<\/p>\n<p style=\"text-align: center;\"><span style=\"font-weight: 400;\">Vive una velada m\u00e1gica en<br \/>\n, el mejor restaurante de Par\u00eds 16<\/span>[\/vc_column_text][\/vc_column][\/vc_row][vc_row el_id=\u00bbimg-and-text\u00bb responsive_css=\u00bbpadding_top_large:160px|padding_bottom_large:80px\u00bb css=\u00bb.vc_custom_1745501636441{padding-bottom: 40px !important;background-color: #ffffff !important;}\u00bb][vc_column][vc_row_inner equal_height=\u00bbyes\u00bb content_placement=\u00bbmiddle\u00bb responsive_css=\u00bbmargin_bottom_large:80px\u00bb css=\u00bb.vc_custom_1686138812636{margin-bottom: 40px !important;}\u00bb][vc_column_inner width=\u00bb1\/2&Prime; el_class=\u00bbpicture_top\u00bb][vc_single_image image=\u00bb9730&Prime; img_size=\u00bbfull\u00bb css=\u00bb.vc_custom_1734013707853{margin-bottom: 0px !important;}\u00bb][\/vc_column_inner][vc_column_inner width=\u00bb1\/2&Prime; el_class=\u00bbtext_right\u00bb][vc_custom_heading text=\u00bbCaf\u00e9 de l&rsquo;Homme, tu direcci\u00f3n para cenar en Par\u00eds 16&Prime; css=\u00bb\u00bb][vc_column_text css=\u00bb\u00bb]<span style=\"font-weight: 400;\">Buscando el <\/span><b>mejor restaurante de Par\u00eds 16<\/b><span style=\"font-weight: 400;\"> ? Descubre <\/span><b>Caf\u00e9 del Hombre<\/b><span style=\"font-weight: 400;\">donde <\/span><b>gastronom\u00eda francesa<\/b><span style=\"font-weight: 400;\"> y <\/span><b>espectaculares vistas de la Torre Eiffel<\/b><span style=\"font-weight: 400;\"> crean una experiencia \u00fanica.<\/span><\/p>\n<p><span style=\"font-weight: 400;\">Nuestra terraza ofrece un entorno c\u00e1lido y refinado, ideal para una comida o cena memorable. Tanto al aire libre como en el interior, cada espacio est\u00e1 dise\u00f1ado para que te lo pases como nunca. <\/span><\/p>\n<p><span style=\"font-weight: 400;\">Bajo la direcci\u00f3n del <\/span><b>Chef Wilfried Graux<\/b><span style=\"font-weight: 400;\">nuestro <\/span><a href=\"https:\/\/www.cafedelhomme.com\/es\/la-carta\"><span style=\"font-weight: 400;\">men\u00fa de temporada<\/span><\/a><span style=\"font-weight: 400;\"> te ofrece platos que combinan tradici\u00f3n y creatividad. Cada bocado es una celebraci\u00f3n del terru\u00f1o franc\u00e9s y de la excelencia culinaria. <\/span><\/p>\n<p><span style=\"font-weight: 400;\">Situado en el coraz\u00f3n del <\/span><b>Trocadero<\/b><span style=\"font-weight: 400;\">, <\/span><b>Caf\u00e9 del Hombre<\/b><span style=\"font-weight: 400;\"> te invita a disfrutar de una experiencia intemporal, frente a la <\/span><b>Torre Eiffel<\/b><span style=\"font-weight: 400;\">. Para un almuerzo soleado o una cena iluminada por la Dama de Hierro, deja que la magia de Par\u00eds te encandile. <\/span>[\/vc_column_text][\/vc_column_inner][\/vc_row_inner][\/vc_column][\/vc_row][vc_row enable_gradient=\u00bbyes\u00bb css=\u00bb.vc_custom_1730111311851{padding-top: 150px !important;padding-bottom: 150px !important;background-color: #000000 !important;background-position: center !important;background-repeat: no-repeat !important;background-size: cover !important;}\u00bb el_class=\u00bbvisite-virtuelle\u00bb gradient_bg=\u00bblinear-gradient(0deg, rgba(0, 0, 0, 0.5) 0%, rgba(0,0,0,0.4) 100%)\u00bb][vc_column][vc_custom_heading text=\u00bbVisita nuestro restaurante gastron\u00f3mico con vistas a la Torre Eiffel\u00bb font_container=\u00bbtag:h2|text_align:center\u00bb css=\u00bb\u00bb][vc_column_text css=\u00bb\u00bb]<\/p>\n<div id=\"1730108382.121419\" class=\"c-virtual_list__item\" tabindex=\"0\" role=\"listitem\" aria-setsize=\"-1\" data-qa=\"virtual-list-item\" data-item-key=\"1730108382.121419\">\n<div class=\"c-message_kit__background p-message_pane_message__message c-message_kit__message\" role=\"presentation\" data-qa=\"message_container\" data-qa-unprocessed=\"false\" data-qa-placeholder=\"false\">\n<div class=\"c-message_kit__hover\" role=\"document\" aria-roledescription=\"message\" data-qa-hover=\"true\">\n<div class=\"c-message_kit__actions c-message_kit__actions--default\">\n<div class=\"c-message_kit__gutter\">\n<div class=\"c-message_kit__gutter__right\" role=\"presentation\" data-qa=\"message_content\">\n<div class=\"c-message_kit__blocks c-message_kit__blocks--rich_text\">\n<div class=\"c-message__message_blocks c-message__message_blocks--rich_text\" data-qa=\"message-text\">\n<div class=\"p-block_kit_renderer\" data-qa=\"block-kit-renderer\">\n<div class=\"p-block_kit_renderer__block_wrapper p-block_kit_renderer__block_wrapper--first\">\n<div class=\"p-rich_text_block\" dir=\"auto\">\n<div class=\"p-rich_text_section\">Descubre la incomparable experiencia <strong>del Caf\u00e9 de l&rsquo;<\/strong> Homme con nuestra visita virtual inmersiva. Explora cada zona de nuestro <strong>restaurante con terraza<\/strong> que ofrece una vista espectacular de la <strong>Torre Eiffel<\/strong>. Sum\u00e9rgete en el mundo c\u00e1lido y refinado del Caf\u00e9 de l&rsquo;Homme y prep\u00e1rate para una experiencia inolvidable, \u00a1en pleno coraz\u00f3n de <strong>Par\u00eds<\/strong>!<\/div>\n<\/div>\n<\/div>\n<\/div>\n<\/div>\n<\/div>\n<\/div>\n<\/div>\n<\/div>\n<\/div>\n<\/div>\n<\/div>\n<p>[\/vc_column_text]<a href=\"#\" class=\"btn btn-default btn-bordered border-thin btn btn-outline btn-outline-white open-vv ld_button_69f1c8c34ec9d\">\n\t<span>\n\t\t\n\t\t\t\t\t<span class=\"btn-txt\">iniciar la visita virtual<\/span>\n\t\t\t\n\t\t\t\t<\/span>\n<\/a>\n[\/vc_column][\/vc_row][vc_row responsive_css=\u00bbpadding_top_large:160px|padding_bottom_large:80px\u00bb css=\u00bb.vc_custom_1745501651428{padding-bottom: 40px !important;background-color: #ffffff !important;}\u00bb el_id=\u00bbimg-and-text-alt\u00bb][vc_column][vc_row_inner equal_height=\u00bbyes\u00bb content_placement=\u00bbmiddle\u00bb][vc_column_inner width=\u00bb1\/2&Prime; el_class=\u00bbtext_left\u00bb][vc_custom_heading text=\u00bbUn restaurante gastron\u00f3mico que no debes perderte en Par\u00eds 16&Prime; css=\u00bb\u00bb][vc_column_text css=\u00bb\u00bb]<span style=\"font-weight: 400;\">Saborea la excelencia de <\/span><b>gastronom\u00eda francesa<\/b><span style=\"font-weight: 400;\"> en un marco excepcional, en pleno coraz\u00f3n del <\/span><b>distrito 16 de Par\u00eds<\/b><span style=\"font-weight: 400;\">. <\/span><b>Caf\u00e9 de l&rsquo;Homme<\/b><span style=\"font-weight: 400;\"> destaca por su entorno \u00fanico y <\/span><b>espectacular vista de la Torre Eiffel<\/b><span style=\"font-weight: 400;\">ideal para todos tus momentos gourmet.<\/span><\/p>\n<p><span style=\"font-weight: 400;\">Reconocido como uno de <\/span><b>los mejores restaurantes de Par\u00eds 16<\/b><span style=\"font-weight: 400;\">Ofrece una experiencia culinaria que combina autenticidad y creatividad. Bajo la direcci\u00f3n del Chef Wilfried Graux, cada plato presenta productos de temporada, cuidadosamente seleccionados por su excepcional calidad. Descubre una cocina elegante y sabrosa que refleja lo mejor del terru\u00f1o franc\u00e9s. <\/span><\/p>\n<p><span style=\"font-weight: 400;\">Tanto si buscas un <\/span><b>restaurante con vistas en Par\u00eds 16<\/b><span style=\"font-weight: 400;\"> para una comida de negocios, una cena con amigos o una ocasi\u00f3n especial, <\/span><b>Caf\u00e9 de l&rsquo;Homme<\/b><span style=\"font-weight: 400;\"> es el destino ideal. Ven y descubre una <\/span><span style=\"font-weight: 400;\">men\u00fa<\/span><span style=\"font-weight: 400;\"> rico en sabores en un marco que combina refinamiento y convivencia.<\/span>[\/vc_column_text]<a href=\"https:\/\/www.sevenrooms.com\/explore\/cafedelhomme\/reservations\/create\/search?tracking=seo-blog\" target=\"_blank\" class=\"btn btn-naked btn_underline ld_button_69f1c8c34ee55\">\n\t<span>\n\t\t\n\t\t\t\t\t<span class=\"btn-txt\">res\u00e9rvalo.<\/span>\n\t\t\t\n\t\t\t\t<\/span>\n<\/a>\n[\/vc_column_inner][vc_column_inner width=\u00bb1\/2&Prime; el_class=\u00bbpicture_bottom\u00bb][vc_single_image image=\u00bb9934&Prime; img_size=\u00bbfull\u00bb alignment=\u00bbcenter\u00bb css=\u00bb\u00bb][\/vc_column_inner][\/vc_row_inner][\/vc_column][\/vc_row][vc_row enable_overlay=\u00bbyes\u00bb el_class=\u00bbexperience-cdh\u00bb css=\u00bb.vc_custom_1729763312068{background-image: url(https:\/\/www.cafedelhomme.com\/wp-content\/uploads\/2024\/10\/700128bf344cb581fee6cdd353b8c90b.webp?id=6642) !important;}\u00bb overlay_bg=\u00bbrgba(0, 0, 0, 0.3)\u00bb][vc_column responsive_css=\u00bbpadding_top_large:220px|padding_bottom_large:220px\u00bb css=\u00bb.vc_custom_1729763119868{padding-top: 120px !important;padding-bottom: 230px !important;}\u00bb][vc_custom_heading text=\u00bbVen a descubrir nuestras experiencias gastron\u00f3micas\u00bb font_container=\u00bbtag:h2|font_size:75px|text_align:center|color:%23ffffff|line_height:78px\u00bb css=\u00bb\u00bb][vc_column_text css=\u00bb\u00bb el_class=\u00bbtext-white\u00bb]<\/p>\n<p style=\"color: white !important; text-align: center; margin-top: 24px;\">Disfruta de una experiencia verdaderamente intemporal. \u00bfEst\u00e1s preparado para la experiencia?<\/p>\n<p>[\/vc_column_text]\n<ul id=\"menu_experiences-inline\" class=\"lqd-custom-menu reset-ul   menu_experiences-inline\"><li id=\"menu-item-16310\" class=\"menu-item menu-item-type-custom menu-item-object-custom menu-item-16310\"><a href=\"#eiffel\">Cena Eiffel<\/a><\/li>\n<li id=\"menu-item-10349\" class=\"menu-item menu-item-type-custom menu-item-object-custom menu-item-10349\"><a href=\"#eiffel-lunch\">Almuerzo Eiffel<\/a><\/li>\n<li id=\"menu-item-16311\" class=\"menu-item menu-item-type-custom menu-item-object-custom menu-item-16311\"><a href=\"#diamond\">Cena Diamond<\/a><\/li>\n<li id=\"menu-item-10351\" class=\"menu-item menu-item-type-custom menu-item-object-custom menu-item-10351\"><a href=\"#diamond-lunch\">Almuerzo Diamond<\/a><\/li>\n<li id=\"menu-item-16312\" class=\"menu-item menu-item-type-custom menu-item-object-custom menu-item-16312\"><a href=\"#premium\">Premium<\/a><\/li>\n<\/ul>[\/vc_column][\/vc_row][vc_row responsive_css=\u00bbpadding_top_large:50px|padding_bottom_large:50px\u00bb el_id=\u00bbbreadcrumb-intro\u00bb el_class=\u00bbintro\u00bb css=\u00bb.vc_custom_1745501674697{padding-top: 50px !important;padding-bottom: 50px !important;}\u00bb][vc_column align=\u00bbtext-center\u00bb el_id=\u00bbintro-section\u00bb][\/vc_column][vc_column el_class=\u00bbsection-shadow\u00bb][\/vc_column][\/vc_row][vc_row el_id=\u00bbimg-and-text\u00bb responsive_css=\u00bbpadding_bottom_large:80px\u00bb css=\u00bb.vc_custom_1745501693102{padding-bottom: 40px !important;background-color: #ffffff !important;}\u00bb el_class=\u00bbimg-and-text\u00bb][vc_column][vc_row_inner equal_height=\u00bbyes\u00bb content_placement=\u00bbmiddle\u00bb el_class=\u00bbeiffel section-to-animate\u00bb el_id=\u00bbeiffel-lunch\u00bb css=\u00bb.vc_custom_1723793850822{background-color: #ffffff !important;}\u00bb][vc_column_inner width=\u00bb1\/2&Prime; align=\u00bbtext-center\u00bb el_class=\u00bbtext_left section-text-content\u00bb][vc_custom_heading text=\u00bb01&Prime; font_container=\u00bbtag:div|text_align:center\u00bb el_class=\u00bbnumber-title\u00bb][vc_custom_heading text=\u00bbAlmuerzo Eiffel\u00bb font_container=\u00bbtag:h2|text_align:center\u00bb css=\u00bb\u00bb][vc_custom_heading text=\u00bbLA QUINTAESENCIA DEL CAF\u00c9 DEL HOMBRE\u00bb font_container=\u00bbtag:p|text_align:center\u00bb css=\u00bb.vc_custom_1695990250058{padding-bottom: 0px !important;}\u00bb el_class=\u00bbsubtitle\u00bb][vc_column_text css=\u00bb\u00bb el_class=\u00bbdescription\u00bb]Cena garantizada en primera fila para una experiencia inolvidable[\/vc_column_text][vc_column_text css=\u00bb\u00bb el_class=\u00bbinfo_cle\u00bb]Desde 120 euros por persona[\/vc_column_text]<a href=\"#\" class=\"btn btn-naked btn_underline open-vv eiffel-vv ld_button_69f1c8c350210\">\n\t<span>\n\t\t\n\t\t\t\t\t<span class=\"btn-txt\">iniciar la visita virtual.<\/span>\n\t\t\t\n\t\t\t\t<\/span>\n<\/a>\n<a href=\"https:\/\/www.sevenrooms.com\/experiences\/cafedelhomme\/menu-d-jeun--10014680200?tracking=seo-blog\" target=\"_blank\" class=\"btn btn-naked btn_underline small-mt ld_button_69f1c8c35037b\">\n\t<span>\n\t\t\n\t\t\t\t\t<span class=\"btn-txt\">m\u00e1s informaci\u00f3n sobre la experiencia del almuerzo Eiffel.<\/span>\n\t\t\t\n\t\t\t\t<\/span>\n<\/a>\n[\/vc_column_inner][vc_column_inner width=\u00bb1\/2&Prime; el_class=\u00bbpicture_bottom\u00bb][vc_single_image image=\u00bb9840&Prime; img_size=\u00bbfull\u00bb css=\u00bb\u00bb][\/vc_column_inner][vc_column_inner el_class=\u00bbsection-shadow\u00bb][\/vc_column_inner][\/vc_row_inner][vc_row_inner equal_height=\u00bbyes\u00bb content_placement=\u00bbmiddle\u00bb el_class=\u00bbeiffel section-to-animate\u00bb el_id=\u00bbeiffel\u00bb css=\u00bb.vc_custom_1723466591649{background-color: #ffffff !important;}\u00bb][vc_column_inner width=\u00bb1\/2&Prime; el_class=\u00bbpicture_top\u00bb][vc_single_image image=\u00bb9842&Prime; img_size=\u00bbfull\u00bb css=\u00bb\u00bb][vc_single_image image=\u00bb9842&Prime; img_size=\u00bbfull\u00bb css=\u00bb\u00bb][\/vc_column_inner][vc_column_inner width=\u00bb1\/2&Prime; align=\u00bbtext-center\u00bb el_class=\u00bbtext_right section-text-content\u00bb][vc_custom_heading text=\u00bb02&Prime; font_container=\u00bbtag:div|text_align:center\u00bb css=\u00bb\u00bb el_class=\u00bbnumber-title\u00bb][vc_custom_heading text=\u00bbCena Eiffel\u00bb font_container=\u00bbtag:h2|text_align:center\u00bb css=\u00bb\u00bb][vc_custom_heading text=\u00bbLA QUINTAESENCIA DEL CAF\u00c9 DEL HOMBRE\u00bb font_container=\u00bbtag:p|text_align:center\u00bb css=\u00bb\u00bb el_class=\u00bbsubtitle\u00bb][vc_column_text css=\u00bb\u00bb el_class=\u00bbdescription\u00bb]Disfruta de una velada atemporal con una vista \u00fanica desde primera fila.<\/p>\n<p>M\u00e1s informaci\u00f3n sobre la<a href=\"https:\/\/www.cafedelhomme.com\/experience-eiffel-diner-restaurant-paris-16\">experiencia de la cena Eiffel.<\/a>[\/vc_column_text][vc_column_text css=\u00bb\u00bb el_class=\u00bbinfo_cle\u00bb]Desde 270 euros por persona[\/vc_column_text]<a href=\"#\" class=\"btn btn-naked btn_underline open-vv terrasse-vv ld_button_69f1c8c3504b2\">\n\t<span>\n\t\t\n\t\t\t\t\t<span class=\"btn-txt\">iniciar la visita virtual.<\/span>\n\t\t\t\n\t\t\t\t<\/span>\n<\/a>\n<a href=\"https:\/\/www.sevenrooms.com\/experiences\/cafedelhomme\/exp-rience-eiffel-5912988263?tracking=seo-blog\" target=\"_blank\" class=\"btn btn-naked btn_underline small-mt ld_button_69f1c8c3505d8\">\n\t<span>\n\t\t\n\t\t\t\t\t<span class=\"btn-txt\">m\u00e1s informaci\u00f3n sobre la cena Eiffel.<\/span>\n\t\t\t\n\t\t\t\t<\/span>\n<\/a>\n[\/vc_column_inner][vc_column_inner el_class=\u00bbsection-shadow\u00bb][\/vc_column_inner][\/vc_row_inner][vc_row_inner equal_height=\u00bbyes\u00bb content_placement=\u00bbmiddle\u00bb el_class=\u00bbdiamond section-to-animate\u00bb el_id=\u00bbdiamond-lunch\u00bb css=\u00bb.vc_custom_1723793872657{background-color: #ffffff !important;}\u00bb][vc_column_inner width=\u00bb1\/2&Prime; align=\u00bbtext-center\u00bb el_class=\u00bbtext_left section-text-content\u00bb][vc_custom_heading text=\u00bb03&Prime; font_container=\u00bbtag:div|text_align:center\u00bb css=\u00bb\u00bb el_class=\u00bbnumber-title\u00bb][vc_custom_heading text=\u00bbDesayuno Diamante\u00bb font_container=\u00bbtag:h2|text_align:center\u00bb css=\u00bb\u00bb][vc_custom_heading text=\u00bbPARA UN MOMENTO EXCEPCIONAL\u00bb font_container=\u00bbtag:p|text_align:center\u00bb css=\u00bb.vc_custom_1723464390033{padding-bottom: 0px !important;}\u00bb el_class=\u00bbsubtitle\u00bb][vc_column_text css=\u00bb\u00bb el_class=\u00bbdescription\u00bb]Mesa en segunda fila garantizada para una experiencia inolvidable[\/vc_column_text][vc_column_text css=\u00bb\u00bb el_class=\u00bbinfo_cle\u00bb]Desde 75 euros por persona[\/vc_column_text]<a href=\"#\" class=\"btn btn-naked btn_underline open-vv eiffel-vv ld_button_69f1c8c3506ea\">\n\t<span>\n\t\t\n\t\t\t\t\t<span class=\"btn-txt\">iniciar la visita virtual.<\/span>\n\t\t\t\n\t\t\t\t<\/span>\n<\/a>\n<a href=\"https:\/\/www.sevenrooms.com\/experiences\/cafedelhomme\/menu-d-jeun--10014680200?tracking=seo-blog\" target=\"_blank\" class=\"btn btn-naked btn_underline small-mt ld_button_69f1c8c3507f8\">\n\t<span>\n\t\t\n\t\t\t\t\t<span class=\"btn-txt\">m\u00e1s informaci\u00f3n sobre la experiencia del almuerzo Diamante.<\/span>\n\t\t\t\n\t\t\t\t<\/span>\n<\/a>\n[\/vc_column_inner][vc_column_inner width=\u00bb1\/2&Prime; el_class=\u00bbpicture_bottom\u00bb][vc_single_image image=\u00bb9836&Prime; img_size=\u00bbfull\u00bb css=\u00bb\u00bb][\/vc_column_inner][vc_column_inner el_class=\u00bbsection-shadow\u00bb][\/vc_column_inner][\/vc_row_inner][vc_row_inner equal_height=\u00bbyes\u00bb content_placement=\u00bbmiddle\u00bb el_class=\u00bbdiamond section-to-animate\u00bb el_id=\u00bbdiamond\u00bb css=\u00bb.vc_custom_1723466611700{background-color: #ffffff !important;}\u00bb][vc_column_inner width=\u00bb1\/2&Prime; el_class=\u00bbpicture_top\u00bb][vc_single_image image=\u00bb999&Prime; img_size=\u00bbfull\u00bb][\/vc_column_inner][vc_column_inner width=\u00bb1\/2&Prime; align=\u00bbtext-center\u00bb el_class=\u00bbtext_right section-text-content\u00bb][vc_custom_heading text=\u00bb04&Prime; font_container=\u00bbtag:div|text_align:center\u00bb css=\u00bb\u00bb el_class=\u00bbnumber-title\u00bb][vc_custom_heading text=\u00bbCena con diamantes\u00bb font_container=\u00bbtag:h2|text_align:center\u00bb css=\u00bb\u00bb][vc_custom_heading text=\u00bbPARA UN MOMENTO EXCEPCIONAL\u00bb font_container=\u00bbtag:p|text_align:center\u00bb el_class=\u00bbsubtitle\u00bb][vc_column_text el_class=\u00bbdescription\u00bb]El arte de vivir a la francesa, sublimado por nuestro Chef Wilfried Graux, mientras disfrutas de toda la magia de la Ciudad de la Luz desde la segunda fila de nuestra terraza.[\/vc_column_text][vc_column_text css=\u00bb\u00bb el_class=\u00bbinfo_cle\u00bb]Desde 190 euros por persona[\/vc_column_text]<a href=\"#\" class=\"btn btn-naked btn_underline open-vv terrasse-vv ld_button_69f1c8c350909\">\n\t<span>\n\t\t\n\t\t\t\t\t<span class=\"btn-txt\">iniciar la visita virtual.<\/span>\n\t\t\t\n\t\t\t\t<\/span>\n<\/a>\n<a href=\"https:\/\/www.sevenrooms.com\/experiences\/cafedelhomme\/exp-rience-diamond-5914578491?tracking=seo-blog\" target=\"_blank\" class=\"btn btn-naked btn_underline small-mt ld_button_69f1c8c350a14\">\n\t<span>\n\t\t\n\t\t\t\t\t<span class=\"btn-txt\">m\u00e1s informaci\u00f3n sobre la experiencia de la cena Diamond.<\/span>\n\t\t\t\n\t\t\t\t<\/span>\n<\/a>\n[\/vc_column_inner][vc_column_inner el_class=\u00bbsection-shadow\u00bb][\/vc_column_inner][\/vc_row_inner][vc_row_inner equal_height=\u00bbyes\u00bb content_placement=\u00bbmiddle\u00bb el_class=\u00bba-la-carte section-to-animate\u00bb el_id=\u00bbcarte\u00bb css=\u00bb.vc_custom_1718626608064{background-color: #ffffff !important;}\u00bb][vc_column_inner width=\u00bb1\/2&Prime; align=\u00bbtext-center\u00bb el_class=\u00bbtext_left section-text-content\u00bb][vc_custom_heading text=\u00bb05&Prime; font_container=\u00bbtag:div|text_align:center\u00bb css=\u00bb\u00bb el_class=\u00bbnumber-title\u00bb][vc_custom_heading text=\u00bbA la carta\u00bb font_container=\u00bbtag:h2|text_align:center\u00bb][vc_custom_heading text=\u00bbCAF\u00c9 DEL HOMBRE EN TOTAL LIBERTAD\u00bb font_container=\u00bbtag:p|text_align:center\u00bb el_class=\u00bbsubtitle\u00bb][vc_column_text el_class=\u00bbdescription\u00bb]Original y tradicional a la vez, la oferta culinaria del Caf\u00e9 de l&rsquo;Homme celebra los productos locales franceses y explora con pasi\u00f3n y creatividad las nuevas tendencias gastron\u00f3micas de los cinco continentes.[\/vc_column_text][vc_column_text el_class=\u00bbinfo_cle\u00bb]Suplemento de 60 euros por persona que incluye un asiento en la terraza con una copa de Champ\u00e1n Charles Heidsieck brut, vista de la Torre Eiffel garantizada.[\/vc_column_text]<a href=\"#\" class=\"btn btn-naked btn_underline open-vv ld_button_69f1c8c350b23\">\n\t<span>\n\t\t\n\t\t\t\t\t<span class=\"btn-txt\">iniciar la visita virtual.<\/span>\n\t\t\t\n\t\t\t\t<\/span>\n<\/a>\n[vc_column_text el_class=\u00bbinfo_cle\u00bb][\/vc_column_text]<a href=\"https:\/\/www.sevenrooms.com\/experiences\/cafedelhomme\/exp-rience-la-carte-5441280260538368?tracking=seo-blog\" target=\"_blank\" class=\"btn btn-naked btn_underline small-mt ld_button_69f1c8c350c27\">\n\t<span>\n\t\t\n\t\t\t\t\t<span class=\"btn-txt\">m\u00e1s informaci\u00f3n sobre la experiencia a la carta.<\/span>\n\t\t\t\n\t\t\t\t<\/span>\n<\/a>\n[\/vc_column_inner][vc_column_inner width=\u00bb1\/2&Prime; el_class=\u00bbpicture_bottom\u00bb][vc_single_image image=\u00bb998&Prime; img_size=\u00bbfull\u00bb][\/vc_column_inner][vc_column_inner el_class=\u00bbsection-shadow\u00bb][\/vc_column_inner][\/vc_row_inner][vc_row_inner equal_height=\u00bbyes\u00bb content_placement=\u00bbmiddle\u00bb el_class=\u00bbpremium section-to-animate\u00bb el_id=\u00bbpremium\u00bb css=\u00bb.vc_custom_1718626617124{background-color: #ffffff !important;}\u00bb][vc_column_inner width=\u00bb1\/2&Prime; el_class=\u00bbpicture_top\u00bb][vc_single_image image=\u00bb205&Prime; img_size=\u00bbfull\u00bb][\/vc_column_inner][vc_column_inner width=\u00bb1\/2&Prime; align=\u00bbtext-center\u00bb el_class=\u00bbtext_right section-text-content\u00bb][vc_custom_heading text=\u00bb06&Prime; font_container=\u00bbtag:div|text_align:center\u00bb css=\u00bb\u00bb el_class=\u00bbnumber-title\u00bb][vc_custom_heading text=\u00bbPremium\u00bb font_container=\u00bbtag:h2|text_align:center\u00bb css=\u00bb.vc_custom_1695990536976{margin-bottom: 54px !important;}\u00bb][vc_column_text el_class=\u00bbdescription\u00bb]En un suntuoso marco con vistas a la legendaria Dama de Hierro, ven a saborear un men\u00fa compuesto por nuestro Chef seg\u00fan las estaciones.[\/vc_column_text][vc_column_text el_class=\u00bbinfo_cle\u00bb]Desde 130 \u20ac por persona experiencia premium en interior<br \/>\nDesde 180 \u20ac por persona experiencia premium en exterior[\/vc_column_text]<a href=\"#\" class=\"btn btn-naked btn_underline open-vv eiffel-vv ld_button_69f1c8c350d32\">\n\t<span>\n\t\t\n\t\t\t\t\t<span class=\"btn-txt\">iniciar la visita virtual.<\/span>\n\t\t\t\n\t\t\t\t<\/span>\n<\/a>\n<a href=\"https:\/\/www.sevenrooms.com\/experiences\/cafedelhomme\/exp-rience-premium-5162328486?tracking=seo-blog\" target=\"_blank\" class=\"btn btn-naked btn_underline small-mt ld_button_69f1c8c350e34\">\n\t<span>\n\t\t\n\t\t\t\t\t<span class=\"btn-txt\">m\u00e1s informaci\u00f3n sobre la experiencia Premium.<\/span>\n\t\t\t\n\t\t\t\t<\/span>\n<\/a>\n[\/vc_column_inner][vc_column_inner el_class=\u00bbsection-shadow\u00bb][\/vc_column_inner][\/vc_row_inner][vc_row_inner equal_height=\u00bbyes\u00bb content_placement=\u00bbmiddle\u00bb el_class=\u00bba-la-carte section-to-animate\u00bb el_id=\u00bbbefore-dinner\u00bb css=\u00bb.vc_custom_1732703347382{background-color: #ffffff !important;}\u00bb][vc_column_inner width=\u00bb1\/2&Prime; align=\u00bbtext-center\u00bb el_class=\u00bbtext_left section-text-content\u00bb][vc_custom_heading text=\u00bb07&Prime; font_container=\u00bbtag:div|text_align:center\u00bb css=\u00bb\u00bb el_class=\u00bbnumber-title\u00bb][vc_custom_heading text=\u00bbAntes de cenar\u00bb font_container=\u00bbtag:h2|text_align:center\u00bb css=\u00bb\u00bb][vc_column_text css=\u00bb\u00bb el_class=\u00bbdescription\u00bb]Sum\u00e9rgete en una experiencia memorable en el entorno c\u00e1lido y elegante del Caf\u00e9 de l&rsquo;Homme. D\u00e9jate seducir por nuestro men\u00fa, especialmente dise\u00f1ado para realzar tus momentos, en el marco excepcional de una tarde ba\u00f1ada por el sol.[\/vc_column_text]<a href=\"#\" class=\"btn btn-naked btn_underline open-vv ld_button_69f1c8c350f3b\">\n\t<span>\n\t\t\n\t\t\t\t\t<span class=\"btn-txt\">iniciar la visita virtual.<\/span>\n\t\t\t\n\t\t\t\t<\/span>\n<\/a>\n<a href=\"https:\/\/www.sevenrooms.com\/experiences\/cafedelhomme\/after-dinner-11246148465?tracking=seo-blog\" target=\"_blank\" class=\"btn btn-naked btn_underline small-mt ld_button_69f1c8c35103f\">\n\t<span>\n\t\t\n\t\t\t\t\t<span class=\"btn-txt\">M\u00e1s informaci\u00f3n sobre la experiencia \u00abAntes de cenar\u00bb.<\/span>\n\t\t\t\n\t\t\t\t<\/span>\n<\/a>\n[\/vc_column_inner][vc_column_inner width=\u00bb1\/2&Prime; el_class=\u00bbpicture_bottom\u00bb][vc_single_image image=\u00bb9845&Prime; img_size=\u00bbfull\u00bb css=\u00bb\u00bb][\/vc_column_inner][vc_column_inner el_class=\u00bbsection-shadow\u00bb][\/vc_column_inner][\/vc_row_inner][vc_row_inner equal_height=\u00bbyes\u00bb content_placement=\u00bbmiddle\u00bb el_class=\u00bbpremium section-to-animate\u00bb el_id=\u00bbafter-dinner\u00bb css=\u00bb.vc_custom_1732703199501{background-color: #ffffff !important;}\u00bb][vc_column_inner width=\u00bb1\/2&Prime; el_class=\u00bbpicture_top\u00bb][vc_single_image image=\u00bb10757&Prime; img_size=\u00bbfull\u00bb css=\u00bb\u00bb][\/vc_column_inner][vc_column_inner width=\u00bb1\/2&Prime; align=\u00bbtext-center\u00bb el_class=\u00bbtext_right section-text-content\u00bb][vc_custom_heading text=\u00bb08&Prime; font_container=\u00bbtag:div|text_align:center\u00bb css=\u00bb\u00bb el_class=\u00bbnumber-title\u00bb][vc_custom_heading text=\u00bbDespu\u00e9s de cenar\u00bb font_container=\u00bbtag:h2|text_align:center\u00bb css=\u00bb.vc_custom_1732703249278{margin-bottom: 54px !important;}\u00bb][vc_column_text css=\u00bb\u00bb el_class=\u00bbdescription\u00bb]Reg\u00e1late una experiencia inolvidable en el c\u00e1lido y elegante entorno del Caf\u00e9 de l&rsquo;Homme, donde la m\u00fasica y el arte se dan cita en veladas m\u00e1gicas. Todos los mi\u00e9rcoles, jueves, viernes y s\u00e1bados, d\u00e9jate transportar por la vibrante energ\u00eda de los DJ sets en directo y las cautivadoras actuaciones de nuestros artistas invitados.[\/vc_column_text]<a href=\"#\" class=\"btn btn-naked btn_underline open-vv ld_button_69f1c8c35114b\">\n\t<span>\n\t\t\n\t\t\t\t\t<span class=\"btn-txt\">iniciar la visita virtual.<\/span>\n\t\t\t\n\t\t\t\t<\/span>\n<\/a>\n<a href=\"https:\/\/www.sevenrooms.com\/experiences\/cafedelhomme\/after-dinner-11246148465?tracking=seo-blog\" target=\"_blank\" class=\"btn btn-naked btn_underline small-mt ld_button_69f1c8c35124c\">\n\t<span>\n\t\t\n\t\t\t\t\t<span class=\"btn-txt\">M\u00e1s informaci\u00f3n sobre la experiencia Despu\u00e9s de cenar.<\/span>\n\t\t\t\n\t\t\t\t<\/span>\n<\/a>\n[\/vc_column_inner][vc_column_inner el_class=\u00bbsection-shadow\u00bb][\/vc_column_inner][\/vc_row_inner][\/vc_column][\/vc_row][vc_row el_id=\u00bbequipments\u00bb css=\u00bb.vc_custom_1745501845322{padding-top: 80px !important;padding-bottom: 80px !important;background-color: #faf9f6 !important;}\u00bb responsive_css=\u00bbpadding_top_large:145px|padding_bottom_large:168px\u00bb el_class=\u00bbprestations\u00bb][vc_column width=\u00bb5\/12&Prime;][vc_custom_heading text=\u00bbServicios de Le Caf\u00e9 de l&rsquo;Homme\u00bb css=\u00bb.vc_custom_1734019654296{margin-bottom: 40px !important;}\u00bb][vc_column_text css=\u00bb.vc_custom_1734019684126{margin-bottom: 40px !important;}\u00bb]<span style=\"font-weight: 400;\">Para una escapada culinaria inolvidable, <\/span><b>Caf\u00e9 de l&rsquo;Homme<\/b><span style=\"font-weight: 400;\"> te acoge en un marco prestigioso al pie del Trocadero de<\/span><b> Par\u00eds<\/b><span style=\"font-weight: 400;\">. Disfruta de un <\/span><b>Impresionante vista de la Torre Eiffel<\/b><span style=\"font-weight: 400;\">Ya sea para un almuerzo de convivencia o una cena excepcional.<\/span><\/p>\n<p><span style=\"font-weight: 400;\">Tanto si buscas <\/span><b>el mejor restaurante con vistas de Par\u00eds 16<\/b><span style=\"font-weight: 400;\"> o una direcci\u00f3n donde disfrutar de <\/span><b>gastronom\u00eda francesa<\/b><span style=\"font-weight: 400;\">Si buscas un lugar donde relajarte, seguro que nuestro establecimiento cumple todas tus expectativas. Nuestras c\u00f3modas y elegantes habitaciones est\u00e1n adaptadas a cada estaci\u00f3n, por lo que puedes estar seguro de que te lo pasar\u00e1s como nunca. <\/span><\/p>\n<p><span style=\"font-weight: 400;\">Descubre nuestras <\/span><a href=\"https:\/\/www.cafedelhomme.com\/es\/nuestra-experiencia\"><b>experiencias gastron\u00f3micas<\/b><\/a><span style=\"font-weight: 400;\"> y saborea platos creativos en un lugar donde cada detalle est\u00e1 pensado para deleitar tus sentidos. Con nuestro <\/span><b>terraza panor\u00e1mica con vistas a la Torre Eiffel<\/b><span style=\"font-weight: 400;\">cada comida se convierte en una celebraci\u00f3n del <\/span><b>refinamiento parisino<\/b><span style=\"font-weight: 400;\">.<\/span><\/p>\n<p><span style=\"font-weight: 400;\">Tanto si te preguntas <\/span><b>d\u00f3nde comer en Par\u00eds 16<\/b><span style=\"font-weight: 400;\"> o buscas un <\/span><b>restaurante gastron\u00f3mico<\/b><span style=\"font-weight: 400;\">, <\/span><b>Caf\u00e9 de l&rsquo;Homme<\/b><span style=\"font-weight: 400;\"> es la direcci\u00f3n ideal para una velada memorable.<\/span>[\/vc_column_text]<a href=\"https:\/\/www.sevenrooms.com\/explore\/cafedelhomme\/reservations\/create\/search?tracking=seo-blog\" target=\"_blank\" class=\"btn btn-naked btn_underline ld_button_69f1c8c351359\">\n\t<span>\n\t\t\n\t\t\t\t\t<span class=\"btn-txt\">reserve una mesa.<\/span>\n\t\t\t\n\t\t\t\t<\/span>\n<\/a>\n[\/vc_column][vc_column width=\u00bb7\/12&Prime;][vc_row_inner equal_height=\u00bbyes\u00bb content_placement=\u00bbmiddle\u00bb responsive_css=\u00bbmargin_bottom_large:30px\u00bb css=\u00bb.vc_custom_1686224165726{margin-bottom: 40px !important;}\u00bb el_class=\u00bboptions\u00bb][vc_column_inner width=\u00bb1\/2&Prime; enable_overlay=\u00bbyes\u00bb align=\u00bbtext-center\u00bb css=\u00bb.vc_custom_1686240038037{background-image: url(https:\/\/www.cafedelhomme.com\/wp-content\/uploads\/2023\/04\/img-right-scaled.jpg?id=371) !important;background-position: center !important;background-repeat: no-repeat !important;background-size: cover !important;}\u00bb overlay_bg=\u00bbrgba(0, 0, 0, 0.35)\u00bb el_class=\u00bboption-modal\u00bb]<a href=\"#\" class=\"btn btn-default btn-bordered border-thin btn btn-outline btn-outline-white open_modal-simple ld_button_69f1c8c351460\">\n\t<span>\n\t\t\n\t\t\t\t\t<span class=\"btn-txt\">Una experiencia gastron\u00f3mica excepcional<\/span>\n\t\t\t\n\t\t\t\t<\/span>\n<\/a>\n[vc_column_text css=\u00bb\u00bb el_class=\u00bbmodal-content-simple\u00bb]<span style=\"font-weight: 400;\">Situado en un lugar emblem\u00e1tico de Par\u00eds, con vistas a la Torre Eiffel. <\/span><b>vistas a la Torre Eiffel<\/b><span style=\"font-weight: 400;\">nuestro restaurante te invita a descubrir sabores excepcionales en un marco refinado.<\/span><\/p>\n<p><span style=\"font-weight: 400;\">El chef Wilfried Graux da prioridad a los productos <\/span><b>los productos de temporada<\/b><span style=\"font-weight: 400;\">Cada plato refleja el equilibrio perfecto entre tradici\u00f3n y modernidad. Cada plato refleja el equilibrio perfecto entre tradici\u00f3n y modernidad, ofreciendo una experiencia culinaria \u00fanica e inolvidable. <\/span><\/p>\n<p><span style=\"font-weight: 400;\">Con su prestigioso entorno y su terraza panor\u00e1mica, <\/span><b>Caf\u00e9 de l&rsquo;Homme<\/b><span style=\"font-weight: 400;\"> es el lugar ideal para disfrutar de una comida excepcional con vistas a uno de los monumentos m\u00e1s emblem\u00e1ticos del mundo.<\/span><\/p>\n<p><span style=\"font-weight: 400;\">D\u00e9jate seducir por <\/span><b>ambiente elegante<\/b><span style=\"font-weight: 400;\">sabores \u00fanicos y vistas espectaculares. Haz que cada momento sea memorable, en uno de nuestros <\/span><b>mejores restaurantes gastron\u00f3micos de Par\u00eds 16<\/b><span style=\"font-weight: 400;\">en el coraz\u00f3n del Trocadero.<\/span>[\/vc_column_text][\/vc_column_inner][vc_column_inner width=\u00bb1\/2&Prime; enable_overlay=\u00bbyes\u00bb align=\u00bbtext-center\u00bb css=\u00bb.vc_custom_1686240015414{background-image: url(https:\/\/www.cafedelhomme.com\/wp-content\/uploads\/2023\/04\/bg-fullscreen-scaled.jpg?id=452) !important;background-position: center !important;background-repeat: no-repeat !important;background-size: cover !important;}\u00bb overlay_bg=\u00bbrgba(0, 0, 0, 0.35)\u00bb el_class=\u00bboption-modal\u00bb]<a href=\"#\" class=\"btn btn-default btn-bordered border-thin btn btn-outline btn-outline-white open_modal-simple ld_button_69f1c8c351568\">\n\t<span>\n\t\t\n\t\t\t\t\t<span class=\"btn-txt\">Espacios de prestigio<\/span>\n\t\t\t\n\t\t\t\t<\/span>\n<\/a>\n[vc_column_text css=\u00bb\u00bb el_class=\u00bbmodal-content-simple\u00bb]<span style=\"font-weight: 400;\">En <\/span><b>Caf\u00e9 del Hombre<\/b><span style=\"font-weight: 400;\">cada espacio est\u00e1 dise\u00f1ado para ofrecer una experiencia de alta gama, realzada por una <\/span><b>espectacular vista de la Torre Eiffel<\/b><span style=\"font-weight: 400;\">.<\/span><\/p>\n<p><span style=\"font-weight: 400;\">En nuestra terraza, una iluminaci\u00f3n sutil y accesorios cuidadosamente elegidos, como sombrillas de primera calidad, crean un ambiente elegante y relajante. Incluso cuando refrescan las temperaturas, nuestra terraza cubierta sigue siendo acogedora y confortable. En el interior, un moderno sistema de aire acondicionado garantiza la temperatura ideal, sea cual sea la estaci\u00f3n, para una estancia agradable y relajante. <\/span><b>comodidad absoluta<\/b><span style=\"font-weight: 400;\"> en cualquier circunstancia.<\/span><\/p>\n<p><span style=\"font-weight: 400;\">Se ha pensado en cada detalle para realzar tu momento, ya sea para comer o cenar. Nuestras instalaciones, discretas pero sofisticadas, envuelven el espacio en un ambiente chic, respetando el encanto intemporal del lugar. Es esta b\u00fasqueda de la perfecci\u00f3n lo que hace que el <\/span><b>Caf\u00e9 del Hombre<\/b><span style=\"font-weight: 400;\"> uno de los mejores <\/span><b>mejores restaurantes con vistas de Par\u00eds 16<\/b><span style=\"font-weight: 400;\">.<\/span><\/p>\n<p><span style=\"font-weight: 400;\">Ven y experimenta una <\/span><b>inmersi\u00f3n sensorial<\/b><span style=\"font-weight: 400;\">donde la elegancia y el confort se unen para crear recuerdos inolvidables en uno de los m\u00e1s codiciados <\/span><b>restaurantes gastron\u00f3micos del distrito 16.<\/b><span style=\"font-weight: 400;\">.<\/span>[\/vc_column_text][\/vc_column_inner][\/vc_row_inner][vc_row_inner equal_height=\u00bbyes\u00bb content_placement=\u00bbmiddle\u00bb responsive_css=\u00bbmargin_bottom_large:10px\u00bb css=\u00bb.vc_custom_1686224370091{margin-bottom: 40px !important;}\u00bb el_class=\u00bboptions\u00bb][vc_column_inner width=\u00bb1\/2&Prime; enable_overlay=\u00bbyes\u00bb align=\u00bbtext-center\u00bb css=\u00bb.vc_custom_1686240081843{background-image: url(https:\/\/www.cafedelhomme.com\/wp-content\/uploads\/2023\/04\/BG-1-1.jpg?id=354) !important;background-position: center !important;background-repeat: no-repeat !important;background-size: cover !important;}\u00bb overlay_bg=\u00bbrgba(0, 0, 0, 0.35)\u00bb el_class=\u00bboption-modal\u00bb]<a href=\"#\" class=\"btn btn-default btn-bordered border-thin btn btn-outline btn-outline-white open_modal-simple ld_button_69f1c8c351668\">\n\t<span>\n\t\t\n\t\t\t\t\t<span class=\"btn-txt\">Una ubicaci\u00f3n ideal<\/span>\n\t\t\t\n\t\t\t\t<\/span>\n<\/a>\n[vc_column_text css=\u00bb\u00bb el_class=\u00bbmodal-content-simple\u00bb]<b>El restaurante Caf\u00e9 de l&rsquo;Homme<\/b><span style=\"font-weight: 400;\">del Trocadero, te da la bienvenida a uno de los <\/span><b>mejores lugares<\/b><span style=\"font-weight: 400;\"> para admirar la <\/span><b>la Torre Eiffel. <\/b> <span style=\"font-weight: 400;\">Cada comida se convierte en un momento inolvidable. Enclavado en el distrito 16, este lugar excepcional combina elegancia y practicidad para un almuerzo o una cena excepcionales. <\/span><\/p>\n<p><span style=\"font-weight: 400;\">Dise\u00f1ado pensando en tu comodidad, nuestro <\/span><b>restaurante gastron\u00f3mico<\/b><span style=\"font-weight: 400;\"> ofrece espacios refinados, que proporcionan paz y serenidad a cualquier hora del d\u00eda. Tanto si deseas disfrutar de una comida en la terraza como aprovechar nuestros elegantes espacios interiores, cada detalle est\u00e1 dise\u00f1ado para mejorar tu experiencia. <\/span><\/p>\n<p><a href=\"https:\/\/www.google.com\/maps\/place\/Caf%C3%A9+de+l%E2%80%99Homme+%7C+Restaurant+gastronomique+Paris+%7C+tour+Eiffel\/@48.8622057,2.2876293,1020m\/data=!3m2!1e3!4b1!4m6!3m5!1s0x47e66ffc9e072c95:0x6e8c2c71c8b791d8!8m2!3d48.8622057!4d2.2876293!16s%2Fg%2F1tqpykck?entry=ttu&amp;g_ep=EgoyMDI0MTExMi4wIKXMDSoASAFQAw%3D%3D\"><span style=\"font-weight: 400;\">Contacta con <\/span><b>Caf\u00e9 de l&rsquo;Homme<\/b><\/a><span style=\"font-weight: 400;\"> es f\u00e1cilmente accesible por las l\u00edneas de metro 9 y 6 (parada Trocad\u00e9ro), as\u00ed como por varias l\u00edneas de autob\u00fas (22, 30, 32, 63) y el RER C.<\/span><\/p>\n<p><span style=\"font-weight: 400;\">Ven a descubrirlo <\/span><b>en Par\u00eds 16<\/b><span style=\"font-weight: 400;\">donde la gastronom\u00eda francesa se encuentra con una vista espectacular. Entre sabores \u00fanicos y un panorama excepcional, <\/span><b>Caf\u00e9 del Hombre<\/b><span style=\"font-weight: 400;\"> se ha consolidado como una direcci\u00f3n emblem\u00e1tica para una <\/span><b>experiencia culinaria<\/b><span style=\"font-weight: 400;\"> culinaria.<\/span>[\/vc_column_text][\/vc_column_inner][vc_column_inner width=\u00bb1\/2&Prime; enable_overlay=\u00bbyes\u00bb align=\u00bbtext-center\u00bb css=\u00bb.vc_custom_1686240058941{background-image: url(https:\/\/www.cafedelhomme.com\/wp-content\/uploads\/2023\/04\/img-left-scaled.jpg?id=370) !important;background-position: center !important;background-repeat: no-repeat !important;background-size: cover !important;}\u00bb overlay_bg=\u00bbrgba(0, 0, 0, 0.35)\u00bb el_class=\u00bboption-modal\u00bb]<a href=\"#\" class=\"btn btn-default btn-bordered border-thin btn btn-outline btn-outline-white open_modal-simple ld_button_69f1c8c351765\">\n\t<span>\n\t\t\n\t\t\t\t\t<span class=\"btn-txt\">Espacios \u00fanicos<\/span>\n\t\t\t\n\t\t\t\t<\/span>\n<\/a>\n[vc_column_text css=\u00bb\u00bb el_class=\u00bbmodal-content-simple\u00bb]<span style=\"font-weight: 400;\">Cada zona del <\/span><b>Caf\u00e9 del Hombre<\/b><span style=\"font-weight: 400;\"> est\u00e1 dise\u00f1ado para ofrecerte una experiencia memorable en uno de los <\/span><b>mejores restaurantes con vistas de Par\u00eds 16<\/b><span style=\"font-weight: 400;\">.<\/span><\/p>\n<h4><b>Un interior c\u00e1lido y elegante<\/b><\/h4>\n<p><span style=\"font-weight: 400;\">Nuestro comedor interior te da la bienvenida en un ambiente acogedor, ideal para los d\u00edas m\u00e1s frescos. Con un dise\u00f1o que combina modernidad y refinamiento, este espacio ofrece un entorno c\u00f3modo y sofisticado. La combinaci\u00f3n de madera de cedro arenada y bancos de fresno crea un ambiente natural y chic. Perfecto para comer o cenar, este espacio garantiza una experiencia gastron\u00f3mica \u00fanica y memorable. <\/span><\/p>\n<h4><b>Una terraza con impresionantes vistas de la Torre Eiffel<\/b><\/h4>\n<p><span style=\"font-weight: 400;\">La terraza del <\/span><b>Caf\u00e9 del Hombre<\/b><span style=\"font-weight: 400;\"> ofrece una vista espectacular de la <\/span><b>Torre Eiffel<\/b><span style=\"font-weight: 400;\">Cada comida es una experiencia excepcional. Nuestra terraza te invita a saborear platos delicadamente preparados mientras admiras uno de los panoramas m\u00e1s emblem\u00e1ticos de Par\u00eds. <\/span><\/p>\n<p><span style=\"font-weight: 400;\">Tanto si buscas una comida \u00edntima como un lugar para celebrar una ocasi\u00f3n especial, nuestro <\/span><b>restaurante de Par\u00eds 16 <\/b><span style=\"font-weight: 400;\">es el lugar ideal para convertir cada momento en un recuerdo inolvidable.<\/span>[\/vc_column_text][\/vc_column_inner][\/vc_row_inner][\/vc_column][\/vc_row][vc_row full_width=\u00bbstretch_row\u00bb equal_height=\u00bbyes\u00bb bg_position=\u00bbcenter center\u00bb css=\u00bb.vc_custom_1745501859290{padding-top: 80px !important;padding-bottom: 80px !important;background-image: url(https:\/\/www.cafedelhomme.com\/wp-content\/uploads\/2023\/04\/BG-1-1.jpg?id=354) !important;background-position: center !important;background-repeat: no-repeat !important;background-size: cover !important;}\u00bb el_id=\u00bbimg-screen\u00bb responsive_css=\u00bbpadding_top_large:250px|padding_bottom_large:250px\u00bb][vc_column align=\u00bbtext-center\u00bb][vc_custom_heading text=\u00bbReserva un momento inolvidable\u00bb font_container=\u00bbtag:h2|text_align:center\u00bb css=\u00bb\u00bb el_class=\u00bbtitle mb-16&Prime;][vc_column_text css=\u00bb\u00bb el_class=\u00bbsub-title mb-40&Prime;]<em>Porque lo excepcional no espera, reserva ahora&#8230;<\/em>[\/vc_column_text]<a href=\"https:\/\/www.sevenrooms.com\/explore\/cafedelhomme\/reservations\/create\/search?tracking=seo-blog\" target=\"_blank\" class=\"btn btn-default btn-bordered border-thin btn btn-outline btn-outline-white ld_button_69f1c8c351863\">\n\t<span>\n\t\t\n\t\t\t\t\t<span class=\"btn-txt\">Me reservo.<\/span>\n\t\t\t\n\t\t\t\t<\/span>\n<\/a>\n[\/vc_column][\/vc_row]<\/p>\n<\/div>","protected":false},"excerpt":{"rendered":"<p>[vc_row sticky_row=\u00bbyes\u00bb css=\u00bb.vc_custom_1745501624919{background-image: url(https:\/\/www.cafedelhomme.com\/wp-content\/uploads\/2024\/01\/header-homepage-cdh.jpg?id=5114) !important;background-position: center !important;background-repeat: no-repeat !important;background-size: cover !important;}\u00bb el_id=\u00bbheader-page-simple\u00bb][vc_column responsive_css=\u00bbpadding_top_large:220px|padding_bottom_large:220px\u00bb css=\u00bb.vc_custom_1683277774171{padding-top: 120px !important;padding-bottom: 230px !important;}\u00bb][vc_custom_heading text=\u00bb\u00bfD\u00f3nde encontrar el mejor restaurante de Par\u00eds 16?\u00bb font_container=\u00bbtag:h1|text_align:center\u00bb css=\u00bb.vc_custom_1736757560294{margin-bottom: 0px !important;}\u00bb][vc_column_text css=\u00bb\u00bb] Vive una velada m\u00e1gica en , el mejor restaurante de Par\u00eds 16[\/vc_column_text][\/vc_column][\/vc_row][vc_row el_id=\u00bbimg-and-text\u00bb responsive_css=\u00bbpadding_top_large:160px|padding_bottom_large:80px\u00bb&#8230;<\/p>\n","protected":false},"author":14,"featured_media":9730,"parent":0,"menu_order":0,"comment_status":"closed","ping_status":"closed","template":"","meta":{"_acf_changed":false,"footnotes":""},"class_list":["post-9728","page","type-page","status-publish","has-post-thumbnail","hentry"],"acf":[],"yoast_head":"<!-- This site is optimized with the Yoast SEO Premium plugin v20.10 (Yoast SEO v27.0) - https:\/\/yoast.com\/product\/yoast-seo-premium-wordpress\/ -->\n<title>Mejor restaurante Par\u00eds 16 - Torre Eiffel en el tejado - Caf\u00e9 de l&#039;Homme<\/title>\n<meta name=\"description\" content=\"Caf\u00e9 de l&#039;Homme, el mejor restaurante de Par\u00eds 16, donde se unen la gastronom\u00eda francesa y las vistas de la Torre Eiffel.\" \/>\n<meta name=\"robots\" content=\"index, follow, max-snippet:-1, max-image-preview:large, max-video-preview:-1\" \/>\n<link rel=\"canonical\" href=\"https:\/\/www.cafedelhomme.com\/es\/mejor-restaurante-paris-16\" \/>\n<meta property=\"og:locale\" content=\"es_ES\" \/>\n<meta property=\"og:type\" content=\"article\" \/>\n<meta property=\"og:title\" content=\"Mejor restaurante Par\u00eds 16 - Caf\u00e9 de l&#039;Homme\" \/>\n<meta property=\"og:description\" content=\"Caf\u00e9 de l&#039;Homme, el mejor restaurante de Par\u00eds 16, donde se unen la gastronom\u00eda francesa y las vistas de la Torre Eiffel.\" \/>\n<meta property=\"og:url\" content=\"https:\/\/www.cafedelhomme.com\/es\/mejor-restaurante-paris-16\" \/>\n<meta property=\"og:site_name\" content=\"Caf\u00e9 de l&#039;Homme\" \/>\n<meta property=\"article:publisher\" content=\"https:\/\/www.facebook.com\/cafedelhomme\" \/>\n<meta property=\"article:modified_time\" content=\"2025-04-24T13:37:44+00:00\" \/>\n<meta property=\"og:image\" content=\"https:\/\/www.cafedelhomme.com\/wp-content\/uploads\/2024\/07\/cafe-de-lhomme-14-juillet-premium.webp\" \/>\n\t<meta property=\"og:image:width\" content=\"1920\" \/>\n\t<meta property=\"og:image:height\" content=\"1446\" \/>\n\t<meta property=\"og:image:type\" content=\"image\/webp\" \/>\n<meta name=\"twitter:card\" content=\"summary_large_image\" \/>\n<meta name=\"twitter:label1\" content=\"Tiempo de lectura\" \/>\n\t<meta name=\"twitter:data1\" content=\"15 minutos\" \/>\n<script type=\"application\/ld+json\" class=\"yoast-schema-graph\">{\"@context\":\"https:\/\/schema.org\",\"@graph\":[{\"@type\":\"WebPage\",\"@id\":\"https:\/\/www.cafedelhomme.com\/es\/mejor-restaurante-paris-16\",\"url\":\"https:\/\/www.cafedelhomme.com\/es\/mejor-restaurante-paris-16\",\"name\":\"Mejor restaurante Par\u00eds 16 - Torre Eiffel en el tejado - Caf\u00e9 de l&#039;Homme\",\"isPartOf\":{\"@id\":\"https:\/\/www.cafedelhomme.com\/es#website\"},\"primaryImageOfPage\":{\"@id\":\"https:\/\/www.cafedelhomme.com\/es\/mejor-restaurante-paris-16#primaryimage\"},\"image\":{\"@id\":\"https:\/\/www.cafedelhomme.com\/es\/mejor-restaurante-paris-16#primaryimage\"},\"thumbnailUrl\":\"https:\/\/www.cafedelhomme.com\/wp-content\/uploads\/2024\/07\/cafe-de-lhomme-14-juillet-premium.webp\",\"datePublished\":\"2025-01-14T07:59:25+00:00\",\"dateModified\":\"2025-04-24T13:37:44+00:00\",\"description\":\"Caf\u00e9 de l'Homme, el mejor restaurante de Par\u00eds 16, donde se unen la gastronom\u00eda francesa y las vistas de la Torre Eiffel.\",\"inLanguage\":\"es\",\"potentialAction\":[{\"@type\":\"ReadAction\",\"target\":[\"https:\/\/www.cafedelhomme.com\/es\/mejor-restaurante-paris-16\"]}]},{\"@type\":\"ImageObject\",\"inLanguage\":\"es\",\"@id\":\"https:\/\/www.cafedelhomme.com\/es\/mejor-restaurante-paris-16#primaryimage\",\"url\":\"https:\/\/www.cafedelhomme.com\/wp-content\/uploads\/2024\/07\/cafe-de-lhomme-14-juillet-premium.webp\",\"contentUrl\":\"https:\/\/www.cafedelhomme.com\/wp-content\/uploads\/2024\/07\/cafe-de-lhomme-14-juillet-premium.webp\",\"width\":1920,\"height\":1446},{\"@type\":\"WebSite\",\"@id\":\"https:\/\/www.cafedelhomme.com\/es#website\",\"url\":\"https:\/\/www.cafedelhomme.com\/es\",\"name\":\"Caf\u00e9 de l'Homme\",\"description\":\"\",\"publisher\":{\"@id\":\"https:\/\/www.cafedelhomme.com\/es#organization\"},\"potentialAction\":[{\"@type\":\"SearchAction\",\"target\":{\"@type\":\"EntryPoint\",\"urlTemplate\":\"https:\/\/www.cafedelhomme.com\/es?s={search_term_string}\"},\"query-input\":{\"@type\":\"PropertyValueSpecification\",\"valueRequired\":true,\"valueName\":\"search_term_string\"}}],\"inLanguage\":\"es\"},{\"@type\":\"Organization\",\"@id\":\"https:\/\/www.cafedelhomme.com\/es#organization\",\"name\":\"Caf\u00e9 del Hombre\",\"url\":\"https:\/\/www.cafedelhomme.com\/es\",\"logo\":{\"@type\":\"ImageObject\",\"inLanguage\":\"es\",\"@id\":\"https:\/\/www.cafedelhomme.com\/es#\/schema\/logo\/image\/\",\"url\":\"https:\/\/www.cafedelhomme.com\/wp-content\/uploads\/2023\/04\/big-logo-300x163-1.png\",\"contentUrl\":\"https:\/\/www.cafedelhomme.com\/wp-content\/uploads\/2023\/04\/big-logo-300x163-1.png\",\"width\":300,\"height\":163,\"caption\":\"Caf\u00e9 del Hombre\"},\"image\":{\"@id\":\"https:\/\/www.cafedelhomme.com\/es#\/schema\/logo\/image\/\"},\"sameAs\":[\"https:\/\/www.facebook.com\/cafedelhomme\",\"https:\/\/www.instagram.com\/cafedelhomme\/\"]}]}<\/script>\n<!-- \/ Yoast SEO Premium plugin. -->","yoast_head_json":{"title":"Mejor restaurante Par\u00eds 16 - Torre Eiffel en el tejado - Caf\u00e9 de l&#039;Homme","description":"Caf\u00e9 de l'Homme, el mejor restaurante de Par\u00eds 16, donde se unen la gastronom\u00eda francesa y las vistas de la Torre Eiffel.","robots":{"index":"index","follow":"follow","max-snippet":"max-snippet:-1","max-image-preview":"max-image-preview:large","max-video-preview":"max-video-preview:-1"},"canonical":"https:\/\/www.cafedelhomme.com\/es\/mejor-restaurante-paris-16","og_locale":"es_ES","og_type":"article","og_title":"Mejor restaurante Par\u00eds 16 - Caf\u00e9 de l&#039;Homme","og_description":"Caf\u00e9 de l'Homme, el mejor restaurante de Par\u00eds 16, donde se unen la gastronom\u00eda francesa y las vistas de la Torre Eiffel.","og_url":"https:\/\/www.cafedelhomme.com\/es\/mejor-restaurante-paris-16","og_site_name":"Caf\u00e9 de l&#039;Homme","article_publisher":"https:\/\/www.facebook.com\/cafedelhomme","article_modified_time":"2025-04-24T13:37:44+00:00","og_image":[{"width":1920,"height":1446,"url":"https:\/\/www.cafedelhomme.com\/wp-content\/uploads\/2024\/07\/cafe-de-lhomme-14-juillet-premium.webp","type":"image\/webp"}],"twitter_card":"summary_large_image","twitter_misc":{"Tiempo de lectura":"15 minutos"},"schema":{"@context":"https:\/\/schema.org","@graph":[{"@type":"WebPage","@id":"https:\/\/www.cafedelhomme.com\/es\/mejor-restaurante-paris-16","url":"https:\/\/www.cafedelhomme.com\/es\/mejor-restaurante-paris-16","name":"Mejor restaurante Par\u00eds 16 - Torre Eiffel en el tejado - Caf\u00e9 de l&#039;Homme","isPartOf":{"@id":"https:\/\/www.cafedelhomme.com\/es#website"},"primaryImageOfPage":{"@id":"https:\/\/www.cafedelhomme.com\/es\/mejor-restaurante-paris-16#primaryimage"},"image":{"@id":"https:\/\/www.cafedelhomme.com\/es\/mejor-restaurante-paris-16#primaryimage"},"thumbnailUrl":"https:\/\/www.cafedelhomme.com\/wp-content\/uploads\/2024\/07\/cafe-de-lhomme-14-juillet-premium.webp","datePublished":"2025-01-14T07:59:25+00:00","dateModified":"2025-04-24T13:37:44+00:00","description":"Caf\u00e9 de l'Homme, el mejor restaurante de Par\u00eds 16, donde se unen la gastronom\u00eda francesa y las vistas de la Torre Eiffel.","inLanguage":"es","potentialAction":[{"@type":"ReadAction","target":["https:\/\/www.cafedelhomme.com\/es\/mejor-restaurante-paris-16"]}]},{"@type":"ImageObject","inLanguage":"es","@id":"https:\/\/www.cafedelhomme.com\/es\/mejor-restaurante-paris-16#primaryimage","url":"https:\/\/www.cafedelhomme.com\/wp-content\/uploads\/2024\/07\/cafe-de-lhomme-14-juillet-premium.webp","contentUrl":"https:\/\/www.cafedelhomme.com\/wp-content\/uploads\/2024\/07\/cafe-de-lhomme-14-juillet-premium.webp","width":1920,"height":1446},{"@type":"WebSite","@id":"https:\/\/www.cafedelhomme.com\/es#website","url":"https:\/\/www.cafedelhomme.com\/es","name":"Caf\u00e9 de l'Homme","description":"","publisher":{"@id":"https:\/\/www.cafedelhomme.com\/es#organization"},"potentialAction":[{"@type":"SearchAction","target":{"@type":"EntryPoint","urlTemplate":"https:\/\/www.cafedelhomme.com\/es?s={search_term_string}"},"query-input":{"@type":"PropertyValueSpecification","valueRequired":true,"valueName":"search_term_string"}}],"inLanguage":"es"},{"@type":"Organization","@id":"https:\/\/www.cafedelhomme.com\/es#organization","name":"Caf\u00e9 del Hombre","url":"https:\/\/www.cafedelhomme.com\/es","logo":{"@type":"ImageObject","inLanguage":"es","@id":"https:\/\/www.cafedelhomme.com\/es#\/schema\/logo\/image\/","url":"https:\/\/www.cafedelhomme.com\/wp-content\/uploads\/2023\/04\/big-logo-300x163-1.png","contentUrl":"https:\/\/www.cafedelhomme.com\/wp-content\/uploads\/2023\/04\/big-logo-300x163-1.png","width":300,"height":163,"caption":"Caf\u00e9 del Hombre"},"image":{"@id":"https:\/\/www.cafedelhomme.com\/es#\/schema\/logo\/image\/"},"sameAs":["https:\/\/www.facebook.com\/cafedelhomme","https:\/\/www.instagram.com\/cafedelhomme\/"]}]}},"_links":{"self":[{"href":"https:\/\/www.cafedelhomme.com\/es\/wp-json\/wp\/v2\/pages\/9728","targetHints":{"allow":["GET"]}}],"collection":[{"href":"https:\/\/www.cafedelhomme.com\/es\/wp-json\/wp\/v2\/pages"}],"about":[{"href":"https:\/\/www.cafedelhomme.com\/es\/wp-json\/wp\/v2\/types\/page"}],"author":[{"embeddable":true,"href":"https:\/\/www.cafedelhomme.com\/es\/wp-json\/wp\/v2\/users\/14"}],"replies":[{"embeddable":true,"href":"https:\/\/www.cafedelhomme.com\/es\/wp-json\/wp\/v2\/comments?post=9728"}],"version-history":[{"count":7,"href":"https:\/\/www.cafedelhomme.com\/es\/wp-json\/wp\/v2\/pages\/9728\/revisions"}],"predecessor-version":[{"id":11049,"href":"https:\/\/www.cafedelhomme.com\/es\/wp-json\/wp\/v2\/pages\/9728\/revisions\/11049"}],"wp:featuredmedia":[{"embeddable":true,"href":"https:\/\/www.cafedelhomme.com\/es\/wp-json\/wp\/v2\/media\/9730"}],"wp:attachment":[{"href":"https:\/\/www.cafedelhomme.com\/es\/wp-json\/wp\/v2\/media?parent=9728"}],"curies":[{"name":"wp","href":"https:\/\/api.w.org\/{rel}","templated":true}]}}