{"id":9794,"date":"2023-07-02T14:48:36","date_gmt":"2023-07-02T12:48:36","guid":{"rendered":"https:\/\/www.cafedelhomme.com\/privatizar\/celebra-el-14-de-julio-frente-a-la-torre-eiffel-cafe-de-lhomme"},"modified":"2026-04-16T11:38:49","modified_gmt":"2026-04-16T09:38:49","slug":"celebra-el-14-de-julio-frente-a-la-torre-eiffel-cafe-de-lhomme","status":"publish","type":"page","link":"https:\/\/www.cafedelhomme.com\/es\/privatizar\/celebra-el-14-de-julio-frente-a-la-torre-eiffel-cafe-de-lhomme","title":{"rendered":"Celebra el 14 de julio frente a la Torre Eiffel - Caf\u00e9 de l&rsquo;Homme"},"content":{"rendered":"<div class=\"wpb-content-wrapper\"><p>[vc_row sticky_row=\u00bbyes\u00bb video_bg=\u00bbyes\u00bb video_local_mp4_url=\u00bbhttps:\/\/www.cafedelhomme.com\/wp-content\/uploads\/2026\/01\/D-2-\ud83d\udc06-See-you-on-22.01.Dont-forget-to-book-your-table-\ud83e\udea9SauvageByCDH-Party-DJSetLive-Paris.mp4&Prime; enable_content_animation=\u00bbyes\u00bb animation_preset=\u00bbFade In\u00bb bg_position=\u00bbcenter center\u00bb css=\u00bb.vc_custom_1770718183123{background-image: url(https:\/\/www.cafedelhomme.com\/wp-content\/uploads\/2025\/06\/TourEiffel-FeuArtifice1-1.jpg?id=12044) !important;background-position: center !important;background-repeat: no-repeat !important;background-size: cover !important;}\u00bb ca_start_delay=\u00bb500&Prime; el_id=\u00bbheader-page-simple\u00bb][vc_column responsive_css=\u00bbpadding_top_large:200px|padding_bottom_large:200px\u00bb css=\u00bb.vc_custom_1750840175544{padding-top: 150px !important;padding-bottom: 150px !important;}\u00bb][vc_custom_heading text=\u00bbExperimenta<br \/>\nen<br \/>\n14 de julio en<br \/>\nCaf\u00e9 de l&apos;Homme\u00bb font_container=\u00bbtag:h1|text_align:center\u00bb css_animation=\u00bbnone\u00bb css=\u00bb.vc_custom_1719925936675{margin-bottom: 0px !important;}\u00bb][\/vc_column][\/vc_row][vc_row equal_height=\u00bbyes\u00bb content_placement=\u00bbmiddle\u00bb bg_position=\u00bbcenter center\u00bb responsive_css=\u00bbpadding_top_large:135px|padding_bottom_large:135px\u00bb css=\u00bb.vc_custom_1774601827189{padding-top: 80px !important;padding-bottom: 80px !important;background-color: #121212 !important;background-position: center !important;background-repeat: no-repeat !important;background-size: cover !important;}\u00bb el_id=\u00bbimg-y-texto-alt\u00bb el_class=\u00bbdecouverte_carte\u00bb][vc_column][vc_row_inner equal_height=\u00bbyes\u00bb content_placement=\u00bbmiddle\u00bb el_class=\u00bbspotify_histoires\u00bb][vc_column_inner width=\u00bb1\/2&Prime;][vc_single_image image=\u00bb19171&Prime; img_size=\u00bbfull\u00bb css=\u00bb.vc_custom_1776332122301{margin-bottom: 0px !important;}\u00bb][\/vc_column_inner][vc_column_inner width=\u00bb1\/2&Prime; align=\u00bbtext-center\u00bb el_class=\u00bbtext_right\u00bb][vc_custom_heading text=\u00bbCelebra el 14 de julio en Par\u00eds en un marco excepcional en el Caf\u00e9 de l&apos;Homme\u00bb font_container=\u00bbtag:h2|text_align:center\u00bb css=\u00bb\u00bb][vc_column_text css=\u00bb\u00bb]<\/p>\n<p style=\"text-align: center;\">Frente a la Torre <strong>Eiffel<\/strong>, el <strong>restaurante<\/strong> te da la bienvenida a su <strong>azotea<\/strong> <strong>festiva<\/strong> para una velada \u00fanica <strong>del 14 de julio<\/strong> <strong>de 2026<\/strong>. Un ambiente musical, un esp\u00edritu festivo y una vista impresionante de los fuegos artificiales de la Torre <strong>Eiffel<\/strong>. <\/p>\n<p>[\/vc_column_text]<a href=\"https:\/\/www.cafedelhomme.com\/?bookingv2=true&#038;alveole_date=2026-07-14&#038;alveole_time=20:00\" target=\"_blank\" class=\"btn btn-naked btn_underline ld_button_69f4e054f047f\">\n\t<span>\n\t\t\n\t\t\t\t\t<span class=\"btn-txt\">R\u00e9server.<\/span>\n\t\t\t\n\t\t\t\t<\/span>\n<\/a>\n[\/vc_column_inner][\/vc_row_inner][\/vc_column][\/vc_row][vc_row responsive_css=\u00bbpadding_top_large:160px|padding_bottom_large:160px\u00bb css=\u00bb.vc_custom_1770719264645{padding-top: 80px !important;padding-bottom: 80px !important;}\u00bb el_class=\u00bbintro\u00bb el_id=\u00bbpan rallado-intro\u00bb][vc_column align=\u00bbtext-center\u00bb el_id=\u00bbintro-section\u00bb][vc_custom_heading text=\u00bbExperiencias excepcionales el 14 de julio en el Caf\u00e9 de l&apos;Homme\u00bb font_container=\u00bbtag:h2|text_align:center\u00bb css=\u00bb\u00bb][vc_column_text css=\u00bb\u00bb]Las plazas son limitadas, as\u00ed que no pierdas esta oportunidad de disfrutar de un momento especial en un entorno refinado.[\/vc_column_text][\/vc_column][\/vc_row][vc_section el_id=\u00bbsection-avis\u00bb][vc_row el_id=\u00bbimg-y-texto\u00bb responsive_css=\u00bbpadding_bottom_large:80px\u00bb css=\u00bb.vc_custom_1686126290516{padding-bottom: 40px !important;background-color: #ffffff !important;}\u00bb el_class=\u00bbimg-and-text\u00bb][vc_column][vc_row_inner equal_height=\u00bbyes\u00bb content_placement=\u00bbmiddle\u00bb el_class=\u00bba-la-carte section-to-animate\u00bb el_id=\u00bbpremium\u00bb css=\u00bb.vc_custom_1719922840443{background-color: #ffffff !important;}\u00bb][vc_column_inner width=\u00bb1\/2&Prime; align=\u00bbtext-center\u00bb el_class=\u00bbtext_left section-text-content\u00bb][vc_custom_heading text=\u00bb01&Prime; font_container=\u00bbtag:div|text_align:center\u00bb css=\u00bb\u00bb el_class=\u00bbnumber-title\u00bb][vc_custom_heading text=\u00bbTrocadero\u00bb font_container=\u00bbtag:h2|text_align:center\u00bb css=\u00bb\u00bb][vc_custom_heading text=\u00bbVIVE LA MAGIA DE PAR\u00cdS\u00bb font_container=\u00bbtag:p|text_align:center\u00bb css=\u00bb\u00bb el_class=\u00bbsubtitle\u00bb][vc_column_text css=\u00bb\u00bb el_class=\u00bbdescription\u00bb]Disfruta de una velada m\u00e1gica en nuestro restaurante con una vista impresionante de los fuegos artificiales de la Torre Eiffel. Disfruta de una experiencia culinaria excepcional en la tercera fila frente a este deslumbrante espect\u00e1culo.[\/vc_column_text][vc_column_text el_class=\u00bbinfo_cle\u00bb][\/vc_column_text]<a href=\"https:\/\/www.cafedelhomme.com\/wp-content\/uploads\/2026\/01\/14.07_TROCADERO_V2_01.05-1.pdf\" target=\"_blank\" class=\"btn btn-naked btn_underline ld_button_69f4e054f0651\">\n\t<span>\n\t\t\n\t\t\t\t\t<span class=\"btn-txt\">d\u00e9couvrir le menu<\/span>\n\t\t\t\n\t\t\t\t<\/span>\n<\/a>\n<a href=\"https:\/\/www.cafedelhomme.com\/?bookingv2=true&#038;alveole_date=2026-07-14&#038;alveole_time=20:00\" target=\"_blank\" class=\"btn btn-naked btn_underline ld_button_69f4e054f078b\">\n\t<span>\n\t\t\n\t\t\t\t\t<span class=\"btn-txt\">R\u00e9server.<\/span>\n\t\t\t\n\t\t\t\t<\/span>\n<\/a>\n[\/vc_column_inner][vc_column_inner width=\u00bb1\/2&Prime; el_class=\u00bbpicture_bottom\u00bb][vc_single_image image=\u00bb6114&Prime; img_size=\u00bbfull\u00bb css=\u00bb\u00bb][\/vc_column_inner][vc_column_inner el_class=\u00bbsection-shadow\u00bb][\/vc_column_inner][\/vc_row_inner][vc_row_inner equal_height=\u00bbyes\u00bb content_placement=\u00bbmiddle\u00bb el_class=\u00bbdiamond section-to-animate\u00bb el_id=\u00bbdiamond\u00bb css=\u00bb.vc_custom_1718626586694{background-color: #ffffff !important;}\u00bb][vc_column_inner width=\u00bb1\/2&Prime; el_class=\u00bbpicture_top\u00bb][vc_single_image image=\u00bb11916&Prime; img_size=\u00bbfull\u00bb css=\u00bb\u00bb][\/vc_column_inner][vc_column_inner width=\u00bb1\/2&Prime; align=\u00bbtext-center\u00bb el_class=\u00bbtext_right section-text-content\u00bb][vc_custom_heading text=\u00bb02&Prime; font_container=\u00bbtag:div|text_align:center\u00bb el_class=\u00bbnumber-title\u00bb][vc_custom_heading text=\u00bbPar\u00eds\u00bb font_container=\u00bbtag:h2|text_align:center\u00bb css=\u00bb\u00bb][vc_custom_heading text=\u00bbPARA UN MOMENTO EXCEPCIONAL\u00bb font_container=\u00bbtag:p|text_align:center\u00bb el_class=\u00bbsubtitle\u00bb][vc_column_text css=\u00bb\u00bb el_class=\u00bbdescription\u00bb]Descubre el arte de vivir a la francesa, magnificado por nuestro Chef Wilfried Graux. Sucumbe a la magia de Par\u00eds y marav\u00edllate con los fuegos artificiales del 14 de julio desde la terraza de nuestro restaurante. Todo con una vista privilegiada de la segunda fila.[\/vc_column_text]<a href=\"https:\/\/www.cafedelhomme.com\/wp-content\/uploads\/2026\/01\/14.07_PARIS_V2_01.06.pdf\" target=\"_blank\" class=\"btn btn-naked btn_underline ld_button_69f4e054f08b4\">\n\t<span>\n\t\t\n\t\t\t\t\t<span class=\"btn-txt\">d\u00e9couvrir le menu<\/span>\n\t\t\t\n\t\t\t\t<\/span>\n<\/a>\n<a href=\"https:\/\/www.cafedelhomme.com\/?bookingv2=true&#038;alveole_date=2026-07-14&#038;alveole_time=20:00\" target=\"_blank\" class=\"btn btn-naked btn_underline ld_button_69f4e054f09ca\">\n\t<span>\n\t\t\n\t\t\t\t\t<span class=\"btn-txt\">R\u00e9server.<\/span>\n\t\t\t\n\t\t\t\t<\/span>\n<\/a>\n[\/vc_column_inner][vc_column_inner el_class=\u00bbsection-shadow\u00bb][\/vc_column_inner][\/vc_row_inner][vc_row_inner equal_height=\u00bbyes\u00bb content_placement=\u00bbmiddle\u00bb el_class=\u00bbeiffel section-to-animate\u00bb el_id=\u00bbeiffel\u00bb css=\u00bb.vc_custom_1718626596139{background-color: #ffffff !important;}\u00bb][vc_column_inner width=\u00bb1\/2&Prime; align=\u00bbtext-center\u00bb el_class=\u00bbtext_left section-text-content\u00bb][vc_custom_heading text=\u00bb03&Prime; font_container=\u00bbtag:div|text_align:center\u00bb css=\u00bb\u00bb el_class=\u00bbnumber-title\u00bb][vc_custom_heading text=\u00bbEiffel\u00bb font_container=\u00bbtag:h2|text_align:center\u00bb][vc_custom_heading text=\u00bbLA QUINTAESENCIA DEL CAF\u00c9 DEL HOMBRE\u00bb font_container=\u00bbtag:p|text_align:center\u00bb css=\u00bb.vc_custom_1695990250058{padding-bottom: 0px !important;}\u00bb el_class=\u00bbsubtitle\u00bb][vc_column_text css=\u00bb\u00bb el_class=\u00bbdescription\u00bb]Reg\u00e1late una experiencia excepcional para celebrar el D\u00eda de la Bastilla. Desde nuestro restaurante, disfruta de una cena de 5 platos con una impresionante vista panor\u00e1mica de uno de los espect\u00e1culos m\u00e1s bellos de Par\u00eds. <\/p>\n<p>Sum\u00e9rgete en un ambiente refinado en el que se ha pensado en cada detalle para realzar el momento: un servicio discreto y atento, un men\u00fa gourmet cuidadosamente elaborado y un ambiente elegante y festivo.<\/p>\n<p>Un momento \u00fanico, para vivirlo como un privilegio, para compartirlo como un secreto.[\/vc_column_text]<a href=\"https:\/\/www.cafedelhomme.com\/wp-content\/uploads\/2026\/01\/14.07_EIFFEL_V2_01.06.pdf\" target=\"_blank\" class=\"btn btn-naked btn_underline ld_button_69f4e054f0ae1\">\n\t<span>\n\t\t\n\t\t\t\t\t<span class=\"btn-txt\">d\u00e9couvrir le menu<\/span>\n\t\t\t\n\t\t\t\t<\/span>\n<\/a>\n<a href=\"https:\/\/www.cafedelhomme.com\/?bookingv2=true&#038;alveole_date=2026-07-14&#038;alveole_time=20:00\" target=\"_blank\" class=\"btn btn-naked btn_underline ld_button_69f4e054f0bf6\">\n\t<span>\n\t\t\n\t\t\t\t\t<span class=\"btn-txt\">R\u00e9server.<\/span>\n\t\t\t\n\t\t\t\t<\/span>\n<\/a>\n[\/vc_column_inner][vc_column_inner width=\u00bb1\/2&Prime; el_class=\u00bbpicture_bottom\u00bb][vc_single_image image=\u00bb11924&Prime; img_size=\u00bbfull\u00bb css=\u00bb\u00bb][\/vc_column_inner][\/vc_row_inner][\/vc_column][\/vc_row][\/vc_section][vc_row disable_element=\u00bbyes\u00bb el_id=\u00bbimg-y-texto-alt\u00bb responsive_css=\u00bbpadding_top_large:160px|padding_bottom_large:80px\u00bb css=\u00bb.vc_custom_1770719373030{padding-bottom: 40px !important;background-color: #ffffff !important;}\u00bb][vc_column][vc_row_inner equal_height=\u00bbyes\u00bb content_placement=\u00bbmiddle\u00bb responsive_css=\u00bbmargin_bottom_large:80px\u00bb css=\u00bb.vc_custom_1719923057914{margin-bottom: 40px !important;}\u00bb][vc_column_inner width=\u00bb1\/2&Prime; el_class=\u00bbtext_right\u00bb][vc_custom_heading text=\u00bbCelebra el D\u00eda de la Bastilla\u00bb css=\u00bb\u00bb][vc_column_text css_animation=\u00bbappear\u00bb css=\u00bb\u00bb]Para el 14 de julio, el Caf\u00e9 de l&rsquo;Homme te invita a una velada excepcional con una vista impresionante de los fuegos artificiales desde la Torre Eiffel.<\/p>\n<p>Disfruta de una experiencia gastron\u00f3mica y sensorial \u00fanica con un men\u00fa especialmente dise\u00f1ado para la ocasi\u00f3n, que combina platos refinados y vinos excepcionales.<\/p>\n<p>Ponte c\u00f3modo en nuestra azotea y admira la revista de bailarinas de cabaret \u00bbBelles de plumes\u00bb en 5 cuadros que muestran la ciudad de Par\u00eds y sus monumentos. Prolonga la velada en un ambiente festivo y chic con un DJ set al aire libre.[\/vc_column_text]<a href=\"https:\/\/sevn.ly\/xdhXVvv2\" target=\"_blank\" class=\"btn btn-naked btn_underline ld_button_69f4e054f0d07\">\n\t<span>\n\t\t\n\t\t\t\t\t<span class=\"btn-txt\">je r\u00e9serve<\/span>\n\t\t\t\n\t\t\t\t<\/span>\n<\/a>\n[\/vc_column_inner][vc_column_inner width=\u00bb1\/2&Prime; el_class=\u00bbpicture_top\u00bb][vc_single_image image=\u00bb11924&Prime; img_size=\u00bbfull\u00bb css=\u00bb.vc_custom_1750777775038{margin-bottom: 0px !important;}\u00bb el_class=\u00bbimg-juillet\u00bb][\/vc_column_inner][\/vc_row_inner][\/vc_column][\/vc_row][vc_row el_id=\u00bbequipements\u00bb css=\u00bb.vc_custom_1686224179321{padding-top: 80px !important;padding-bottom: 80px !important;background-color: #faf9f6 !important;}\u00bb responsive_css=\u00bbpadding_top_large:145px|padding_bottom_large:168px\u00bb el_class=\u00bbprestations\u00bb][vc_column width=\u00bb5\/12&Prime;][vc_custom_heading text=\u00bbPrograma exclusivo para el Trocadero el 14 de julio de 2026 en el Caf\u00e9 de l&apos;Homme\u00bb css=\u00bb.vc_custom_1770806220127{margin-bottom: 40px !important;}\u00bb][vc_column_text css=\u00bb.vc_custom_1770806289497{margin-bottom: 40px !important;}\u00bb]Vive el 14 de julio de 2026 en Par\u00eds en uno de los lugares m\u00e1s emblem\u00e1ticos de la capital. En el coraz\u00f3n del Trocadero, el Caf\u00e9 de l&rsquo;Homme te invita a una velada excepcional con vistas a la Torre Eiffel.[\/vc_column_text]<a href=\"https:\/\/sevn.ly\/xdhXVvv2\" target=\"_blank\" class=\"btn btn-naked btn_underline ld_button_69f4e054f0e0f\">\n\t<span>\n\t\t\n\t\t\t\t\t<span class=\"btn-txt\">R\u00e9server.<\/span>\n\t\t\t\n\t\t\t\t<\/span>\n<\/a>\n[\/vc_column][vc_column width=\u00bb7\/12&Prime;][vc_row_inner equal_height=\u00bbyes\u00bb content_placement=\u00bbmiddle\u00bb responsive_css=\u00bbmargin_bottom_large:30px\u00bb css=\u00bb.vc_custom_1686224165726{margin-bottom: 40px !important;}\u00bb el_class=\u00bboptions\u00bb][vc_column_inner width=\u00bb1\/2&Prime; enable_overlay=\u00bbyes\u00bb align=\u00bbtext-center\u00bb css=\u00bb.vc_custom_1770806969450{background-image: url(https:\/\/www.cafedelhomme.com\/wp-content\/uploads\/2026\/02\/IMG_2502.jpg?id=15362) !important;background-position: center !important;background-repeat: no-repeat !important;background-size: cover !important;}\u00bb overlay_bg=\u00bbrgba(0, 0, 0, 0.35)\u00bb el_class=\u00bboption-modal\u00bb]<a href=\"#\" class=\"btn btn-default btn-bordered border-thin btn btn-outline btn-outline-white open_modal-simple ld_button_69f4e054f0f15\">\n\t<span>\n\t\t\n\t\t\t\t\t<span class=\"btn-txt\">Une performance live au saxophone<\/span>\n\t\t\t\n\t\t\t\t<\/span>\n<\/a>\n[vc_column_text css=\u00bb\u00bb el_class=\u00bbmodal-content-simple\u00bb]La noche del <strong>14 de julio de 2026<\/strong>, el ambiente adquiere una dimensi\u00f3n a\u00fan m\u00e1s vibrante con la actuaci\u00f3n en directo de un saxofonista en el coraz\u00f3n de la azotea del <strong>Caf\u00e9 de l&rsquo;Homme<\/strong>.<\/p>\n<p>Las primeras notas se elevan frente a la <strong>Torre Eiffel<\/strong> iluminada. El sonido c\u00e1lido y potente del saxof\u00f3n se mezcla con los ritmos festivos del DJ. El artista circula entre los invitados, creando sorpresas y captando sus miradas. La energ\u00eda se vuelve m\u00e1s intensa. M\u00e1s envolvente.    <\/p>\n<p>Cada intervenci\u00f3n transforma el momento. La <strong>azotea<\/strong> se convierte en un escenario al aire libre. La m\u00fasica resuena en el aire <strong>del Trocadero<\/strong>. El ambiente gana en elegancia y emoci\u00f3n.   <\/p>\n<p>Una actuaci\u00f3n en directo que realza la noche <strong>del 14 de julio en Par\u00eds<\/strong>, con sus fiestas, su refinamiento y su espect\u00e1culo de fuegos artificiales.[\/vc_column_text][\/vc_column_inner][vc_column_inner width=\u00bb1\/2&Prime; enable_overlay=\u00bbyes\u00bb align=\u00bbtext-center\u00bb css=\u00bb.vc_custom_1770807014757{background-image: url(https:\/\/www.cafedelhomme.com\/wp-content\/uploads\/2026\/02\/IMG_2520.jpg?id=15426) !important;background-position: center !important;background-repeat: no-repeat !important;background-size: cover !important;}\u00bb overlay_bg=\u00bbrgba(0, 0, 0, 0.35)\u00bb el_class=\u00bboption-modal\u00bb]<a href=\"#\" class=\"btn btn-default btn-bordered border-thin btn btn-outline btn-outline-white open_modal-simple ld_button_69f4e054f1022\">\n\t<span>\n\t\t\n\t\t\t\t\t<span class=\"btn-txt\">Une ambiance musicale festive<\/span>\n\t\t\t\n\t\t\t\t<\/span>\n<\/a>\n[vc_column_text css=\u00bb\u00bb el_class=\u00bbmodal-content-simple\u00bb]El 14 de julio de 2026, <strong>el Caf\u00e9 de l&rsquo;Homme<\/strong> se transformar\u00e1 en un aut\u00e9ntico escenario de fiesta frente a la Torre<strong>Eiffel<\/strong>. Desde el comienzo de la velada, la m\u00fasica marca la pauta. Una refinada selecci\u00f3n acompa\u00f1a la cena, con sonidos lounge y ritmos contempor\u00e1neos. Luego el ambiente cambia. El tempo se intensifica. Las luces se calientan. La energ\u00eda aumenta gradualmente en la azotea.[\/vc_column_text][\/vc_column_inner][\/vc_row_inner][vc_row_inner equal_height=\u00bbyes\u00bb content_placement=\u00bbmiddle\u00bb responsive_css=\u00bbmargin_bottom_large:10px\u00bb css=\u00bb.vc_custom_1686224370091{margin-bottom: 40px !important;}\u00bb el_class=\u00bboptions\u00bb][vc_column_inner width=\u00bb1\/2&Prime; enable_overlay=\u00bbyes\u00bb align=\u00bbtext-center\u00bb css=\u00bb.vc_custom_1719931840553{background-image: url(https:\/\/www.cafedelhomme.com\/wp-content\/uploads\/2024\/07\/CDH_10-09-20@pmonetta-9585.jpeg?id=6167) !important;background-position: center !important;background-repeat: no-repeat !important;background-size: cover !important;}\u00bb overlay_bg=\u00bbrgba(0, 0, 0, 0.35)\u00bb el_class=\u00bboption-modal\u00bb]<a href=\"#\" class=\"btn btn-default btn-bordered border-thin btn btn-outline btn-outline-white open_modal-simple ld_button_69f4e054f112a\">\n\t<span>\n\t\t\n\t\t\t\t\t<span class=\"btn-txt\">Services exclusifs et acc\u00e8s s\u00e9curis\u00e9<\/span>\n\t\t\t\n\t\t\t\t<\/span>\n<\/a>\n[vc_column_text css=\u00bb\u00bb el_class=\u00bbmodal-content-simple\u00bb]Nuestros equipos se dedican a ofrecerte un <strong>servicio atento<\/strong> y <strong>seguro<\/strong>, para que puedas disfrutar plenamente de tu velada con toda tranquilidad. En<strong> el Caf\u00e9 de l&rsquo;<\/strong>Homme, es para nosotros un honor ofrecerte <strong>servicios exclusivos<\/strong>, como una <strong>acogida personalizada<\/strong> desde tu llegada, para que cada momento que pases con nosotros sea <strong>excepcional<\/strong> e <strong>inolvidable<\/strong>.[\/vc_column_text][\/vc_column_inner][vc_column_inner width=\u00bb1\/2&Prime; enable_overlay=\u00bbyes\u00bb align=\u00bbtext-center\u00bb css=\u00bb.vc_custom_1719931853321{background-image: url(https:\/\/www.cafedelhomme.com\/wp-content\/uploads\/2024\/07\/CDH_10-09-20@pmonetta-9285.jpeg?id=6165) !important;background-position: center !important;background-repeat: no-repeat !important;background-size: cover !important;}\u00bb overlay_bg=\u00bbrgba(0, 0, 0, 0.35)\u00bb el_class=\u00bboption-modal\u00bb]<a href=\"#\" class=\"btn btn-default btn-bordered border-thin btn btn-outline btn-outline-white open_modal-simple ld_button_69f4e054f1232\">\n\t<span>\n\t\t\n\t\t\t\t\t<span class=\"btn-txt\">Un d\u00eener gastronomique exceptionnel<\/span>\n\t\t\t\n\t\t\t\t<\/span>\n<\/a>\n[vc_column_text css=\u00bb\u00bb el_class=\u00bbmodal-content-simple\u00bb]A continuaci\u00f3n, nuestro Chef Ejecutivo te obsequiar\u00e1 con una <strong>refinada cena gastron\u00f3mica<\/strong>. Cada plato es una obra maestra culinaria, con productos de temporada y <strong>sabores franceses<\/strong>, armoniosamente orquestados para ofrecer una experiencia gustativa inolvidable. Un viaje culinario en el que cada bocado deleitar\u00e1 tus papilas gustativas y despertar\u00e1 tus sentidos, en un <strong>entorno de elegancia y sofisticaci\u00f3n<\/strong>.[\/vc_column_text][\/vc_column_inner][\/vc_row_inner][\/vc_column][\/vc_row][vc_row disable_element=\u00bbyes\u00bb responsive_css=\u00bbpadding_top_large:160px|padding_bottom_large:80px\u00bb css=\u00bb.vc_custom_1771927741332{padding-bottom: 40px !important;background-color: #ffffff !important;}\u00bb el_id=\u00bblista-de-espera-catorce-julio\u00bb][vc_column][vc_custom_heading text=\u00bbLista de espera\u00bb font_container=\u00bbtag:h2|text_align:center\u00bb css=\u00bb\u00bb][vc_column_text css=\u00bb\u00bb]<\/p>\n<p style=\"text-align: center;\">Ap\u00fantate a la lista de espera y s\u00e9 de los primeros en saber cu\u00e1ndo se abren las reservas.<\/p>\n<p>[\/vc_column_text]<script type=\"text\/javascript\">\n\/* <![CDATA[ *\/\nvar gform;gform||(document.addEventListener(\"gform_main_scripts_loaded\",function(){gform.scriptsLoaded=!0}),document.addEventListener(\"gform\/theme\/scripts_loaded\",function(){gform.themeScriptsLoaded=!0}),window.addEventListener(\"DOMContentLoaded\",function(){gform.domLoaded=!0}),gform={domLoaded:!1,scriptsLoaded:!1,themeScriptsLoaded:!1,isFormEditor:()=>\"function\"==typeof InitializeEditor,callIfLoaded:function(o){return!(!gform.domLoaded||!gform.scriptsLoaded||!gform.themeScriptsLoaded&&!gform.isFormEditor()||(gform.isFormEditor()&&console.warn(\"The use of gform.initializeOnLoaded() is deprecated in the form editor context and will be removed in Gravity Forms 3.1.\"),o(),0))},initializeOnLoaded:function(o){gform.callIfLoaded(o)||(document.addEventListener(\"gform_main_scripts_loaded\",()=>{gform.scriptsLoaded=!0,gform.callIfLoaded(o)}),document.addEventListener(\"gform\/theme\/scripts_loaded\",()=>{gform.themeScriptsLoaded=!0,gform.callIfLoaded(o)}),window.addEventListener(\"DOMContentLoaded\",()=>{gform.domLoaded=!0,gform.callIfLoaded(o)}))},hooks:{action:{},filter:{}},addAction:function(o,r,e,t){gform.addHook(\"action\",o,r,e,t)},addFilter:function(o,r,e,t){gform.addHook(\"filter\",o,r,e,t)},doAction:function(o){gform.doHook(\"action\",o,arguments)},applyFilters:function(o){return gform.doHook(\"filter\",o,arguments)},removeAction:function(o,r){gform.removeHook(\"action\",o,r)},removeFilter:function(o,r,e){gform.removeHook(\"filter\",o,r,e)},addHook:function(o,r,e,t,n){null==gform.hooks[o][r]&&(gform.hooks[o][r]=[]);var d=gform.hooks[o][r];null==n&&(n=r+\"_\"+d.length),gform.hooks[o][r].push({tag:n,callable:e,priority:t=null==t?10:t})},doHook:function(r,o,e){var t;if(e=Array.prototype.slice.call(e,1),null!=gform.hooks[r][o]&&((o=gform.hooks[r][o]).sort(function(o,r){return o.priority-r.priority}),o.forEach(function(o){\"function\"!=typeof(t=o.callable)&&(t=window[t]),\"action\"==r?t.apply(null,e):e[0]=t.apply(null,e)})),\"filter\"==r)return e[0]},removeHook:function(o,r,t,n){var e;null!=gform.hooks[o][r]&&(e=(e=gform.hooks[o][r]).filter(function(o,r,e){return!!(null!=n&&n!=o.tag||null!=t&&t!=o.priority)}),gform.hooks[o][r]=e)}});\n\/* ]]> *\/\n<\/script>\n\n                <div class='gf_browser_gecko gform_wrapper gravity-theme gform-theme--no-framework' data-form-theme='gravity-theme' data-form-index='0' id='gform_wrapper_14' >\n                        <div class='gform_heading'>\n\t\t\t\t\t\t\t<p class='gform_required_legend'>&quot;<span class=\"gfield_required gfield_required_asterisk\">*<\/span>&quot; se\u00f1ala los campos obligatorios<\/p>\n                        <\/div><form method='post' enctype='multipart\/form-data'  id='gform_14'  action='\/es\/wp-json\/wp\/v2\/pages\/9794' data-formid='14' novalidate>\n                        <div class='gform-body gform_body'><div id='gform_fields_14' class='gform_fields top_label form_sublabel_below description_below validation_below'><div id=\"field_14_14\" class=\"gfield gfield--type-honeypot gform_validation_container field_sublabel_below gfield--has-description field_description_below field_validation_below gfield_visibility_visible\"  ><label class='gfield_label gform-field-label' for='input_14_14'>Comments<\/label><div class='ginput_container'><input name='input_14' id='input_14_14' type='text' value='' autocomplete='new-password'\/><\/div><div class='gfield_description' id='gfield_description_14_14'>Este campo tiene fines de validaci\u00f3n y no debe modificarse.<\/div><\/div><fieldset id=\"field_14_3\" class=\"gfield gfield--type-name gfield--input-type-name gfield_contains_required field_sublabel_hidden_label gfield--no-description field_description_below hidden_label field_validation_below gfield_visibility_visible\"  ><legend class='gfield_label gform-field-label gfield_label_before_complex' >Nombre y apellido<span class=\"gfield_required\"><span class=\"gfield_required gfield_required_asterisk\">*<\/span><\/span><\/legend><div class='ginput_complex ginput_container ginput_container--name no_prefix has_first_name no_middle_name has_last_name no_suffix gf_name_has_2 ginput_container_name gform-grid-row' id='input_14_3'>\n                            \n                            <span id='input_14_3_3_container' class='name_first gform-grid-col gform-grid-col--size-auto' >\n                                                    <input type='text' name='input_3.3' id='input_14_3_3' value=''   aria-required='true'   placeholder='Pr\u00e9nom*'  \/>\n                                                    <label for='input_14_3_3' class='gform-field-label gform-field-label--type-sub hidden_sub_label screen-reader-text'>Primero<\/label>\n                                                <\/span>\n                            \n                            <span id='input_14_3_6_container' class='name_last gform-grid-col gform-grid-col--size-auto' >\n                                                    <input type='text' name='input_3.6' id='input_14_3_6' value=''   aria-required='true'   placeholder='Nom*'  \/>\n                                                    <label for='input_14_3_6' class='gform-field-label gform-field-label--type-sub hidden_sub_label screen-reader-text'>\u00daltima<\/label>\n                                                <\/span>\n                            \n                        <\/div><\/fieldset><div id=\"field_14_4\" class=\"gfield gfield--type-email gfield--input-type-email gfield--width-full gfield_contains_required field_sublabel_below gfield--no-description field_description_below field_validation_below gfield_visibility_visible\"  ><label class='gfield_label gform-field-label' for='input_14_4'>Env\u00eda un correo electr\u00f3nico a<span class=\"gfield_required\"><span class=\"gfield_required gfield_required_asterisk\">*<\/span><\/span><\/label><div class='ginput_container ginput_container_email'>\n                            <input name='input_4' id='input_14_4' type='email' value='' class='large'   placeholder='Correo electr\u00f3nico' aria-required=\"true\" aria-invalid=\"false\"  \/>\n                        <\/div><\/div><div id=\"field_14_5\" class=\"gfield gfield--type-phone gfield--input-type-phone gfield--width-full gfield_contains_required field_sublabel_below gfield--no-description field_description_below field_validation_below gfield_visibility_visible\"  ><label class='gfield_label gform-field-label' for='input_14_5'>Tel\u00e9fono<span class=\"gfield_required\"><span class=\"gfield_required gfield_required_asterisk\">*<\/span><\/span><\/label><div class='ginput_container ginput_container_phone'><input name='input_5' id='input_14_5' type='tel' value='' class='large'  placeholder='N\u00famero de tel\u00e9fono' aria-required=\"true\" aria-invalid=\"false\"   \/><\/div><\/div><div id=\"field_14_10\" class=\"gfield gfield--type-number gfield--input-type-number gfield--width-full gfield_contains_required field_sublabel_below gfield--no-description field_description_below field_validation_below gfield_visibility_visible\"  ><label class='gfield_label gform-field-label' for='input_14_10'>N\u00famero de convives<span class=\"gfield_required\"><span class=\"gfield_required gfield_required_asterisk\">*<\/span><\/span><\/label><div class='ginput_container ginput_container_number'><input name='input_10' id='input_14_10' type='number' step='any'   value='' class='large'     aria-required=\"true\" aria-invalid=\"false\"  \/><\/div><\/div><div id=\"field_14_13\" class=\"gfield gfield--type-captcha gfield--input-type-captcha gfield--width-full field_sublabel_below gfield--no-description field_description_below field_validation_below gfield_visibility_visible\"  ><label class='gfield_label gform-field-label' for='input_14_13'>CAPTCHA<\/label><div id='input_14_13' class='ginput_container ginput_recaptcha' data-sitekey='6LdlEYkpAAAAACHv1VQoVUMVz9__sVZczOLw3jp_'  data-theme='light' data-tabindex='-1' data-size='invisible' data-badge='bottomright'><\/div><\/div><\/div><\/div>\n        <div class='gform-footer gform_footer top_label'> <button type=\"submit\" id=\"gform_submit_button_14\" class=\"gform_button button\" onclick=\"gform.submission.handleButtonClick(this);\" data-submission-type=\"submit\">Enviar<\/button> \n            <input type='hidden' class='gform_hidden' name='gform_submission_method' data-js='gform_submission_method_14' value='postback' \/>\n            <input type='hidden' class='gform_hidden' name='gform_theme' data-js='gform_theme_14' id='gform_theme_14' value='gravity-theme' \/>\n            <input type='hidden' class='gform_hidden' name='gform_style_settings' data-js='gform_style_settings_14' id='gform_style_settings_14' value='[]' \/>\n            <input type='hidden' class='gform_hidden' name='is_submit_14' value='1' \/>\n            <input type='hidden' class='gform_hidden' name='gform_submit' value='14' \/>\n            \n            <input type='hidden' class='gform_hidden' name='gform_currency' data-currency='EUR' value='di24lcObAN61xb4CPF5UGOMPz\/ZHWzN71F2c9h5R\/U2OcTcBqJf3aFwg2jyPEIINunergeQl2KIis92HSWkIr14XY7x8g414Dd31r1Gibe\/t9Vk=' \/>\n            <input type='hidden' class='gform_hidden' name='gform_unique_id' value='' \/>\n            <input type='hidden' class='gform_hidden' name='state_14' value='WyJbXSIsIjdjZjRkMjFkNzNmNTI0MmVlODlhOTc2MWFlNTk0YjZlIl0=' \/>\n            <input type='hidden' autocomplete='off' class='gform_hidden' name='gform_target_page_number_14' id='gform_target_page_number_14' value='0' \/>\n            <input type='hidden' autocomplete='off' class='gform_hidden' name='gform_source_page_number_14' id='gform_source_page_number_14' value='1' \/>\n            <input type='hidden' name='gform_field_values' value='' \/>\n            \n        <\/div>\n                        <\/form>\n                        <\/div><script type=\"text\/javascript\">\n\/* <![CDATA[ *\/\n gform.initializeOnLoaded( function() {gformInitSpinner( 14, 'https:\/\/www.cafedelhomme.com\/wp-content\/plugins\/gravityforms\/images\/spinner.svg', true );jQuery('#gform_ajax_frame_14').on('load',function(){var contents = jQuery(this).contents().find('*').html();var is_postback = contents.indexOf('GF_AJAX_POSTBACK') >= 0;if(!is_postback){return;}var form_content = jQuery(this).contents().find('#gform_wrapper_14');var is_confirmation = jQuery(this).contents().find('#gform_confirmation_wrapper_14').length > 0;var is_redirect = contents.indexOf('gformRedirect(){') >= 0;var is_form = form_content.length > 0 && ! is_redirect && ! is_confirmation;var mt = parseInt(jQuery('html').css('margin-top'), 10) + parseInt(jQuery('body').css('margin-top'), 10) + 100;if(is_form){jQuery('#gform_wrapper_14').html(form_content.html());if(form_content.hasClass('gform_validation_error')){jQuery('#gform_wrapper_14').addClass('gform_validation_error');} else {jQuery('#gform_wrapper_14').removeClass('gform_validation_error');}setTimeout( function() { \/* delay the scroll by 50 milliseconds to fix a bug in chrome *\/  }, 50 );if(window['gformInitDatepicker']) {gformInitDatepicker();}if(window['gformInitPriceFields']) {gformInitPriceFields();}var current_page = jQuery('#gform_source_page_number_14').val();gformInitSpinner( 14, 'https:\/\/www.cafedelhomme.com\/wp-content\/plugins\/gravityforms\/images\/spinner.svg', true );jQuery(document).trigger('gform_page_loaded', [14, current_page]);window['gf_submitting_14'] = false;}else if(!is_redirect){var confirmation_content = jQuery(this).contents().find('.GF_AJAX_POSTBACK').html();if(!confirmation_content){confirmation_content = contents;}jQuery('#gform_wrapper_14').replaceWith(confirmation_content);jQuery(document).trigger('gform_confirmation_loaded', [14]);window['gf_submitting_14'] = false;wp.a11y.speak(jQuery('#gform_confirmation_message_14').text());}else{jQuery('#gform_14').append(contents);if(window['gformRedirect']) {gformRedirect();}}jQuery(document).trigger(\"gform_pre_post_render\", [{ formId: \"14\", currentPage: \"current_page\", abort: function() { this.preventDefault(); } }]);        if (event && event.defaultPrevented) {                return;        }        const gformWrapperDiv = document.getElementById( \"gform_wrapper_14\" );        if ( gformWrapperDiv ) {            const visibilitySpan = document.createElement( \"span\" );            visibilitySpan.id = \"gform_visibility_test_14\";            gformWrapperDiv.insertAdjacentElement( \"afterend\", visibilitySpan );        }        const visibilityTestDiv = document.getElementById( \"gform_visibility_test_14\" );        let postRenderFired = false;        function triggerPostRender() {            if ( postRenderFired ) {                return;            }            postRenderFired = true;            gform.core.triggerPostRenderEvents( 14, current_page );            if ( visibilityTestDiv ) {                visibilityTestDiv.parentNode.removeChild( visibilityTestDiv );            }        }        function debounce( func, wait, immediate ) {            var timeout;            return function() {                var context = this, args = arguments;                var later = function() {                    timeout = null;                    if ( !immediate ) func.apply( context, args );                };                var callNow = immediate && !timeout;                clearTimeout( timeout );                timeout = setTimeout( later, wait );                if ( callNow ) func.apply( context, args );            };        }        const debouncedTriggerPostRender = debounce( function() {            triggerPostRender();        }, 200 );        if ( visibilityTestDiv && visibilityTestDiv.offsetParent === null ) {            const observer = new MutationObserver( ( mutations ) => {                mutations.forEach( ( mutation ) => {                    if ( mutation.type === 'attributes' && visibilityTestDiv.offsetParent !== null ) {                        debouncedTriggerPostRender();                        observer.disconnect();                    }                });            });            observer.observe( document.body, {                attributes: true,                childList: false,                subtree: true,                attributeFilter: [ 'style', 'class' ],            });        } else {            triggerPostRender();        }    } );} ); \n\/* ]]> *\/\n<\/script>\n[\/vc_column][\/vc_row]<\/p>\n<\/div>","protected":false},"excerpt":{"rendered":"<p>[vc_row sticky_row=\u00bbyes\u00bb video_bg=\u00bbyes\u00bb video_local_mp4_url=\u00bbhttps:\/\/www.cafedelhomme.com\/wp-content\/uploads\/2026\/01\/D-2-\ud83d\udc06-See-you-on-22.01.Dont-forget-to-book-your-table-\ud83e\udea9SauvageByCDH-Party-DJSetLive-Paris.mp4&Prime; enable_content_animation=\u00bbyes\u00bb animation_preset=\u00bbFade In\u00bb bg_position=\u00bbcenter center\u00bb css=\u00bb.vc_custom_1770718183123{background-image: url(https:\/\/www.cafedelhomme.com\/wp-content\/uploads\/2025\/06\/TourEiffel-FeuArtifice1-1.jpg?id=12044) !important;background-position: center !important;background-repeat: no-repeat !important;background-size: cover !important;}\u00bb ca_start_delay=\u00bb500&Prime; el_id=\u00bbheader-page-simple\u00bb][vc_column responsive_css=\u00bbpadding_top_large:200px|padding_bottom_large:200px\u00bb css=\u00bb.vc_custom_1750840175544{padding-top: 150px !important;padding-bottom: 150px !important;}\u00bb][vc_custom_heading text=\u00bbExperimenta en 14 de julio en Caf\u00e9 de l&apos;Homme\u00bb font_container=\u00bbtag:h1|text_align:center\u00bb css_animation=\u00bbnone\u00bb css=\u00bb.vc_custom_1719925936675{margin-bottom: 0px !important;}\u00bb][\/vc_column][\/vc_row][vc_row equal_height=\u00bbyes\u00bb content_placement=\u00bbmiddle\u00bb bg_position=\u00bbcenter center\u00bb responsive_css=\u00bbpadding_top_large:135px|padding_bottom_large:135px\u00bb&#8230;<\/p>\n","protected":false},"author":1,"featured_media":0,"parent":9551,"menu_order":0,"comment_status":"closed","ping_status":"closed","template":"","meta":{"_acf_changed":false,"footnotes":""},"class_list":["post-9794","page","type-page","status-publish","hentry"],"acf":[],"yoast_head":"<!-- This site is optimized with the Yoast SEO Premium plugin v20.10 (Yoast SEO v27.0) - https:\/\/yoast.com\/product\/yoast-seo-premium-wordpress\/ -->\n<title>Celebra el 14 de julio frente a la Torre Eiffel - Caf\u00e9 de l&#039;Homme - Caf\u00e9 de l&#039;Homme<\/title>\n<meta name=\"description\" content=\"Disfruta de una experiencia \u00fanica para celebrar el 14 de julio con vistas a la Torre Eiffel en el Caf\u00e9 de l&#039;Homme: cena gourmet en un ambiente chic.\" \/>\n<meta name=\"robots\" content=\"index, follow, max-snippet:-1, max-image-preview:large, max-video-preview:-1\" \/>\n<link rel=\"canonical\" href=\"https:\/\/www.cafedelhomme.com\/es\/privatizar\/celebra-el-14-de-julio-frente-a-la-torre-eiffel-cafe-de-lhomme\" \/>\n<meta property=\"og:locale\" content=\"es_ES\" \/>\n<meta property=\"og:type\" content=\"article\" \/>\n<meta property=\"og:title\" content=\"Celebra el 14 de julio frente a la Torre Eiffel - Caf\u00e9 de l&#039;Homme - Caf\u00e9 de l&#039;Homme\" \/>\n<meta property=\"og:description\" content=\"Disfruta de una experiencia \u00fanica para celebrar el 14 de julio con vistas a la Torre Eiffel en el Caf\u00e9 de l&#039;Homme: cena gourmet en un ambiente chic.\" \/>\n<meta property=\"og:url\" content=\"https:\/\/www.cafedelhomme.com\/es\/privatizar\/celebra-el-14-de-julio-frente-a-la-torre-eiffel-cafe-de-lhomme\" \/>\n<meta property=\"og:site_name\" content=\"Caf\u00e9 de l&#039;Homme\" \/>\n<meta property=\"article:publisher\" content=\"https:\/\/www.facebook.com\/cafedelhomme\" \/>\n<meta property=\"article:modified_time\" content=\"2026-04-16T09:38:49+00:00\" \/>\n<meta property=\"og:image\" content=\"https:\/\/www.cafedelhomme.com\/wp-content\/uploads\/2024\/07\/cafe-de-lhomme-14-juillet-carre-300x300.webp\" \/>\n<meta name=\"twitter:card\" content=\"summary_large_image\" \/>\n<meta name=\"twitter:label1\" content=\"Tiempo de lectura\" \/>\n\t<meta name=\"twitter:data1\" content=\"6 minutos\" \/>\n<script type=\"application\/ld+json\" class=\"yoast-schema-graph\">{\"@context\":\"https:\/\/schema.org\",\"@graph\":[{\"@type\":\"WebPage\",\"@id\":\"https:\/\/www.cafedelhomme.com\/es\/privatizar\/celebra-el-14-de-julio-frente-a-la-torre-eiffel-cafe-de-lhomme\",\"url\":\"https:\/\/www.cafedelhomme.com\/es\/privatizar\/celebra-el-14-de-julio-frente-a-la-torre-eiffel-cafe-de-lhomme\",\"name\":\"Celebra el 14 de julio frente a la Torre Eiffel - Caf\u00e9 de l'Homme - Caf\u00e9 de l&#039;Homme\",\"isPartOf\":{\"@id\":\"https:\/\/www.cafedelhomme.com\/es#website\"},\"datePublished\":\"2023-07-02T12:48:36+00:00\",\"dateModified\":\"2026-04-16T09:38:49+00:00\",\"description\":\"Disfruta de una experiencia \u00fanica para celebrar el 14 de julio con vistas a la Torre Eiffel en el Caf\u00e9 de l'Homme: cena gourmet en un ambiente chic.\",\"breadcrumb\":{\"@id\":\"https:\/\/www.cafedelhomme.com\/es\/privatizar\/celebra-el-14-de-julio-frente-a-la-torre-eiffel-cafe-de-lhomme#breadcrumb\"},\"inLanguage\":\"es\",\"potentialAction\":[{\"@type\":\"ReadAction\",\"target\":[\"https:\/\/www.cafedelhomme.com\/es\/privatizar\/celebra-el-14-de-julio-frente-a-la-torre-eiffel-cafe-de-lhomme\"]}]},{\"@type\":\"BreadcrumbList\",\"@id\":\"https:\/\/www.cafedelhomme.com\/es\/privatizar\/celebra-el-14-de-julio-frente-a-la-torre-eiffel-cafe-de-lhomme#breadcrumb\",\"itemListElement\":[{\"@type\":\"ListItem\",\"position\":1,\"name\":\"Privatizar\",\"item\":\"https:\/\/www.cafedelhomme.com\/es\/privatizar\"},{\"@type\":\"ListItem\",\"position\":2,\"name\":\"Celebra el 14 de julio frente a la Torre Eiffel - Caf\u00e9 de l&rsquo;Homme\"}]},{\"@type\":\"WebSite\",\"@id\":\"https:\/\/www.cafedelhomme.com\/es#website\",\"url\":\"https:\/\/www.cafedelhomme.com\/es\",\"name\":\"Caf\u00e9 de l'Homme\",\"description\":\"\",\"publisher\":{\"@id\":\"https:\/\/www.cafedelhomme.com\/es#organization\"},\"potentialAction\":[{\"@type\":\"SearchAction\",\"target\":{\"@type\":\"EntryPoint\",\"urlTemplate\":\"https:\/\/www.cafedelhomme.com\/es?s={search_term_string}\"},\"query-input\":{\"@type\":\"PropertyValueSpecification\",\"valueRequired\":true,\"valueName\":\"search_term_string\"}}],\"inLanguage\":\"es\"},{\"@type\":\"Organization\",\"@id\":\"https:\/\/www.cafedelhomme.com\/es#organization\",\"name\":\"Caf\u00e9 del Hombre\",\"url\":\"https:\/\/www.cafedelhomme.com\/es\",\"logo\":{\"@type\":\"ImageObject\",\"inLanguage\":\"es\",\"@id\":\"https:\/\/www.cafedelhomme.com\/es#\/schema\/logo\/image\/\",\"url\":\"https:\/\/www.cafedelhomme.com\/wp-content\/uploads\/2023\/04\/big-logo-300x163-1.png\",\"contentUrl\":\"https:\/\/www.cafedelhomme.com\/wp-content\/uploads\/2023\/04\/big-logo-300x163-1.png\",\"width\":300,\"height\":163,\"caption\":\"Caf\u00e9 del Hombre\"},\"image\":{\"@id\":\"https:\/\/www.cafedelhomme.com\/es#\/schema\/logo\/image\/\"},\"sameAs\":[\"https:\/\/www.facebook.com\/cafedelhomme\",\"https:\/\/www.instagram.com\/cafedelhomme\/\"]}]}<\/script>\n<!-- \/ Yoast SEO Premium plugin. -->","yoast_head_json":{"title":"Celebra el 14 de julio frente a la Torre Eiffel - Caf\u00e9 de l'Homme - Caf\u00e9 de l&#039;Homme","description":"Disfruta de una experiencia \u00fanica para celebrar el 14 de julio con vistas a la Torre Eiffel en el Caf\u00e9 de l'Homme: cena gourmet en un ambiente chic.","robots":{"index":"index","follow":"follow","max-snippet":"max-snippet:-1","max-image-preview":"max-image-preview:large","max-video-preview":"max-video-preview:-1"},"canonical":"https:\/\/www.cafedelhomme.com\/es\/privatizar\/celebra-el-14-de-julio-frente-a-la-torre-eiffel-cafe-de-lhomme","og_locale":"es_ES","og_type":"article","og_title":"Celebra el 14 de julio frente a la Torre Eiffel - Caf\u00e9 de l'Homme - Caf\u00e9 de l&#039;Homme","og_description":"Disfruta de una experiencia \u00fanica para celebrar el 14 de julio con vistas a la Torre Eiffel en el Caf\u00e9 de l'Homme: cena gourmet en un ambiente chic.","og_url":"https:\/\/www.cafedelhomme.com\/es\/privatizar\/celebra-el-14-de-julio-frente-a-la-torre-eiffel-cafe-de-lhomme","og_site_name":"Caf\u00e9 de l&#039;Homme","article_publisher":"https:\/\/www.facebook.com\/cafedelhomme","article_modified_time":"2026-04-16T09:38:49+00:00","og_image":[{"url":"https:\/\/www.cafedelhomme.com\/wp-content\/uploads\/2024\/07\/cafe-de-lhomme-14-juillet-carre-300x300.webp","type":"","width":"","height":""}],"twitter_card":"summary_large_image","twitter_misc":{"Tiempo de lectura":"6 minutos"},"schema":{"@context":"https:\/\/schema.org","@graph":[{"@type":"WebPage","@id":"https:\/\/www.cafedelhomme.com\/es\/privatizar\/celebra-el-14-de-julio-frente-a-la-torre-eiffel-cafe-de-lhomme","url":"https:\/\/www.cafedelhomme.com\/es\/privatizar\/celebra-el-14-de-julio-frente-a-la-torre-eiffel-cafe-de-lhomme","name":"Celebra el 14 de julio frente a la Torre Eiffel - Caf\u00e9 de l'Homme - Caf\u00e9 de l&#039;Homme","isPartOf":{"@id":"https:\/\/www.cafedelhomme.com\/es#website"},"datePublished":"2023-07-02T12:48:36+00:00","dateModified":"2026-04-16T09:38:49+00:00","description":"Disfruta de una experiencia \u00fanica para celebrar el 14 de julio con vistas a la Torre Eiffel en el Caf\u00e9 de l'Homme: cena gourmet en un ambiente chic.","breadcrumb":{"@id":"https:\/\/www.cafedelhomme.com\/es\/privatizar\/celebra-el-14-de-julio-frente-a-la-torre-eiffel-cafe-de-lhomme#breadcrumb"},"inLanguage":"es","potentialAction":[{"@type":"ReadAction","target":["https:\/\/www.cafedelhomme.com\/es\/privatizar\/celebra-el-14-de-julio-frente-a-la-torre-eiffel-cafe-de-lhomme"]}]},{"@type":"BreadcrumbList","@id":"https:\/\/www.cafedelhomme.com\/es\/privatizar\/celebra-el-14-de-julio-frente-a-la-torre-eiffel-cafe-de-lhomme#breadcrumb","itemListElement":[{"@type":"ListItem","position":1,"name":"Privatizar","item":"https:\/\/www.cafedelhomme.com\/es\/privatizar"},{"@type":"ListItem","position":2,"name":"Celebra el 14 de julio frente a la Torre Eiffel - Caf\u00e9 de l&rsquo;Homme"}]},{"@type":"WebSite","@id":"https:\/\/www.cafedelhomme.com\/es#website","url":"https:\/\/www.cafedelhomme.com\/es","name":"Caf\u00e9 de l'Homme","description":"","publisher":{"@id":"https:\/\/www.cafedelhomme.com\/es#organization"},"potentialAction":[{"@type":"SearchAction","target":{"@type":"EntryPoint","urlTemplate":"https:\/\/www.cafedelhomme.com\/es?s={search_term_string}"},"query-input":{"@type":"PropertyValueSpecification","valueRequired":true,"valueName":"search_term_string"}}],"inLanguage":"es"},{"@type":"Organization","@id":"https:\/\/www.cafedelhomme.com\/es#organization","name":"Caf\u00e9 del Hombre","url":"https:\/\/www.cafedelhomme.com\/es","logo":{"@type":"ImageObject","inLanguage":"es","@id":"https:\/\/www.cafedelhomme.com\/es#\/schema\/logo\/image\/","url":"https:\/\/www.cafedelhomme.com\/wp-content\/uploads\/2023\/04\/big-logo-300x163-1.png","contentUrl":"https:\/\/www.cafedelhomme.com\/wp-content\/uploads\/2023\/04\/big-logo-300x163-1.png","width":300,"height":163,"caption":"Caf\u00e9 del Hombre"},"image":{"@id":"https:\/\/www.cafedelhomme.com\/es#\/schema\/logo\/image\/"},"sameAs":["https:\/\/www.facebook.com\/cafedelhomme","https:\/\/www.instagram.com\/cafedelhomme\/"]}]}},"_links":{"self":[{"href":"https:\/\/www.cafedelhomme.com\/es\/wp-json\/wp\/v2\/pages\/9794","targetHints":{"allow":["GET"]}}],"collection":[{"href":"https:\/\/www.cafedelhomme.com\/es\/wp-json\/wp\/v2\/pages"}],"about":[{"href":"https:\/\/www.cafedelhomme.com\/es\/wp-json\/wp\/v2\/types\/page"}],"author":[{"embeddable":true,"href":"https:\/\/www.cafedelhomme.com\/es\/wp-json\/wp\/v2\/users\/1"}],"replies":[{"embeddable":true,"href":"https:\/\/www.cafedelhomme.com\/es\/wp-json\/wp\/v2\/comments?post=9794"}],"version-history":[{"count":10,"href":"https:\/\/www.cafedelhomme.com\/es\/wp-json\/wp\/v2\/pages\/9794\/revisions"}],"predecessor-version":[{"id":19194,"href":"https:\/\/www.cafedelhomme.com\/es\/wp-json\/wp\/v2\/pages\/9794\/revisions\/19194"}],"up":[{"embeddable":true,"href":"https:\/\/www.cafedelhomme.com\/es\/wp-json\/wp\/v2\/pages\/9551"}],"wp:attachment":[{"href":"https:\/\/www.cafedelhomme.com\/es\/wp-json\/wp\/v2\/media?parent=9794"}],"curies":[{"name":"wp","href":"https:\/\/api.w.org\/{rel}","templated":true}]}}