{"id":11185,"date":"2025-05-03T09:26:26","date_gmt":"2025-05-03T07:26:26","guid":{"rendered":"https:\/\/www.cafedelhomme.com\/?page_id=11185"},"modified":"2025-05-03T09:27:37","modified_gmt":"2025-05-03T07:27:37","slug":"restaurante-incomum-em-paris-2","status":"publish","type":"page","link":"https:\/\/www.cafedelhomme.com\/pt-br\/restaurante-incomum-em-paris-2","title":{"rendered":"Restaurante incomum em Paris"},"content":{"rendered":"<div class=\"wpb-content-wrapper\"><p>[vc_row sticky_row=&#8221;yes&#8221; css=&#8221;.vc_custom_1729757449101{background-image: url(https:\/\/www.cafedelhomme.com\/wp-content\/uploads\/2024\/01\/header-homepage-cdh.jpg?id=5114) !important;background-position: center !important;background-repeat: no-repeat !important;background-size: cover !important;}&#8221; el_id=&#8221;cabe\u00e7alho-p\u00e1gina-simples&#8221;][vc_column responsive_css=&#8221;padding_top_large:220px|padding_bottom_large:220px&#8221; css=&#8221;.vc_custom_1683277774171{padding-top: 120px !important;padding-bottom: 230px !important;}&#8221;][vc_custom_heading text=&#8221;Desfrute de uma experi\u00eancia \u00fanica em um restaurante incomum em Paris&#8221; font_container=&#8221;tag:h1|text_align:center&#8221; css=&#8221;.vc_custom_1733473238754{margin-bottom: 0px !important;}&#8221;][vc_column_text css=&#8221;&#8221;]<\/p>\n<p style=\"text-align: center;\">Uma experi\u00eancia culin\u00e1ria exclusiva<br \/>\ncom vista para a Torre Eiffel<\/p>\n<p>[\/vc_column_text][\/vc_column][\/vc_row][vc_row el_id=&#8221;img-e-texto&#8221; responsive_css=&#8221;padding_top_large:160px|padding_bottom_large:80px&#8221; css=&#8221;.vc_custom_1730107755116{padding-bottom: 40px !important;background-color: #ffffff !important;}&#8221;][vc_column][vc_row_inner equal_height=&#8221;yes&#8221; content_placement=&#8221;middle&#8221; responsive_css=&#8221;margin_bottom_large:80px&#8221; css=&#8221;.vc_custom_1686138812636{margin-bottom: 40px !important;}&#8221;][vc_column_inner width=&#8221;1\/2&#8243; el_class=&#8221;picture_top&#8221;][vc_single_image image=&#8221;8467&#8243; img_size=&#8221;full&#8221; css=&#8221;.vc_custom_1733474318991{margin-bottom: 0px !important;}&#8221;][\/vc_column_inner][vc_column_inner width=&#8221;1\/2&#8243; el_class=&#8221;text_right&#8221;][vc_custom_heading text=&#8221;Seu jantar no melhor restaurante da capital&#8221; css=&#8221;&#8221;][vc_column_text css=&#8221;&#8221;]<span style=\"font-weight: 400;\">O Caf\u00e9 de l&#8217;Homme oferece a voc\u00ea uma <\/span><a href=\"https:\/\/www.cafedelhomme.com\/pt-br\/nossa-experiencia\"><b>experi\u00eancia culin\u00e1ria<\/b><\/a><b> experi\u00eancia culin\u00e1ria em Paris<\/b><span style=\"font-weight: 400;\">. Aninhado em um   <\/span><b>lugar escondido<\/b><span style=\"font-weight: 400;\">com um <\/span><b>terra\u00e7o <\/b><span style=\"font-weight: 400;\">que oferece uma <\/span><b>vista excepcional <\/b><span style=\"font-weight: 400;\">da<\/span><b> Torre Eiffel<\/b><span style=\"font-weight: 400;\">nosso restaurante \u00e9 o local ideal para um jantar rom\u00e2ntico <\/span><b>jantar rom\u00e2ntico<\/b><span style=\"font-weight: 400;\">  ou uma sa\u00edda \u00e0 noite com os amigos. Este   <\/span><b>telhado escondido em Paris 16<\/b><span style=\"font-weight: 400;\"> recebe voc\u00ea para um momento inesquec\u00edvel.<\/span><\/p>\n<p><span style=\"font-weight: 400;\">Cada refei\u00e7\u00e3o em nosso <\/span><b>restaurante em Paris <\/b> <span style=\"font-weight: 400;\">voc\u00ea se torna uma verdadeira aventura gustativa. Nossos chefs criam pratos refinados para despertar seus sentidos em um ambiente elegante. O Caf\u00e9 de l&#8217;Homme se distingue por sua atmosfera discreta, perfeita para uma refei\u00e7\u00e3o em um ambiente \u00edntimo.  <\/span> <b> restaurante rom\u00e2ntico<\/b> <b>em Paris<\/b><span style=\"font-weight: 400;\">.<\/span><\/p>\n<p><span style=\"font-weight: 400;\">Venha saborear uma comida deliciosa <\/span><b>em um ambiente incomum em Paris 16<\/b><span style=\"font-weight: 400;\">. Aproveite nossas vantagens   <\/span><b>terra\u00e7o com vista para a Torre Eiffel<\/b><span style=\"font-weight: 400;\"> para voc\u00ea saborear <\/span><b>cozinha gastron\u00f4mica<\/b><span style=\"font-weight: 400;\"> e cozinha sazonal. <\/span><a href=\"https:\/\/www.sevenrooms.com\/explore\/cafedelhomme\/reservations\/create\/search?tracking=seo-blog\"><b>Reserve agora<\/b><\/a> <span style=\"font-weight: 400;\">para descobrir este <\/span><b>restaurante em Paris<\/b><span style=\"font-weight: 400;\"> e desfrute de uma vista de tirar o f\u00f4lego da famosa <\/span><b>Torre Eiffel<\/b><span style=\"font-weight: 400;\">.<\/span>[\/vc_column_text][\/vc_column_inner][\/vc_row_inner][\/vc_column][\/vc_row][vc_row enable_gradient=&#8221;yes&#8221; css=&#8221;.vc_custom_1730111311851{padding-top: 150px !important;padding-bottom: 150px !important;background-color: #000000 !important;background-position: center !important;background-repeat: no-repeat !important;background-size: cover !important;}&#8221; el_class=&#8221;visite-virtuelle&#8221; gradient_bg=&#8221;linear-gradient(0deg, rgba(0, 0, 0, 0.5) 0%, rgba(0,0,0,0.4) 100%)&#8221;][vc_column][vc_custom_heading text=&#8221;Visite nosso terra\u00e7o incomum de frente para a Torre Eiffel&#8221; font_container=&#8221;tag:h2|text_align:center&#8221; css=&#8221;&#8221;][vc_column_text css=&#8221;&#8221;]<\/p>\n<div id=\"1730108382.121419\" class=\"c-virtual_list__item\" tabindex=\"0\" role=\"listitem\" aria-setsize=\"-1\" data-qa=\"virtual-list-item\" data-item-key=\"1730108382.121419\">\n<div class=\"c-message_kit__background p-message_pane_message__message c-message_kit__message\" role=\"presentation\" data-qa=\"message_container\" data-qa-unprocessed=\"false\" data-qa-placeholder=\"false\">\n<div class=\"c-message_kit__hover\" role=\"document\" aria-roledescription=\"message\" data-qa-hover=\"true\">\n<div class=\"c-message_kit__actions c-message_kit__actions--default\">\n<div class=\"c-message_kit__gutter\">\n<div class=\"c-message_kit__gutter__right\" role=\"presentation\" data-qa=\"message_content\">\n<div class=\"c-message_kit__blocks c-message_kit__blocks--rich_text\">\n<div class=\"c-message__message_blocks c-message__message_blocks--rich_text\" data-qa=\"message-text\">\n<div class=\"p-block_kit_renderer\" data-qa=\"block-kit-renderer\">\n<div class=\"p-block_kit_renderer__block_wrapper p-block_kit_renderer__block_wrapper--first\">\n<div class=\"p-rich_text_block\" dir=\"auto\">\n<div class=\"p-rich_text_section\">Descubra a incompar\u00e1vel experi\u00eancia <strong>do Caf\u00e9 de l&#8217;<\/strong> Homme com nosso tour virtual imersivo. Explore cada \u00e1rea de nosso <strong>restaurante com terra\u00e7o<\/strong> que oferece vistas espetaculares da <strong>Torre Eiffel<\/strong>. Mergulhe no mundo acolhedor e refinado do Caf\u00e9 de l&#8217;Homme e prepare-se para uma experi\u00eancia inesquec\u00edvel, bem no cora\u00e7\u00e3o de <strong>Paris<\/strong>!  <\/div>\n<\/div>\n<\/div>\n<\/div>\n<\/div>\n<\/div>\n<\/div>\n<\/div>\n<\/div>\n<\/div>\n<\/div>\n<\/div>\n<p>[\/vc_column_text]<a href=\"#\" class=\"btn btn-default btn-bordered border-thin btn btn-outline btn-outline-white open-vv ld_button_69f1eb4eb966a\">\n\t<span>\n\t\t\n\t\t\t\t\t<span class=\"btn-txt\">d\u00e9marrer la visite virtuelle<\/span>\n\t\t\t\n\t\t\t\t<\/span>\n<\/a>\n[\/vc_column][\/vc_row][vc_row responsive_css=&#8221;padding_top_large:160px|padding_bottom_large:80px&#8221; css=&#8221;.vc_custom_1730107763818{padding-bottom: 40px !important;background-color: #ffffff !important;}&#8221; el_id=&#8221;img-e-text-alt&#8221;][vc_column][vc_row_inner equal_height=&#8221;yes&#8221; content_placement=&#8221;middle&#8221;][vc_column_inner width=&#8221;1\/2&#8243; el_class=&#8221;text_left&#8221;][vc_custom_heading text=&#8221;Um momento inesquec\u00edvel em um local escondido de Paris&#8221; css=&#8221;&#8221;][vc_column_text css=&#8221;&#8221;]<span style=\"font-weight: 400;\">Venha e desfrute de um momento excepcional no Caf\u00e9 de l&#8217;Homme, com seu <\/span><b>telhado escondido em Paris 16<\/b><span style=\"font-weight: 400;\">  que oferece uma vista espetacular da Torre Eiffel. Voc\u00ea pode   <\/span><b>um lugar incomum<\/b><span style=\"font-weight: 400;\"> mergulha voc\u00ea em uma atmosfera \u00fanica, combinando intimidade e eleg\u00e2ncia.<\/span><\/p>\n<p><span style=\"font-weight: 400;\">Nosso <\/span><b>restaurante com terra\u00e7o <\/b><span style=\"font-weight: 400;\">\u00e0<\/span><b> Paris <\/b> <span style=\"font-weight: 400;\">oferece o cen\u00e1rio perfeito para todas as ocasi\u00f5es, sejam elas profissionais ou pessoais. Voc\u00ea pode admirar as luzes da Torre Eiffel enquanto saboreia pratos gourmet. Nosso restaurante  <\/span> <b> com vista para a Torre Eiffel<\/b><span style=\"font-weight: 400;\"> \u00e9 ideal para uma <\/span><b>experi\u00eancia gastron\u00f4mica em Paris<\/b><span style=\"font-weight: 400;\">.<\/span><\/p>\n<p><span style=\"font-weight: 400;\">Desfrute de uma refei\u00e7\u00e3o excepcional no Caf\u00e9 de l&#8217;Homme e deixe-se seduzir pela vista panor\u00e2mica de tirar o f\u00f4lego <\/span><b>vista panor\u00e2mica<\/b><span style=\"font-weight: 400;\">  em Paris. Descubra um dos lugares mais bonitos de <\/span> <b> Paris<\/b><span style=\"font-weight: 400;\"> para um <\/span><b>para voc\u00ea se deliciar com seu paladar.<\/b>[\/vc_column_text]<a href=\"https:\/\/www.sevenrooms.com\/explore\/cafedelhomme\/reservations\/create\/search?tracking=seo-blog\" target=\"_blank\" class=\"btn btn-naked btn_underline ld_button_69f1eb4eb9831\">\n\t<span>\n\t\t\n\t\t\t\t\t<span class=\"btn-txt\">r\u00e9server.<\/span>\n\t\t\t\n\t\t\t\t<\/span>\n<\/a>\n[\/vc_column_inner][vc_column_inner width=&#8221;1\/2&#8243; el_class=&#8221;picture_bottom&#8221;][vc_single_image image=&#8221;6646&#8243; img_size=&#8221;full&#8221; alignment=&#8221;center&#8221; css=&#8221;&#8221;][\/vc_column_inner][\/vc_row_inner][\/vc_column][\/vc_row][vc_row enable_overlay=&#8221;yes&#8221; el_class=&#8221;experience-cdh&#8221; css=&#8221;.vc_custom_1729763312068{background-image: url(https:\/\/www.cafedelhomme.com\/wp-content\/uploads\/2024\/10\/700128bf344cb581fee6cdd353b8c90b.webp?id=6642) !important;}&#8221; overlay_bg=&#8221;rgba(0, 0, 0, 0.3)&#8221;][vc_column responsive_css=&#8221;padding_top_large:220px|padding_bottom_large:220px&#8221; css=&#8221;.vc_custom_1729763119868{padding-top: 120px !important;padding-bottom: 230px !important;}&#8221;][vc_custom_heading text=&#8221;Descubra nossas<br \/>\nexperi\u00eancias culin\u00e1rias em Paris&#8221; font_container=&#8221;tag:h2|font_size:75px|text_align:center|color:%23ffffff|line_height:78px&#8221; css=&#8221;&#8221;][vc_column_text css=&#8221;&#8221; el_class=&#8221;text-white&#8221;]<\/p>\n<p style=\"color: white !important; text-align: center; margin-top: 24px;\">Desfrute de uma experi\u00eancia verdadeiramente atemporal. Voc\u00ea est\u00e1 pronto para essa experi\u00eancia? <\/p>\n<p>[\/vc_column_text]\n<ul id=\"menu_experiences-inline\" class=\"lqd-custom-menu reset-ul   menu_experiences-inline\"><li id=\"menu-item-16308\" class=\"menu-item menu-item-type-custom menu-item-object-custom menu-item-16308\"><a href=\"#eiffel\">Jantar no Eiffel<\/a><\/li>\n<li id=\"menu-item-9393\" class=\"menu-item menu-item-type-custom menu-item-object-custom menu-item-9393\"><a href=\"#eiffel-lunch\">Almo\u00e7o na Eiffel<\/a><\/li>\n<li id=\"menu-item-16309\" class=\"menu-item menu-item-type-custom menu-item-object-custom menu-item-16309\"><a href=\"#diamond\">Jantar Diamante<\/a><\/li>\n<li id=\"menu-item-9395\" class=\"menu-item menu-item-type-custom menu-item-object-custom menu-item-9395\"><a href=\"#diamond-lunch\">Almo\u00e7o Diamante<\/a><\/li>\n<li id=\"menu-item-9398\" class=\"menu-item menu-item-type-custom menu-item-object-custom menu-item-9398\"><a href=\"#premium\">Premium<\/a><\/li>\n<\/ul>[\/vc_column][\/vc_row][vc_row responsive_css=&#8221;padding_top_large:50px|padding_bottom_large:50px&#8221; el_id=&#8221;introdu\u00e7\u00e3o de migalhas&#8221; el_class=&#8221;intro&#8221; css=&#8221;.vc_custom_1729760041826{padding-top: 50px !important;padding-bottom: 50px !important;}&#8221;][vc_column align=&#8221;text-center&#8221; el_id=&#8221;intro-section&#8221;][\/vc_column][vc_column el_class=&#8221;section-shadow&#8221;][\/vc_column][\/vc_row][vc_row el_id=&#8221;img-e-texto&#8221; responsive_css=&#8221;padding_bottom_large:80px&#8221; css=&#8221;.vc_custom_1686126290516{padding-bottom: 40px !important;background-color: #ffffff !important;}&#8221; el_class=&#8221;img-and-text&#8221;][vc_column][vc_row_inner equal_height=&#8221;yes&#8221; content_placement=&#8221;middle&#8221; el_class=&#8221;eiffel section-to-animate&#8221; el_id=&#8221;eiffel-lunch&#8221; css=&#8221;.vc_custom_1723793850822{background-color: #ffffff !important;}&#8221;][vc_column_inner width=&#8221;1\/2&#8243; align=&#8221;text-center&#8221; el_class=&#8221;text_left section-text-content&#8221;][vc_custom_heading text=&#8221;01&#8243; font_container=&#8221;tag:div|text_align:center&#8221; el_class=&#8221;number-title&#8221;][vc_custom_heading text=&#8221;Almo\u00e7o na Eiffel&#8221; font_container=&#8221;tag:h2|text_align:center&#8221; css=&#8221;&#8221;][vc_custom_heading text=&#8221;A QUINTESS\u00caNCIA DO CAF\u00c9 DO HOMEM&#8221; font_container=&#8221;tag:p|text_align:center&#8221; css=&#8221;.vc_custom_1695990250058{padding-bottom: 0px !important;}&#8221; el_class=&#8221;subtitle&#8221;][vc_column_text css=&#8221;&#8221; el_class=&#8221;description&#8221;]Jantar garantido na primeira fila para uma experi\u00eancia inesquec\u00edvel[\/vc_column_text][vc_column_text css=&#8221;&#8221; el_class=&#8221;info_cle&#8221;]A partir de \u20ac 120 por pessoa[\/vc_column_text]<a href=\"#\" class=\"btn btn-naked btn_underline open-vv eiffel-vv ld_button_69f1eb4ebad99\">\n\t<span>\n\t\t\n\t\t\t\t\t<span class=\"btn-txt\">d\u00e9marrer la visite virtuelle.<\/span>\n\t\t\t\n\t\t\t\t<\/span>\n<\/a>\n<a href=\"https:\/\/www.sevenrooms.com\/experiences\/cafedelhomme\/menu-d-jeun--10014680200?tracking=seo-blog\" target=\"_blank\" class=\"btn btn-naked btn_underline small-mt ld_button_69f1eb4ebaef5\">\n\t<span>\n\t\t\n\t\t\t\t\t<span class=\"btn-txt\">en savoir plus sur l\u2019exp\u00e9rience Eiffel d\u00e9jeuner.<\/span>\n\t\t\t\n\t\t\t\t<\/span>\n<\/a>\n[\/vc_column_inner][vc_column_inner width=&#8221;1\/2&#8243; el_class=&#8221;picture_bottom&#8221;][vc_single_image image=&#8221;9307&#8243; img_size=&#8221;full&#8221; css=&#8221;&#8221;][\/vc_column_inner][vc_column_inner el_class=&#8221;section-shadow&#8221;][\/vc_column_inner][\/vc_row_inner][vc_row_inner equal_height=&#8221;yes&#8221; content_placement=&#8221;middle&#8221; el_class=&#8221;eiffel section-to-animate&#8221; el_id=&#8221;eiffel&#8221; css=&#8221;.vc_custom_1723466591649{background-color: #ffffff !important;}&#8221;][vc_column_inner width=&#8221;1\/2&#8243; el_class=&#8221;picture_top&#8221;][vc_single_image image=&#8221;10635&#8243; img_size=&#8221;full&#8221; css=&#8221;&#8221;][\/vc_column_inner][vc_column_inner width=&#8221;1\/2&#8243; align=&#8221;text-center&#8221; el_class=&#8221;text_right section-text-content&#8221;][vc_custom_heading text=&#8221;02&#8243; font_container=&#8221;tag:div|text_align:center&#8221; css=&#8221;&#8221; el_class=&#8221;number-title&#8221;][vc_custom_heading text=&#8221;Jantar Eiffel&#8221; font_container=&#8221;tag:h2|text_align:center&#8221; css=&#8221;&#8221;][vc_custom_heading text=&#8221;A QUINTESS\u00caNCIA DO CAF\u00c9 DO HOMEM&#8221; font_container=&#8221;tag:p|text_align:center&#8221; css=&#8221;&#8221; el_class=&#8221;subtitle&#8221;][vc_column_text css=&#8221;&#8221; el_class=&#8221;description&#8221;]Desfrute de uma noite atemporal com uma vista \u00fanica da primeira fila.<\/p>\n<p>Saiba mais sobre a<a href=\"https:\/\/www.cafedelhomme.com\/pt-br\/experiencia-do-jantar-eiffel-uma-noite-magica-em-um-restaurante-com-vista-para-a-torre-eiffel\">experi\u00eancia dojantar Eiffel.<\/a>[\/vc_column_text][vc_column_text css=&#8221;&#8221; el_class=&#8221;info_cle&#8221;]A partir de 270 euros por pessoa[\/vc_column_text]<a href=\"#\" class=\"btn btn-naked btn_underline open-vv terrasse-vv ld_button_69f1eb4ebb030\">\n\t<span>\n\t\t\n\t\t\t\t\t<span class=\"btn-txt\">d\u00e9marrer la visite virtuelle.<\/span>\n\t\t\t\n\t\t\t\t<\/span>\n<\/a>\n<a href=\"https:\/\/www.sevenrooms.com\/experiences\/cafedelhomme\/exp-rience-eiffel-5912988263?tracking=seo-blog\" target=\"_blank\" class=\"btn btn-naked btn_underline small-mt ld_button_69f1eb4ebb14f\">\n\t<span>\n\t\t\n\t\t\t\t\t<span class=\"btn-txt\">en savoir plus sur l\u2019exp\u00e9rience Eiffel d\u00eener.<\/span>\n\t\t\t\n\t\t\t\t<\/span>\n<\/a>\n[\/vc_column_inner][vc_column_inner el_class=&#8221;section-shadow&#8221;][\/vc_column_inner][\/vc_row_inner][vc_row_inner equal_height=&#8221;yes&#8221; content_placement=&#8221;middle&#8221; el_class=&#8221;diamond section-to-animate&#8221; el_id=&#8221;diamond-lunch&#8221; css=&#8221;.vc_custom_1723793872657{background-color: #ffffff !important;}&#8221;][vc_column_inner width=&#8221;1\/2&#8243; align=&#8221;text-center&#8221; el_class=&#8221;text_left section-text-content&#8221;][vc_custom_heading text=&#8221;03&#8243; font_container=&#8221;tag:div|text_align:center&#8221; css=&#8221;&#8221; el_class=&#8221;number-title&#8221;][vc_custom_heading text=&#8221;Caf\u00e9 da manh\u00e3 de diamante&#8221; font_container=&#8221;tag:h2|text_align:center&#8221; css=&#8221;&#8221;][vc_custom_heading text=&#8221;PARA UM MOMENTO EXCEPCIONAL&#8221; font_container=&#8221;tag:p|text_align:center&#8221; css=&#8221;.vc_custom_1723464390033{padding-bottom: 0px !important;}&#8221; el_class=&#8221;subtitle&#8221;][vc_column_text css=&#8221;&#8221; el_class=&#8221;description&#8221;]Mesa na segunda fileira garantida para uma experi\u00eancia inesquec\u00edvel[\/vc_column_text][vc_column_text css=&#8221;&#8221; el_class=&#8221;info_cle&#8221;]A partir de \u20ac 75 por pessoa[\/vc_column_text]<a href=\"#\" class=\"btn btn-naked btn_underline open-vv eiffel-vv ld_button_69f1eb4ebb267\">\n\t<span>\n\t\t\n\t\t\t\t\t<span class=\"btn-txt\">d\u00e9marrer la visite virtuelle.<\/span>\n\t\t\t\n\t\t\t\t<\/span>\n<\/a>\n<a href=\"https:\/\/www.sevenrooms.com\/experiences\/cafedelhomme\/menu-d-jeun--10014680200?tracking=seo-blog\" target=\"_blank\" class=\"btn btn-naked btn_underline small-mt ld_button_69f1eb4ebb374\">\n\t<span>\n\t\t\n\t\t\t\t\t<span class=\"btn-txt\">en savoir plus sur l\u2019exp\u00e9rience Diamond d\u00e9jeuner.<\/span>\n\t\t\t\n\t\t\t\t<\/span>\n<\/a>\n[\/vc_column_inner][vc_column_inner width=&#8221;1\/2&#8243; el_class=&#8221;picture_bottom&#8221;][vc_single_image image=&#8221;9309&#8243; img_size=&#8221;full&#8221; css=&#8221;&#8221;][\/vc_column_inner][vc_column_inner el_class=&#8221;section-shadow&#8221;][\/vc_column_inner][\/vc_row_inner][vc_row_inner equal_height=&#8221;yes&#8221; content_placement=&#8221;middle&#8221; el_class=&#8221;diamond section-to-animate&#8221; el_id=&#8221;diamond&#8221; css=&#8221;.vc_custom_1723466611700{background-color: #ffffff !important;}&#8221;][vc_column_inner width=&#8221;1\/2&#8243; el_class=&#8221;picture_top&#8221;][vc_single_image image=&#8221;999&#8243; img_size=&#8221;full&#8221;][\/vc_column_inner][vc_column_inner width=&#8221;1\/2&#8243; align=&#8221;text-center&#8221; el_class=&#8221;text_right section-text-content&#8221;][vc_custom_heading text=&#8221;04&#8243; font_container=&#8221;tag:div|text_align:center&#8221; css=&#8221;&#8221; el_class=&#8221;number-title&#8221;][vc_custom_heading text=&#8221;Jantar com diamantes&#8221; font_container=&#8221;tag:h2|text_align:center&#8221; css=&#8221;&#8221;][vc_custom_heading text=&#8221;PARA UM MOMENTO EXCEPCIONAL&#8221; font_container=&#8221;tag:p|text_align:center&#8221; el_class=&#8221;subtitle&#8221;][vc_column_text el_class=&#8221;description&#8221;]A arte francesa de viver, sublimada pelo nosso chef Wilfried Graux, enquanto voc\u00ea desfruta de toda a magia da Cidade Luz a partir da segunda fileira do nosso terra\u00e7o.[\/vc_column_text][vc_column_text css=&#8221;&#8221; el_class=&#8221;info_cle&#8221;]A partir de 190 euros por pessoa[\/vc_column_text]<a href=\"#\" class=\"btn btn-naked btn_underline open-vv terrasse-vv ld_button_69f1eb4ebb48d\">\n\t<span>\n\t\t\n\t\t\t\t\t<span class=\"btn-txt\">d\u00e9marrer la visite virtuelle.<\/span>\n\t\t\t\n\t\t\t\t<\/span>\n<\/a>\n<a href=\"https:\/\/www.sevenrooms.com\/experiences\/cafedelhomme\/exp-rience-diamond-5914578491?tracking=seo-blog\" target=\"_blank\" class=\"btn btn-naked btn_underline small-mt ld_button_69f1eb4ebb598\">\n\t<span>\n\t\t\n\t\t\t\t\t<span class=\"btn-txt\">en savoir plus sur l\u2019exp\u00e9rience Diamond d\u00eener.<\/span>\n\t\t\t\n\t\t\t\t<\/span>\n<\/a>\n[\/vc_column_inner][vc_column_inner el_class=&#8221;section-shadow&#8221;][\/vc_column_inner][\/vc_row_inner][vc_row_inner equal_height=&#8221;yes&#8221; content_placement=&#8221;middle&#8221; el_class=&#8221;a-la-carte section-to-animate&#8221; el_id=&#8221;carte&#8221; css=&#8221;.vc_custom_1718626608064{background-color: #ffffff !important;}&#8221;][vc_column_inner width=&#8221;1\/2&#8243; align=&#8221;text-center&#8221; el_class=&#8221;text_left section-text-content&#8221;][vc_custom_heading text=&#8221;05&#8243; font_container=&#8221;tag:div|text_align:center&#8221; css=&#8221;&#8221; el_class=&#8221;number-title&#8221;][vc_custom_heading text=&#8221;\u00c0 la carte&#8221; font_container=&#8221;tag:h2|text_align:center&#8221;][vc_custom_heading text=&#8221;CAF\u00c9 DO HOMEM COM TODA A LIBERDADE&#8221; font_container=&#8221;tag:p|text_align:center&#8221; el_class=&#8221;subtitle&#8221;][vc_column_text el_class=&#8221;description&#8221;]Original e tradicional, a oferta culin\u00e1ria do Caf\u00e9 de l&#8217;Homme celebra os produtos franceses locais e explora as novas tend\u00eancias gastron\u00f4micas dos cinco continentes com paix\u00e3o e criatividade.[\/vc_column_text][vc_column_text el_class=&#8221;info_cle&#8221;]Suplemento de 60 euros por pessoa, incluindo um assento no terra\u00e7o com uma ta\u00e7a de champanhe Charles Heidsieck brut, com vista garantida para a Torre Eiffel.[\/vc_column_text]<a href=\"#\" class=\"btn btn-naked btn_underline open-vv ld_button_69f1eb4ebb6a1\">\n\t<span>\n\t\t\n\t\t\t\t\t<span class=\"btn-txt\">d\u00e9marrer la visite virtuelle.<\/span>\n\t\t\t\n\t\t\t\t<\/span>\n<\/a>\n[vc_column_text el_class=&#8221;info_cle&#8221;][\/vc_column_text]<a href=\"https:\/\/www.sevenrooms.com\/experiences\/cafedelhomme\/exp-rience-la-carte-5441280260538368?tracking=seo-blog\" target=\"_blank\" class=\"btn btn-naked btn_underline small-mt ld_button_69f1eb4ebb7a2\">\n\t<span>\n\t\t\n\t\t\t\t\t<span class=\"btn-txt\">en savoir plus sur l\u2019exp\u00e9rience \u00c0 la carte.<\/span>\n\t\t\t\n\t\t\t\t<\/span>\n<\/a>\n[\/vc_column_inner][vc_column_inner width=&#8221;1\/2&#8243; el_class=&#8221;picture_bottom&#8221;][vc_single_image image=&#8221;998&#8243; img_size=&#8221;full&#8221;][\/vc_column_inner][vc_column_inner el_class=&#8221;section-shadow&#8221;][\/vc_column_inner][\/vc_row_inner][vc_row_inner equal_height=&#8221;yes&#8221; content_placement=&#8221;middle&#8221; el_class=&#8221;premium section-to-animate&#8221; el_id=&#8221;premium&#8221; css=&#8221;.vc_custom_1718626617124{background-color: #ffffff !important;}&#8221;][vc_column_inner width=&#8221;1\/2&#8243; el_class=&#8221;picture_top&#8221;][vc_single_image image=&#8221;205&#8243; img_size=&#8221;full&#8221;][\/vc_column_inner][vc_column_inner width=&#8221;1\/2&#8243; align=&#8221;text-center&#8221; el_class=&#8221;text_right section-text-content&#8221;][vc_custom_heading text=&#8221;06&#8243; font_container=&#8221;tag:div|text_align:center&#8221; css=&#8221;&#8221; el_class=&#8221;number-title&#8221;][vc_custom_heading text=&#8221;Premium&#8221; font_container=&#8221;tag:h2|text_align:center&#8221; css=&#8221;.vc_custom_1695990536976{margin-bottom: 54px !important;}&#8221;][vc_column_text el_class=&#8221;description&#8221;]Em um ambiente suntuoso com vista para a lend\u00e1ria Dama de Ferro, venha saborear um card\u00e1pio composto pelo nosso chef de acordo com as esta\u00e7\u00f5es do ano.[\/vc_column_text][vc_column_text el_class=&#8221;info_cle&#8221;]A partir de \u20ac 130 por pessoa, experi\u00eancia premium em ambiente interno<br \/>\nA partir de \u20ac 180 por pessoa, experi\u00eancia premium em ambiente externo[\/vc_column_text]<a href=\"#\" class=\"btn btn-naked btn_underline open-vv eiffel-vv ld_button_69f1eb4ebb8b0\">\n\t<span>\n\t\t\n\t\t\t\t\t<span class=\"btn-txt\">d\u00e9marrer la visite virtuelle.<\/span>\n\t\t\t\n\t\t\t\t<\/span>\n<\/a>\n<a href=\"https:\/\/www.sevenrooms.com\/experiences\/cafedelhomme\/exp-rience-premium-5162328486?tracking=seo-blog\" target=\"_blank\" class=\"btn btn-naked btn_underline small-mt ld_button_69f1eb4ebb9af\">\n\t<span>\n\t\t\n\t\t\t\t\t<span class=\"btn-txt\">en savoir plus sur l\u2019exp\u00e9rience Premium.<\/span>\n\t\t\t\n\t\t\t\t<\/span>\n<\/a>\n[\/vc_column_inner][vc_column_inner el_class=&#8221;section-shadow&#8221;][\/vc_column_inner][\/vc_row_inner][vc_row_inner equal_height=&#8221;yes&#8221; content_placement=&#8221;middle&#8221; el_class=&#8221;a-la-carte section-to-animate&#8221; el_id=&#8221;before-dinner&#8221; css=&#8221;.vc_custom_1732703347382{background-color: #ffffff !important;}&#8221;][vc_column_inner width=&#8221;1\/2&#8243; align=&#8221;text-center&#8221; el_class=&#8221;text_left section-text-content&#8221;][vc_custom_heading text=&#8221;07&#8243; font_container=&#8221;tag:div|text_align:center&#8221; css=&#8221;&#8221; el_class=&#8221;number-title&#8221;][vc_custom_heading text=&#8221;Antes do jantar&#8221; font_container=&#8221;tag:h2|text_align:center&#8221; css=&#8221;&#8221;][vc_column_text css=&#8221;&#8221; el_class=&#8221;description&#8221;]Mergulhe em uma experi\u00eancia memor\u00e1vel no ambiente aconchegante e elegante do Caf\u00e9 de l&#8217;Homme. Deixe-se seduzir pelo nosso card\u00e1pio, especialmente criado para valorizar seus momentos, no cen\u00e1rio excepcional de uma tarde banhada pelo sol.[\/vc_column_text]<a href=\"#\" class=\"btn btn-naked btn_underline open-vv ld_button_69f1eb4ebbab3\">\n\t<span>\n\t\t\n\t\t\t\t\t<span class=\"btn-txt\">d\u00e9marrer la visite virtuelle.<\/span>\n\t\t\t\n\t\t\t\t<\/span>\n<\/a>\n<a href=\"https:\/\/www.sevenrooms.com\/experiences\/cafedelhomme\/after-dinner-11246148465?tracking=seo-blog\" target=\"_blank\" class=\"btn btn-naked btn_underline small-mt ld_button_69f1eb4ebbbb9\">\n\t<span>\n\t\t\n\t\t\t\t\t<span class=\"btn-txt\">en savoir plus sur l\u2019exp\u00e9rience Before Dinner.<\/span>\n\t\t\t\n\t\t\t\t<\/span>\n<\/a>\n[\/vc_column_inner][vc_column_inner width=&#8221;1\/2&#8243; el_class=&#8221;picture_bottom&#8221;][vc_single_image image=&#8221;9006&#8243; img_size=&#8221;full&#8221; css=&#8221;&#8221;][\/vc_column_inner][vc_column_inner el_class=&#8221;section-shadow&#8221;][\/vc_column_inner][\/vc_row_inner][vc_row_inner equal_height=&#8221;yes&#8221; content_placement=&#8221;middle&#8221; el_class=&#8221;premium section-to-animate&#8221; el_id=&#8221;after-dinner&#8221; css=&#8221;.vc_custom_1732703199501{background-color: #ffffff !important;}&#8221;][vc_column_inner width=&#8221;1\/2&#8243; el_class=&#8221;picture_top&#8221;][vc_single_image image=&#8221;9167&#8243; img_size=&#8221;full&#8221; css=&#8221;&#8221;][\/vc_column_inner][vc_column_inner width=&#8221;1\/2&#8243; align=&#8221;text-center&#8221; el_class=&#8221;text_right section-text-content&#8221;][vc_custom_heading text=&#8221;08&#8243; font_container=&#8221;tag:div|text_align:center&#8221; css=&#8221;&#8221; el_class=&#8221;number-title&#8221;][vc_custom_heading text=&#8221;Depois do jantar&#8221; font_container=&#8221;tag:h2|text_align:center&#8221; css=&#8221;.vc_custom_1732703249278{margin-bottom: 54px !important;}&#8221;][vc_column_text css=&#8221;&#8221; el_class=&#8221;description&#8221;]Presenteie-se com uma experi\u00eancia inesquec\u00edvel no ambiente acolhedor e elegante do Caf\u00e9 de l&#8217;Homme, onde a m\u00fasica e a arte se encontram em noites m\u00e1gicas. Todas as quartas, quintas, sextas e s\u00e1bados, deixe-se levar pela energia vibrante dos DJs ao vivo e pelas apresenta\u00e7\u00f5es cativantes de nossos artistas convidados.[\/vc_column_text]<a href=\"#\" class=\"btn btn-naked btn_underline open-vv ld_button_69f1eb4ebbcc9\">\n\t<span>\n\t\t\n\t\t\t\t\t<span class=\"btn-txt\">d\u00e9marrer la visite virtuelle.<\/span>\n\t\t\t\n\t\t\t\t<\/span>\n<\/a>\n<a href=\"https:\/\/www.sevenrooms.com\/experiences\/cafedelhomme\/after-dinner-11246148465?tracking=seo-blog\" target=\"_blank\" class=\"btn btn-naked btn_underline small-mt ld_button_69f1eb4ebbdc9\">\n\t<span>\n\t\t\n\t\t\t\t\t<span class=\"btn-txt\">en savoir plus sur l\u2019exp\u00e9rience After Dinner.<\/span>\n\t\t\t\n\t\t\t\t<\/span>\n<\/a>\n[\/vc_column_inner][vc_column_inner el_class=&#8221;section-shadow&#8221;][\/vc_column_inner][\/vc_row_inner][\/vc_column][\/vc_row][vc_row el_id=&#8221;equipamentos&#8221; css=&#8221;.vc_custom_1686224179321{padding-top: 80px !important;padding-bottom: 80px !important;background-color: #faf9f6 !important;}&#8221; responsive_css=&#8221;padding_top_large:145px|padding_bottom_large:168px&#8221; el_class=&#8221;prestations&#8221;][vc_column width=&#8221;5\/12&#8243;][vc_custom_heading text=&#8221;Servi\u00e7os<br \/>\ndu Caf\u00e9 de l&apos;Homme&#8221; css=&#8221;.vc_custom_1729761523437{margin-bottom: 40px !important;}&#8221;][vc_column_text css=&#8221;.vc_custom_1733473734209{margin-bottom: 40px !important;}&#8221;]<span style=\"font-weight: 400;\">Para uma <\/span><b>experi\u00eancia<\/b><span style=\"font-weight: 400;\">descubra nosso <\/span><b>restaurante secreto no 16\u00ba arrondissement de Paris<\/b><span style=\"font-weight: 400;\">com uma vista de tirar o f\u00f4lego da Torre Eiffel. O Caf\u00e9 de l&#8217;Homme \u00e9 o endere\u00e7o ideal para voc\u00ea se divertir.   <\/span><b>Jantar em um lugar incomum em Paris<\/b><span style=\"font-weight: 400;\">. Desfrute de nossa atmosfera calorosa e elegante durante todo o ano. Voc\u00ea est\u00e1 procurando um lugar imperd\u00edvel na capital? Oferecemos a voc\u00ea um   <\/span><b>  refei\u00e7\u00e3o inesquec\u00edvel<\/b><span style=\"font-weight: 400;\">. Venha e desfrute de um momento m\u00e1gico com alguns dos mais belos monumentos da Europa.   <\/span><b>Paris<\/b><span style=\"font-weight: 400;\"> ao fundo.<\/span>[\/vc_column_text]<a href=\"https:\/\/www.sevenrooms.com\/explore\/cafedelhomme\/reservations\/create\/search?tracking=seo-blog\" target=\"_blank\" class=\"btn btn-naked btn_underline ld_button_69f1eb4ebbed4\">\n\t<span>\n\t\t\n\t\t\t\t\t<span class=\"btn-txt\">r\u00e9server une table.<\/span>\n\t\t\t\n\t\t\t\t<\/span>\n<\/a>\n[\/vc_column][vc_column width=&#8221;7\/12&#8243;][vc_row_inner equal_height=&#8221;yes&#8221; content_placement=&#8221;middle&#8221; responsive_css=&#8221;margin_bottom_large:30px&#8221; css=&#8221;.vc_custom_1686224165726{margin-bottom: 40px !important;}&#8221; el_class=&#8221;options&#8221;][vc_column_inner width=&#8221;1\/2&#8243; enable_overlay=&#8221;yes&#8221; align=&#8221;text-center&#8221; css=&#8221;.vc_custom_1686240038037{background-image: url(https:\/\/www.cafedelhomme.com\/wp-content\/uploads\/2023\/04\/img-right-scaled.jpg?id=371) !important;background-position: center !important;background-repeat: no-repeat !important;background-size: cover !important;}&#8221; overlay_bg=&#8221;rgba(0, 0, 0, 0.35)&#8221; el_class=&#8221;option-modal&#8221;]<a href=\"#\" class=\"btn btn-default btn-bordered border-thin btn btn-outline btn-outline-white open_modal-simple ld_button_69f1eb4ebbfea\">\n\t<span>\n\t\t\n\t\t\t\t\t<span class=\"btn-txt\">Nos plats gastronomiques<\/span>\n\t\t\t\n\t\t\t\t<\/span>\n<\/a>\n[vc_column_text css=&#8221;&#8221; el_class=&#8221;modal-content-simple&#8221;]<span style=\"font-weight: 400;\">No <\/span><b>Caf\u00e9 de l&#8217;Homme<\/b><span style=\"font-weight: 400;\">cada prato \u00e9 projetado para oferecer uma <\/span><b>experi\u00eancia gastron\u00f4mica<\/b><span style=\"font-weight: 400;\">. Sob a dire\u00e7\u00e3o do chef Wilfried Graux, nossas cria\u00e7\u00f5es combinam tradi\u00e7\u00e3o e inova\u00e7\u00e3o. Cada prato sublima a    <\/span><b>produtos sazonais<\/b><span style=\"font-weight: 400;\">destacando a riqueza dos terroirs da Fran\u00e7a <\/span><b>da Fran\u00e7a<\/b><span style=\"font-weight: 400;\">. Voc\u00ea descobrir\u00e1 novas combina\u00e7\u00f5es de sabores, preparadas com precis\u00e3o e criatividade, que agradar\u00e3o a jovens e adultos. <\/span><\/p>\n<p><span style=\"font-weight: 400;\">Nosso <\/span><a href=\"https:\/\/www.cafedelhomme.com\/pt-br\/la-carte\"><b>cart\u00e3o<\/b><\/a><span style=\"font-weight: 400;\">  O card\u00e1pio muda com as esta\u00e7\u00f5es do ano para trazer a voc\u00ea os melhores produtos. Da entrada \u00e0 sobremesa, cada prato \u00e9 uma obra de arte culin\u00e1ria, criada para despertar os sentidos. Deixe-se tentar por    <\/span><b>nosso card\u00e1pio<\/b><span style=\"font-weight: 400;\"> que reflete o know-how <\/span><b>know-how gastron\u00f4mico<\/b> <b>da gastronomia francesa<\/b><span style=\"font-weight: 400;\"> enquanto leva voc\u00ea a novos horizontes.<\/span><\/p>\n<p><span style=\"font-weight: 400;\">N\u00e3o importa se voc\u00ea \u00e9 f\u00e3 de pratos tradicionais ou revisitados, <\/span><b>Caf\u00e9 de l&#8217;Homme<\/b><span style=\"font-weight: 400;\">  promete uma experi\u00eancia gustativa inesquec\u00edvel. Nossas cria\u00e7\u00f5es culin\u00e1rias, acompanhadas por um   <\/span><b>vista espetacular da Torre Eiffel<\/b><span style=\"font-weight: 400;\">e uma vista espetacular do Tour de France. <\/span><b>gastronomia<\/b><span style=\"font-weight: 400;\"> em um ambiente elegante e refinado.<\/span>[\/vc_column_text][\/vc_column_inner][vc_column_inner width=&#8221;1\/2&#8243; enable_overlay=&#8221;yes&#8221; align=&#8221;text-center&#8221; css=&#8221;.vc_custom_1686240015414{background-image: url(https:\/\/www.cafedelhomme.com\/wp-content\/uploads\/2023\/04\/bg-fullscreen-scaled.jpg?id=452) !important;background-position: center !important;background-repeat: no-repeat !important;background-size: cover !important;}&#8221; overlay_bg=&#8221;rgba(0, 0, 0, 0.35)&#8221; el_class=&#8221;option-modal&#8221;]<a href=\"#\" class=\"btn btn-default btn-bordered border-thin btn btn-outline btn-outline-white open_modal-simple ld_button_69f1eb4ebc0fc\">\n\t<span>\n\t\t\n\t\t\t\t\t<span class=\"btn-txt\">Des installations luxueuses<\/span>\n\t\t\t\n\t\t\t\t<\/span>\n<\/a>\n[vc_column_text css=&#8221;&#8221; el_class=&#8221;modal-content-simple&#8221;]<b>Caf\u00e9 de l&#8217;Homme<\/b><span style=\"font-weight: 400;\">com seu <\/span><b>terra\u00e7o no cora\u00e7\u00e3o de Paris<\/b><span style=\"font-weight: 400;\">oferece um ambiente refinado com uma vista imbat\u00edvel <\/span><b>vista imbat\u00edvel da Torre Eiffel<\/b><span style=\"font-weight: 400;\">. Em seu interior, o   <\/span><b>tetos de LED que mudam de cor<\/b><span style=\"font-weight: 400;\"> criam atmosferas personalizadas, enquanto a ilumina\u00e7\u00e3o sutil do terra\u00e7o contribui para um ambiente acolhedor e \u00edntimo.<\/span><\/p>\n<p><span style=\"font-weight: 400;\">Nossos equipamentos s\u00e3o de \u00faltima gera\u00e7\u00e3o. Com <\/span> <b> Alto-falantes L-ACOUSTICS<\/b><span style=\"font-weight: 400;\"> alto-falantes internos e<\/span><b> alto-falantes CODA HOPS5\/L<\/b><span style=\"font-weight: 400;\"> para uso externo, a qualidade do som \u00e9 excepcional.<\/span><\/p>\n<p><span style=\"font-weight: 400;\">O terra\u00e7o est\u00e1 equipado com<\/span><b> guarda-s\u00f3is da French House<\/b><span style=\"font-weight: 400;\"> e<\/span><b> guarda-s\u00f3is TUUCI<\/b><span style=\"font-weight: 400;\">que proporcionam sombra para seus almo\u00e7os em nosso restaurante. <\/span> <\/p>\n<p><span style=\"font-weight: 400;\">Finalmente, nossa <\/span><b>Elf\u00e9a<\/b><span style=\"font-weight: 400;\"> garante um conforto t\u00e9rmico ideal, com n\u00edveis de ru\u00eddo reduzidos para uma atmosfera agrad\u00e1vel, <\/span><b>tanto no ver\u00e3o quanto no inverno<\/b><span style=\"font-weight: 400;\">. Cada detalhe foi projetado para fazer com que voc\u00ea se sinta bem.   <\/span><b>Experi\u00eancia culin\u00e1ria em Paris<\/b><span style=\"font-weight: 400;\"> experi\u00eancia.<\/span>[\/vc_column_text][\/vc_column_inner][\/vc_row_inner][vc_row_inner equal_height=&#8221;yes&#8221; content_placement=&#8221;middle&#8221; responsive_css=&#8221;margin_bottom_large:10px&#8221; css=&#8221;.vc_custom_1686224370091{margin-bottom: 40px !important;}&#8221; el_class=&#8221;options&#8221;][vc_column_inner width=&#8221;1\/2&#8243; enable_overlay=&#8221;yes&#8221; align=&#8221;text-center&#8221; css=&#8221;.vc_custom_1686240081843{background-image: url(https:\/\/www.cafedelhomme.com\/wp-content\/uploads\/2023\/04\/BG-1-1.jpg?id=354) !important;background-position: center !important;background-repeat: no-repeat !important;background-size: cover !important;}&#8221; overlay_bg=&#8221;rgba(0, 0, 0, 0.35)&#8221; el_class=&#8221;option-modal&#8221;]<a href=\"#\" class=\"btn btn-default btn-bordered border-thin btn btn-outline btn-outline-white open_modal-simple ld_button_69f1eb4ebc1f9\">\n\t<span>\n\t\t\n\t\t\t\t\t<span class=\"btn-txt\">Emplacement central \u00e0 Paris<\/span>\n\t\t\t\n\t\t\t\t<\/span>\n<\/a>\n[vc_column_text css=&#8221;&#8221; el_class=&#8221;modal-content-simple&#8221;]<b>Caf\u00e9 de l&#8217;Homme<\/b><span style=\"font-weight: 400;\"> recebe voc\u00ea em um <\/span><b>lugar escondido com vista para a Torre Eiffel<\/b><span style=\"font-weight: 400;\">no cora\u00e7\u00e3o do <\/span><b>prestigioso 16\u00ba arrondissement<\/b><span style=\"font-weight: 400;\">. Localizado no andar t\u00e9rreo do   <\/span><b>Museu do Homem<\/b><span style=\"font-weight: 400;\">A entrada \u00e9 a mesma do museu dedicado \u00e0 evolu\u00e7\u00e3o do homem e da sociedade. Voc\u00ea pode ver   <\/span><b>restaurante secreto em Paris<\/b><span style=\"font-weight: 400;\"> combina uma localiza\u00e7\u00e3o \u00fanica com a arquitetura Art D\u00e9co projetada pela dupla de arquitetos Gilles &amp; Boissier.<\/span><\/p>\n<p><span style=\"font-weight: 400;\"><a href=\"https:\/\/www.google.com\/maps\/place\/Caf%C3%A9+de+l%E2%80%99Homme+%7C+Restaurant+gastronomique+Paris+%7C+tour+Eiffel\/@48.8622057,2.2876293,1020m\/data=!3m2!1e3!4b1!4m6!3m5!1s0x47e66ffc9e072c95:0x6e8c2c71c8b791d8!8m2!3d48.8622057!4d2.2876293!16s%2Fg%2F1tqpykck?entry=ttu&amp;g_ep=EgoyMDI0MTExMi4wIKXMDSoASAFQAw%3D%3D\">\u00c9 f\u00e1cil e conveniente chegar at\u00e9<\/a> ela por transporte p\u00fablico (metr\u00f4, \u00f4nibus e RER C). Portanto, voc\u00ea pode aproveitar ao m\u00e1ximo esse local   <\/span><b>telhado escondido em Paris 16<\/b><span style=\"font-weight: 400;\">  sem restri\u00e7\u00f5es. Nossos espa\u00e7os s\u00e3o projetados para combinar conforto e serenidade a qualquer hora do dia. <\/span><\/p>\n<p><span style=\"font-weight: 400;\">Entre uma <\/span><b>vistas espetaculares da Torre Eiffel<\/b><span style=\"font-weight: 400;\"> e uma culin\u00e1ria refinada, <\/span><b>Caf\u00e9 de l&#8217;Homme<\/b><span style=\"font-weight: 400;\"> oferece uma experi\u00eancia \u00fanica em um <\/span><b>restaurante em Paris<\/b><span style=\"font-weight: 400;\">. Cada momento passado aqui se torna uma celebra\u00e7\u00e3o, combinando gastronomia e eleg\u00e2ncia. <\/span>[\/vc_column_text][\/vc_column_inner][vc_column_inner width=&#8221;1\/2&#8243; enable_overlay=&#8221;yes&#8221; align=&#8221;text-center&#8221; css=&#8221;.vc_custom_1686240058941{background-image: url(https:\/\/www.cafedelhomme.com\/wp-content\/uploads\/2023\/04\/img-left-scaled.jpg?id=370) !important;background-position: center !important;background-repeat: no-repeat !important;background-size: cover !important;}&#8221; overlay_bg=&#8221;rgba(0, 0, 0, 0.35)&#8221; el_class=&#8221;option-modal&#8221;]<a href=\"#\" class=\"btn btn-default btn-bordered border-thin btn btn-outline btn-outline-white open_modal-simple ld_button_69f1eb4ebc2f6\">\n\t<span>\n\t\t\n\t\t\t\t\t<span class=\"btn-txt\">Des espaces \u00e9l\u00e9gants<\/span>\n\t\t\t\n\t\t\t\t<\/span>\n<\/a>\n[vc_column_text css=&#8221;&#8221; el_class=&#8221;modal-content-simple&#8221;]<span style=\"font-weight: 400;\">No <\/span><b>Caf\u00e9 de l&#8217;Homme<\/b><span style=\"font-weight: 400;\">cada espa\u00e7o foi projetado para oferecer a voc\u00ea uma <\/span><b>experi\u00eancia culin\u00e1ria<\/b><span style=\"font-weight: 400;\">  em Paris. Com vistas espetaculares para a   <\/span><b>Torre Eiffel<\/b><span style=\"font-weight: 400;\">Nosso ambiente combina sutilmente eleg\u00e2ncia, conforto e hist\u00f3ria.<\/span><\/p>\n<ul>\n<li><b>Espa\u00e7o interno :<\/b><b><br \/>\n<\/b><span style=\"font-weight: 400;\"><br \/>\nO interior do <\/span><b>Caf\u00e9 de l&#8217;Homme<\/b><span style=\"font-weight: 400;\">projetado pela dupla de arquitetos Gilles &amp; Boissier, reflete a ess\u00eancia da<\/span><b>Art D\u00e9co<\/b><span style=\"font-weight: 400;\"> da d\u00e9cada de 1930, caracter\u00edstica do <\/span><b>Palais de Chaillot<\/b><span style=\"font-weight: 400;\">. Esse local emblem\u00e1tico mergulha voc\u00ea em uma atmosfera aconchegante e moderna, ideal para um almo\u00e7o ou jantar gourmet. Materiais nobres, como a madeira de cedro jateada e os bancos de freixo, criam uma harmonia natural e elegante. Cada elemento do design, desde os m\u00f3veis sob medida at\u00e9 a ilumina\u00e7\u00e3o discreta, foi pensado para tornar sua refei\u00e7\u00e3o uma experi\u00eancia inesquec\u00edvel.     <\/span><b>experi\u00eancia memor\u00e1vel<\/b><span style=\"font-weight: 400;\"><span style=\"font-weight: 400;\"><span style=\"font-weight: 400;\">.<\/span><\/span><\/span>&nbsp;<\/li>\n<li><b><b>Espa\u00e7o ao ar livre:<br \/>\n<\/b><\/b><br \/>\nNosso <b>terra\u00e7o no Paris 16<\/b>, com seus bancos de castanha e assentos de vime feitos sob medida, oferece a voc\u00ea uma vista deslumbrante da <b>Torre Eiffel<\/b>. \u00c9 um lugar excepcional para voc\u00ea desfrutar de um momento ao ar livre. O terra\u00e7o \u00e9 banhado por uma luz solar suave, que acaricia a est\u00e1tua de H\u00e9rcules domando um bis\u00e3o (de Albert Pommier, 1937), enquanto a vegeta\u00e7\u00e3o exuberante garante a privacidade de cada mesa de granito. Esse espa\u00e7o exclusivo \u00e9 ideal para uma <b>refei\u00e7\u00e3o de conv\u00edvio<\/b> com seus colegas de trabalho ou uma refei\u00e7\u00e3o mais pessoal com seus entes queridos.   <\/li>\n<\/ul>\n<p>Seja dentro ou fora de casa, o restaurante <b>Caf\u00e9 de l&#8217;Homme<\/b> convida voc\u00ea a desfrutar de uma <b>experi\u00eancia culin\u00e1ria incomum em Paris<\/b>, em um ambiente onde cada detalhe foi cuidadosamente pensado para causar uma impress\u00e3o duradoura. Venha e descubra nosso <b>restaurante incomum em Paris 16<\/b>, onde hist\u00f3ria, gastronomia e eleg\u00e2ncia se encontram para criar momentos inesquec\u00edveis.[\/vc_column_text][\/vc_column_inner][\/vc_row_inner][\/vc_column][\/vc_row][vc_row full_width=&#8221;stretch_row&#8221; equal_height=&#8221;yes&#8221; bg_position=&#8221;center center&#8221; css=&#8221;.vc_custom_1683016397706{padding-top: 80px !important;padding-bottom: 80px !important;background-image: url(https:\/\/www.cafedelhomme.com\/wp-content\/uploads\/2023\/04\/BG-1-1.jpg?id=354) !important;background-position: center !important;background-repeat: no-repeat !important;background-size: cover !important;}&#8221; el_id=&#8221;tela de imagem&#8221; responsive_css=&#8221;padding_top_large:250px|padding_bottom_large:250px&#8221;][vc_column align=&#8221;text-center&#8221;][vc_custom_heading text=&#8221;Reserve um momento inusitado em nosso restaurante&#8221; font_container=&#8221;tag:h2|text_align:center&#8221; css=&#8221;&#8221; el_class=&#8221;title mb-16&#8243;][vc_column_text css=&#8221;&#8221; el_class=&#8221;sub-title mb-40&#8243;]<em>Como o excepcional n\u00e3o espera, reserve agora&#8230;<\/em>[\/vc_column_text]<a href=\"https:\/\/www.sevenrooms.com\/explore\/cafedelhomme\/reservations\/create\/search?tracking=seo-blog\" target=\"_blank\" class=\"btn btn-default btn-bordered border-thin btn btn-outline btn-outline-white ld_button_69f1eb4ebc3fc\">\n\t<span>\n\t\t\n\t\t\t\t\t<span class=\"btn-txt\">je r\u00e9serve.<\/span>\n\t\t\t\n\t\t\t\t<\/span>\n<\/a>\n[\/vc_column][\/vc_row]<\/p>\n<\/div>","protected":false},"excerpt":{"rendered":"<p>[vc_row sticky_row=&#8221;yes&#8221; css=&#8221;.vc_custom_1729757449101{background-image: url(https:\/\/www.cafedelhomme.com\/wp-content\/uploads\/2024\/01\/header-homepage-cdh.jpg?id=5114) !important;background-position: center !important;background-repeat: no-repeat !important;background-size: cover !important;}&#8221; el_id=&#8221;cabe\u00e7alho-p\u00e1gina-simples&#8221;][vc_column responsive_css=&#8221;padding_top_large:220px|padding_bottom_large:220px&#8221; css=&#8221;.vc_custom_1683277774171{padding-top: 120px !important;padding-bottom: 230px !important;}&#8221;][vc_custom_heading text=&#8221;Desfrute de uma experi\u00eancia \u00fanica em um restaurante incomum em Paris&#8221; font_container=&#8221;tag:h1|text_align:center&#8221; css=&#8221;.vc_custom_1733473238754{margin-bottom: 0px !important;}&#8221;][vc_column_text css=&#8221;&#8221;] Uma experi\u00eancia culin\u00e1ria exclusiva com vista para a Torre Eiffel [\/vc_column_text][\/vc_column][\/vc_row][vc_row&#8230;<\/p>\n","protected":false},"author":14,"featured_media":8442,"parent":0,"menu_order":0,"comment_status":"closed","ping_status":"closed","template":"","meta":{"_acf_changed":false,"footnotes":""},"class_list":["post-11185","page","type-page","status-publish","has-post-thumbnail","hentry"],"acf":[],"yoast_head":"<!-- This site is optimized with the Yoast SEO Premium plugin v20.10 (Yoast SEO v27.0) - https:\/\/yoast.com\/product\/yoast-seo-premium-wordpress\/ -->\n<title>Restaurante incomum em Paris - Caf\u00e9 de l&#039;Homme<\/title>\n<meta name=\"description\" content=\"Uma experi\u00eancia \u00fanica em um restaurante incomum em Paris. Localizado na Paris 16, o Caf\u00e9 de l&#039;Homme oferece uma culin\u00e1ria refinada com uma vista excepcional da Torre Eiffel.\" \/>\n<meta name=\"robots\" content=\"index, follow, max-snippet:-1, max-image-preview:large, max-video-preview:-1\" \/>\n<link rel=\"canonical\" href=\"https:\/\/www.cafedelhomme.com\/pt-br\/restaurante-incomum-em-paris-2\" \/>\n<meta property=\"og:locale\" content=\"pt_BR\" \/>\n<meta property=\"og:type\" content=\"article\" \/>\n<meta property=\"og:title\" content=\"Restaurante incomum em Paris - Caf\u00e9 de l&#039;Homme\" \/>\n<meta property=\"og:description\" content=\"Descubra o melhor restaurante com terra\u00e7o em Paris 16 e aprecie a vista da Torre Eiffel em um almo\u00e7o ou jantar gourmet\" \/>\n<meta property=\"og:url\" content=\"https:\/\/www.cafedelhomme.com\/pt-br\/restaurante-incomum-em-paris-2\" \/>\n<meta property=\"og:site_name\" content=\"Caf\u00e9 de l&#039;Homme\" \/>\n<meta property=\"article:publisher\" content=\"https:\/\/www.facebook.com\/cafedelhomme\" \/>\n<meta property=\"article:modified_time\" content=\"2025-05-03T07:27:37+00:00\" \/>\n<meta property=\"og:image\" content=\"https:\/\/www.cafedelhomme.com\/wp-content\/uploads\/2024\/11\/Anniversaire.jpg\" \/>\n\t<meta property=\"og:image:width\" content=\"1080\" \/>\n\t<meta property=\"og:image:height\" content=\"1350\" \/>\n\t<meta property=\"og:image:type\" content=\"image\/jpeg\" \/>\n<meta name=\"twitter:card\" content=\"summary_large_image\" \/>\n<meta name=\"twitter:label1\" content=\"Est. tempo de leitura\" \/>\n\t<meta name=\"twitter:data1\" content=\"21 minutos\" \/>\n<script type=\"application\/ld+json\" class=\"yoast-schema-graph\">{\"@context\":\"https:\/\/schema.org\",\"@graph\":[{\"@type\":\"WebPage\",\"@id\":\"https:\/\/www.cafedelhomme.com\/pt-br\/restaurante-incomum-em-paris-2\",\"url\":\"https:\/\/www.cafedelhomme.com\/pt-br\/restaurante-incomum-em-paris-2\",\"name\":\"Restaurante incomum em Paris - Caf\u00e9 de l'Homme\",\"isPartOf\":{\"@id\":\"https:\/\/www.cafedelhomme.com\/pt-br#website\"},\"primaryImageOfPage\":{\"@id\":\"https:\/\/www.cafedelhomme.com\/pt-br\/restaurante-incomum-em-paris-2#primaryimage\"},\"image\":{\"@id\":\"https:\/\/www.cafedelhomme.com\/pt-br\/restaurante-incomum-em-paris-2#primaryimage\"},\"thumbnailUrl\":\"https:\/\/www.cafedelhomme.com\/wp-content\/uploads\/2024\/11\/Anniversaire.jpg\",\"datePublished\":\"2025-05-03T07:26:26+00:00\",\"dateModified\":\"2025-05-03T07:27:37+00:00\",\"description\":\"Uma experi\u00eancia \u00fanica em um restaurante incomum em Paris. Localizado na Paris 16, o Caf\u00e9 de l'Homme oferece uma culin\u00e1ria refinada com uma vista excepcional da Torre Eiffel.\",\"inLanguage\":\"pt-BR\",\"potentialAction\":[{\"@type\":\"ReadAction\",\"target\":[\"https:\/\/www.cafedelhomme.com\/pt-br\/restaurante-incomum-em-paris-2\"]}]},{\"@type\":\"ImageObject\",\"inLanguage\":\"pt-BR\",\"@id\":\"https:\/\/www.cafedelhomme.com\/pt-br\/restaurante-incomum-em-paris-2#primaryimage\",\"url\":\"https:\/\/www.cafedelhomme.com\/wp-content\/uploads\/2024\/11\/Anniversaire.jpg\",\"contentUrl\":\"https:\/\/www.cafedelhomme.com\/wp-content\/uploads\/2024\/11\/Anniversaire.jpg\",\"width\":1080,\"height\":1350},{\"@type\":\"WebSite\",\"@id\":\"https:\/\/www.cafedelhomme.com\/pt-br#website\",\"url\":\"https:\/\/www.cafedelhomme.com\/pt-br\",\"name\":\"Caf\u00e9 de l'Homme\",\"description\":\"\",\"publisher\":{\"@id\":\"https:\/\/www.cafedelhomme.com\/pt-br#organization\"},\"potentialAction\":[{\"@type\":\"SearchAction\",\"target\":{\"@type\":\"EntryPoint\",\"urlTemplate\":\"https:\/\/www.cafedelhomme.com\/pt-br?s={search_term_string}\"},\"query-input\":{\"@type\":\"PropertyValueSpecification\",\"valueRequired\":true,\"valueName\":\"search_term_string\"}}],\"inLanguage\":\"pt-BR\"},{\"@type\":\"Organization\",\"@id\":\"https:\/\/www.cafedelhomme.com\/pt-br#organization\",\"name\":\"Caf\u00e9 de l'Homme\",\"url\":\"https:\/\/www.cafedelhomme.com\/pt-br\",\"logo\":{\"@type\":\"ImageObject\",\"inLanguage\":\"pt-BR\",\"@id\":\"https:\/\/www.cafedelhomme.com\/pt-br#\/schema\/logo\/image\/\",\"url\":\"https:\/\/www.cafedelhomme.com\/wp-content\/uploads\/2023\/04\/big-logo-300x163-1.png\",\"contentUrl\":\"https:\/\/www.cafedelhomme.com\/wp-content\/uploads\/2023\/04\/big-logo-300x163-1.png\",\"width\":300,\"height\":163,\"caption\":\"Caf\u00e9 de l'Homme\"},\"image\":{\"@id\":\"https:\/\/www.cafedelhomme.com\/pt-br#\/schema\/logo\/image\/\"},\"sameAs\":[\"https:\/\/www.facebook.com\/cafedelhomme\",\"https:\/\/www.instagram.com\/cafedelhomme\/\"]}]}<\/script>\n<!-- \/ Yoast SEO Premium plugin. -->","yoast_head_json":{"title":"Restaurante incomum em Paris - Caf\u00e9 de l'Homme","description":"Uma experi\u00eancia \u00fanica em um restaurante incomum em Paris. Localizado na Paris 16, o Caf\u00e9 de l'Homme oferece uma culin\u00e1ria refinada com uma vista excepcional da Torre Eiffel.","robots":{"index":"index","follow":"follow","max-snippet":"max-snippet:-1","max-image-preview":"max-image-preview:large","max-video-preview":"max-video-preview:-1"},"canonical":"https:\/\/www.cafedelhomme.com\/pt-br\/restaurante-incomum-em-paris-2","og_locale":"pt_BR","og_type":"article","og_title":"Restaurante incomum em Paris - Caf\u00e9 de l'Homme","og_description":"Descubra o melhor restaurante com terra\u00e7o em Paris 16 e aprecie a vista da Torre Eiffel em um almo\u00e7o ou jantar gourmet","og_url":"https:\/\/www.cafedelhomme.com\/pt-br\/restaurante-incomum-em-paris-2","og_site_name":"Caf\u00e9 de l'Homme","article_publisher":"https:\/\/www.facebook.com\/cafedelhomme","article_modified_time":"2025-05-03T07:27:37+00:00","og_image":[{"width":1080,"height":1350,"url":"https:\/\/www.cafedelhomme.com\/wp-content\/uploads\/2024\/11\/Anniversaire.jpg","type":"image\/jpeg"}],"twitter_card":"summary_large_image","twitter_misc":{"Est. tempo de leitura":"21 minutos"},"schema":{"@context":"https:\/\/schema.org","@graph":[{"@type":"WebPage","@id":"https:\/\/www.cafedelhomme.com\/pt-br\/restaurante-incomum-em-paris-2","url":"https:\/\/www.cafedelhomme.com\/pt-br\/restaurante-incomum-em-paris-2","name":"Restaurante incomum em Paris - Caf\u00e9 de l'Homme","isPartOf":{"@id":"https:\/\/www.cafedelhomme.com\/pt-br#website"},"primaryImageOfPage":{"@id":"https:\/\/www.cafedelhomme.com\/pt-br\/restaurante-incomum-em-paris-2#primaryimage"},"image":{"@id":"https:\/\/www.cafedelhomme.com\/pt-br\/restaurante-incomum-em-paris-2#primaryimage"},"thumbnailUrl":"https:\/\/www.cafedelhomme.com\/wp-content\/uploads\/2024\/11\/Anniversaire.jpg","datePublished":"2025-05-03T07:26:26+00:00","dateModified":"2025-05-03T07:27:37+00:00","description":"Uma experi\u00eancia \u00fanica em um restaurante incomum em Paris. Localizado na Paris 16, o Caf\u00e9 de l'Homme oferece uma culin\u00e1ria refinada com uma vista excepcional da Torre Eiffel.","inLanguage":"pt-BR","potentialAction":[{"@type":"ReadAction","target":["https:\/\/www.cafedelhomme.com\/pt-br\/restaurante-incomum-em-paris-2"]}]},{"@type":"ImageObject","inLanguage":"pt-BR","@id":"https:\/\/www.cafedelhomme.com\/pt-br\/restaurante-incomum-em-paris-2#primaryimage","url":"https:\/\/www.cafedelhomme.com\/wp-content\/uploads\/2024\/11\/Anniversaire.jpg","contentUrl":"https:\/\/www.cafedelhomme.com\/wp-content\/uploads\/2024\/11\/Anniversaire.jpg","width":1080,"height":1350},{"@type":"WebSite","@id":"https:\/\/www.cafedelhomme.com\/pt-br#website","url":"https:\/\/www.cafedelhomme.com\/pt-br","name":"Caf\u00e9 de l'Homme","description":"","publisher":{"@id":"https:\/\/www.cafedelhomme.com\/pt-br#organization"},"potentialAction":[{"@type":"SearchAction","target":{"@type":"EntryPoint","urlTemplate":"https:\/\/www.cafedelhomme.com\/pt-br?s={search_term_string}"},"query-input":{"@type":"PropertyValueSpecification","valueRequired":true,"valueName":"search_term_string"}}],"inLanguage":"pt-BR"},{"@type":"Organization","@id":"https:\/\/www.cafedelhomme.com\/pt-br#organization","name":"Caf\u00e9 de l'Homme","url":"https:\/\/www.cafedelhomme.com\/pt-br","logo":{"@type":"ImageObject","inLanguage":"pt-BR","@id":"https:\/\/www.cafedelhomme.com\/pt-br#\/schema\/logo\/image\/","url":"https:\/\/www.cafedelhomme.com\/wp-content\/uploads\/2023\/04\/big-logo-300x163-1.png","contentUrl":"https:\/\/www.cafedelhomme.com\/wp-content\/uploads\/2023\/04\/big-logo-300x163-1.png","width":300,"height":163,"caption":"Caf\u00e9 de l'Homme"},"image":{"@id":"https:\/\/www.cafedelhomme.com\/pt-br#\/schema\/logo\/image\/"},"sameAs":["https:\/\/www.facebook.com\/cafedelhomme","https:\/\/www.instagram.com\/cafedelhomme\/"]}]}},"_links":{"self":[{"href":"https:\/\/www.cafedelhomme.com\/pt-br\/wp-json\/wp\/v2\/pages\/11185","targetHints":{"allow":["GET"]}}],"collection":[{"href":"https:\/\/www.cafedelhomme.com\/pt-br\/wp-json\/wp\/v2\/pages"}],"about":[{"href":"https:\/\/www.cafedelhomme.com\/pt-br\/wp-json\/wp\/v2\/types\/page"}],"author":[{"embeddable":true,"href":"https:\/\/www.cafedelhomme.com\/pt-br\/wp-json\/wp\/v2\/users\/14"}],"replies":[{"embeddable":true,"href":"https:\/\/www.cafedelhomme.com\/pt-br\/wp-json\/wp\/v2\/comments?post=11185"}],"version-history":[{"count":3,"href":"https:\/\/www.cafedelhomme.com\/pt-br\/wp-json\/wp\/v2\/pages\/11185\/revisions"}],"predecessor-version":[{"id":11192,"href":"https:\/\/www.cafedelhomme.com\/pt-br\/wp-json\/wp\/v2\/pages\/11185\/revisions\/11192"}],"wp:featuredmedia":[{"embeddable":true,"href":"https:\/\/www.cafedelhomme.com\/pt-br\/wp-json\/wp\/v2\/media\/8442"}],"wp:attachment":[{"href":"https:\/\/www.cafedelhomme.com\/pt-br\/wp-json\/wp\/v2\/media?parent=11185"}],"curies":[{"name":"wp","href":"https:\/\/api.w.org\/{rel}","templated":true}]}}