{"id":11204,"date":"2025-05-15T11:03:20","date_gmt":"2025-05-15T09:03:20","guid":{"rendered":"https:\/\/www.cafedelhomme.com\/?page_id=11204"},"modified":"2025-05-15T11:03:57","modified_gmt":"2025-05-15T09:03:57","slug":"restaurante-incomum-em-paris-3","status":"publish","type":"page","link":"https:\/\/www.cafedelhomme.com\/pt-br\/restaurante-incomum-em-paris-3","title":{"rendered":"Restaurante incomum em Paris"},"content":{"rendered":"<div class=\"wpb-content-wrapper\"><p>[vc_row sticky_row=&#8221;yes&#8221; css=&#8221;.vc_custom_1729757449101{background-image: url(https:\/\/www.cafedelhomme.com\/wp-content\/uploads\/2024\/01\/header-homepage-cdh.jpg?id=5114) !important;background-position: center !important;background-repeat: no-repeat !important;background-size: cover !important;}&#8221; el_id=&#8221;cabe\u00e7alho-p\u00e1gina-simples&#8221;][vc_column responsive_css=&#8221;padding_top_large:220px|padding_bottom_large:220px&#8221; css=&#8221;.vc_custom_1683277774171{padding-top: 120px !important;padding-bottom: 230px !important;}&#8221;][vc_custom_heading text=&#8221;Afterwork \u00e0 Paris \u2013 Cocktails, DJ &amp; vue sur la tour Eiffel&#8221; font_container=&#8221;tag:h1|text_align:center&#8221; css=&#8221;.vc_custom_1745913984231{margin-bottom: 0px !important;}&#8221;][vc_column_text css=&#8221;&#8221;]<\/p>\n<p style=\"text-align: center;\">L\u2019exp\u00e9rience unique d\u2019un afterwork<br \/>\navec DJ \u00e0 Paris<\/p>\n<p>[\/vc_column_text][\/vc_column][\/vc_row][vc_row el_id=&#8221;img-e-texto&#8221; responsive_css=&#8221;padding_top_large:160px|padding_bottom_large:80px&#8221; css=&#8221;.vc_custom_1730107755116{padding-bottom: 40px !important;background-color: #ffffff !important;}&#8221;][vc_column][vc_row_inner equal_height=&#8221;yes&#8221; content_placement=&#8221;middle&#8221; responsive_css=&#8221;margin_bottom_large:80px&#8221; css=&#8221;.vc_custom_1686138812636{margin-bottom: 40px !important;}&#8221;][vc_column_inner width=&#8221;1\/2&#8243; el_class=&#8221;picture_top&#8221;][vc_single_image image=&#8221;8442&#8243; img_size=&#8221;full&#8221; css=&#8221;.vc_custom_1745913507123{margin-bottom: 0px !important;}&#8221;][\/vc_column_inner][vc_column_inner width=&#8221;1\/2&#8243; el_class=&#8221;text_right&#8221;][vc_custom_heading text=&#8221;Un afterwork d\u2019exception avec cocktails et musique au Caf\u00e9 de l\u2019Homme&#8221; css=&#8221;&#8221;][vc_column_text css=&#8221;&#8221;]Plongez dans l\u2019univers raffin\u00e9 du <b>Caf\u00e9 de l\u2019Homme<\/b>, une adresse incontournable pour un <b>afterwork \u00e0 Paris \u2013 Cocktails, DJ &amp; vue sur la tour Eiffel<\/b>. Situ\u00e9 au c\u0153ur du <b>Trocad\u00e9ro<\/b>, notre \u00e9tablissement offre une atmosph\u00e8re \u00e9l\u00e9gante et dynamique, parfaite pour d\u00e9compresser apr\u00e8s une journ\u00e9e de travail.<\/p>\n<p>Dans un cadre prestigieux avec une vue spectaculaire sur la <b>tour Eiffel<\/b>, savourez des <b>cocktails signatures<\/b> accompagn\u00e9s d\u2019une s\u00e9lection de mets raffin\u00e9s. Chaque soir\u00e9e est rythm\u00e9e par une <b>ambiance musicale envo\u00fbtante<\/b>, orchestr\u00e9e par nos <b>DJs r\u00e9sidents<\/b>, pour une <b>soir\u00e9e afterwork<\/b> o\u00f9 \u00e9l\u00e9gance et convivialit\u00e9 se rencontrent.<\/p>\n<p>Vous recherchez le <b>meilleur restaurant <\/b>pour un<b> afterwork \u00e0 Paris <\/b>? <b>Caf\u00e9 de l\u2019Homme<\/b> est l\u2019adresse id\u00e9ale pour se retrouver entre amis ou coll\u00e8gues. Profitez d\u2019une soir\u00e9e inoubliable dans un <b>restaurant \u00e0 Paris<\/b>, o\u00f9 mixologie et gastronomie fusionnent dans une ambiance unique.<\/p>\n<p>Laissez-vous s\u00e9duire par une <a href=\"https:\/\/www.cafedelhomme.com\/nos-experiences\"><b>exp\u00e9rience exclusive<\/b><\/a>, o\u00f9 chaque d\u00e9tail est pens\u00e9 pour faire de votre <b>afterwork d\u2019entreprise <\/b>un moment hors du temps.[\/vc_column_text][\/vc_column_inner][\/vc_row_inner][\/vc_column][\/vc_row][vc_row enable_gradient=&#8221;yes&#8221; css=&#8221;.vc_custom_1730111311851{padding-top: 150px !important;padding-bottom: 150px !important;background-color: #000000 !important;background-position: center !important;background-repeat: no-repeat !important;background-size: cover !important;}&#8221; el_class=&#8221;visite-virtuelle&#8221; gradient_bg=&#8221;linear-gradient(0deg, rgba(0, 0, 0, 0.5) 0%, rgba(0,0,0,0.4) 100%)&#8221;][vc_column][vc_custom_heading text=&#8221;Profitez d&#8217;un afterwork face \u00e0 la tour Eiffel&#8221; font_container=&#8221;tag:h2|text_align:center&#8221; css=&#8221;&#8221;][vc_column_text css=&#8221;&#8221;]<\/p>\n<div id=\"1730108382.121419\" class=\"c-virtual_list__item\" tabindex=\"0\" role=\"listitem\" aria-setsize=\"-1\" data-qa=\"virtual-list-item\" data-item-key=\"1730108382.121419\">\n<div class=\"c-message_kit__background p-message_pane_message__message c-message_kit__message\" role=\"presentation\" data-qa=\"message_container\" data-qa-unprocessed=\"false\" data-qa-placeholder=\"false\">\n<div class=\"c-message_kit__hover\" role=\"document\" aria-roledescription=\"message\" data-qa-hover=\"true\">\n<div class=\"c-message_kit__actions c-message_kit__actions--default\">\n<div class=\"c-message_kit__gutter\">\n<div class=\"c-message_kit__gutter__right\" role=\"presentation\" data-qa=\"message_content\">\n<div class=\"c-message_kit__blocks c-message_kit__blocks--rich_text\">\n<div class=\"c-message__message_blocks c-message__message_blocks--rich_text\" data-qa=\"message-text\">\n<div class=\"p-block_kit_renderer\" data-qa=\"block-kit-renderer\">\n<div class=\"p-block_kit_renderer__block_wrapper p-block_kit_renderer__block_wrapper--first\">\n<div class=\"p-rich_text_block\" dir=\"auto\">\n<div class=\"p-rich_text_section\">Descubra a incompar\u00e1vel experi\u00eancia <strong>do Caf\u00e9 de l&#8217;<\/strong> Homme com nosso tour virtual imersivo. Explore cada \u00e1rea de nosso <strong>restaurante com terra\u00e7o<\/strong> que oferece vistas espetaculares da <strong>Torre Eiffel<\/strong>. Mergulhe no mundo acolhedor e refinado do Caf\u00e9 de l&#8217;Homme e prepare-se para uma experi\u00eancia inesquec\u00edvel, bem no cora\u00e7\u00e3o de <strong>Paris<\/strong>!  <\/div>\n<\/div>\n<\/div>\n<\/div>\n<\/div>\n<\/div>\n<\/div>\n<\/div>\n<\/div>\n<\/div>\n<\/div>\n<\/div>\n<p>[\/vc_column_text]<a href=\"#\" class=\"btn btn-default btn-bordered border-thin btn btn-outline btn-outline-white open-vv ld_button_69f2a83eb224a\">\n\t<span>\n\t\t\n\t\t\t\t\t<span class=\"btn-txt\">d\u00e9marrer la visite virtuelle<\/span>\n\t\t\t\n\t\t\t\t<\/span>\n<\/a>\n[\/vc_column][\/vc_row][vc_row responsive_css=&#8221;padding_top_large:160px|padding_bottom_large:80px&#8221; css=&#8221;.vc_custom_1730107763818{padding-bottom: 40px !important;background-color: #ffffff !important;}&#8221; el_id=&#8221;img-e-text-alt&#8221;][vc_column][vc_row_inner equal_height=&#8221;yes&#8221; content_placement=&#8221;middle&#8221;][vc_column_inner width=&#8221;1\/2&#8243; el_class=&#8221;text_left&#8221;][vc_custom_heading text=&#8221;Soir\u00e9es afterwork avec DJ et cocktails signature&#8221; css=&#8221;&#8221;][vc_column_text css=&#8221;&#8221;]Venez profiter d\u2019un <b>afterwork \u00e0 Paris<\/b>, o\u00f9 \u00e9l\u00e9gance et effervescence se rencontrent dans un cadre d\u2019exception. Nos <b>mixologues<\/b> vous proposent des cr\u00e9ations uniques, \u00e9labor\u00e9es avec des ingr\u00e9dients d\u2019exception et des associations subtiles pour \u00e9veiller vos sens. Chaque cocktail est con\u00e7u comme une \u0153uvre d\u2019art, alliant \u00e9quilibre des saveurs et pr\u00e9cision des ar\u00f4mes.<\/p>\n<p>Que vous soyez amateur de <b>classiques revisit\u00e9s<\/b> ou \u00e0 la recherche de <b>cr\u00e9ations originales<\/b>, notre carte regorge de surprises. Des <b>infusions maison<\/b>, des <b>sirops artisanaux<\/b> et des <b>alcools d\u2019exception<\/b> viennent sublimer chaque verre, faisant du <b>Caf\u00e9 de l\u2019Homme<\/b> une adresse incontournable pour un <b>afterwork \u00e0 Paris 16<\/b>.<\/p>\n<p>Plongez dans une <b>ambiance musicale captivante<\/b>, orchestr\u00e9e par nos <b>DJs r\u00e9sidents<\/b>, et laissez-vous porter par une atmosph\u00e8re vibrante tout en admirant la <b>tour Eiffel illumin\u00e9e<\/b>. Que vous recherchiez un lieu pour un <b>afterwork avec DJ \u00e0 Paris<\/b>, ou un <b>rooftop pour faire la f\u00eate<\/b>, chaque soir\u00e9e devient une exp\u00e9rience inoubliable.<\/p>\n<p>Dans ce lieu raffin\u00e9, profitez d\u2019une <b>programmation musicale exclusive<\/b> qui accompagne chaque moment, qu\u2019il s\u2019agisse d\u2019un <b>afterwork <\/b>ou<b> <\/b>d\u2019une <b>soir\u00e9e entre amis \u00e0 Paris<\/b>. Installez-vous confortablement, savourez des <b>cocktails d\u2019exception<\/b>, et laissez-vous emporter par une atmosph\u00e8re o\u00f9 <b>l\u2019art de vivre parisien<\/b> prend tout son sens.[\/vc_column_text]<a href=\"https:\/\/www.sevenrooms.com\/explore\/cafedelhomme\/reservations\/create\/search?tracking=seo-blog\" target=\"_blank\" class=\"btn btn-naked btn_underline ld_button_69f2a83eb2400\">\n\t<span>\n\t\t\n\t\t\t\t\t<span class=\"btn-txt\">r\u00e9server.<\/span>\n\t\t\t\n\t\t\t\t<\/span>\n<\/a>\n[\/vc_column_inner][vc_column_inner width=&#8221;1\/2&#8243; el_class=&#8221;picture_bottom&#8221;][vc_single_image image=&#8221;7593&#8243; img_size=&#8221;full&#8221; alignment=&#8221;center&#8221; css=&#8221;&#8221;][\/vc_column_inner][\/vc_row_inner][\/vc_column][\/vc_row][vc_row enable_overlay=&#8221;yes&#8221; el_class=&#8221;experience-cdh&#8221; css=&#8221;.vc_custom_1729763312068{background-image: url(https:\/\/www.cafedelhomme.com\/wp-content\/uploads\/2024\/10\/700128bf344cb581fee6cdd353b8c90b.webp?id=6642) !important;}&#8221; overlay_bg=&#8221;rgba(0, 0, 0, 0.3)&#8221;][vc_column responsive_css=&#8221;padding_top_large:220px|padding_bottom_large:220px&#8221; css=&#8221;.vc_custom_1729763119868{padding-top: 120px !important;padding-bottom: 230px !important;}&#8221;][vc_custom_heading text=&#8221;D\u00e9couvrez nos afterworks festifs&#8221; font_container=&#8221;tag:h2|font_size:75px|text_align:center|color:%23ffffff|line_height:78px&#8221; css=&#8221;&#8221;][vc_column_text css=&#8221;&#8221; el_class=&#8221;text-white&#8221;]<\/p>\n<p style=\"color: white !important; text-align: center; margin-top: 24px;\">Desfrute de uma experi\u00eancia verdadeiramente atemporal. Voc\u00ea est\u00e1 pronto para essa experi\u00eancia? <\/p>\n<p>[\/vc_column_text]\n<ul id=\"menu_experiences-inline\" class=\"lqd-custom-menu reset-ul   menu_experiences-inline\"><li id=\"menu-item-16308\" class=\"menu-item menu-item-type-custom menu-item-object-custom menu-item-16308\"><a href=\"#eiffel\">Jantar no Eiffel<\/a><\/li>\n<li id=\"menu-item-9393\" class=\"menu-item menu-item-type-custom menu-item-object-custom menu-item-9393\"><a href=\"#eiffel-lunch\">Almo\u00e7o na Eiffel<\/a><\/li>\n<li id=\"menu-item-16309\" class=\"menu-item menu-item-type-custom menu-item-object-custom menu-item-16309\"><a href=\"#diamond\">Jantar Diamante<\/a><\/li>\n<li id=\"menu-item-9395\" class=\"menu-item menu-item-type-custom menu-item-object-custom menu-item-9395\"><a href=\"#diamond-lunch\">Almo\u00e7o Diamante<\/a><\/li>\n<li id=\"menu-item-9398\" class=\"menu-item menu-item-type-custom menu-item-object-custom menu-item-9398\"><a href=\"#premium\">Premium<\/a><\/li>\n<\/ul>[\/vc_column][\/vc_row][vc_row responsive_css=&#8221;padding_top_large:50px|padding_bottom_large:50px&#8221; el_id=&#8221;introdu\u00e7\u00e3o de migalhas&#8221; el_class=&#8221;intro&#8221; css=&#8221;.vc_custom_1729760041826{padding-top: 50px !important;padding-bottom: 50px !important;}&#8221;][vc_column align=&#8221;text-center&#8221; el_id=&#8221;intro-section&#8221;][\/vc_column][vc_column el_class=&#8221;section-shadow&#8221;][\/vc_column][\/vc_row][vc_row el_id=&#8221;img-e-texto&#8221; responsive_css=&#8221;padding_bottom_large:80px&#8221; css=&#8221;.vc_custom_1686126290516{padding-bottom: 40px !important;background-color: #ffffff !important;}&#8221; el_class=&#8221;img-and-text&#8221;][vc_column][vc_row_inner equal_height=&#8221;yes&#8221; content_placement=&#8221;middle&#8221; el_class=&#8221;eiffel section-to-animate&#8221; el_id=&#8221;eiffel-lunch&#8221; css=&#8221;.vc_custom_1723793850822{background-color: #ffffff !important;}&#8221;][vc_column_inner width=&#8221;1\/2&#8243; align=&#8221;text-center&#8221; el_class=&#8221;text_left section-text-content&#8221;][vc_custom_heading text=&#8221;01&#8243; font_container=&#8221;tag:div|text_align:center&#8221; el_class=&#8221;number-title&#8221;][vc_custom_heading text=&#8221;Almo\u00e7o na Eiffel&#8221; font_container=&#8221;tag:h2|text_align:center&#8221; css=&#8221;&#8221;][vc_custom_heading text=&#8221;A QUINTESS\u00caNCIA DO CAF\u00c9 DO HOMEM&#8221; font_container=&#8221;tag:p|text_align:center&#8221; css=&#8221;.vc_custom_1695990250058{padding-bottom: 0px !important;}&#8221; el_class=&#8221;subtitle&#8221;][vc_column_text css=&#8221;&#8221; el_class=&#8221;description&#8221;]Jantar garantido na primeira fila para uma experi\u00eancia inesquec\u00edvel[\/vc_column_text][vc_column_text css=&#8221;&#8221; el_class=&#8221;info_cle&#8221;]A partir de \u20ac 120 por pessoa[\/vc_column_text]<a href=\"#\" class=\"btn btn-naked btn_underline open-vv eiffel-vv ld_button_69f2a83eb3cde\">\n\t<span>\n\t\t\n\t\t\t\t\t<span class=\"btn-txt\">d\u00e9marrer la visite virtuelle.<\/span>\n\t\t\t\n\t\t\t\t<\/span>\n<\/a>\n<a href=\"https:\/\/www.sevenrooms.com\/experiences\/cafedelhomme\/menu-d-jeun--10014680200?tracking=seo-blog\" target=\"_blank\" class=\"btn btn-naked btn_underline small-mt ld_button_69f2a83eb3e7a\">\n\t<span>\n\t\t\n\t\t\t\t\t<span class=\"btn-txt\">en savoir plus sur l\u2019exp\u00e9rience Eiffel d\u00e9jeuner.<\/span>\n\t\t\t\n\t\t\t\t<\/span>\n<\/a>\n[\/vc_column_inner][vc_column_inner width=&#8221;1\/2&#8243; el_class=&#8221;picture_bottom&#8221;][vc_single_image image=&#8221;9307&#8243; img_size=&#8221;full&#8221; css=&#8221;&#8221;][\/vc_column_inner][vc_column_inner el_class=&#8221;section-shadow&#8221;][\/vc_column_inner][\/vc_row_inner][vc_row_inner equal_height=&#8221;yes&#8221; content_placement=&#8221;middle&#8221; el_class=&#8221;eiffel section-to-animate&#8221; el_id=&#8221;eiffel&#8221; css=&#8221;.vc_custom_1723466591649{background-color: #ffffff !important;}&#8221;][vc_column_inner width=&#8221;1\/2&#8243; el_class=&#8221;picture_top&#8221;][vc_single_image image=&#8221;10635&#8243; img_size=&#8221;full&#8221; css=&#8221;&#8221;][\/vc_column_inner][vc_column_inner width=&#8221;1\/2&#8243; align=&#8221;text-center&#8221; el_class=&#8221;text_right section-text-content&#8221;][vc_custom_heading text=&#8221;02&#8243; font_container=&#8221;tag:div|text_align:center&#8221; css=&#8221;&#8221; el_class=&#8221;number-title&#8221;][vc_custom_heading text=&#8221;Jantar Eiffel&#8221; font_container=&#8221;tag:h2|text_align:center&#8221; css=&#8221;&#8221;][vc_custom_heading text=&#8221;A QUINTESS\u00caNCIA DO CAF\u00c9 DO HOMEM&#8221; font_container=&#8221;tag:p|text_align:center&#8221; css=&#8221;&#8221; el_class=&#8221;subtitle&#8221;][vc_column_text css=&#8221;&#8221; el_class=&#8221;description&#8221;]Desfrute de uma noite atemporal com uma vista \u00fanica da primeira fila.<\/p>\n<p>Saiba mais sobre a<a href=\"https:\/\/www.cafedelhomme.com\/pt-br\/experiencia-do-jantar-eiffel-uma-noite-magica-em-um-restaurante-com-vista-para-a-torre-eiffel\">experi\u00eancia dojantar Eiffel.<\/a>[\/vc_column_text][vc_column_text css=&#8221;&#8221; el_class=&#8221;info_cle&#8221;]A partir de 270 euros por pessoa[\/vc_column_text]<a href=\"#\" class=\"btn btn-naked btn_underline open-vv terrasse-vv ld_button_69f2a83eb3ff4\">\n\t<span>\n\t\t\n\t\t\t\t\t<span class=\"btn-txt\">d\u00e9marrer la visite virtuelle.<\/span>\n\t\t\t\n\t\t\t\t<\/span>\n<\/a>\n<a href=\"https:\/\/www.sevenrooms.com\/experiences\/cafedelhomme\/exp-rience-eiffel-5912988263?tracking=seo-blog\" target=\"_blank\" class=\"btn btn-naked btn_underline small-mt ld_button_69f2a83eb4148\">\n\t<span>\n\t\t\n\t\t\t\t\t<span class=\"btn-txt\">en savoir plus sur l\u2019exp\u00e9rience Eiffel d\u00eener.<\/span>\n\t\t\t\n\t\t\t\t<\/span>\n<\/a>\n[\/vc_column_inner][vc_column_inner el_class=&#8221;section-shadow&#8221;][\/vc_column_inner][\/vc_row_inner][vc_row_inner equal_height=&#8221;yes&#8221; content_placement=&#8221;middle&#8221; el_class=&#8221;diamond section-to-animate&#8221; el_id=&#8221;diamond-lunch&#8221; css=&#8221;.vc_custom_1723793872657{background-color: #ffffff !important;}&#8221;][vc_column_inner width=&#8221;1\/2&#8243; align=&#8221;text-center&#8221; el_class=&#8221;text_left section-text-content&#8221;][vc_custom_heading text=&#8221;03&#8243; font_container=&#8221;tag:div|text_align:center&#8221; css=&#8221;&#8221; el_class=&#8221;number-title&#8221;][vc_custom_heading text=&#8221;Caf\u00e9 da manh\u00e3 de diamante&#8221; font_container=&#8221;tag:h2|text_align:center&#8221; css=&#8221;&#8221;][vc_custom_heading text=&#8221;PARA UM MOMENTO EXCEPCIONAL&#8221; font_container=&#8221;tag:p|text_align:center&#8221; css=&#8221;.vc_custom_1723464390033{padding-bottom: 0px !important;}&#8221; el_class=&#8221;subtitle&#8221;][vc_column_text css=&#8221;&#8221; el_class=&#8221;description&#8221;]Mesa na segunda fileira garantida para uma experi\u00eancia inesquec\u00edvel[\/vc_column_text][vc_column_text css=&#8221;&#8221; el_class=&#8221;info_cle&#8221;]A partir de \u20ac 75 por pessoa[\/vc_column_text]<a href=\"#\" class=\"btn btn-naked btn_underline open-vv eiffel-vv ld_button_69f2a83eb42a0\">\n\t<span>\n\t\t\n\t\t\t\t\t<span class=\"btn-txt\">d\u00e9marrer la visite virtuelle.<\/span>\n\t\t\t\n\t\t\t\t<\/span>\n<\/a>\n<a href=\"https:\/\/www.sevenrooms.com\/experiences\/cafedelhomme\/menu-d-jeun--10014680200?tracking=seo-blog\" target=\"_blank\" class=\"btn btn-naked btn_underline small-mt ld_button_69f2a83eb43c1\">\n\t<span>\n\t\t\n\t\t\t\t\t<span class=\"btn-txt\">en savoir plus sur l\u2019exp\u00e9rience Diamond d\u00e9jeuner.<\/span>\n\t\t\t\n\t\t\t\t<\/span>\n<\/a>\n[\/vc_column_inner][vc_column_inner width=&#8221;1\/2&#8243; el_class=&#8221;picture_bottom&#8221;][vc_single_image image=&#8221;9309&#8243; img_size=&#8221;full&#8221; css=&#8221;&#8221;][\/vc_column_inner][vc_column_inner el_class=&#8221;section-shadow&#8221;][\/vc_column_inner][\/vc_row_inner][vc_row_inner equal_height=&#8221;yes&#8221; content_placement=&#8221;middle&#8221; el_class=&#8221;diamond section-to-animate&#8221; el_id=&#8221;diamond&#8221; css=&#8221;.vc_custom_1723466611700{background-color: #ffffff !important;}&#8221;][vc_column_inner width=&#8221;1\/2&#8243; el_class=&#8221;picture_top&#8221;][vc_single_image image=&#8221;999&#8243; img_size=&#8221;full&#8221;][\/vc_column_inner][vc_column_inner width=&#8221;1\/2&#8243; align=&#8221;text-center&#8221; el_class=&#8221;text_right section-text-content&#8221;][vc_custom_heading text=&#8221;04&#8243; font_container=&#8221;tag:div|text_align:center&#8221; css=&#8221;&#8221; el_class=&#8221;number-title&#8221;][vc_custom_heading text=&#8221;Jantar com diamantes&#8221; font_container=&#8221;tag:h2|text_align:center&#8221; css=&#8221;&#8221;][vc_custom_heading text=&#8221;PARA UM MOMENTO EXCEPCIONAL&#8221; font_container=&#8221;tag:p|text_align:center&#8221; el_class=&#8221;subtitle&#8221;][vc_column_text el_class=&#8221;description&#8221;]A arte francesa de viver, sublimada pelo nosso chef Wilfried Graux, enquanto voc\u00ea desfruta de toda a magia da Cidade Luz a partir da segunda fileira do nosso terra\u00e7o.[\/vc_column_text][vc_column_text css=&#8221;&#8221; el_class=&#8221;info_cle&#8221;]A partir de 190 euros por pessoa[\/vc_column_text]<a href=\"#\" class=\"btn btn-naked btn_underline open-vv terrasse-vv ld_button_69f2a83eb44cd\">\n\t<span>\n\t\t\n\t\t\t\t\t<span class=\"btn-txt\">d\u00e9marrer la visite virtuelle.<\/span>\n\t\t\t\n\t\t\t\t<\/span>\n<\/a>\n<a href=\"https:\/\/www.sevenrooms.com\/experiences\/cafedelhomme\/exp-rience-diamond-5914578491?tracking=seo-blog\" target=\"_blank\" class=\"btn btn-naked btn_underline small-mt ld_button_69f2a83eb45d1\">\n\t<span>\n\t\t\n\t\t\t\t\t<span class=\"btn-txt\">en savoir plus sur l\u2019exp\u00e9rience Diamond d\u00eener.<\/span>\n\t\t\t\n\t\t\t\t<\/span>\n<\/a>\n[\/vc_column_inner][vc_column_inner el_class=&#8221;section-shadow&#8221;][\/vc_column_inner][\/vc_row_inner][vc_row_inner equal_height=&#8221;yes&#8221; content_placement=&#8221;middle&#8221; el_class=&#8221;a-la-carte section-to-animate&#8221; el_id=&#8221;carte&#8221; css=&#8221;.vc_custom_1718626608064{background-color: #ffffff !important;}&#8221;][vc_column_inner width=&#8221;1\/2&#8243; align=&#8221;text-center&#8221; el_class=&#8221;text_left section-text-content&#8221;][vc_custom_heading text=&#8221;05&#8243; font_container=&#8221;tag:div|text_align:center&#8221; css=&#8221;&#8221; el_class=&#8221;number-title&#8221;][vc_custom_heading text=&#8221;\u00c0 la carte&#8221; font_container=&#8221;tag:h2|text_align:center&#8221;][vc_custom_heading text=&#8221;CAF\u00c9 DO HOMEM COM TODA A LIBERDADE&#8221; font_container=&#8221;tag:p|text_align:center&#8221; el_class=&#8221;subtitle&#8221;][vc_column_text el_class=&#8221;description&#8221;]Original e tradicional, a oferta culin\u00e1ria do Caf\u00e9 de l&#8217;Homme celebra os produtos franceses locais e explora as novas tend\u00eancias gastron\u00f4micas dos cinco continentes com paix\u00e3o e criatividade.[\/vc_column_text][vc_column_text el_class=&#8221;info_cle&#8221;]Suplemento de 60 euros por pessoa, incluindo um assento no terra\u00e7o com uma ta\u00e7a de champanhe Charles Heidsieck brut, com vista garantida para a Torre Eiffel.[\/vc_column_text]<a href=\"#\" class=\"btn btn-naked btn_underline open-vv ld_button_69f2a83eb46df\">\n\t<span>\n\t\t\n\t\t\t\t\t<span class=\"btn-txt\">d\u00e9marrer la visite virtuelle.<\/span>\n\t\t\t\n\t\t\t\t<\/span>\n<\/a>\n[vc_column_text el_class=&#8221;info_cle&#8221;][\/vc_column_text]<a href=\"https:\/\/www.sevenrooms.com\/experiences\/cafedelhomme\/exp-rience-la-carte-5441280260538368?tracking=seo-blog\" target=\"_blank\" class=\"btn btn-naked btn_underline small-mt ld_button_69f2a83eb47ea\">\n\t<span>\n\t\t\n\t\t\t\t\t<span class=\"btn-txt\">en savoir plus sur l\u2019exp\u00e9rience \u00c0 la carte.<\/span>\n\t\t\t\n\t\t\t\t<\/span>\n<\/a>\n[\/vc_column_inner][vc_column_inner width=&#8221;1\/2&#8243; el_class=&#8221;picture_bottom&#8221;][vc_single_image image=&#8221;998&#8243; img_size=&#8221;full&#8221;][\/vc_column_inner][vc_column_inner el_class=&#8221;section-shadow&#8221;][\/vc_column_inner][\/vc_row_inner][vc_row_inner equal_height=&#8221;yes&#8221; content_placement=&#8221;middle&#8221; el_class=&#8221;premium section-to-animate&#8221; el_id=&#8221;premium&#8221; css=&#8221;.vc_custom_1718626617124{background-color: #ffffff !important;}&#8221;][vc_column_inner width=&#8221;1\/2&#8243; el_class=&#8221;picture_top&#8221;][vc_single_image image=&#8221;205&#8243; img_size=&#8221;full&#8221;][\/vc_column_inner][vc_column_inner width=&#8221;1\/2&#8243; align=&#8221;text-center&#8221; el_class=&#8221;text_right section-text-content&#8221;][vc_custom_heading text=&#8221;06&#8243; font_container=&#8221;tag:div|text_align:center&#8221; css=&#8221;&#8221; el_class=&#8221;number-title&#8221;][vc_custom_heading text=&#8221;Premium&#8221; font_container=&#8221;tag:h2|text_align:center&#8221; css=&#8221;.vc_custom_1695990536976{margin-bottom: 54px !important;}&#8221;][vc_column_text el_class=&#8221;description&#8221;]Em um ambiente suntuoso com vista para a lend\u00e1ria Dama de Ferro, venha saborear um card\u00e1pio composto pelo nosso chef de acordo com as esta\u00e7\u00f5es do ano.[\/vc_column_text][vc_column_text el_class=&#8221;info_cle&#8221;]A partir de \u20ac 130 por pessoa, experi\u00eancia premium em ambiente interno<br \/>\nA partir de \u20ac 180 por pessoa, experi\u00eancia premium em ambiente externo[\/vc_column_text]<a href=\"#\" class=\"btn btn-naked btn_underline open-vv eiffel-vv ld_button_69f2a83eb48f4\">\n\t<span>\n\t\t\n\t\t\t\t\t<span class=\"btn-txt\">d\u00e9marrer la visite virtuelle.<\/span>\n\t\t\t\n\t\t\t\t<\/span>\n<\/a>\n<a href=\"https:\/\/www.sevenrooms.com\/experiences\/cafedelhomme\/exp-rience-premium-5162328486?tracking=seo-blog\" target=\"_blank\" class=\"btn btn-naked btn_underline small-mt ld_button_69f2a83eb49f7\">\n\t<span>\n\t\t\n\t\t\t\t\t<span class=\"btn-txt\">en savoir plus sur l\u2019exp\u00e9rience Premium.<\/span>\n\t\t\t\n\t\t\t\t<\/span>\n<\/a>\n[\/vc_column_inner][vc_column_inner el_class=&#8221;section-shadow&#8221;][\/vc_column_inner][\/vc_row_inner][vc_row_inner equal_height=&#8221;yes&#8221; content_placement=&#8221;middle&#8221; el_class=&#8221;a-la-carte section-to-animate&#8221; el_id=&#8221;before-dinner&#8221; css=&#8221;.vc_custom_1732703347382{background-color: #ffffff !important;}&#8221;][vc_column_inner width=&#8221;1\/2&#8243; align=&#8221;text-center&#8221; el_class=&#8221;text_left section-text-content&#8221;][vc_custom_heading text=&#8221;07&#8243; font_container=&#8221;tag:div|text_align:center&#8221; css=&#8221;&#8221; el_class=&#8221;number-title&#8221;][vc_custom_heading text=&#8221;Antes do jantar&#8221; font_container=&#8221;tag:h2|text_align:center&#8221; css=&#8221;&#8221;][vc_column_text css=&#8221;&#8221; el_class=&#8221;description&#8221;]Mergulhe em uma experi\u00eancia memor\u00e1vel no ambiente aconchegante e elegante do Caf\u00e9 de l&#8217;Homme. Deixe-se seduzir pelo nosso card\u00e1pio, especialmente criado para valorizar seus momentos, no cen\u00e1rio excepcional de uma tarde banhada pelo sol.[\/vc_column_text]<a href=\"#\" class=\"btn btn-naked btn_underline open-vv ld_button_69f2a83eb4b04\">\n\t<span>\n\t\t\n\t\t\t\t\t<span class=\"btn-txt\">d\u00e9marrer la visite virtuelle.<\/span>\n\t\t\t\n\t\t\t\t<\/span>\n<\/a>\n<a href=\"https:\/\/www.sevenrooms.com\/experiences\/cafedelhomme\/after-dinner-11246148465?tracking=seo-blog\" target=\"_blank\" class=\"btn btn-naked btn_underline small-mt ld_button_69f2a83eb4c07\">\n\t<span>\n\t\t\n\t\t\t\t\t<span class=\"btn-txt\">en savoir plus sur l\u2019exp\u00e9rience Before Dinner.<\/span>\n\t\t\t\n\t\t\t\t<\/span>\n<\/a>\n[\/vc_column_inner][vc_column_inner width=&#8221;1\/2&#8243; el_class=&#8221;picture_bottom&#8221;][vc_single_image image=&#8221;9006&#8243; img_size=&#8221;full&#8221; css=&#8221;&#8221;][\/vc_column_inner][vc_column_inner el_class=&#8221;section-shadow&#8221;][\/vc_column_inner][\/vc_row_inner][vc_row_inner equal_height=&#8221;yes&#8221; content_placement=&#8221;middle&#8221; el_class=&#8221;premium section-to-animate&#8221; el_id=&#8221;after-dinner&#8221; css=&#8221;.vc_custom_1732703199501{background-color: #ffffff !important;}&#8221;][vc_column_inner width=&#8221;1\/2&#8243; el_class=&#8221;picture_top&#8221;][vc_single_image image=&#8221;9167&#8243; img_size=&#8221;full&#8221; css=&#8221;&#8221;][\/vc_column_inner][vc_column_inner width=&#8221;1\/2&#8243; align=&#8221;text-center&#8221; el_class=&#8221;text_right section-text-content&#8221;][vc_custom_heading text=&#8221;08&#8243; font_container=&#8221;tag:div|text_align:center&#8221; css=&#8221;&#8221; el_class=&#8221;number-title&#8221;][vc_custom_heading text=&#8221;Depois do jantar&#8221; font_container=&#8221;tag:h2|text_align:center&#8221; css=&#8221;.vc_custom_1732703249278{margin-bottom: 54px !important;}&#8221;][vc_column_text css=&#8221;&#8221; el_class=&#8221;description&#8221;]Presenteie-se com uma experi\u00eancia inesquec\u00edvel no ambiente acolhedor e elegante do Caf\u00e9 de l&#8217;Homme, onde a m\u00fasica e a arte se encontram em noites m\u00e1gicas. Todas as quartas, quintas, sextas e s\u00e1bados, deixe-se levar pela energia vibrante dos DJs ao vivo e pelas apresenta\u00e7\u00f5es cativantes de nossos artistas convidados.[\/vc_column_text]<a href=\"#\" class=\"btn btn-naked btn_underline open-vv ld_button_69f2a83eb4d0c\">\n\t<span>\n\t\t\n\t\t\t\t\t<span class=\"btn-txt\">d\u00e9marrer la visite virtuelle.<\/span>\n\t\t\t\n\t\t\t\t<\/span>\n<\/a>\n<a href=\"https:\/\/www.sevenrooms.com\/experiences\/cafedelhomme\/after-dinner-11246148465?tracking=seo-blog\" target=\"_blank\" class=\"btn btn-naked btn_underline small-mt ld_button_69f2a83eb4e0b\">\n\t<span>\n\t\t\n\t\t\t\t\t<span class=\"btn-txt\">en savoir plus sur l\u2019exp\u00e9rience After Dinner.<\/span>\n\t\t\t\n\t\t\t\t<\/span>\n<\/a>\n[\/vc_column_inner][vc_column_inner el_class=&#8221;section-shadow&#8221;][\/vc_column_inner][\/vc_row_inner][\/vc_column][\/vc_row][vc_row el_id=&#8221;equipamentos&#8221; css=&#8221;.vc_custom_1686224179321{padding-top: 80px !important;padding-bottom: 80px !important;background-color: #faf9f6 !important;}&#8221; responsive_css=&#8221;padding_top_large:145px|padding_bottom_large:168px&#8221; el_class=&#8221;prestations&#8221;][vc_column width=&#8221;5\/12&#8243;][vc_custom_heading text=&#8221;Un afterwork d\u2019exception avec une vue imprenable&#8221; css=&#8221;.vc_custom_1745913911713{margin-bottom: 40px !important;}&#8221;][vc_column_text css=&#8221;.vc_custom_1745913925134{margin-bottom: 40px !important;}&#8221;]Vivez une soir\u00e9e inoubliable au <b>Caf\u00e9 de l\u2019Homme<\/b>, o\u00f9 <b>gastronomie, mixologie et musique live<\/b> s\u2019harmonisent pour un moment d\u2019exception. Id\u00e9alement situ\u00e9 au <b>Trocad\u00e9ro<\/b>, notre <b>rooftop \u00e0 Paris<\/b> vous offre une vue panoramique sur la <b>tour Eiffel<\/b>, cr\u00e9ant une atmosph\u00e8re magique d\u00e8s la tomb\u00e9e du jour.<\/p>\n<p>Rendez-vous pour une <b>soir\u00e9e afterwork <\/b>anim\u00e9e par des DJs pour vivre une exp\u00e9rience immersive dans la capitale. Notre <b>carte de cocktails<\/b> \u00e9labor\u00e9e par des <b>mixologues experts<\/b>, alli\u00e9e \u00e0 une <b>cuisine raffin\u00e9e<\/b>, promet des instants de pure convivialit\u00e9.<\/p>\n<p>Nos <b>DJs r\u00e9sidents<\/b> s\u00e9lectionnent des playlists vari\u00e9es, m\u00ealant <b>rythmes lounge et sons entra\u00eenants<\/b>, pour accompagner votre soir\u00e9e et sublimer votre <b>afterwork d&#8217;entreprise \u00e0 Paris<\/b>. Laissez-vous s\u00e9duire par un cadre o\u00f9 le raffinement et la d\u00e9tente se conjuguent \u00e0 la perfection.[\/vc_column_text]<a href=\"https:\/\/www.sevenrooms.com\/explore\/cafedelhomme\/reservations\/create\/search?tracking=seo-blog\" target=\"_blank\" class=\"btn btn-naked btn_underline ld_button_69f2a83eb4f24\">\n\t<span>\n\t\t\n\t\t\t\t\t<span class=\"btn-txt\">r\u00e9server une table.<\/span>\n\t\t\t\n\t\t\t\t<\/span>\n<\/a>\n[\/vc_column][vc_column width=&#8221;7\/12&#8243;][vc_row_inner equal_height=&#8221;yes&#8221; content_placement=&#8221;middle&#8221; responsive_css=&#8221;margin_bottom_large:30px&#8221; css=&#8221;.vc_custom_1686224165726{margin-bottom: 40px !important;}&#8221; el_class=&#8221;options&#8221;][vc_column_inner width=&#8221;1\/2&#8243; enable_overlay=&#8221;yes&#8221; align=&#8221;text-center&#8221; css=&#8221;.vc_custom_1686240038037{background-image: url(https:\/\/www.cafedelhomme.com\/wp-content\/uploads\/2023\/04\/img-right-scaled.jpg?id=371) !important;background-position: center !important;background-repeat: no-repeat !important;background-size: cover !important;}&#8221; overlay_bg=&#8221;rgba(0, 0, 0, 0.35)&#8221; el_class=&#8221;option-modal&#8221;]<a href=\"#\" class=\"btn btn-default btn-bordered border-thin btn btn-outline btn-outline-white open_modal-simple ld_button_69f2a83eb502d\">\n\t<span>\n\t\t\n\t\t\t\t\t<span class=\"btn-txt\">Des cocktails raffin\u00e9s<\/span>\n\t\t\t\n\t\t\t\t<\/span>\n<\/a>\n[vc_column_text css=&#8221;&#8221; el_class=&#8221;modal-content-simple&#8221;]Chaque cocktail du <b>Caf\u00e9 de l\u2019Homme<\/b> est une v\u00e9ritable cr\u00e9ation, m\u00ealant <b>ingr\u00e9dients d\u2019exception<\/b> et <b>savoir-faire mixologique<\/b>. Pens\u00e9s pour sublimer votre <b>afterwork \u00e0 Paris <\/b>avec vue sur la<b> tour Eiffel<\/b>, nos cocktails revisitent les classiques avec une touche moderne et audacieuse.<\/p>\n<p>Nos <b>mixologues talentueux<\/b> s\u00e9lectionnent avec soin des <b>spiritueux premium<\/b>, des <b>fruits frais<\/b> et des <b>infusions<\/b> pour composer des cocktails \u00e9quilibr\u00e9s et surprenants. Chaque verre est con\u00e7u pour \u00e9veiller les sens, jouant sur les textures, les ar\u00f4mes et les contrastes subtils.<\/p>\n<p>Dans notre <b>restaurant avec bar \u00e0 Paris 16<\/b>, nous privil\u00e9gions les <b>produits de qualit\u00e9<\/b> et les associations innovantes afin de proposer une <b>exp\u00e9rience gustative unique<\/b>. Notre carte \u00e9volue au fil des saisons, offrant des saveurs toujours renouvel\u00e9es, parfaites pour accompagner votre <b>soir\u00e9e \u00e0 Paris<\/b>.<\/p>\n<p>Laissez-vous s\u00e9duire par nos <a href=\"https:\/\/www.cafedelhomme.com\/la-carte\"><b>cocktails signatures<\/b><\/a>, qui font du <b>Caf\u00e9 de l\u2019Homme<\/b> le <b>meilleur lieu <\/b>pour un <b>afterwork \u00e0 Paris<\/b>. Installez-vous confortablement, admirez la <b>vue sur la tour Eiffel<\/b>, et savourez un moment d\u2019exception dans un cadre \u00e9l\u00e9gant.[\/vc_column_text][\/vc_column_inner][vc_column_inner width=&#8221;1\/2&#8243; enable_overlay=&#8221;yes&#8221; align=&#8221;text-center&#8221; css=&#8221;.vc_custom_1686240015414{background-image: url(https:\/\/www.cafedelhomme.com\/wp-content\/uploads\/2023\/04\/bg-fullscreen-scaled.jpg?id=452) !important;background-position: center !important;background-repeat: no-repeat !important;background-size: cover !important;}&#8221; overlay_bg=&#8221;rgba(0, 0, 0, 0.35)&#8221; el_class=&#8221;option-modal&#8221;]<a href=\"#\" class=\"btn btn-default btn-bordered border-thin btn btn-outline btn-outline-white open_modal-simple ld_button_69f2a83eb5130\">\n\t<span>\n\t\t\n\t\t\t\t\t<span class=\"btn-txt\">Une ambiance musicale envo\u00fbtante<\/span>\n\t\t\t\n\t\t\t\t<\/span>\n<\/a>\n[vc_column_text css=&#8221;&#8221; el_class=&#8221;modal-content-simple&#8221;]Au <b>Caf\u00e9 de l\u2019Homme<\/b>, la musique est au c\u0153ur de l\u2019exp\u00e9rience. Nos <b>DJs <\/b>et artistes invit\u00e9s animent chaque <b>afterwork \u00e0 Paris<\/b> avec des sets soigneusement \u00e9labor\u00e9s. Du <b>lounge sophistiqu\u00e9<\/b> aux <b>rythmes \u00e9lectro-chic<\/b>, chaque soir\u00e9e est pens\u00e9e pour cr\u00e9er une atmosph\u00e8re vibrante et \u00e9l\u00e9gante.<\/p>\n<p>Notre programmation musicale \u00e9volue au gr\u00e9 de l\u2019\u00e9nergie de la soir\u00e9e. Nos <b>talents reconnus<\/b> proposent une s\u00e9lection allant des sonorit\u00e9s jazzy aux beats entra\u00eenants.<\/p>\n<p>Au <b>restaurant<\/b>, la musique fusionne avec l\u2019art de la mixologie et la gastronomie pour une <b>exp\u00e9rience immersive<\/b> o\u00f9 chaque note s\u2019accorde aux saveurs et aux instants partag\u00e9s. Parfait pour une <b>soir\u00e9e d\u2019afterwork Paris<\/b>, notre <b>rooftop <\/b>vous promet des instants m\u00e9morables sous les lumi\u00e8res de la <b>tour Eiffel<\/b>.[\/vc_column_text][\/vc_column_inner][\/vc_row_inner][vc_row_inner equal_height=&#8221;yes&#8221; content_placement=&#8221;middle&#8221; responsive_css=&#8221;margin_bottom_large:10px&#8221; css=&#8221;.vc_custom_1686224370091{margin-bottom: 40px !important;}&#8221; el_class=&#8221;options&#8221;][vc_column_inner width=&#8221;1\/2&#8243; enable_overlay=&#8221;yes&#8221; align=&#8221;text-center&#8221; css=&#8221;.vc_custom_1686240081843{background-image: url(https:\/\/www.cafedelhomme.com\/wp-content\/uploads\/2023\/04\/BG-1-1.jpg?id=354) !important;background-position: center !important;background-repeat: no-repeat !important;background-size: cover !important;}&#8221; overlay_bg=&#8221;rgba(0, 0, 0, 0.35)&#8221; el_class=&#8221;option-modal&#8221;]<a href=\"#\" class=\"btn btn-default btn-bordered border-thin btn btn-outline btn-outline-white open_modal-simple ld_button_69f2a83eb5231\">\n\t<span>\n\t\t\n\t\t\t\t\t<span class=\"btn-txt\">Un cadre exceptionnel<\/span>\n\t\t\t\n\t\t\t\t<\/span>\n<\/a>\n[vc_column_text css=&#8221;&#8221; el_class=&#8221;modal-content-simple&#8221;]Situ\u00e9 au <b>c\u0153ur du Trocad\u00e9ro<\/b>, <b>Caf\u00e9 de l\u2019Homme<\/b> offre une vue imprenable sur la <b>tour Eiffel<\/b>, cr\u00e9ant le d\u00e9cor parfait pour un <b>afterwork \u00e0 Paris<\/b>. Que ce soit sur notre <b>rooftop<\/b> ou dans notre salle int\u00e9rieure \u00e9l\u00e9gante, chaque espace a \u00e9t\u00e9 con\u00e7u pour offrir une exp\u00e9rience immersive.<\/p>\n<p>Notre <b>terrasse panoramique<\/b>, baign\u00e9e de lumi\u00e8res tamis\u00e9es, invite \u00e0 la d\u00e9tente dans une atmosph\u00e8re chic et chaleureuse. Installez-vous confortablement et savourez un <b>cocktail signature<\/b>, berc\u00e9 par une ambiance musicale envo\u00fbtante et le scintillement de la <b>tour Eiffel<\/b> en toile de fond. Le mobilier raffin\u00e9, les assises confortables et la disposition pens\u00e9e pour l\u2019intimit\u00e9 font de notre \u00e9tablissement un <b>lieu<\/b> id\u00e9al pour se retrouver entre coll\u00e8gues ou amis.<\/p>\n<p>L\u2019int\u00e9rieur du <b>Caf\u00e9 de l\u2019Homme<\/b> m\u00eale <b>modernit\u00e9 et touches classiques<\/b>, avec des mat\u00e9riaux nobles tels que le bois, le marbre et le velours, offrant un cadre \u00e0 la fois feutr\u00e9 et sophistiqu\u00e9. Les <b>grandes baies vitr\u00e9es<\/b> permettent d\u2019admirer la <b>tour Eiffel<\/b> sous un angle in\u00e9dit, sublimant chaque instant pass\u00e9 dans notre <b>restaurant \u00e0 Paris<\/b>.<\/p>\n<p>Que vous organisiez une <b>soir\u00e9e<\/b> entre amis ou une c\u00e9l\u00e9bration exclusive, notre cadre prestigieux garantit une exp\u00e9rience m\u00e9morable, o\u00f9 <b>l\u2019\u00e9l\u00e9gance parisienne<\/b> rencontre l\u2019art de la f\u00eate.[\/vc_column_text][\/vc_column_inner][vc_column_inner width=&#8221;1\/2&#8243; enable_overlay=&#8221;yes&#8221; align=&#8221;text-center&#8221; css=&#8221;.vc_custom_1686240058941{background-image: url(https:\/\/www.cafedelhomme.com\/wp-content\/uploads\/2023\/04\/img-left-scaled.jpg?id=370) !important;background-position: center !important;background-repeat: no-repeat !important;background-size: cover !important;}&#8221; overlay_bg=&#8221;rgba(0, 0, 0, 0.35)&#8221; el_class=&#8221;option-modal&#8221;]<a href=\"#\" class=\"btn btn-default btn-bordered border-thin btn btn-outline btn-outline-white open_modal-simple ld_button_69f2a83eb533b\">\n\t<span>\n\t\t\n\t\t\t\t\t<span class=\"btn-txt\">Des espaces unique \u00e0 Paris<\/span>\n\t\t\t\n\t\t\t\t<\/span>\n<\/a>\n[vc_column_text css=&#8221;&#8221; el_class=&#8221;modal-content-simple&#8221;]L\u2019alliance d\u2019un <b>cadre prestigieux<\/b>, de <b>cocktails signatures<\/b> et d\u2019une <b>ambiance musicale \u00e9lectrisante<\/b> fait du <b>Caf\u00e9 de l\u2019Homme<\/b> le lieu incontournable pour un <b>afterwork \u00e0 Paris avec cocktails et DJ<\/b>. D\u00e8s votre arriv\u00e9e, plongez dans une atmosph\u00e8re \u00e9l\u00e9gante o\u00f9 chaque d\u00e9tail est pens\u00e9 pour \u00e9veiller vos sens et offrir une soir\u00e9e inoubliable.<\/p>\n<p>L\u2019<b>\u00e9clairage tamis\u00e9<\/b>, savamment dispos\u00e9, met en valeur l\u2019architecture du lieu et cr\u00e9e une ambiance feutr\u00e9e qui \u00e9volue au fil de la soir\u00e9e. L\u2019harmonie entre <b>modernit\u00e9 et tradition<\/b> fa\u00e7onne un cadre o\u00f9 <b>luxe et convivialit\u00e9<\/b> se conjuguent parfaitement. Que vous profitiez de l\u2019<b>int\u00e9rieur sophistiqu\u00e9<\/b> ou de la <b>terrasse panoramique<\/b>, chaque espace est con\u00e7u pour sublimer votre <b>soir\u00e9e afterwork Paris<\/b>.<\/p>\n<p>Les <b>afterworks avec DJ<\/b> du Caf\u00e9 de l\u2019Homme sont rythm\u00e9s par une <b>programmation musicale exclusive<\/b>, orchestr\u00e9e par nos <b>DJs<\/b>. D\u00e8s le d\u00e9but de la soir\u00e9e, des sonorit\u00e9s lounge accompagnent vos premiers cocktails, avant que les rythmes ne s\u2019intensifient pour prolonger l\u2019instant festif. Que vous recherchiez un <b>bar <\/b>ou<b> <\/b>un <b>restaurant pour un afterwork \u00e0 Paris<\/b>, <b>Caf\u00e9 de l\u2019Homme<\/b> vous promet une ambiance vibrante et sophistiqu\u00e9e.<\/p>\n<p>Que vous veniez c\u00e9l\u00e9brer une <b>r\u00e9ussite professionnelle<\/b>, un <b>\u00e9v\u00e9nement d\u2019entreprise<\/b>, ou simplement partager un moment privil\u00e9gi\u00e9 entre amis, nos <b>afterworks<\/b> vous garantissent une soir\u00e9e hors du temps. Venez d\u00e9couvrir un lieu o\u00f9 <b>mixologie cr\u00e9ative<\/b>, <b>musique envo\u00fbtante<\/b> et <b>vue spectaculaire sur la tour Eiffel<\/b> se conjuguent pour vous offrir une <b>exp\u00e9rience unique au c\u0153ur de Paris<\/b>.[\/vc_column_text][\/vc_column_inner][\/vc_row_inner][\/vc_column][\/vc_row][vc_row full_width=&#8221;stretch_row&#8221; equal_height=&#8221;yes&#8221; bg_position=&#8221;center center&#8221; css=&#8221;.vc_custom_1683016397706{padding-top: 80px !important;padding-bottom: 80px !important;background-image: url(https:\/\/www.cafedelhomme.com\/wp-content\/uploads\/2023\/04\/BG-1-1.jpg?id=354) !important;background-position: center !important;background-repeat: no-repeat !important;background-size: cover !important;}&#8221; el_id=&#8221;tela de imagem&#8221; responsive_css=&#8221;padding_top_large:250px|padding_bottom_large:250px&#8221;][vc_column align=&#8221;text-center&#8221;][vc_custom_heading text=&#8221;Reserve um momento inusitado em nosso restaurante&#8221; font_container=&#8221;tag:h2|text_align:center&#8221; css=&#8221;&#8221; el_class=&#8221;title mb-16&#8243;][vc_column_text css=&#8221;&#8221; el_class=&#8221;sub-title mb-40&#8243;]<em>Como o excepcional n\u00e3o espera, reserve agora&#8230;<\/em>[\/vc_column_text]<a href=\"https:\/\/www.sevenrooms.com\/explore\/cafedelhomme\/reservations\/create\/search?tracking=seo-blog\" target=\"_blank\" class=\"btn btn-default btn-bordered border-thin btn btn-outline btn-outline-white ld_button_69f2a83eb543c\">\n\t<span>\n\t\t\n\t\t\t\t\t<span class=\"btn-txt\">je r\u00e9serve.<\/span>\n\t\t\t\n\t\t\t\t<\/span>\n<\/a>\n[\/vc_column][\/vc_row]<\/p>\n<\/div>","protected":false},"excerpt":{"rendered":"<p>[vc_row sticky_row=&#8221;yes&#8221; css=&#8221;.vc_custom_1729757449101{background-image: url(https:\/\/www.cafedelhomme.com\/wp-content\/uploads\/2024\/01\/header-homepage-cdh.jpg?id=5114) !important;background-position: center !important;background-repeat: no-repeat !important;background-size: cover !important;}&#8221; el_id=&#8221;cabe\u00e7alho-p\u00e1gina-simples&#8221;][vc_column responsive_css=&#8221;padding_top_large:220px|padding_bottom_large:220px&#8221; css=&#8221;.vc_custom_1683277774171{padding-top: 120px !important;padding-bottom: 230px !important;}&#8221;][vc_custom_heading text=&#8221;Afterwork \u00e0 Paris \u2013 Cocktails, DJ &amp; vue sur la tour Eiffel&#8221; font_container=&#8221;tag:h1|text_align:center&#8221; css=&#8221;.vc_custom_1745913984231{margin-bottom: 0px !important;}&#8221;][vc_column_text css=&#8221;&#8221;] L\u2019exp\u00e9rience unique d\u2019un afterwork avec DJ \u00e0 Paris [\/vc_column_text][\/vc_column][\/vc_row][vc_row el_id=&#8221;img-e-texto&#8221;&#8230;<\/p>\n","protected":false},"author":14,"featured_media":11215,"parent":0,"menu_order":0,"comment_status":"closed","ping_status":"closed","template":"","meta":{"_acf_changed":false,"footnotes":""},"class_list":["post-11204","page","type-page","status-publish","has-post-thumbnail","hentry"],"acf":[],"yoast_head":"<!-- This site is optimized with the Yoast SEO Premium plugin v20.10 (Yoast SEO v27.0) - https:\/\/yoast.com\/product\/yoast-seo-premium-wordpress\/ -->\n<title>Restaurante incomum em Paris - Caf\u00e9 de l&#039;Homme<\/title>\n<meta name=\"description\" content=\"Uma experi\u00eancia \u00fanica em um restaurante incomum em Paris. Localizado na Paris 16, o Caf\u00e9 de l&#039;Homme oferece uma culin\u00e1ria refinada com uma vista excepcional da Torre Eiffel.\" \/>\n<meta name=\"robots\" content=\"index, follow, max-snippet:-1, max-image-preview:large, max-video-preview:-1\" \/>\n<link rel=\"canonical\" href=\"https:\/\/www.cafedelhomme.com\/pt-br\/restaurante-incomum-em-paris-3\" \/>\n<meta property=\"og:locale\" content=\"pt_BR\" \/>\n<meta property=\"og:type\" content=\"article\" \/>\n<meta property=\"og:title\" content=\"Restaurante incomum em Paris - Caf\u00e9 de l&#039;Homme\" \/>\n<meta property=\"og:description\" content=\"Descubra o melhor restaurante com terra\u00e7o em Paris 16 e aprecie a vista da Torre Eiffel em um almo\u00e7o ou jantar gourmet\" \/>\n<meta property=\"og:url\" content=\"https:\/\/www.cafedelhomme.com\/pt-br\/restaurante-incomum-em-paris-3\" \/>\n<meta property=\"og:site_name\" content=\"Caf\u00e9 de l&#039;Homme\" \/>\n<meta property=\"article:publisher\" content=\"https:\/\/www.facebook.com\/cafedelhomme\" \/>\n<meta property=\"article:modified_time\" content=\"2025-05-15T09:03:57+00:00\" \/>\n<meta property=\"og:image\" content=\"https:\/\/www.cafedelhomme.com\/wp-content\/uploads\/2025\/01\/Photo.jpg\" \/>\n\t<meta property=\"og:image:width\" content=\"488\" \/>\n\t<meta property=\"og:image:height\" content=\"388\" \/>\n\t<meta property=\"og:image:type\" content=\"image\/jpeg\" \/>\n<meta name=\"twitter:card\" content=\"summary_large_image\" \/>\n<meta name=\"twitter:label1\" content=\"Est. tempo de leitura\" \/>\n\t<meta name=\"twitter:data1\" content=\"22 minutos\" \/>\n<script type=\"application\/ld+json\" class=\"yoast-schema-graph\">{\"@context\":\"https:\/\/schema.org\",\"@graph\":[{\"@type\":\"WebPage\",\"@id\":\"https:\/\/www.cafedelhomme.com\/pt-br\/restaurante-incomum-em-paris-3\",\"url\":\"https:\/\/www.cafedelhomme.com\/pt-br\/restaurante-incomum-em-paris-3\",\"name\":\"Restaurante incomum em Paris - Caf\u00e9 de l'Homme\",\"isPartOf\":{\"@id\":\"https:\/\/www.cafedelhomme.com\/pt-br#website\"},\"primaryImageOfPage\":{\"@id\":\"https:\/\/www.cafedelhomme.com\/pt-br\/restaurante-incomum-em-paris-3#primaryimage\"},\"image\":{\"@id\":\"https:\/\/www.cafedelhomme.com\/pt-br\/restaurante-incomum-em-paris-3#primaryimage\"},\"thumbnailUrl\":\"https:\/\/www.cafedelhomme.com\/wp-content\/uploads\/2025\/01\/Photo.jpg\",\"datePublished\":\"2025-05-15T09:03:20+00:00\",\"dateModified\":\"2025-05-15T09:03:57+00:00\",\"description\":\"Uma experi\u00eancia \u00fanica em um restaurante incomum em Paris. Localizado na Paris 16, o Caf\u00e9 de l'Homme oferece uma culin\u00e1ria refinada com uma vista excepcional da Torre Eiffel.\",\"inLanguage\":\"pt-BR\",\"potentialAction\":[{\"@type\":\"ReadAction\",\"target\":[\"https:\/\/www.cafedelhomme.com\/pt-br\/restaurante-incomum-em-paris-3\"]}]},{\"@type\":\"ImageObject\",\"inLanguage\":\"pt-BR\",\"@id\":\"https:\/\/www.cafedelhomme.com\/pt-br\/restaurante-incomum-em-paris-3#primaryimage\",\"url\":\"https:\/\/www.cafedelhomme.com\/wp-content\/uploads\/2025\/01\/Photo.jpg\",\"contentUrl\":\"https:\/\/www.cafedelhomme.com\/wp-content\/uploads\/2025\/01\/Photo.jpg\",\"width\":488,\"height\":388},{\"@type\":\"WebSite\",\"@id\":\"https:\/\/www.cafedelhomme.com\/pt-br#website\",\"url\":\"https:\/\/www.cafedelhomme.com\/pt-br\",\"name\":\"Caf\u00e9 de l'Homme\",\"description\":\"\",\"publisher\":{\"@id\":\"https:\/\/www.cafedelhomme.com\/pt-br#organization\"},\"potentialAction\":[{\"@type\":\"SearchAction\",\"target\":{\"@type\":\"EntryPoint\",\"urlTemplate\":\"https:\/\/www.cafedelhomme.com\/pt-br?s={search_term_string}\"},\"query-input\":{\"@type\":\"PropertyValueSpecification\",\"valueRequired\":true,\"valueName\":\"search_term_string\"}}],\"inLanguage\":\"pt-BR\"},{\"@type\":\"Organization\",\"@id\":\"https:\/\/www.cafedelhomme.com\/pt-br#organization\",\"name\":\"Caf\u00e9 de l'Homme\",\"url\":\"https:\/\/www.cafedelhomme.com\/pt-br\",\"logo\":{\"@type\":\"ImageObject\",\"inLanguage\":\"pt-BR\",\"@id\":\"https:\/\/www.cafedelhomme.com\/pt-br#\/schema\/logo\/image\/\",\"url\":\"https:\/\/www.cafedelhomme.com\/wp-content\/uploads\/2023\/04\/big-logo-300x163-1.png\",\"contentUrl\":\"https:\/\/www.cafedelhomme.com\/wp-content\/uploads\/2023\/04\/big-logo-300x163-1.png\",\"width\":300,\"height\":163,\"caption\":\"Caf\u00e9 de l'Homme\"},\"image\":{\"@id\":\"https:\/\/www.cafedelhomme.com\/pt-br#\/schema\/logo\/image\/\"},\"sameAs\":[\"https:\/\/www.facebook.com\/cafedelhomme\",\"https:\/\/www.instagram.com\/cafedelhomme\/\"]}]}<\/script>\n<!-- \/ Yoast SEO Premium plugin. -->","yoast_head_json":{"title":"Restaurante incomum em Paris - Caf\u00e9 de l'Homme","description":"Uma experi\u00eancia \u00fanica em um restaurante incomum em Paris. Localizado na Paris 16, o Caf\u00e9 de l'Homme oferece uma culin\u00e1ria refinada com uma vista excepcional da Torre Eiffel.","robots":{"index":"index","follow":"follow","max-snippet":"max-snippet:-1","max-image-preview":"max-image-preview:large","max-video-preview":"max-video-preview:-1"},"canonical":"https:\/\/www.cafedelhomme.com\/pt-br\/restaurante-incomum-em-paris-3","og_locale":"pt_BR","og_type":"article","og_title":"Restaurante incomum em Paris - Caf\u00e9 de l'Homme","og_description":"Descubra o melhor restaurante com terra\u00e7o em Paris 16 e aprecie a vista da Torre Eiffel em um almo\u00e7o ou jantar gourmet","og_url":"https:\/\/www.cafedelhomme.com\/pt-br\/restaurante-incomum-em-paris-3","og_site_name":"Caf\u00e9 de l'Homme","article_publisher":"https:\/\/www.facebook.com\/cafedelhomme","article_modified_time":"2025-05-15T09:03:57+00:00","og_image":[{"width":488,"height":388,"url":"https:\/\/www.cafedelhomme.com\/wp-content\/uploads\/2025\/01\/Photo.jpg","type":"image\/jpeg"}],"twitter_card":"summary_large_image","twitter_misc":{"Est. tempo de leitura":"22 minutos"},"schema":{"@context":"https:\/\/schema.org","@graph":[{"@type":"WebPage","@id":"https:\/\/www.cafedelhomme.com\/pt-br\/restaurante-incomum-em-paris-3","url":"https:\/\/www.cafedelhomme.com\/pt-br\/restaurante-incomum-em-paris-3","name":"Restaurante incomum em Paris - Caf\u00e9 de l'Homme","isPartOf":{"@id":"https:\/\/www.cafedelhomme.com\/pt-br#website"},"primaryImageOfPage":{"@id":"https:\/\/www.cafedelhomme.com\/pt-br\/restaurante-incomum-em-paris-3#primaryimage"},"image":{"@id":"https:\/\/www.cafedelhomme.com\/pt-br\/restaurante-incomum-em-paris-3#primaryimage"},"thumbnailUrl":"https:\/\/www.cafedelhomme.com\/wp-content\/uploads\/2025\/01\/Photo.jpg","datePublished":"2025-05-15T09:03:20+00:00","dateModified":"2025-05-15T09:03:57+00:00","description":"Uma experi\u00eancia \u00fanica em um restaurante incomum em Paris. Localizado na Paris 16, o Caf\u00e9 de l'Homme oferece uma culin\u00e1ria refinada com uma vista excepcional da Torre Eiffel.","inLanguage":"pt-BR","potentialAction":[{"@type":"ReadAction","target":["https:\/\/www.cafedelhomme.com\/pt-br\/restaurante-incomum-em-paris-3"]}]},{"@type":"ImageObject","inLanguage":"pt-BR","@id":"https:\/\/www.cafedelhomme.com\/pt-br\/restaurante-incomum-em-paris-3#primaryimage","url":"https:\/\/www.cafedelhomme.com\/wp-content\/uploads\/2025\/01\/Photo.jpg","contentUrl":"https:\/\/www.cafedelhomme.com\/wp-content\/uploads\/2025\/01\/Photo.jpg","width":488,"height":388},{"@type":"WebSite","@id":"https:\/\/www.cafedelhomme.com\/pt-br#website","url":"https:\/\/www.cafedelhomme.com\/pt-br","name":"Caf\u00e9 de l'Homme","description":"","publisher":{"@id":"https:\/\/www.cafedelhomme.com\/pt-br#organization"},"potentialAction":[{"@type":"SearchAction","target":{"@type":"EntryPoint","urlTemplate":"https:\/\/www.cafedelhomme.com\/pt-br?s={search_term_string}"},"query-input":{"@type":"PropertyValueSpecification","valueRequired":true,"valueName":"search_term_string"}}],"inLanguage":"pt-BR"},{"@type":"Organization","@id":"https:\/\/www.cafedelhomme.com\/pt-br#organization","name":"Caf\u00e9 de l'Homme","url":"https:\/\/www.cafedelhomme.com\/pt-br","logo":{"@type":"ImageObject","inLanguage":"pt-BR","@id":"https:\/\/www.cafedelhomme.com\/pt-br#\/schema\/logo\/image\/","url":"https:\/\/www.cafedelhomme.com\/wp-content\/uploads\/2023\/04\/big-logo-300x163-1.png","contentUrl":"https:\/\/www.cafedelhomme.com\/wp-content\/uploads\/2023\/04\/big-logo-300x163-1.png","width":300,"height":163,"caption":"Caf\u00e9 de l'Homme"},"image":{"@id":"https:\/\/www.cafedelhomme.com\/pt-br#\/schema\/logo\/image\/"},"sameAs":["https:\/\/www.facebook.com\/cafedelhomme","https:\/\/www.instagram.com\/cafedelhomme\/"]}]}},"_links":{"self":[{"href":"https:\/\/www.cafedelhomme.com\/pt-br\/wp-json\/wp\/v2\/pages\/11204","targetHints":{"allow":["GET"]}}],"collection":[{"href":"https:\/\/www.cafedelhomme.com\/pt-br\/wp-json\/wp\/v2\/pages"}],"about":[{"href":"https:\/\/www.cafedelhomme.com\/pt-br\/wp-json\/wp\/v2\/types\/page"}],"author":[{"embeddable":true,"href":"https:\/\/www.cafedelhomme.com\/pt-br\/wp-json\/wp\/v2\/users\/14"}],"replies":[{"embeddable":true,"href":"https:\/\/www.cafedelhomme.com\/pt-br\/wp-json\/wp\/v2\/comments?post=11204"}],"version-history":[{"count":3,"href":"https:\/\/www.cafedelhomme.com\/pt-br\/wp-json\/wp\/v2\/pages\/11204\/revisions"}],"predecessor-version":[{"id":11211,"href":"https:\/\/www.cafedelhomme.com\/pt-br\/wp-json\/wp\/v2\/pages\/11204\/revisions\/11211"}],"wp:featuredmedia":[{"embeddable":true,"href":"https:\/\/www.cafedelhomme.com\/pt-br\/wp-json\/wp\/v2\/media\/11215"}],"wp:attachment":[{"href":"https:\/\/www.cafedelhomme.com\/pt-br\/wp-json\/wp\/v2\/media?parent=11204"}],"curies":[{"name":"wp","href":"https:\/\/api.w.org\/{rel}","templated":true}]}}