{"id":12222,"date":"2025-08-03T11:01:14","date_gmt":"2025-08-03T09:01:14","guid":{"rendered":"https:\/\/www.cafedelhomme.com\/?page_id=12222"},"modified":"2025-08-03T11:02:00","modified_gmt":"2025-08-03T09:02:00","slug":"restaurante-incomum-em-paris-8","status":"publish","type":"page","link":"https:\/\/www.cafedelhomme.com\/pt-br\/restaurante-incomum-em-paris-8","title":{"rendered":"Restaurante incomum em Paris"},"content":{"rendered":"<div class=\"wpb-content-wrapper\"><p>[vc_row sticky_row=&#8221;yes&#8221; css=&#8221;.vc_custom_1729757449101{background-image: url(https:\/\/www.cafedelhomme.com\/wp-content\/uploads\/2024\/01\/header-homepage-cdh.jpg?id=5114) !important;background-position: center !important;background-repeat: no-repeat !important;background-size: cover !important;}&#8221; el_id=&#8221;cabe\u00e7alho-p\u00e1gina-simples&#8221;][vc_column responsive_css=&#8221;padding_top_large:220px|padding_bottom_large:220px&#8221; css=&#8221;.vc_custom_1683277774171{padding-top: 120px !important;padding-bottom: 230px !important;}&#8221;][vc_custom_heading text=&#8221;Caf\u00e9 de l\u2019Homme \u2013 Le lieu id\u00e9al pour vos \u00e9v\u00e9nements \u00e0 Paris&#8221; font_container=&#8221;tag:h1|text_align:center&#8221; css=&#8221;.vc_custom_1750334284678{margin-bottom: 0px !important;}&#8221;][vc_column_text css=&#8221;&#8221;]<\/p>\n<p style=\"text-align: center;\">Un cadre prestigieux et des espaces modulables<\/p>\n<p>[\/vc_column_text][\/vc_column][\/vc_row][vc_row el_id=&#8221;img-e-texto&#8221; responsive_css=&#8221;padding_top_large:160px|padding_bottom_large:80px&#8221; css=&#8221;.vc_custom_1730107755116{padding-bottom: 40px !important;background-color: #ffffff !important;}&#8221;][vc_column][vc_row_inner equal_height=&#8221;yes&#8221; content_placement=&#8221;middle&#8221; responsive_css=&#8221;margin_bottom_large:80px&#8221; css=&#8221;.vc_custom_1686138812636{margin-bottom: 40px !important;}&#8221;][vc_column_inner width=&#8221;1\/2&#8243; el_class=&#8221;picture_top&#8221;][vc_single_image image=&#8221;7593&#8243; img_size=&#8221;full&#8221; css=&#8221;.vc_custom_1747904555621{margin-bottom: 0px !important;}&#8221;][\/vc_column_inner][vc_column_inner width=&#8221;1\/2&#8243; el_class=&#8221;text_right&#8221;][vc_custom_heading text=&#8221;Des \u00e9v\u00e9nements sur-mesure dans un lieu d\u2019exception&#8221; css=&#8221;&#8221;][vc_column_text css=&#8221;&#8221;]Offrez \u00e0 vos invit\u00e9s une exp\u00e9rience m\u00e9morable en organisant vos <b>\u00e9v\u00e9nements <\/b>au Caf\u00e9 de l\u2019Homme. Situ\u00e9 au c\u0153ur du <b>Trocad\u00e9ro<\/b>, face \u00e0 la majestueuse tour Eiffel, notre \u00e9tablissement conjugue \u00e9l\u00e9gance architecturale, service haut de gamme et flexibilit\u00e9 des espaces. Que vous planifiiez un <b>d\u00e9jeuner d\u2019\u00e9quipe<\/b>, une <b>pr\u00e9sentation de produit<\/b>, un <b>cocktail networking<\/b>, ou une <b>c\u00e9l\u00e9bration<\/b>, nous vous accompagnons pour cr\u00e9er un moment unique et \u00e0 votre image.<\/p>\n<p>Nous proposons la <b>semi-privatisation de nos espaces<\/b>, une solution id\u00e9ale pour concilier intimit\u00e9 et ambiance. Profitez de l\u2019une de nos <b>terrasses ensoleill\u00e9es <\/b>pour un d\u00e9jeuner professionnel, c\u00f4t\u00e9 <b>jardins <\/b>et c\u00f4t\u00e9<b> tour Eiffel<\/b>. Chaque lieu a \u00e9t\u00e9 pens\u00e9 pour offrir une exp\u00e9rience conviviale, professionnelle et r\u00e9solument \u00e9l\u00e9gante, sans jamais avoir besoin de privatiser l\u2019ensemble du restaurant.[\/vc_column_text][\/vc_column_inner][\/vc_row_inner][\/vc_column][\/vc_row][vc_row enable_gradient=&#8221;yes&#8221; css=&#8221;.vc_custom_1730111311851{padding-top: 150px !important;padding-bottom: 150px !important;background-color: #000000 !important;background-position: center !important;background-repeat: no-repeat !important;background-size: cover !important;}&#8221; el_class=&#8221;visite-virtuelle&#8221; gradient_bg=&#8221;linear-gradient(0deg, rgba(0, 0, 0, 0.5) 0%, rgba(0,0,0,0.4) 100%)&#8221;][vc_column][vc_custom_heading text=&#8221;D\u00e9couvrez Caf\u00e9 de l&#8217;Homme avec une visite virtuelle immersive&#8221; font_container=&#8221;tag:h2|text_align:center&#8221; css=&#8221;&#8221;][vc_column_text css=&#8221;&#8221;]Explorez l\u2019univers exclusif du Caf\u00e9 de l\u2019Homme gr\u00e2ce \u00e0 notre visite virtuelle immersive. Parcourez chaque espace de notre restaurant cach\u00e9 offrant une vue spectaculaire sur la tour Eiffel. Plongez dans l\u2019atmosph\u00e8re raffin\u00e9e et chaleureuse du Caf\u00e9 de l\u2019Homme et pr\u00e9parez-vous \u00e0 vivre une exp\u00e9rience unique, en plein c\u0153ur de Paris.[\/vc_column_text]<a href=\"#\" class=\"btn btn-default btn-bordered border-thin btn btn-outline btn-outline-white open-vv ld_button_69f3e7035ee8c\">\n\t<span>\n\t\t\n\t\t\t\t\t<span class=\"btn-txt\">d\u00e9marrer la visite virtuelle<\/span>\n\t\t\t\n\t\t\t\t<\/span>\n<\/a>\n[\/vc_column][\/vc_row][vc_row responsive_css=&#8221;padding_top_large:160px|padding_bottom_large:80px&#8221; css=&#8221;.vc_custom_1730107763818{padding-bottom: 40px !important;background-color: #ffffff !important;}&#8221; el_id=&#8221;img-e-text-alt&#8221;][vc_column][vc_row_inner equal_height=&#8221;yes&#8221; content_placement=&#8221;middle&#8221;][vc_column_inner width=&#8221;1\/2&#8243; el_class=&#8221;text_left&#8221;][vc_custom_heading text=&#8221;Une offre modulable pour chaque format d\u2019\u00e9v\u00e9nement&#8221; css=&#8221;&#8221;][vc_column_text css=&#8221;&#8221;]Du <b>d\u00e9jeuner informel <\/b>au <b>cocktail corporate<\/b>, en passant par les r\u00e9unions conviviales ou les soir\u00e9es de remerciement, Caf\u00e9 de l\u2019Homme s\u2019adapte \u00e0 tous vos besoins. Gr\u00e2ce \u00e0 une <b>configuration souple<\/b> de nos espaces, vous pouvez cr\u00e9er l\u2019\u00e9v\u00e9nement qui vous ressemble, avec une <b>ambiance personnalis\u00e9e<\/b>, un <b>service d\u00e9di\u00e9<\/b> et des <b>prestations haut de gamme<\/b>.<\/p>\n<p>Notre \u00e9quipe \u00e9v\u00e9nementielle, forte d\u2019une grande exp\u00e9rience dans l\u2019accueil de clients corporate, vous accompagne de la conception \u00e0 la r\u00e9alisation de votre \u00e9v\u00e9nement. Offrez \u00e0 vos collaborateurs une <b>vue imprenable sur la tour Eiffel<\/b>, dans un d\u00e9cor \u00e0 la fois iconique et chaleureux. Que ce soit en journ\u00e9e ou en soir\u00e9e, chaque instant pass\u00e9 au Caf\u00e9 de l\u2019Homme devient une opportunit\u00e9 de marquer les esprits.[\/vc_column_text]<a href=\"#\" class=\"btn btn-naked btn_underline open-contact ld_button_69f3e7035f053\">\n\t<span>\n\t\t\n\t\t\t\t\t<span class=\"btn-txt\">demander une privatisation.<\/span>\n\t\t\t\n\t\t\t\t<\/span>\n<\/a>\n[\/vc_column_inner][vc_column_inner width=&#8221;1\/2&#8243; el_class=&#8221;picture_bottom&#8221;][vc_single_image image=&#8221;9039&#8243; img_size=&#8221;full&#8221; alignment=&#8221;center&#8221; css=&#8221;&#8221;][\/vc_column_inner][\/vc_row_inner][\/vc_column][\/vc_row][vc_row enable_gradient=&#8221;yes&#8221; css=&#8221;.vc_custom_1730111311851{padding-top: 150px !important;padding-bottom: 150px !important;background-color: #000000 !important;background-position: center !important;background-repeat: no-repeat !important;background-size: cover !important;}&#8221; el_class=&#8221;visite-virtuelle&#8221; gradient_bg=&#8221;linear-gradient(0deg, rgba(0, 0, 0, 0.5) 0%, rgba(0,0,0,0.4) 100%)&#8221;][vc_column][vc_custom_heading text=&#8221;D\u00e9couvrez nos exp\u00e9riences professionnelles sur-mesure&#8221; font_container=&#8221;tag:h2|text_align:center&#8221; css=&#8221;&#8221;][vc_row_inner equal_height=&#8221;yes&#8221; content_placement=&#8221;middle&#8221; responsive_css=&#8221;margin_bottom_large:80px&#8221; css=&#8221;.vc_custom_1686138812636{margin-bottom: 40px !important;}&#8221;][vc_column_inner width=&#8221;1\/2&#8243; el_class=&#8221;picture_top&#8221;]<a href=\"https:\/\/www.cafedelhomme.com\/privatiser\/nouvelle-offre-gastronomique\" class=\"btn btn-default btn-bordered border-thin btn btn-outline btn-outline-white ld_button_69f3e7035f194\">\n\t<span>\n\t\t\n\t\t\t\t\t<span class=\"btn-txt\">D\u00e9jeuners d'affaires en terrasse avec vue<\/span>\n\t\t\t\n\t\t\t\t<\/span>\n<\/a>\n<a href=\"https:\/\/www.cafedelhomme.com\/afterwork-a-paris\" class=\"btn btn-default btn-bordered border-thin btn btn-outline btn-outline-white ld_button_69f3e7035f2bd\">\n\t<span>\n\t\t\n\t\t\t\t\t<span class=\"btn-txt\">Afterwork avec cocktails signatures<\/span>\n\t\t\t\n\t\t\t\t<\/span>\n<\/a>\n<a href=\"https:\/\/www.cafedelhomme.com\/privatiser\/lancement-produit-tour-eiffel-paris\" class=\"btn btn-default btn-bordered border-thin btn btn-outline btn-outline-white ld_button_69f3e7035f3de\">\n\t<span>\n\t\t\n\t\t\t\t\t<span class=\"btn-txt\">Lancement de produit dans un cadre inspirant<\/span>\n\t\t\t\n\t\t\t\t<\/span>\n<\/a>\n[\/vc_column_inner][vc_column_inner width=&#8221;1\/2&#8243; el_class=&#8221;text_right&#8221;]<a href=\"https:\/\/www.cafedelhomme.com\/privatiser\/formation-a-paris\" class=\"btn btn-default btn-bordered border-thin btn btn-outline btn-outline-white ld_button_69f3e7035f4f4\">\n\t<span>\n\t\t\n\t\t\t\t\t<span class=\"btn-txt\">Cocktails dinatoires dans un salon semi-privatis\u00e9<\/span>\n\t\t\t\n\t\t\t\t<\/span>\n<\/a>\n<a href=\"https:\/\/www.cafedelhomme.com\/restaurant-autour-de-la-tour-eiffel\" class=\"btn btn-default btn-bordered border-thin btn btn-outline btn-outline-white ld_button_69f3e7035f604\">\n\t<span>\n\t\t\n\t\t\t\t\t<span class=\"btn-txt\">D\u00eeners d'entreprise dans un espace \u00e9l\u00e9gant<\/span>\n\t\t\t\n\t\t\t\t<\/span>\n<\/a>\n<a href=\"https:\/\/www.cafedelhomme.com\/privatiser\/seminaire-dentreprise\" class=\"btn btn-default btn-bordered border-thin btn btn-outline btn-outline-white ld_button_69f3e7035f712\">\n\t<span>\n\t\t\n\t\t\t\t\t<span class=\"btn-txt\">Soir\u00e9es d'entreprise \u00e0 la lumi\u00e8re de la tour Eiffel<\/span>\n\t\t\t\n\t\t\t\t<\/span>\n<\/a>\n[\/vc_column_inner][\/vc_row_inner][\/vc_column][\/vc_row][vc_row responsive_css=&#8221;padding_top_large:160px|padding_bottom_large:80px&#8221; css=&#8221;.vc_custom_1730107755116{padding-bottom: 40px !important;background-color: #ffffff !important;}&#8221;][vc_column][vc_custom_heading text=&#8221;D\u00e9couvrez nos exp\u00e9riences professionnelles sur-mesure&#8221; font_container=&#8221;tag:h2|text_align:center&#8221; css=&#8221;&#8221;][\/vc_column][\/vc_row][vc_row el_id=&#8221;equipamentos&#8221; css=&#8221;.vc_custom_1686224179321{padding-top: 80px !important;padding-bottom: 80px !important;background-color: #faf9f6 !important;}&#8221; responsive_css=&#8221;padding_top_large:145px|padding_bottom_large:168px&#8221; el_class=&#8221;prestations&#8221;][vc_column width=&#8221;5\/12&#8243;][vc_custom_heading text=&#8221;Un restaurant d\u2019exception pour vos \u00e9v\u00e9nements particuliers&#8221; css=&#8221;.vc_custom_1750335369761{margin-bottom: 40px !important;}&#8221;][vc_column_text css=&#8221;.vc_custom_1750334929382{margin-bottom: 40px !important;}&#8221;]Organiser un \u00e9v\u00e9nement au Caf\u00e9 de l\u2019Homme, c\u2019est faire le choix d\u2019un lieu embl\u00e9matique alliant <b>gastronomie raffin\u00e9e<\/b>, <b>panorama unique<\/b> et <b>prestations premium<\/b>. Install\u00e9 au c\u0153ur du <b>Palais de Chaillot<\/b>, notre restaurant vous ouvre les portes d\u2019un Paris confidentiel et prestigieux.<\/p>\n<p>Nos menus, con\u00e7us par <b>le Chef Wilfried Graux<\/b>, valorisent les <b>produits de saison<\/b> dans une approche <b>\u00e9l\u00e9gante et contemporaine<\/b>. Pour accompagner vos <b>repas <\/b>ou vos <b>cocktails<\/b>, nos <b>mixologues <\/b>\u00e9laborent des cr\u00e9ations audacieuses et raffin\u00e9es. Nos \u00e9quipes veillent \u00e0 chaque d\u00e9tail, pour garantir \u00e0 vos convives une exp\u00e9rience fluide, immersive et inoubliable.[\/vc_column_text]<a href=\"#\" class=\"btn btn-naked btn_underline open-contact ld_button_69f3e7035f821\">\n\t<span>\n\t\t\n\t\t\t\t\t<span class=\"btn-txt\">organiser un \u00e9v\u00e8nement.<\/span>\n\t\t\t\n\t\t\t\t<\/span>\n<\/a>\n[\/vc_column][vc_column width=&#8221;7\/12&#8243;][vc_row_inner equal_height=&#8221;yes&#8221; content_placement=&#8221;middle&#8221; responsive_css=&#8221;margin_bottom_large:30px&#8221; css=&#8221;.vc_custom_1686224165726{margin-bottom: 40px !important;}&#8221; el_class=&#8221;options&#8221;][vc_column_inner width=&#8221;1\/2&#8243; enable_overlay=&#8221;yes&#8221; align=&#8221;text-center&#8221; css=&#8221;.vc_custom_1686240038037{background-image: url(https:\/\/www.cafedelhomme.com\/wp-content\/uploads\/2023\/04\/img-right-scaled.jpg?id=371) !important;background-position: center !important;background-repeat: no-repeat !important;background-size: cover !important;}&#8221; overlay_bg=&#8221;rgba(0, 0, 0, 0.35)&#8221; el_class=&#8221;option-modal&#8221;]<a href=\"#\" class=\"btn btn-default btn-bordered border-thin btn btn-outline btn-outline-white open_modal-simple ld_button_69f3e7035f924\">\n\t<span>\n\t\t\n\t\t\t\t\t<span class=\"btn-txt\">Un Menu qui s\u2019adapte \u00e0 vos \u00e9v\u00e9nements<\/span>\n\t\t\t\n\t\t\t\t<\/span>\n<\/a>\n[vc_column_text css=&#8221;&#8221; el_class=&#8221;modal-content-simple&#8221;]Notre Chef \u00e9labore des menus adapt\u00e9s \u00e0 vos formats : cocktail ap\u00e9ritif, d\u00eener assis, buffet ou prestations particuli\u00e8res. Chaque plat met en valeur des produits frais et de saison, dans une pr\u00e9sentation soign\u00e9e, id\u00e9ale pour vos invit\u00e9s professionnels. Offrez une parenth\u00e8se gastronomique \u00e0 vos collaborateurs, partenaires ou clients, dans un cadre aussi \u00e9l\u00e9gant que gourmand.[\/vc_column_text][\/vc_column_inner][vc_column_inner width=&#8221;1\/2&#8243; enable_overlay=&#8221;yes&#8221; align=&#8221;text-center&#8221; css=&#8221;.vc_custom_1686240015414{background-image: url(https:\/\/www.cafedelhomme.com\/wp-content\/uploads\/2023\/04\/bg-fullscreen-scaled.jpg?id=452) !important;background-position: center !important;background-repeat: no-repeat !important;background-size: cover !important;}&#8221; overlay_bg=&#8221;rgba(0, 0, 0, 0.35)&#8221; el_class=&#8221;option-modal&#8221;]<a href=\"#\" class=\"btn btn-default btn-bordered border-thin btn btn-outline btn-outline-white open_modal-simple ld_button_69f3e7035fa25\">\n\t<span>\n\t\t\n\t\t\t\t\t<span class=\"btn-txt\">Un cadre professionnel avec vue<\/span>\n\t\t\t\n\t\t\t\t<\/span>\n<\/a>\n[vc_column_text css=&#8221;&#8221; el_class=&#8221;modal-content-simple&#8221;]Avec sa situation exceptionnelle au <b>Trocad\u00e9ro<\/b>, face \u00e0 la <b>tour Eiffel<\/b>, Caf\u00e9 de l\u2019Homme donne \u00e0 vos \u00e9v\u00e9nements une <b>dimension unique<\/b>. Qu\u2019il s\u2019agisse d\u2019un d\u00e9jeuner en terrasse ou d\u2019un cocktail au coucher du soleil, vos invit\u00e9s profiteront d\u2019un panorama spectaculaire dans une atmosph\u00e8re propice \u00e0 la <b>convivialit\u00e9<\/b>, \u00e0 <b>l\u2019\u00e9change <\/b>et \u00e0 la valorisation de votre<b> image de marque.<\/b>[\/vc_column_text][\/vc_column_inner][\/vc_row_inner][vc_row_inner equal_height=&#8221;yes&#8221; content_placement=&#8221;middle&#8221; responsive_css=&#8221;margin_bottom_large:10px&#8221; css=&#8221;.vc_custom_1686224370091{margin-bottom: 40px !important;}&#8221; el_class=&#8221;options&#8221;][vc_column_inner width=&#8221;1\/2&#8243; enable_overlay=&#8221;yes&#8221; align=&#8221;text-center&#8221; css=&#8221;.vc_custom_1686240081843{background-image: url(https:\/\/www.cafedelhomme.com\/wp-content\/uploads\/2023\/04\/BG-1-1.jpg?id=354) !important;background-position: center !important;background-repeat: no-repeat !important;background-size: cover !important;}&#8221; overlay_bg=&#8221;rgba(0, 0, 0, 0.35)&#8221; el_class=&#8221;option-modal&#8221;]<a href=\"#\" class=\"btn btn-default btn-bordered border-thin btn btn-outline btn-outline-white open_modal-simple ld_button_69f3e7035fb2a\">\n\t<span>\n\t\t\n\t\t\t\t\t<span class=\"btn-txt\">La souplesse de la semi-privatisation<\/span>\n\t\t\t\n\t\t\t\t<\/span>\n<\/a>\n[vc_column_text css=&#8221;&#8221; el_class=&#8221;modal-content-simple&#8221;]La <b>semi-privatisation<\/b> est l\u2019option parfaite pour b\u00e9n\u00e9ficier d\u2019un <b>espace d\u00e9di\u00e9,<\/b> sans devoir r\u00e9server l\u2019ensemble du restaurant. Nos diff\u00e9rents salons et espaces en terrasse s\u2019adaptent \u00e0 vos envies. Ce format vous permet de cr\u00e9er une <b>ambiance intimiste,<\/b> tout en conservant le <b>dynamisme <\/b>et le <b>raffinement <\/b>de l\u2019\u00e9tablissement.[\/vc_column_text][\/vc_column_inner][vc_column_inner width=&#8221;1\/2&#8243; enable_overlay=&#8221;yes&#8221; align=&#8221;text-center&#8221; css=&#8221;.vc_custom_1686240058941{background-image: url(https:\/\/www.cafedelhomme.com\/wp-content\/uploads\/2023\/04\/img-left-scaled.jpg?id=370) !important;background-position: center !important;background-repeat: no-repeat !important;background-size: cover !important;}&#8221; overlay_bg=&#8221;rgba(0, 0, 0, 0.35)&#8221; el_class=&#8221;option-modal&#8221;]<a href=\"#\" class=\"btn btn-default btn-bordered border-thin btn btn-outline btn-outline-white open_modal-simple ld_button_69f3e7035fc2b\">\n\t<span>\n\t\t\n\t\t\t\t\t<span class=\"btn-txt\">Un accompagnement sur-mesure<\/span>\n\t\t\t\n\t\t\t\t<\/span>\n<\/a>\n[vc_column_text css=&#8221;&#8221; el_class=&#8221;modal-content-simple&#8221;]Notre \u00e9quipe vous <b>accompagne <\/b>\u00e0 chaque \u00e9tape de votre \u00e9v\u00e9nement, de la s\u00e9lection des espaces \u00e0 la <b>coordination <\/b>sur place. Gr\u00e2ce \u00e0 notre savoir-faire en accueil corporate, nous vous garantissons une<b> exp\u00e9rience fluide<\/b>, <b>professionnelle <\/b>et fid\u00e8le \u00e0 votre image. Faites du Caf\u00e9 de l\u2019Homme votre partenaire de confiance pour tous vos moments cl\u00e9s.[\/vc_column_text][\/vc_column_inner][\/vc_row_inner][\/vc_column][\/vc_row][vc_row full_width=&#8221;stretch_row&#8221; equal_height=&#8221;yes&#8221; bg_position=&#8221;center center&#8221; css=&#8221;.vc_custom_1683016397706{padding-top: 80px !important;padding-bottom: 80px !important;background-image: url(https:\/\/www.cafedelhomme.com\/wp-content\/uploads\/2023\/04\/BG-1-1.jpg?id=354) !important;background-position: center !important;background-repeat: no-repeat !important;background-size: cover !important;}&#8221; el_id=&#8221;tela de imagem&#8221; responsive_css=&#8221;padding_top_large:250px|padding_bottom_large:250px&#8221;][vc_column align=&#8221;text-center&#8221;][vc_custom_heading text=&#8221;Reserve um momento inusitado em nosso restaurante&#8221; font_container=&#8221;tag:h2|text_align:center&#8221; css=&#8221;&#8221; el_class=&#8221;title mb-16&#8243;][vc_column_text css=&#8221;&#8221; el_class=&#8221;sub-title mb-40&#8243;]<em>Como o excepcional n\u00e3o espera, reserve agora&#8230;<\/em>[\/vc_column_text]<a href=\"https:\/\/www.sevenrooms.com\/explore\/cafedelhomme\/reservations\/create\/search?tracking=seo-blog\" target=\"_blank\" class=\"btn btn-default btn-bordered border-thin btn btn-outline btn-outline-white ld_button_69f3e7035fd2b\">\n\t<span>\n\t\t\n\t\t\t\t\t<span class=\"btn-txt\">je r\u00e9serve.<\/span>\n\t\t\t\n\t\t\t\t<\/span>\n<\/a>\n[\/vc_column][\/vc_row]<\/p>\n<\/div>","protected":false},"excerpt":{"rendered":"<p>[vc_row sticky_row=&#8221;yes&#8221; css=&#8221;.vc_custom_1729757449101{background-image: url(https:\/\/www.cafedelhomme.com\/wp-content\/uploads\/2024\/01\/header-homepage-cdh.jpg?id=5114) !important;background-position: center !important;background-repeat: no-repeat !important;background-size: cover !important;}&#8221; el_id=&#8221;cabe\u00e7alho-p\u00e1gina-simples&#8221;][vc_column responsive_css=&#8221;padding_top_large:220px|padding_bottom_large:220px&#8221; css=&#8221;.vc_custom_1683277774171{padding-top: 120px !important;padding-bottom: 230px !important;}&#8221;][vc_custom_heading text=&#8221;Caf\u00e9 de l\u2019Homme \u2013 Le lieu id\u00e9al pour vos \u00e9v\u00e9nements \u00e0 Paris&#8221; font_container=&#8221;tag:h1|text_align:center&#8221; css=&#8221;.vc_custom_1750334284678{margin-bottom: 0px !important;}&#8221;][vc_column_text css=&#8221;&#8221;] Un cadre prestigieux et des espaces modulables [\/vc_column_text][\/vc_column][\/vc_row][vc_row el_id=&#8221;img-e-texto&#8221; responsive_css=&#8221;padding_top_large:160px|padding_bottom_large:80px&#8221;&#8230;<\/p>\n","protected":false},"author":14,"featured_media":12216,"parent":0,"menu_order":0,"comment_status":"closed","ping_status":"closed","template":"","meta":{"_acf_changed":false,"footnotes":""},"class_list":["post-12222","page","type-page","status-publish","has-post-thumbnail","hentry"],"acf":[],"yoast_head":"<!-- This site is optimized with the Yoast SEO Premium plugin v20.10 (Yoast SEO v27.0) - https:\/\/yoast.com\/product\/yoast-seo-premium-wordpress\/ -->\n<title>Restaurante incomum em Paris - Caf\u00e9 de l&#039;Homme<\/title>\n<meta name=\"description\" content=\"Uma experi\u00eancia \u00fanica em um restaurante incomum em Paris. Localizado na Paris 16, o Caf\u00e9 de l&#039;Homme oferece uma culin\u00e1ria refinada com uma vista excepcional da Torre Eiffel.\" \/>\n<meta name=\"robots\" content=\"index, follow, max-snippet:-1, max-image-preview:large, max-video-preview:-1\" \/>\n<link rel=\"canonical\" href=\"https:\/\/www.cafedelhomme.com\/pt-br\/restaurante-incomum-em-paris-8\" \/>\n<meta property=\"og:locale\" content=\"pt_BR\" \/>\n<meta property=\"og:type\" content=\"article\" \/>\n<meta property=\"og:title\" content=\"Restaurante incomum em Paris - Caf\u00e9 de l&#039;Homme\" \/>\n<meta property=\"og:description\" content=\"Descubra o melhor restaurante com terra\u00e7o em Paris 16 e aprecie a vista da Torre Eiffel em um almo\u00e7o ou jantar gourmet\" \/>\n<meta property=\"og:url\" content=\"https:\/\/www.cafedelhomme.com\/pt-br\/restaurante-incomum-em-paris-8\" \/>\n<meta property=\"og:site_name\" content=\"Caf\u00e9 de l&#039;Homme\" \/>\n<meta property=\"article:publisher\" content=\"https:\/\/www.facebook.com\/cafedelhomme\" \/>\n<meta property=\"article:modified_time\" content=\"2025-08-03T09:02:00+00:00\" \/>\n<meta property=\"og:image\" content=\"https:\/\/www.cafedelhomme.com\/wp-content\/uploads\/2025\/07\/CDH-by-Night.jpg\" \/>\n\t<meta property=\"og:image:width\" content=\"1920\" \/>\n\t<meta property=\"og:image:height\" content=\"1280\" \/>\n\t<meta property=\"og:image:type\" content=\"image\/jpeg\" \/>\n<meta name=\"twitter:card\" content=\"summary_large_image\" \/>\n<meta name=\"twitter:label1\" content=\"Est. tempo de leitura\" \/>\n\t<meta name=\"twitter:data1\" content=\"10 minutos\" \/>\n<script type=\"application\/ld+json\" class=\"yoast-schema-graph\">{\"@context\":\"https:\/\/schema.org\",\"@graph\":[{\"@type\":\"WebPage\",\"@id\":\"https:\/\/www.cafedelhomme.com\/pt-br\/restaurante-incomum-em-paris-8\",\"url\":\"https:\/\/www.cafedelhomme.com\/pt-br\/restaurante-incomum-em-paris-8\",\"name\":\"Restaurante incomum em Paris - Caf\u00e9 de l'Homme\",\"isPartOf\":{\"@id\":\"https:\/\/www.cafedelhomme.com\/pt-br#website\"},\"primaryImageOfPage\":{\"@id\":\"https:\/\/www.cafedelhomme.com\/pt-br\/restaurante-incomum-em-paris-8#primaryimage\"},\"image\":{\"@id\":\"https:\/\/www.cafedelhomme.com\/pt-br\/restaurante-incomum-em-paris-8#primaryimage\"},\"thumbnailUrl\":\"https:\/\/www.cafedelhomme.com\/wp-content\/uploads\/2025\/07\/CDH-by-Night.jpg\",\"datePublished\":\"2025-08-03T09:01:14+00:00\",\"dateModified\":\"2025-08-03T09:02:00+00:00\",\"description\":\"Uma experi\u00eancia \u00fanica em um restaurante incomum em Paris. Localizado na Paris 16, o Caf\u00e9 de l'Homme oferece uma culin\u00e1ria refinada com uma vista excepcional da Torre Eiffel.\",\"inLanguage\":\"pt-BR\",\"potentialAction\":[{\"@type\":\"ReadAction\",\"target\":[\"https:\/\/www.cafedelhomme.com\/pt-br\/restaurante-incomum-em-paris-8\"]}]},{\"@type\":\"ImageObject\",\"inLanguage\":\"pt-BR\",\"@id\":\"https:\/\/www.cafedelhomme.com\/pt-br\/restaurante-incomum-em-paris-8#primaryimage\",\"url\":\"https:\/\/www.cafedelhomme.com\/wp-content\/uploads\/2025\/07\/CDH-by-Night.jpg\",\"contentUrl\":\"https:\/\/www.cafedelhomme.com\/wp-content\/uploads\/2025\/07\/CDH-by-Night.jpg\",\"width\":1920,\"height\":1280,\"caption\":\"Platine DJ, Nuit parisienne, DJ\"},{\"@type\":\"WebSite\",\"@id\":\"https:\/\/www.cafedelhomme.com\/pt-br#website\",\"url\":\"https:\/\/www.cafedelhomme.com\/pt-br\",\"name\":\"Caf\u00e9 de l'Homme\",\"description\":\"\",\"publisher\":{\"@id\":\"https:\/\/www.cafedelhomme.com\/pt-br#organization\"},\"potentialAction\":[{\"@type\":\"SearchAction\",\"target\":{\"@type\":\"EntryPoint\",\"urlTemplate\":\"https:\/\/www.cafedelhomme.com\/pt-br?s={search_term_string}\"},\"query-input\":{\"@type\":\"PropertyValueSpecification\",\"valueRequired\":true,\"valueName\":\"search_term_string\"}}],\"inLanguage\":\"pt-BR\"},{\"@type\":\"Organization\",\"@id\":\"https:\/\/www.cafedelhomme.com\/pt-br#organization\",\"name\":\"Caf\u00e9 de l'Homme\",\"url\":\"https:\/\/www.cafedelhomme.com\/pt-br\",\"logo\":{\"@type\":\"ImageObject\",\"inLanguage\":\"pt-BR\",\"@id\":\"https:\/\/www.cafedelhomme.com\/pt-br#\/schema\/logo\/image\/\",\"url\":\"https:\/\/www.cafedelhomme.com\/wp-content\/uploads\/2023\/04\/big-logo-300x163-1.png\",\"contentUrl\":\"https:\/\/www.cafedelhomme.com\/wp-content\/uploads\/2023\/04\/big-logo-300x163-1.png\",\"width\":300,\"height\":163,\"caption\":\"Caf\u00e9 de l'Homme\"},\"image\":{\"@id\":\"https:\/\/www.cafedelhomme.com\/pt-br#\/schema\/logo\/image\/\"},\"sameAs\":[\"https:\/\/www.facebook.com\/cafedelhomme\",\"https:\/\/www.instagram.com\/cafedelhomme\/\"]}]}<\/script>\n<!-- \/ Yoast SEO Premium plugin. -->","yoast_head_json":{"title":"Restaurante incomum em Paris - Caf\u00e9 de l'Homme","description":"Uma experi\u00eancia \u00fanica em um restaurante incomum em Paris. Localizado na Paris 16, o Caf\u00e9 de l'Homme oferece uma culin\u00e1ria refinada com uma vista excepcional da Torre Eiffel.","robots":{"index":"index","follow":"follow","max-snippet":"max-snippet:-1","max-image-preview":"max-image-preview:large","max-video-preview":"max-video-preview:-1"},"canonical":"https:\/\/www.cafedelhomme.com\/pt-br\/restaurante-incomum-em-paris-8","og_locale":"pt_BR","og_type":"article","og_title":"Restaurante incomum em Paris - Caf\u00e9 de l'Homme","og_description":"Descubra o melhor restaurante com terra\u00e7o em Paris 16 e aprecie a vista da Torre Eiffel em um almo\u00e7o ou jantar gourmet","og_url":"https:\/\/www.cafedelhomme.com\/pt-br\/restaurante-incomum-em-paris-8","og_site_name":"Caf\u00e9 de l'Homme","article_publisher":"https:\/\/www.facebook.com\/cafedelhomme","article_modified_time":"2025-08-03T09:02:00+00:00","og_image":[{"width":1920,"height":1280,"url":"https:\/\/www.cafedelhomme.com\/wp-content\/uploads\/2025\/07\/CDH-by-Night.jpg","type":"image\/jpeg"}],"twitter_card":"summary_large_image","twitter_misc":{"Est. tempo de leitura":"10 minutos"},"schema":{"@context":"https:\/\/schema.org","@graph":[{"@type":"WebPage","@id":"https:\/\/www.cafedelhomme.com\/pt-br\/restaurante-incomum-em-paris-8","url":"https:\/\/www.cafedelhomme.com\/pt-br\/restaurante-incomum-em-paris-8","name":"Restaurante incomum em Paris - Caf\u00e9 de l'Homme","isPartOf":{"@id":"https:\/\/www.cafedelhomme.com\/pt-br#website"},"primaryImageOfPage":{"@id":"https:\/\/www.cafedelhomme.com\/pt-br\/restaurante-incomum-em-paris-8#primaryimage"},"image":{"@id":"https:\/\/www.cafedelhomme.com\/pt-br\/restaurante-incomum-em-paris-8#primaryimage"},"thumbnailUrl":"https:\/\/www.cafedelhomme.com\/wp-content\/uploads\/2025\/07\/CDH-by-Night.jpg","datePublished":"2025-08-03T09:01:14+00:00","dateModified":"2025-08-03T09:02:00+00:00","description":"Uma experi\u00eancia \u00fanica em um restaurante incomum em Paris. Localizado na Paris 16, o Caf\u00e9 de l'Homme oferece uma culin\u00e1ria refinada com uma vista excepcional da Torre Eiffel.","inLanguage":"pt-BR","potentialAction":[{"@type":"ReadAction","target":["https:\/\/www.cafedelhomme.com\/pt-br\/restaurante-incomum-em-paris-8"]}]},{"@type":"ImageObject","inLanguage":"pt-BR","@id":"https:\/\/www.cafedelhomme.com\/pt-br\/restaurante-incomum-em-paris-8#primaryimage","url":"https:\/\/www.cafedelhomme.com\/wp-content\/uploads\/2025\/07\/CDH-by-Night.jpg","contentUrl":"https:\/\/www.cafedelhomme.com\/wp-content\/uploads\/2025\/07\/CDH-by-Night.jpg","width":1920,"height":1280,"caption":"Platine DJ, Nuit parisienne, DJ"},{"@type":"WebSite","@id":"https:\/\/www.cafedelhomme.com\/pt-br#website","url":"https:\/\/www.cafedelhomme.com\/pt-br","name":"Caf\u00e9 de l'Homme","description":"","publisher":{"@id":"https:\/\/www.cafedelhomme.com\/pt-br#organization"},"potentialAction":[{"@type":"SearchAction","target":{"@type":"EntryPoint","urlTemplate":"https:\/\/www.cafedelhomme.com\/pt-br?s={search_term_string}"},"query-input":{"@type":"PropertyValueSpecification","valueRequired":true,"valueName":"search_term_string"}}],"inLanguage":"pt-BR"},{"@type":"Organization","@id":"https:\/\/www.cafedelhomme.com\/pt-br#organization","name":"Caf\u00e9 de l'Homme","url":"https:\/\/www.cafedelhomme.com\/pt-br","logo":{"@type":"ImageObject","inLanguage":"pt-BR","@id":"https:\/\/www.cafedelhomme.com\/pt-br#\/schema\/logo\/image\/","url":"https:\/\/www.cafedelhomme.com\/wp-content\/uploads\/2023\/04\/big-logo-300x163-1.png","contentUrl":"https:\/\/www.cafedelhomme.com\/wp-content\/uploads\/2023\/04\/big-logo-300x163-1.png","width":300,"height":163,"caption":"Caf\u00e9 de l'Homme"},"image":{"@id":"https:\/\/www.cafedelhomme.com\/pt-br#\/schema\/logo\/image\/"},"sameAs":["https:\/\/www.facebook.com\/cafedelhomme","https:\/\/www.instagram.com\/cafedelhomme\/"]}]}},"_links":{"self":[{"href":"https:\/\/www.cafedelhomme.com\/pt-br\/wp-json\/wp\/v2\/pages\/12222","targetHints":{"allow":["GET"]}}],"collection":[{"href":"https:\/\/www.cafedelhomme.com\/pt-br\/wp-json\/wp\/v2\/pages"}],"about":[{"href":"https:\/\/www.cafedelhomme.com\/pt-br\/wp-json\/wp\/v2\/types\/page"}],"author":[{"embeddable":true,"href":"https:\/\/www.cafedelhomme.com\/pt-br\/wp-json\/wp\/v2\/users\/14"}],"replies":[{"embeddable":true,"href":"https:\/\/www.cafedelhomme.com\/pt-br\/wp-json\/wp\/v2\/comments?post=12222"}],"version-history":[{"count":3,"href":"https:\/\/www.cafedelhomme.com\/pt-br\/wp-json\/wp\/v2\/pages\/12222\/revisions"}],"predecessor-version":[{"id":12229,"href":"https:\/\/www.cafedelhomme.com\/pt-br\/wp-json\/wp\/v2\/pages\/12222\/revisions\/12229"}],"wp:featuredmedia":[{"embeddable":true,"href":"https:\/\/www.cafedelhomme.com\/pt-br\/wp-json\/wp\/v2\/media\/12216"}],"wp:attachment":[{"href":"https:\/\/www.cafedelhomme.com\/pt-br\/wp-json\/wp\/v2\/media?parent=12222"}],"curies":[{"name":"wp","href":"https:\/\/api.w.org\/{rel}","templated":true}]}}