{"id":12242,"date":"2025-08-15T11:21:14","date_gmt":"2025-08-15T09:21:14","guid":{"rendered":"https:\/\/www.cafedelhomme.com\/?page_id=12242"},"modified":"2025-08-15T11:21:53","modified_gmt":"2025-08-15T09:21:53","slug":"restaurante-incomum-em-paris-9","status":"publish","type":"page","link":"https:\/\/www.cafedelhomme.com\/pt-br\/restaurante-incomum-em-paris-9","title":{"rendered":"Restaurante incomum em Paris"},"content":{"rendered":"<div class=\"wpb-content-wrapper\"><p>[vc_row sticky_row=&#8221;yes&#8221; css=&#8221;.vc_custom_1729757449101{background-image: url(https:\/\/www.cafedelhomme.com\/wp-content\/uploads\/2024\/01\/header-homepage-cdh.jpg?id=5114) !important;background-position: center !important;background-repeat: no-repeat !important;background-size: cover !important;}&#8221; el_id=&#8221;cabe\u00e7alho-p\u00e1gina-simples&#8221;][vc_column responsive_css=&#8221;padding_top_large:220px|padding_bottom_large:220px&#8221; css=&#8221;.vc_custom_1683277774171{padding-top: 120px !important;padding-bottom: 230px !important;}&#8221;][vc_custom_heading text=&#8221;DJ Sets au Caf\u00e9 de l\u2019Homme \u2013 Prestige des soir\u00e9es Parisiennes&#8221; font_container=&#8221;tag:h1|text_align:center&#8221; css=&#8221;.vc_custom_1752741721430{margin-bottom: 0px !important;}&#8221;][vc_column_text css=&#8221;&#8221;]<\/p>\n<p style=\"text-align: center;\">Musique, mixologie et vue panoramique : une exp\u00e9rience nocturne unique \u00e0 Paris<\/p>\n<p>[\/vc_column_text][\/vc_column][\/vc_row][vc_row el_id=&#8221;img-e-texto&#8221; responsive_css=&#8221;padding_top_large:160px|padding_bottom_large:80px&#8221; css=&#8221;.vc_custom_1730107755116{padding-bottom: 40px !important;background-color: #ffffff !important;}&#8221;][vc_column][vc_row_inner equal_height=&#8221;yes&#8221; content_placement=&#8221;middle&#8221; responsive_css=&#8221;margin_bottom_large:80px&#8221; css=&#8221;.vc_custom_1686138812636{margin-bottom: 40px !important;}&#8221;][vc_column_inner width=&#8221;1\/2&#8243; el_class=&#8221;picture_top&#8221;][vc_single_image image=&#8221;12216&#8243; img_size=&#8221;full&#8221; css=&#8221;.vc_custom_1752741791427{margin-bottom: 0px !important;}&#8221;][\/vc_column_inner][vc_column_inner width=&#8221;1\/2&#8243; el_class=&#8221;text_right&#8221;][vc_custom_heading text=&#8221;Une ambiance musicale \u00e9l\u00e9gante pour des soir\u00e9es d\u2019exception&#8221; css=&#8221;&#8221;][vc_column_text css=&#8221;&#8221;]Caf\u00e9 de l\u2019Homme se transforme en un lieu vibrant, m\u00ealant \u00e9l\u00e9gance parisienne et \u00e9nergie musicale contemporaine. Du jeudi au dimanche, notre programmation DJ fait \u00e9voluer l\u2019ambiance au fil des heures, cr\u00e9ant un cadre sonore sophistiqu\u00e9 et immersif, en harmonie avec le cadre spectaculaire du lieu.<\/p>\n<p>Nos DJ r\u00e9sidents et invit\u00e9s s\u00e9lectionnent des sets sur-mesure : deep house \u00e9l\u00e9gante, \u00e9lectro chic, rythmes lounge ou funk revisit\u00e9, chaque soir une atmosph\u00e8re diff\u00e9rente s\u2019invite \u00e0 votre table. Install\u00e9 en terrasse avec un cocktail signature ou un verre de champagne, laissez-vous porter par une bande-son qui sublime chaque instant.[\/vc_column_text]<a href=\"https:\/\/www.cafedelhomme.com\/nos-experiences#carte\" class=\"btn btn-naked btn_underline ld_button_69f189ae33de1\">\n\t<span>\n\t\t\n\t\t\t\t\t<span class=\"btn-txt\">l'exp\u00e9rience Caf\u00e9 de l'Homme.<\/span>\n\t\t\t\n\t\t\t\t<\/span>\n<\/a>\n[\/vc_column_inner][\/vc_row_inner][\/vc_column][\/vc_row][vc_row enable_gradient=&#8221;yes&#8221; css=&#8221;.vc_custom_1730111311851{padding-top: 150px !important;padding-bottom: 150px !important;background-color: #000000 !important;background-position: center !important;background-repeat: no-repeat !important;background-size: cover !important;}&#8221; el_class=&#8221;visite-virtuelle&#8221; gradient_bg=&#8221;linear-gradient(0deg, rgba(0, 0, 0, 0.5) 0%, rgba(0,0,0,0.4) 100%)&#8221;][vc_column][vc_custom_heading text=&#8221;D\u00e9couvrez Caf\u00e9 de l&#8217;Homme avec une visite virtuelle immersive&#8221; font_container=&#8221;tag:h2|text_align:center&#8221; css=&#8221;&#8221;][vc_column_text css=&#8221;&#8221;]Explorez l\u2019univers exclusif du Caf\u00e9 de l\u2019Homme gr\u00e2ce \u00e0 notre visite virtuelle immersive. Parcourez chaque espace de notre restaurant cach\u00e9 offrant une vue spectaculaire sur la tour Eiffel. Plongez dans l\u2019atmosph\u00e8re raffin\u00e9e et chaleureuse du Caf\u00e9 de l\u2019Homme et pr\u00e9parez-vous \u00e0 vivre une exp\u00e9rience unique, en plein c\u0153ur de Paris.[\/vc_column_text]<a href=\"#\" class=\"btn btn-default btn-bordered border-thin btn btn-outline btn-outline-white open-vv ld_button_69f189ae33f95\">\n\t<span>\n\t\t\n\t\t\t\t\t<span class=\"btn-txt\">d\u00e9marrer la visite virtuelle<\/span>\n\t\t\t\n\t\t\t\t<\/span>\n<\/a>\n[\/vc_column][\/vc_row][vc_row responsive_css=&#8221;padding_top_large:160px|padding_bottom_large:80px&#8221; css=&#8221;.vc_custom_1730107763818{padding-bottom: 40px !important;background-color: #ffffff !important;}&#8221; el_id=&#8221;img-e-text-alt&#8221;][vc_column][vc_row_inner equal_height=&#8221;yes&#8221; content_placement=&#8221;middle&#8221;][vc_column_inner width=&#8221;1\/2&#8243; el_class=&#8221;text_left&#8221;][vc_custom_heading text=&#8221;Une programmation musicale soigneusement orchestr\u00e9e&#8221; css=&#8221;&#8221;][vc_column_text css=&#8221;&#8221;]La musique au <strong>Caf\u00e9 de l\u2019Homme<\/strong> n\u2019est pas un simple fond sonore : elle est au c\u0153ur de l\u2019exp\u00e9rience nocturne. Avec des <strong>DJ sets live<\/strong> qui donnent le ton, accompagnant votre soir\u00e9e festive avec subtilit\u00e9.<br \/>\nNos artistes, issus de la sc\u00e8ne parisienne et internationale, apportent chacun leur style et leur univers. Parmi eux :<\/p>\n<ul>\n<li><b>Tom Costino<\/b> : Ambiance solaire, vibes \u00e9lectroniques deep-house teint\u00e9es de disco et de touches estivales.<\/li>\n<li><b>Elena Mechta<\/b> : House sophistiqu\u00e9e, deep &amp; tech, enrichie de balearic grooves et pulses disco.<\/li>\n<li><b>Valentin Laroche Joubert (DJ Vlj)<\/b> : Vibrations modernes, house soign\u00e9e et atmosph\u00e8res captivantes pour des chill beats \u00e9volutifs.<\/li>\n<li><b>Th\u00e9o Viala<\/b> : House groovy et hypnotique, basse chaleureuse et m\u00e9lodies entra\u00eenantes.<\/li>\n<\/ul>\n<p>Chaque performance est pens\u00e9e pour accompagner les diff\u00e9rents temps de la soir\u00e9e : <b>ap\u00e9ritif en terrasse, d\u00eener chic, fin de soir\u00e9e dansante<\/b>.[\/vc_column_text]<a href=\"https:\/\/www.cafedelhomme.com\/privatiser\/cafe-de-lhomme-by-night\" class=\"btn btn-naked btn_underline ld_button_69f189ae340cf\">\n\t<span>\n\t\t\n\t\t\t\t\t<span class=\"btn-txt\">d\u00e9couvrez nos DJs r\u00e9sidents.<\/span>\n\t\t\t\n\t\t\t\t<\/span>\n<\/a>\n[\/vc_column_inner][vc_column_inner width=&#8221;1\/2&#8243; el_class=&#8221;picture_bottom&#8221;][vc_single_image image=&#8221;8750&#8243; img_size=&#8221;full&#8221; alignment=&#8221;center&#8221; css=&#8221;&#8221;][\/vc_column_inner][\/vc_row_inner][\/vc_column][\/vc_row][vc_row responsive_css=&#8221;padding_top_large:160px|padding_bottom_large:80px&#8221; css=&#8221;.vc_custom_1752743267910{padding-bottom: 40px !important;background-color: #ffffff !important;}&#8221; el_class=&#8221;img-and-text&#8221;][vc_column][vc_row_inner equal_height=&#8221;yes&#8221; content_placement=&#8221;middle&#8221; responsive_css=&#8221;margin_bottom_large:80px&#8221; css=&#8221;.vc_custom_1686138812636{margin-bottom: 40px !important;}&#8221;][vc_column_inner width=&#8221;1\/2&#8243; el_class=&#8221;picture_top&#8221;][vc_single_image image=&#8221;6129&#8243; img_size=&#8221;full&#8221; css=&#8221;.vc_custom_1752743692515{margin-bottom: 0px !important;}&#8221;][\/vc_column_inner][vc_column_inner width=&#8221;1\/2&#8243; el_class=&#8221;text_right&#8221;][vc_custom_heading text=&#8221;Des animations musicales pour vos \u00e9v\u00e9nements priv\u00e9s&#8221; css=&#8221;&#8221;][vc_column_text css=&#8221;.vc_custom_1752743655220{margin-top: 35px !important;}&#8221;]Vous organisez une soir\u00e9e d\u2019entreprise ou une c\u00e9l\u00e9bration priv\u00e9e ? Caf\u00e9 de l\u2019Homme vous propose des DJ sets personnalis\u00e9s pour les privatisations ou semi-privatisations. Notre r\u00e9gie int\u00e9gr\u00e9e et notre \u00e9quipement sonore haut de gamme permettent d\u2019accueillir vos propres artistes ou d\u2019int\u00e9grer un DJ s\u00e9lectionn\u00e9 par notre direction artistique.<\/p>\n<p>Sur la Terrasse Jardins ou la Terrasse Eiffel, offrez \u00e0 vos invit\u00e9s une ambiance musicale exclusive, adapt\u00e9e \u00e0 votre univers : lounge, chill, \u00e9lectro, ou festive. Un v\u00e9ritable atout pour marquer les esprits lors d\u2019un lancement de produit, d\u2019un anniversaire ou d\u2019un cocktail professionnel.[\/vc_column_text]<a href=\"#\" class=\"btn btn-naked btn_underline open_equipement ld_button_69f189ae341eb\">\n\t<span>\n\t\t\n\t\t\t\t\t<span class=\"btn-txt\">nos \u00e9quipements pour vos soir\u00e9es.<\/span>\n\t\t\t\n\t\t\t\t<\/span>\n<\/a>\n[\/vc_column_inner][\/vc_row_inner][\/vc_column][\/vc_row][vc_row enable_gradient=&#8221;yes&#8221; css=&#8221;.vc_custom_1730111311851{padding-top: 150px !important;padding-bottom: 150px !important;background-color: #000000 !important;background-position: center !important;background-repeat: no-repeat !important;background-size: cover !important;}&#8221; el_class=&#8221;visite-virtuelle&#8221; gradient_bg=&#8221;linear-gradient(0deg, rgba(0, 0, 0, 0.5) 0%, rgba(0,0,0,0.4) 100%)&#8221;][vc_column][vc_custom_heading text=&#8221;Venez d\u00e9couvrir le Caf\u00e9 de l&#8217;Homme au coeur de Paris&#8221; font_container=&#8221;tag:h2|text_align:center&#8221; css=&#8221;&#8221;][\/vc_column][\/vc_row][vc_row el_id=&#8221;equipamentos&#8221; css=&#8221;.vc_custom_1686224179321{padding-top: 80px !important;padding-bottom: 80px !important;background-color: #faf9f6 !important;}&#8221; responsive_css=&#8221;padding_top_large:145px|padding_bottom_large:168px&#8221; el_class=&#8221;prestations&#8221;][vc_column width=&#8221;5\/12&#8243;][vc_custom_heading text=&#8221;Du premier cocktail au dernier mix : une soir\u00e9e compl\u00e8te au Caf\u00e9 de l\u2019Homme&#8221; css=&#8221;.vc_custom_1752742110973{margin-bottom: 40px !important;}&#8221;][vc_column_text css=&#8221;.vc_custom_1752742412645{margin-bottom: 40px !important;}&#8221;]Pourquoi attendre minuit pour vivre une soir\u00e9e de festivit\u00e9 ? Au Caf\u00e9 de l\u2019Homme, l\u2019exp\u00e9rience commence d\u00e8s le coucher du soleil. Installez-vous sur l\u2019une de nos terrasses avec un cocktail aux accords subtiles, un verre de vin ou une coupe de champagne, et laissez vous porter pour l\u2019ambiance unique du Caf\u00e9 de l\u2019Homme.<\/p>\n<p>\u00c0 mesure que la nuit avance, la programmation musicale s\u2019intensifie, cr\u00e9ant une atmosph\u00e8re rythm\u00e9e, id\u00e9ale pour prolonger la soir\u00e9e. Envie de continuer apr\u00e8s le d\u00eener ? Caf\u00e9 de l\u2019Homme est le point de d\u00e9part id\u00e9al avant de rejoindre les clubs et lieux festifs de la capitale. Une soir\u00e9e chic, ma\u00eetris\u00e9e, et r\u00e9solument parisienne.[\/vc_column_text]<a href=\"#\" class=\"btn btn-naked btn_underline track-lkd init-seven-rooms sr-res-root ld_button_69f189ae342fc\">\n\t<span>\n\t\t\n\t\t\t\t\t<span class=\"btn-txt\">r\u00e9server une table.<\/span>\n\t\t\t\n\t\t\t\t<\/span>\n<\/a>\n[\/vc_column][vc_column width=&#8221;7\/12&#8243;][vc_row_inner equal_height=&#8221;yes&#8221; content_placement=&#8221;middle&#8221; responsive_css=&#8221;margin_bottom_large:30px&#8221; css=&#8221;.vc_custom_1686224165726{margin-bottom: 40px !important;}&#8221; el_class=&#8221;options&#8221;][vc_column_inner width=&#8221;1\/2&#8243; enable_overlay=&#8221;yes&#8221; align=&#8221;text-center&#8221; css=&#8221;.vc_custom_1686240038037{background-image: url(https:\/\/www.cafedelhomme.com\/wp-content\/uploads\/2023\/04\/img-right-scaled.jpg?id=371) !important;background-position: center !important;background-repeat: no-repeat !important;background-size: cover !important;}&#8221; overlay_bg=&#8221;rgba(0, 0, 0, 0.35)&#8221; el_class=&#8221;option-modal&#8221;]<a href=\"#\" class=\"btn btn-default btn-bordered border-thin btn btn-outline btn-outline-white open_modal-simple ld_button_69f189ae3440a\">\n\t<span>\n\t\t\n\t\t\t\t\t<span class=\"btn-txt\">Une carte cocktails-vins-champagne<\/span>\n\t\t\t\n\t\t\t\t<\/span>\n<\/a>\n[vc_column_text css=&#8221;&#8221; el_class=&#8221;modal-content-simple&#8221;]Nos mixologues ont imagin\u00e9 une s\u00e9lection de cocktails signatures rafra\u00eechissants et sophistiqu\u00e9s, parfaits pour vos soir\u00e9es estivales. Grands Crus, champagnes de renom, cocktails \u00e9l\u00e9gants : chaque boisson est pens\u00e9e pour sublimer l\u2019ambiance musicale et accompagner les plats de la carte. D\u00e9gustez votre verre en terrasse, au rythme des DJ sets.[\/vc_column_text][\/vc_column_inner][vc_column_inner width=&#8221;1\/2&#8243; enable_overlay=&#8221;yes&#8221; align=&#8221;text-center&#8221; css=&#8221;.vc_custom_1686240015414{background-image: url(https:\/\/www.cafedelhomme.com\/wp-content\/uploads\/2023\/04\/bg-fullscreen-scaled.jpg?id=452) !important;background-position: center !important;background-repeat: no-repeat !important;background-size: cover !important;}&#8221; overlay_bg=&#8221;rgba(0, 0, 0, 0.35)&#8221; el_class=&#8221;option-modal&#8221;]<a href=\"#\" class=\"btn btn-default btn-bordered border-thin btn btn-outline btn-outline-white open_modal-simple ld_button_69f189ae34510\">\n\t<span>\n\t\t\n\t\t\t\t\t<span class=\"btn-txt\">Un \u00e9quipement sonore haut de gamme<\/span>\n\t\t\t\n\t\t\t\t<\/span>\n<\/a>\n[vc_column_text css=&#8221;&#8221; el_class=&#8221;modal-content-simple&#8221;]Caf\u00e9 de l\u2019Homme est \u00e9quip\u00e9 d\u2019une infrastructure audio professionnelle, int\u00e9gr\u00e9e de fa\u00e7on discr\u00e8te et efficace dans l\u2019architecture du lieu. Chaque table b\u00e9n\u00e9ficie d\u2019un \u00e9quilibre sonore \u00e9tudi\u00e9, garantissant un confort d\u2019\u00e9coute optimal \u2013 une exp\u00e9rience musicale immersive et \u00e9l\u00e9gante.[\/vc_column_text][\/vc_column_inner][\/vc_row_inner][vc_row_inner equal_height=&#8221;yes&#8221; content_placement=&#8221;middle&#8221; responsive_css=&#8221;margin_bottom_large:10px&#8221; css=&#8221;.vc_custom_1686224370091{margin-bottom: 40px !important;}&#8221; el_class=&#8221;options&#8221;][vc_column_inner width=&#8221;1\/2&#8243; enable_overlay=&#8221;yes&#8221; align=&#8221;text-center&#8221; css=&#8221;.vc_custom_1686240081843{background-image: url(https:\/\/www.cafedelhomme.com\/wp-content\/uploads\/2023\/04\/BG-1-1.jpg?id=354) !important;background-position: center !important;background-repeat: no-repeat !important;background-size: cover !important;}&#8221; overlay_bg=&#8221;rgba(0, 0, 0, 0.35)&#8221; el_class=&#8221;option-modal&#8221;]<a href=\"#\" class=\"btn btn-default btn-bordered border-thin btn btn-outline btn-outline-white open_modal-simple ld_button_69f189ae34612\">\n\t<span>\n\t\t\n\t\t\t\t\t<span class=\"btn-txt\">Des DJ sets quatre soirs par semaine<\/span>\n\t\t\t\n\t\t\t\t<\/span>\n<\/a>\n[vc_column_text css=&#8221;&#8221; el_class=&#8221;modal-content-simple&#8221;]Rendez-vous tous les jeudis, vendredis, samedis et dimanches pour profiter de nos soir\u00e9es DJ sur les terrasses du Caf\u00e9 de l\u2019Homme. Chaque set est unique et soigneusement s\u00e9lectionn\u00e9 pour accompagner votre d\u00eener, ap\u00e9ritif ou fin de soir\u00e9e. Id\u00e9al pour vivre Paris autrement, entre gastronomie et rythmes entrainants.[\/vc_column_text][\/vc_column_inner][vc_column_inner width=&#8221;1\/2&#8243; enable_overlay=&#8221;yes&#8221; align=&#8221;text-center&#8221; css=&#8221;.vc_custom_1686240058941{background-image: url(https:\/\/www.cafedelhomme.com\/wp-content\/uploads\/2023\/04\/img-left-scaled.jpg?id=370) !important;background-position: center !important;background-repeat: no-repeat !important;background-size: cover !important;}&#8221; overlay_bg=&#8221;rgba(0, 0, 0, 0.35)&#8221; el_class=&#8221;option-modal&#8221;]<a href=\"#\" class=\"btn btn-default btn-bordered border-thin btn btn-outline btn-outline-white open_modal-simple ld_button_69f189ae34711\">\n\t<span>\n\t\t\n\t\t\t\t\t<span class=\"btn-txt\">Votre point de d\u00e9part pour la nuit parisienne<\/span>\n\t\t\t\n\t\t\t\t<\/span>\n<\/a>\n[vc_column_text css=&#8221;&#8221; el_class=&#8221;modal-content-simple&#8221;]Commencez votre soir\u00e9e au Caf\u00e9 de l\u2019Homme : ap\u00e9ritif au coucher du soleil, d\u00eener sous les \u00e9toiles, cocktails en musique\u2026 Puis laissez-vous guider par la soir\u00e9e. Gr\u00e2ce \u00e0 notre emplacement privil\u00e9gi\u00e9 et notre ambiance \u00e9l\u00e9gante, Caf\u00e9 de l\u2019Homme est le lieu id\u00e9al pour lancer votre nuit parisienne avec style.[\/vc_column_text][\/vc_column_inner][\/vc_row_inner][\/vc_column][\/vc_row][vc_row full_width=&#8221;stretch_row&#8221; equal_height=&#8221;yes&#8221; bg_position=&#8221;center center&#8221; css=&#8221;.vc_custom_1683016397706{padding-top: 80px !important;padding-bottom: 80px !important;background-image: url(https:\/\/www.cafedelhomme.com\/wp-content\/uploads\/2023\/04\/BG-1-1.jpg?id=354) !important;background-position: center !important;background-repeat: no-repeat !important;background-size: cover !important;}&#8221; el_id=&#8221;tela de imagem&#8221; responsive_css=&#8221;padding_top_large:250px|padding_bottom_large:250px&#8221;][vc_column align=&#8221;text-center&#8221;][vc_custom_heading text=&#8221;Reserve um momento inusitado em nosso restaurante&#8221; font_container=&#8221;tag:h2|text_align:center&#8221; css=&#8221;&#8221; el_class=&#8221;title mb-16&#8243;][vc_column_text css=&#8221;&#8221; el_class=&#8221;sub-title mb-40&#8243;]<em>Como o excepcional n\u00e3o espera, reserve agora&#8230;<\/em>[\/vc_column_text]<a href=\"https:\/\/www.sevenrooms.com\/explore\/cafedelhomme\/reservations\/create\/search?tracking=seo-blog\" target=\"_blank\" class=\"btn btn-default btn-bordered border-thin btn btn-outline btn-outline-white ld_button_69f189ae3481e\">\n\t<span>\n\t\t\n\t\t\t\t\t<span class=\"btn-txt\">je r\u00e9serve.<\/span>\n\t\t\t\n\t\t\t\t<\/span>\n<\/a>\n[\/vc_column][\/vc_row]<\/p>\n<\/div>","protected":false},"excerpt":{"rendered":"<p>[vc_row sticky_row=&#8221;yes&#8221; css=&#8221;.vc_custom_1729757449101{background-image: url(https:\/\/www.cafedelhomme.com\/wp-content\/uploads\/2024\/01\/header-homepage-cdh.jpg?id=5114) !important;background-position: center !important;background-repeat: no-repeat !important;background-size: cover !important;}&#8221; el_id=&#8221;cabe\u00e7alho-p\u00e1gina-simples&#8221;][vc_column responsive_css=&#8221;padding_top_large:220px|padding_bottom_large:220px&#8221; css=&#8221;.vc_custom_1683277774171{padding-top: 120px !important;padding-bottom: 230px !important;}&#8221;][vc_custom_heading text=&#8221;DJ Sets au Caf\u00e9 de l\u2019Homme \u2013 Prestige des soir\u00e9es Parisiennes&#8221; font_container=&#8221;tag:h1|text_align:center&#8221; css=&#8221;.vc_custom_1752741721430{margin-bottom: 0px !important;}&#8221;][vc_column_text css=&#8221;&#8221;] Musique, mixologie et vue panoramique : une exp\u00e9rience nocturne unique \u00e0&#8230;<\/p>\n","protected":false},"author":14,"featured_media":8429,"parent":0,"menu_order":0,"comment_status":"closed","ping_status":"closed","template":"","meta":{"_acf_changed":false,"footnotes":""},"class_list":["post-12242","page","type-page","status-publish","has-post-thumbnail","hentry"],"acf":[],"yoast_head":"<!-- This site is optimized with the Yoast SEO Premium plugin v20.10 (Yoast SEO v27.0) - https:\/\/yoast.com\/product\/yoast-seo-premium-wordpress\/ -->\n<title>Restaurante incomum em Paris - Caf\u00e9 de l&#039;Homme<\/title>\n<meta name=\"description\" content=\"Uma experi\u00eancia \u00fanica em um restaurante incomum em Paris. Localizado na Paris 16, o Caf\u00e9 de l&#039;Homme oferece uma culin\u00e1ria refinada com uma vista excepcional da Torre Eiffel.\" \/>\n<meta name=\"robots\" content=\"index, follow, max-snippet:-1, max-image-preview:large, max-video-preview:-1\" \/>\n<link rel=\"canonical\" href=\"https:\/\/www.cafedelhomme.com\/pt-br\/restaurante-incomum-em-paris-9\" \/>\n<meta property=\"og:locale\" content=\"pt_BR\" \/>\n<meta property=\"og:type\" content=\"article\" \/>\n<meta property=\"og:title\" content=\"Restaurante incomum em Paris - Caf\u00e9 de l&#039;Homme\" \/>\n<meta property=\"og:description\" content=\"Descubra o melhor restaurante com terra\u00e7o em Paris 16 e aprecie a vista da Torre Eiffel em um almo\u00e7o ou jantar gourmet\" \/>\n<meta property=\"og:url\" content=\"https:\/\/www.cafedelhomme.com\/pt-br\/restaurante-incomum-em-paris-9\" \/>\n<meta property=\"og:site_name\" content=\"Caf\u00e9 de l&#039;Homme\" \/>\n<meta property=\"article:publisher\" content=\"https:\/\/www.facebook.com\/cafedelhomme\" \/>\n<meta property=\"article:modified_time\" content=\"2025-08-15T09:21:53+00:00\" \/>\n<meta property=\"og:image\" content=\"https:\/\/www.cafedelhomme.com\/wp-content\/uploads\/2025\/02\/Photo-2.webp\" \/>\n\t<meta property=\"og:image:width\" content=\"2560\" \/>\n\t<meta property=\"og:image:height\" content=\"2036\" \/>\n\t<meta property=\"og:image:type\" content=\"image\/webp\" \/>\n<meta name=\"twitter:card\" content=\"summary_large_image\" \/>\n<meta name=\"twitter:label1\" content=\"Est. tempo de leitura\" \/>\n\t<meta name=\"twitter:data1\" content=\"10 minutos\" \/>\n<script type=\"application\/ld+json\" class=\"yoast-schema-graph\">{\"@context\":\"https:\/\/schema.org\",\"@graph\":[{\"@type\":\"WebPage\",\"@id\":\"https:\/\/www.cafedelhomme.com\/pt-br\/restaurante-incomum-em-paris-9\",\"url\":\"https:\/\/www.cafedelhomme.com\/pt-br\/restaurante-incomum-em-paris-9\",\"name\":\"Restaurante incomum em Paris - Caf\u00e9 de l'Homme\",\"isPartOf\":{\"@id\":\"https:\/\/www.cafedelhomme.com\/pt-br#website\"},\"primaryImageOfPage\":{\"@id\":\"https:\/\/www.cafedelhomme.com\/pt-br\/restaurante-incomum-em-paris-9#primaryimage\"},\"image\":{\"@id\":\"https:\/\/www.cafedelhomme.com\/pt-br\/restaurante-incomum-em-paris-9#primaryimage\"},\"thumbnailUrl\":\"https:\/\/www.cafedelhomme.com\/wp-content\/uploads\/2025\/02\/Photo-2.webp\",\"datePublished\":\"2025-08-15T09:21:14+00:00\",\"dateModified\":\"2025-08-15T09:21:53+00:00\",\"description\":\"Uma experi\u00eancia \u00fanica em um restaurante incomum em Paris. Localizado na Paris 16, o Caf\u00e9 de l'Homme oferece uma culin\u00e1ria refinada com uma vista excepcional da Torre Eiffel.\",\"inLanguage\":\"pt-BR\",\"potentialAction\":[{\"@type\":\"ReadAction\",\"target\":[\"https:\/\/www.cafedelhomme.com\/pt-br\/restaurante-incomum-em-paris-9\"]}]},{\"@type\":\"ImageObject\",\"inLanguage\":\"pt-BR\",\"@id\":\"https:\/\/www.cafedelhomme.com\/pt-br\/restaurante-incomum-em-paris-9#primaryimage\",\"url\":\"https:\/\/www.cafedelhomme.com\/wp-content\/uploads\/2025\/02\/Photo-2.webp\",\"contentUrl\":\"https:\/\/www.cafedelhomme.com\/wp-content\/uploads\/2025\/02\/Photo-2.webp\",\"width\":2560,\"height\":2036},{\"@type\":\"WebSite\",\"@id\":\"https:\/\/www.cafedelhomme.com\/pt-br#website\",\"url\":\"https:\/\/www.cafedelhomme.com\/pt-br\",\"name\":\"Caf\u00e9 de l'Homme\",\"description\":\"\",\"publisher\":{\"@id\":\"https:\/\/www.cafedelhomme.com\/pt-br#organization\"},\"potentialAction\":[{\"@type\":\"SearchAction\",\"target\":{\"@type\":\"EntryPoint\",\"urlTemplate\":\"https:\/\/www.cafedelhomme.com\/pt-br?s={search_term_string}\"},\"query-input\":{\"@type\":\"PropertyValueSpecification\",\"valueRequired\":true,\"valueName\":\"search_term_string\"}}],\"inLanguage\":\"pt-BR\"},{\"@type\":\"Organization\",\"@id\":\"https:\/\/www.cafedelhomme.com\/pt-br#organization\",\"name\":\"Caf\u00e9 de l'Homme\",\"url\":\"https:\/\/www.cafedelhomme.com\/pt-br\",\"logo\":{\"@type\":\"ImageObject\",\"inLanguage\":\"pt-BR\",\"@id\":\"https:\/\/www.cafedelhomme.com\/pt-br#\/schema\/logo\/image\/\",\"url\":\"https:\/\/www.cafedelhomme.com\/wp-content\/uploads\/2023\/04\/big-logo-300x163-1.png\",\"contentUrl\":\"https:\/\/www.cafedelhomme.com\/wp-content\/uploads\/2023\/04\/big-logo-300x163-1.png\",\"width\":300,\"height\":163,\"caption\":\"Caf\u00e9 de l'Homme\"},\"image\":{\"@id\":\"https:\/\/www.cafedelhomme.com\/pt-br#\/schema\/logo\/image\/\"},\"sameAs\":[\"https:\/\/www.facebook.com\/cafedelhomme\",\"https:\/\/www.instagram.com\/cafedelhomme\/\"]}]}<\/script>\n<!-- \/ Yoast SEO Premium plugin. -->","yoast_head_json":{"title":"Restaurante incomum em Paris - Caf\u00e9 de l'Homme","description":"Uma experi\u00eancia \u00fanica em um restaurante incomum em Paris. Localizado na Paris 16, o Caf\u00e9 de l'Homme oferece uma culin\u00e1ria refinada com uma vista excepcional da Torre Eiffel.","robots":{"index":"index","follow":"follow","max-snippet":"max-snippet:-1","max-image-preview":"max-image-preview:large","max-video-preview":"max-video-preview:-1"},"canonical":"https:\/\/www.cafedelhomme.com\/pt-br\/restaurante-incomum-em-paris-9","og_locale":"pt_BR","og_type":"article","og_title":"Restaurante incomum em Paris - Caf\u00e9 de l'Homme","og_description":"Descubra o melhor restaurante com terra\u00e7o em Paris 16 e aprecie a vista da Torre Eiffel em um almo\u00e7o ou jantar gourmet","og_url":"https:\/\/www.cafedelhomme.com\/pt-br\/restaurante-incomum-em-paris-9","og_site_name":"Caf\u00e9 de l'Homme","article_publisher":"https:\/\/www.facebook.com\/cafedelhomme","article_modified_time":"2025-08-15T09:21:53+00:00","og_image":[{"width":2560,"height":2036,"url":"https:\/\/www.cafedelhomme.com\/wp-content\/uploads\/2025\/02\/Photo-2.webp","type":"image\/webp"}],"twitter_card":"summary_large_image","twitter_misc":{"Est. tempo de leitura":"10 minutos"},"schema":{"@context":"https:\/\/schema.org","@graph":[{"@type":"WebPage","@id":"https:\/\/www.cafedelhomme.com\/pt-br\/restaurante-incomum-em-paris-9","url":"https:\/\/www.cafedelhomme.com\/pt-br\/restaurante-incomum-em-paris-9","name":"Restaurante incomum em Paris - Caf\u00e9 de l'Homme","isPartOf":{"@id":"https:\/\/www.cafedelhomme.com\/pt-br#website"},"primaryImageOfPage":{"@id":"https:\/\/www.cafedelhomme.com\/pt-br\/restaurante-incomum-em-paris-9#primaryimage"},"image":{"@id":"https:\/\/www.cafedelhomme.com\/pt-br\/restaurante-incomum-em-paris-9#primaryimage"},"thumbnailUrl":"https:\/\/www.cafedelhomme.com\/wp-content\/uploads\/2025\/02\/Photo-2.webp","datePublished":"2025-08-15T09:21:14+00:00","dateModified":"2025-08-15T09:21:53+00:00","description":"Uma experi\u00eancia \u00fanica em um restaurante incomum em Paris. Localizado na Paris 16, o Caf\u00e9 de l'Homme oferece uma culin\u00e1ria refinada com uma vista excepcional da Torre Eiffel.","inLanguage":"pt-BR","potentialAction":[{"@type":"ReadAction","target":["https:\/\/www.cafedelhomme.com\/pt-br\/restaurante-incomum-em-paris-9"]}]},{"@type":"ImageObject","inLanguage":"pt-BR","@id":"https:\/\/www.cafedelhomme.com\/pt-br\/restaurante-incomum-em-paris-9#primaryimage","url":"https:\/\/www.cafedelhomme.com\/wp-content\/uploads\/2025\/02\/Photo-2.webp","contentUrl":"https:\/\/www.cafedelhomme.com\/wp-content\/uploads\/2025\/02\/Photo-2.webp","width":2560,"height":2036},{"@type":"WebSite","@id":"https:\/\/www.cafedelhomme.com\/pt-br#website","url":"https:\/\/www.cafedelhomme.com\/pt-br","name":"Caf\u00e9 de l'Homme","description":"","publisher":{"@id":"https:\/\/www.cafedelhomme.com\/pt-br#organization"},"potentialAction":[{"@type":"SearchAction","target":{"@type":"EntryPoint","urlTemplate":"https:\/\/www.cafedelhomme.com\/pt-br?s={search_term_string}"},"query-input":{"@type":"PropertyValueSpecification","valueRequired":true,"valueName":"search_term_string"}}],"inLanguage":"pt-BR"},{"@type":"Organization","@id":"https:\/\/www.cafedelhomme.com\/pt-br#organization","name":"Caf\u00e9 de l'Homme","url":"https:\/\/www.cafedelhomme.com\/pt-br","logo":{"@type":"ImageObject","inLanguage":"pt-BR","@id":"https:\/\/www.cafedelhomme.com\/pt-br#\/schema\/logo\/image\/","url":"https:\/\/www.cafedelhomme.com\/wp-content\/uploads\/2023\/04\/big-logo-300x163-1.png","contentUrl":"https:\/\/www.cafedelhomme.com\/wp-content\/uploads\/2023\/04\/big-logo-300x163-1.png","width":300,"height":163,"caption":"Caf\u00e9 de l'Homme"},"image":{"@id":"https:\/\/www.cafedelhomme.com\/pt-br#\/schema\/logo\/image\/"},"sameAs":["https:\/\/www.facebook.com\/cafedelhomme","https:\/\/www.instagram.com\/cafedelhomme\/"]}]}},"_links":{"self":[{"href":"https:\/\/www.cafedelhomme.com\/pt-br\/wp-json\/wp\/v2\/pages\/12242","targetHints":{"allow":["GET"]}}],"collection":[{"href":"https:\/\/www.cafedelhomme.com\/pt-br\/wp-json\/wp\/v2\/pages"}],"about":[{"href":"https:\/\/www.cafedelhomme.com\/pt-br\/wp-json\/wp\/v2\/types\/page"}],"author":[{"embeddable":true,"href":"https:\/\/www.cafedelhomme.com\/pt-br\/wp-json\/wp\/v2\/users\/14"}],"replies":[{"embeddable":true,"href":"https:\/\/www.cafedelhomme.com\/pt-br\/wp-json\/wp\/v2\/comments?post=12242"}],"version-history":[{"count":3,"href":"https:\/\/www.cafedelhomme.com\/pt-br\/wp-json\/wp\/v2\/pages\/12242\/revisions"}],"predecessor-version":[{"id":12249,"href":"https:\/\/www.cafedelhomme.com\/pt-br\/wp-json\/wp\/v2\/pages\/12242\/revisions\/12249"}],"wp:featuredmedia":[{"embeddable":true,"href":"https:\/\/www.cafedelhomme.com\/pt-br\/wp-json\/wp\/v2\/media\/8429"}],"wp:attachment":[{"href":"https:\/\/www.cafedelhomme.com\/pt-br\/wp-json\/wp\/v2\/media?parent=12242"}],"curies":[{"name":"wp","href":"https:\/\/api.w.org\/{rel}","templated":true}]}}