{"id":7947,"date":"2023-04-19T16:34:04","date_gmt":"2023-04-19T14:34:04","guid":{"rendered":"https:\/\/www.cafedelhomme.com\/inicio"},"modified":"2026-04-08T17:30:29","modified_gmt":"2026-04-08T15:30:29","slug":"accueil","status":"publish","type":"page","link":"https:\/\/www.cafedelhomme.com\/pt-br","title":{"rendered":"In\u00edcio"},"content":{"rendered":"<div class=\"wpb-content-wrapper\"><p>[vc_row full_height=&#8221;yes&#8221; equal_height=&#8221;yes&#8221; content_placement=&#8221;middle&#8221; el_id=&#8221;herobanner&#8221; css=&#8221;.vc_custom_1774005431354{background: #fffdf9 url(https:\/\/www.cafedelhomme.com\/wp-content\/uploads\/2026\/02\/CDH_14-03-23\u00a9pmonetta-3467-1-1.jpg?id=16326) !important;background-position: center !important;background-repeat: no-repeat !important;background-size: cover !important;}&#8221;][vc_column width=&#8221;7\/12&#8243; el_class=&#8221;intro_text_header&#8221;][vc_custom_heading text=&#8221;O telhado mais ic\u00f4nico de Paris&#8221; font_container=&#8221;tag:h1|text_align:left|color:%23ffffff&#8221; css=&#8221;&#8221; el_class=&#8221;title-page&#8221;][vc_custom_heading text=&#8221;Seu restaurante de frente para a Torre Eiffel&#8221; font_container=&#8221;tag:h2|text_align:left|color:%23ffffff&#8221; css=&#8221;&#8221; el_class=&#8221;mini-title-page&#8221;]<style>.sr-res-root.btn-icon-solid .btn-icon{background:rgb(255, 255, 255);}.sr-res-root.btn-icon-circle.btn-icon-ripple .btn-icon:before{border-color:rgb(255, 255, 255);}.sr-res-root.btn-icon-solid:hover .btn-icon{background:rgb(255, 255, 255);}.sr-res-root{color:rgb(255, 255, 255);}.sr-res-root:hover{color:rgb(255, 255, 255);}.sr-res-root:before{background:rgb(255, 255, 255);}.sr-res-root:after{background:rgb(255, 255, 255);}<\/style><a href=\"https:\/\/www.sevenrooms.com\/experiences\/cafedelhomme\" class=\"btn btn-underlined btn-bordered border-thin btn_underline sr-res-root\">\n\t<span>\n\t\t\n\t\t\t\t\t<span class=\"btn-txt\">r\u00e9server.<\/span>\n\t\t\t\n\t\t\t\t<\/span>\n<\/a>\n[\/vc_column][vc_column el_id=&#8221;heromask&#8221;][\/vc_column][\/vc_row][vc_section el_id=&#8221;custom-slider-homepage&#8221;][vc_row full_width=&#8221;stretch_row&#8221; el_id=&#8221;background-images&#8221;][vc_column offset=&#8221;vc_hidden-lg vc_hidden-md vc_hidden-sm vc_hidden-xs&#8221;][vc_single_image image=&#8221;7697&#8243; img_size=&#8221;full&#8221; css=&#8221;&#8221;][vc_single_image image=&#8221;11242&#8243; img_size=&#8221;full&#8221; css=&#8221;&#8221;][vc_single_image image=&#8221;7695&#8243; img_size=&#8221;full&#8221; css=&#8221;&#8221;][vc_single_image image=&#8221;7693&#8243; img_size=&#8221;full&#8221; css=&#8221;&#8221;][vc_single_image image=&#8221;7691&#8243; img_size=&#8221;full&#8221; css=&#8221;&#8221;][vc_single_image image=&#8221;12324&#8243; img_size=&#8221;full&#8221; css=&#8221;&#8221;][vc_single_image image=&#8221;12320&#8243; img_size=&#8221;full&#8221; css=&#8221;&#8221;][\/vc_column][\/vc_row][vc_row el_id=&#8221;texts&#8221; css=&#8221;.vc_custom_1770109488841{background-color: #f0f0f0 !important;}&#8221;][vc_column][vc_row_inner disable_element=&#8221;yes&#8221; el_class=&#8221;slider-text&#8221;][vc_column_inner][vc_column_text css=&#8221;&#8221; el_class=&#8221;experience-title&#8221;]Experi\u00eancia no terra\u00e7o[\/vc_column_text][vc_column_text css=&#8221;&#8221; el_class=&#8221;experience-text&#8221;]Sente-se em nosso terra\u00e7o com vista para a Torre Eiffel e desfrute de uma experi\u00eancia \u00fanica no Caf\u00e9 de l&#8217;Homme, onde tradi\u00e7\u00e3o e inova\u00e7\u00e3o se misturam em perfeita harmonia. Nesse ambiente excepcional, desfrute de um p\u00f4r do sol \u00fanico enquanto explora novas tend\u00eancias gastron\u00f4micas com paix\u00e3o e criatividade.[\/vc_column_text][vc_column_text css=&#8221;&#8221; el_class=&#8221;experience-text text-info-icon&#8221;]<\/p>\n<div id=\"message-list_1753345246.158769\" class=\"c-virtual_list__item\" tabindex=\"0\" role=\"listitem\" aria-setsize=\"-1\" data-qa=\"virtual-list-item\" data-item-key=\"1753345246.158769\">\n<div class=\"c-message_kit__background c-message_kit__background--hovered p-message_pane_message__message c-message_kit__message\" role=\"presentation\" data-qa=\"message_container\" data-qa-unprocessed=\"false\" data-qa-placeholder=\"false\">\n<div class=\"c-message_kit__hover c-message_kit__hover--hovered\" role=\"document\" aria-roledescription=\"message\" data-qa-hover=\"true\">\n<div class=\"c-message_kit__actions c-message_kit__actions--above\">\n<div class=\"c-message_kit__gutter\">\n<div class=\"c-message_kit__gutter__right\" role=\"presentation\" data-qa=\"message_content\">\n<div class=\"c-message_kit__blocks c-message_kit__blocks--rich_text\">\n<div class=\"c-message__message_blocks c-message__message_blocks--rich_text\" data-qa=\"message-text\">\n<div class=\"p-block_kit_renderer\" data-qa=\"block-kit-renderer\">\n<div class=\"p-block_kit_renderer__block_wrapper p-block_kit_renderer__block_wrapper--first\">\n<div class=\"p-rich_text_block\" dir=\"auto\">\n<div class=\"p-rich_text_section\"><strong><em>H\u00e1 <b data-stringify-type=\"bold\">um suplemento de \u20ac 60 por pessoa<\/b> para o jantar no terra\u00e7o.  <\/em><\/strong><em>Essa experi\u00eancia, reservada para refei\u00e7\u00f5es \u00e0 la carte, inclui uma ta\u00e7a de champanhe e garante uma mesa com vista para a Torre Eiffel. Esse valor \u00e9 adicionado \u00e0 sua conta. <\/em><\/div>\n<\/div>\n<\/div>\n<\/div>\n<\/div>\n<\/div>\n<\/div>\n<\/div>\n<\/div>\n<\/div>\n<\/div>\n<\/div>\n<p>[\/vc_column_text]<a href=\"#\" class=\"btn btn-naked experience-book-button open-modal-resa-a-la-carte-outdoor ld_button_69f2bdee75ba3\">\n\t<span>\n\t\t\n\t\t\t\t\t<span class=\"btn-txt\">R\u00e9server l'experience<\/span>\n\t\t\t\n\t\t\t\t<\/span>\n<\/a>\n[\/vc_column_inner][\/vc_row_inner][vc_row_inner el_class=&#8221;slider-text&#8221;][vc_column_inner][vc_column_text css=&#8221;&#8221; el_class=&#8221;experience-title&#8221;]Experi\u00eancia no Eiffel Diner[\/vc_column_text][vc_column_text css=&#8221;&#8221; el_class=&#8221;experience-subtitle&#8221;]Venha e desfrute de uma noite atemporal com uma vis\u00e3o \u00fanica da primeira fila.[\/vc_column_text][vc_column_text css=&#8221;&#8221; el_class=&#8221;experience-text&#8221;]Descubra o casamento entre tradi\u00e7\u00e3o e inova\u00e7\u00e3o culin\u00e1ria, apresentando produtos franceses sazonais com paix\u00e3o e criatividade, sob a dire\u00e7\u00e3o do Chef Wilfried Graux.[\/vc_column_text]<a href=\"#\" class=\"btn btn-naked experience-book-button alveole-book ld_button_69f2bdee75cdb\">\n\t<span>\n\t\t\n\t\t\t\t\t<span class=\"btn-txt\">R\u00e9server l'experience<\/span>\n\t\t\t\n\t\t\t\t<\/span>\n<\/a>\n[\/vc_column_inner][\/vc_row_inner][vc_row_inner el_class=&#8221;slider-text&#8221;][vc_column_inner][vc_column_text css=&#8221;&#8221; el_class=&#8221;experience-title&#8221;]Almo\u00e7o da Experi\u00eancia Eiffel[\/vc_column_text][vc_column_text css=&#8221;&#8221; el_class=&#8221;experience-text&#8221;]Desfrute de um almo\u00e7o em um ambiente suntuoso e descubra a culin\u00e1ria criativa do Chef Wilfried Graux.<br \/>\nEm um ambiente elegante, deixe-se levar por uma culin\u00e1ria rica em emo\u00e7\u00f5es, acompanhada por uma sele\u00e7\u00e3o de vinhos excepcionais.[\/vc_column_text]<a href=\"#\" class=\"btn btn-naked experience-book-button alveole-book ld_button_69f2bdee75dfc\">\n\t<span>\n\t\t\n\t\t\t\t\t<span class=\"btn-txt\">R\u00e9server l'experience<\/span>\n\t\t\t\n\t\t\t\t<\/span>\n<\/a>\n[\/vc_column_inner][\/vc_row_inner][vc_row_inner el_class=&#8221;slider-text&#8221;][vc_column_inner][vc_column_text css=&#8221;&#8221; el_class=&#8221;experience-title&#8221;]Experi\u00eancia Diamond Diner[\/vc_column_text][vc_column_text css=&#8221;&#8221; el_class=&#8221;experience-text&#8221;]A arte francesa de viver, sublimada pelo nosso Chef, enquanto voc\u00ea desfruta de toda a magia da Cidade Luz a partir da segunda fileira do nosso terra\u00e7o.[\/vc_column_text]<a href=\"#\" class=\"btn btn-naked experience-book-button alveole-book ld_button_69f2bdee75f1a\">\n\t<span>\n\t\t\n\t\t\t\t\t<span class=\"btn-txt\">R\u00e9server l'experience<\/span>\n\t\t\t\n\t\t\t\t<\/span>\n<\/a>\n[\/vc_column_inner][\/vc_row_inner][vc_row_inner el_class=&#8221;slider-text&#8221;][vc_column_inner][vc_column_text css=&#8221;&#8221; el_class=&#8221;experience-title&#8221;]Caf\u00e9 da manh\u00e3 Diamond Experience[\/vc_column_text][vc_column_text css=&#8221;&#8221; el_class=&#8221;experience-text&#8221;]A arte francesa de viver, sublimada pelo nosso Chef, enquanto voc\u00ea desfruta de toda a magia da Cidade Luz a partir da segunda fileira do nosso terra\u00e7o.[\/vc_column_text]<a href=\"#\" class=\"btn btn-naked experience-book-button alveole-book ld_button_69f2bdee7602f\">\n\t<span>\n\t\t\n\t\t\t\t\t<span class=\"btn-txt\">R\u00e9server l'experience<\/span>\n\t\t\t\n\t\t\t\t<\/span>\n<\/a>\n[\/vc_column_inner][\/vc_row_inner][vc_row_inner el_class=&#8221;slider-text&#8221;][vc_column_inner][vc_column_text css=&#8221;&#8221; el_class=&#8221;experience-title&#8221;]Experi\u00eancia Premium[\/vc_column_text][vc_column_text css=&#8221;&#8221; el_class=&#8221;experience-text&#8221;]Em um ambiente suntuoso com vista para a lend\u00e1ria Dama de Ferro, venha saborear um card\u00e1pio composto pelo nosso chef de acordo com as esta\u00e7\u00f5es do ano.[\/vc_column_text]<a href=\"#\" class=\"btn btn-naked experience-book-button alveole-book ld_button_69f2bdee7613e\">\n\t<span>\n\t\t\n\t\t\t\t\t<span class=\"btn-txt\">R\u00e9server l'experience<\/span>\n\t\t\t\n\t\t\t\t<\/span>\n<\/a>\n[\/vc_column_inner][\/vc_row_inner][\/vc_column][\/vc_row][vc_row el_id=&#8221;right&#8221;][vc_column][vc_row_inner el_id=&#8221;thumbnails&#8221;][vc_column_inner][vc_single_image image=&#8221;5212&#8243; img_size=&#8221;full&#8221; css=&#8221;&#8221;][vc_single_image image=&#8221;9143&#8243; img_size=&#8221;full&#8221; css=&#8221;&#8221;][vc_single_image image=&#8221;8489&#8243; img_size=&#8221;full&#8221; css=&#8221;&#8221;][vc_single_image image=&#8221;8429&#8243; img_size=&#8221;full&#8221; css=&#8221;&#8221;][vc_single_image image=&#8221;7582&#8243; img_size=&#8221;full&#8221; css=&#8221;&#8221;][\/vc_column_inner][\/vc_row_inner][vc_row_inner el_class=&#8221;slider-thumbnails&#8221; el_id=&#8221;pagination&#8221;][vc_column_inner el_id=&#8221;slider-actions&#8221;]<a href=\"#\" class=\"btn btn-default btn-bordered border-thin home-slider-prev ld_button_69f2bdee7624b\">\n\t<span>\n\t\t\n\t\t\t\n\t\t\t\t<\/span>\n<\/a>\n<a href=\"#\" class=\"btn btn-default btn-bordered border-thin home-slider-next ld_button_69f2bdee76358\">\n\t<span>\n\t\t\n\t\t\t\n\t\t\t\t<\/span>\n<\/a>\n[vc_raw_html css=&#8221;&#8221;]PGRpdiBjbGFzcz0icGFnZXMiPgogICAgPHNwYW4gY2xhc3M9ImN1cnJlbnQiPjwvc3Bhbj4tPHNwYW4gY2xhc3M9InRvdGFsIj48L3NwYW4+CjwvZGl2Pg==[\/vc_raw_html][\/vc_column_inner][\/vc_row_inner][\/vc_column][\/vc_row][\/vc_section][vc_section el_id=&#8221;first-bloc-homepage&#8221;][vc_row el_class=&#8221;bloc_manifeste&#8221; responsive_css=&#8221;padding_top_large:200px|padding_bottom_large:600px&#8221; row_hide=&#8221;hidden-xs hidden-sm hidden-md hidden-lg&#8221;][vc_column][vc_custom_heading text=&#8221;O Caf\u00e9 de l&apos;Homme continua a escrever sua <i>hist\u00f3ria<\/i>, no cora\u00e7\u00e3o de Paris.&#8221; css=&#8221;&#8221;][vc_column_text css=&#8221;.vc_custom_1732697602445{margin-top: 85px !important;margin-bottom: 85px !important;}&#8221;]<span style=\"font-weight: 400;\">No Caf\u00e9 de l&#8217;Homme, considerado um dos lugares mais emblem\u00e1ticos de Paris, a gastronomia \u00e9 elevada a um n\u00edvel excepcional. Localizado aos p\u00e9s da Torre Eiffel, nosso restaurante \u00e9 uma joia culin\u00e1ria, reinventando cada momento com pratos que sublimam a arte da mesa. <\/span><\/p>\n<p><span style=\"font-weight: 400;\">Situado no cora\u00e7\u00e3o do Trocad\u00e9ro, este local exclusivo combina tradi\u00e7\u00e3o e modernidade para criar uma experi\u00eancia sensorial incompar\u00e1vel. Aqui, o ef\u00eamero se torna eterno, e cada refei\u00e7\u00e3o \u00e9 um convite para redescobrir a verdadeira ess\u00eancia da culin\u00e1ria francesa, enquanto voc\u00ea admira uma das mais belas vistas de Paris. <\/span><\/p>\n<p><span style=\"font-weight: 400;\">Nesse ambiente excepcional, onde a eleg\u00e2ncia e o prest\u00edgio se encontram, o Caf\u00e9 de l&#8217;Homme encarna o melhor restaurante de Paris. Cada prato \u00e9 uma obra de arte, cada momento \u00e9 inesquec\u00edvel. No Caf\u00e9 de l&#8217;Homme, o tempo desaparece para oferecer uma experi\u00eancia rara, onde a alta gastronomia encontra o charme atemporal da Cidade Luz.  <\/span>[\/vc_column_text]<a href=\"https:\/\/www.cafedelhomme.com\/manifesto\" title=\"Manifesto\" class=\"btn btn-naked btn_underline ld_button_69f2bdee76458\">\n\t<span>\n\t\t\n\t\t\t\t\t<span class=\"btn-txt\">lire le manifeste.<\/span>\n\t\t\t\n\t\t\t\t<\/span>\n<\/a>\n[\/vc_column][\/vc_row][vc_row el_id=&#8221;feedbacks&#8221;][vc_column][vc_raw_html css=&#8221;&#8221;]PHNjcmlwdCBkZWZlciBhc3luYyBzcmM9J2h0dHBzOi8vY2RuLnRydXN0aW5kZXguaW8vbG9hZGVyLmpzPzUzZDYyYjc0MzQwNDY3OGZkYTQ2YjQwOWE0Mic+PC9zY3JpcHQ+[\/vc_raw_html]<a href=\"https:\/\/g.page\/r\/CdiRt8hxLIxuEBE\/review\" title=\"Privatiser\" target=\"_blank\" class=\"btn btn-underlined btn-bordered border-thin btn_underline give-review vc_custom_1774256898191\">\n\t<span>\n\t\t\n\t\t\t\t\t<span class=\"btn-txt\">laisser un avis.<\/span>\n\t\t\t\n\t\t\t\t<\/span>\n<\/a>\n[\/vc_column][\/vc_row][\/vc_section][vc_row gap=&#8221;35&#8243; equal_height=&#8221;yes&#8221; el_id=&#8221;section-coeur&#8221; css=&#8221;.vc_custom_1774257366906{padding-top: 120px !important;padding-bottom: 120px !important;background-color: #ffffff !important;}&#8221;][vc_column width=&#8221;1\/2&#8243; el_class=&#8221;col-img&#8221; offset=&#8221;vc_hidden-sm vc_hidden-xs&#8221;][vc_single_image image=&#8221;18725&#8243; img_size=&#8221;full&#8221; css=&#8221;&#8221; el_id=&#8221;chef-img&#8221;][\/vc_column][vc_column el_class=&#8221;col-content&#8221; offset=&#8221;vc_col-lg-6 vc_col-md-6 vc_col-xs-12&#8243;][vc_custom_heading text=&#8221;Uma experi\u00eancia gastron\u00f4mica francesa&#8221; css=&#8221;&#8221;][vc_column_text css=&#8221;&#8221; el_class=&#8221;text-desc&#8221;]<span style=\"font-weight: 400;\">No Caf\u00e9 de l&#8217;Homme, cada produto conta uma hist\u00f3ria \u00fanica. A riqueza das esta\u00e7\u00f5es do ano determina nossas escolhas. Sob as m\u00e3os do chef Wilfried Graux, a mat\u00e9ria-prima se transforma em uma verdadeira sinfonia de texturas e sabores refinados. Nesse restaurante emblem\u00e1tico, localizado no cora\u00e7\u00e3o do distrito de Trocad\u00e9ro, em Paris, cada prato conta a hist\u00f3ria de uma natureza sublimada, transformando o momento em um momento suspenso no tempo.   <\/span><\/p>\n<p><span style=\"font-weight: 400;\">Nesse ambiente excepcional, considerado um dos mais cobi\u00e7ados de Paris, a arte da mesa se mistura com a arte de viver para oferecer uma experi\u00eancia gastron\u00f4mica inesquec\u00edvel. Cada almo\u00e7o ou jantar se torna uma celebra\u00e7\u00e3o. Com sua vista espetacular da Torre Eiffel, o Caf\u00e9 de l&#8217;Homme n\u00e3o \u00e9 apenas um restaurante, \u00e9 um destino imperd\u00edvel.  <\/span>[\/vc_column_text]<a href=\"https:\/\/www.cafedelhomme.com\/la-carte\" title=\"La Carte\" class=\"btn btn-underlined btn-bordered border-thin btn_underline ld_button_69f2bdee7668e\">\n\t<span>\n\t\t\n\t\t\t\t\t<span class=\"btn-txt\">d\u00e9couvrir la carte.<\/span>\n\t\t\t\n\t\t\t\t<\/span>\n<\/a>\n<a href=\"https:\/\/www.cafedelhomme.com\/nos-produits-dexception\" title=\"Nos produits d&#039;exception\" class=\"btn btn-naked btn_underline ld_button_69f2bdee767a1\">\n\t<span>\n\t\t\n\t\t\t\t\t<span class=\"btn-txt\">nos produits d'exception.<\/span>\n\t\t\t\n\t\t\t\t<\/span>\n<\/a>\n[\/vc_column][\/vc_row][vc_row disable_element=&#8221;yes&#8221;][vc_column][vc_raw_html css=&#8221;&#8221; el_id=&#8221;slider-test&#8221;]W2NkaF9waG90byBjYXRlZz0icGxhdHMiXQ==[\/vc_raw_html][\/vc_column][\/vc_row][vc_row enable_gradient=&#8221;yes&#8221; css=&#8221;.vc_custom_1774260167122{padding-top: 150px !important;padding-bottom: 150px !important;background-color: #121212 !important;background-position: center !important;background-repeat: no-repeat !important;background-size: cover !important;}&#8221; el_class=&#8221;visite-virtuelle&#8221; gradient_bg=&#8221;linear-gradient(0deg, rgba(0, 0, 0, 0.5) 0%, rgba(0,0,0,0.4) 100%)&#8221;][vc_column][vc_custom_heading text=&#8221;Conhe\u00e7a nosso restaurante com terra\u00e7o de frente para a Torre Eiffel&#8221; font_container=&#8221;tag:h2|text_align:center&#8221; css=&#8221;&#8221;][vc_column_text css=&#8221;&#8221;]<\/p>\n<div id=\"1730108382.121419\" class=\"c-virtual_list__item\" tabindex=\"0\" role=\"listitem\" aria-setsize=\"-1\" data-qa=\"virtual-list-item\" data-item-key=\"1730108382.121419\">\n<div class=\"c-message_kit__background p-message_pane_message__message c-message_kit__message\" role=\"presentation\" data-qa=\"message_container\" data-qa-unprocessed=\"false\" data-qa-placeholder=\"false\">\n<div class=\"c-message_kit__hover\" role=\"document\" aria-roledescription=\"message\" data-qa-hover=\"true\">\n<div class=\"c-message_kit__actions c-message_kit__actions--default\">\n<div class=\"c-message_kit__gutter\">\n<div class=\"c-message_kit__gutter__right\" role=\"presentation\" data-qa=\"message_content\">\n<div class=\"c-message_kit__blocks c-message_kit__blocks--rich_text\">\n<div class=\"c-message__message_blocks c-message__message_blocks--rich_text\" data-qa=\"message-text\">\n<div class=\"p-block_kit_renderer\" data-qa=\"block-kit-renderer\">\n<div class=\"p-block_kit_renderer__block_wrapper p-block_kit_renderer__block_wrapper--first\">\n<div class=\"p-rich_text_block\" dir=\"auto\">\n<div class=\"p-rich_text_section\">Descubra as experi\u00eancias incompar\u00e1veis do <strong>Caf\u00e9 de l&#8217;Homme<\/strong> com nosso tour virtual imersivo. Explore cada \u00e1rea de nosso <strong>restaurante com terra\u00e7o<\/strong> que oferece vistas espetaculares da <strong>Torre Eiffel<\/strong>.  Mergulhe no mundo acolhedor e refinado do Caf\u00e9 de l&#8217;Homme e prepare-se para uma experi\u00eancia inesquec\u00edvel bem no cora\u00e7\u00e3o de <strong>Paris<\/strong>!<\/div>\n<\/div>\n<\/div>\n<\/div>\n<\/div>\n<\/div>\n<\/div>\n<\/div>\n<\/div>\n<\/div>\n<\/div>\n<\/div>\n<p>[\/vc_column_text]<a href=\"#\" class=\"btn btn-default btn-bordered border-thin btn btn-outline btn-outline-white open-vv ld_button_69f2bdee768bc\">\n\t<span>\n\t\t\n\t\t\t\t\t<span class=\"btn-txt\">d\u00e9marrer la visite virtuelle<\/span>\n\t\t\t\n\t\t\t\t<\/span>\n<\/a>\n[\/vc_column][\/vc_row][vc_section css=&#8221;.vc_custom_1705499406443{background-image: url(https:\/\/www.cafedelhomme.com\/wp-content\/uploads\/2024\/01\/BG2_2.jpg?id=5109) !important;background-position: center !important;background-repeat: no-repeat !important;background-size: cover !important;}&#8221;][vc_row equal_height=&#8221;yes&#8221; disable_element=&#8221;yes&#8221; el_id=&#8221;section-eveil&#8221;][vc_column width=&#8221;1\/2&#8243; el_class=&#8221;col-content&#8221;][vc_custom_heading text=&#8221;Desfrute de uma experi\u00eancia gastron\u00f4mica inesquec\u00edvel <i>em Paris<\/i><br \/>\n.&#8221; css=&#8221;&#8221;][vc_column_text css=&#8221;&#8221; el_class=&#8221;text-desc&#8221;]<span style=\"font-weight: 400;\">Mergulhe no mundo exclusivo do Caf\u00e9 de l&#8217;Homme, um dos restaurantes mais exclusivos e incomuns de Paris. Aqui, a gastronomia francesa se expressa sob as m\u00e3os experientes do nosso Chef Executivo, em um ambiente onde cada detalhe conta. Em nosso terra\u00e7o, voc\u00ea poder\u00e1 contemplar a majestosa Torre Eiffel enquanto saboreia cria\u00e7\u00f5es culin\u00e1rias excepcionais inspiradas no ritmo das esta\u00e7\u00f5es.  <\/span><\/p>\n<p><span style=\"font-weight: 400;\">O restaurante, situado no cora\u00e7\u00e3o do 16\u00ba arrondissement de Paris, convida voc\u00ea a saborear cada momento, seja um almo\u00e7o ensolarado ou um jantar excepcional.<\/span>[\/vc_column_text]<a href=\"https:\/\/www.cafedelhomme.com\/nos-experiences\" title=\"Nos exp\u00e9riences\" class=\"btn btn-naked btn_underline ld_button_69f2bdee769c4\">\n\t<span>\n\t\t\n\t\t\t\t\t<span class=\"btn-txt\">reserver une Exp\u00e9rience.<\/span>\n\t\t\t\n\t\t\t\t<\/span>\n<\/a>\n[\/vc_column][vc_column parallax=&#8221;yes&#8221; width=&#8221;1\/2&#8243; scale_from_x=&#8221;1&#8243; scale_from_y=&#8221;1&#8243; scale_from_z=&#8221;1&#8243; from_opacity=&#8221;1&#8243; scale_to_x=&#8221;1&#8243; scale_to_y=&#8221;1&#8243; scale_to_z=&#8221;1&#8243; to_opacity=&#8221;1&#8243; enable_content_animation=&#8221;yes&#8221; ca_init_scale_x=&#8221;1&#8243; ca_init_scale_y=&#8221;1&#8243; ca_init_scale_z=&#8221;1&#8243; ca_init_opacity=&#8221;1&#8243; ca_an_scale_x=&#8221;1&#8243; ca_an_scale_y=&#8221;1&#8243; ca_an_scale_z=&#8221;1&#8243; ca_an_opacity=&#8221;1&#8243;][vc_single_image image=&#8221;12815&#8243; img_size=&#8221;full&#8221; css_animation=&#8221;none&#8221; css=&#8221;.vc_custom_1685439569503{margin-bottom: 0px !important;}&#8221; el_class=&#8221;img-to-animate&#8221;][\/vc_column][\/vc_row][vc_row gap=&#8221;35&#8243; equal_height=&#8221;yes&#8221; el_id=&#8221;section-evenement&#8221;][vc_column width=&#8221;1\/2&#8243;]<style>.ld_carousel_69f2bdee76aec .carousel-item{width:100%;}.ld_carousel_69f2bdee76aec .flickity-slider > .carousel-item:not(.is-selected){opacity:0.5;}.ld_carousel_69f2bdee76aec .flickity-page-dots{top:auto;right:auto;bottom:-25px;left:auto;}@media (min-width: 768px) {.ld_carousel_69f2bdee76aec .carousel-item { width:100% }}@media (min-width: 992px) {.ld_carousel_69f2bdee76aec .carousel-item { width:100% }}@media (min-width: 1200px) {.ld_carousel_69f2bdee76aec .carousel-item { width:100% }}<\/style><div id=\"ld_carousel_69f2bdee76aec\" class=\"carousel-container carousel-nav-left carousel-nav-md carousel-dots-style1 ld_carousel_69f2bdee76aec\">\n\n\t<div class=\"carousel-items row\"  data-lqd-flickity='{\"cellAlign\":\"center\",\"prevNextButtons\":false,\"buttonsAppendTo\":\"self\",\"pageDots\":false,\"groupCells\":true,\"wrapAround\":true,\"equalHeightCells\":true,\"autoPlay\":10000,\"pauseAutoPlayOnHover\":false}' >\n\t<p>[vc_single_image image=&#8221;963&#8243; img_size=&#8221;full&#8221; alignment=&#8221;center&#8221; css=&#8221;&#8221;][vc_single_image image=&#8221;14790&#8243; img_size=&#8221;full&#8221; css=&#8221;&#8221;]<\/p>\n\t<\/div>\n\n<\/div>[\/vc_column][vc_column width=&#8221;1\/2&#8243; el_class=&#8221;col-content&#8221;][vc_custom_heading text=&#8221;Um local excepcional<br \/>\npara seus eventos<br \/>\nem <i>Paris.<\/i>&#8221; css=&#8221;&#8221;][vc_column_text css=&#8221;&#8221; el_class=&#8221;text-desc&#8221;]<span style=\"font-weight: 400;\">No Caf\u00e9 de l&#8217;Homme, cada evento assume uma dimens\u00e3o \u00fanica. Quer voc\u00ea esteja organizando uma confer\u00eancia, um semin\u00e1rio, o lan\u00e7amento de um produto, um jantar de neg\u00f3cios ou um coquetel de casamento, nosso restaurante oferece um local \u00fanico no cora\u00e7\u00e3o de Paris, com uma vista espetacular da Torre Eiffel. Esse ambiente de prest\u00edgio, com vista para o Trocadero, \u00e9 ideal para todas as suas recep\u00e7\u00f5es, particulares ou profissionais. D\u00ea um toque de classe aos seus eventos reservando um espa\u00e7o que combina eleg\u00e2ncia atemporal com gastronomia refinada, para fazer de cada momento uma lembran\u00e7a inesquec\u00edvel.   <\/span>[\/vc_column_text]<a href=\"https:\/\/www.cafedelhomme.com\/privatiser\" title=\"Privatiser\" class=\"btn btn-naked btn_underline ld_button_69f2bdee79426\">\n\t<span>\n\t\t\n\t\t\t\t\t<span class=\"btn-txt\">organiser un \u00e9v\u00e8nement.<\/span>\n\t\t\t\n\t\t\t\t<\/span>\n<\/a>\n<a href=\"https:\/\/www.cafedelhomme.com\/groupes\" title=\"Repas de groupe\" class=\"btn btn-naked btn_underline ld_button_69f2bdee79d91\">\n\t<span>\n\t\t\n\t\t\t\t\t<span class=\"btn-txt\">repas de groupe.<\/span>\n\t\t\t\n\t\t\t\t<\/span>\n<\/a>\n[\/vc_column][\/vc_row][vc_row disable_element=&#8221;yes&#8221; responsive_css=&#8221;margin_top_large:104px|padding_bottom_large:160px&#8221; el_id=&#8221;section-img&#8221; css=&#8221;.vc_custom_1774011585039{padding-bottom: 80px !important;}&#8221;][vc_column width=&#8221;1\/3&#8243;][\/vc_column][vc_column width=&#8221;2\/3&#8243;][vc_single_image image=&#8221;963&#8243; img_size=&#8221;large&#8221; el_class=&#8221;img-table img-to-animate&#8221;][vc_single_image image=&#8221;205&#8243; img_size=&#8221;full&#8221; css=&#8221;.vc_custom_1685439582200{margin-bottom: 0px !important;}&#8221; el_class=&#8221;img-resto img-to-animate&#8221;][vc_row_inner el_class=&#8221;section-espace-prive&#8221;][vc_column_inner][vc_custom_heading text=&#8221;Espa\u00e7os que voc\u00ea pode tornar privados.&#8221;][vc_column_text]<\/p>\n<ul>\n<li>Sala interna<\/li>\n<li>Sala de jantar privativa<\/li>\n<li>Terra\u00e7o Eiffel<\/li>\n<li>Terra\u00e7o central<\/li>\n<li>Terra\u00e7o com jardim<\/li>\n<\/ul>\n<p>[\/vc_column_text][\/vc_column_inner][\/vc_row_inner][\/vc_column][\/vc_row][vc_row equal_height=&#8221;yes&#8221; el_id=&#8221;section-histoires&#8221;][vc_column width=&#8221;2\/3&#8243;][vc_custom_heading text=&#8221;Not\u00edcias que voc\u00ea n\u00e3o pode perder.&#8221; css=&#8221;&#8221;][\/vc_column][vc_column width=&#8221;1\/3&#8243; el_class=&#8221;col-btn&#8221;]<a href=\"https:\/\/www.cafedelhomme.com\/nos-histoires\" title=\"Nos histoires\" class=\"btn btn-naked btn_underline ld_button_69f2bdee7a400\">\n\t<span>\n\t\t\n\t\t\t\t\t<span class=\"btn-txt\">veja todas as nossas not\u00edcias.<\/span>\n\t\t\t\n\t\t\t\t<\/span>\n<\/a>\n[\/vc_column][\/vc_row][vc_row css=&#8221;.vc_custom_1731426490105{padding-top: 60px !important;padding-bottom: 90px !important;}&#8221; el_id=&#8221;events&#8221;][vc_column][vc_basic_grid post_type=&#8221;post&#8221; max_items=&#8221;3&#8243; item=&#8221;472&#8243; css=&#8221;&#8221; grid_id=&#8221;vc_gid:1775659451593-14af6a03-50a3-8&#8243; taxonomies=&#8221;7, 194&#8243;][\/vc_column][\/vc_row][\/vc_section][vc_section disable_element=&#8221;yes&#8221; el_id=&#8221;custom-slider-homepage&#8221; el_class=&#8221;coco-section&#8221;][vc_row full_width=&#8221;stretch_row&#8221; el_id=&#8221;background-images&#8221;][vc_column][\/vc_column][\/vc_row][vc_row el_id=&#8221;texts&#8221;][vc_column][vc_row_inner el_class=&#8221;slider-text&#8221; el_id=&#8221;resa-experience-sauvage&#8221;][vc_column_inner][vc_column_text css=&#8221;&#8221; el_class=&#8221;experience-text&#8221;]&#8221;H\u00e1 22 anos, fundei este lugar com Petrus, com o desejo de criar muito mais do que um restaurante. Imaginamos uma casa aberta aos amantes de Paris, da gastronomia e de momentos preciosos. <\/p>\n<p>Desde ent\u00e3o, o Caf\u00e9 de l&#8217;Homme tem recebido todos aqueles que procuram uma experi\u00eancia emocional, uma vista inesquec\u00edvel, uma atmosfera \u00fanica e o prazer de compartilhar um momento atemporal.<\/p>\n<p>Espero que voc\u00ea se sinta em um lugar especial, projetado para celebrar a beleza, a eleg\u00e2ncia e a arte do entretenimento.<\/p>\n<p>Espero que voc\u00ea se divirta muito no Caf\u00e9 de l&#8217;Homme.<\/p>\n<p><em>Coco Eiffel<\/em>[\/vc_column_text][\/vc_column_inner][\/vc_row_inner][\/vc_column][\/vc_row][vc_row el_id=&#8221;right&#8221;][vc_column][vc_row_inner el_id=&#8221;thumbnails&#8221;][vc_column_inner][vc_single_image image=&#8221;18902&#8243; img_size=&#8221;full&#8221; alignment=&#8221;center&#8221; css=&#8221;&#8221; el_class=&#8221;image-coco&#8221;][\/vc_column_inner][\/vc_row_inner][vc_row_inner disable_element=&#8221;yes&#8221; el_class=&#8221;slider-thumbnails&#8221; el_id=&#8221;pagination&#8221;][vc_column_inner el_id=&#8221;slider-actions&#8221;]<a href=\"#\" class=\"btn btn-default btn-bordered border-thin home-slider-prev ld_button_69f2bdee7a5ad\">\n\t<span>\n\t\t\n\t\t\t\n\t\t\t\t<\/span>\n<\/a>\n<a href=\"#\" class=\"btn btn-default btn-bordered border-thin home-slider-next ld_button_69f2bdee7a6d2\">\n\t<span>\n\t\t\n\t\t\t\n\t\t\t\t<\/span>\n<\/a>\n[vc_raw_html css=&#8221;&#8221;]PGRpdiBjbGFzcz0icGFnZXMiPgogICAgPHNwYW4gY2xhc3M9ImN1cnJlbnQiPjwvc3Bhbj4tPHNwYW4gY2xhc3M9InRvdGFsIj48L3NwYW4+CjwvZGl2Pg==[\/vc_raw_html][\/vc_column_inner][\/vc_row_inner][\/vc_column][\/vc_row][\/vc_section][vc_section disable_element=&#8221;yes&#8221; el_id=&#8221;section-avis&#8221;][vc_row full_width=&#8221;stretch_row&#8221; el_id=&#8221;bloc-bg&#8221; css=&#8221;.vc_custom_1774004101686{background-color: #000000 !important;}&#8221;][vc_column width=&#8221;1\/2&#8243; bg_position=&#8221;center center&#8221; css=&#8221;.vc_custom_1774003890086{background-position: center !important;background-repeat: no-repeat !important;background-size: cover !important;}&#8221; el_class=&#8221;bg-avis&#8221;][\/vc_column][vc_column width=&#8221;1\/2&#8243; el_class=&#8221;bg-avis&#8221;][\/vc_column][\/vc_row][vc_row el_id=&#8221;bloc-avis&#8221;][vc_column width=&#8221;1\/2&#8243; el_class=&#8221;bloc-left&#8221;][vc_column_text el_class=&#8221;title&#8221;]Valorizamos a opini\u00e3o de voc\u00eas[\/vc_column_text][vc_row_inner el_class=&#8221;stars-testimonials&#8221;][vc_column_inner][vc_column_text el_class=&#8221;note&#8221;]5\/5[\/vc_column_text][vc_single_image image=&#8221;5664&#8243; img_size=&#8221;full&#8221; css=&#8221;.vc_custom_1716370306835{margin-bottom: 0px !important;}&#8221;][vc_single_image image=&#8221;5664&#8243; img_size=&#8221;full&#8221; css=&#8221;.vc_custom_1716370306835{margin-bottom: 0px !important;}&#8221;][vc_single_image image=&#8221;5664&#8243; img_size=&#8221;full&#8221; css=&#8221;.vc_custom_1716370306835{margin-bottom: 0px !important;}&#8221;][vc_single_image image=&#8221;5664&#8243; img_size=&#8221;full&#8221; css=&#8221;.vc_custom_1716370306835{margin-bottom: 0px !important;}&#8221;][vc_single_image image=&#8221;5664&#8243; img_size=&#8221;full&#8221; css=&#8221;.vc_custom_1716370306835{margin-bottom: 0px !important;}&#8221;][\/vc_column_inner][\/vc_row_inner][vc_column_text el_class=&#8221;total&#8221;]1992 PARECER[\/vc_column_text][vc_single_image image=&#8221;5699&#8243; img_size=&#8221;full&#8221; css=&#8221;.vc_custom_1716369841977{margin-bottom: 0px !important;}&#8221;][\/vc_column][vc_column width=&#8221;1\/2&#8243; el_id=&#8221;slider-avis&#8221; el_class=&#8221;bloc-right&#8221;][vc_column_text]<div id=\"testimonials-list\"><div class=\"testimonial-item\"><p class=\"testimonial-title\">J\u00e9r\u00f4me T.<\/p><div class=\"testimonial-content\"><p>Uma festa de anivers\u00e1rio inesquec\u00edvel para voc\u00ea comemorar 18 anos sob o olhar cintilante da bela Eiffel.<\/p>\n<\/div><\/div><div class=\"testimonial-item\"><p class=\"testimonial-title\">Valeriia M.<\/p><div class=\"testimonial-content\"><p>Muito bonito, rico e delicioso, o tiramisu estava muito gostoso, assim como a massa e alguns outros pratos. Tudo estava delicioso. <\/p>\n<\/div><\/div><div class=\"testimonial-item\"><p class=\"testimonial-title\">Koumba J.<\/p><div class=\"testimonial-content\"><p>Romain foi perfeito, muito profissional, assim como o restante da equipe. Um grande obrigado a todos, voltaremos de olhos fechados. <\/p>\n<\/div><\/div><div class=\"testimonial-item\"><p class=\"testimonial-title\">Valentin D.<\/p><div class=\"testimonial-content\"><p>N\u00e3o sei o que dizer, foi uma experi\u00eancia perfeita, tanto em termos de servi\u00e7o, que foi irrepreens\u00edvel, quanto do ambiente, sem falar na comida! Obrigado ao Wallid e a toda a equipe. Voltarei e recomendarei a todos que queiram desfrutar de uma experi\u00eancia extraordin\u00e1ria.<\/p>\n<\/div><\/div><div class=\"testimonial-item\"><p class=\"testimonial-title\">Carolina D.<\/p><div class=\"testimonial-content\"><p>Tive um anivers\u00e1rio incr\u00edvel, gra\u00e7as ao Rapha\u00ebl. N\u00e3o consigo encontrar palavras para agradecer a ele por sua recep\u00e7\u00e3o. Eu voltarei novamente.  <\/p>\n<\/div><\/div><div class=\"testimonial-item\"><p class=\"testimonial-title\">Jan H.<\/p><div class=\"testimonial-content\"><p>Foi \u00f3timo! Muito obrigado pelo servi\u00e7o e pela gentileza de voc\u00eas !!!!<\/p>\n<\/div><\/div><div class=\"testimonial-item\"><p class=\"testimonial-title\">Nadine e Michel V.<\/p><div class=\"testimonial-content\"><p>Obrigado, voc\u00ea foi muito legal! \u00c9 uma lembran\u00e7a inesquec\u00edvel. <\/p>\n<\/div><\/div><div class=\"testimonial-item\"><p class=\"testimonial-title\">Danylson H.<\/p><div class=\"testimonial-content\"><p>Recentemente, tive o prazer de jantar no Caf\u00e9 de l&#8217;Homme e foi absolutamente incr\u00edvel. O ambiente \u00e9 de tirar o f\u00f4lego, com uma vista deslumbrante que d\u00e1 um toque m\u00e1gico \u00e0 experi\u00eancia. Os pratos s\u00e3o refinados, saborosos e muito bem apresentados. Uma verdadeira explos\u00e3o de sabores!   <\/p>\n<p>Um grande obrigado ao gar\u00e7om, Nader, que cuidou de n\u00f3s perfeitamente. Ele foi atencioso, simp\u00e1tico e nos orientou com maestria sobre os pratos e vinhos. Seu servi\u00e7o atencioso realmente fez a diferen\u00e7a e ajudou a tornar o momento ainda mais especial.  <\/p>\n<p>Eu recomendo muito esse restaurante, seja para uma noite rom\u00e2ntica ou para uma refei\u00e7\u00e3o com amigos. O Caf\u00e9 de l&#8217;Homme conquistar\u00e1 voc\u00ea com sua culin\u00e1ria excepcional e servi\u00e7o impec\u00e1vel. <\/p>\n<\/div><\/div><div class=\"testimonial-item\"><p class=\"testimonial-title\">Sabine T.<\/p><div class=\"testimonial-content\"><p>Comida fant\u00e1stica em um ambiente tranquilo cercado pela Torre Eiffel: o que mais voc\u00ea quer?<\/p>\n<\/div><\/div><div class=\"testimonial-item\"><p class=\"testimonial-title\">Mohammed H.<\/p><div class=\"testimonial-content\"><p>Gostaria de agradecer ao nosso gar\u00e7om Romain, que fez de tudo para nos proporcionar uma noite que ficar\u00e1 gravada em nossas mem\u00f3rias para sempre, e agradecer ao chef que nos manteve sonhando durante todo o jantar \ud83d\ude09<\/p>\n<\/div><\/div><\/div>[\/vc_column_text][\/vc_column][\/vc_row][\/vc_section][vc_row el_id=&#8221;mosaic&#8221; css=&#8221;.vc_custom_1687852970632{padding-top: 80px !important;padding-right: 30px !important;padding-bottom: 60px !important;padding-left: 30px !important;background-color: #ffffff !important;}&#8221; responsive_css=&#8221;padding_top_large:160px|padding_bottom_large:160px&#8221;][vc_column align=&#8221;text-center&#8221;][vc_custom_heading text=&#8221;Momentos <i>preciosos<\/i>&#8221; font_container=&#8221;tag:h2|text_align:center&#8221;][vc_raw_html css=&#8221;&#8221;]PGRpdiBjbGFzcz0iZWxmc2lnaHQtYXBwLTk5ODc2NjNkLTAwNmYtNDAwYS1hMjVkLTBjZGMwZWE0MzJiNCI+PC9kaXY+[\/vc_raw_html]<a href=\"https:\/\/www.instagram.com\/cafedelhomme\/?hl=fr\" target=\"_blank\" class=\"btn btn-naked btn_underline ld_button_69f2bdee7c2a1\">\n\t<span>\n\t\t\n\t\t\t\t\t<span class=\"btn-txt\">Instagram.<\/span>\n\t\t\t\n\t\t\t\t<\/span>\n<\/a>\n[\/vc_column][\/vc_row][vc_row enable_gradient=&#8221;yes&#8221; css=&#8221;.vc_custom_1774260183602{padding-top: 150px !important;padding-bottom: 150px !important;background-color: #121212 !important;background-position: center !important;background-repeat: no-repeat !important;background-size: cover !important;}&#8221; el_class=&#8221;visite-virtuelle&#8221; gradient_bg=&#8221;linear-gradient(0deg, rgba(0, 0, 0, 0.5) 0%, rgba(0,0,0,0.4) 100%)&#8221;][vc_column][vc_custom_heading text=&#8221;D\u00ea o Caf\u00e9 de l&apos;Homme de presente para seus entes queridos&#8221; font_container=&#8221;tag:h2|text_align:center&#8221; css=&#8221;&#8221;][vc_column_text css=&#8221;&#8221;]<\/p>\n<div id=\"1730108382.121419\" class=\"c-virtual_list__item\" tabindex=\"0\" role=\"listitem\" aria-setsize=\"-1\" data-qa=\"virtual-list-item\" data-item-key=\"1730108382.121419\">\n<div class=\"c-message_kit__background p-message_pane_message__message c-message_kit__message\" role=\"presentation\" data-qa=\"message_container\" data-qa-unprocessed=\"false\" data-qa-placeholder=\"false\">\n<div class=\"c-message_kit__hover\" role=\"document\" aria-roledescription=\"message\" data-qa-hover=\"true\">\n<div class=\"c-message_kit__actions c-message_kit__actions--default\">\n<div class=\"c-message_kit__gutter\">\n<div class=\"c-message_kit__gutter__right\" role=\"presentation\" data-qa=\"message_content\">\n<div class=\"c-message_kit__blocks c-message_kit__blocks--rich_text\">\n<div class=\"c-message__message_blocks c-message__message_blocks--rich_text\" data-qa=\"message-text\">\n<div class=\"p-block_kit_renderer\" data-qa=\"block-kit-renderer\">\n<div class=\"p-block_kit_renderer__block_wrapper p-block_kit_renderer__block_wrapper--first\">\n<div class=\"p-rich_text_block\" dir=\"auto\">\n<div class=\"p-rich_text_section\">A experi\u00eancia do <strong>Caf\u00e9 de l&#8217;Homme<\/strong> vai al\u00e9m de sua mesa de frente para a Torre Eiffel. Entre no mundo do restaurante e compartilhe o prazer de uma sele\u00e7\u00e3o de <strong>produtos<\/strong> e <strong>experi\u00eancias<\/strong> <strong>relacionados<\/strong> para oferecer como presentes ou para voc\u00ea mesmo. <\/div>\n<\/div>\n<\/div>\n<\/div>\n<\/div>\n<\/div>\n<\/div>\n<\/div>\n<\/div>\n<\/div>\n<\/div>\n<\/div>\n<p>[\/vc_column_text]<a href=\"https:\/\/www.cafedelhomme.com\/shop\" title=\"Boutique\" class=\"btn btn-default btn-bordered border-thin btn_underline ld_button_69f2bdee7c3e4\">\n\t<span>\n\t\t\n\t\t\t\t\t<span class=\"btn-txt\">Explorer la boutique<\/span>\n\t\t\t\n\t\t\t\t<\/span>\n<\/a>\n[\/vc_column][\/vc_row]<\/p>\n<\/div>","protected":false},"excerpt":{"rendered":"<p>[vc_row full_height=&#8221;yes&#8221; equal_height=&#8221;yes&#8221; content_placement=&#8221;middle&#8221; el_id=&#8221;herobanner&#8221; css=&#8221;.vc_custom_1774005431354{background: #fffdf9 url(https:\/\/www.cafedelhomme.com\/wp-content\/uploads\/2026\/02\/CDH_14-03-23\u00a9pmonetta-3467-1-1.jpg?id=16326) !important;background-position: center !important;background-repeat: no-repeat !important;background-size: cover !important;}&#8221;][vc_column width=&#8221;7\/12&#8243; el_class=&#8221;intro_text_header&#8221;][vc_custom_heading text=&#8221;O telhado mais ic\u00f4nico de Paris&#8221; font_container=&#8221;tag:h1|text_align:left|color:%23ffffff&#8221; css=&#8221;&#8221; el_class=&#8221;title-page&#8221;][vc_custom_heading text=&#8221;Seu restaurante de frente para a Torre Eiffel&#8221; font_container=&#8221;tag:h2|text_align:left|color:%23ffffff&#8221; css=&#8221;&#8221; el_class=&#8221;mini-title-page&#8221;][\/vc_column][vc_column el_id=&#8221;heromask&#8221;][\/vc_column][\/vc_row][vc_section el_id=&#8221;custom-slider-homepage&#8221;][vc_row full_width=&#8221;stretch_row&#8221; el_id=&#8221;background-images&#8221;][vc_column offset=&#8221;vc_hidden-lg vc_hidden-md vc_hidden-sm vc_hidden-xs&#8221;][vc_single_image&#8230;<\/p>\n","protected":false},"author":1,"featured_media":0,"parent":0,"menu_order":0,"comment_status":"closed","ping_status":"closed","template":"","meta":{"_acf_changed":false,"footnotes":""},"class_list":["post-7947","page","type-page","status-publish","hentry"],"acf":[],"yoast_head":"<!-- This site is optimized with the Yoast SEO Premium plugin v20.10 (Yoast SEO v27.0) - https:\/\/yoast.com\/product\/yoast-seo-premium-wordpress\/ -->\n<title>Caf\u00e9 de l&#039;Homme | Restaurante Trocad\u00e9ro em Paris | Conhe\u00e7a a Torre Eiffel<\/title>\n<meta name=\"description\" content=\"Idealmente localizado no Palais de Chaillot, com uma vista de tirar o f\u00f4lego da Torre Eiffel, o Caf\u00e9 de l&#039;Homme recebe voc\u00ea 7\/7 em um ambiente suntuoso.\" \/>\n<meta name=\"robots\" content=\"index, follow, max-snippet:-1, max-image-preview:large, max-video-preview:-1\" \/>\n<link rel=\"canonical\" href=\"https:\/\/www.cafedelhomme.com\/pt-br\" \/>\n<meta property=\"og:locale\" content=\"pt_BR\" \/>\n<meta property=\"og:type\" content=\"article\" \/>\n<meta property=\"og:title\" content=\"Caf\u00e9 de l&#039;Homme | Restaurante Trocad\u00e9ro em Paris | Conhe\u00e7a a Torre Eiffel\" \/>\n<meta property=\"og:description\" content=\"Idealmente localizado no Palais de Chaillot, com uma vista de tirar o f\u00f4lego da Torre Eiffel, o Caf\u00e9 de l&#039;Homme recebe voc\u00ea 7\/7 em um ambiente suntuoso.\" \/>\n<meta property=\"og:url\" content=\"https:\/\/www.cafedelhomme.com\/pt-br\" \/>\n<meta property=\"og:site_name\" content=\"Caf\u00e9 de l&#039;Homme\" \/>\n<meta property=\"article:publisher\" content=\"https:\/\/www.facebook.com\/cafedelhomme\" \/>\n<meta property=\"article:modified_time\" content=\"2026-04-08T15:30:29+00:00\" \/>\n<meta name=\"twitter:card\" content=\"summary_large_image\" \/>\n<meta name=\"twitter:label1\" content=\"Est. tempo de leitura\" \/>\n\t<meta name=\"twitter:data1\" content=\"11 minutos\" \/>\n<script type=\"application\/ld+json\" class=\"yoast-schema-graph\">{\"@context\":\"https:\/\/schema.org\",\"@graph\":[{\"@type\":\"WebPage\",\"@id\":\"https:\/\/www.cafedelhomme.com\/pt-br\",\"url\":\"https:\/\/www.cafedelhomme.com\/pt-br\",\"name\":\"Caf\u00e9 de l'Homme | Restaurante Trocad\u00e9ro em Paris | Conhe\u00e7a a Torre Eiffel\",\"isPartOf\":{\"@id\":\"https:\/\/www.cafedelhomme.com\/pt-br#website\"},\"datePublished\":\"2023-04-19T14:34:04+00:00\",\"dateModified\":\"2026-04-08T15:30:29+00:00\",\"description\":\"Idealmente localizado no Palais de Chaillot, com uma vista de tirar o f\u00f4lego da Torre Eiffel, o Caf\u00e9 de l'Homme recebe voc\u00ea 7\/7 em um ambiente suntuoso.\",\"inLanguage\":\"pt-BR\",\"potentialAction\":[{\"@type\":\"ReadAction\",\"target\":[\"https:\/\/www.cafedelhomme.com\/pt-br\"]}]},{\"@type\":\"WebSite\",\"@id\":\"https:\/\/www.cafedelhomme.com\/pt-br#website\",\"url\":\"https:\/\/www.cafedelhomme.com\/pt-br\",\"name\":\"Caf\u00e9 de l'Homme\",\"description\":\"\",\"publisher\":{\"@id\":\"https:\/\/www.cafedelhomme.com\/pt-br#organization\"},\"potentialAction\":[{\"@type\":\"SearchAction\",\"target\":{\"@type\":\"EntryPoint\",\"urlTemplate\":\"https:\/\/www.cafedelhomme.com\/pt-br?s={search_term_string}\"},\"query-input\":{\"@type\":\"PropertyValueSpecification\",\"valueRequired\":true,\"valueName\":\"search_term_string\"}}],\"inLanguage\":\"pt-BR\"},{\"@type\":\"Organization\",\"@id\":\"https:\/\/www.cafedelhomme.com\/pt-br#organization\",\"name\":\"Caf\u00e9 de l'Homme\",\"url\":\"https:\/\/www.cafedelhomme.com\/pt-br\",\"logo\":{\"@type\":\"ImageObject\",\"inLanguage\":\"pt-BR\",\"@id\":\"https:\/\/www.cafedelhomme.com\/pt-br#\/schema\/logo\/image\/\",\"url\":\"https:\/\/www.cafedelhomme.com\/wp-content\/uploads\/2023\/04\/big-logo-300x163-1.png\",\"contentUrl\":\"https:\/\/www.cafedelhomme.com\/wp-content\/uploads\/2023\/04\/big-logo-300x163-1.png\",\"width\":300,\"height\":163,\"caption\":\"Caf\u00e9 de l'Homme\"},\"image\":{\"@id\":\"https:\/\/www.cafedelhomme.com\/pt-br#\/schema\/logo\/image\/\"},\"sameAs\":[\"https:\/\/www.facebook.com\/cafedelhomme\",\"https:\/\/www.instagram.com\/cafedelhomme\/\"]}]}<\/script>\n<!-- \/ Yoast SEO Premium plugin. -->","yoast_head_json":{"title":"Caf\u00e9 de l'Homme | Restaurante Trocad\u00e9ro em Paris | Conhe\u00e7a a Torre Eiffel","description":"Idealmente localizado no Palais de Chaillot, com uma vista de tirar o f\u00f4lego da Torre Eiffel, o Caf\u00e9 de l'Homme recebe voc\u00ea 7\/7 em um ambiente suntuoso.","robots":{"index":"index","follow":"follow","max-snippet":"max-snippet:-1","max-image-preview":"max-image-preview:large","max-video-preview":"max-video-preview:-1"},"canonical":"https:\/\/www.cafedelhomme.com\/pt-br","og_locale":"pt_BR","og_type":"article","og_title":"Caf\u00e9 de l'Homme | Restaurante Trocad\u00e9ro em Paris | Conhe\u00e7a a Torre Eiffel","og_description":"Idealmente localizado no Palais de Chaillot, com uma vista de tirar o f\u00f4lego da Torre Eiffel, o Caf\u00e9 de l'Homme recebe voc\u00ea 7\/7 em um ambiente suntuoso.","og_url":"https:\/\/www.cafedelhomme.com\/pt-br","og_site_name":"Caf\u00e9 de l'Homme","article_publisher":"https:\/\/www.facebook.com\/cafedelhomme","article_modified_time":"2026-04-08T15:30:29+00:00","twitter_card":"summary_large_image","twitter_misc":{"Est. tempo de leitura":"11 minutos"},"schema":{"@context":"https:\/\/schema.org","@graph":[{"@type":"WebPage","@id":"https:\/\/www.cafedelhomme.com\/pt-br","url":"https:\/\/www.cafedelhomme.com\/pt-br","name":"Caf\u00e9 de l'Homme | Restaurante Trocad\u00e9ro em Paris | Conhe\u00e7a a Torre Eiffel","isPartOf":{"@id":"https:\/\/www.cafedelhomme.com\/pt-br#website"},"datePublished":"2023-04-19T14:34:04+00:00","dateModified":"2026-04-08T15:30:29+00:00","description":"Idealmente localizado no Palais de Chaillot, com uma vista de tirar o f\u00f4lego da Torre Eiffel, o Caf\u00e9 de l'Homme recebe voc\u00ea 7\/7 em um ambiente suntuoso.","inLanguage":"pt-BR","potentialAction":[{"@type":"ReadAction","target":["https:\/\/www.cafedelhomme.com\/pt-br"]}]},{"@type":"WebSite","@id":"https:\/\/www.cafedelhomme.com\/pt-br#website","url":"https:\/\/www.cafedelhomme.com\/pt-br","name":"Caf\u00e9 de l'Homme","description":"","publisher":{"@id":"https:\/\/www.cafedelhomme.com\/pt-br#organization"},"potentialAction":[{"@type":"SearchAction","target":{"@type":"EntryPoint","urlTemplate":"https:\/\/www.cafedelhomme.com\/pt-br?s={search_term_string}"},"query-input":{"@type":"PropertyValueSpecification","valueRequired":true,"valueName":"search_term_string"}}],"inLanguage":"pt-BR"},{"@type":"Organization","@id":"https:\/\/www.cafedelhomme.com\/pt-br#organization","name":"Caf\u00e9 de l'Homme","url":"https:\/\/www.cafedelhomme.com\/pt-br","logo":{"@type":"ImageObject","inLanguage":"pt-BR","@id":"https:\/\/www.cafedelhomme.com\/pt-br#\/schema\/logo\/image\/","url":"https:\/\/www.cafedelhomme.com\/wp-content\/uploads\/2023\/04\/big-logo-300x163-1.png","contentUrl":"https:\/\/www.cafedelhomme.com\/wp-content\/uploads\/2023\/04\/big-logo-300x163-1.png","width":300,"height":163,"caption":"Caf\u00e9 de l'Homme"},"image":{"@id":"https:\/\/www.cafedelhomme.com\/pt-br#\/schema\/logo\/image\/"},"sameAs":["https:\/\/www.facebook.com\/cafedelhomme","https:\/\/www.instagram.com\/cafedelhomme\/"]}]}},"_links":{"self":[{"href":"https:\/\/www.cafedelhomme.com\/pt-br\/wp-json\/wp\/v2\/pages\/7947","targetHints":{"allow":["GET"]}}],"collection":[{"href":"https:\/\/www.cafedelhomme.com\/pt-br\/wp-json\/wp\/v2\/pages"}],"about":[{"href":"https:\/\/www.cafedelhomme.com\/pt-br\/wp-json\/wp\/v2\/types\/page"}],"author":[{"embeddable":true,"href":"https:\/\/www.cafedelhomme.com\/pt-br\/wp-json\/wp\/v2\/users\/1"}],"replies":[{"embeddable":true,"href":"https:\/\/www.cafedelhomme.com\/pt-br\/wp-json\/wp\/v2\/comments?post=7947"}],"version-history":[{"count":11,"href":"https:\/\/www.cafedelhomme.com\/pt-br\/wp-json\/wp\/v2\/pages\/7947\/revisions"}],"predecessor-version":[{"id":18912,"href":"https:\/\/www.cafedelhomme.com\/pt-br\/wp-json\/wp\/v2\/pages\/7947\/revisions\/18912"}],"wp:attachment":[{"href":"https:\/\/www.cafedelhomme.com\/pt-br\/wp-json\/wp\/v2\/media?parent=7947"}],"curies":[{"name":"wp","href":"https:\/\/api.w.org\/{rel}","templated":true}]}}