{"id":8112,"date":"2023-04-19T16:34:29","date_gmt":"2023-04-19T14:34:29","guid":{"rendered":"https:\/\/www.cafedelhomme.com\/acesso-e-contato"},"modified":"2025-10-29T16:04:04","modified_gmt":"2025-10-29T15:04:04","slug":"acesso-e-contato","status":"publish","type":"page","link":"https:\/\/www.cafedelhomme.com\/pt-br\/acesso-e-contato","title":{"rendered":"Acesso e contato"},"content":{"rendered":"<div class=\"wpb-content-wrapper\"><p>[vc_row full_width=&#8221;stretch_row&#8221; equal_height=&#8221;yes&#8221; content_placement=&#8221;middle&#8221; el_id=&#8221;header-page&#8221;][vc_column width=&#8221;1\/2&#8243; el_class=&#8221;img-bg&#8221;][vc_single_image image=&#8221;1000&#8243; img_size=&#8221;full&#8221; css=&#8221;.vc_custom_1683643845474{margin-bottom: 0px !important;}&#8221;][\/vc_column][vc_column width=&#8221;1\/2&#8243; el_class=&#8221;text_right_herobanner&#8221;][vc_raw_html]W2Fkbl9icmVhZGNydW1iXQ==[\/vc_raw_html][vc_custom_heading text=&#8221;Contato e acesso&#8221; font_container=&#8221;tag:h2|text_align:center&#8221;][vc_column_text el_class=&#8221;text_top_herobanner&#8221;]Se voc\u00ea tiver alguma d\u00favida, reserva ou solicita\u00e7\u00e3o especial, n\u00e3o hesite em entrar em contato conosco. Voc\u00ea tamb\u00e9m pode acessar nossas perguntas frequentes.[\/vc_column_text][\/vc_column][\/vc_row][vc_row enable_gradient=&#8221;yes&#8221; css=&#8221;.vc_custom_1730111311851{padding-top: 150px !important;padding-bottom: 150px !important;background-color: #000000 !important;background-position: center !important;background-repeat: no-repeat !important;background-size: cover !important;}&#8221; el_class=&#8221;visite-virtuelle&#8221; gradient_bg=&#8221;linear-gradient(0deg, rgba(0, 0, 0, 0.5) 0%, rgba(0,0,0,0.4) 100%)&#8221;][vc_column][vc_custom_heading text=&#8221;Descubra o Caf\u00e9 de l&#8217;Homme com uma visita virtual imersiva&#8221; font_container=&#8221;tag:h2|text_align:center&#8221; css=&#8221;&#8221;][vc_column_text css=&#8221;&#8221;]<\/p>\n<div id=\"1730108382.121419\" class=\"c-virtual_list__item\" tabindex=\"0\" role=\"listitem\" aria-setsize=\"-1\" data-qa=\"virtual-list-item\" data-item-key=\"1730108382.121419\">\n<div class=\"c-message_kit__background p-message_pane_message__message c-message_kit__message\" role=\"presentation\" data-qa=\"message_container\" data-qa-unprocessed=\"false\" data-qa-placeholder=\"false\">\n<div class=\"c-message_kit__hover\" role=\"document\" aria-roledescription=\"message\" data-qa-hover=\"true\">\n<div class=\"c-message_kit__actions c-message_kit__actions--default\">\n<div class=\"c-message_kit__gutter\">\n<div class=\"c-message_kit__gutter__right\" role=\"presentation\" data-qa=\"message_content\">\n<div class=\"c-message_kit__blocks c-message_kit__blocks--rich_text\">\n<div class=\"c-message__message_blocks c-message__message_blocks--rich_text\" data-qa=\"message-text\">\n<div class=\"p-block_kit_renderer\" data-qa=\"block-kit-renderer\">\n<div class=\"p-block_kit_renderer__block_wrapper p-block_kit_renderer__block_wrapper--first\">\n<div class=\"p-rich_text_block\" dir=\"auto\">Explore o mundo exclusivo do Caf\u00e9 de l&#8217;Homme com nosso tour virtual imersivo. Explore todos os espa\u00e7os do nosso restaurante escondido, que oferece vistas espetaculares da Torre Eiffel. Mergulhe na atmosfera acolhedora e refinada do Caf\u00e9 de l&#8217;Homme e prepare-se para uma experi\u00eancia \u00fanica, bem no cora\u00e7\u00e3o de Paris.<\/div>\n<\/div>\n<\/div>\n<\/div>\n<\/div>\n<\/div>\n<\/div>\n<\/div>\n<\/div>\n<\/div>\n<\/div>\n<p>[\/vc_column_text]<a href=\"#\" class=\"btn btn-default btn-bordered border-thin btn btn-outline btn-outline-white open-vv ld_button_69f0618f6b40a\">\n\t<span>\n\t\t\n\t\t\t\t\t<span class=\"btn-txt\">iniciar o tour virtual<\/span>\n\t\t\t\n\t\t\t\t<\/span>\n<\/a>\n[\/vc_column][\/vc_row][vc_row el_id=&#8221;intro-header&#8221; responsive_css=&#8221;padding_top_large:160px|padding_bottom_large:160px&#8221; css=&#8221;.vc_custom_1742898248199{padding-top: 40px !important;padding-bottom: 40px !important;}&#8221; el_class=&#8221;infos-cafe-de-lhomme&#8221;][vc_column][vc_custom_heading text=&#8221;Encontre todas as informa\u00e7\u00f5es que voc\u00ea precisa para visitar o Caf\u00e9 de l&#8217;Homme e aproveitar seus servi\u00e7os.&#8221;][vc_column_text]Nosso restaurante recebe voc\u00ea todos os dias para almo\u00e7o, jantar ou um lounge. Com uma localiza\u00e7\u00e3o ideal na capital, sente-se em nossas mesas e desfrute de um panorama de tirar o f\u00f4lego do Champ-de-Mars e da Torre Eiffel.[\/vc_column_text][\/vc_column][\/vc_row][vc_row el_class=&#8221;bloc_adresse&#8221; css=&#8221;.vc_custom_1683647550919{background-position: center !important;background-repeat: no-repeat !important;background-size: cover !important;}&#8221;][vc_column][vc_row_inner][vc_column_inner width=&#8221;1\/2&#8243; align=&#8221;text-center&#8221;][vc_single_image image=&#8221;82&#8243; img_size=&#8221;full&#8221;][vc_column_text css=&#8221;.vc_custom_1695721930375{padding-bottom: 12px !important;}&#8221;]<\/p>\n<div class=\"adresse_complete\">\n<div class=\"wpb_text_column wpb_content_element numero\">\n<div class=\"wpb_wrapper\">\n<p>17<\/p>\n<\/div>\n<\/div>\n<div class=\"wpb_text_column wpb_content_element adresse\">\n<div class=\"wpb_wrapper\">\n<p>Pra\u00e7a do Trocad\u00e9ro<\/p>\n<\/div>\n<\/div>\n<div class=\"wpb_text_column wpb_content_element adresse\">\n<div class=\"wpb_wrapper\">\n<p>75016<\/p>\n<\/div>\n<\/div>\n<div class=\"wpb_text_column wpb_content_element adresse\">\n<div class=\"wpb_wrapper\">\n<p>Paris<\/p>\n<\/div>\n<\/div>\n<\/div>\n<p>[\/vc_column_text][vc_column_text]<\/p>\n<div class=\"adresse_complete\">\n<div class=\"wpb_text_column wpb_content_element adresse\">\n<div class=\"wpb_wrapper\">Reservas : <a href=\"tel:+33144053015\"><strong>01 44 05 30 15<\/strong><\/a><\/div>\n<\/div>\n<\/div>\n<p>[\/vc_column_text][\/vc_column_inner][vc_column_inner width=&#8221;1\/2&#8243; el_class=&#8221;bloc_horaires&#8221;][vc_column_text el_class=&#8221;titre&#8221;]Hor\u00e1rio de funcionamento[\/vc_column_text][vc_column_text el_class=&#8221;horaires&#8221;]<span data-contrast=\"auto\">De segunda a ter\u00e7a-feira: <strong>12h \/ 16h30 - 19h \/ 2h <\/strong><\/span><\/p>\n<p><span data-contrast=\"auto\">Quarta a domingo: <strong>12h \/ 2h<\/strong><\/span>[\/vc_column_text][\/vc_column_inner][\/vc_row_inner][\/vc_column][\/vc_row][vc_row full_width=&#8221;stretch_row&#8221; gap=&#8221;0&#8243; el_class=&#8221;bloc_google&#8221;][vc_column el_class=&#8221;adresse_google&#8221;]<div class=\"ld-gmap-container ld_google_map_69f0618f6b594\" id=\"ld_google_map_69f0618f6b594\" style=\"height: 600px\">\n\n\t<div class=\"ld-gmap\" data-plugin-map=\"true\" data-plugin-options='{\"style\":\"wy\",\"address\":\"17 Pl. du Trocad\\u00e9ro et du 11 Novembre, 75016 Paris, France\",\"marker\":\"https:\\\/\\\/www.cafedelhomme.com\\\/wp-content\\\/uploads\\\/2023\\\/05\\\/map-pin.svg\",\"markers\":null,\"map\":{\"zoom\":14,\"mapTypeId\":\"roadmap\",\"fullscreenControl\":true}}'><\/div>\n\n<\/div>[\/vc_column][\/vc_row][vc_row el_id=&#8221;equipements&#8221; css=&#8221;.vc_custom_1742898265540{padding-top: 80px !important;padding-bottom: 0px !important;background-color: #faf9f6 !important;}&#8221; responsive_css=&#8221;padding_top_large:145px|padding_bottom_large:168px&#8221; el_class=&#8221;services_acces&#8221;][vc_column][vc_custom_heading text=&#8221;Servi\u00e7os e acesso&#8221; css=&#8221;.vc_custom_1683817253200{margin-bottom: 80px !important;}&#8221;][vc_row_inner equal_height=&#8221;yes&#8221; el_class=&#8221;cards&#8221;][vc_column_inner width=&#8221;1\/3&#8243; align=&#8221;text-left&#8221;][vc_single_image image=&#8221;1121&#8243; img_size=&#8221;full&#8221; alignment=&#8221;center&#8221;][vc_custom_heading text=&#8221;Transporte&#8221; font_container=&#8221;tag:h3|text_align:left&#8221;][vc_column_text el_class=&#8221;cards_item&#8221;]Linhas <strong>9 e 6<\/strong> do metr\u00f4 <strong>: Trocad\u00e9ro<\/strong><br \/>\nSa\u00edda 6: Avenue Paul Doumer<\/p>\n<p>Linhas de \u00f4nibus <strong>22, 30, 32, 63: Trocad\u00e9ro<\/strong><\/p>\n<p>Linha <strong>C<\/strong> do RER <strong>: Tour Eiffel-Champ de Mars<\/strong>[\/vc_column_text][\/vc_column_inner][vc_column_inner width=&#8221;1\/3&#8243; align=&#8221;text-left&#8221;][vc_single_image image=&#8221;1120&#8243; img_size=&#8221;full&#8221; alignment=&#8221;center&#8221;][vc_custom_heading text=&#8221;T\u00e1xis&#8221; font_container=&#8221;tag:h3|text_align:left&#8221;][vc_column_text el_class=&#8221;cards_item&#8221;]Voc\u00ea pode solicitar um t\u00e1xi e\/ou um motorista particular em apenas alguns minutos. Um ponto de t\u00e1xi est\u00e1 localizado em frente ao seu restaurante na Place du Trocad\u00e9ro, na Avenue d&#8217;Eylau.[\/vc_column_text][\/vc_column_inner][\/vc_row_inner][\/vc_column][\/vc_row][vc_row el_id=&#8221;accordion&#8221; css=&#8221;.vc_custom_1742898281000{padding-top: 80px !important;padding-bottom: 80px !important;}&#8221; responsive_css=&#8221;padding_top_large:160px|padding_bottom_large:160px&#8221;][vc_column][vc_custom_heading text=&#8221;Nossas respostas para as perguntas mais frequentes que voc\u00ea faz&#8221;]<div class=\"accordion accordion-md accordion-expander-lg vc_accordion_69f0618f6c0ab\" id=\"vc_accordion_69f0618f6c0ab\" role=\"tablist\" aria-multiselectable=\"true\">\n\n\t<div class=\"accordion-item panel  active \">\n\n\t\t<div class=\"accordion-heading\" role=\"tab\" id=\"heading_1683215003243-d136ad25-f193512e-8cd7\">\n\t\t\t<h4 class=\"accordion-title\">\n\t\t\t\t<a class=\"\" data-toggle=\"collapse\" data-parent=\"#vc_accordion_69f0618f6c0ab\" href=\"#1683215003243-d136ad25-f193512e-8cd7\" aria-expanded=\"true\" aria-controls=\"1683215003243-d136ad25-f193512e-8cd7\">\n\t\t\t\t\t\n\t\t\t\t\t\n\t\t\t\t\tOnde posso estacionar?\n\t\t\t\t\t\t\t\t\t\t<span class=\"accordion-expander\">\n\t\t\t\t\t\t<i class=\"fa fa-plus\"><\/i>\n\t\t\t\t\t\t<i class=\"fa fa-minus\"><\/i>\n\t\t\t\t\t<\/span>\n\t\t\t\t\t\n\t\t\t\t<\/a>\n\t\t\t\t\n\t\t\t<\/h4>\n\t\t<\/div>\n\n\t\t<div id=\"1683215003243-d136ad25-f193512e-8cd7\" class=\"accordion-collapse collapse in\" role=\"tabpanel\" aria-labelledby=\"heading_1683215003243-d136ad25-f193512e-8cd7\">\n\t\t\t<div class=\"accordion-content\">\n\t\t\t<p>[vc_column_text css=&#8221;&#8221;]Recomendamos que voc\u00ea estacione seu ve\u00edculo em um dos estacionamentos p\u00fablicos pr\u00f3ximos:<\/p>\n<ul>\n<li>Estacionamento Kl\u00e9ber Trocad\u00e9ro: 65 Avenue Kleber, 75116 PARIS<\/li>\n<li>Zenpark: 29 bis Rue Saint-Didier, 75116 PARIS<\/li>\n<li>Estacionamento: 16 Avenue du Pr\u00e9sident Wilson, 75016 PARIS<\/li>\n<\/ul>\n<p>[\/vc_column_text]<\/p>\n\t\t\t<\/div>\n\t\t<\/div>\n\t<\/div>\n\t<div class=\"accordion-item panel  \">\n\n\t\t<div class=\"accordion-heading\" role=\"tab\" id=\"heading_1683215003256-f0a20d39-04bb512e-8cd7\">\n\t\t\t<h4 class=\"accordion-title\">\n\t\t\t\t<a class=\"collapsed\" data-toggle=\"collapse\" data-parent=\"#vc_accordion_69f0618f6c0ab\" href=\"#1683215003256-f0a20d39-04bb512e-8cd7\" aria-expanded=\"false\" aria-controls=\"1683215003256-f0a20d39-04bb512e-8cd7\">\n\t\t\t\t\t\n\t\t\t\t\t\n\t\t\t\t\tQuais s\u00e3o os hor\u00e1rios de funcionamento do Caf\u00e9 de l'Homme?\n\t\t\t\t\t\t\t\t\t\t<span class=\"accordion-expander\">\n\t\t\t\t\t\t<i class=\"fa fa-plus\"><\/i>\n\t\t\t\t\t\t<i class=\"fa fa-minus\"><\/i>\n\t\t\t\t\t<\/span>\n\t\t\t\t\t\n\t\t\t\t<\/a>\n\t\t\t\t\n\t\t\t<\/h4>\n\t\t<\/div>\n\n\t\t<div id=\"1683215003256-f0a20d39-04bb512e-8cd7\" class=\"accordion-collapse collapse\" role=\"tabpanel\" aria-labelledby=\"heading_1683215003256-f0a20d39-04bb512e-8cd7\">\n\t\t\t<div class=\"accordion-content\">\n\t\t\t<p>[vc_column_text]<span data-contrast=\"auto\">O hor\u00e1rio de funcionamento do Caf\u00e9 de l&#8217;Homme \u00e9 :<\/span><\/p>\n<p><span data-contrast=\"auto\">Segunda-feira: 12h \/ 16h30 - 19h \/ 2h <\/span><\/p>\n<p><span data-contrast=\"auto\">Ter\u00e7a-feira: 12.00 \/ 16.30 - 19.00 \/ 02.00 <\/span><\/p>\n<p><span data-contrast=\"auto\">Quarta-feira: 12h00 \/ 02h00<\/span><\/p>\n<p><span data-contrast=\"auto\">Quinta-feira: 12:00 \/ 02:00<\/span><\/p>\n<p><span data-contrast=\"auto\">Sexta-feira: 12 horas \/ 2 horas da manh\u00e3.<\/span><\/p>\n<p><span data-contrast=\"auto\">S\u00e1bado: 12h00 \/ 02h00 <\/span><\/p>\n<p><span data-contrast=\"auto\">Domingo: 12 horas \/ 2 horas da manh\u00e3. <\/span><\/p>\n<p>&nbsp;<\/p>\n<p><span data-contrast=\"auto\">Esses tempos podem variar dependendo de v\u00e1rios fatores.<\/span> [\/vc_column_text]<\/p>\n\t\t\t<\/div>\n\t\t<\/div>\n\t<\/div>\n\t<div class=\"accordion-item panel  \">\n\n\t\t<div class=\"accordion-heading\" role=\"tab\" id=\"heading_1683272448034-dcdeba4a-064f512e-8cd7\">\n\t\t\t<h4 class=\"accordion-title\">\n\t\t\t\t<a class=\"collapsed\" data-toggle=\"collapse\" data-parent=\"#vc_accordion_69f0618f6c0ab\" href=\"#1683272448034-dcdeba4a-064f512e-8cd7\" aria-expanded=\"false\" aria-controls=\"1683272448034-dcdeba4a-064f512e-8cd7\">\n\t\t\t\t\t\n\t\t\t\t\t\n\t\t\t\t\tQuais s\u00e3o os \u00faltimos hor\u00e1rios de reserva poss\u00edveis?\n\t\t\t\t\t\t\t\t\t\t<span class=\"accordion-expander\">\n\t\t\t\t\t\t<i class=\"fa fa-plus\"><\/i>\n\t\t\t\t\t\t<i class=\"fa fa-minus\"><\/i>\n\t\t\t\t\t<\/span>\n\t\t\t\t\t\n\t\t\t\t<\/a>\n\t\t\t\t\n\t\t\t<\/h4>\n\t\t<\/div>\n\n\t\t<div id=\"1683272448034-dcdeba4a-064f512e-8cd7\" class=\"accordion-collapse collapse\" role=\"tabpanel\" aria-labelledby=\"heading_1683272448034-dcdeba4a-064f512e-8cd7\">\n\t\t\t<div class=\"accordion-content\">\n\t\t\t<p>[vc_column_text css=&#8221;&#8221;]<\/p>\n<p data-pm-slice=\"1 1 &#091;&#093;\">As reservas finais s\u00e3o aceitas nos seguintes hor\u00e1rios:<\/p>\n<p>Almo\u00e7o: at\u00e9 as 14h15<\/p>\n<p>Para o jantar antes do jantar: at\u00e9 as 16h45<\/p>\n<p>Para o jantar: at\u00e9 as 22h15<\/p>\n<p>Para o After Dinner: at\u00e9 00:15<\/p>\n<p>&nbsp;<\/p>\n<p>Esses hor\u00e1rios est\u00e3o sujeitos a altera\u00e7\u00f5es por v\u00e1rios motivos.[\/vc_column_text]<\/p>\n\t\t\t<\/div>\n\t\t<\/div>\n\t<\/div>\n\t<div class=\"accordion-item panel  \">\n\n\t\t<div class=\"accordion-heading\" role=\"tab\" id=\"heading_1683272477150-05ac92e7-11d8512e-8cd7\">\n\t\t\t<h4 class=\"accordion-title\">\n\t\t\t\t<a class=\"collapsed\" data-toggle=\"collapse\" data-parent=\"#vc_accordion_69f0618f6c0ab\" href=\"#1683272477150-05ac92e7-11d8512e-8cd7\" aria-expanded=\"false\" aria-controls=\"1683272477150-05ac92e7-11d8512e-8cd7\">\n\t\t\t\t\t\n\t\t\t\t\t\n\t\t\t\t\tH\u00e1 um card\u00e1pio para crian\u00e7as?\n\t\t\t\t\t\t\t\t\t\t<span class=\"accordion-expander\">\n\t\t\t\t\t\t<i class=\"fa fa-plus\"><\/i>\n\t\t\t\t\t\t<i class=\"fa fa-minus\"><\/i>\n\t\t\t\t\t<\/span>\n\t\t\t\t\t\n\t\t\t\t<\/a>\n\t\t\t\t\n\t\t\t<\/h4>\n\t\t<\/div>\n\n\t\t<div id=\"1683272477150-05ac92e7-11d8512e-8cd7\" class=\"accordion-collapse collapse\" role=\"tabpanel\" aria-labelledby=\"heading_1683272477150-05ac92e7-11d8512e-8cd7\">\n\t\t\t<div class=\"accordion-content\">\n\t\t\t<p>[vc_column_text]<span class=\"TextRun SCXW92998220 BCX4\" lang=\"FR-FR\" xml:lang=\"FR-FR\" data-contrast=\"none\"><span class=\"NormalTextRun SCXW92998220 BCX4\">Embora n\u00e3o tenhamos um card\u00e1pio espec\u00edfico para crian\u00e7as, nosso chef est\u00e1 sempre disposto a adaptar os pratos \u00e0s prefer\u00eancias dos pequenos comensais, garantindo uma experi\u00eancia gastron\u00f4mica adequada e agrad\u00e1vel. N\u00e3o hesite em pedir recomenda\u00e7\u00f5es \u00e0 nossa equipe; estamos aqui para ajudar voc\u00ea a encontrar pratos que ir\u00e3o deliciar as papilas gustativas dos seus pequenos gourmets. <\/span><\/span> [\/vc_column_text]<\/p>\n\t\t\t<\/div>\n\t\t<\/div>\n\t<\/div>\n<\/div><a href=\"https:\/\/www.cafedelhomme.com\/questions-frequentes\" title=\"Questions fr\u00e9quentes\" class=\"btn btn-naked btn_underline ld_button_69f0618f6c226\">\n\t<span>\n\t\t\n\t\t\t\t\t<span class=\"btn-txt\">acessar a FAQ.<\/span>\n\t\t\t\n\t\t\t\t<\/span>\n<\/a>\n[\/vc_column][\/vc_row][vc_row full_width=&#8221;stretch_row&#8221; equal_height=&#8221;yes&#8221; bg_position=&#8221;center center&#8221; css=&#8221;.vc_custom_1742898297223{padding-top: 80px !important;padding-bottom: 80px !important;background-image: url(https:\/\/www.cafedelhomme.com\/wp-content\/uploads\/2023\/04\/BG-1-1.jpg?id=354) !important;background-position: center !important;background-repeat: no-repeat !important;background-size: cover !important;}&#8221; el_id=&#8221;img-screen&#8221; responsive_css=&#8221;padding_top_large:250px|padding_bottom_large:250px&#8221;][vc_column align=&#8221;text-center&#8221;][vc_custom_heading text=&#8221;Damos vida ao seu projeto&#8221; font_container=&#8221;tag:h2|text_align:center&#8221; el_class=&#8221;title mb-16&#8243;][vc_column_text el_class=&#8221;sub-title mb-40&#8243;]O Caf\u00e9 de l&#8217;Homme e sua arte de entreter ajudar\u00e3o voc\u00ea a tornar seu evento<br \/>\n\u00fanico e prestigiado.[\/vc_column_text]<a href=\"#\" class=\"btn btn-default btn-bordered border-thin btn btn-outline btn-outline-white open-contact ld_button_69f0618f6cb84\">\n\t<span>\n\t\t\n\t\t\t\t\t<span class=\"btn-txt\">Solicita\u00e7\u00e3o de or\u00e7amento personalizado<\/span>\n\t\t\t\n\t\t\t\t<\/span>\n<\/a>\n[\/vc_column][\/vc_row]<\/p>\n<\/div>","protected":false},"excerpt":{"rendered":"<p>[vc_row full_width=&#8221;stretch_row&#8221; equal_height=&#8221;yes&#8221; content_placement=&#8221;middle&#8221; el_id=&#8221;header-page&#8221;][vc_column width=&#8221;1\/2&#8243; el_class=&#8221;img-bg&#8221;][vc_single_image image=&#8221;1000&#8243; img_size=&#8221;full&#8221; css=&#8221;.vc_custom_1683643845474{margin-bottom: 0px !important;}&#8221;][\/vc_column][vc_column width=&#8221;1\/2&#8243; el_class=&#8221;text_right_herobanner&#8221;][vc_raw_html]W2Fkbl9icmVhZGNydW1iXQ==[\/vc_raw_html][vc_custom_heading text=&#8221;Contato e acesso&#8221; font_container=&#8221;tag:h2|text_align:center&#8221;][vc_column_text el_class=&#8221;text_top_herobanner&#8221;]Se voc\u00ea tiver alguma d\u00favida, reserva ou solicita\u00e7\u00e3o especial, n\u00e3o hesite em entrar em contato conosco. Voc\u00ea tamb\u00e9m pode acessar nossas perguntas frequentes.[\/vc_column_text][\/vc_column][\/vc_row][vc_row enable_gradient=&#8221;yes&#8221; css=&#8221;.vc_custom_1730111311851{padding-top: 150px !important;padding-bottom:&#8230;<\/p>\n","protected":false},"author":1,"featured_media":0,"parent":0,"menu_order":0,"comment_status":"closed","ping_status":"closed","template":"","meta":{"_acf_changed":false,"footnotes":""},"class_list":["post-8112","page","type-page","status-publish","hentry"],"acf":[],"yoast_head":"<!-- This site is optimized with the Yoast SEO Premium plugin v20.10 (Yoast SEO v27.0) - https:\/\/yoast.com\/product\/yoast-seo-premium-wordpress\/ -->\n<title>Todas as informa\u00e7\u00f5es pr\u00e1ticas sobre o Caf\u00e9 de l&#039;Homme<\/title>\n<meta name=\"description\" content=\"Todas as informa\u00e7\u00f5es que voc\u00ea precisa para descobrir o restaurante mais emblem\u00e1tico do Trocad\u00e9ro.\" \/>\n<meta name=\"robots\" content=\"index, follow, max-snippet:-1, max-image-preview:large, max-video-preview:-1\" \/>\n<link rel=\"canonical\" href=\"https:\/\/www.cafedelhomme.com\/pt-br\/acesso-e-contato\" \/>\n<meta property=\"og:locale\" content=\"pt_BR\" \/>\n<meta property=\"og:type\" content=\"article\" \/>\n<meta property=\"og:title\" content=\"Todas as informa\u00e7\u00f5es pr\u00e1ticas sobre o Caf\u00e9 de l&#039;Homme\" \/>\n<meta property=\"og:description\" content=\"Todas as informa\u00e7\u00f5es que voc\u00ea precisa para descobrir o restaurante mais emblem\u00e1tico do Trocad\u00e9ro.\" \/>\n<meta property=\"og:url\" content=\"https:\/\/www.cafedelhomme.com\/pt-br\/acesso-e-contato\" \/>\n<meta property=\"og:site_name\" content=\"Caf\u00e9 de l&#039;Homme\" \/>\n<meta property=\"article:publisher\" content=\"https:\/\/www.facebook.com\/cafedelhomme\" \/>\n<meta property=\"article:modified_time\" content=\"2025-10-29T15:04:04+00:00\" \/>\n<meta name=\"twitter:card\" content=\"summary_large_image\" \/>\n<meta name=\"twitter:label1\" content=\"Est. tempo de leitura\" \/>\n\t<meta name=\"twitter:data1\" content=\"6 minutos\" \/>\n<script type=\"application\/ld+json\" class=\"yoast-schema-graph\">{\"@context\":\"https:\/\/schema.org\",\"@graph\":[{\"@type\":\"WebPage\",\"@id\":\"https:\/\/www.cafedelhomme.com\/pt-br\/acesso-e-contato\",\"url\":\"https:\/\/www.cafedelhomme.com\/pt-br\/acesso-e-contato\",\"name\":\"Todas as informa\u00e7\u00f5es pr\u00e1ticas sobre o Caf\u00e9 de l'Homme\",\"isPartOf\":{\"@id\":\"https:\/\/www.cafedelhomme.com\/pt-br#website\"},\"datePublished\":\"2023-04-19T14:34:29+00:00\",\"dateModified\":\"2025-10-29T15:04:04+00:00\",\"description\":\"Todas as informa\u00e7\u00f5es que voc\u00ea precisa para descobrir o restaurante mais emblem\u00e1tico do Trocad\u00e9ro.\",\"inLanguage\":\"pt-BR\",\"potentialAction\":[{\"@type\":\"ReadAction\",\"target\":[\"https:\/\/www.cafedelhomme.com\/pt-br\/acesso-e-contato\"]}]},{\"@type\":\"WebSite\",\"@id\":\"https:\/\/www.cafedelhomme.com\/pt-br#website\",\"url\":\"https:\/\/www.cafedelhomme.com\/pt-br\",\"name\":\"Caf\u00e9 de l'Homme\",\"description\":\"\",\"publisher\":{\"@id\":\"https:\/\/www.cafedelhomme.com\/pt-br#organization\"},\"potentialAction\":[{\"@type\":\"SearchAction\",\"target\":{\"@type\":\"EntryPoint\",\"urlTemplate\":\"https:\/\/www.cafedelhomme.com\/pt-br?s={search_term_string}\"},\"query-input\":{\"@type\":\"PropertyValueSpecification\",\"valueRequired\":true,\"valueName\":\"search_term_string\"}}],\"inLanguage\":\"pt-BR\"},{\"@type\":\"Organization\",\"@id\":\"https:\/\/www.cafedelhomme.com\/pt-br#organization\",\"name\":\"Caf\u00e9 de l'Homme\",\"url\":\"https:\/\/www.cafedelhomme.com\/pt-br\",\"logo\":{\"@type\":\"ImageObject\",\"inLanguage\":\"pt-BR\",\"@id\":\"https:\/\/www.cafedelhomme.com\/pt-br#\/schema\/logo\/image\/\",\"url\":\"https:\/\/www.cafedelhomme.com\/wp-content\/uploads\/2023\/04\/big-logo-300x163-1.png\",\"contentUrl\":\"https:\/\/www.cafedelhomme.com\/wp-content\/uploads\/2023\/04\/big-logo-300x163-1.png\",\"width\":300,\"height\":163,\"caption\":\"Caf\u00e9 de l'Homme\"},\"image\":{\"@id\":\"https:\/\/www.cafedelhomme.com\/pt-br#\/schema\/logo\/image\/\"},\"sameAs\":[\"https:\/\/www.facebook.com\/cafedelhomme\",\"https:\/\/www.instagram.com\/cafedelhomme\/\"]}]}<\/script>\n<!-- \/ Yoast SEO Premium plugin. -->","yoast_head_json":{"title":"Todas as informa\u00e7\u00f5es pr\u00e1ticas sobre o Caf\u00e9 de l'Homme","description":"Todas as informa\u00e7\u00f5es que voc\u00ea precisa para descobrir o restaurante mais emblem\u00e1tico do Trocad\u00e9ro.","robots":{"index":"index","follow":"follow","max-snippet":"max-snippet:-1","max-image-preview":"max-image-preview:large","max-video-preview":"max-video-preview:-1"},"canonical":"https:\/\/www.cafedelhomme.com\/pt-br\/acesso-e-contato","og_locale":"pt_BR","og_type":"article","og_title":"Todas as informa\u00e7\u00f5es pr\u00e1ticas sobre o Caf\u00e9 de l'Homme","og_description":"Todas as informa\u00e7\u00f5es que voc\u00ea precisa para descobrir o restaurante mais emblem\u00e1tico do Trocad\u00e9ro.","og_url":"https:\/\/www.cafedelhomme.com\/pt-br\/acesso-e-contato","og_site_name":"Caf\u00e9 de l'Homme","article_publisher":"https:\/\/www.facebook.com\/cafedelhomme","article_modified_time":"2025-10-29T15:04:04+00:00","twitter_card":"summary_large_image","twitter_misc":{"Est. tempo de leitura":"6 minutos"},"schema":{"@context":"https:\/\/schema.org","@graph":[{"@type":"WebPage","@id":"https:\/\/www.cafedelhomme.com\/pt-br\/acesso-e-contato","url":"https:\/\/www.cafedelhomme.com\/pt-br\/acesso-e-contato","name":"Todas as informa\u00e7\u00f5es pr\u00e1ticas sobre o Caf\u00e9 de l'Homme","isPartOf":{"@id":"https:\/\/www.cafedelhomme.com\/pt-br#website"},"datePublished":"2023-04-19T14:34:29+00:00","dateModified":"2025-10-29T15:04:04+00:00","description":"Todas as informa\u00e7\u00f5es que voc\u00ea precisa para descobrir o restaurante mais emblem\u00e1tico do Trocad\u00e9ro.","inLanguage":"pt-BR","potentialAction":[{"@type":"ReadAction","target":["https:\/\/www.cafedelhomme.com\/pt-br\/acesso-e-contato"]}]},{"@type":"WebSite","@id":"https:\/\/www.cafedelhomme.com\/pt-br#website","url":"https:\/\/www.cafedelhomme.com\/pt-br","name":"Caf\u00e9 de l'Homme","description":"","publisher":{"@id":"https:\/\/www.cafedelhomme.com\/pt-br#organization"},"potentialAction":[{"@type":"SearchAction","target":{"@type":"EntryPoint","urlTemplate":"https:\/\/www.cafedelhomme.com\/pt-br?s={search_term_string}"},"query-input":{"@type":"PropertyValueSpecification","valueRequired":true,"valueName":"search_term_string"}}],"inLanguage":"pt-BR"},{"@type":"Organization","@id":"https:\/\/www.cafedelhomme.com\/pt-br#organization","name":"Caf\u00e9 de l'Homme","url":"https:\/\/www.cafedelhomme.com\/pt-br","logo":{"@type":"ImageObject","inLanguage":"pt-BR","@id":"https:\/\/www.cafedelhomme.com\/pt-br#\/schema\/logo\/image\/","url":"https:\/\/www.cafedelhomme.com\/wp-content\/uploads\/2023\/04\/big-logo-300x163-1.png","contentUrl":"https:\/\/www.cafedelhomme.com\/wp-content\/uploads\/2023\/04\/big-logo-300x163-1.png","width":300,"height":163,"caption":"Caf\u00e9 de l'Homme"},"image":{"@id":"https:\/\/www.cafedelhomme.com\/pt-br#\/schema\/logo\/image\/"},"sameAs":["https:\/\/www.facebook.com\/cafedelhomme","https:\/\/www.instagram.com\/cafedelhomme\/"]}]}},"_links":{"self":[{"href":"https:\/\/www.cafedelhomme.com\/pt-br\/wp-json\/wp\/v2\/pages\/8112","targetHints":{"allow":["GET"]}}],"collection":[{"href":"https:\/\/www.cafedelhomme.com\/pt-br\/wp-json\/wp\/v2\/pages"}],"about":[{"href":"https:\/\/www.cafedelhomme.com\/pt-br\/wp-json\/wp\/v2\/types\/page"}],"author":[{"embeddable":true,"href":"https:\/\/www.cafedelhomme.com\/pt-br\/wp-json\/wp\/v2\/users\/1"}],"replies":[{"embeddable":true,"href":"https:\/\/www.cafedelhomme.com\/pt-br\/wp-json\/wp\/v2\/comments?post=8112"}],"version-history":[{"count":6,"href":"https:\/\/www.cafedelhomme.com\/pt-br\/wp-json\/wp\/v2\/pages\/8112\/revisions"}],"predecessor-version":[{"id":13420,"href":"https:\/\/www.cafedelhomme.com\/pt-br\/wp-json\/wp\/v2\/pages\/8112\/revisions\/13420"}],"wp:attachment":[{"href":"https:\/\/www.cafedelhomme.com\/pt-br\/wp-json\/wp\/v2\/media?parent=8112"}],"curies":[{"name":"wp","href":"https:\/\/api.w.org\/{rel}","templated":true}]}}