{"id":8181,"date":"2023-06-13T15:52:36","date_gmt":"2023-06-13T13:52:36","guid":{"rendered":"https:\/\/www.cafedelhomme.com\/privatizar\/conheca-o-cafe-de-lhomme"},"modified":"2025-03-18T09:47:50","modified_gmt":"2025-03-18T08:47:50","slug":"conheca-o-cafe-de-lhomme","status":"publish","type":"page","link":"https:\/\/www.cafedelhomme.com\/pt-br\/privatizar\/conheca-o-cafe-de-lhomme","title":{"rendered":"Conhe\u00e7a o Caf\u00e9 de l&#8217;Homme"},"content":{"rendered":"<div class=\"wpb-content-wrapper\"><p>[vc_row sticky_row=&#8221;yes&#8221; css=&#8221;.vc_custom_1686667858183{background-image: url(https:\/\/www.cafedelhomme.com\/wp-content\/uploads\/2023\/05\/actu5.jpeg?id=1470) !important;background-position: center !important;background-repeat: no-repeat !important;background-size: cover !important;}&#8221; el_id=&#8221;cabe\u00e7alho-p\u00e1gina-simples&#8221;][vc_column responsive_css=&#8221;padding_top_large:220px|padding_bottom_large:220px&#8221; css=&#8221;.vc_custom_1683277774171{padding-top: 120px !important;padding-bottom: 230px !important;}&#8221;][vc_custom_heading text=&#8221;Conhe\u00e7a o Caf\u00e9 de l&apos;Homme&#8221; font_container=&#8221;tag:h1|text_align:center&#8221; css=&#8221;.vc_custom_1686919452344{margin-bottom: 0px !important;}&#8221;][vc_column_text]<\/p>\n<p style=\"text-align: center;\">Ofere\u00e7a a seus convidados o melhor em um coquetel, almo\u00e7o ou jantar em grupo<\/p>\n<p>[\/vc_column_text][\/vc_column][\/vc_row][vc_row el_id=&#8221;img-e-texto&#8221; responsive_css=&#8221;padding_top_large:160px|padding_bottom_large:80px&#8221; css=&#8221;.vc_custom_1686141382134{padding-bottom: 40px !important;background-color: #ffffff !important;}&#8221;][vc_column][vc_custom_heading text=&#8221;Uma experi\u00eancia \u00fanica&#8221; font_container=&#8221;tag:h2|text_align:center&#8221; css=&#8221;.vc_custom_1686919459791{margin-bottom: 150px !important;}&#8221; el_class=&#8221;title-experience&#8221;][vc_row_inner equal_height=&#8221;yes&#8221; content_placement=&#8221;middle&#8221; responsive_css=&#8221;margin_bottom_large:80px&#8221; css=&#8221;.vc_custom_1686138812636{margin-bottom: 40px !important;}&#8221;][vc_column_inner width=&#8221;1\/2&#8243; el_class=&#8221;picture_top&#8221;][vc_single_image image=&#8221;2772&#8243; img_size=&#8221;full&#8221; css=&#8221;.vc_custom_1686667422642{margin-bottom: 0px !important;}&#8221;][\/vc_column_inner][vc_column_inner width=&#8221;1\/2&#8243; el_class=&#8221;text_right&#8221;][vc_custom_heading text=&#8221;Uma experi\u00eancia \u00fanica&#8221;][vc_column_text]O Caf\u00e9 de l&#8217;Homme oferece uma experi\u00eancia \u00fanica que celebra a arte do entretenimento e a arte francesa de viver.[\/vc_column_text][\/vc_column_inner][\/vc_row_inner][vc_row_inner equal_height=&#8221;yes&#8221; content_placement=&#8221;middle&#8221;][vc_column_inner width=&#8221;1\/2&#8243; el_class=&#8221;text_left&#8221;][vc_custom_heading text=&#8221;Privatize um local ic\u00f4nico e excepcional para o seu casamento&#8221;][vc_column_text]Impressione seus <b>clientes <\/b>e <b>colegas <\/b>em um <strong>almo\u00e7o<\/strong>, <strong>jantar<\/strong> ou <strong>coquetel <\/strong>, convidando-os para um local confidencial.<\/p>\n<p>Ofere\u00e7a aos seus convidados uma experi\u00eancia <strong>memor\u00e1vel<\/strong> no cora\u00e7\u00e3o do <strong>Trocadero<\/strong>, de frente para a Torre <strong>Eiffel<\/strong>.[\/vc_column_text][\/vc_column_inner][vc_column_inner width=&#8221;1\/2&#8243; el_class=&#8221;picture_bottom&#8221;][vc_single_image image=&#8221;2774&#8243; img_size=&#8221;full&#8221;][\/vc_column_inner][\/vc_row_inner][vc_row_inner equal_height=&#8221;yes&#8221; content_placement=&#8221;middle&#8221; responsive_css=&#8221;margin_bottom_large:80px&#8221; css=&#8221;.vc_custom_1686668484217{margin-top: 100px !important;margin-bottom: 40px !important;}&#8221;][vc_column_inner width=&#8221;1\/2&#8243; el_class=&#8221;picture_top&#8221;][vc_single_image image=&#8221;2783&#8243; img_size=&#8221;full&#8221; css=&#8221;.vc_custom_1686668598924{margin-bottom: 0px !important;}&#8221;][\/vc_column_inner][vc_column_inner width=&#8221;1\/2&#8243; el_class=&#8221;text_right&#8221;][vc_custom_heading text=&#8221;Nosso Chef Executivo e Chef de Pastelaria&#8221;][vc_column_text]Eles oferecem uma experi\u00eancia gastron\u00f4mica \u00fanica, acompanhada por uma sele\u00e7\u00e3o de renomados vinhos locais.[\/vc_column_text][\/vc_column_inner][\/vc_row_inner][\/vc_column][\/vc_row][vc_row el_id=&#8221;experi\u00eancia-cdh&#8221; responsive_css=&#8221;padding_top_large:250px|padding_bottom_large:250px&#8221; css=&#8221;.vc_custom_1686918770688{background-image: url(https:\/\/www.cafedelhomme.com\/wp-content\/uploads\/2023\/06\/fond-carre.jpg?id=2620) !important;}&#8221; el_class=&#8221;bg-brown&#8221;][vc_column el_class=&#8221;black&#8221;][vc_row_inner][vc_column_inner width=&#8221;1\/2&#8243; align=&#8221;text-center&#8221; el_class=&#8221;group_btn&#8221;]<a href=\"https:\/\/www.cafedelhomme.com\/privatiser\/nouvelle-offre-gastronomique\" title=\"Vivez l\u2019exp\u00e9rience Caf\u00e9 de l\u2019Homme\" class=\"btn btn-default btn-bordered border-thin btn btn-outline btn-outline-white ld_button_69f32555d29cd\">\n\t<span>\n\t\t\n\t\t\t\t\t<span class=\"btn-txt\">apresenta\u00e7\u00e3o comercial.<\/span>\n\t\t\t\n\t\t\t\t<\/span>\n<\/a>\n[\/vc_column_inner][vc_column_inner width=&#8221;1\/2&#8243;]<a href=\"https:\/\/www.cafedelhomme.com\/privatiser\/wp-content\/uploads\/2022\/06\/Cafe-de-lHomme-Diner-du-14-juillet-2022.pdf\" title=\"menu pdf\" target=\"_blank\" class=\"btn btn-default btn-bordered border-thin btn btn-outline btn-outline-white text-center ld_button_69f32555d2b92 vc_custom_1686918985974\">\n\t<span>\n\t\t\n\t\t\t\t\t<span class=\"btn-txt\">Veja o mapa.<\/span>\n\t\t\t\n\t\t\t\t<\/span>\n<\/a>\n[\/vc_column_inner][\/vc_row_inner][\/vc_column][\/vc_row][vc_row full_width=&#8221;stretch_row&#8221; equal_height=&#8221;yes&#8221; bg_position=&#8221;center center&#8221; css=&#8221;.vc_custom_1683016397706{padding-top: 80px !important;padding-bottom: 80px !important;background-image: url(https:\/\/www.cafedelhomme.com\/wp-content\/uploads\/2023\/04\/BG-1-1.jpg?id=354) !important;background-position: center !important;background-repeat: no-repeat !important;background-size: cover !important;}&#8221; el_id=&#8221;tela de imagem&#8221; responsive_css=&#8221;padding_top_large:250px|padding_bottom_large:250px&#8221;][vc_column align=&#8221;text-center&#8221;][vc_custom_heading text=&#8221;Entre em contato com nossa equipe de especialistas em<br \/>\n&#8221; font_container=&#8221;tag:h2|text_align:center&#8221; el_class=&#8221;title mb-16&#8243;][vc_column_text el_class=&#8221;sub-title mb-40&#8243;]<em>Ofertas sujeitas \u00e0 disponibilidade, os custos de privatiza\u00e7\u00e3o variam<\/em><br \/>\n<em>dependendo da frequ\u00eancia e das horas de opera\u00e7\u00e3o do<\/em><br \/>\n<em>nosso estabelecimento. Excluindo acess\u00f3rios e servi\u00e7os t\u00e9cnicos. <\/em>[\/vc_column_text]<a href=\"#\" class=\"btn btn-default btn-bordered border-thin btn btn-outline btn-outline-white open-contact ld_button_69f32555d2cd8\">\n\t<span>\n\t\t\n\t\t\t\t\t<span class=\"btn-txt\">demande de devis personnalis\u00e9.<\/span>\n\t\t\t\n\t\t\t\t<\/span>\n<\/a>\n[\/vc_column][\/vc_row][vc_row el_id=&#8221;mosaico&#8221; css=&#8221;.vc_custom_1682606545303{padding-right: 30px !important;padding-left: 30px !important;}&#8221;][vc_column responsive_css=&#8221;padding_top_large:160px|padding_bottom_large:160px&#8221; css=&#8221;.vc_custom_1682607516225{padding-top: 80px !important;}&#8221;][vc_gallery type=&#8221;image_grid&#8221; images=&#8221;2820,2805,2806,2700,2807,2808,2809,2810,2117,2811,2812,2813,2814,2815,2816,2817,2818,2713,2783&#8243; img_size=&#8221;full&#8221; onclick=&#8221;&#8221; el_class=&#8221;galery-3-img&#8221; css=&#8221;.vc_custom_1686671325830{margin-bottom: 0px !important;}&#8221;][\/vc_column][\/vc_row]<\/p>\n<\/div>","protected":false},"excerpt":{"rendered":"<p>[vc_row sticky_row=&#8221;yes&#8221; css=&#8221;.vc_custom_1686667858183{background-image: url(https:\/\/www.cafedelhomme.com\/wp-content\/uploads\/2023\/05\/actu5.jpeg?id=1470) !important;background-position: center !important;background-repeat: no-repeat !important;background-size: cover !important;}&#8221; el_id=&#8221;cabe\u00e7alho-p\u00e1gina-simples&#8221;][vc_column responsive_css=&#8221;padding_top_large:220px|padding_bottom_large:220px&#8221; css=&#8221;.vc_custom_1683277774171{padding-top: 120px !important;padding-bottom: 230px !important;}&#8221;][vc_custom_heading text=&#8221;Conhe\u00e7a o Caf\u00e9 de l&apos;Homme&#8221; font_container=&#8221;tag:h1|text_align:center&#8221; css=&#8221;.vc_custom_1686919452344{margin-bottom: 0px !important;}&#8221;][vc_column_text] Ofere\u00e7a a seus convidados o melhor em um coquetel, almo\u00e7o ou jantar em grupo [\/vc_column_text][\/vc_column][\/vc_row][vc_row el_id=&#8221;img-e-texto&#8221; responsive_css=&#8221;padding_top_large:160px|padding_bottom_large:80px&#8221; css=&#8221;.vc_custom_1686141382134{padding-bottom:&#8230;<\/p>\n","protected":false},"author":1,"featured_media":0,"parent":8082,"menu_order":0,"comment_status":"closed","ping_status":"closed","template":"","meta":{"_acf_changed":false,"footnotes":""},"class_list":["post-8181","page","type-page","status-publish","hentry"],"acf":[],"yoast_head":"<!-- This site is optimized with the Yoast SEO Premium plugin v20.10 (Yoast SEO v27.0) - https:\/\/yoast.com\/product\/yoast-seo-premium-wordpress\/ -->\n<title>Conhe\u00e7a o Caf\u00e9 de l&#039;Homme - Caf\u00e9 de l&#039;Homme<\/title>\n<meta name=\"robots\" content=\"index, follow, max-snippet:-1, max-image-preview:large, max-video-preview:-1\" \/>\n<link rel=\"canonical\" href=\"https:\/\/www.cafedelhomme.com\/pt-br\/privatizar\/conheca-o-cafe-de-lhomme\" \/>\n<meta property=\"og:locale\" content=\"pt_BR\" \/>\n<meta property=\"og:type\" content=\"article\" \/>\n<meta property=\"og:title\" content=\"Conhe\u00e7a o Caf\u00e9 de l&#039;Homme - Caf\u00e9 de l&#039;Homme\" \/>\n<meta property=\"og:description\" content=\"[vc_row sticky_row=&#8221;yes&#8221; css=&#8221;.vc_custom_1686667858183{background-image: url(https:\/\/www.cafedelhomme.com\/wp-content\/uploads\/2023\/05\/actu5.jpeg?id=1470) !important;background-position: center !important;background-repeat: no-repeat !important;background-size: cover !important;}&#8221; el_id=&#8221;cabe\u00e7alho-p\u00e1gina-simples&#8221;][vc_column responsive_css=&#8221;padding_top_large:220px|padding_bottom_large:220px&#8221; css=&#8221;.vc_custom_1683277774171{padding-top: 120px !important;padding-bottom: 230px !important;}&#8221;][vc_custom_heading text=&#8221;Conhe\u00e7a o Caf\u00e9 de l&amp;apos;Homme&#8221; font_container=&#8221;tag:h1|text_align:center&#8221; css=&#8221;.vc_custom_1686919452344{margin-bottom: 0px !important;}&#8221;][vc_column_text] Ofere\u00e7a a seus convidados o melhor em um coquetel, almo\u00e7o ou jantar em grupo [\/vc_column_text][\/vc_column][\/vc_row][vc_row el_id=&#8221;img-e-texto&#8221; responsive_css=&#8221;padding_top_large:160px|padding_bottom_large:80px&#8221; css=&#8221;.vc_custom_1686141382134{padding-bottom:...\" \/>\n<meta property=\"og:url\" content=\"https:\/\/www.cafedelhomme.com\/pt-br\/privatizar\/conheca-o-cafe-de-lhomme\" \/>\n<meta property=\"og:site_name\" content=\"Caf\u00e9 de l&#039;Homme\" \/>\n<meta property=\"article:publisher\" content=\"https:\/\/www.facebook.com\/cafedelhomme\" \/>\n<meta property=\"article:modified_time\" content=\"2025-03-18T08:47:50+00:00\" \/>\n<meta name=\"twitter:card\" content=\"summary_large_image\" \/>\n<meta name=\"twitter:label1\" content=\"Est. tempo de leitura\" \/>\n\t<meta name=\"twitter:data1\" content=\"4 minutos\" \/>\n<script type=\"application\/ld+json\" class=\"yoast-schema-graph\">{\"@context\":\"https:\/\/schema.org\",\"@graph\":[{\"@type\":\"WebPage\",\"@id\":\"https:\/\/www.cafedelhomme.com\/pt-br\/privatizar\/conheca-o-cafe-de-lhomme\",\"url\":\"https:\/\/www.cafedelhomme.com\/pt-br\/privatizar\/conheca-o-cafe-de-lhomme\",\"name\":\"Conhe\u00e7a o Caf\u00e9 de l'Homme - Caf\u00e9 de l'Homme\",\"isPartOf\":{\"@id\":\"https:\/\/www.cafedelhomme.com\/pt-br#website\"},\"datePublished\":\"2023-06-13T13:52:36+00:00\",\"dateModified\":\"2025-03-18T08:47:50+00:00\",\"breadcrumb\":{\"@id\":\"https:\/\/www.cafedelhomme.com\/pt-br\/privatizar\/conheca-o-cafe-de-lhomme#breadcrumb\"},\"inLanguage\":\"pt-BR\",\"potentialAction\":[{\"@type\":\"ReadAction\",\"target\":[\"https:\/\/www.cafedelhomme.com\/pt-br\/privatizar\/conheca-o-cafe-de-lhomme\"]}]},{\"@type\":\"BreadcrumbList\",\"@id\":\"https:\/\/www.cafedelhomme.com\/pt-br\/privatizar\/conheca-o-cafe-de-lhomme#breadcrumb\",\"itemListElement\":[{\"@type\":\"ListItem\",\"position\":1,\"name\":\"Privatizar\",\"item\":\"https:\/\/www.cafedelhomme.com\/pt-br\/privatizar\"},{\"@type\":\"ListItem\",\"position\":2,\"name\":\"Conhe\u00e7a o Caf\u00e9 de l&rsquo;Homme\"}]},{\"@type\":\"WebSite\",\"@id\":\"https:\/\/www.cafedelhomme.com\/pt-br#website\",\"url\":\"https:\/\/www.cafedelhomme.com\/pt-br\",\"name\":\"Caf\u00e9 de l'Homme\",\"description\":\"\",\"publisher\":{\"@id\":\"https:\/\/www.cafedelhomme.com\/pt-br#organization\"},\"potentialAction\":[{\"@type\":\"SearchAction\",\"target\":{\"@type\":\"EntryPoint\",\"urlTemplate\":\"https:\/\/www.cafedelhomme.com\/pt-br?s={search_term_string}\"},\"query-input\":{\"@type\":\"PropertyValueSpecification\",\"valueRequired\":true,\"valueName\":\"search_term_string\"}}],\"inLanguage\":\"pt-BR\"},{\"@type\":\"Organization\",\"@id\":\"https:\/\/www.cafedelhomme.com\/pt-br#organization\",\"name\":\"Caf\u00e9 de l'Homme\",\"url\":\"https:\/\/www.cafedelhomme.com\/pt-br\",\"logo\":{\"@type\":\"ImageObject\",\"inLanguage\":\"pt-BR\",\"@id\":\"https:\/\/www.cafedelhomme.com\/pt-br#\/schema\/logo\/image\/\",\"url\":\"https:\/\/www.cafedelhomme.com\/wp-content\/uploads\/2023\/04\/big-logo-300x163-1.png\",\"contentUrl\":\"https:\/\/www.cafedelhomme.com\/wp-content\/uploads\/2023\/04\/big-logo-300x163-1.png\",\"width\":300,\"height\":163,\"caption\":\"Caf\u00e9 de l'Homme\"},\"image\":{\"@id\":\"https:\/\/www.cafedelhomme.com\/pt-br#\/schema\/logo\/image\/\"},\"sameAs\":[\"https:\/\/www.facebook.com\/cafedelhomme\",\"https:\/\/www.instagram.com\/cafedelhomme\/\"]}]}<\/script>\n<!-- \/ Yoast SEO Premium plugin. -->","yoast_head_json":{"title":"Conhe\u00e7a o Caf\u00e9 de l'Homme - Caf\u00e9 de l'Homme","robots":{"index":"index","follow":"follow","max-snippet":"max-snippet:-1","max-image-preview":"max-image-preview:large","max-video-preview":"max-video-preview:-1"},"canonical":"https:\/\/www.cafedelhomme.com\/pt-br\/privatizar\/conheca-o-cafe-de-lhomme","og_locale":"pt_BR","og_type":"article","og_title":"Conhe\u00e7a o Caf\u00e9 de l'Homme - Caf\u00e9 de l'Homme","og_description":"[vc_row sticky_row=&#8221;yes&#8221; css=&#8221;.vc_custom_1686667858183{background-image: url(https:\/\/www.cafedelhomme.com\/wp-content\/uploads\/2023\/05\/actu5.jpeg?id=1470) !important;background-position: center !important;background-repeat: no-repeat !important;background-size: cover !important;}&#8221; el_id=&#8221;cabe\u00e7alho-p\u00e1gina-simples&#8221;][vc_column responsive_css=&#8221;padding_top_large:220px|padding_bottom_large:220px&#8221; css=&#8221;.vc_custom_1683277774171{padding-top: 120px !important;padding-bottom: 230px !important;}&#8221;][vc_custom_heading text=&#8221;Conhe\u00e7a o Caf\u00e9 de l&apos;Homme&#8221; font_container=&#8221;tag:h1|text_align:center&#8221; css=&#8221;.vc_custom_1686919452344{margin-bottom: 0px !important;}&#8221;][vc_column_text] Ofere\u00e7a a seus convidados o melhor em um coquetel, almo\u00e7o ou jantar em grupo [\/vc_column_text][\/vc_column][\/vc_row][vc_row el_id=&#8221;img-e-texto&#8221; responsive_css=&#8221;padding_top_large:160px|padding_bottom_large:80px&#8221; css=&#8221;.vc_custom_1686141382134{padding-bottom:...","og_url":"https:\/\/www.cafedelhomme.com\/pt-br\/privatizar\/conheca-o-cafe-de-lhomme","og_site_name":"Caf\u00e9 de l'Homme","article_publisher":"https:\/\/www.facebook.com\/cafedelhomme","article_modified_time":"2025-03-18T08:47:50+00:00","twitter_card":"summary_large_image","twitter_misc":{"Est. tempo de leitura":"4 minutos"},"schema":{"@context":"https:\/\/schema.org","@graph":[{"@type":"WebPage","@id":"https:\/\/www.cafedelhomme.com\/pt-br\/privatizar\/conheca-o-cafe-de-lhomme","url":"https:\/\/www.cafedelhomme.com\/pt-br\/privatizar\/conheca-o-cafe-de-lhomme","name":"Conhe\u00e7a o Caf\u00e9 de l'Homme - Caf\u00e9 de l'Homme","isPartOf":{"@id":"https:\/\/www.cafedelhomme.com\/pt-br#website"},"datePublished":"2023-06-13T13:52:36+00:00","dateModified":"2025-03-18T08:47:50+00:00","breadcrumb":{"@id":"https:\/\/www.cafedelhomme.com\/pt-br\/privatizar\/conheca-o-cafe-de-lhomme#breadcrumb"},"inLanguage":"pt-BR","potentialAction":[{"@type":"ReadAction","target":["https:\/\/www.cafedelhomme.com\/pt-br\/privatizar\/conheca-o-cafe-de-lhomme"]}]},{"@type":"BreadcrumbList","@id":"https:\/\/www.cafedelhomme.com\/pt-br\/privatizar\/conheca-o-cafe-de-lhomme#breadcrumb","itemListElement":[{"@type":"ListItem","position":1,"name":"Privatizar","item":"https:\/\/www.cafedelhomme.com\/pt-br\/privatizar"},{"@type":"ListItem","position":2,"name":"Conhe\u00e7a o Caf\u00e9 de l&rsquo;Homme"}]},{"@type":"WebSite","@id":"https:\/\/www.cafedelhomme.com\/pt-br#website","url":"https:\/\/www.cafedelhomme.com\/pt-br","name":"Caf\u00e9 de l'Homme","description":"","publisher":{"@id":"https:\/\/www.cafedelhomme.com\/pt-br#organization"},"potentialAction":[{"@type":"SearchAction","target":{"@type":"EntryPoint","urlTemplate":"https:\/\/www.cafedelhomme.com\/pt-br?s={search_term_string}"},"query-input":{"@type":"PropertyValueSpecification","valueRequired":true,"valueName":"search_term_string"}}],"inLanguage":"pt-BR"},{"@type":"Organization","@id":"https:\/\/www.cafedelhomme.com\/pt-br#organization","name":"Caf\u00e9 de l'Homme","url":"https:\/\/www.cafedelhomme.com\/pt-br","logo":{"@type":"ImageObject","inLanguage":"pt-BR","@id":"https:\/\/www.cafedelhomme.com\/pt-br#\/schema\/logo\/image\/","url":"https:\/\/www.cafedelhomme.com\/wp-content\/uploads\/2023\/04\/big-logo-300x163-1.png","contentUrl":"https:\/\/www.cafedelhomme.com\/wp-content\/uploads\/2023\/04\/big-logo-300x163-1.png","width":300,"height":163,"caption":"Caf\u00e9 de l'Homme"},"image":{"@id":"https:\/\/www.cafedelhomme.com\/pt-br#\/schema\/logo\/image\/"},"sameAs":["https:\/\/www.facebook.com\/cafedelhomme","https:\/\/www.instagram.com\/cafedelhomme\/"]}]}},"_links":{"self":[{"href":"https:\/\/www.cafedelhomme.com\/pt-br\/wp-json\/wp\/v2\/pages\/8181","targetHints":{"allow":["GET"]}}],"collection":[{"href":"https:\/\/www.cafedelhomme.com\/pt-br\/wp-json\/wp\/v2\/pages"}],"about":[{"href":"https:\/\/www.cafedelhomme.com\/pt-br\/wp-json\/wp\/v2\/types\/page"}],"author":[{"embeddable":true,"href":"https:\/\/www.cafedelhomme.com\/pt-br\/wp-json\/wp\/v2\/users\/1"}],"replies":[{"embeddable":true,"href":"https:\/\/www.cafedelhomme.com\/pt-br\/wp-json\/wp\/v2\/comments?post=8181"}],"version-history":[{"count":1,"href":"https:\/\/www.cafedelhomme.com\/pt-br\/wp-json\/wp\/v2\/pages\/8181\/revisions"}],"predecessor-version":[{"id":8182,"href":"https:\/\/www.cafedelhomme.com\/pt-br\/wp-json\/wp\/v2\/pages\/8181\/revisions\/8182"}],"up":[{"embeddable":true,"href":"https:\/\/www.cafedelhomme.com\/pt-br\/wp-json\/wp\/v2\/pages\/8082"}],"wp:attachment":[{"href":"https:\/\/www.cafedelhomme.com\/pt-br\/wp-json\/wp\/v2\/media?parent=8181"}],"curies":[{"name":"wp","href":"https:\/\/api.w.org\/{rel}","templated":true}]}}