{"id":8264,"date":"2023-06-12T14:50:38","date_gmt":"2023-06-12T12:50:38","guid":{"rendered":"https:\/\/www.cafedelhomme.com\/privatizar\/organize-um-batizado-em-frente-a-torre-eiffel"},"modified":"2025-03-18T09:48:41","modified_gmt":"2025-03-18T08:48:41","slug":"organize-um-batizado-em-frente-a-torre-eiffel","status":"publish","type":"page","link":"https:\/\/www.cafedelhomme.com\/pt-br\/privatizar\/organize-um-batizado-em-frente-a-torre-eiffel","title":{"rendered":"Organize um batizado em frente \u00e0 Torre Eiffel"},"content":{"rendered":"<div class=\"wpb-content-wrapper\"><p>[vc_row sticky_row=&#8221;yes&#8221; css=&#8221;.vc_custom_1686729783320{background-image: url(https:\/\/www.cafedelhomme.com\/wp-content\/uploads\/2023\/06\/Event-7.jpg?id=2852) !important;background-position: center !important;background-repeat: no-repeat !important;background-size: cover !important;}&#8221; el_id=&#8221;cabe\u00e7alho-p\u00e1gina-simples&#8221;][vc_column responsive_css=&#8221;padding_top_large:220px|padding_bottom_large:220px&#8221; css=&#8221;.vc_custom_1683277774171{padding-top: 120px !important;padding-bottom: 230px !important;}&#8221;][vc_custom_heading text=&#8221;Organize um batizado em frente \u00e0 Torre Eiffel&#8221; font_container=&#8221;tag:h1|text_align:center&#8221; css=&#8221;.vc_custom_1686729380386{margin-bottom: 0px !important;}&#8221;][vc_column_text]<\/p>\n<p style=\"text-align: center;\">Re\u00fana sua fam\u00edlia e amigos para a festa de batismo de seu filho<\/p>\n<p>[\/vc_column_text][\/vc_column][\/vc_row][vc_row el_id=&#8221;img-e-texto&#8221; responsive_css=&#8221;padding_top_large:160px|padding_bottom_large:80px&#8221; css=&#8221;.vc_custom_1686141382134{padding-bottom: 40px !important;background-color: #ffffff !important;}&#8221;][vc_column][vc_row_inner equal_height=&#8221;yes&#8221; content_placement=&#8221;middle&#8221; responsive_css=&#8221;margin_bottom_large:80px&#8221; css=&#8221;.vc_custom_1686138812636{margin-bottom: 40px !important;}&#8221;][vc_column_inner width=&#8221;1\/2&#8243; el_class=&#8221;picture_top&#8221;][vc_single_image image=&#8221;2590&#8243; img_size=&#8221;full&#8221; css=&#8221;.vc_custom_1686729860224{margin-bottom: 0px !important;}&#8221;][\/vc_column_inner][vc_column_inner width=&#8221;1\/2&#8243; el_class=&#8221;text_right&#8221;][vc_custom_heading text=&#8221;Um local de prest\u00edgio para seu evento&#8221;][vc_column_text]Hoje em dia, a <strong>cerim\u00f4nia de batismo<\/strong> costuma ser acompanhada de festividades na companhia dos mais pr\u00f3ximos e queridos da crian\u00e7a. Para garantir que esse seja o caso, voc\u00ea precisa escolher um local digno da <strong>ocasi\u00e3o<\/strong> para uma <strong>celebra\u00e7\u00e3o excepcional<\/strong>. <\/p>\n<p>Voc\u00ea est\u00e1 procurando um local exclusivo para o<strong> batizado<\/strong> de seu filho? <strong>O Caf\u00e9 de l&#8217;Homme<\/strong> transforma todos os seus sonhos <strong>em<\/strong> realidade! Aproveite nossos espa\u00e7os privados para um dia fora do tempo, tanto para adultos quanto para crian\u00e7as.  <\/p>\n<p>Daremos asas \u00e0 sua imagina\u00e7\u00e3o para garantir que o seu dia seja exatamente como voc\u00ea deseja. Em um ambiente m\u00e1gico, nossos <strong>espa\u00e7os <\/strong>podem ser <strong>personalizados<\/strong> de acordo com o tema que voc\u00ea deseja: usando c\u00f3digos de cores, um universo feminino ou uma atmosfera ex\u00f3tica&#8230; Descubra todas as possibilidades que <strong>o Caf\u00e9 de l&#8217;Homme<\/strong> tem a oferecer para a organiza\u00e7\u00e3o de uma<strong> festa de batizado<\/strong>.[\/vc_column_text][\/vc_column_inner][\/vc_row_inner][vc_row_inner equal_height=&#8221;yes&#8221; content_placement=&#8221;middle&#8221;][vc_column_inner width=&#8221;1\/2&#8243; el_class=&#8221;text_left&#8221;][vc_custom_heading text=&#8221;Privatizar o Caf\u00e9 de l&apos;Homme para um batismo excepcional&#8221;][vc_column_text]Voc\u00ea est\u00e1 procurando um local confidencial e exclusivo para organizar uma <strong>festa de batizado<\/strong>? O Caf\u00e9 de l&#8217;Homme, no<strong> 16\u00ba arrondissement<\/strong>, oferece <strong>servi\u00e7os adaptados \u00e0s<\/strong> suas necessidades, em um esp\u00edrito de compartilhamento, troca e autenticidade. <\/p>\n<p>Voc\u00ea tem um neto e est\u00e1 procurando um local exclusivo para o <strong>batizado<\/strong> dele ou dela? <strong>Alugue <\/strong><strong>o Caf\u00e9 de l&#8217;Homme<\/strong>, equipado com<strong> tecnologia<\/strong> de ponta, <strong>decorado<\/strong> com cuidado e adapt\u00e1vel \u00e0s suas necessidades. Voc\u00ea descobrir\u00e1 uma das mais belas vistas da capital, com vista para a <strong>Torre Eiffel<\/strong><strong>, o Champ-de-Mars e os monumentos parisienses<\/strong>- o cen\u00e1rio ideal para celebrar<strong> o batizado de uma crian\u00e7a<\/strong>. <\/p>\n<p>Nossas equipes est\u00e3o ao seu lado para <strong>reunir os melhores<\/strong><strong> prestadores de servi\u00e7os<\/strong> para tornar esse dia inesquec\u00edvel para sua fam\u00edlia e amigos: almo\u00e7o, jantar, m\u00fasica de alta qualidade e entretenimento para as crian\u00e7as.<\/p>\n<p>Um momento de conv\u00edvio em um <strong>ambiente <\/strong><strong>secreto e <\/strong><strong>\u00fanico<\/strong> no cora\u00e7\u00e3o de <strong>Paris<\/strong>.[\/vc_column_text]<a href=\"#\" class=\"btn btn-naked btn_underline open-contact ld_button_69f404edd59e1\">\n\t<span>\n\t\t\n\t\t\t\t\t<span class=\"btn-txt\">privatisez.<\/span>\n\t\t\t\n\t\t\t\t<\/span>\n<\/a>\n[\/vc_column_inner][vc_column_inner width=&#8221;1\/2&#8243; el_class=&#8221;picture_bottom&#8221;][vc_single_image image=&#8221;2752&#8243; img_size=&#8221;full&#8221;][\/vc_column_inner][\/vc_row_inner][\/vc_column][\/vc_row][vc_row el_id=&#8221;experi\u00eancia-cdh&#8221; responsive_css=&#8221;padding_top_large:250px|padding_bottom_large:250px&#8221; css=&#8221;.vc_custom_1682676040834{padding-top: 80px !important;padding-bottom: 80px !important;}&#8221;][vc_column][vc_custom_heading text=&#8221;Venha e descubra a experi\u00eancia do Caf\u00e9 de l&apos;Homme&#8221; font_container=&#8221;tag:h2|text_align:center&#8221;][vc_column_text]Desfrute de uma experi\u00eancia verdadeiramente atemporal. Voc\u00ea est\u00e1 pronto para essa experi\u00eancia?[\/vc_column_text][vc_row_inner][vc_column_inner align=&#8221;text-center&#8221; el_class=&#8221;group_btn&#8221;]<a href=\"https:\/\/www.cafedelhomme.com\/nos-experiences\" title=\"Nos exp\u00e9riences\" class=\"btn btn-default btn-bordered border-thin btn btn-outline btn-outline-white ld_button_69f404edd5b8f\">\n\t<span>\n\t\t\n\t\t\t\t\t<span class=\"btn-txt\">nossas experi\u00eancias.<\/span>\n\t\t\t\n\t\t\t\t<\/span>\n<\/a>\n<a href=\"https:\/\/www.cafedelhomme.com\/la-carte\" title=\"La Carte\" class=\"btn btn-default btn-bordered border-thin btn btn-outline btn-outline-white ld_button_69f404edd5cc2\">\n\t<span>\n\t\t\n\t\t\t\t\t<span class=\"btn-txt\">Veja o mapa.<\/span>\n\t\t\t\n\t\t\t\t<\/span>\n<\/a>\n[\/vc_column_inner][\/vc_row_inner][\/vc_column][\/vc_row][vc_row el_id=&#8221;equipamentos&#8221; css=&#8221;.vc_custom_1686224179321{padding-top: 80px !important;padding-bottom: 80px !important;background-color: #faf9f6 !important;}&#8221; responsive_css=&#8221;padding_top_large:145px|padding_bottom_large:168px&#8221; el_class=&#8221;prestations&#8221;][vc_column width=&#8221;5\/12&#8243;][vc_custom_heading text=&#8221;Organize as festividades para um batizado feito sob medida&#8221; css=&#8221;.vc_custom_1686729945542{margin-bottom: 40px !important;}&#8221;][vc_column_text css=&#8221;.vc_custom_1686729956531{margin-bottom: 40px !important;}&#8221;]Para garantir que seus convidados aproveitem ao m\u00e1ximo as festividades <strong>,<\/strong> <strong>equipamentos e servi\u00e7os de primeira linha <\/strong>estar\u00e3o \u00e0 disposi\u00e7\u00e3o para proporcionar o entretenimento: projetores de v\u00eddeo, telas gigantes, microfones e alto-falantes de alta tecnologia com som multitransmiss\u00e3o, etc.<\/p>\n<p>Com seus <strong>550 m\u00b2 de espa\u00e7o interno <\/strong>e <strong>terra\u00e7o equipado,<\/strong> <strong>o Caf\u00e9 de l&#8217;Homme<\/strong> lhe d\u00e1 as boas-vindas durante o dia ou \u00e0 noite para homenagear seu filho em um batizado.<\/p>\n<p>Nossas equipes estar\u00e3o com voc\u00ea em cada etapa do caminho para garantir que sua recep\u00e7\u00e3o seja t\u00e3o excepcional quanto seus sonhos mais loucos.[\/vc_column_text]<a href=\"#\" class=\"btn btn-naked btn_underline open-contact ld_button_69f404edd5de6\">\n\t<span>\n\t\t\n\t\t\t\t\t<span class=\"btn-txt\">privatisez le lieu.<\/span>\n\t\t\t\n\t\t\t\t<\/span>\n<\/a>\n[\/vc_column][vc_column width=&#8221;7\/12&#8243;][vc_row_inner equal_height=&#8221;yes&#8221; content_placement=&#8221;middle&#8221; responsive_css=&#8221;margin_bottom_large:30px&#8221; css=&#8221;.vc_custom_1686224165726{margin-bottom: 40px !important;}&#8221; el_class=&#8221;options&#8221;][vc_column_inner width=&#8221;1\/2&#8243; enable_overlay=&#8221;yes&#8221; align=&#8221;text-center&#8221; css=&#8221;.vc_custom_1686240038037{background-image: url(https:\/\/www.cafedelhomme.com\/wp-content\/uploads\/2023\/04\/img-right-scaled.jpg?id=371) !important;background-position: center !important;background-repeat: no-repeat !important;background-size: cover !important;}&#8221; overlay_bg=&#8221;rgba(0, 0, 0, 0.35)&#8221; el_class=&#8221;option-modal&#8221;]<a href=\"#\" class=\"btn btn-default btn-bordered border-thin btn btn-outline btn-outline-white open_modal-simple ld_button_69f404edd5ef6\">\n\t<span>\n\t\t\n\t\t\t\t\t<span class=\"btn-txt\">Les espaces<\/span>\n\t\t\t\n\t\t\t\t<\/span>\n<\/a>\n[vc_column_text el_class=&#8221;modal-content-simple&#8221;]A<strong> grande sala<\/strong> dentro do Le Caf\u00e9 de l&#8217;Homme recebe seus convidados para um dia de batizado inesquec\u00edvel. Decorada pelos arquitetos Gilles e Boissier no estilo Art D\u00e9co, ela representa a eleg\u00e2ncia francesa. <\/p>\n<p>Quando o tempo est\u00e1 bom, as diversas <strong>\u00e1reas externas<\/strong> s\u00e3o perfeitas para suas recep\u00e7\u00f5es: o <strong>Terra\u00e7o Central, a Ala Eiffel e a Ala Jardim<\/strong> s\u00e3o verdadeiros ref\u00fagios de paz, com vistas de tirar o f\u00f4lego da Dama de Ferro e dos monumentos de Paris.<\/p>\n<p>Organize um <strong>batizado no Caf\u00e9 de l&#8217;Homme<\/strong> e voc\u00ea ter\u00e1 a certeza de desfrutar de momentos inestim\u00e1veis em um ambiente excepcional.[\/vc_column_text][\/vc_column_inner][vc_column_inner width=&#8221;1\/2&#8243; enable_overlay=&#8221;yes&#8221; align=&#8221;text-center&#8221; css=&#8221;.vc_custom_1686240015414{background-image: url(https:\/\/www.cafedelhomme.com\/wp-content\/uploads\/2023\/04\/bg-fullscreen-scaled.jpg?id=452) !important;background-position: center !important;background-repeat: no-repeat !important;background-size: cover !important;}&#8221; overlay_bg=&#8221;rgba(0, 0, 0, 0.35)&#8221; el_class=&#8221;option-modal&#8221;]<a href=\"#\" class=\"btn btn-default btn-bordered border-thin btn btn-outline btn-outline-white open_modal-simple ld_button_69f404edd6000\">\n\t<span>\n\t\t\n\t\t\t\t\t<span class=\"btn-txt\">les \u00e9quipements.<\/span>\n\t\t\t\n\t\t\t\t<\/span>\n<\/a>\n[vc_column_text el_class=&#8221;modal-content-simple&#8221;]Para o batizado de uma crian\u00e7a, nossa equipe lhe confiar\u00e1 equipamentos de primeira linha.<\/p>\n<p>Para criar uma atmosfera que reflita o tema escolhido, voc\u00ea pode escolher a cor dos tetos de LED para criar um efeito geral harmonioso. Al\u00e9m disso, os alto-falantes de alta tecnologia fornecer\u00e3o um sistema de som multitransmiss\u00e3o para o evento. <\/p>\n<p>O Caf\u00e9 de l&#8217;Homme tamb\u00e9m est\u00e1 equipado com tr\u00eas telas gigantes e projetores de v\u00eddeo para que seus convidados possam mostrar v\u00eddeos e fotos da fam\u00edlia.<\/p>\n<p>Por fim, o conforto t\u00e9rmico \u00e9 garantido gra\u00e7as a um sistema de ar-condicionado interno e guarda-s\u00f3is aquecidos externos, para um batismo bem-sucedido em qualquer clima.[\/vc_column_text][\/vc_column_inner][\/vc_row_inner][vc_row_inner equal_height=&#8221;yes&#8221; content_placement=&#8221;middle&#8221; responsive_css=&#8221;margin_bottom_large:10px&#8221; css=&#8221;.vc_custom_1686224370091{margin-bottom: 40px !important;}&#8221; el_class=&#8221;options&#8221;][vc_column_inner width=&#8221;1\/2&#8243; enable_overlay=&#8221;yes&#8221; align=&#8221;text-center&#8221; css=&#8221;.vc_custom_1686240081843{background-image: url(https:\/\/www.cafedelhomme.com\/wp-content\/uploads\/2023\/04\/BG-1-1.jpg?id=354) !important;background-position: center !important;background-repeat: no-repeat !important;background-size: cover !important;}&#8221; overlay_bg=&#8221;rgba(0, 0, 0, 0.35)&#8221; el_class=&#8221;option-modal&#8221;]<a href=\"#\" class=\"btn btn-default btn-bordered border-thin btn btn-outline btn-outline-white open_modal-simple ld_button_69f404edd6106\">\n\t<span>\n\t\t\n\t\t\t\t\t<span class=\"btn-txt\">Les services<\/span>\n\t\t\t\n\t\t\t\t<\/span>\n<\/a>\n[vc_column_text el_class=&#8221;modal-content-simple&#8221;]A equipe de eventos e seus parceiros est\u00e3o \u00e0 disposi\u00e7\u00e3o para aconselh\u00e1-lo e orient\u00e1-lo durante a organiza\u00e7\u00e3o de seu <strong>casamento excepcional<\/strong>, portanto, eles estudar\u00e3o cada detalhe para garantir que o dia atenda \u00e0s suas expectativas.<\/p>\n<p>Se voc\u00ea deseja privatizar todo ou parte do Le Caf\u00e9 de l&#8217;Homme, pode aproveitar nosso <strong>terra\u00e7o de 300 m2<\/strong> ou nossa sala de recep\u00e7\u00e3o. Adaptamos o layout de cada espa\u00e7o para atender \u00e0s <strong>necessidades dos noivos<\/strong>. <\/p>\n<p>Fa\u00e7a de seu casamento uma experi\u00eancia \u00fanica. <strong>De frente para a Torre Eiffel<\/strong>, receba seus convidados para o <strong>vin d&#8217;honneur<\/strong> ou <strong>jantar<\/strong> em uma atmosfera refinada.[\/vc_column_text][\/vc_column_inner][vc_column_inner width=&#8221;1\/2&#8243; enable_overlay=&#8221;yes&#8221; align=&#8221;text-center&#8221; css=&#8221;.vc_custom_1686240058941{background-image: url(https:\/\/www.cafedelhomme.com\/wp-content\/uploads\/2023\/04\/img-left-scaled.jpg?id=370) !important;background-position: center !important;background-repeat: no-repeat !important;background-size: cover !important;}&#8221; overlay_bg=&#8221;rgba(0, 0, 0, 0.35)&#8221; el_class=&#8221;option-modal&#8221;]<a href=\"#\" class=\"btn btn-default btn-bordered border-thin btn btn-outline btn-outline-white open_modal-simple ld_button_69f404edd6210\">\n\t<span>\n\t\t\n\t\t\t\t\t<span class=\"btn-txt\">Un lieu grandiose<\/span>\n\t\t\t\n\t\t\t\t<\/span>\n<\/a>\n[vc_column_text el_class=&#8221;modal-content-simple&#8221;]O Caf\u00e9 de l&#8217;Homme oferece a voc\u00ea uma \u00e1rea privativa para celebrar o batizado de seu filho com vista para a Torre Eiffel, os jardins do Trocadero e o Champ-de-Mars.<\/p>\n<p>No cora\u00e7\u00e3o do Palais de Chaillot, aos p\u00e9s do Trocadero, est\u00e3o os espa\u00e7os secretos do Caf\u00e9 de l&#8217;Homme e sua vista incompar\u00e1vel. Acess\u00edveis por carro ou transporte p\u00fablico, os espa\u00e7os s\u00e3o ideais para eventos pequenos ou grandes, para celebrar todas as etapas de sua vida.[\/vc_column_text][\/vc_column_inner][\/vc_row_inner][\/vc_column][\/vc_row][vc_row full_width=&#8221;stretch_row&#8221; equal_height=&#8221;yes&#8221; bg_position=&#8221;center center&#8221; css=&#8221;.vc_custom_1683016397706{padding-top: 80px !important;padding-bottom: 80px !important;background-image: url(https:\/\/www.cafedelhomme.com\/wp-content\/uploads\/2023\/04\/BG-1-1.jpg?id=354) !important;background-position: center !important;background-repeat: no-repeat !important;background-size: cover !important;}&#8221; el_id=&#8221;tela de imagem&#8221; responsive_css=&#8221;padding_top_large:250px|padding_bottom_large:250px&#8221;][vc_column align=&#8221;text-center&#8221;][vc_custom_heading text=&#8221;Entre em contato com nossa equipe de especialistas em<br \/>\n&#8221; font_container=&#8221;tag:h2|text_align:center&#8221; el_class=&#8221;title mb-16&#8243;][vc_column_text el_class=&#8221;sub-title mb-40&#8243;]<em>Ofertas sujeitas \u00e0 disponibilidade, os custos de privatiza\u00e7\u00e3o variam<\/em><br \/>\n<em>dependendo da frequ\u00eancia e das horas de opera\u00e7\u00e3o do<\/em><br \/>\n<em>nosso estabelecimento. Excluindo acess\u00f3rios e servi\u00e7os t\u00e9cnicos. <\/em>[\/vc_column_text]<a href=\"#\" class=\"btn btn-default btn-bordered border-thin btn btn-outline btn-outline-white open-contact ld_button_69f404edd6312\">\n\t<span>\n\t\t\n\t\t\t\t\t<span class=\"btn-txt\">demande de devis personnalis\u00e9.<\/span>\n\t\t\t\n\t\t\t\t<\/span>\n<\/a>\n[\/vc_column][\/vc_row]<\/p>\n<\/div>","protected":false},"excerpt":{"rendered":"<p>[vc_row sticky_row=&#8221;yes&#8221; css=&#8221;.vc_custom_1686729783320{background-image: url(https:\/\/www.cafedelhomme.com\/wp-content\/uploads\/2023\/06\/Event-7.jpg?id=2852) !important;background-position: center !important;background-repeat: no-repeat !important;background-size: cover !important;}&#8221; el_id=&#8221;cabe\u00e7alho-p\u00e1gina-simples&#8221;][vc_column responsive_css=&#8221;padding_top_large:220px|padding_bottom_large:220px&#8221; css=&#8221;.vc_custom_1683277774171{padding-top: 120px !important;padding-bottom: 230px !important;}&#8221;][vc_custom_heading text=&#8221;Organize um batizado em frente \u00e0 Torre Eiffel&#8221; font_container=&#8221;tag:h1|text_align:center&#8221; css=&#8221;.vc_custom_1686729380386{margin-bottom: 0px !important;}&#8221;][vc_column_text] Re\u00fana sua fam\u00edlia e amigos para a festa de batismo de seu filho [\/vc_column_text][\/vc_column][\/vc_row][vc_row el_id=&#8221;img-e-texto&#8221;&#8230;<\/p>\n","protected":false},"author":1,"featured_media":0,"parent":8082,"menu_order":0,"comment_status":"closed","ping_status":"closed","template":"","meta":{"_acf_changed":false,"footnotes":""},"class_list":["post-8264","page","type-page","status-publish","hentry"],"acf":[],"yoast_head":"<!-- This site is optimized with the Yoast SEO Premium plugin v20.10 (Yoast SEO v27.0) - https:\/\/yoast.com\/product\/yoast-seo-premium-wordpress\/ -->\n<title>Organize um batizado em frente \u00e0 Torre Eiffel - Caf\u00e9 de l&#039;Homme<\/title>\n<meta name=\"robots\" content=\"index, follow, max-snippet:-1, max-image-preview:large, max-video-preview:-1\" \/>\n<link rel=\"canonical\" href=\"https:\/\/www.cafedelhomme.com\/pt-br\/privatizar\/organize-um-batizado-em-frente-a-torre-eiffel\" \/>\n<meta property=\"og:locale\" content=\"pt_BR\" \/>\n<meta property=\"og:type\" content=\"article\" \/>\n<meta property=\"og:title\" content=\"Organize um batizado em frente \u00e0 Torre Eiffel - Caf\u00e9 de l&#039;Homme\" \/>\n<meta property=\"og:description\" content=\"[vc_row sticky_row=&#8221;yes&#8221; css=&#8221;.vc_custom_1686729783320{background-image: url(https:\/\/www.cafedelhomme.com\/wp-content\/uploads\/2023\/06\/Event-7.jpg?id=2852) !important;background-position: center !important;background-repeat: no-repeat !important;background-size: cover !important;}&#8221; el_id=&#8221;cabe\u00e7alho-p\u00e1gina-simples&#8221;][vc_column responsive_css=&#8221;padding_top_large:220px|padding_bottom_large:220px&#8221; css=&#8221;.vc_custom_1683277774171{padding-top: 120px !important;padding-bottom: 230px !important;}&#8221;][vc_custom_heading text=&#8221;Organize um batizado em frente \u00e0 Torre Eiffel&#8221; font_container=&#8221;tag:h1|text_align:center&#8221; css=&#8221;.vc_custom_1686729380386{margin-bottom: 0px !important;}&#8221;][vc_column_text] Re\u00fana sua fam\u00edlia e amigos para a festa de batismo de seu filho [\/vc_column_text][\/vc_column][\/vc_row][vc_row el_id=&#8221;img-e-texto&#8221;...\" \/>\n<meta property=\"og:url\" content=\"https:\/\/www.cafedelhomme.com\/pt-br\/privatizar\/organize-um-batizado-em-frente-a-torre-eiffel\" \/>\n<meta property=\"og:site_name\" content=\"Caf\u00e9 de l&#039;Homme\" \/>\n<meta property=\"article:publisher\" content=\"https:\/\/www.facebook.com\/cafedelhomme\" \/>\n<meta property=\"article:modified_time\" content=\"2025-03-18T08:48:41+00:00\" \/>\n<meta name=\"twitter:card\" content=\"summary_large_image\" \/>\n<meta name=\"twitter:label1\" content=\"Est. tempo de leitura\" \/>\n\t<meta name=\"twitter:data1\" content=\"9 minutos\" \/>\n<script type=\"application\/ld+json\" class=\"yoast-schema-graph\">{\"@context\":\"https:\/\/schema.org\",\"@graph\":[{\"@type\":\"WebPage\",\"@id\":\"https:\/\/www.cafedelhomme.com\/pt-br\/privatizar\/organize-um-batizado-em-frente-a-torre-eiffel\",\"url\":\"https:\/\/www.cafedelhomme.com\/pt-br\/privatizar\/organize-um-batizado-em-frente-a-torre-eiffel\",\"name\":\"Organize um batizado em frente \u00e0 Torre Eiffel - Caf\u00e9 de l'Homme\",\"isPartOf\":{\"@id\":\"https:\/\/www.cafedelhomme.com\/pt-br#website\"},\"datePublished\":\"2023-06-12T12:50:38+00:00\",\"dateModified\":\"2025-03-18T08:48:41+00:00\",\"breadcrumb\":{\"@id\":\"https:\/\/www.cafedelhomme.com\/pt-br\/privatizar\/organize-um-batizado-em-frente-a-torre-eiffel#breadcrumb\"},\"inLanguage\":\"pt-BR\",\"potentialAction\":[{\"@type\":\"ReadAction\",\"target\":[\"https:\/\/www.cafedelhomme.com\/pt-br\/privatizar\/organize-um-batizado-em-frente-a-torre-eiffel\"]}]},{\"@type\":\"BreadcrumbList\",\"@id\":\"https:\/\/www.cafedelhomme.com\/pt-br\/privatizar\/organize-um-batizado-em-frente-a-torre-eiffel#breadcrumb\",\"itemListElement\":[{\"@type\":\"ListItem\",\"position\":1,\"name\":\"Privatizar\",\"item\":\"https:\/\/www.cafedelhomme.com\/pt-br\/privatizar\"},{\"@type\":\"ListItem\",\"position\":2,\"name\":\"Organize um batizado em frente \u00e0 Torre Eiffel\"}]},{\"@type\":\"WebSite\",\"@id\":\"https:\/\/www.cafedelhomme.com\/pt-br#website\",\"url\":\"https:\/\/www.cafedelhomme.com\/pt-br\",\"name\":\"Caf\u00e9 de l'Homme\",\"description\":\"\",\"publisher\":{\"@id\":\"https:\/\/www.cafedelhomme.com\/pt-br#organization\"},\"potentialAction\":[{\"@type\":\"SearchAction\",\"target\":{\"@type\":\"EntryPoint\",\"urlTemplate\":\"https:\/\/www.cafedelhomme.com\/pt-br?s={search_term_string}\"},\"query-input\":{\"@type\":\"PropertyValueSpecification\",\"valueRequired\":true,\"valueName\":\"search_term_string\"}}],\"inLanguage\":\"pt-BR\"},{\"@type\":\"Organization\",\"@id\":\"https:\/\/www.cafedelhomme.com\/pt-br#organization\",\"name\":\"Caf\u00e9 de l'Homme\",\"url\":\"https:\/\/www.cafedelhomme.com\/pt-br\",\"logo\":{\"@type\":\"ImageObject\",\"inLanguage\":\"pt-BR\",\"@id\":\"https:\/\/www.cafedelhomme.com\/pt-br#\/schema\/logo\/image\/\",\"url\":\"https:\/\/www.cafedelhomme.com\/wp-content\/uploads\/2023\/04\/big-logo-300x163-1.png\",\"contentUrl\":\"https:\/\/www.cafedelhomme.com\/wp-content\/uploads\/2023\/04\/big-logo-300x163-1.png\",\"width\":300,\"height\":163,\"caption\":\"Caf\u00e9 de l'Homme\"},\"image\":{\"@id\":\"https:\/\/www.cafedelhomme.com\/pt-br#\/schema\/logo\/image\/\"},\"sameAs\":[\"https:\/\/www.facebook.com\/cafedelhomme\",\"https:\/\/www.instagram.com\/cafedelhomme\/\"]}]}<\/script>\n<!-- \/ Yoast SEO Premium plugin. -->","yoast_head_json":{"title":"Organize um batizado em frente \u00e0 Torre Eiffel - Caf\u00e9 de l'Homme","robots":{"index":"index","follow":"follow","max-snippet":"max-snippet:-1","max-image-preview":"max-image-preview:large","max-video-preview":"max-video-preview:-1"},"canonical":"https:\/\/www.cafedelhomme.com\/pt-br\/privatizar\/organize-um-batizado-em-frente-a-torre-eiffel","og_locale":"pt_BR","og_type":"article","og_title":"Organize um batizado em frente \u00e0 Torre Eiffel - Caf\u00e9 de l'Homme","og_description":"[vc_row sticky_row=&#8221;yes&#8221; css=&#8221;.vc_custom_1686729783320{background-image: url(https:\/\/www.cafedelhomme.com\/wp-content\/uploads\/2023\/06\/Event-7.jpg?id=2852) !important;background-position: center !important;background-repeat: no-repeat !important;background-size: cover !important;}&#8221; el_id=&#8221;cabe\u00e7alho-p\u00e1gina-simples&#8221;][vc_column responsive_css=&#8221;padding_top_large:220px|padding_bottom_large:220px&#8221; css=&#8221;.vc_custom_1683277774171{padding-top: 120px !important;padding-bottom: 230px !important;}&#8221;][vc_custom_heading text=&#8221;Organize um batizado em frente \u00e0 Torre Eiffel&#8221; font_container=&#8221;tag:h1|text_align:center&#8221; css=&#8221;.vc_custom_1686729380386{margin-bottom: 0px !important;}&#8221;][vc_column_text] Re\u00fana sua fam\u00edlia e amigos para a festa de batismo de seu filho [\/vc_column_text][\/vc_column][\/vc_row][vc_row el_id=&#8221;img-e-texto&#8221;...","og_url":"https:\/\/www.cafedelhomme.com\/pt-br\/privatizar\/organize-um-batizado-em-frente-a-torre-eiffel","og_site_name":"Caf\u00e9 de l'Homme","article_publisher":"https:\/\/www.facebook.com\/cafedelhomme","article_modified_time":"2025-03-18T08:48:41+00:00","twitter_card":"summary_large_image","twitter_misc":{"Est. tempo de leitura":"9 minutos"},"schema":{"@context":"https:\/\/schema.org","@graph":[{"@type":"WebPage","@id":"https:\/\/www.cafedelhomme.com\/pt-br\/privatizar\/organize-um-batizado-em-frente-a-torre-eiffel","url":"https:\/\/www.cafedelhomme.com\/pt-br\/privatizar\/organize-um-batizado-em-frente-a-torre-eiffel","name":"Organize um batizado em frente \u00e0 Torre Eiffel - Caf\u00e9 de l'Homme","isPartOf":{"@id":"https:\/\/www.cafedelhomme.com\/pt-br#website"},"datePublished":"2023-06-12T12:50:38+00:00","dateModified":"2025-03-18T08:48:41+00:00","breadcrumb":{"@id":"https:\/\/www.cafedelhomme.com\/pt-br\/privatizar\/organize-um-batizado-em-frente-a-torre-eiffel#breadcrumb"},"inLanguage":"pt-BR","potentialAction":[{"@type":"ReadAction","target":["https:\/\/www.cafedelhomme.com\/pt-br\/privatizar\/organize-um-batizado-em-frente-a-torre-eiffel"]}]},{"@type":"BreadcrumbList","@id":"https:\/\/www.cafedelhomme.com\/pt-br\/privatizar\/organize-um-batizado-em-frente-a-torre-eiffel#breadcrumb","itemListElement":[{"@type":"ListItem","position":1,"name":"Privatizar","item":"https:\/\/www.cafedelhomme.com\/pt-br\/privatizar"},{"@type":"ListItem","position":2,"name":"Organize um batizado em frente \u00e0 Torre Eiffel"}]},{"@type":"WebSite","@id":"https:\/\/www.cafedelhomme.com\/pt-br#website","url":"https:\/\/www.cafedelhomme.com\/pt-br","name":"Caf\u00e9 de l'Homme","description":"","publisher":{"@id":"https:\/\/www.cafedelhomme.com\/pt-br#organization"},"potentialAction":[{"@type":"SearchAction","target":{"@type":"EntryPoint","urlTemplate":"https:\/\/www.cafedelhomme.com\/pt-br?s={search_term_string}"},"query-input":{"@type":"PropertyValueSpecification","valueRequired":true,"valueName":"search_term_string"}}],"inLanguage":"pt-BR"},{"@type":"Organization","@id":"https:\/\/www.cafedelhomme.com\/pt-br#organization","name":"Caf\u00e9 de l'Homme","url":"https:\/\/www.cafedelhomme.com\/pt-br","logo":{"@type":"ImageObject","inLanguage":"pt-BR","@id":"https:\/\/www.cafedelhomme.com\/pt-br#\/schema\/logo\/image\/","url":"https:\/\/www.cafedelhomme.com\/wp-content\/uploads\/2023\/04\/big-logo-300x163-1.png","contentUrl":"https:\/\/www.cafedelhomme.com\/wp-content\/uploads\/2023\/04\/big-logo-300x163-1.png","width":300,"height":163,"caption":"Caf\u00e9 de l'Homme"},"image":{"@id":"https:\/\/www.cafedelhomme.com\/pt-br#\/schema\/logo\/image\/"},"sameAs":["https:\/\/www.facebook.com\/cafedelhomme","https:\/\/www.instagram.com\/cafedelhomme\/"]}]}},"_links":{"self":[{"href":"https:\/\/www.cafedelhomme.com\/pt-br\/wp-json\/wp\/v2\/pages\/8264","targetHints":{"allow":["GET"]}}],"collection":[{"href":"https:\/\/www.cafedelhomme.com\/pt-br\/wp-json\/wp\/v2\/pages"}],"about":[{"href":"https:\/\/www.cafedelhomme.com\/pt-br\/wp-json\/wp\/v2\/types\/page"}],"author":[{"embeddable":true,"href":"https:\/\/www.cafedelhomme.com\/pt-br\/wp-json\/wp\/v2\/users\/1"}],"replies":[{"embeddable":true,"href":"https:\/\/www.cafedelhomme.com\/pt-br\/wp-json\/wp\/v2\/comments?post=8264"}],"version-history":[{"count":1,"href":"https:\/\/www.cafedelhomme.com\/pt-br\/wp-json\/wp\/v2\/pages\/8264\/revisions"}],"predecessor-version":[{"id":8267,"href":"https:\/\/www.cafedelhomme.com\/pt-br\/wp-json\/wp\/v2\/pages\/8264\/revisions\/8267"}],"up":[{"embeddable":true,"href":"https:\/\/www.cafedelhomme.com\/pt-br\/wp-json\/wp\/v2\/pages\/8082"}],"wp:attachment":[{"href":"https:\/\/www.cafedelhomme.com\/pt-br\/wp-json\/wp\/v2\/media?parent=8264"}],"curies":[{"name":"wp","href":"https:\/\/api.w.org\/{rel}","templated":true}]}}