{"id":8274,"date":"2023-06-13T09:49:40","date_gmt":"2023-06-13T07:49:40","guid":{"rendered":"https:\/\/www.cafedelhomme.com\/privatizar\/voce-gostaria-de-lancar-seu-produto-em-frente-a-torre-eiffel"},"modified":"2025-03-18T09:52:55","modified_gmt":"2025-03-18T08:52:55","slug":"voce-gostaria-de-lancar-seu-produto-em-frente-a-torre-eiffel","status":"publish","type":"page","link":"https:\/\/www.cafedelhomme.com\/pt-br\/privatizar\/voce-gostaria-de-lancar-seu-produto-em-frente-a-torre-eiffel","title":{"rendered":"Voc\u00ea gostaria de lan\u00e7ar seu produto em frente \u00e0 Torre Eiffel?"},"content":{"rendered":"<div class=\"wpb-content-wrapper\"><p>[vc_row sticky_row=&#8221;yes&#8221; css=&#8221;.vc_custom_1686649571943{background-image: url(https:\/\/www.cafedelhomme.com\/wp-content\/uploads\/2023\/06\/bg-cafedelhomme.jpg?id=2514) !important;background-position: center !important;background-repeat: no-repeat !important;background-size: cover !important;}&#8221; el_id=&#8221;cabe\u00e7alho-p\u00e1gina-simples&#8221;][vc_column responsive_css=&#8221;padding_top_large:220px|padding_bottom_large:220px&#8221; css=&#8221;.vc_custom_1683277774171{padding-top: 120px !important;padding-bottom: 230px !important;}&#8221;][vc_custom_heading text=&#8221;Voc\u00ea gostaria de lan\u00e7ar<br \/>\nseu produto em frente \u00e0 Torre Eiffel?&#8221; font_container=&#8221;tag:h1|text_align:center&#8221; css=&#8221;.vc_custom_1686642898073{margin-bottom: 0px !important;}&#8221;][\/vc_column][\/vc_row][vc_row el_id=&#8221;img-e-texto&#8221; responsive_css=&#8221;padding_top_large:160px|padding_bottom_large:80px&#8221; css=&#8221;.vc_custom_1686646899712{padding-bottom: 40px !important;background-color: #ffffff !important;}&#8221;][vc_column][vc_row_inner equal_height=&#8221;yes&#8221; content_placement=&#8221;middle&#8221; responsive_css=&#8221;margin_bottom_large:80px&#8221; css=&#8221;.vc_custom_1686661166823{margin-bottom: 40px !important;}&#8221;][vc_column_inner video_bg=&#8221;yes&#8221; video_local_mp4_url=&#8221;\/wp-content\/uploads\/2023\/06\/Emily-In-Paris-CDH_v1.mp4&#8243; width=&#8221;1\/2&#8243; el_class=&#8221;picture_top&#8221;][vc_single_image image=&#8221;2842&#8243; img_size=&#8221;full&#8221; css=&#8221;&#8221;][\/vc_column_inner][vc_column_inner width=&#8221;1\/2&#8243; el_class=&#8221;text_right&#8221;][vc_custom_heading text=&#8221;Crie um evento sobre um novo produto em Paris.&#8221;][vc_column_text]<\/p>\n<div class=\"fusion-fullwidth fullwidth-box fusion-builder-row-2 video-background privatisez-first-section nonhundred-percent-fullwidth non-hundred-percent-height-scrolling fusion-equal-height-columns\">\n<div class=\"fusion-builder-row fusion-row\">\n<div class=\"fusion-layout-column fusion_builder_column fusion-builder-column-2 fusion_builder_column_1_2 1_2 fusion-one-half fusion-column-last\">\n<div class=\"fusion-column-wrapper fusion-flex-column-wrapper-legacy\">\n<div class=\"fusion-text fusion-text-1 header-section-right\">\n<p><b>O lan\u00e7amento de <\/b>um <b>produto <\/b>\u00e9 um est\u00e1gio fundamental no crescimento de uma empresa. Quer se trate de um <b>produto <\/b>f\u00edsico ou de um <b>servi\u00e7o<\/b>, o <b>lan\u00e7amento <\/b>\u00e9 o ponto culminante de uma estrat\u00e9gia de marketing. <b>O lan\u00e7amento de <\/b>um <b>produto <\/b>pode ser a apresenta\u00e7\u00e3o do <b>produto <\/b>ao p\u00fablico ou o marketing do <b>produto <\/b>por meio de canais de distribui\u00e7\u00e3o.  <\/p>\n<p>Para maximizar a visibilidade do seu <b>produto <\/b>no mercado e garantir seu sucesso, \u00e9 necess\u00e1rio organizar um <b>evento <\/b> <b>de lan\u00e7amento<\/b>. <b>O evento de lan\u00e7amento <\/b>precisa causar uma impress\u00e3o duradoura e gerar interesse entre os funcion\u00e1rios e a m\u00eddia convidados.<\/p>\n<p>A forma do evento <b>de lan\u00e7amento <\/b>e seu local n\u00e3o devem ser escolhidos aleatoriamente. O ambiente para o seu <b>lan\u00e7amento <\/b>deve ser digno do <b>produto<\/b>. Para que o <b>lan\u00e7amento do <\/b>seu <b>produto <\/b>seja um sucesso, podemos oferecer a voc\u00ea o <b>Caf\u00e9 de l&#8217; <\/b>Homme, um local de prest\u00edgio onde a eleg\u00e2ncia e o luxo s\u00e3o as palavras de ordem*.  <\/p>\n<\/div>\n<div class=\"fusion-text fusion-text-2\">\n<p><em>*O Caf\u00e9 de l&#8217;Homme est\u00e1 comprometido e cumpre, em todos os aspectos, com os padr\u00f5es de sa\u00fade estabelecidos pelo Minist\u00e9rio da Sa\u00fade.<\/em><\/p>\n<\/div>\n<\/div>\n<\/div>\n<\/div>\n<\/div>\n<p>[\/vc_column_text][\/vc_column_inner][\/vc_row_inner][\/vc_column][\/vc_row][vc_row css=&#8221;.vc_custom_1686646936935{padding-top: 80px !important;padding-bottom: 80px !important;background-color: #faf9f6 !important;}&#8221; responsive_css=&#8221;padding_top_large:145px|padding_bottom_large:168px&#8221; el_class=&#8221;prestations&#8221;][vc_column][vc_custom_heading text=&#8221;Crie a combina\u00e7\u00e3o perfeita para o lan\u00e7amento de um produto sensacional em<br \/>\n.&#8221; css=&#8221;.vc_custom_1686661616072{margin-bottom: 40px !important;}&#8221;][vc_column_text css=&#8221;.vc_custom_1686661509783{margin-bottom: 40px !important;}&#8221;]<\/p>\n<div class=\"fusion-layout-column fusion_builder_column fusion-builder-column-4 fusion_builder_column_1_1 1_1 fusion-one-full fusion-column-first fusion-column-last no-mh\">\n<div class=\"fusion-column-wrapper fusion-flex-column-wrapper-legacy\">\n<div class=\"fusion-text fusion-text-3 content-privatisez-white-section\">\n<p>Por mais de 17 anos, algumas das melhores marcas do mundo confiaram a n\u00f3s seus <b>eventos <\/b> <b>de lan\u00e7amento <\/b> <b>de produtos <\/b>em <b>Paris. <\/b>Para citar apenas alguns exemplos, o Paris Saint Germain escolheu nosso prestigioso <b>local <\/b>para a chegada de seu famoso atacante Neymar. A Dior, a L&#8217;Or\u00e9al e a Chanel tamb\u00e9m organizaram <b>festas <\/b> <b>de lan\u00e7amento<\/b>. <\/p>\n<\/div>\n<div class=\"fusion-clearfix\"><\/div>\n<\/div>\n<\/div>\n<div class=\"fusion-layout-column fusion_builder_column fusion-builder-column-5 fusion_builder_column_1_1 1_1 fusion-one-full fusion-column-first fusion-column-last no-mh\">\n<div class=\"fusion-column-wrapper fusion-flex-column-wrapper-legacy\">\n<div class=\"fusion-text fusion-text-4 content-privatisez-white-section\">\n<p>Nossa equipe de eventos orquestrar\u00e1 o <b>lan\u00e7amento do<\/b> seu <b>produto<\/b> para torn\u00e1-lo uma ocasi\u00e3o memor\u00e1vel. Em um ambiente <b>privilegiado <\/b>e <b>sofisticado <\/b>, damos as boas-vindas a voc\u00ea bem no cora\u00e7\u00e3o do <b>Trocadero<\/b>, em frente \u00e0 Torre <b>Eiffel<\/b>. Nosso terra\u00e7o com vista para a Dama de Ferro, nossa sala de recep\u00e7\u00e3o e nosso mezanino podem ser privativos para receber seus convidados para a <b>festa de lan\u00e7amento<\/b>.  <\/p>\n<p>Com o logotipo da sua empresa, cuidamos de cada detalhe para que seu <b>novo produto <\/b>se destaque. Nosso objetivo \u00e9 proporcionar uma experi\u00eancia visual e sensorial inesquec\u00edvel no seu <b>evento de lan\u00e7amento<\/b>. <\/p>\n<\/div>\n<\/div>\n<\/div>\n<p>[\/vc_column_text]<a href=\"#\" class=\"btn btn-naked btn_underline ld_button_69f1eb2605e13\">\n\t<span>\n\t\t\n\t\t\t\t\t<span class=\"btn-txt\">privatisez.<\/span>\n\t\t\t\n\t\t\t\t<\/span>\n<\/a>\n[\/vc_column][\/vc_row][vc_row full_width=&#8221;stretch_row&#8221; equal_height=&#8221;yes&#8221; bg_position=&#8221;center center&#8221; css=&#8221;.vc_custom_1683016397706{padding-top: 80px !important;padding-bottom: 80px !important;background-image: url(https:\/\/www.cafedelhomme.com\/wp-content\/uploads\/2023\/04\/BG-1-1.jpg?id=354) !important;background-position: center !important;background-repeat: no-repeat !important;background-size: cover !important;}&#8221; el_id=&#8221;tela de imagem&#8221; responsive_css=&#8221;padding_top_large:250px|padding_bottom_large:250px&#8221;][vc_column align=&#8221;text-center&#8221;][vc_custom_heading text=&#8221;Entre em contato com nossa equipe de especialistas em<br \/>\n&#8221; font_container=&#8221;tag:h2|text_align:center&#8221; el_class=&#8221;title mb-16&#8243;][vc_column_text el_class=&#8221;sub-title mb-40&#8243;]<em>Ofertas sujeitas \u00e0 disponibilidade, os custos de privatiza\u00e7\u00e3o variam<\/em><br \/>\n<em>dependendo da frequ\u00eancia e das horas de opera\u00e7\u00e3o do<\/em><br \/>\n<em>nosso estabelecimento. Excluindo acess\u00f3rios e servi\u00e7os t\u00e9cnicos. <\/em>[\/vc_column_text]<a href=\"#\" class=\"btn btn-default btn-bordered border-thin btn btn-outline btn-outline-white open-contact ld_button_69f1eb2605f9d\">\n\t<span>\n\t\t\n\t\t\t\t\t<span class=\"btn-txt\">demande de devis personnalis\u00e9.<\/span>\n\t\t\t\n\t\t\t\t<\/span>\n<\/a>\n[\/vc_column][\/vc_row][vc_row css=&#8221;.vc_custom_1686646936935{padding-top: 80px !important;padding-bottom: 80px !important;background-color: #faf9f6 !important;}&#8221; responsive_css=&#8221;padding_top_large:145px|padding_bottom_large:168px&#8221; el_class=&#8221;prestations&#8221;][vc_column width=&#8221;5\/12&#8243;][vc_custom_heading text=&#8221;Fa\u00e7a a combina\u00e7\u00e3o perfeita para um lan\u00e7amento de produto sensacional!&#8221; css=&#8221;.vc_custom_1686661686299{margin-bottom: 40px !important;}&#8221;][vc_column_text css=&#8221;.vc_custom_1686644070986{margin-bottom: 40px !important;}&#8221;]<strong>O Caf\u00e9 de l&#8217;Homme<\/strong> e sua arte de entreter ajudar\u00e3o voc\u00ea a criar um evento sob medida para o <strong>lan\u00e7amento do<\/strong> seu <strong>produto<\/strong>. Descubra os diferentes servi\u00e7os oferecidos pelo <strong>Caf\u00e9 de l&#8217;Homme<\/strong> para o <strong>lan\u00e7amento<\/strong> de seu <strong>produto<\/strong> no 16\u00ba arrondissement de Paris.[\/vc_column_text][\/vc_column][vc_column width=&#8221;7\/12&#8243;][vc_row_inner equal_height=&#8221;yes&#8221; content_placement=&#8221;middle&#8221; responsive_css=&#8221;margin_bottom_large:30px&#8221; css=&#8221;.vc_custom_1686224165726{margin-bottom: 40px !important;}&#8221; el_class=&#8221;options&#8221;][vc_column_inner width=&#8221;1\/2&#8243; enable_overlay=&#8221;yes&#8221; align=&#8221;text-center&#8221; css=&#8221;.vc_custom_1686656696885{background-image: url(https:\/\/www.cafedelhomme.com\/wp-content\/uploads\/2023\/04\/img-right-scaled.jpg?id=371) !important;background-position: center !important;background-repeat: no-repeat !important;background-size: cover !important;}&#8221; overlay_bg=&#8221;rgba(0, 0, 0, 0.35)&#8221; el_class=&#8221;option-modal&#8221;]<a href=\"#\" class=\"btn btn-default btn-bordered border-thin btn btn-outline btn-outline-white open_modal-simple ld_button_69f1eb26060ca\">\n\t<span>\n\t\t\n\t\t\t\t\t<span class=\"btn-txt\">le cadre d'exception.<\/span>\n\t\t\t\n\t\t\t\t<\/span>\n<\/a>\n[vc_column_text el_class=&#8221;modal-content-simple&#8221;]<strong>O Caf\u00e9 de l&#8217;Homme<\/strong> comemora <strong>o lan\u00e7amento de<\/strong> seu <strong>produto<\/strong> com uma vista panor\u00e2mica excepcional da <strong>Torre Eiffel<\/strong>. Localizado no cora\u00e7\u00e3o do Palais Chaillot, no 16\u00ba arrondissement, <strong>o Caf\u00e9 de l&#8217;Homme<\/strong> oferece uma vista de tirar o f\u00f4lego dos <strong>jardins do Trocadero<\/strong> e do Champs de Mars. Seu <strong>produto<\/strong> ter\u00e1 um cen\u00e1rio inesquec\u00edvel para o <strong>lan\u00e7amento<\/strong>, com a Dama de Ferro ao fundo.[\/vc_column_text][\/vc_column_inner][vc_column_inner width=&#8221;1\/2&#8243; enable_overlay=&#8221;yes&#8221; align=&#8221;text-center&#8221; css=&#8221;.vc_custom_1686240015414{background-image: url(https:\/\/www.cafedelhomme.com\/wp-content\/uploads\/2023\/04\/bg-fullscreen-scaled.jpg?id=452) !important;background-position: center !important;background-repeat: no-repeat !important;background-size: cover !important;}&#8221; overlay_bg=&#8221;rgba(0, 0, 0, 0.35)&#8221; el_class=&#8221;option-modal&#8221;]<a href=\"#\" class=\"btn btn-default btn-bordered border-thin btn btn-outline btn-outline-white open_modal-simple ld_button_69f1eb26061ef\">\n\t<span>\n\t\t\n\t\t\t\t\t<span class=\"btn-txt\">nos prestations.<\/span>\n\t\t\t\n\t\t\t\t<\/span>\n<\/a>\n[vc_column_text el_class=&#8221;modal-content-simple&#8221;]Para garantir o sucesso do <strong>lan\u00e7amento do<\/strong> seu <strong>produto<\/strong>, oferecemos uma gama de servi\u00e7os de prest\u00edgio. Para o servi\u00e7o de buf\u00ea, nosso fornecedor parceiro est\u00e1 \u00e0 sua disposi\u00e7\u00e3o. Um DJ profissional far\u00e1 a anima\u00e7\u00e3o do seu <strong>evento de lan\u00e7amento<\/strong>. Por fim, um servi\u00e7o de manobrista estar\u00e1 dispon\u00edvel para garantir que seus convidados sejam bem tratados em frente ao Caf\u00e9 de l&#8217;Homme.[\/vc_column_text][\/vc_column_inner][\/vc_row_inner][vc_row_inner equal_height=&#8221;yes&#8221; content_placement=&#8221;middle&#8221; responsive_css=&#8221;margin_bottom_large:10px&#8221; css=&#8221;.vc_custom_1686224370091{margin-bottom: 40px !important;}&#8221; el_class=&#8221;options&#8221;][vc_column_inner width=&#8221;1\/2&#8243; enable_overlay=&#8221;yes&#8221; align=&#8221;text-center&#8221; css=&#8221;.vc_custom_1686240081843{background-image: url(https:\/\/www.cafedelhomme.com\/wp-content\/uploads\/2023\/04\/BG-1-1.jpg?id=354) !important;background-position: center !important;background-repeat: no-repeat !important;background-size: cover !important;}&#8221; overlay_bg=&#8221;rgba(0, 0, 0, 0.35)&#8221; el_class=&#8221;option-modal&#8221;]<a href=\"#\" class=\"btn btn-default btn-bordered border-thin btn btn-outline btn-outline-white open_modal-simple ld_button_69f1eb2606304\">\n\t<span>\n\t\t\n\t\t\t\t\t<span class=\"btn-txt\">nos espaces.<\/span>\n\t\t\t\n\t\t\t\t<\/span>\n<\/a>\n[vc_column_text el_class=&#8221;modal-content-simple&#8221;]Com uma \u00e1rea total de 550 m\u00b2, <strong>o Caf\u00e9 de l&#8217;Homme<\/strong> pode acomodar at\u00e9 300 convidados para <strong>lan\u00e7amentos de produtos<\/strong>. Nosso terra\u00e7o panor\u00e2mico oferece uma vista de tirar o f\u00f4lego da <strong>Dama de Ferro<\/strong>. A ampla sala de recep\u00e7\u00e3o, de frente para a Torre <strong>Eiffel<\/strong>, foi decorada com os melhores materiais para criar um cen\u00e1rio m\u00e1gico para o <strong>lan\u00e7amento do<\/strong> seu <strong>produto<\/strong>.[\/vc_column_text][\/vc_column_inner][vc_column_inner width=&#8221;1\/2&#8243; enable_overlay=&#8221;yes&#8221; align=&#8221;text-center&#8221; css=&#8221;.vc_custom_1686240058941{background-image: url(https:\/\/www.cafedelhomme.com\/wp-content\/uploads\/2023\/04\/img-left-scaled.jpg?id=370) !important;background-position: center !important;background-repeat: no-repeat !important;background-size: cover !important;}&#8221; overlay_bg=&#8221;rgba(0, 0, 0, 0.35)&#8221; el_class=&#8221;option-modal&#8221;]<a href=\"#\" class=\"btn btn-default btn-bordered border-thin btn btn-outline btn-outline-white open_modal-simple ld_button_69f1eb2606410\">\n\t<span>\n\t\t\n\t\t\t\t\t<span class=\"btn-txt\">nos \u00e9quipements.<\/span>\n\t\t\t\n\t\t\t\t<\/span>\n<\/a>\n[vc_column_text el_class=&#8221;modal-content-simple&#8221;]Para tornar <strong>o lan\u00e7amento do<\/strong> seu <strong>produto<\/strong> um momento \u00fanico, o Caf\u00e9 de l&#8217;Homme oferece a voc\u00ea acesso a 3 telas gigantes de 2,8 m x 2,3 m. Seus alto-falantes e microfones transmitir\u00e3o seu conte\u00fado durante todo o <strong>evento de lan\u00e7amento<\/strong>. Para criar uma atmosfera sob medida, o interior e o exterior do <strong>Caf\u00e9 de l&#8217;Homme<\/strong> s\u00e3o equipados com ilumina\u00e7\u00e3o ajust\u00e1vel. Por fim, o local tem uma conex\u00e3o de banda larga para garantir que o seu <strong>evento de lan\u00e7amento<\/strong> possa ser compartilhado instantaneamente na Web.[\/vc_column_text][\/vc_column_inner][\/vc_row_inner][\/vc_column][\/vc_row][vc_row el_id=&#8221;experi\u00eancia-cdh&#8221; responsive_css=&#8221;padding_top_large:250px|padding_bottom_large:250px&#8221; css=&#8221;.vc_custom_1682676040834{padding-top: 80px !important;padding-bottom: 80px !important;}&#8221;][vc_column][vc_custom_heading text=&#8221;Venha e descubra a experi\u00eancia do Caf\u00e9 de l&apos;Homme&#8221; font_container=&#8221;tag:h2|text_align:center&#8221;][vc_column_text]Desfrute de uma experi\u00eancia verdadeiramente atemporal. Voc\u00ea est\u00e1 pronto para essa experi\u00eancia?[\/vc_column_text][vc_row_inner][vc_column_inner align=&#8221;text-center&#8221; el_class=&#8221;group_btn&#8221;]<a href=\"https:\/\/www.cafedelhomme.com\/nos-experiences\" title=\"Nos exp\u00e9riences\" class=\"btn btn-default btn-bordered border-thin btn btn-outline btn-outline-white ld_button_69f1eb2606515\">\n\t<span>\n\t\t\n\t\t\t\t\t<span class=\"btn-txt\">nossas experi\u00eancias.<\/span>\n\t\t\t\n\t\t\t\t<\/span>\n<\/a>\n<a href=\"https:\/\/www.cafedelhomme.com\/la-carte\" title=\"La Carte\" class=\"btn btn-default btn-bordered border-thin btn btn-outline btn-outline-white ld_button_69f1eb2606639\">\n\t<span>\n\t\t\n\t\t\t\t\t<span class=\"btn-txt\">Veja o mapa.<\/span>\n\t\t\t\n\t\t\t\t<\/span>\n<\/a>\n[\/vc_column_inner][\/vc_row_inner][\/vc_column][\/vc_row]<\/p>\n<\/div>","protected":false},"excerpt":{"rendered":"<p>[vc_row sticky_row=&#8221;yes&#8221; css=&#8221;.vc_custom_1686649571943{background-image: url(https:\/\/www.cafedelhomme.com\/wp-content\/uploads\/2023\/06\/bg-cafedelhomme.jpg?id=2514) !important;background-position: center !important;background-repeat: no-repeat !important;background-size: cover !important;}&#8221; el_id=&#8221;cabe\u00e7alho-p\u00e1gina-simples&#8221;][vc_column responsive_css=&#8221;padding_top_large:220px|padding_bottom_large:220px&#8221; css=&#8221;.vc_custom_1683277774171{padding-top: 120px !important;padding-bottom: 230px !important;}&#8221;][vc_custom_heading text=&#8221;Voc\u00ea gostaria de lan\u00e7ar seu produto em frente \u00e0 Torre Eiffel?&#8221; font_container=&#8221;tag:h1|text_align:center&#8221; css=&#8221;.vc_custom_1686642898073{margin-bottom: 0px !important;}&#8221;][\/vc_column][\/vc_row][vc_row el_id=&#8221;img-e-texto&#8221; responsive_css=&#8221;padding_top_large:160px|padding_bottom_large:80px&#8221; css=&#8221;.vc_custom_1686646899712{padding-bottom: 40px !important;background-color: #ffffff !important;}&#8221;][vc_column][vc_row_inner equal_height=&#8221;yes&#8221; content_placement=&#8221;middle&#8221; responsive_css=&#8221;margin_bottom_large:80px&#8221; css=&#8221;.vc_custom_1686661166823{margin-bottom: 40px&#8230;<\/p>\n","protected":false},"author":1,"featured_media":8275,"parent":8082,"menu_order":0,"comment_status":"closed","ping_status":"closed","template":"","meta":{"_acf_changed":false,"footnotes":""},"class_list":["post-8274","page","type-page","status-publish","has-post-thumbnail","hentry"],"acf":[],"yoast_head":"<!-- This site is optimized with the Yoast SEO Premium plugin v20.10 (Yoast SEO v27.0) - https:\/\/yoast.com\/product\/yoast-seo-premium-wordpress\/ -->\n<title>Voc\u00ea gostaria de lan\u00e7ar seu produto em frente \u00e0 Torre Eiffel? - Caf\u00e9 de l&#039;Homme<\/title>\n<meta name=\"robots\" content=\"index, follow, max-snippet:-1, max-image-preview:large, max-video-preview:-1\" \/>\n<link rel=\"canonical\" href=\"https:\/\/www.cafedelhomme.com\/pt-br\/privatizar\/voce-gostaria-de-lancar-seu-produto-em-frente-a-torre-eiffel\" \/>\n<meta property=\"og:locale\" content=\"pt_BR\" \/>\n<meta property=\"og:type\" content=\"article\" \/>\n<meta property=\"og:title\" content=\"Voc\u00ea gostaria de lan\u00e7ar seu produto em frente \u00e0 Torre Eiffel? - Caf\u00e9 de l&#039;Homme\" \/>\n<meta property=\"og:description\" content=\"[vc_row sticky_row=&#8221;yes&#8221; css=&#8221;.vc_custom_1686649571943{background-image: url(https:\/\/www.cafedelhomme.com\/wp-content\/uploads\/2023\/06\/bg-cafedelhomme.jpg?id=2514) !important;background-position: center !important;background-repeat: no-repeat !important;background-size: cover !important;}&#8221; el_id=&#8221;cabe\u00e7alho-p\u00e1gina-simples&#8221;][vc_column responsive_css=&#8221;padding_top_large:220px|padding_bottom_large:220px&#8221; css=&#8221;.vc_custom_1683277774171{padding-top: 120px !important;padding-bottom: 230px !important;}&#8221;][vc_custom_heading text=&#8221;Voc\u00ea gostaria de lan\u00e7ar seu produto em frente \u00e0 Torre Eiffel?&#8221; font_container=&#8221;tag:h1|text_align:center&#8221; css=&#8221;.vc_custom_1686642898073{margin-bottom: 0px !important;}&#8221;][\/vc_column][\/vc_row][vc_row el_id=&#8221;img-e-texto&#8221; responsive_css=&#8221;padding_top_large:160px|padding_bottom_large:80px&#8221; css=&#8221;.vc_custom_1686646899712{padding-bottom: 40px !important;background-color: #ffffff !important;}&#8221;][vc_column][vc_row_inner equal_height=&#8221;yes&#8221; content_placement=&#8221;middle&#8221; responsive_css=&#8221;margin_bottom_large:80px&#8221; css=&#8221;.vc_custom_1686661166823{margin-bottom: 40px...\" \/>\n<meta property=\"og:url\" content=\"https:\/\/www.cafedelhomme.com\/pt-br\/privatizar\/voce-gostaria-de-lancar-seu-produto-em-frente-a-torre-eiffel\" \/>\n<meta property=\"og:site_name\" content=\"Caf\u00e9 de l&#039;Homme\" \/>\n<meta property=\"article:publisher\" content=\"https:\/\/www.facebook.com\/cafedelhomme\" \/>\n<meta property=\"article:modified_time\" content=\"2025-03-18T08:52:55+00:00\" \/>\n<meta property=\"og:image\" content=\"https:\/\/www.cafedelhomme.com\/wp-content\/uploads\/2023\/06\/bg-cafedelhomme.jpg\" \/>\n\t<meta property=\"og:image:width\" content=\"1920\" \/>\n\t<meta property=\"og:image:height\" content=\"1080\" \/>\n\t<meta property=\"og:image:type\" content=\"image\/jpeg\" \/>\n<meta name=\"twitter:card\" content=\"summary_large_image\" \/>\n<meta name=\"twitter:label1\" content=\"Est. tempo de leitura\" \/>\n\t<meta name=\"twitter:data1\" content=\"8 minutos\" \/>\n<script type=\"application\/ld+json\" class=\"yoast-schema-graph\">{\"@context\":\"https:\/\/schema.org\",\"@graph\":[{\"@type\":\"WebPage\",\"@id\":\"https:\/\/www.cafedelhomme.com\/pt-br\/privatizar\/voce-gostaria-de-lancar-seu-produto-em-frente-a-torre-eiffel\",\"url\":\"https:\/\/www.cafedelhomme.com\/pt-br\/privatizar\/voce-gostaria-de-lancar-seu-produto-em-frente-a-torre-eiffel\",\"name\":\"Voc\u00ea gostaria de lan\u00e7ar seu produto em frente \u00e0 Torre Eiffel? - Caf\u00e9 de l'Homme\",\"isPartOf\":{\"@id\":\"https:\/\/www.cafedelhomme.com\/pt-br#website\"},\"primaryImageOfPage\":{\"@id\":\"https:\/\/www.cafedelhomme.com\/pt-br\/privatizar\/voce-gostaria-de-lancar-seu-produto-em-frente-a-torre-eiffel#primaryimage\"},\"image\":{\"@id\":\"https:\/\/www.cafedelhomme.com\/pt-br\/privatizar\/voce-gostaria-de-lancar-seu-produto-em-frente-a-torre-eiffel#primaryimage\"},\"thumbnailUrl\":\"https:\/\/www.cafedelhomme.com\/wp-content\/uploads\/2023\/06\/bg-cafedelhomme.jpg\",\"datePublished\":\"2023-06-13T07:49:40+00:00\",\"dateModified\":\"2025-03-18T08:52:55+00:00\",\"breadcrumb\":{\"@id\":\"https:\/\/www.cafedelhomme.com\/pt-br\/privatizar\/voce-gostaria-de-lancar-seu-produto-em-frente-a-torre-eiffel#breadcrumb\"},\"inLanguage\":\"pt-BR\",\"potentialAction\":[{\"@type\":\"ReadAction\",\"target\":[\"https:\/\/www.cafedelhomme.com\/pt-br\/privatizar\/voce-gostaria-de-lancar-seu-produto-em-frente-a-torre-eiffel\"]}]},{\"@type\":\"ImageObject\",\"inLanguage\":\"pt-BR\",\"@id\":\"https:\/\/www.cafedelhomme.com\/pt-br\/privatizar\/voce-gostaria-de-lancar-seu-produto-em-frente-a-torre-eiffel#primaryimage\",\"url\":\"https:\/\/www.cafedelhomme.com\/wp-content\/uploads\/2023\/06\/bg-cafedelhomme.jpg\",\"contentUrl\":\"https:\/\/www.cafedelhomme.com\/wp-content\/uploads\/2023\/06\/bg-cafedelhomme.jpg\",\"width\":1920,\"height\":1080},{\"@type\":\"BreadcrumbList\",\"@id\":\"https:\/\/www.cafedelhomme.com\/pt-br\/privatizar\/voce-gostaria-de-lancar-seu-produto-em-frente-a-torre-eiffel#breadcrumb\",\"itemListElement\":[{\"@type\":\"ListItem\",\"position\":1,\"name\":\"Privatizar\",\"item\":\"https:\/\/www.cafedelhomme.com\/pt-br\/privatizar\"},{\"@type\":\"ListItem\",\"position\":2,\"name\":\"Voc\u00ea gostaria de lan\u00e7ar seu produto em frente \u00e0 Torre Eiffel?\"}]},{\"@type\":\"WebSite\",\"@id\":\"https:\/\/www.cafedelhomme.com\/pt-br#website\",\"url\":\"https:\/\/www.cafedelhomme.com\/pt-br\",\"name\":\"Caf\u00e9 de l'Homme\",\"description\":\"\",\"publisher\":{\"@id\":\"https:\/\/www.cafedelhomme.com\/pt-br#organization\"},\"potentialAction\":[{\"@type\":\"SearchAction\",\"target\":{\"@type\":\"EntryPoint\",\"urlTemplate\":\"https:\/\/www.cafedelhomme.com\/pt-br?s={search_term_string}\"},\"query-input\":{\"@type\":\"PropertyValueSpecification\",\"valueRequired\":true,\"valueName\":\"search_term_string\"}}],\"inLanguage\":\"pt-BR\"},{\"@type\":\"Organization\",\"@id\":\"https:\/\/www.cafedelhomme.com\/pt-br#organization\",\"name\":\"Caf\u00e9 de l'Homme\",\"url\":\"https:\/\/www.cafedelhomme.com\/pt-br\",\"logo\":{\"@type\":\"ImageObject\",\"inLanguage\":\"pt-BR\",\"@id\":\"https:\/\/www.cafedelhomme.com\/pt-br#\/schema\/logo\/image\/\",\"url\":\"https:\/\/www.cafedelhomme.com\/wp-content\/uploads\/2023\/04\/big-logo-300x163-1.png\",\"contentUrl\":\"https:\/\/www.cafedelhomme.com\/wp-content\/uploads\/2023\/04\/big-logo-300x163-1.png\",\"width\":300,\"height\":163,\"caption\":\"Caf\u00e9 de l'Homme\"},\"image\":{\"@id\":\"https:\/\/www.cafedelhomme.com\/pt-br#\/schema\/logo\/image\/\"},\"sameAs\":[\"https:\/\/www.facebook.com\/cafedelhomme\",\"https:\/\/www.instagram.com\/cafedelhomme\/\"]}]}<\/script>\n<!-- \/ Yoast SEO Premium plugin. -->","yoast_head_json":{"title":"Voc\u00ea gostaria de lan\u00e7ar seu produto em frente \u00e0 Torre Eiffel? - Caf\u00e9 de l'Homme","robots":{"index":"index","follow":"follow","max-snippet":"max-snippet:-1","max-image-preview":"max-image-preview:large","max-video-preview":"max-video-preview:-1"},"canonical":"https:\/\/www.cafedelhomme.com\/pt-br\/privatizar\/voce-gostaria-de-lancar-seu-produto-em-frente-a-torre-eiffel","og_locale":"pt_BR","og_type":"article","og_title":"Voc\u00ea gostaria de lan\u00e7ar seu produto em frente \u00e0 Torre Eiffel? - Caf\u00e9 de l'Homme","og_description":"[vc_row sticky_row=&#8221;yes&#8221; css=&#8221;.vc_custom_1686649571943{background-image: url(https:\/\/www.cafedelhomme.com\/wp-content\/uploads\/2023\/06\/bg-cafedelhomme.jpg?id=2514) !important;background-position: center !important;background-repeat: no-repeat !important;background-size: cover !important;}&#8221; el_id=&#8221;cabe\u00e7alho-p\u00e1gina-simples&#8221;][vc_column responsive_css=&#8221;padding_top_large:220px|padding_bottom_large:220px&#8221; css=&#8221;.vc_custom_1683277774171{padding-top: 120px !important;padding-bottom: 230px !important;}&#8221;][vc_custom_heading text=&#8221;Voc\u00ea gostaria de lan\u00e7ar seu produto em frente \u00e0 Torre Eiffel?&#8221; font_container=&#8221;tag:h1|text_align:center&#8221; css=&#8221;.vc_custom_1686642898073{margin-bottom: 0px !important;}&#8221;][\/vc_column][\/vc_row][vc_row el_id=&#8221;img-e-texto&#8221; responsive_css=&#8221;padding_top_large:160px|padding_bottom_large:80px&#8221; css=&#8221;.vc_custom_1686646899712{padding-bottom: 40px !important;background-color: #ffffff !important;}&#8221;][vc_column][vc_row_inner equal_height=&#8221;yes&#8221; content_placement=&#8221;middle&#8221; responsive_css=&#8221;margin_bottom_large:80px&#8221; css=&#8221;.vc_custom_1686661166823{margin-bottom: 40px...","og_url":"https:\/\/www.cafedelhomme.com\/pt-br\/privatizar\/voce-gostaria-de-lancar-seu-produto-em-frente-a-torre-eiffel","og_site_name":"Caf\u00e9 de l'Homme","article_publisher":"https:\/\/www.facebook.com\/cafedelhomme","article_modified_time":"2025-03-18T08:52:55+00:00","og_image":[{"width":1920,"height":1080,"url":"https:\/\/www.cafedelhomme.com\/wp-content\/uploads\/2023\/06\/bg-cafedelhomme.jpg","type":"image\/jpeg"}],"twitter_card":"summary_large_image","twitter_misc":{"Est. tempo de leitura":"8 minutos"},"schema":{"@context":"https:\/\/schema.org","@graph":[{"@type":"WebPage","@id":"https:\/\/www.cafedelhomme.com\/pt-br\/privatizar\/voce-gostaria-de-lancar-seu-produto-em-frente-a-torre-eiffel","url":"https:\/\/www.cafedelhomme.com\/pt-br\/privatizar\/voce-gostaria-de-lancar-seu-produto-em-frente-a-torre-eiffel","name":"Voc\u00ea gostaria de lan\u00e7ar seu produto em frente \u00e0 Torre Eiffel? - Caf\u00e9 de l'Homme","isPartOf":{"@id":"https:\/\/www.cafedelhomme.com\/pt-br#website"},"primaryImageOfPage":{"@id":"https:\/\/www.cafedelhomme.com\/pt-br\/privatizar\/voce-gostaria-de-lancar-seu-produto-em-frente-a-torre-eiffel#primaryimage"},"image":{"@id":"https:\/\/www.cafedelhomme.com\/pt-br\/privatizar\/voce-gostaria-de-lancar-seu-produto-em-frente-a-torre-eiffel#primaryimage"},"thumbnailUrl":"https:\/\/www.cafedelhomme.com\/wp-content\/uploads\/2023\/06\/bg-cafedelhomme.jpg","datePublished":"2023-06-13T07:49:40+00:00","dateModified":"2025-03-18T08:52:55+00:00","breadcrumb":{"@id":"https:\/\/www.cafedelhomme.com\/pt-br\/privatizar\/voce-gostaria-de-lancar-seu-produto-em-frente-a-torre-eiffel#breadcrumb"},"inLanguage":"pt-BR","potentialAction":[{"@type":"ReadAction","target":["https:\/\/www.cafedelhomme.com\/pt-br\/privatizar\/voce-gostaria-de-lancar-seu-produto-em-frente-a-torre-eiffel"]}]},{"@type":"ImageObject","inLanguage":"pt-BR","@id":"https:\/\/www.cafedelhomme.com\/pt-br\/privatizar\/voce-gostaria-de-lancar-seu-produto-em-frente-a-torre-eiffel#primaryimage","url":"https:\/\/www.cafedelhomme.com\/wp-content\/uploads\/2023\/06\/bg-cafedelhomme.jpg","contentUrl":"https:\/\/www.cafedelhomme.com\/wp-content\/uploads\/2023\/06\/bg-cafedelhomme.jpg","width":1920,"height":1080},{"@type":"BreadcrumbList","@id":"https:\/\/www.cafedelhomme.com\/pt-br\/privatizar\/voce-gostaria-de-lancar-seu-produto-em-frente-a-torre-eiffel#breadcrumb","itemListElement":[{"@type":"ListItem","position":1,"name":"Privatizar","item":"https:\/\/www.cafedelhomme.com\/pt-br\/privatizar"},{"@type":"ListItem","position":2,"name":"Voc\u00ea gostaria de lan\u00e7ar seu produto em frente \u00e0 Torre Eiffel?"}]},{"@type":"WebSite","@id":"https:\/\/www.cafedelhomme.com\/pt-br#website","url":"https:\/\/www.cafedelhomme.com\/pt-br","name":"Caf\u00e9 de l'Homme","description":"","publisher":{"@id":"https:\/\/www.cafedelhomme.com\/pt-br#organization"},"potentialAction":[{"@type":"SearchAction","target":{"@type":"EntryPoint","urlTemplate":"https:\/\/www.cafedelhomme.com\/pt-br?s={search_term_string}"},"query-input":{"@type":"PropertyValueSpecification","valueRequired":true,"valueName":"search_term_string"}}],"inLanguage":"pt-BR"},{"@type":"Organization","@id":"https:\/\/www.cafedelhomme.com\/pt-br#organization","name":"Caf\u00e9 de l'Homme","url":"https:\/\/www.cafedelhomme.com\/pt-br","logo":{"@type":"ImageObject","inLanguage":"pt-BR","@id":"https:\/\/www.cafedelhomme.com\/pt-br#\/schema\/logo\/image\/","url":"https:\/\/www.cafedelhomme.com\/wp-content\/uploads\/2023\/04\/big-logo-300x163-1.png","contentUrl":"https:\/\/www.cafedelhomme.com\/wp-content\/uploads\/2023\/04\/big-logo-300x163-1.png","width":300,"height":163,"caption":"Caf\u00e9 de l'Homme"},"image":{"@id":"https:\/\/www.cafedelhomme.com\/pt-br#\/schema\/logo\/image\/"},"sameAs":["https:\/\/www.facebook.com\/cafedelhomme","https:\/\/www.instagram.com\/cafedelhomme\/"]}]}},"_links":{"self":[{"href":"https:\/\/www.cafedelhomme.com\/pt-br\/wp-json\/wp\/v2\/pages\/8274","targetHints":{"allow":["GET"]}}],"collection":[{"href":"https:\/\/www.cafedelhomme.com\/pt-br\/wp-json\/wp\/v2\/pages"}],"about":[{"href":"https:\/\/www.cafedelhomme.com\/pt-br\/wp-json\/wp\/v2\/types\/page"}],"author":[{"embeddable":true,"href":"https:\/\/www.cafedelhomme.com\/pt-br\/wp-json\/wp\/v2\/users\/1"}],"replies":[{"embeddable":true,"href":"https:\/\/www.cafedelhomme.com\/pt-br\/wp-json\/wp\/v2\/comments?post=8274"}],"version-history":[{"count":4,"href":"https:\/\/www.cafedelhomme.com\/pt-br\/wp-json\/wp\/v2\/pages\/8274\/revisions"}],"predecessor-version":[{"id":8280,"href":"https:\/\/www.cafedelhomme.com\/pt-br\/wp-json\/wp\/v2\/pages\/8274\/revisions\/8280"}],"up":[{"embeddable":true,"href":"https:\/\/www.cafedelhomme.com\/pt-br\/wp-json\/wp\/v2\/pages\/8082"}],"wp:featuredmedia":[{"embeddable":true,"href":"https:\/\/www.cafedelhomme.com\/pt-br\/wp-json\/wp\/v2\/media\/8275"}],"wp:attachment":[{"href":"https:\/\/www.cafedelhomme.com\/pt-br\/wp-json\/wp\/v2\/media?parent=8274"}],"curies":[{"name":"wp","href":"https:\/\/api.w.org\/{rel}","templated":true}]}}