{"id":8436,"date":"2025-02-17T09:00:22","date_gmt":"2025-02-17T08:00:22","guid":{"rendered":"https:\/\/www.cafedelhomme.com\/restaurante-ao-redor-da-torre-eiffel"},"modified":"2025-03-18T09:55:01","modified_gmt":"2025-03-18T08:55:01","slug":"restaurante-ao-redor-da-torre-eiffel","status":"publish","type":"page","link":"https:\/\/www.cafedelhomme.com\/pt-br\/restaurante-ao-redor-da-torre-eiffel","title":{"rendered":"Restaurante ao redor da Torre Eiffel"},"content":{"rendered":"<div class=\"wpb-content-wrapper\"><p>[vc_row sticky_row=&#8221;yes&#8221; css=&#8221;.vc_custom_1729757449101{background-image: url(https:\/\/www.cafedelhomme.com\/wp-content\/uploads\/2024\/01\/header-homepage-cdh.jpg?id=5114) !important;background-position: center !important;background-repeat: no-repeat !important;background-size: cover !important;}&#8221; el_id=&#8221;cabe\u00e7alho-p\u00e1gina-simples&#8221;][vc_column responsive_css=&#8221;padding_top_large:220px|padding_bottom_large:220px&#8221; css=&#8221;.vc_custom_1683277774171{padding-top: 120px !important;padding-bottom: 230px !important;}&#8221;][vc_custom_heading text=&#8221;Descubra um restaurante excepcional ao redor da Torre Eiffel&#8221; font_container=&#8221;tag:h1|text_align:center&#8221; css=&#8221;.vc_custom_1738078832807{margin-bottom: 0px !important;}&#8221;][vc_column_text css=&#8221;&#8221;]<\/p>\n<p style=\"text-align: center;\"><span style=\"font-weight: 400;\">Uma experi\u00eancia culin\u00e1ria excepcional<br \/>\n<\/span><span style=\"font-weight: 400;\">perto da Torre Eiffel<\/span><\/p>\n<p>[\/vc_column_text][\/vc_column][\/vc_row][vc_row el_id=&#8221;img-e-texto&#8221; responsive_css=&#8221;padding_top_large:160px|padding_bottom_large:80px&#8221; css=&#8221;.vc_custom_1730107755116{padding-bottom: 40px !important;background-color: #ffffff !important;}&#8221;][vc_column][vc_row_inner equal_height=&#8221;yes&#8221; content_placement=&#8221;middle&#8221; responsive_css=&#8221;margin_bottom_large:80px&#8221; css=&#8221;.vc_custom_1686138812636{margin-bottom: 40px !important;}&#8221;][vc_column_inner width=&#8221;1\/2&#8243; el_class=&#8221;picture_top&#8221;][vc_single_image image=&#8221;8428&#8243; img_size=&#8221;full&#8221; alignment=&#8221;center&#8221; css=&#8221;.vc_custom_1738078873620{margin-bottom: 0px !important;}&#8221;][\/vc_column_inner][vc_column_inner width=&#8221;1\/2&#8243; el_class=&#8221;text_right&#8221;][vc_custom_heading text=&#8221;Um restaurante excepcional com uma vista de tirar o f\u00f4lego da Torre Eiffel&#8221; css=&#8221;&#8221;][vc_column_text css=&#8221;&#8221;]<b>Caf\u00e9 de l&#8217;Homme<\/b><span style=\"font-weight: 400;\">idealmente localizado no Trocadero, convida voc\u00ea a desfrutar de uma experi\u00eancia culin\u00e1ria \u00fanica de frente para a majestosa <\/span><b>Torre Eiffel<\/b><span style=\"font-weight: 400;\">. Com seu terra\u00e7o panor\u00e2mico que oferece vistas de tirar o f\u00f4lego, nosso restaurante \u00e9 o lugar ideal para almo\u00e7ar ou jantar ao lado desse monumento ic\u00f4nico. <\/span><\/p>\n<p><span style=\"font-weight: 400;\">Cada prato, meticulosamente preparado por nosso chef, celebra a <\/span><b>a gastronomia francesa<\/b><span style=\"font-weight: 400;\">  e produtos sazonais. Se voc\u00ea estiver procurando por um   <\/span><b>Voc\u00ea pode escolher entre um restaurante com vista para a Torre Eiffel<\/b><span style=\"font-weight: 400;\"> ou um lugar para celebrar um momento especial, nosso estabelecimento combina eleg\u00e2ncia e requinte para atender a todas as suas expectativas.<\/span><\/p>\n<p><span style=\"font-weight: 400;\">Desfrute de um ambiente encantador, perfeito para um <\/span><b>jantar rom\u00e2ntico<\/b><span style=\"font-weight: 400;\">  ou uma reuni\u00e3o com amigos. O terra\u00e7o do Caf\u00e9 de l&#8217;Homme, bem pr\u00f3ximo \u00e0 Torre Eiffel, garante uma atmosfera memor\u00e1vel de sofistica\u00e7\u00e3o e conv\u00edvio. <\/span><\/p>\n<p><span style=\"font-weight: 400;\">Reserve agora e descubra o porqu\u00ea <\/span><b>Caf\u00e9 de l&#8217;Homme<\/b><span style=\"font-weight: 400;\"> \u00e9 considerado o <\/span><b>melhor restaurante ao redor da Torre Eiffel<\/b><span style=\"font-weight: 400;\"> e deixe-se seduzir por uma <a href=\"https:\/\/www.cafedelhomme.com\/pt-br\/nossa-experiencia\">experi\u00eancia culin\u00e1ria<\/a> e visual extraordin\u00e1ria.<\/span>[\/vc_column_text][\/vc_column_inner][\/vc_row_inner][\/vc_column][\/vc_row][vc_row enable_gradient=&#8221;yes&#8221; css=&#8221;.vc_custom_1730111311851{padding-top: 150px !important;padding-bottom: 150px !important;background-color: #000000 !important;background-position: center !important;background-repeat: no-repeat !important;background-size: cover !important;}&#8221; el_class=&#8221;visite-virtuelle&#8221; gradient_bg=&#8221;linear-gradient(0deg, rgba(0, 0, 0, 0.5) 0%, rgba(0,0,0,0.4) 100%)&#8221;][vc_column][vc_custom_heading text=&#8221;Conhe\u00e7a nosso restaurante com terra\u00e7o de frente para a Torre Eiffel&#8221; font_container=&#8221;tag:h2|text_align:center&#8221; css=&#8221;&#8221;][vc_column_text css=&#8221;&#8221;]<\/p>\n<div id=\"1730108382.121419\" class=\"c-virtual_list__item\" tabindex=\"0\" role=\"listitem\" aria-setsize=\"-1\" data-qa=\"virtual-list-item\" data-item-key=\"1730108382.121419\">\n<div class=\"c-message_kit__background p-message_pane_message__message c-message_kit__message\" role=\"presentation\" data-qa=\"message_container\" data-qa-unprocessed=\"false\" data-qa-placeholder=\"false\">\n<div class=\"c-message_kit__hover\" role=\"document\" aria-roledescription=\"message\" data-qa-hover=\"true\">\n<div class=\"c-message_kit__actions c-message_kit__actions--default\">\n<div class=\"c-message_kit__gutter\">\n<div class=\"c-message_kit__gutter__right\" role=\"presentation\" data-qa=\"message_content\">\n<div class=\"c-message_kit__blocks c-message_kit__blocks--rich_text\">\n<div class=\"c-message__message_blocks c-message__message_blocks--rich_text\" data-qa=\"message-text\">\n<div class=\"p-block_kit_renderer\" data-qa=\"block-kit-renderer\">\n<div class=\"p-block_kit_renderer__block_wrapper p-block_kit_renderer__block_wrapper--first\">\n<div class=\"p-rich_text_block\" dir=\"auto\">\n<div class=\"p-rich_text_section\">Descubra a incompar\u00e1vel experi\u00eancia <strong>do Caf\u00e9 de l&#8217;<\/strong> Homme com nosso tour virtual imersivo. Explore cada \u00e1rea de nosso <strong>restaurante com terra\u00e7o<\/strong> que oferece vistas espetaculares da <strong>Torre Eiffel<\/strong>.  Mergulhe no mundo acolhedor e refinado do Caf\u00e9 de l&#8217;Homme e prepare-se para uma experi\u00eancia inesquec\u00edvel bem no cora\u00e7\u00e3o de <strong>Paris<\/strong>!<\/div>\n<\/div>\n<\/div>\n<\/div>\n<\/div>\n<\/div>\n<\/div>\n<\/div>\n<\/div>\n<\/div>\n<\/div>\n<\/div>\n<p>[\/vc_column_text]<a href=\"#\" class=\"btn btn-default btn-bordered border-thin btn btn-outline btn-outline-white open-vv eiffel-vv ld_button_69f49e0d6bb8b\">\n\t<span>\n\t\t\n\t\t\t\t\t<span class=\"btn-txt\">d\u00e9marrer la visite virtuelle<\/span>\n\t\t\t\n\t\t\t\t<\/span>\n<\/a>\n[\/vc_column][\/vc_row][vc_row responsive_css=&#8221;padding_top_large:160px|padding_bottom_large:80px&#8221; css=&#8221;.vc_custom_1730107763818{padding-bottom: 40px !important;background-color: #ffffff !important;}&#8221; el_id=&#8221;img-e-text-alt&#8221;][vc_column][vc_row_inner equal_height=&#8221;yes&#8221; content_placement=&#8221;middle&#8221;][vc_column_inner width=&#8221;1\/2&#8243; el_class=&#8221;text_left&#8221;][vc_custom_heading text=&#8221;Um jantar inesquec\u00edvel perto da Torre Eiffel&#8221; css=&#8221;&#8221;][vc_column_text css=&#8221;&#8221;]<span style=\"font-weight: 400;\">Presenteie-se com um momento excepcional no <\/span><b>Caf\u00e9 de l&#8217;Homme<\/b><span style=\"font-weight: 400;\">a poucos passos da <\/span><b>Torre Eiffel<\/b><span style=\"font-weight: 400;\">. Nosso restaurante oferece uma experi\u00eancia culin\u00e1ria \u00fanica com uma vista espetacular do monumento mais emblem\u00e1tico de Paris. Mergulhe em uma atmosfera que combina intimidade e requinte, ideal para um almo\u00e7o de neg\u00f3cios, um jantar rom\u00e2ntico ou uma noite com amigos.  <\/span><\/p>\n<p><span style=\"font-weight: 400;\">Nosso <\/span><b>restaurante com terra\u00e7o pr\u00f3ximo \u00e0 Torre Eiffel<\/b><span style=\"font-weight: 400;\">  \u00e9 o cen\u00e1rio perfeito para todas as suas ocasi\u00f5es, sejam elas pessoais ou profissionais. Deixe-se seduzir por nossa culin\u00e1ria gourmet com sabores sazonais, enquanto admira as luzes cintilantes do   <\/span><b>Dama de Ferro<\/b><span style=\"font-weight: 400;\">.<\/span><\/p>\n<p><span style=\"font-weight: 400;\">Venha e desfrute de <a href=\"https:\/\/www.cafedelhomme.com\/pt-br\/la-carte\">uma refei\u00e7\u00e3o fora do comum<\/a> no <\/span><b>Caf\u00e9 de l&#8217;Homme<\/b><span style=\"font-weight: 400;\">  e desfrute de vistas panor\u00e2micas de tirar o f\u00f4lego da capital. Descubra por que somos considerados o melhor hotel para voc\u00ea.   <\/span><b>o restaurante mais emblem\u00e1tico ao redor da Torre Eiffel<\/b><span style=\"font-weight: 400;\">. Cada prato \u00e9 um convite a uma viagem pelos sentidos, tornando seu almo\u00e7o ou jantar perto da Torre Eiffel uma experi\u00eancia inesquec\u00edvel. <\/span>[\/vc_column_text]<a href=\"https:\/\/www.sevenrooms.com\/explore\/cafedelhomme\/reservations\/create\/search?tracking=seo-blog\" target=\"_blank\" class=\"btn btn-naked btn_underline ld_button_69f49e0d6bd3c\">\n\t<span>\n\t\t\n\t\t\t\t\t<span class=\"btn-txt\">r\u00e9server une table.<\/span>\n\t\t\t\n\t\t\t\t<\/span>\n<\/a>\n[\/vc_column_inner][vc_column_inner width=&#8221;1\/2&#8243; el_class=&#8221;picture_bottom&#8221;][vc_single_image image=&#8221;6165&#8243; img_size=&#8221;full&#8221; alignment=&#8221;center&#8221; css=&#8221;&#8221;][\/vc_column_inner][\/vc_row_inner][\/vc_column][\/vc_row][vc_row enable_overlay=&#8221;yes&#8221; el_class=&#8221;experience-cdh&#8221; css=&#8221;.vc_custom_1729763312068{background-image: url(https:\/\/www.cafedelhomme.com\/wp-content\/uploads\/2024\/10\/700128bf344cb581fee6cdd353b8c90b.webp?id=6642) !important;}&#8221; overlay_bg=&#8221;rgba(0, 0, 0, 0.3)&#8221;][vc_column responsive_css=&#8221;padding_top_large:220px|padding_bottom_large:220px&#8221; css=&#8221;.vc_custom_1729763119868{padding-top: 120px !important;padding-bottom: 230px !important;}&#8221;][vc_custom_heading text=&#8221;Venha descobrir nossas<br \/>\nexperi\u00eancias gastron\u00f4micas&#8221; font_container=&#8221;tag:h2|font_size:75px|text_align:center|color:%23ffffff|line_height:78px&#8221; css=&#8221;&#8221;][vc_column_text css=&#8221;&#8221; el_class=&#8221;text-white&#8221;]<\/p>\n<p style=\"color: white !important; text-align: center; margin-top: 24px;\">Desfrute de uma experi\u00eancia verdadeiramente atemporal. Voc\u00ea est\u00e1 pronto para essa experi\u00eancia? <\/p>\n<p>[\/vc_column_text]\n<ul id=\"menu_experiences-inline\" class=\"lqd-custom-menu reset-ul   menu_experiences-inline\"><li id=\"menu-item-16308\" class=\"menu-item menu-item-type-custom menu-item-object-custom menu-item-16308\"><a href=\"#eiffel\">Jantar no Eiffel<\/a><\/li>\n<li id=\"menu-item-9393\" class=\"menu-item menu-item-type-custom menu-item-object-custom menu-item-9393\"><a href=\"#eiffel-lunch\">Almo\u00e7o na Eiffel<\/a><\/li>\n<li id=\"menu-item-16309\" class=\"menu-item menu-item-type-custom menu-item-object-custom menu-item-16309\"><a href=\"#diamond\">Jantar Diamante<\/a><\/li>\n<li id=\"menu-item-9395\" class=\"menu-item menu-item-type-custom menu-item-object-custom menu-item-9395\"><a href=\"#diamond-lunch\">Almo\u00e7o Diamante<\/a><\/li>\n<li id=\"menu-item-9398\" class=\"menu-item menu-item-type-custom menu-item-object-custom menu-item-9398\"><a href=\"#premium\">Premium<\/a><\/li>\n<\/ul>[\/vc_column][\/vc_row][vc_row responsive_css=&#8221;padding_top_large:50px|padding_bottom_large:50px&#8221; el_id=&#8221;introdu\u00e7\u00e3o de migalhas&#8221; el_class=&#8221;intro&#8221; css=&#8221;.vc_custom_1729760041826{padding-top: 50px !important;padding-bottom: 50px !important;}&#8221;][vc_column align=&#8221;text-center&#8221; el_id=&#8221;intro-section&#8221;][\/vc_column][vc_column el_class=&#8221;section-shadow&#8221;][\/vc_column][\/vc_row][vc_row el_id=&#8221;img-e-texto&#8221; responsive_css=&#8221;padding_bottom_large:80px&#8221; css=&#8221;.vc_custom_1686126290516{padding-bottom: 40px !important;background-color: #ffffff !important;}&#8221; el_class=&#8221;img-and-text&#8221;][vc_column][vc_row_inner equal_height=&#8221;yes&#8221; content_placement=&#8221;middle&#8221; el_class=&#8221;eiffel section-to-animate&#8221; el_id=&#8221;eiffel-lunch&#8221; css=&#8221;.vc_custom_1723793850822{background-color: #ffffff !important;}&#8221;][vc_column_inner width=&#8221;1\/2&#8243; align=&#8221;text-center&#8221; el_class=&#8221;text_left section-text-content&#8221;][vc_custom_heading text=&#8221;01&#8243; font_container=&#8221;tag:div|text_align:center&#8221; el_class=&#8221;number-title&#8221;][vc_custom_heading text=&#8221;Almo\u00e7o na Eiffel&#8221; font_container=&#8221;tag:h2|text_align:center&#8221; css=&#8221;&#8221;][vc_custom_heading text=&#8221;A QUINTESS\u00caNCIA DO CAF\u00c9 DO HOMEM&#8221; font_container=&#8221;tag:p|text_align:center&#8221; css=&#8221;.vc_custom_1695990250058{padding-bottom: 0px !important;}&#8221; el_class=&#8221;subtitle&#8221;][vc_column_text css=&#8221;&#8221; el_class=&#8221;description&#8221;]Jantar garantido na primeira fila para uma experi\u00eancia inesquec\u00edvel[\/vc_column_text][vc_column_text css=&#8221;&#8221; el_class=&#8221;info_cle&#8221;]A partir de \u20ac 120 por pessoa[\/vc_column_text]<a href=\"#\" class=\"btn btn-naked btn_underline open-vv eiffel-vv ld_button_69f49e0d6d145\">\n\t<span>\n\t\t\n\t\t\t\t\t<span class=\"btn-txt\">d\u00e9marrer la visite virtuelle.<\/span>\n\t\t\t\n\t\t\t\t<\/span>\n<\/a>\n<a href=\"https:\/\/www.sevenrooms.com\/experiences\/cafedelhomme\/menu-d-jeun--10014680200?tracking=seo-blog\" target=\"_blank\" class=\"btn btn-naked btn_underline small-mt ld_button_69f49e0d6d29a\">\n\t<span>\n\t\t\n\t\t\t\t\t<span class=\"btn-txt\">en savoir plus sur l\u2019exp\u00e9rience Eiffel d\u00e9jeuner.<\/span>\n\t\t\t\n\t\t\t\t<\/span>\n<\/a>\n[\/vc_column_inner][vc_column_inner width=&#8221;1\/2&#8243; el_class=&#8221;picture_bottom&#8221;][vc_single_image image=&#8221;6306&#8243; img_size=&#8221;full&#8221; css=&#8221;&#8221;][\/vc_column_inner][vc_column_inner el_class=&#8221;section-shadow&#8221;][\/vc_column_inner][\/vc_row_inner][vc_row_inner equal_height=&#8221;yes&#8221; content_placement=&#8221;middle&#8221; el_class=&#8221;eiffel section-to-animate&#8221; el_id=&#8221;eiffel&#8221; css=&#8221;.vc_custom_1723466591649{background-color: #ffffff !important;}&#8221;][vc_column_inner width=&#8221;1\/2&#8243; el_class=&#8221;picture_top&#8221;][vc_single_image image=&#8221;6329&#8243; img_size=&#8221;full&#8221; css=&#8221;&#8221;][\/vc_column_inner][vc_column_inner width=&#8221;1\/2&#8243; align=&#8221;text-center&#8221; el_class=&#8221;text_right section-text-content&#8221;][vc_custom_heading text=&#8221;02&#8243; font_container=&#8221;tag:div|text_align:center&#8221; css=&#8221;&#8221; el_class=&#8221;number-title&#8221;][vc_custom_heading text=&#8221;Jantar Eiffel&#8221; font_container=&#8221;tag:h2|text_align:center&#8221; css=&#8221;&#8221;][vc_custom_heading text=&#8221;A QUINTESS\u00caNCIA DO CAF\u00c9 DO HOMEM&#8221; font_container=&#8221;tag:p|text_align:center&#8221; css=&#8221;&#8221; el_class=&#8221;subtitle&#8221;][vc_column_text css=&#8221;&#8221; el_class=&#8221;description&#8221;]Desfrute de uma noite atemporal com uma vista \u00fanica da primeira fila.<\/p>\n<p>Saiba mais sobre a<a href=\"https:\/\/www.cafedelhomme.com\/experience-eiffel-diner-restaurant-paris-16\">experi\u00eancia dojantar Eiffel.<\/a>[\/vc_column_text][vc_column_text css=&#8221;&#8221; el_class=&#8221;info_cle&#8221;]A partir de 270 euros por pessoa[\/vc_column_text]<a href=\"#\" class=\"btn btn-naked btn_underline open-vv eiffel-vv ld_button_69f49e0d6d3c9\">\n\t<span>\n\t\t\n\t\t\t\t\t<span class=\"btn-txt\">d\u00e9marrer la visite virtuelle.<\/span>\n\t\t\t\n\t\t\t\t<\/span>\n<\/a>\n<a href=\"https:\/\/www.sevenrooms.com\/experiences\/cafedelhomme\/exp-rience-eiffel-5912988263?tracking=seo-blog\" target=\"_blank\" class=\"btn btn-naked btn_underline small-mt ld_button_69f49e0d6d4e1\">\n\t<span>\n\t\t\n\t\t\t\t\t<span class=\"btn-txt\">en savoir plus sur l\u2019exp\u00e9rience Eiffel d\u00eener.<\/span>\n\t\t\t\n\t\t\t\t<\/span>\n<\/a>\n[\/vc_column_inner][vc_column_inner el_class=&#8221;section-shadow&#8221;][\/vc_column_inner][\/vc_row_inner][vc_row_inner equal_height=&#8221;yes&#8221; content_placement=&#8221;middle&#8221; el_class=&#8221;diamond section-to-animate&#8221; el_id=&#8221;diamond-lunch&#8221; css=&#8221;.vc_custom_1723793872657{background-color: #ffffff !important;}&#8221;][vc_column_inner width=&#8221;1\/2&#8243; align=&#8221;text-center&#8221; el_class=&#8221;text_left section-text-content&#8221;][vc_custom_heading text=&#8221;03&#8243; font_container=&#8221;tag:div|text_align:center&#8221; css=&#8221;&#8221; el_class=&#8221;number-title&#8221;][vc_custom_heading text=&#8221;Caf\u00e9 da manh\u00e3 de diamante&#8221; font_container=&#8221;tag:h2|text_align:center&#8221; css=&#8221;&#8221;][vc_custom_heading text=&#8221;PARA UM MOMENTO EXCEPCIONAL&#8221; font_container=&#8221;tag:p|text_align:center&#8221; css=&#8221;.vc_custom_1723464390033{padding-bottom: 0px !important;}&#8221; el_class=&#8221;subtitle&#8221;][vc_column_text css=&#8221;&#8221; el_class=&#8221;description&#8221;]Mesa na segunda fileira garantida para uma experi\u00eancia inesquec\u00edvel[\/vc_column_text][vc_column_text css=&#8221;&#8221; el_class=&#8221;info_cle&#8221;]A partir de \u20ac 75 por pessoa[\/vc_column_text]<a href=\"#\" class=\"btn btn-naked btn_underline open-vv diamond-vv ld_button_69f49e0d6d5fb\">\n\t<span>\n\t\t\n\t\t\t\t\t<span class=\"btn-txt\">d\u00e9marrer la visite virtuelle.<\/span>\n\t\t\t\n\t\t\t\t<\/span>\n<\/a>\n<a href=\"https:\/\/www.sevenrooms.com\/experiences\/cafedelhomme\/menu-d-jeun--10014680200?tracking=seo-blog\" target=\"_blank\" class=\"btn btn-naked btn_underline small-mt ld_button_69f49e0d6d70d\">\n\t<span>\n\t\t\n\t\t\t\t\t<span class=\"btn-txt\">en savoir plus sur l\u2019exp\u00e9rience Diamond d\u00e9jeuner.<\/span>\n\t\t\t\n\t\t\t\t<\/span>\n<\/a>\n[\/vc_column_inner][vc_column_inner width=&#8221;1\/2&#8243; el_class=&#8221;picture_bottom&#8221;][vc_single_image image=&#8221;6308&#8243; img_size=&#8221;full&#8221; css=&#8221;&#8221;][\/vc_column_inner][vc_column_inner el_class=&#8221;section-shadow&#8221;][\/vc_column_inner][\/vc_row_inner][vc_row_inner equal_height=&#8221;yes&#8221; content_placement=&#8221;middle&#8221; el_class=&#8221;diamond section-to-animate&#8221; el_id=&#8221;diamond&#8221; css=&#8221;.vc_custom_1723466611700{background-color: #ffffff !important;}&#8221;][vc_column_inner width=&#8221;1\/2&#8243; el_class=&#8221;picture_top&#8221;][vc_single_image image=&#8221;999&#8243; img_size=&#8221;full&#8221;][\/vc_column_inner][vc_column_inner width=&#8221;1\/2&#8243; align=&#8221;text-center&#8221; el_class=&#8221;text_right section-text-content&#8221;][vc_custom_heading text=&#8221;04&#8243; font_container=&#8221;tag:div|text_align:center&#8221; css=&#8221;&#8221; el_class=&#8221;number-title&#8221;][vc_custom_heading text=&#8221;Jantar com diamantes&#8221; font_container=&#8221;tag:h2|text_align:center&#8221; css=&#8221;&#8221;][vc_custom_heading text=&#8221;PARA UM MOMENTO EXCEPCIONAL&#8221; font_container=&#8221;tag:p|text_align:center&#8221; el_class=&#8221;subtitle&#8221;][vc_column_text el_class=&#8221;description&#8221;]A arte francesa de viver, sublimada pelo nosso chef Wilfried Graux, enquanto voc\u00ea desfruta de toda a magia da Cidade Luz a partir da segunda fileira do nosso terra\u00e7o.[\/vc_column_text][vc_column_text css=&#8221;&#8221; el_class=&#8221;info_cle&#8221;]A partir de 190 euros por pessoa[\/vc_column_text]<a href=\"#\" class=\"btn btn-naked btn_underline open-vv diamond-vv ld_button_69f49e0d6d81b\">\n\t<span>\n\t\t\n\t\t\t\t\t<span class=\"btn-txt\">d\u00e9marrer la visite virtuelle.<\/span>\n\t\t\t\n\t\t\t\t<\/span>\n<\/a>\n<a href=\"https:\/\/www.sevenrooms.com\/experiences\/cafedelhomme\/exp-rience-diamond-5914578491?tracking=seo-blog\" target=\"_blank\" class=\"btn btn-naked btn_underline small-mt ld_button_69f49e0d6d923\">\n\t<span>\n\t\t\n\t\t\t\t\t<span class=\"btn-txt\">en savoir plus sur l\u2019exp\u00e9rience Diamond d\u00eener.<\/span>\n\t\t\t\n\t\t\t\t<\/span>\n<\/a>\n[\/vc_column_inner][vc_column_inner el_class=&#8221;section-shadow&#8221;][\/vc_column_inner][\/vc_row_inner][vc_row_inner equal_height=&#8221;yes&#8221; content_placement=&#8221;middle&#8221; el_class=&#8221;a-la-carte section-to-animate&#8221; el_id=&#8221;carte&#8221; css=&#8221;.vc_custom_1718626608064{background-color: #ffffff !important;}&#8221;][vc_column_inner width=&#8221;1\/2&#8243; align=&#8221;text-center&#8221; el_class=&#8221;text_left section-text-content&#8221;][vc_custom_heading text=&#8221;05&#8243; font_container=&#8221;tag:div|text_align:center&#8221; css=&#8221;&#8221; el_class=&#8221;number-title&#8221;][vc_custom_heading text=&#8221;\u00c0 la carte&#8221; font_container=&#8221;tag:h2|text_align:center&#8221;][vc_custom_heading text=&#8221;CAF\u00c9 DO HOMEM COM TODA A LIBERDADE&#8221; font_container=&#8221;tag:p|text_align:center&#8221; el_class=&#8221;subtitle&#8221;][vc_column_text el_class=&#8221;description&#8221;]Original e tradicional, a oferta culin\u00e1ria do Caf\u00e9 de l&#8217;Homme celebra os produtos franceses locais e explora as novas tend\u00eancias gastron\u00f4micas dos cinco continentes com paix\u00e3o e criatividade.[\/vc_column_text][vc_column_text el_class=&#8221;info_cle&#8221;]Suplemento de 60 euros por pessoa, incluindo um assento no terra\u00e7o com uma ta\u00e7a de champanhe Charles Heidsieck brut, com vista garantida para a Torre Eiffel.[\/vc_column_text]<a href=\"#\" class=\"btn btn-naked btn_underline open-vv ld_button_69f49e0d6da37\">\n\t<span>\n\t\t\n\t\t\t\t\t<span class=\"btn-txt\">d\u00e9marrer la visite virtuelle.<\/span>\n\t\t\t\n\t\t\t\t<\/span>\n<\/a>\n[vc_column_text el_class=&#8221;info_cle&#8221;][\/vc_column_text]<a href=\"https:\/\/www.sevenrooms.com\/experiences\/cafedelhomme\/exp-rience-la-carte-5441280260538368?tracking=seo-blog\" target=\"_blank\" class=\"btn btn-naked btn_underline small-mt ld_button_69f49e0d6db41\">\n\t<span>\n\t\t\n\t\t\t\t\t<span class=\"btn-txt\">en savoir plus sur l\u2019exp\u00e9rience \u00c0 la carte.<\/span>\n\t\t\t\n\t\t\t\t<\/span>\n<\/a>\n[\/vc_column_inner][vc_column_inner width=&#8221;1\/2&#8243; el_class=&#8221;picture_bottom&#8221;][vc_single_image image=&#8221;998&#8243; img_size=&#8221;full&#8221;][\/vc_column_inner][vc_column_inner el_class=&#8221;section-shadow&#8221;][\/vc_column_inner][\/vc_row_inner][vc_row_inner equal_height=&#8221;yes&#8221; content_placement=&#8221;middle&#8221; el_class=&#8221;premium section-to-animate&#8221; el_id=&#8221;premium&#8221; css=&#8221;.vc_custom_1718626617124{background-color: #ffffff !important;}&#8221;][vc_column_inner width=&#8221;1\/2&#8243; el_class=&#8221;picture_top&#8221;][vc_single_image image=&#8221;205&#8243; img_size=&#8221;full&#8221;][\/vc_column_inner][vc_column_inner width=&#8221;1\/2&#8243; align=&#8221;text-center&#8221; el_class=&#8221;text_right section-text-content&#8221;][vc_custom_heading text=&#8221;06&#8243; font_container=&#8221;tag:div|text_align:center&#8221; css=&#8221;&#8221; el_class=&#8221;number-title&#8221;][vc_custom_heading text=&#8221;Premium&#8221; font_container=&#8221;tag:h2|text_align:center&#8221; css=&#8221;.vc_custom_1695990536976{margin-bottom: 54px !important;}&#8221;][vc_column_text el_class=&#8221;description&#8221;]Em um ambiente suntuoso com vista para a lend\u00e1ria Dama de Ferro, venha saborear um card\u00e1pio composto pelo nosso chef de acordo com as esta\u00e7\u00f5es do ano.[\/vc_column_text][vc_column_text el_class=&#8221;info_cle&#8221;]A partir de \u20ac 130 por pessoa, experi\u00eancia premium em ambiente interno<br \/>\nA partir de \u20ac 180 por pessoa, experi\u00eancia premium em ambiente externo[\/vc_column_text]<a href=\"#\" class=\"btn btn-naked btn_underline open-vv ld_button_69f49e0d6dc49\">\n\t<span>\n\t\t\n\t\t\t\t\t<span class=\"btn-txt\">d\u00e9marrer la visite virtuelle.<\/span>\n\t\t\t\n\t\t\t\t<\/span>\n<\/a>\n<a href=\"https:\/\/www.sevenrooms.com\/experiences\/cafedelhomme\/exp-rience-premium-5162328486?tracking=seo-blog\" target=\"_blank\" class=\"btn btn-naked btn_underline small-mt ld_button_69f49e0d6dd47\">\n\t<span>\n\t\t\n\t\t\t\t\t<span class=\"btn-txt\">en savoir plus sur l\u2019exp\u00e9rience Premium.<\/span>\n\t\t\t\n\t\t\t\t<\/span>\n<\/a>\n[\/vc_column_inner][vc_column_inner el_class=&#8221;section-shadow&#8221;][\/vc_column_inner][\/vc_row_inner][vc_row_inner equal_height=&#8221;yes&#8221; content_placement=&#8221;middle&#8221; el_class=&#8221;a-la-carte section-to-animate&#8221; el_id=&#8221;before-dinner&#8221; css=&#8221;.vc_custom_1732703347382{background-color: #ffffff !important;}&#8221;][vc_column_inner width=&#8221;1\/2&#8243; align=&#8221;text-center&#8221; el_class=&#8221;text_left section-text-content&#8221;][vc_custom_heading text=&#8221;07&#8243; font_container=&#8221;tag:div|text_align:center&#8221; css=&#8221;&#8221; el_class=&#8221;number-title&#8221;][vc_custom_heading text=&#8221;Antes do jantar&#8221; font_container=&#8221;tag:h2|text_align:center&#8221; css=&#8221;&#8221;][vc_column_text css=&#8221;&#8221; el_class=&#8221;description&#8221;]Mergulhe em uma experi\u00eancia memor\u00e1vel no ambiente aconchegante e elegante do Caf\u00e9 de l&#8217;Homme. Deixe-se seduzir pelo nosso card\u00e1pio, especialmente criado para valorizar seus momentos, no cen\u00e1rio excepcional de uma tarde banhada pelo sol.[\/vc_column_text]<a href=\"#\" class=\"btn btn-naked btn_underline open-vv ld_button_69f49e0d6de55\">\n\t<span>\n\t\t\n\t\t\t\t\t<span class=\"btn-txt\">d\u00e9marrer la visite virtuelle.<\/span>\n\t\t\t\n\t\t\t\t<\/span>\n<\/a>\n<a href=\"https:\/\/www.sevenrooms.com\/experiences\/cafedelhomme\/after-dinner-11246148465?tracking=seo-blog\" target=\"_blank\" class=\"btn btn-naked btn_underline small-mt ld_button_69f49e0d6df56\">\n\t<span>\n\t\t\n\t\t\t\t\t<span class=\"btn-txt\">en savoir plus sur l\u2019exp\u00e9rience Before Dinner.<\/span>\n\t\t\t\n\t\t\t\t<\/span>\n<\/a>\n[\/vc_column_inner][vc_column_inner width=&#8221;1\/2&#8243; el_class=&#8221;picture_bottom&#8221;][vc_single_image image=&#8221;7040&#8243; img_size=&#8221;full&#8221; css=&#8221;&#8221;][\/vc_column_inner][vc_column_inner el_class=&#8221;section-shadow&#8221;][\/vc_column_inner][\/vc_row_inner][vc_row_inner equal_height=&#8221;yes&#8221; content_placement=&#8221;middle&#8221; el_class=&#8221;premium section-to-animate&#8221; el_id=&#8221;after-dinner&#8221; css=&#8221;.vc_custom_1732703199501{background-color: #ffffff !important;}&#8221;][vc_column_inner width=&#8221;1\/2&#8243; el_class=&#8221;picture_top&#8221;][vc_single_image image=&#8221;7179&#8243; img_size=&#8221;full&#8221; css=&#8221;&#8221;][\/vc_column_inner][vc_column_inner width=&#8221;1\/2&#8243; align=&#8221;text-center&#8221; el_class=&#8221;text_right section-text-content&#8221;][vc_custom_heading text=&#8221;08&#8243; font_container=&#8221;tag:div|text_align:center&#8221; css=&#8221;&#8221; el_class=&#8221;number-title&#8221;][vc_custom_heading text=&#8221;Depois do jantar&#8221; font_container=&#8221;tag:h2|text_align:center&#8221; css=&#8221;.vc_custom_1732703249278{margin-bottom: 54px !important;}&#8221;][vc_column_text css=&#8221;&#8221; el_class=&#8221;description&#8221;]Presenteie-se com uma experi\u00eancia inesquec\u00edvel no ambiente acolhedor e elegante do Caf\u00e9 de l&#8217;Homme, onde a m\u00fasica e a arte se encontram em noites m\u00e1gicas. Todas as quartas, quintas, sextas e s\u00e1bados, deixe-se levar pela energia vibrante dos DJs ao vivo e pelas apresenta\u00e7\u00f5es cativantes de nossos artistas convidados.[\/vc_column_text]<a href=\"#\" class=\"btn btn-naked btn_underline open-vv ld_button_69f49e0d6e059\">\n\t<span>\n\t\t\n\t\t\t\t\t<span class=\"btn-txt\">d\u00e9marrer la visite virtuelle.<\/span>\n\t\t\t\n\t\t\t\t<\/span>\n<\/a>\n<a href=\"https:\/\/www.sevenrooms.com\/experiences\/cafedelhomme\/after-dinner-11246148465?tracking=seo-blog\" target=\"_blank\" class=\"btn btn-naked btn_underline small-mt ld_button_69f49e0d6e158\">\n\t<span>\n\t\t\n\t\t\t\t\t<span class=\"btn-txt\">en savoir plus sur l\u2019exp\u00e9rience After Dinner.<\/span>\n\t\t\t\n\t\t\t\t<\/span>\n<\/a>\n[\/vc_column_inner][vc_column_inner el_class=&#8221;section-shadow&#8221;][\/vc_column_inner][\/vc_row_inner][\/vc_column][\/vc_row][vc_row el_id=&#8221;equipamentos&#8221; css=&#8221;.vc_custom_1686224179321{padding-top: 80px !important;padding-bottom: 80px !important;background-color: #faf9f6 !important;}&#8221; responsive_css=&#8221;padding_top_large:145px|padding_bottom_large:168px&#8221; el_class=&#8221;prestations&#8221;][vc_column width=&#8221;5\/12&#8243;][vc_custom_heading text=&#8221;Servi\u00e7os do Le Caf\u00e9 de l&apos;Homme&#8221; css=&#8221;.vc_custom_1738079141037{margin-bottom: 40px !important;}&#8221;][vc_column_text css=&#8221;.vc_custom_1738079157453{margin-bottom: 40px !important;}&#8221;]<span style=\"font-weight: 400;\">Descubra um restaurante <\/span><b>restaurante com vista para a Torre Eiffel<\/b><span style=\"font-weight: 400;\">O Caf\u00e9 de l&#8217;Homme \u00e9 um lugar onde cada detalhe foi pensado para tornar sua visita excepcional. Localizado no prestigioso distrito de Trocad\u00e9ro, o Caf\u00e9 de l&#8217;Homme oferece a voc\u00ea servi\u00e7os exclusivos: <\/span><\/p>\n<ul>\n<li style=\"font-weight: 400;\" aria-level=\"1\"><b>Terra\u00e7o panor\u00e2mico :<\/b><span style=\"font-weight: 400;\"> Uma vista espetacular da Torre Eiffel, ideal para um almo\u00e7o ensolarado ou um jantar repleto de estrelas.<\/span><\/li>\n<li style=\"font-weight: 400;\" aria-level=\"1\"><b>Interiores elegantes:<\/b><span style=\"font-weight: 400;\"> Desfrute de um ambiente sofisticado, perfeito em qualquer esta\u00e7\u00e3o, com o m\u00e1ximo de conforto.<\/span><\/li>\n<li style=\"font-weight: 400;\" aria-level=\"1\"><b>Servi\u00e7o personalizado:<\/b> nossa equipe dedicada garante que cada momento seja inesquec\u00edvel.<\/li>\n<\/ul>\n<p>[\/vc_column_text]<a href=\"https:\/\/www.sevenrooms.com\/explore\/cafedelhomme\/reservations\/create\/search?tracking=seo-blog\" target=\"_blank\" class=\"btn btn-naked btn_underline ld_button_69f49e0d6e272\">\n\t<span>\n\t\t\n\t\t\t\t\t<span class=\"btn-txt\">r\u00e9server une table.<\/span>\n\t\t\t\n\t\t\t\t<\/span>\n<\/a>\n[\/vc_column][vc_column width=&#8221;7\/12&#8243;][vc_row_inner equal_height=&#8221;yes&#8221; content_placement=&#8221;middle&#8221; responsive_css=&#8221;margin_bottom_large:30px&#8221; css=&#8221;.vc_custom_1686224165726{margin-bottom: 40px !important;}&#8221; el_class=&#8221;options&#8221;][vc_column_inner width=&#8221;1\/2&#8243; enable_overlay=&#8221;yes&#8221; align=&#8221;text-center&#8221; css=&#8221;.vc_custom_1686240038037{background-image: url(https:\/\/www.cafedelhomme.com\/wp-content\/uploads\/2023\/04\/img-right-scaled.jpg?id=371) !important;background-position: center !important;background-repeat: no-repeat !important;background-size: cover !important;}&#8221; overlay_bg=&#8221;rgba(0, 0, 0, 0.35)&#8221; el_class=&#8221;option-modal&#8221;]<a href=\"#\" class=\"btn btn-default btn-bordered border-thin btn btn-outline btn-outline-white open_modal-simple ld_button_69f49e0d6e376\">\n\t<span>\n\t\t\n\t\t\t\t\t<span class=\"btn-txt\">Nos cr\u00e9ations culinaires<\/span>\n\t\t\t\n\t\t\t\t<\/span>\n<\/a>\n[vc_column_text css=&#8221;&#8221; el_class=&#8221;modal-content-simple&#8221;]<span style=\"font-weight: 400;\">No <\/span><b>Caf\u00e9 de l&#8217;Homme<\/b><span style=\"font-weight: 400;\">Cada prato \u00e9 projetado para despertar seus sentidos e criar momentos memor\u00e1veis. Sob a dire\u00e7\u00e3o do chef   <\/span><b>Wilfried Graux<\/b><span style=\"font-weight: 400;\">Nossa cozinha combina brilhantemente a tradi\u00e7\u00e3o francesa com toques contempor\u00e2neos. Os produtos sazonais s\u00e3o sublimados para oferecer sabores aut\u00eanticos e inovadores, refletindo a arte do terroir franc\u00eas. <\/span><\/p>\n<p><span style=\"font-weight: 400;\">Nosso <\/span><b><a href=\"https:\/\/www.cafedelhomme.com\/pt-br\/la-carte\">O card\u00e1pio<\/a> muda com as esta\u00e7\u00f5es do ano<\/b><span style=\"font-weight: 400;\">O frescor e a qualidade de cada prepara\u00e7\u00e3o s\u00e3o garantidos. Cada prato \u00e9 um equil\u00edbrio perfeito entre est\u00e9tica e sabor, projetado para encantar os amantes da gastronomia refinada. <\/span><\/p>\n<p><span style=\"font-weight: 400;\">Quer voc\u00ea se sinta atra\u00eddo por cl\u00e1ssicos revisitados ou cria\u00e7\u00f5es originais, nosso restaurante perto da <\/span><b>Torre Eiffel<\/b><span style=\"font-weight: 400;\">  \u00e9 um convite para voc\u00ea descobrir novos pratos. Toda a experi\u00eancia \u00e9 aprimorada por uma vista de tirar o f\u00f4lego de um dos monumentos mais emblem\u00e1ticos de Paris. <\/span><\/p>\n<p><span style=\"font-weight: 400;\">Desfrute de uma experi\u00eancia gastron\u00f4mica excepcional em que cada prato conta uma hist\u00f3ria, em um ambiente que celebra a eleg\u00e2ncia e o savoir-faire franc\u00eas. <\/span><b>Reserve agora<\/b><span style=\"font-weight: 400;\"> para uma viagem de sabores incompar\u00e1veis no cora\u00e7\u00e3o de Paris.<\/span>[\/vc_column_text][\/vc_column_inner][vc_column_inner width=&#8221;1\/2&#8243; enable_overlay=&#8221;yes&#8221; align=&#8221;text-center&#8221; css=&#8221;.vc_custom_1686240015414{background-image: url(https:\/\/www.cafedelhomme.com\/wp-content\/uploads\/2023\/04\/bg-fullscreen-scaled.jpg?id=452) !important;background-position: center !important;background-repeat: no-repeat !important;background-size: cover !important;}&#8221; overlay_bg=&#8221;rgba(0, 0, 0, 0.35)&#8221; el_class=&#8221;option-modal&#8221;]<a href=\"#\" class=\"btn btn-default btn-bordered border-thin btn btn-outline btn-outline-white open_modal-simple ld_button_69f49e0d6e473\">\n\t<span>\n\t\t\n\t\t\t\t\t<span class=\"btn-txt\">Des \u00e9quipements luxueux<\/span>\n\t\t\t\n\t\t\t\t<\/span>\n<\/a>\n[vc_column_text css=&#8221;&#8221; el_class=&#8221;modal-content-simple&#8221;]<span style=\"font-weight: 400;\">No <\/span><b>Caf\u00e9 de l&#8217;Homme<\/b><span style=\"font-weight: 400;\">cada espa\u00e7o foi projetado para aprimorar sua experi\u00eancia gastron\u00f4mica com uma vista espetacular da <\/span><b>Torre Eiffel<\/b><span style=\"font-weight: 400;\">. Nosso   <\/span><b>terra\u00e7o elegante<\/b><span style=\"font-weight: 400;\">no cora\u00e7\u00e3o do Trocadero, oferece um ambiente refinado para o seu almo\u00e7o ou jantar perto desse monumento emblem\u00e1tico.<\/span><\/p>\n<p><span style=\"font-weight: 400;\">O interior apresenta um design moderno e sofisticado, com luzes de teto personaliz\u00e1veis que criam um ambiente sob medida. Do lado de fora, a ilumina\u00e7\u00e3o delicada do terra\u00e7o envolve as noites em uma atmosfera calorosa e \u00edntima. <\/span><\/p>\n<p><span style=\"font-weight: 400;\">Para uma ac\u00fastica impec\u00e1vel, equipamos nossas \u00e1reas com a melhor tecnologia: alto-falantes L-ACOUSTICS em ambientes internos e CODA HOPS5\/L em ambientes externos. Voc\u00ea desfrutar\u00e1 de um ambiente sonoro de alta qualidade que valorizar\u00e1 perfeitamente a sua refei\u00e7\u00e3o. <\/span><\/p>\n<p><span style=\"font-weight: 400;\">Nossos <\/span><b>guarda-s\u00f3is de \u00faltima gera\u00e7\u00e3o<\/b><span style=\"font-weight: 400;\">projetados pela French House e TUUCI, proporcionam conforto e eleg\u00e2ncia ao seu almo\u00e7o ou jantar em nosso terra\u00e7o com vista para a <\/span><b>Torre Eiffel<\/b><span style=\"font-weight: 400;\">. Al\u00e9m disso, nosso discreto sistema de ar-condicionado garante uma temperatura ideal, tanto no inverno quanto no ver\u00e3o, para tornar cada momento inesquec\u00edvel. <\/span><\/p>\n<p><span style=\"font-weight: 400;\">Cada detalhe foi pensado para fazer do Caf\u00e9 de l&#8217;Homme <\/span><b>o melhor restaurante ao redor da Torre Eiffel<\/b><span style=\"font-weight: 400;\">. Deixe-se seduzir por uma experi\u00eancia culin\u00e1ria excepcional no cora\u00e7\u00e3o de um ambiente prestigioso e acolhedor.   <\/span>[\/vc_column_text][\/vc_column_inner][\/vc_row_inner][vc_row_inner equal_height=&#8221;yes&#8221; content_placement=&#8221;middle&#8221; responsive_css=&#8221;margin_bottom_large:10px&#8221; css=&#8221;.vc_custom_1686224370091{margin-bottom: 40px !important;}&#8221; el_class=&#8221;options&#8221;][vc_column_inner width=&#8221;1\/2&#8243; enable_overlay=&#8221;yes&#8221; align=&#8221;text-center&#8221; css=&#8221;.vc_custom_1686240081843{background-image: url(https:\/\/www.cafedelhomme.com\/wp-content\/uploads\/2023\/04\/BG-1-1.jpg?id=354) !important;background-position: center !important;background-repeat: no-repeat !important;background-size: cover !important;}&#8221; overlay_bg=&#8221;rgba(0, 0, 0, 0.35)&#8221; el_class=&#8221;option-modal&#8221;]<a href=\"#\" class=\"btn btn-default btn-bordered border-thin btn btn-outline btn-outline-white open_modal-simple ld_button_69f49e0d6e574\">\n\t<span>\n\t\t\n\t\t\t\t\t<span class=\"btn-txt\">Un emplacement privil\u00e9gi\u00e9<\/span>\n\t\t\t\n\t\t\t\t<\/span>\n<\/a>\n[vc_column_text css=&#8221;&#8221; el_class=&#8221;modal-content-simple&#8221;]<b>Caf\u00e9 de l&#8217;Homme<\/b><span style=\"font-weight: 400;\"> convida voc\u00ea para um ambiente excepcional, idealmente situado em frente \u00e0 <\/span><b>Torre Eiffel<\/b><span style=\"font-weight: 400;\">no centro do prestigioso 16\u00ba arrondissement. Instalado no ic\u00f4nico Palais de Chaillot, o restaurante fica no andar t\u00e9rreo do Mus\u00e9e de l&#8217;Homme, um local hist\u00f3rico dedicado \u00e0s civiliza\u00e7\u00f5es e \u00e0 hist\u00f3ria humana. <\/span><\/p>\n<p><span style=\"font-weight: 400;\">Sua localiza\u00e7\u00e3o estrat\u00e9gica significa que voc\u00ea pode desfrutar de vistas ininterruptas da <\/span><b>Torre Eiffel<\/b><span style=\"font-weight: 400;\">enquanto voc\u00ea mergulha em um ambiente onde o charme Art Deco se mistura com a eleg\u00e2ncia contempor\u00e2nea. <\/span> <\/p>\n<p><span style=\"font-weight: 400;\">Para chegar ao <\/span><b>Caf\u00e9 de l&#8217;Homme<\/b><span style=\"font-weight: 400;\"> pegue as linhas 6 e 9 do metr\u00f4 (parada Trocad\u00e9ro), os \u00f4nibus (22, 30, 32, 63) ou o RER C. Eles oferecem <a href=\"https:\/\/www.google.com\/maps\/place\/Caf%C3%A9+de+l%E2%80%99Homme+%7C+Restaurant+gastronomique+Paris+%7C+tour+Eiffel\/@48.8622057,2.2876293,1020m\/data=!3m2!1e3!4b1!4m6!3m5!1s0x47e66ffc9e072c95:0x6e8c2c71c8b791d8!8m2!3d48.8622057!4d2.2876293!16s%2Fg%2F1tqpykck?entry=ttu&amp;g_ep=EgoyMDI0MTExMi4wIKXMDSoASAFQAw%3D%3D\">f\u00e1cil acesso<\/a>, quer voc\u00ea venha para almo\u00e7ar ou jantar perto da <\/span><b>Torre Eiffel<\/b><span style=\"font-weight: 400;\">.<\/span><\/p>\n<p><span style=\"font-weight: 400;\">Com vistas espetaculares e espa\u00e7os projetados para garantir conforto e privacidade, nosso <\/span><b>restaurante perto da Torre Eiffel<\/b><span style=\"font-weight: 400;\">  oferece a voc\u00ea uma experi\u00eancia em que cada refei\u00e7\u00e3o se torna uma verdadeira celebra\u00e7\u00e3o. Descubra esse ambiente excepcional onde a gastronomia e o panorama se encontram para criar mem\u00f3rias inesquec\u00edveis. <\/span>[\/vc_column_text][\/vc_column_inner][vc_column_inner width=&#8221;1\/2&#8243; enable_overlay=&#8221;yes&#8221; align=&#8221;text-center&#8221; css=&#8221;.vc_custom_1686240058941{background-image: url(https:\/\/www.cafedelhomme.com\/wp-content\/uploads\/2023\/04\/img-left-scaled.jpg?id=370) !important;background-position: center !important;background-repeat: no-repeat !important;background-size: cover !important;}&#8221; overlay_bg=&#8221;rgba(0, 0, 0, 0.35)&#8221; el_class=&#8221;option-modal&#8221;]<a href=\"#\" class=\"btn btn-default btn-bordered border-thin btn btn-outline btn-outline-white open_modal-simple ld_button_69f49e0d6e676\">\n\t<span>\n\t\t\n\t\t\t\t\t<span class=\"btn-txt\">Des espaces raffin\u00e9s<\/span>\n\t\t\t\n\t\t\t\t<\/span>\n<\/a>\n[vc_column_text css=&#8221;&#8221; el_class=&#8221;modal-content-simple&#8221;]<span style=\"font-weight: 400;\">No <\/span><b>Caf\u00e9 de l&#8217;Homme<\/b><span style=\"font-weight: 400;\">cada espa\u00e7o foi projetado para aprimorar sua experi\u00eancia gastron\u00f4mica, com uma vista excepcional da <\/span><b>Torre Eiffel<\/b><span style=\"font-weight: 400;\">. Esse ambiente \u00fanico combina harmoniosamente eleg\u00e2ncia, conforto e hist\u00f3ria, criando a atmosfera ideal para um momento excepcional. <\/span><\/p>\n<h4><b>Espa\u00e7o interno: uma mistura de Art D\u00e9co e design moderno<\/b><\/h4>\n<p><span style=\"font-weight: 400;\">O interior do <\/span><b>Caf\u00e9 de l&#8217;Homme<\/b><span style=\"font-weight: 400;\">projetado pelos arquitetos Gilles &amp; Boissier, incorpora o charme atemporal da d\u00e9cada de 1930, t\u00edpico do Palais de Chaillot. Esse espa\u00e7o de prest\u00edgio se distingue por seus materiais nobres, como a madeira de cedro jateada e os bancos de freixo, que criam uma atmosfera acolhedora e sofisticada. Seja para um    <\/span><b>almo\u00e7o perto da Torre Eiffel<\/b><span style=\"font-weight: 400;\"> ou um jantar gourmet, cada detalhe foi cuidadosamente pensado para proporcionar o m\u00e1ximo de conforto.<\/span><\/p>\n<h4><b>Espa\u00e7o externo: Um terra\u00e7o excepcional com vista para a Torre Eiffel<\/b><\/h4>\n<p><span style=\"font-weight: 400;\">Nosso terra\u00e7o em <\/span><b>Paris 16<\/b><span style=\"font-weight: 400;\">Com seus bancos de castanheiro e assentos de vime feitos sob medida, essa \u00e9 uma experi\u00eancia \u00fanica. A vista espetacular sobre a   <\/span><b>Torre Eiffel<\/b><span style=\"font-weight: 400;\">  \u00e9 real\u00e7ado por um ambiente natural onde a vegeta\u00e7\u00e3o exuberante preserva a intimidade de cada mesa. Esse espa\u00e7o ao ar livre, banhado de luz, \u00e9 perfeito para um   <\/span><b>Jantar ao redor da Torre Eiffel<\/b><span style=\"font-weight: 400;\">Seja em uma reuni\u00e3o de neg\u00f3cios ou em um encontro com amigos e familiares.<\/span><\/p>\n<p><span style=\"font-weight: 400;\">Se voc\u00ea escolher a sala de jantar interna ou o terra\u00e7o, <\/span><b>Caf\u00e9 de l&#8217;Homme<\/b><span style=\"font-weight: 400;\"> promete a voc\u00ea uma experi\u00eancia memor\u00e1vel em um <\/span><b>restaurante perto da Torre Eiffel<\/b><span style=\"font-weight: 400;\">Um lugar que combina hist\u00f3ria, gastronomia e eleg\u00e2ncia. Deixe-se seduzir por esse ambiente excepcional e venha viver um momento \u00fanico em um dos lugares mais emblem\u00e1ticos da Fran\u00e7a.   <\/span><b>Paris 16<\/b><span style=\"font-weight: 400;\">.<\/span>[\/vc_column_text][\/vc_column_inner][\/vc_row_inner][\/vc_column][\/vc_row][vc_row full_width=&#8221;stretch_row&#8221; equal_height=&#8221;yes&#8221; bg_position=&#8221;center center&#8221; css=&#8221;.vc_custom_1683016397706{padding-top: 80px !important;padding-bottom: 80px !important;background-image: url(https:\/\/www.cafedelhomme.com\/wp-content\/uploads\/2023\/04\/BG-1-1.jpg?id=354) !important;background-position: center !important;background-repeat: no-repeat !important;background-size: cover !important;}&#8221; el_id=&#8221;tela de imagem&#8221; responsive_css=&#8221;padding_top_large:250px|padding_bottom_large:250px&#8221;][vc_column align=&#8221;text-center&#8221;][vc_custom_heading text=&#8221;Reserve um momento \u00fanico em nosso terra\u00e7o&#8221; font_container=&#8221;tag:h2|text_align:center&#8221; css=&#8221;&#8221; el_class=&#8221;title mb-16&#8243;][vc_column_text css=&#8221;&#8221; el_class=&#8221;sub-title mb-40&#8243;]<em>Como o excepcional n\u00e3o espera, reserve agora&#8230;<\/em>[\/vc_column_text]<a href=\"https:\/\/www.sevenrooms.com\/explore\/cafedelhomme\/reservations\/create\/search?tracking=seo-blog\" target=\"_blank\" class=\"btn btn-default btn-bordered border-thin btn btn-outline btn-outline-white ld_button_69f49e0d6e76f\">\n\t<span>\n\t\t\n\t\t\t\t\t<span class=\"btn-txt\">je r\u00e9serve.<\/span>\n\t\t\t\n\t\t\t\t<\/span>\n<\/a>\n[\/vc_column][\/vc_row]<\/p>\n<\/div>","protected":false},"excerpt":{"rendered":"<p>[vc_row sticky_row=&#8221;yes&#8221; css=&#8221;.vc_custom_1729757449101{background-image: url(https:\/\/www.cafedelhomme.com\/wp-content\/uploads\/2024\/01\/header-homepage-cdh.jpg?id=5114) !important;background-position: center !important;background-repeat: no-repeat !important;background-size: cover !important;}&#8221; el_id=&#8221;cabe\u00e7alho-p\u00e1gina-simples&#8221;][vc_column responsive_css=&#8221;padding_top_large:220px|padding_bottom_large:220px&#8221; css=&#8221;.vc_custom_1683277774171{padding-top: 120px !important;padding-bottom: 230px !important;}&#8221;][vc_custom_heading text=&#8221;Descubra um restaurante excepcional ao redor da Torre Eiffel&#8221; font_container=&#8221;tag:h1|text_align:center&#8221; css=&#8221;.vc_custom_1738078832807{margin-bottom: 0px !important;}&#8221;][vc_column_text css=&#8221;&#8221;] Uma experi\u00eancia culin\u00e1ria excepcional perto da Torre Eiffel [\/vc_column_text][\/vc_column][\/vc_row][vc_row el_id=&#8221;img-e-texto&#8221; responsive_css=&#8221;padding_top_large:160px|padding_bottom_large:80px&#8221; css=&#8221;.vc_custom_1730107755116{padding-bottom: 40px&#8230;<\/p>\n","protected":false},"author":14,"featured_media":8428,"parent":0,"menu_order":0,"comment_status":"closed","ping_status":"closed","template":"","meta":{"_acf_changed":false,"footnotes":""},"class_list":["post-8436","page","type-page","status-publish","has-post-thumbnail","hentry"],"acf":[],"yoast_head":"<!-- This site is optimized with the Yoast SEO Premium plugin v20.10 (Yoast SEO v27.0) - https:\/\/yoast.com\/product\/yoast-seo-premium-wordpress\/ -->\n<title>Restaurante ao redor da Torre Eiffel - Caf\u00e9 de l&#039;Homme<\/title>\n<meta name=\"description\" content=\"Desfrute de uma experi\u00eancia culin\u00e1ria \u00fanica no Caf\u00e9 de l&#039;Homme, um restaurante excepcional localizado pr\u00f3ximo \u00e0 Torre Eiffel. Com vistas de tirar o f\u00f4lego em seu terra\u00e7o panor\u00e2mico.\" \/>\n<meta name=\"robots\" content=\"index, follow, max-snippet:-1, max-image-preview:large, max-video-preview:-1\" \/>\n<link rel=\"canonical\" href=\"https:\/\/www.cafedelhomme.com\/pt-br\/restaurante-ao-redor-da-torre-eiffel\" \/>\n<meta property=\"og:locale\" content=\"pt_BR\" \/>\n<meta property=\"og:type\" content=\"article\" \/>\n<meta property=\"og:title\" content=\"Restaurante ao redor da Torre Eiffel - Caf\u00e9 de l&#039;Homme\" \/>\n<meta property=\"og:description\" content=\"Descubra o melhor restaurante com terra\u00e7o em Paris 16 e aprecie a vista da Torre Eiffel em um almo\u00e7o ou jantar gourmet\" \/>\n<meta property=\"og:url\" content=\"https:\/\/www.cafedelhomme.com\/pt-br\/restaurante-ao-redor-da-torre-eiffel\" \/>\n<meta property=\"og:site_name\" content=\"Caf\u00e9 de l&#039;Homme\" \/>\n<meta property=\"article:publisher\" content=\"https:\/\/www.facebook.com\/cafedelhomme\" \/>\n<meta property=\"article:modified_time\" content=\"2025-03-18T08:55:01+00:00\" \/>\n<meta property=\"og:image\" content=\"https:\/\/www.cafedelhomme.com\/wp-content\/uploads\/2024\/07\/cafe-de-lhomme-14-juillet-premium.webp\" \/>\n\t<meta property=\"og:image:width\" content=\"1920\" \/>\n\t<meta property=\"og:image:height\" content=\"1446\" \/>\n\t<meta property=\"og:image:type\" content=\"image\/webp\" \/>\n<meta name=\"twitter:card\" content=\"summary_large_image\" \/>\n<meta name=\"twitter:label1\" content=\"Est. tempo de leitura\" \/>\n\t<meta name=\"twitter:data1\" content=\"22 minutos\" \/>\n<script type=\"application\/ld+json\" class=\"yoast-schema-graph\">{\"@context\":\"https:\/\/schema.org\",\"@graph\":[{\"@type\":\"WebPage\",\"@id\":\"https:\/\/www.cafedelhomme.com\/pt-br\/restaurante-ao-redor-da-torre-eiffel\",\"url\":\"https:\/\/www.cafedelhomme.com\/pt-br\/restaurante-ao-redor-da-torre-eiffel\",\"name\":\"Restaurante ao redor da Torre Eiffel - Caf\u00e9 de l'Homme\",\"isPartOf\":{\"@id\":\"https:\/\/www.cafedelhomme.com\/pt-br#website\"},\"primaryImageOfPage\":{\"@id\":\"https:\/\/www.cafedelhomme.com\/pt-br\/restaurante-ao-redor-da-torre-eiffel#primaryimage\"},\"image\":{\"@id\":\"https:\/\/www.cafedelhomme.com\/pt-br\/restaurante-ao-redor-da-torre-eiffel#primaryimage\"},\"thumbnailUrl\":\"https:\/\/www.cafedelhomme.com\/wp-content\/uploads\/2024\/07\/cafe-de-lhomme-14-juillet-premium.webp\",\"datePublished\":\"2025-02-17T08:00:22+00:00\",\"dateModified\":\"2025-03-18T08:55:01+00:00\",\"description\":\"Desfrute de uma experi\u00eancia culin\u00e1ria \u00fanica no Caf\u00e9 de l'Homme, um restaurante excepcional localizado pr\u00f3ximo \u00e0 Torre Eiffel. Com vistas de tirar o f\u00f4lego em seu terra\u00e7o panor\u00e2mico.\",\"inLanguage\":\"pt-BR\",\"potentialAction\":[{\"@type\":\"ReadAction\",\"target\":[\"https:\/\/www.cafedelhomme.com\/pt-br\/restaurante-ao-redor-da-torre-eiffel\"]}]},{\"@type\":\"ImageObject\",\"inLanguage\":\"pt-BR\",\"@id\":\"https:\/\/www.cafedelhomme.com\/pt-br\/restaurante-ao-redor-da-torre-eiffel#primaryimage\",\"url\":\"https:\/\/www.cafedelhomme.com\/wp-content\/uploads\/2024\/07\/cafe-de-lhomme-14-juillet-premium.webp\",\"contentUrl\":\"https:\/\/www.cafedelhomme.com\/wp-content\/uploads\/2024\/07\/cafe-de-lhomme-14-juillet-premium.webp\",\"width\":1920,\"height\":1446},{\"@type\":\"WebSite\",\"@id\":\"https:\/\/www.cafedelhomme.com\/pt-br#website\",\"url\":\"https:\/\/www.cafedelhomme.com\/pt-br\",\"name\":\"Caf\u00e9 de l'Homme\",\"description\":\"\",\"publisher\":{\"@id\":\"https:\/\/www.cafedelhomme.com\/pt-br#organization\"},\"potentialAction\":[{\"@type\":\"SearchAction\",\"target\":{\"@type\":\"EntryPoint\",\"urlTemplate\":\"https:\/\/www.cafedelhomme.com\/pt-br?s={search_term_string}\"},\"query-input\":{\"@type\":\"PropertyValueSpecification\",\"valueRequired\":true,\"valueName\":\"search_term_string\"}}],\"inLanguage\":\"pt-BR\"},{\"@type\":\"Organization\",\"@id\":\"https:\/\/www.cafedelhomme.com\/pt-br#organization\",\"name\":\"Caf\u00e9 de l'Homme\",\"url\":\"https:\/\/www.cafedelhomme.com\/pt-br\",\"logo\":{\"@type\":\"ImageObject\",\"inLanguage\":\"pt-BR\",\"@id\":\"https:\/\/www.cafedelhomme.com\/pt-br#\/schema\/logo\/image\/\",\"url\":\"https:\/\/www.cafedelhomme.com\/wp-content\/uploads\/2023\/04\/big-logo-300x163-1.png\",\"contentUrl\":\"https:\/\/www.cafedelhomme.com\/wp-content\/uploads\/2023\/04\/big-logo-300x163-1.png\",\"width\":300,\"height\":163,\"caption\":\"Caf\u00e9 de l'Homme\"},\"image\":{\"@id\":\"https:\/\/www.cafedelhomme.com\/pt-br#\/schema\/logo\/image\/\"},\"sameAs\":[\"https:\/\/www.facebook.com\/cafedelhomme\",\"https:\/\/www.instagram.com\/cafedelhomme\/\"]}]}<\/script>\n<!-- \/ Yoast SEO Premium plugin. -->","yoast_head_json":{"title":"Restaurante ao redor da Torre Eiffel - Caf\u00e9 de l'Homme","description":"Desfrute de uma experi\u00eancia culin\u00e1ria \u00fanica no Caf\u00e9 de l'Homme, um restaurante excepcional localizado pr\u00f3ximo \u00e0 Torre Eiffel. Com vistas de tirar o f\u00f4lego em seu terra\u00e7o panor\u00e2mico.","robots":{"index":"index","follow":"follow","max-snippet":"max-snippet:-1","max-image-preview":"max-image-preview:large","max-video-preview":"max-video-preview:-1"},"canonical":"https:\/\/www.cafedelhomme.com\/pt-br\/restaurante-ao-redor-da-torre-eiffel","og_locale":"pt_BR","og_type":"article","og_title":"Restaurante ao redor da Torre Eiffel - Caf\u00e9 de l'Homme","og_description":"Descubra o melhor restaurante com terra\u00e7o em Paris 16 e aprecie a vista da Torre Eiffel em um almo\u00e7o ou jantar gourmet","og_url":"https:\/\/www.cafedelhomme.com\/pt-br\/restaurante-ao-redor-da-torre-eiffel","og_site_name":"Caf\u00e9 de l'Homme","article_publisher":"https:\/\/www.facebook.com\/cafedelhomme","article_modified_time":"2025-03-18T08:55:01+00:00","og_image":[{"width":1920,"height":1446,"url":"https:\/\/www.cafedelhomme.com\/wp-content\/uploads\/2024\/07\/cafe-de-lhomme-14-juillet-premium.webp","type":"image\/webp"}],"twitter_card":"summary_large_image","twitter_misc":{"Est. tempo de leitura":"22 minutos"},"schema":{"@context":"https:\/\/schema.org","@graph":[{"@type":"WebPage","@id":"https:\/\/www.cafedelhomme.com\/pt-br\/restaurante-ao-redor-da-torre-eiffel","url":"https:\/\/www.cafedelhomme.com\/pt-br\/restaurante-ao-redor-da-torre-eiffel","name":"Restaurante ao redor da Torre Eiffel - Caf\u00e9 de l'Homme","isPartOf":{"@id":"https:\/\/www.cafedelhomme.com\/pt-br#website"},"primaryImageOfPage":{"@id":"https:\/\/www.cafedelhomme.com\/pt-br\/restaurante-ao-redor-da-torre-eiffel#primaryimage"},"image":{"@id":"https:\/\/www.cafedelhomme.com\/pt-br\/restaurante-ao-redor-da-torre-eiffel#primaryimage"},"thumbnailUrl":"https:\/\/www.cafedelhomme.com\/wp-content\/uploads\/2024\/07\/cafe-de-lhomme-14-juillet-premium.webp","datePublished":"2025-02-17T08:00:22+00:00","dateModified":"2025-03-18T08:55:01+00:00","description":"Desfrute de uma experi\u00eancia culin\u00e1ria \u00fanica no Caf\u00e9 de l'Homme, um restaurante excepcional localizado pr\u00f3ximo \u00e0 Torre Eiffel. Com vistas de tirar o f\u00f4lego em seu terra\u00e7o panor\u00e2mico.","inLanguage":"pt-BR","potentialAction":[{"@type":"ReadAction","target":["https:\/\/www.cafedelhomme.com\/pt-br\/restaurante-ao-redor-da-torre-eiffel"]}]},{"@type":"ImageObject","inLanguage":"pt-BR","@id":"https:\/\/www.cafedelhomme.com\/pt-br\/restaurante-ao-redor-da-torre-eiffel#primaryimage","url":"https:\/\/www.cafedelhomme.com\/wp-content\/uploads\/2024\/07\/cafe-de-lhomme-14-juillet-premium.webp","contentUrl":"https:\/\/www.cafedelhomme.com\/wp-content\/uploads\/2024\/07\/cafe-de-lhomme-14-juillet-premium.webp","width":1920,"height":1446},{"@type":"WebSite","@id":"https:\/\/www.cafedelhomme.com\/pt-br#website","url":"https:\/\/www.cafedelhomme.com\/pt-br","name":"Caf\u00e9 de l'Homme","description":"","publisher":{"@id":"https:\/\/www.cafedelhomme.com\/pt-br#organization"},"potentialAction":[{"@type":"SearchAction","target":{"@type":"EntryPoint","urlTemplate":"https:\/\/www.cafedelhomme.com\/pt-br?s={search_term_string}"},"query-input":{"@type":"PropertyValueSpecification","valueRequired":true,"valueName":"search_term_string"}}],"inLanguage":"pt-BR"},{"@type":"Organization","@id":"https:\/\/www.cafedelhomme.com\/pt-br#organization","name":"Caf\u00e9 de l'Homme","url":"https:\/\/www.cafedelhomme.com\/pt-br","logo":{"@type":"ImageObject","inLanguage":"pt-BR","@id":"https:\/\/www.cafedelhomme.com\/pt-br#\/schema\/logo\/image\/","url":"https:\/\/www.cafedelhomme.com\/wp-content\/uploads\/2023\/04\/big-logo-300x163-1.png","contentUrl":"https:\/\/www.cafedelhomme.com\/wp-content\/uploads\/2023\/04\/big-logo-300x163-1.png","width":300,"height":163,"caption":"Caf\u00e9 de l'Homme"},"image":{"@id":"https:\/\/www.cafedelhomme.com\/pt-br#\/schema\/logo\/image\/"},"sameAs":["https:\/\/www.facebook.com\/cafedelhomme","https:\/\/www.instagram.com\/cafedelhomme\/"]}]}},"_links":{"self":[{"href":"https:\/\/www.cafedelhomme.com\/pt-br\/wp-json\/wp\/v2\/pages\/8436","targetHints":{"allow":["GET"]}}],"collection":[{"href":"https:\/\/www.cafedelhomme.com\/pt-br\/wp-json\/wp\/v2\/pages"}],"about":[{"href":"https:\/\/www.cafedelhomme.com\/pt-br\/wp-json\/wp\/v2\/types\/page"}],"author":[{"embeddable":true,"href":"https:\/\/www.cafedelhomme.com\/pt-br\/wp-json\/wp\/v2\/users\/14"}],"replies":[{"embeddable":true,"href":"https:\/\/www.cafedelhomme.com\/pt-br\/wp-json\/wp\/v2\/comments?post=8436"}],"version-history":[{"count":2,"href":"https:\/\/www.cafedelhomme.com\/pt-br\/wp-json\/wp\/v2\/pages\/8436\/revisions"}],"predecessor-version":[{"id":8446,"href":"https:\/\/www.cafedelhomme.com\/pt-br\/wp-json\/wp\/v2\/pages\/8436\/revisions\/8446"}],"wp:featuredmedia":[{"embeddable":true,"href":"https:\/\/www.cafedelhomme.com\/pt-br\/wp-json\/wp\/v2\/media\/8428"}],"wp:attachment":[{"href":"https:\/\/www.cafedelhomme.com\/pt-br\/wp-json\/wp\/v2\/media?parent=8436"}],"curies":[{"name":"wp","href":"https:\/\/api.w.org\/{rel}","templated":true}]}}