{"id":8503,"date":"2023-06-14T14:34:57","date_gmt":"2023-06-14T12:34:57","guid":{"rendered":"https:\/\/www.cafedelhomme.com\/comunicados-a-imprensa"},"modified":"2025-03-25T11:47:42","modified_gmt":"2025-03-25T10:47:42","slug":"comunicados-a-imprensa","status":"publish","type":"page","link":"https:\/\/www.cafedelhomme.com\/pt-br\/comunicados-a-imprensa","title":{"rendered":"Comunicados \u00e0 imprensa"},"content":{"rendered":"<div class=\"wpb-content-wrapper\"><p>[vc_row sticky_row=&#8221;yes&#8221; css=&#8221;.vc_custom_1742899657676{background-image: url(https:\/\/www.cafedelhomme.com\/wp-content\/uploads\/2023\/06\/Soiree-Morena-3.jpg?id=2804) !important;background-position: center !important;background-repeat: no-repeat !important;background-size: cover !important;}&#8221; el_id=&#8221;header-page-simple&#8221;][vc_column responsive_css=&#8221;padding_top_large:220px|padding_bottom_large:220px&#8221; css=&#8221;.vc_custom_1683277774171{padding-top: 120px !important;padding-bottom: 230px !important;}&#8221;][vc_custom_heading text=&#8221;Comunicados \u00e0 imprensa&#8221; font_container=&#8221;tag:h1|text_align:center&#8221; css=&#8221;.vc_custom_1686746322153{margin-bottom: 0px !important;}&#8221;][vc_column_text]<\/p>\n<p style=\"text-align: center;\">Publica\u00e7\u00f5es do Le Caf\u00e9 de l&#8217;Homme na imprensa francesa e internacional<\/p>\n<p>[\/vc_column_text][\/vc_column][\/vc_row][vc_section el_id=&#8221;press-realease&#8221;][vc_row el_class=&#8221;press-col&#8221; css=&#8221;.vc_custom_1693904668491{margin-bottom: 50px !important;padding-top: 50px !important;padding-right: 20px !important;padding-left: 20px !important;background-color: #ffffff !important;}&#8221;][vc_column width=&#8221;1\/2&#8243;][vc_row_inner][vc_column_inner][vc_custom_heading text=&#8221;09\/08\/2024&#8243; css=&#8221;&#8221;][vc_custom_heading text=&#8221;Esportes nos EUA hoje&#8221; font_container=&#8221;tag:h3|text_align:left&#8221; css=&#8221;&#8221;][vc_column_text css=&#8221;&#8221;]Today&#8221; mostra os bastidores das Olimp\u00edadas de Paris: uma &#8220;descarga de adrenalina[\/vc_column_text]<a href=\"https:\/\/eu.usatoday.com\/story\/sports\/olympics\/2024\/07\/30\/paris-olympics-today-show-behind-scenes\/74588825007\/\" target=\"_blank\" class=\"btn btn-naked btn_underline ld_button_69ef5b85bfc17\">\n\t<span>\n\t\t\n\t\t\t\t\t<span class=\"btn-txt\">plus de d\u00e9tails.<\/span>\n\t\t\t\n\t\t\t\t<\/span>\n<\/a>\n[\/vc_column_inner][\/vc_row_inner][vc_row_inner][vc_column_inner][vc_custom_heading text=&#8221;26\/07\/2024&#8243; css=&#8221;&#8221;][vc_custom_heading text=&#8221;NewscastStudio&#8221; font_container=&#8221;tag:h3|text_align:left&#8221; css=&#8221;&#8221;][vc_column_text css=&#8221;&#8221;]\u00c9 o &#8216;Today&#8217;: NBC News revela est\u00fadio ao ar livre com vista para a Torre Eiffel[\/vc_column_text]<a href=\"https:\/\/www.newscaststudio.com\/2024\/07\/26\/today-2024-summer-olympics\/\" target=\"_blank\" class=\"btn btn-naked btn_underline ld_button_69ef5b85bfdd2\">\n\t<span>\n\t\t\n\t\t\t\t\t<span class=\"btn-txt\">plus de d\u00e9tails.<\/span>\n\t\t\t\n\t\t\t\t<\/span>\n<\/a>\n[\/vc_column_inner][\/vc_row_inner][vc_row_inner][vc_column_inner][vc_custom_heading text=&#8221;05\/08\/2023&#8243;][vc_custom_heading text=&#8221;Forbes&#8221; font_container=&#8221;tag:h3|text_align:left&#8221;][vc_column_text]No Caf\u00e9 de l&#8217;Homme, voc\u00ea pode experimentar o renascimento do terra\u00e7o mais chique de Paris[\/vc_column_text]<a href=\"https:\/\/www.forbes.fr\/luxe\/lieu-au-cafe-de-lhomme-testez-la-renaissance-de-la-terrasse-la-plus-chic-de-paris\/#google_vignette\" target=\"_blank\" class=\"btn btn-naked btn_underline ld_button_69ef5b85bff13\">\n\t<span>\n\t\t\n\t\t\t\t\t<span class=\"btn-txt\">plus de d\u00e9tails.<\/span>\n\t\t\t\n\t\t\t\t<\/span>\n<\/a>\n[\/vc_column_inner][\/vc_row_inner][vc_row_inner][vc_column_inner][vc_custom_heading text=&#8221;30\/06\/2023&#8243;][vc_custom_heading text=&#8221;Les Echos&#8221; font_container=&#8221;tag:h3|text_align:left&#8221;][vc_column_text]Restaurante: o retorno do &#8220;Caf\u00e9 de l&#8217;Homme[\/vc_column_text]<a href=\"https:\/\/www.lesechos.fr\/weekend\/gastronomie-vins\/restaurant-le-retour-du-cafe-de-lhomme-1957530\" target=\"_blank\" class=\"btn btn-naked btn_underline ld_button_69ef5b85c0035\">\n\t<span>\n\t\t\n\t\t\t\t\t<span class=\"btn-txt\">plus de d\u00e9tails.<\/span>\n\t\t\t\n\t\t\t\t<\/span>\n<\/a>\n[\/vc_column_inner][\/vc_row_inner][vc_row_inner][vc_column_inner][vc_custom_heading text=&#8221;06\/06\/2023&#8243;][vc_custom_heading text=&#8221;Jardins da moda&#8221; font_container=&#8221;tag:h3|text_align:left&#8221;][vc_column_text]O renascimento do Caf\u00e9 de l&#8217;Homme[\/vc_column_text]<a href=\"https:\/\/jardindesmodes.fr\/le-renouveau-du-cafe-de-lhomme\/\" target=\"_blank\" class=\"btn btn-naked btn_underline ld_button_69ef5b85c0148\">\n\t<span>\n\t\t\n\t\t\t\t\t<span class=\"btn-txt\">plus de d\u00e9tails.<\/span>\n\t\t\t\n\t\t\t\t<\/span>\n<\/a>\n[\/vc_column_inner][\/vc_row_inner][vc_row_inner][vc_column_inner][vc_custom_heading text=&#8221;23\/05\/2023&#8243;][vc_custom_heading text=&#8221;Sair em Paris&#8221; font_container=&#8221;tag:h3|text_align:left&#8221;][vc_column_text]Descubra o novo terra\u00e7o do Caf\u00e9 de l&#8217;Homme[\/vc_column_text]<a href=\"https:\/\/www.sortiraparis.com\/hotel-restaurant\/restaurant\/articles\/88124-le-cafe-de-l-homme-le-restaurant-terrasse-du-trocadero-avec-vue-sur-la-tour-eiffel-renait\" target=\"_blank\" class=\"btn btn-naked btn_underline ld_button_69ef5b85c025f\">\n\t<span>\n\t\t\n\t\t\t\t\t<span class=\"btn-txt\">plus de d\u00e9tails.<\/span>\n\t\t\t\n\t\t\t\t<\/span>\n<\/a>\n[\/vc_column_inner][\/vc_row_inner][vc_row_inner][vc_column_inner][vc_custom_heading text=&#8221;30\/03\/23&#8243;][vc_custom_heading text=&#8221;Tend\u00eancias hoteleiras&#8221; font_container=&#8221;tag:h3|text_align:left&#8221;][vc_column_text]O Caf\u00e9 de l&#8217;Homme, um local lend\u00e1rio e m\u00e1gico de Paris, abre um novo cap\u00edtulo em sua hist\u00f3ria[\/vc_column_text]<a href=\"https:\/\/www.tendancehotellerie.fr\/articles-breves\/communique-de-presse\/19322-article\/cafe-de-l-homme-lieu-parisien-mythique-et-magique-ouvre-un-nouveau-chapitre-de-son-histoire\" target=\"_blank\" class=\"btn btn-naked btn_underline ld_button_69ef5b85c0375\">\n\t<span>\n\t\t\n\t\t\t\t\t<span class=\"btn-txt\">plus de d\u00e9tails.<\/span>\n\t\t\t\n\t\t\t\t<\/span>\n<\/a>\n[\/vc_column_inner][\/vc_row_inner][vc_row_inner][vc_column_inner][vc_custom_heading text=&#8221;24\/10\/2019&#8243;][vc_custom_heading text=&#8221;Fr\u00e9quence Optic&#8221; font_container=&#8221;tag:h3|text_align:left&#8221;][vc_column_text]Nathalie Blanc: um desfile de moda e um show para comemorar o 5\u00ba anivers\u00e1rio da marca&#8230;[\/vc_column_text]<a href=\"https:\/\/www.frequenceoptic.fr\/videos\/mediaitem\/2385-5ansnathalieblanc.html\" target=\"_blank\" class=\"btn btn-naked btn_underline ld_button_69ef5b85c0480\">\n\t<span>\n\t\t\n\t\t\t\t\t<span class=\"btn-txt\">plus de d\u00e9tails.<\/span>\n\t\t\t\n\t\t\t\t<\/span>\n<\/a>\n[\/vc_column_inner][\/vc_row_inner][vc_row_inner][vc_column_inner][vc_custom_heading text=&#8221;10\/10\/2019&#8243;][vc_custom_heading text=&#8221;Gala&#8221; font_container=&#8221;tag:h3|text_align:left&#8221;][vc_column_text]As rainhas do Panam\u00e1[\/vc_column_text]<a href=\"https:\/\/www.cafedelhomme.com\/privatiser\/wp-content\/uploads\/2020\/09\/2019-10-10-GALA-10-octobre-2019-10000000057562685.pdf\" target=\"_blank\" class=\"btn btn-naked btn_underline ld_button_69ef5b85c0587\">\n\t<span>\n\t\t\n\t\t\t\t\t<span class=\"btn-txt\">plus de d\u00e9tails.<\/span>\n\t\t\t\n\t\t\t\t<\/span>\n<\/a>\n[\/vc_column_inner][\/vc_row_inner][vc_row_inner][vc_column_inner][vc_custom_heading text=&#8221;28\/09\/19&#8243;][vc_custom_heading text=&#8221;Purepeople&#8221; font_container=&#8221;tag:h3|text_align:left&#8221;][vc_column_text]Benjamin Biolay entret\u00e9m os VIPs em uma festa chique em Paris[\/vc_column_text]<a href=\"https:\/\/www.purepeople.com\/article\/benjamin-biolay-ambiance-les-vip-pour-une-chic-soiree-parisienne_a354002\/1\" target=\"_blank\" class=\"btn btn-naked btn_underline ld_button_69ef5b85c06b0\">\n\t<span>\n\t\t\n\t\t\t\t\t<span class=\"btn-txt\">plus de d\u00e9tails.<\/span>\n\t\t\t\n\t\t\t\t<\/span>\n<\/a>\n[\/vc_column_inner][\/vc_row_inner][\/vc_column][vc_column width=&#8221;1\/2&#8243;][vc_row_inner][vc_column_inner][vc_custom_heading text=&#8221;30\/07\/2024&#8243; css=&#8221;&#8221;][vc_custom_heading text=&#8221;NewscastStudio&#8221; font_container=&#8221;tag:h3|text_align:left&#8221; css=&#8221;&#8221;][vc_column_text css=&#8221;&#8221;]De onde voc\u00ea est\u00e1 transmitindo o &#8216;Today&#8217; nas Olimp\u00edadas de Paris 2024?[\/vc_column_text]<a href=\"https:\/\/www.newscaststudio.com\/2024\/07\/30\/today-show-2024-summer-olympics-location\/\" target=\"_blank\" class=\"btn btn-naked btn_underline ld_button_69ef5b85c07b9\">\n\t<span>\n\t\t\n\t\t\t\t\t<span class=\"btn-txt\">plus de d\u00e9tails.<\/span>\n\t\t\t\n\t\t\t\t<\/span>\n<\/a>\n[\/vc_column_inner][\/vc_row_inner][vc_row_inner][vc_column_inner][vc_custom_heading text=&#8221;21\/09\/2023&#8243;][vc_custom_heading text=&#8221;O ponto&#8221; font_container=&#8221;tag:h3|text_align:left&#8221;][vc_column_text]Caf\u00e9 de l&#8217;Homme: uma varanda com vista para a Torre Eiffel[\/vc_column_text]<a href=\"https:\/\/www.lepoint.fr\/gastronomie\/cafe-de-l-homme-un-balcon-sur-la-tour-eiffel-21-09-2023-2536354_82.php#11\" target=\"_blank\" class=\"btn btn-naked btn_underline ld_button_69ef5b85c08c8\">\n\t<span>\n\t\t\n\t\t\t\t\t<span class=\"btn-txt\">plus de d\u00e9tails.<\/span>\n\t\t\t\n\t\t\t\t<\/span>\n<\/a>\n[\/vc_column_inner][\/vc_row_inner][vc_row_inner][vc_column_inner][vc_custom_heading text=&#8221;21\/09\/2023&#8243;][vc_custom_heading text=&#8221;O ponto&#8221; font_container=&#8221;tag:h3|text_align:left&#8221;][vc_column_text]Caf\u00e9 de l&#8217;Homme: uma varanda com vista para a Torre Eiffel[\/vc_column_text]<a href=\"https:\/\/www.lepoint.fr\/gastronomie\/cafe-de-l-homme-un-balcon-sur-la-tour-eiffel-21-09-2023-2536354_82.php#11\" target=\"_blank\" class=\"btn btn-naked btn_underline ld_button_69ef5b85c09ca\">\n\t<span>\n\t\t\n\t\t\t\t\t<span class=\"btn-txt\">plus de d\u00e9tails.<\/span>\n\t\t\t\n\t\t\t\t<\/span>\n<\/a>\n[\/vc_column_inner][\/vc_row_inner][vc_row_inner][vc_column_inner][vc_custom_heading text=&#8221;04\/07\/2023&#8243;][vc_custom_heading text=&#8221;Aeroporto de Paris&#8221; font_container=&#8221;tag:h3|text_align:left&#8221;][vc_column_text]Caf\u00e9 de l&#8217;homme: a melhor vista, 16\u00ba arrondissement de Paris[\/vc_column_text]<a href=\"https:\/\/www.youtube.com\/watch?v=OfxmwF3h_HM\" target=\"_blank\" class=\"btn btn-naked btn_underline ld_button_69ef5b85c0ada\">\n\t<span>\n\t\t\n\t\t\t\t\t<span class=\"btn-txt\">plus de d\u00e9tails.<\/span>\n\t\t\t\n\t\t\t\t<\/span>\n<\/a>\n[\/vc_column_inner][\/vc_row_inner][vc_row_inner][vc_column_inner][vc_custom_heading text=&#8221;27\/06\/2023&#8243;][vc_custom_heading text=&#8221;Gala&#8221; font_container=&#8221;tag:h3|text_align:left&#8221;][vc_column_text]O Caf\u00e9 de l&#8217;Homme comemora seus produtores[\/vc_column_text]<a href=\"https:\/\/www.cafedelhomme.com\/wp-content\/uploads\/2023\/08\/CAFE-DE-LHOMME-CELEBRE-SES-PRODUCTEURS-12291.pdf\" target=\"_blank\" class=\"btn btn-naked btn_underline ld_button_69ef5b85c0be0\">\n\t<span>\n\t\t\n\t\t\t\t\t<span class=\"btn-txt\">plus de d\u00e9tails.<\/span>\n\t\t\t\n\t\t\t\t<\/span>\n<\/a>\n[\/vc_column_inner][\/vc_row_inner][vc_row_inner][vc_column_inner][vc_custom_heading text=&#8221;24\/05\/2023&#8243;][vc_custom_heading text=&#8221;Revista Fresh&#8221; font_container=&#8221;tag:h3|text_align:left&#8221;][vc_column_text]O Caf\u00e9 de l&#8217;Homme: Um local ic\u00f4nico reabre suas portas[\/vc_column_text]<a href=\"https:\/\/freshmagparis.com\/le-cafe-de-lhomme-un-lieu-emblematique-reouvre-ses-portes\/\" target=\"_blank\" class=\"btn btn-naked btn_underline ld_button_69ef5b85c0ce3\">\n\t<span>\n\t\t\n\t\t\t\t\t<span class=\"btn-txt\">plus de d\u00e9tails.<\/span>\n\t\t\t\n\t\t\t\t<\/span>\n<\/a>\n[\/vc_column_inner][\/vc_row_inner][vc_row_inner][vc_column_inner][vc_custom_heading text=&#8221;05\/04\/2023&#8243;][vc_custom_heading text=&#8221;Alimentos e Sensa\u00e7\u00f5es&#8221; font_container=&#8221;tag:h3|text_align:left&#8221;][vc_column_text]Paris: O renascimento do Caf\u00e9 de l&#8217;Homme[\/vc_column_text]<a href=\"http:\/\/foodandsens.com\/made-by-f-and-s\/paris-le-renouveau-du-cafe-de-lhomme\/\" target=\"_blank\" class=\"btn btn-naked btn_underline ld_button_69ef5b85c0de9\">\n\t<span>\n\t\t\n\t\t\t\t\t<span class=\"btn-txt\">plus de d\u00e9tails.<\/span>\n\t\t\t\n\t\t\t\t<\/span>\n<\/a>\n[\/vc_column_inner][\/vc_row_inner][vc_row_inner][vc_column_inner][vc_custom_heading text=&#8221;23\/09\/2020&#8243;][vc_custom_heading text=&#8221;Vogue&#8221; font_container=&#8221;tag:h3|text_align:left&#8221;][vc_column_text]Emily em Paris: os verdadeiros endere\u00e7os parisienses na s\u00e9rie da Netflix[\/vc_column_text]<a href=\"https:\/\/www.vogue.fr\/lifestyle\/article\/emily-in-paris-les-vraies-adresses-parisiennes-de-la-serie-netflix\" target=\"_blank\" class=\"btn btn-naked btn_underline ld_button_69ef5b85c0ef0\">\n\t<span>\n\t\t\n\t\t\t\t\t<span class=\"btn-txt\">plus de d\u00e9tails.<\/span>\n\t\t\t\n\t\t\t\t<\/span>\n<\/a>\n[\/vc_column_inner][\/vc_row_inner][vc_row_inner][vc_column_inner][vc_custom_heading text=&#8221;18\/10\/19&#8243;][vc_custom_heading text=&#8221;Suplemento da ELLE&#8221; font_container=&#8221;tag:h3|text_align:left&#8221;][vc_column_text]A entrevista de Paris com Nathalie Blanc[\/vc_column_text]<a href=\"https:\/\/www.vogue.fr\/lifestyle\/article\/emily-in-paris-les-vraies-adresses-parisiennes-de-la-serie-netflix\" target=\"_blank\" class=\"btn btn-naked btn_underline ld_button_69ef5b85c0ff1\">\n\t<span>\n\t\t\n\t\t\t\t\t<span class=\"btn-txt\">plus de d\u00e9tails.<\/span>\n\t\t\t\n\t\t\t\t<\/span>\n<\/a>\n[\/vc_column_inner][\/vc_row_inner][vc_row_inner][vc_column_inner][vc_custom_heading text=&#8221;03\/10\/2019&#8243;][vc_custom_heading text=&#8221;Yahoo&#8221; font_container=&#8221;tag:h3|text_align:left&#8221;][vc_column_text]Nos bastidores da Paris Fashion Week com o Peugeot Pulsion[\/vc_column_text]<a href=\"https:\/\/fr.news.yahoo.com\/video-coulisses-paris-fashion-week-134601210.html?guccounter=1&#038;guce_referrer=aHR0cHM6Ly93d3cubHVxaS5mci8&#038;guce_referrer_sig=AQAAACvMRgzRgNGM_WRR01Bhg-a7690UCf9GbahD-nxTM0E5v9AEovDFbuUZsaOT2rxtcQfiB-MtlamZC6DnE9rNxK45i5iC1tVDDQx2c6jm9K2KOV6G7uF89OF4nkgbjl4WeLkbizdhxBXeF_CnITGk2W-r1ZT23O_U8rBBvCV6Qauw\" target=\"_blank\" class=\"btn btn-naked btn_underline ld_button_69ef5b85c10f0\">\n\t<span>\n\t\t\n\t\t\t\t\t<span class=\"btn-txt\">plus de d\u00e9tails.<\/span>\n\t\t\t\n\t\t\t\t<\/span>\n<\/a>\n[\/vc_column_inner][\/vc_row_inner][vc_row_inner][vc_column_inner][vc_custom_heading text=&#8221;10\/09\/2019&#8243;][vc_custom_heading text=&#8221;Les Petits Frenchies&#8221; font_container=&#8221;tag:h3|text_align:left&#8221;][vc_column_text]A vodca que coloca a Fran\u00e7a no mapa[\/vc_column_text]<a href=\"https:\/\/petitsfrenchies.com\/grey-goose-sans-compromis\/#:~:text=3%20ingr%C3%A9dients%20essentiels%20%3A%20du%20bl%C3%A9,l&#039;eau%20et%20des%20hommes&#038;text=Tout%20commence%20avec%20le%20cr%C3%A9ateur,%2C%20authentique%20et%20100%25%20Fran%C3%A7ais.\" target=\"_blank\" class=\"btn btn-naked btn_underline ld_button_69ef5b85c1200\">\n\t<span>\n\t\t\n\t\t\t\t\t<span class=\"btn-txt\">plus de d\u00e9tails.<\/span>\n\t\t\t\n\t\t\t\t<\/span>\n<\/a>\n[\/vc_column_inner][\/vc_row_inner][\/vc_column][\/vc_row][\/vc_section]<\/p>\n<\/div>","protected":false},"excerpt":{"rendered":"<p>[vc_row sticky_row=&#8221;yes&#8221; css=&#8221;.vc_custom_1742899657676{background-image: url(https:\/\/www.cafedelhomme.com\/wp-content\/uploads\/2023\/06\/Soiree-Morena-3.jpg?id=2804) !important;background-position: center !important;background-repeat: no-repeat !important;background-size: cover !important;}&#8221; el_id=&#8221;header-page-simple&#8221;][vc_column responsive_css=&#8221;padding_top_large:220px|padding_bottom_large:220px&#8221; css=&#8221;.vc_custom_1683277774171{padding-top: 120px !important;padding-bottom: 230px !important;}&#8221;][vc_custom_heading text=&#8221;Comunicados \u00e0 imprensa&#8221; font_container=&#8221;tag:h1|text_align:center&#8221; css=&#8221;.vc_custom_1686746322153{margin-bottom: 0px !important;}&#8221;][vc_column_text] Publica\u00e7\u00f5es do Le Caf\u00e9 de l&#8217;Homme na imprensa francesa e internacional [\/vc_column_text][\/vc_column][\/vc_row][vc_section el_id=&#8221;press-realease&#8221;][vc_row el_class=&#8221;press-col&#8221; css=&#8221;.vc_custom_1693904668491{margin-bottom: 50px !important;padding-top: 50px !important;padding-right: 20px&#8230;<\/p>\n","protected":false},"author":1,"featured_media":8504,"parent":0,"menu_order":0,"comment_status":"closed","ping_status":"closed","template":"","meta":{"_acf_changed":false,"footnotes":""},"class_list":["post-8503","page","type-page","status-publish","has-post-thumbnail","hentry"],"acf":[],"yoast_head":"<!-- This site is optimized with the Yoast SEO Premium plugin v20.10 (Yoast SEO v27.0) - https:\/\/yoast.com\/product\/yoast-seo-premium-wordpress\/ -->\n<title>Comunicados \u00e0 imprensa - Caf\u00e9 de l&#039;Homme<\/title>\n<meta name=\"robots\" content=\"index, follow, max-snippet:-1, max-image-preview:large, max-video-preview:-1\" \/>\n<link rel=\"canonical\" href=\"https:\/\/www.cafedelhomme.com\/pt-br\/comunicados-a-imprensa\" \/>\n<meta property=\"og:locale\" content=\"pt_BR\" \/>\n<meta property=\"og:type\" content=\"article\" \/>\n<meta property=\"og:title\" content=\"Comunicados \u00e0 imprensa - Caf\u00e9 de l&#039;Homme\" \/>\n<meta property=\"og:description\" content=\"[vc_row sticky_row=&#8221;yes&#8221; css=&#8221;.vc_custom_1742899657676{background-image: url(https:\/\/www.cafedelhomme.com\/wp-content\/uploads\/2023\/06\/Soiree-Morena-3.jpg?id=2804) !important;background-position: center !important;background-repeat: no-repeat !important;background-size: cover !important;}&#8221; el_id=&#8221;header-page-simple&#8221;][vc_column responsive_css=&#8221;padding_top_large:220px|padding_bottom_large:220px&#8221; css=&#8221;.vc_custom_1683277774171{padding-top: 120px !important;padding-bottom: 230px !important;}&#8221;][vc_custom_heading text=&#8221;Comunicados \u00e0 imprensa&#8221; font_container=&#8221;tag:h1|text_align:center&#8221; css=&#8221;.vc_custom_1686746322153{margin-bottom: 0px !important;}&#8221;][vc_column_text] Publica\u00e7\u00f5es do Le Caf\u00e9 de l&#8217;Homme na imprensa francesa e internacional [\/vc_column_text][\/vc_column][\/vc_row][vc_section el_id=&#8221;press-realease&#8221;][vc_row el_class=&#8221;press-col&#8221; css=&#8221;.vc_custom_1693904668491{margin-bottom: 50px !important;padding-top: 50px !important;padding-right: 20px...\" \/>\n<meta property=\"og:url\" content=\"https:\/\/www.cafedelhomme.com\/pt-br\/comunicados-a-imprensa\" \/>\n<meta property=\"og:site_name\" content=\"Caf\u00e9 de l&#039;Homme\" \/>\n<meta property=\"article:publisher\" content=\"https:\/\/www.facebook.com\/cafedelhomme\" \/>\n<meta property=\"article:modified_time\" content=\"2025-03-25T10:47:42+00:00\" \/>\n<meta property=\"og:image\" content=\"https:\/\/www.cafedelhomme.com\/wp-content\/uploads\/2023\/06\/Soiree-Morena-3.jpg\" \/>\n\t<meta property=\"og:image:width\" content=\"1109\" \/>\n\t<meta property=\"og:image:height\" content=\"739\" \/>\n\t<meta property=\"og:image:type\" content=\"image\/jpeg\" \/>\n<meta name=\"twitter:card\" content=\"summary_large_image\" \/>\n<meta name=\"twitter:label1\" content=\"Est. tempo de leitura\" \/>\n\t<meta name=\"twitter:data1\" content=\"3 minutos\" \/>\n<script type=\"application\/ld+json\" class=\"yoast-schema-graph\">{\"@context\":\"https:\/\/schema.org\",\"@graph\":[{\"@type\":\"WebPage\",\"@id\":\"https:\/\/www.cafedelhomme.com\/pt-br\/comunicados-a-imprensa\",\"url\":\"https:\/\/www.cafedelhomme.com\/pt-br\/comunicados-a-imprensa\",\"name\":\"Comunicados \u00e0 imprensa - Caf\u00e9 de l'Homme\",\"isPartOf\":{\"@id\":\"https:\/\/www.cafedelhomme.com\/pt-br#website\"},\"primaryImageOfPage\":{\"@id\":\"https:\/\/www.cafedelhomme.com\/pt-br\/comunicados-a-imprensa#primaryimage\"},\"image\":{\"@id\":\"https:\/\/www.cafedelhomme.com\/pt-br\/comunicados-a-imprensa#primaryimage\"},\"thumbnailUrl\":\"https:\/\/www.cafedelhomme.com\/wp-content\/uploads\/2023\/06\/Soiree-Morena-3.jpg\",\"datePublished\":\"2023-06-14T12:34:57+00:00\",\"dateModified\":\"2025-03-25T10:47:42+00:00\",\"inLanguage\":\"pt-BR\",\"potentialAction\":[{\"@type\":\"ReadAction\",\"target\":[\"https:\/\/www.cafedelhomme.com\/pt-br\/comunicados-a-imprensa\"]}]},{\"@type\":\"ImageObject\",\"inLanguage\":\"pt-BR\",\"@id\":\"https:\/\/www.cafedelhomme.com\/pt-br\/comunicados-a-imprensa#primaryimage\",\"url\":\"https:\/\/www.cafedelhomme.com\/wp-content\/uploads\/2023\/06\/Soiree-Morena-3.jpg\",\"contentUrl\":\"https:\/\/www.cafedelhomme.com\/wp-content\/uploads\/2023\/06\/Soiree-Morena-3.jpg\",\"width\":1109,\"height\":739},{\"@type\":\"WebSite\",\"@id\":\"https:\/\/www.cafedelhomme.com\/pt-br#website\",\"url\":\"https:\/\/www.cafedelhomme.com\/pt-br\",\"name\":\"Caf\u00e9 de l'Homme\",\"description\":\"\",\"publisher\":{\"@id\":\"https:\/\/www.cafedelhomme.com\/pt-br#organization\"},\"potentialAction\":[{\"@type\":\"SearchAction\",\"target\":{\"@type\":\"EntryPoint\",\"urlTemplate\":\"https:\/\/www.cafedelhomme.com\/pt-br?s={search_term_string}\"},\"query-input\":{\"@type\":\"PropertyValueSpecification\",\"valueRequired\":true,\"valueName\":\"search_term_string\"}}],\"inLanguage\":\"pt-BR\"},{\"@type\":\"Organization\",\"@id\":\"https:\/\/www.cafedelhomme.com\/pt-br#organization\",\"name\":\"Caf\u00e9 de l'Homme\",\"url\":\"https:\/\/www.cafedelhomme.com\/pt-br\",\"logo\":{\"@type\":\"ImageObject\",\"inLanguage\":\"pt-BR\",\"@id\":\"https:\/\/www.cafedelhomme.com\/pt-br#\/schema\/logo\/image\/\",\"url\":\"https:\/\/www.cafedelhomme.com\/wp-content\/uploads\/2023\/04\/big-logo-300x163-1.png\",\"contentUrl\":\"https:\/\/www.cafedelhomme.com\/wp-content\/uploads\/2023\/04\/big-logo-300x163-1.png\",\"width\":300,\"height\":163,\"caption\":\"Caf\u00e9 de l'Homme\"},\"image\":{\"@id\":\"https:\/\/www.cafedelhomme.com\/pt-br#\/schema\/logo\/image\/\"},\"sameAs\":[\"https:\/\/www.facebook.com\/cafedelhomme\",\"https:\/\/www.instagram.com\/cafedelhomme\/\"]}]}<\/script>\n<!-- \/ Yoast SEO Premium plugin. -->","yoast_head_json":{"title":"Comunicados \u00e0 imprensa - Caf\u00e9 de l'Homme","robots":{"index":"index","follow":"follow","max-snippet":"max-snippet:-1","max-image-preview":"max-image-preview:large","max-video-preview":"max-video-preview:-1"},"canonical":"https:\/\/www.cafedelhomme.com\/pt-br\/comunicados-a-imprensa","og_locale":"pt_BR","og_type":"article","og_title":"Comunicados \u00e0 imprensa - Caf\u00e9 de l'Homme","og_description":"[vc_row sticky_row=&#8221;yes&#8221; css=&#8221;.vc_custom_1742899657676{background-image: url(https:\/\/www.cafedelhomme.com\/wp-content\/uploads\/2023\/06\/Soiree-Morena-3.jpg?id=2804) !important;background-position: center !important;background-repeat: no-repeat !important;background-size: cover !important;}&#8221; el_id=&#8221;header-page-simple&#8221;][vc_column responsive_css=&#8221;padding_top_large:220px|padding_bottom_large:220px&#8221; css=&#8221;.vc_custom_1683277774171{padding-top: 120px !important;padding-bottom: 230px !important;}&#8221;][vc_custom_heading text=&#8221;Comunicados \u00e0 imprensa&#8221; font_container=&#8221;tag:h1|text_align:center&#8221; css=&#8221;.vc_custom_1686746322153{margin-bottom: 0px !important;}&#8221;][vc_column_text] Publica\u00e7\u00f5es do Le Caf\u00e9 de l&#8217;Homme na imprensa francesa e internacional [\/vc_column_text][\/vc_column][\/vc_row][vc_section el_id=&#8221;press-realease&#8221;][vc_row el_class=&#8221;press-col&#8221; css=&#8221;.vc_custom_1693904668491{margin-bottom: 50px !important;padding-top: 50px !important;padding-right: 20px...","og_url":"https:\/\/www.cafedelhomme.com\/pt-br\/comunicados-a-imprensa","og_site_name":"Caf\u00e9 de l'Homme","article_publisher":"https:\/\/www.facebook.com\/cafedelhomme","article_modified_time":"2025-03-25T10:47:42+00:00","og_image":[{"width":1109,"height":739,"url":"https:\/\/www.cafedelhomme.com\/wp-content\/uploads\/2023\/06\/Soiree-Morena-3.jpg","type":"image\/jpeg"}],"twitter_card":"summary_large_image","twitter_misc":{"Est. tempo de leitura":"3 minutos"},"schema":{"@context":"https:\/\/schema.org","@graph":[{"@type":"WebPage","@id":"https:\/\/www.cafedelhomme.com\/pt-br\/comunicados-a-imprensa","url":"https:\/\/www.cafedelhomme.com\/pt-br\/comunicados-a-imprensa","name":"Comunicados \u00e0 imprensa - Caf\u00e9 de l'Homme","isPartOf":{"@id":"https:\/\/www.cafedelhomme.com\/pt-br#website"},"primaryImageOfPage":{"@id":"https:\/\/www.cafedelhomme.com\/pt-br\/comunicados-a-imprensa#primaryimage"},"image":{"@id":"https:\/\/www.cafedelhomme.com\/pt-br\/comunicados-a-imprensa#primaryimage"},"thumbnailUrl":"https:\/\/www.cafedelhomme.com\/wp-content\/uploads\/2023\/06\/Soiree-Morena-3.jpg","datePublished":"2023-06-14T12:34:57+00:00","dateModified":"2025-03-25T10:47:42+00:00","inLanguage":"pt-BR","potentialAction":[{"@type":"ReadAction","target":["https:\/\/www.cafedelhomme.com\/pt-br\/comunicados-a-imprensa"]}]},{"@type":"ImageObject","inLanguage":"pt-BR","@id":"https:\/\/www.cafedelhomme.com\/pt-br\/comunicados-a-imprensa#primaryimage","url":"https:\/\/www.cafedelhomme.com\/wp-content\/uploads\/2023\/06\/Soiree-Morena-3.jpg","contentUrl":"https:\/\/www.cafedelhomme.com\/wp-content\/uploads\/2023\/06\/Soiree-Morena-3.jpg","width":1109,"height":739},{"@type":"WebSite","@id":"https:\/\/www.cafedelhomme.com\/pt-br#website","url":"https:\/\/www.cafedelhomme.com\/pt-br","name":"Caf\u00e9 de l'Homme","description":"","publisher":{"@id":"https:\/\/www.cafedelhomme.com\/pt-br#organization"},"potentialAction":[{"@type":"SearchAction","target":{"@type":"EntryPoint","urlTemplate":"https:\/\/www.cafedelhomme.com\/pt-br?s={search_term_string}"},"query-input":{"@type":"PropertyValueSpecification","valueRequired":true,"valueName":"search_term_string"}}],"inLanguage":"pt-BR"},{"@type":"Organization","@id":"https:\/\/www.cafedelhomme.com\/pt-br#organization","name":"Caf\u00e9 de l'Homme","url":"https:\/\/www.cafedelhomme.com\/pt-br","logo":{"@type":"ImageObject","inLanguage":"pt-BR","@id":"https:\/\/www.cafedelhomme.com\/pt-br#\/schema\/logo\/image\/","url":"https:\/\/www.cafedelhomme.com\/wp-content\/uploads\/2023\/04\/big-logo-300x163-1.png","contentUrl":"https:\/\/www.cafedelhomme.com\/wp-content\/uploads\/2023\/04\/big-logo-300x163-1.png","width":300,"height":163,"caption":"Caf\u00e9 de l'Homme"},"image":{"@id":"https:\/\/www.cafedelhomme.com\/pt-br#\/schema\/logo\/image\/"},"sameAs":["https:\/\/www.facebook.com\/cafedelhomme","https:\/\/www.instagram.com\/cafedelhomme\/"]}]}},"_links":{"self":[{"href":"https:\/\/www.cafedelhomme.com\/pt-br\/wp-json\/wp\/v2\/pages\/8503","targetHints":{"allow":["GET"]}}],"collection":[{"href":"https:\/\/www.cafedelhomme.com\/pt-br\/wp-json\/wp\/v2\/pages"}],"about":[{"href":"https:\/\/www.cafedelhomme.com\/pt-br\/wp-json\/wp\/v2\/types\/page"}],"author":[{"embeddable":true,"href":"https:\/\/www.cafedelhomme.com\/pt-br\/wp-json\/wp\/v2\/users\/1"}],"replies":[{"embeddable":true,"href":"https:\/\/www.cafedelhomme.com\/pt-br\/wp-json\/wp\/v2\/comments?post=8503"}],"version-history":[{"count":10,"href":"https:\/\/www.cafedelhomme.com\/pt-br\/wp-json\/wp\/v2\/pages\/8503\/revisions"}],"predecessor-version":[{"id":9281,"href":"https:\/\/www.cafedelhomme.com\/pt-br\/wp-json\/wp\/v2\/pages\/8503\/revisions\/9281"}],"wp:featuredmedia":[{"embeddable":true,"href":"https:\/\/www.cafedelhomme.com\/pt-br\/wp-json\/wp\/v2\/media\/8504"}],"wp:attachment":[{"href":"https:\/\/www.cafedelhomme.com\/pt-br\/wp-json\/wp\/v2\/media?parent=8503"}],"curies":[{"name":"wp","href":"https:\/\/api.w.org\/{rel}","templated":true}]}}