{"id":8509,"date":"2023-06-14T11:17:10","date_gmt":"2023-06-14T09:17:10","guid":{"rendered":"https:\/\/www.cafedelhomme.com\/privatizar\/faca-suas-filmagens-e-aparelhos-de-tv-de-frente-para-a-torre-eiffel"},"modified":"2025-03-18T09:55:27","modified_gmt":"2025-03-18T08:55:27","slug":"faca-suas-filmagens-e-aparelhos-de-tv-de-frente-para-a-torre-eiffel","status":"publish","type":"page","link":"https:\/\/www.cafedelhomme.com\/pt-br\/privatizar\/faca-suas-filmagens-e-aparelhos-de-tv-de-frente-para-a-torre-eiffel","title":{"rendered":"Fa\u00e7a suas filmagens e aparelhos de TV de frente para a Torre Eiffel"},"content":{"rendered":"<div class=\"wpb-content-wrapper\"><p>[vc_row sticky_row=&#8221;yes&#8221; css=&#8221;.vc_custom_1686733930095{background-image: url(https:\/\/www.cafedelhomme.com\/wp-content\/uploads\/2023\/06\/Emily-In-paris-Netflix.jpg?id=2774) !important;background-position: center !important;background-repeat: no-repeat !important;background-size: cover !important;}&#8221; el_id=&#8221;cabe\u00e7alho-p\u00e1gina-simples&#8221;][vc_column responsive_css=&#8221;padding_top_large:220px|padding_bottom_large:220px&#8221; css=&#8221;.vc_custom_1683277774171{padding-top: 120px !important;padding-bottom: 230px !important;}&#8221;][vc_custom_heading text=&#8221;Fa\u00e7a suas filmagens e aparelhos de TV de frente para a Torre Eiffel&#8221; font_container=&#8221;tag:h1|text_align:center&#8221; css=&#8221;.vc_custom_1686733935545{margin-bottom: 0px !important;}&#8221;][vc_column_text]<\/p>\n<p style=\"text-align: center;\">Aproveite as vantagens de um cen\u00e1rio excepcional para sua filmagem ou para um set de TV.<\/p>\n<p>[\/vc_column_text][\/vc_column][\/vc_row][vc_row el_id=&#8221;img-e-texto&#8221; responsive_css=&#8221;padding_top_large:160px|padding_bottom_large:80px&#8221; css=&#8221;.vc_custom_1686141382134{padding-bottom: 40px !important;background-color: #ffffff !important;}&#8221;][vc_column][vc_row_inner equal_height=&#8221;yes&#8221; content_placement=&#8221;middle&#8221; responsive_css=&#8221;margin_bottom_large:80px&#8221; css=&#8221;.vc_custom_1686138812636{margin-bottom: 40px !important;}&#8221;][vc_column_inner width=&#8221;1\/2&#8243; el_class=&#8221;picture_top&#8221;][vc_single_image image=&#8221;2872&#8243; img_size=&#8221;full&#8221; css=&#8221;.vc_custom_1686734065941{margin-bottom: 0px !important;}&#8221;][\/vc_column_inner][vc_column_inner width=&#8221;1\/2&#8243; el_class=&#8221;text_right&#8221;][vc_custom_heading text=&#8221;D\u00ea a seus trabalhos audiovisuais um cen\u00e1rio de tirar o f\u00f4lego&#8221;][vc_column_text]Todos os anos, Paris \u00e9 palco de milhares de <strong>filmagens<\/strong> <strong>de filmes<\/strong> <strong>e programas<\/strong> <strong>de TV<\/strong>. As ruas e os monumentos oferecem <strong>cen\u00e1rios<\/strong> aut\u00eanticos para o <strong>cinema<\/strong> e <strong>a televis\u00e3o<\/strong>. Para aproveitar um espa\u00e7o exclusivo e confidencial para suas filmagens no cora\u00e7\u00e3o de Paris, aproveite o Caf\u00e9 de l&#8217;Homme!  <\/p>\n<p>Com seus 500 m\u00b2 de \u00e1rea \u00fatil, seu terra\u00e7o de 350 m\u00b2 na cobertura, de frente para a Torre Eiffel, e sua atmosfera refinada, o Caf\u00e9 de l&#8217;Homme \u00e9 um <strong>lugar fora do comum<\/strong>. A sala de jantar principal apresenta tetos altos, decora\u00e7\u00e3o delicada e sofisticada e uma vista ininterrupta da Dama de Ferro. <\/p>\n<p>O terra\u00e7o arborizado, protegido das multid\u00f5es ao redor, adicionar\u00e1 uma atmosfera \u00fanica \u00e0 <strong>produ\u00e7\u00e3o de seu programa ou filme<\/strong>![\/vc_column_text][\/vc_column_inner][\/vc_row_inner][vc_row_inner equal_height=&#8221;yes&#8221; content_placement=&#8221;middle&#8221;][vc_column_inner width=&#8221;1\/2&#8243; el_class=&#8221;text_left&#8221;][vc_custom_heading text=&#8221;Grave seus filmes, s\u00e9ries e programas no Caf\u00e9 de l&apos;Homme&#8221;][vc_column_text]O Caf\u00e9 de l&#8217;Homme \u00e9 o local ideal para voc\u00ea gravar seu <strong>filme<\/strong> ou <strong>s\u00e9rie<\/strong>. Como um verdadeiro <strong>est\u00fadio de cinema<\/strong> ou <strong>set de televis\u00e3o<\/strong>, as <strong>diferentes atmosferas das<\/strong> <strong>salas<\/strong> atender\u00e3o a todas as suas necessidades. Sua <strong>equipe de filmagem<\/strong> ter\u00e1 acesso a todos os espa\u00e7os e equipamentos: sistema de som, ilumina\u00e7\u00e3o, telas gigantes, microfones, ar-condicionado e aquecimento.  <\/p>\n<p>Dependendo das suas necessidades, os espa\u00e7os podem ser modulados e reorganizados. Podemos organizar um jantar, um coquetel ou entretenimento sonoro para atores, convidados ou artistas intermitentes. <\/p>\n<p>Com sua tend\u00eancia \u00e0 criatividade, nosso cen\u00e1rio j\u00e1 foi escolhido pela Netflix para as filmagens da s\u00e9rie Emily in Paris. A Eurosport e a FIFA tamb\u00e9m filmaram programas de alto n\u00edvel no terra\u00e7o do <strong>Caf\u00e9 de l&#8217;Homme<\/strong>.[\/vc_column_text]<a href=\"#\" class=\"btn btn-naked btn_underline open-contact ld_button_69f4d7d20a782\">\n\t<span>\n\t\t\n\t\t\t\t\t<span class=\"btn-txt\">privatisez.<\/span>\n\t\t\t\n\t\t\t\t<\/span>\n<\/a>\n[\/vc_column_inner][vc_column_inner width=&#8221;1\/2&#8243; el_class=&#8221;picture_bottom&#8221;][vc_single_image image=&#8221;2864&#8243; img_size=&#8221;full&#8221;][\/vc_column_inner][\/vc_row_inner][\/vc_column][\/vc_row][vc_row el_id=&#8221;img-e-texto&#8221; responsive_css=&#8221;padding_top_large:160px|padding_bottom_large:80px&#8221; css=&#8221;.vc_custom_1682610552612{padding-bottom: 40px !important;}&#8221;][vc_column][vc_row_inner equal_height=&#8221;yes&#8221; content_placement=&#8221;middle&#8221;][vc_column_inner width=&#8221;1\/2&#8243; el_class=&#8221;picture_top&#8221;][vc_single_image image=&#8221;2574&#8243; img_size=&#8221;full&#8221;][\/vc_column_inner][vc_column_inner width=&#8221;1\/2&#8243; el_class=&#8221;text_right&#8221;][vc_custom_heading text=&#8221;Restaurante&#8221;][vc_column_text]Fa\u00e7a com que o restaurante seja s\u00f3 seu e desfrute da vista deslumbrante da Torre Eiffel.<\/p>\n<ul>\n<li>Op\u00e7\u00e3o de coquetel de recep\u00e7\u00e3o:<br \/>\nAt\u00e9 300 pessoas no ver\u00e3o<br \/>\nAt\u00e9 200 pessoas no inverno<\/li>\n<li>Op\u00e7\u00e3o de jantar sentado:<br \/>\nAt\u00e9 130 pessoas no terra\u00e7o ou 130 em ambientes fechados<\/li>\n<\/ul>\n<p>[\/vc_column_text]<a href=\"#\" class=\"btn btn-naked btn_underline open-contact ld_button_69f4d7d20a933\">\n\t<span>\n\t\t\n\t\t\t\t\t<span class=\"btn-txt\">privatisez.<\/span>\n\t\t\t\n\t\t\t\t<\/span>\n<\/a>\n[\/vc_column_inner][\/vc_row_inner][vc_row_inner equal_height=&#8221;yes&#8221; content_placement=&#8221;middle&#8221;][vc_column_inner width=&#8221;1\/2&#8243; el_class=&#8221;text_left&#8221;][vc_custom_heading text=&#8221;Ala do jardim&#8221;][vc_column_text]Um ambiente excepcional para seus jantares, confer\u00eancias, coquet\u00e9is e festas.<\/p>\n<ul>\n<li>Coquetel de almo\u00e7o ou jantar para at\u00e9 100 pessoas<\/li>\n<li>Almo\u00e7o ou jantar sentado para at\u00e9 70 pessoas<\/li>\n<li>A asa \u00e9 coberta e aquecida em 90% de sua \u00e1rea de superf\u00edcie<\/li>\n<\/ul>\n<p>[\/vc_column_text]<a href=\"#\" class=\"btn btn-naked btn_underline open-contact ld_button_69f4d7d20aa64\">\n\t<span>\n\t\t\n\t\t\t\t\t<span class=\"btn-txt\">privatisez.<\/span>\n\t\t\t\n\t\t\t\t<\/span>\n<\/a>\n[\/vc_column_inner][vc_column_inner width=&#8221;1\/2&#8243; el_class=&#8221;picture_bottom&#8221;][vc_single_image image=&#8221;2589&#8243; img_size=&#8221;full&#8221;][\/vc_column_inner][\/vc_row_inner][vc_row_inner equal_height=&#8221;yes&#8221; content_placement=&#8221;middle&#8221;][vc_column_inner width=&#8221;1\/2&#8243; el_class=&#8221;picture_top&#8221;][vc_single_image image=&#8221;2590&#8243; img_size=&#8221;full&#8221;][\/vc_column_inner][vc_column_inner width=&#8221;1\/2&#8243; el_class=&#8221;text_right&#8221;][vc_custom_heading text=&#8221;Asa Eiffel&#8221;][vc_column_text]Venha e experimente um momento de prest\u00edgio em um ambiente incomum no cora\u00e7\u00e3o de Paris.<\/p>\n<ul>\n<li>Coquetel de almo\u00e7o ou jantar para at\u00e9 100 pessoas<\/li>\n<li>Almo\u00e7o ou jantar sentado para at\u00e9 70 pessoas<\/li>\n<li>A asa \u00e9 coberta e aquecida em 90% de sua \u00e1rea de superf\u00edcie<\/li>\n<\/ul>\n<p>[\/vc_column_text]<a href=\"#\" class=\"btn btn-naked btn_underline open-contact ld_button_69f4d7d20ab7c\">\n\t<span>\n\t\t\n\t\t\t\t\t<span class=\"btn-txt\">privatisez.<\/span>\n\t\t\t\n\t\t\t\t<\/span>\n<\/a>\n[\/vc_column_inner][\/vc_row_inner][vc_row_inner equal_height=&#8221;yes&#8221; content_placement=&#8221;middle&#8221;][vc_column_inner width=&#8221;1\/2&#8243; el_class=&#8221;text_left&#8221;][vc_custom_heading text=&#8221;O Mezanino&#8221;][vc_column_text]O mezanino tem vista para o sal\u00e3o principal. Sua decora\u00e7\u00e3o, com linhas s\u00f3brias e refinadas, confere a esse espa\u00e7o um charme inigual\u00e1vel. Com seu ambiente \u00edntimo, o mezanino \u00e9 ideal para eventos de prest\u00edgio para pequenos grupos.  <\/p>\n<ul>\n<li>Capacidade para at\u00e9 18 pessoas<\/li>\n<li>Tela de TV dispon\u00edvel<\/li>\n<\/ul>\n<p>[\/vc_column_text]<a href=\"#\" class=\"btn btn-naked btn_underline open-contact ld_button_69f4d7d20ac8e\">\n\t<span>\n\t\t\n\t\t\t\t\t<span class=\"btn-txt\">privatisez.<\/span>\n\t\t\t\n\t\t\t\t<\/span>\n<\/a>\n[\/vc_column_inner][vc_column_inner width=&#8221;1\/2&#8243; el_class=&#8221;picture_bottom&#8221;][vc_single_image image=&#8221;2587&#8243; img_size=&#8221;full&#8221;][\/vc_column_inner][\/vc_row_inner][\/vc_column][\/vc_row][vc_row full_width=&#8221;stretch_row&#8221; equal_height=&#8221;yes&#8221; bg_position=&#8221;center center&#8221; css=&#8221;.vc_custom_1683016397706{padding-top: 80px !important;padding-bottom: 80px !important;background-image: url(https:\/\/www.cafedelhomme.com\/wp-content\/uploads\/2023\/04\/BG-1-1.jpg?id=354) !important;background-position: center !important;background-repeat: no-repeat !important;background-size: cover !important;}&#8221; el_id=&#8221;tela de imagem&#8221; responsive_css=&#8221;padding_top_large:250px|padding_bottom_large:250px&#8221;][vc_column align=&#8221;text-center&#8221;][vc_custom_heading text=&#8221;Entre em contato com nossa equipe de especialistas em<br \/>\n&#8221; font_container=&#8221;tag:h2|text_align:center&#8221; el_class=&#8221;title mb-16&#8243;][vc_column_text el_class=&#8221;sub-title mb-40&#8243;]<em>Ofertas sujeitas \u00e0 disponibilidade, os custos de privatiza\u00e7\u00e3o variam<\/em><br \/>\n<em>dependendo da frequ\u00eancia e das horas de opera\u00e7\u00e3o do<\/em><br \/>\n<em>nosso estabelecimento. Excluindo acess\u00f3rios e servi\u00e7os t\u00e9cnicos. <\/em>[\/vc_column_text]<a href=\"#\" class=\"btn btn-default btn-bordered border-thin btn btn-outline btn-outline-white open-contact ld_button_69f4d7d20ad96\">\n\t<span>\n\t\t\n\t\t\t\t\t<span class=\"btn-txt\">demande de devis personnalis\u00e9.<\/span>\n\t\t\t\n\t\t\t\t<\/span>\n<\/a>\n[\/vc_column][\/vc_row][vc_row el_id=&#8221;equipamentos&#8221; css=&#8221;.vc_custom_1686224179321{padding-top: 80px !important;padding-bottom: 80px !important;background-color: #faf9f6 !important;}&#8221; responsive_css=&#8221;padding_top_large:145px|padding_bottom_large:168px&#8221; el_class=&#8221;prestations&#8221;][vc_column width=&#8221;5\/12&#8243;][vc_custom_heading text=&#8221;Escolha um ambiente excepcional<br \/>\npara suas filmagens&#8221; css=&#8221;.vc_custom_1686734339540{margin-bottom: 40px !important;}&#8221;][vc_column_text css=&#8221;.vc_custom_1686734388844{margin-bottom: 40px !important;}&#8221;]Para garantir que o local corresponda \u00e0s suas filmagens, voc\u00ea ter\u00e1 a oportunidade de visitar <strong>o Caf\u00e9 de l&#8217;Homme<\/strong> durante a busca do local. O acesso log\u00edstico para ve\u00edculos de filmagem e transporte de equipamentos ser\u00e1 muito f\u00e1cil. Al\u00e9m disso, nossas instala\u00e7\u00f5es el\u00e9tricas internas e externas s\u00e3o adaptadas \u00e0s suas necessidades. <strong>Os camarins<\/strong> podem ser montados em nossos espa\u00e7os, onde voc\u00ea tamb\u00e9m pode armazenar seus equipamentos de produ\u00e7\u00e3o.   <\/p>\n<p>As equipes do <strong>Caf\u00e9 de l&#8217;<\/strong> Homme selecionam os melhores prestadores de servi\u00e7os em Paris para a sua <strong>sess\u00e3o de fotos<\/strong>, para ajudar voc\u00ea com o seu projeto.[\/vc_column_text]<a href=\"#\" class=\"btn btn-naked btn_underline open-contact ld_button_69f4d7d20aea1\">\n\t<span>\n\t\t\n\t\t\t\t\t<span class=\"btn-txt\">privatisez le lieu.<\/span>\n\t\t\t\n\t\t\t\t<\/span>\n<\/a>\n[\/vc_column][vc_column width=&#8221;7\/12&#8243;][vc_row_inner equal_height=&#8221;yes&#8221; content_placement=&#8221;middle&#8221; responsive_css=&#8221;margin_bottom_large:30px&#8221; css=&#8221;.vc_custom_1686224165726{margin-bottom: 40px !important;}&#8221; el_class=&#8221;options&#8221;][vc_column_inner width=&#8221;1\/2&#8243; enable_overlay=&#8221;yes&#8221; align=&#8221;text-center&#8221; css=&#8221;.vc_custom_1686240038037{background-image: url(https:\/\/www.cafedelhomme.com\/wp-content\/uploads\/2023\/04\/img-right-scaled.jpg?id=371) !important;background-position: center !important;background-repeat: no-repeat !important;background-size: cover !important;}&#8221; overlay_bg=&#8221;rgba(0, 0, 0, 0.35)&#8221; el_class=&#8221;option-modal&#8221;]<a href=\"#\" class=\"btn btn-default btn-bordered border-thin btn btn-outline btn-outline-white open_modal-simple ld_button_69f4d7d20afb3\">\n\t<span>\n\t\t\n\t\t\t\t\t<span class=\"btn-txt\">nos espaces.<\/span>\n\t\t\t\n\t\t\t\t<\/span>\n<\/a>\n[vc_column_text el_class=&#8221;modal-content-simple&#8221;]A sala principal, voltada para o exterior, pode acomodar at\u00e9 200 pessoas para uma <strong>grande transmiss\u00e3o<\/strong> com uma s\u00e9rie de convidados. Acima, o mezanino oferece um ambiente \u00edntimo para entrevistas ou camarins particulares. A \u00e1rea externa oferece um panorama excepcional como pano de fundo para suas <strong>cenas<\/strong> e <strong>transmiss\u00f5es<\/strong>, com uma vista de tirar o f\u00f4lego da Torre Eiffel e dos monumentos parisienses.[\/vc_column_text][\/vc_column_inner][vc_column_inner width=&#8221;1\/2&#8243; enable_overlay=&#8221;yes&#8221; align=&#8221;text-center&#8221; css=&#8221;.vc_custom_1686240015414{background-image: url(https:\/\/www.cafedelhomme.com\/wp-content\/uploads\/2023\/04\/bg-fullscreen-scaled.jpg?id=452) !important;background-position: center !important;background-repeat: no-repeat !important;background-size: cover !important;}&#8221; overlay_bg=&#8221;rgba(0, 0, 0, 0.35)&#8221; el_class=&#8221;option-modal&#8221;]<a href=\"#\" class=\"btn btn-default btn-bordered border-thin btn btn-outline btn-outline-white open_modal-simple ld_button_69f4d7d20b0ba\">\n\t<span>\n\t\t\n\t\t\t\t\t<span class=\"btn-txt\">nos \u00e9quipements.<\/span>\n\t\t\t\n\t\t\t\t<\/span>\n<\/a>\n[vc_column_text el_class=&#8221;modal-content-simple&#8221;]Todos os nossos espa\u00e7os s\u00e3o equipados com <strong>instala\u00e7\u00f5es<\/strong> <strong>de filmagem<\/strong> de \u00faltima gera\u00e7\u00e3o. Voc\u00ea pode modular as cores de nossa ilumina\u00e7\u00e3o externa e dos tetos de LED para criar a atmosfera certa para a <strong>cena que est\u00e1 filmando<\/strong>. <\/p>\n<p>As \u00e1reas s\u00e3o aquecidas, sombreadas e com ar-condicionado para o conforto de atores e <strong>equipes de filmagem<\/strong>. Por fim, tanto na parte interna quanto na externa, h\u00e1 tomadas el\u00e9tricas para voc\u00ea conectar seu equipamento <strong>de produ\u00e7\u00e3o audiovisual<\/strong>.[\/vc_column_text][\/vc_column_inner][\/vc_row_inner][vc_row_inner equal_height=&#8221;yes&#8221; content_placement=&#8221;middle&#8221; responsive_css=&#8221;margin_bottom_large:10px&#8221; css=&#8221;.vc_custom_1686224370091{margin-bottom: 40px !important;}&#8221; el_class=&#8221;options&#8221;][vc_column_inner width=&#8221;1\/2&#8243; enable_overlay=&#8221;yes&#8221; align=&#8221;text-center&#8221; css=&#8221;.vc_custom_1686240081843{background-image: url(https:\/\/www.cafedelhomme.com\/wp-content\/uploads\/2023\/04\/BG-1-1.jpg?id=354) !important;background-position: center !important;background-repeat: no-repeat !important;background-size: cover !important;}&#8221; overlay_bg=&#8221;rgba(0, 0, 0, 0.35)&#8221; el_class=&#8221;option-modal&#8221;]<a href=\"#\" class=\"btn btn-default btn-bordered border-thin btn btn-outline btn-outline-white open_modal-simple ld_button_69f4d7d20b1ba\">\n\t<span>\n\t\t\n\t\t\t\t\t<span class=\"btn-txt\">nos prestations.<\/span>\n\t\t\t\n\t\t\t\t<\/span>\n<\/a>\n[vc_column_text el_class=&#8221;modal-content-simple&#8221;]Para a <strong>filmagem de<\/strong> seu <strong>filme<\/strong>, <strong>s\u00e9rie<\/strong> ou programa <strong>de televis\u00e3o<\/strong>, selecionamos prestadores de servi\u00e7os renomados. Nossos servi\u00e7os de primeira linha permitir\u00e3o que voc\u00ea d\u00ea vida a cenas exclusivas no <strong>Caf\u00e9 de l&#8217;<\/strong>Homme.[\/vc_column_text][\/vc_column_inner][vc_column_inner width=&#8221;1\/2&#8243; enable_overlay=&#8221;yes&#8221; align=&#8221;text-center&#8221; css=&#8221;.vc_custom_1686240058941{background-image: url(https:\/\/www.cafedelhomme.com\/wp-content\/uploads\/2023\/04\/img-left-scaled.jpg?id=370) !important;background-position: center !important;background-repeat: no-repeat !important;background-size: cover !important;}&#8221; overlay_bg=&#8221;rgba(0, 0, 0, 0.35)&#8221; el_class=&#8221;option-modal&#8221;]<a href=\"#\" class=\"btn btn-default btn-bordered border-thin btn btn-outline btn-outline-white open_modal-simple ld_button_69f4d7d20b2b5\">\n\t<span>\n\t\t\n\t\t\t\t\t<span class=\"btn-txt\">un lieu mythique.<\/span>\n\t\t\t\n\t\t\t\t<\/span>\n<\/a>\n[vc_column_text el_class=&#8221;modal-content-simple&#8221;]Localizado no centro de <strong>Paris<\/strong> e de f\u00e1cil acesso, o Caf\u00e9 de l&#8217;Homme se adapta \u00e0s suas necessidades para criar um evento que corresponda aos seus desejos! Ao <strong>contratar<\/strong> o Caf\u00e9 de l&#8217;Homme <strong>para todo<\/strong> ou <strong>parte do<\/strong> seu evento, voc\u00ea poder\u00e1 equipar nossos espa\u00e7os, integrar sua <strong>decora\u00e7\u00e3o<\/strong> e emocionar seu p\u00fablico.[\/vc_column_text][\/vc_column_inner][\/vc_row_inner][\/vc_column][\/vc_row][vc_row el_id=&#8221;experi\u00eancia-cdh&#8221; responsive_css=&#8221;padding_top_large:250px|padding_bottom_large:250px&#8221; css=&#8221;.vc_custom_1682676040834{padding-top: 80px !important;padding-bottom: 80px !important;}&#8221;][vc_column][vc_custom_heading text=&#8221;Venha e descubra a experi\u00eancia do Caf\u00e9 de l&apos;Homme&#8221; font_container=&#8221;tag:h2|text_align:center&#8221;][vc_column_text]Desfrute de uma experi\u00eancia verdadeiramente atemporal. Voc\u00ea est\u00e1 pronto para essa experi\u00eancia?[\/vc_column_text][vc_row_inner][vc_column_inner align=&#8221;text-center&#8221; el_class=&#8221;group_btn&#8221;]<a href=\"https:\/\/www.cafedelhomme.com\/nos-experiences\" title=\"Nos exp\u00e9riences\" class=\"btn btn-default btn-bordered border-thin btn btn-outline btn-outline-white ld_button_69f4d7d20b3b2\">\n\t<span>\n\t\t\n\t\t\t\t\t<span class=\"btn-txt\">nossas experi\u00eancias.<\/span>\n\t\t\t\n\t\t\t\t<\/span>\n<\/a>\n<a href=\"https:\/\/www.cafedelhomme.com\/la-carte\" title=\"La Carte\" class=\"btn btn-default btn-bordered border-thin btn btn-outline btn-outline-white ld_button_69f4d7d20b4ba\">\n\t<span>\n\t\t\n\t\t\t\t\t<span class=\"btn-txt\">Veja o mapa.<\/span>\n\t\t\t\n\t\t\t\t<\/span>\n<\/a>\n[\/vc_column_inner][\/vc_row_inner][\/vc_column][\/vc_row]<\/p>\n<\/div>","protected":false},"excerpt":{"rendered":"<p>[vc_row sticky_row=&#8221;yes&#8221; css=&#8221;.vc_custom_1686733930095{background-image: url(https:\/\/www.cafedelhomme.com\/wp-content\/uploads\/2023\/06\/Emily-In-paris-Netflix.jpg?id=2774) !important;background-position: center !important;background-repeat: no-repeat !important;background-size: cover !important;}&#8221; el_id=&#8221;cabe\u00e7alho-p\u00e1gina-simples&#8221;][vc_column responsive_css=&#8221;padding_top_large:220px|padding_bottom_large:220px&#8221; css=&#8221;.vc_custom_1683277774171{padding-top: 120px !important;padding-bottom: 230px !important;}&#8221;][vc_custom_heading text=&#8221;Fa\u00e7a suas filmagens e aparelhos de TV de frente para a Torre Eiffel&#8221; font_container=&#8221;tag:h1|text_align:center&#8221; css=&#8221;.vc_custom_1686733935545{margin-bottom: 0px !important;}&#8221;][vc_column_text] Aproveite as vantagens de um cen\u00e1rio excepcional para sua filmagem&#8230;<\/p>\n","protected":false},"author":1,"featured_media":0,"parent":8082,"menu_order":0,"comment_status":"closed","ping_status":"closed","template":"","meta":{"_acf_changed":false,"footnotes":""},"class_list":["post-8509","page","type-page","status-publish","hentry"],"acf":[],"yoast_head":"<!-- This site is optimized with the Yoast SEO Premium plugin v20.10 (Yoast SEO v27.0) - https:\/\/yoast.com\/product\/yoast-seo-premium-wordpress\/ -->\n<title>Fa\u00e7a suas filmagens e aparelhos de TV de frente para a Torre Eiffel - Caf\u00e9 de l&#039;Homme<\/title>\n<meta name=\"robots\" content=\"index, follow, max-snippet:-1, max-image-preview:large, max-video-preview:-1\" \/>\n<link rel=\"canonical\" href=\"https:\/\/www.cafedelhomme.com\/pt-br\/privatizar\/faca-suas-filmagens-e-aparelhos-de-tv-de-frente-para-a-torre-eiffel\" \/>\n<meta property=\"og:locale\" content=\"pt_BR\" \/>\n<meta property=\"og:type\" content=\"article\" \/>\n<meta property=\"og:title\" content=\"Fa\u00e7a suas filmagens e aparelhos de TV de frente para a Torre Eiffel - Caf\u00e9 de l&#039;Homme\" \/>\n<meta property=\"og:description\" content=\"[vc_row sticky_row=&#8221;yes&#8221; css=&#8221;.vc_custom_1686733930095{background-image: url(https:\/\/www.cafedelhomme.com\/wp-content\/uploads\/2023\/06\/Emily-In-paris-Netflix.jpg?id=2774) !important;background-position: center !important;background-repeat: no-repeat !important;background-size: cover !important;}&#8221; el_id=&#8221;cabe\u00e7alho-p\u00e1gina-simples&#8221;][vc_column responsive_css=&#8221;padding_top_large:220px|padding_bottom_large:220px&#8221; css=&#8221;.vc_custom_1683277774171{padding-top: 120px !important;padding-bottom: 230px !important;}&#8221;][vc_custom_heading text=&#8221;Fa\u00e7a suas filmagens e aparelhos de TV de frente para a Torre Eiffel&#8221; font_container=&#8221;tag:h1|text_align:center&#8221; css=&#8221;.vc_custom_1686733935545{margin-bottom: 0px !important;}&#8221;][vc_column_text] Aproveite as vantagens de um cen\u00e1rio excepcional para sua filmagem...\" \/>\n<meta property=\"og:url\" content=\"https:\/\/www.cafedelhomme.com\/pt-br\/privatizar\/faca-suas-filmagens-e-aparelhos-de-tv-de-frente-para-a-torre-eiffel\" \/>\n<meta property=\"og:site_name\" content=\"Caf\u00e9 de l&#039;Homme\" \/>\n<meta property=\"article:publisher\" content=\"https:\/\/www.facebook.com\/cafedelhomme\" \/>\n<meta property=\"article:modified_time\" content=\"2025-03-18T08:55:27+00:00\" \/>\n<meta name=\"twitter:card\" content=\"summary_large_image\" \/>\n<meta name=\"twitter:label1\" content=\"Est. tempo de leitura\" \/>\n\t<meta name=\"twitter:data1\" content=\"10 minutos\" \/>\n<script type=\"application\/ld+json\" class=\"yoast-schema-graph\">{\"@context\":\"https:\/\/schema.org\",\"@graph\":[{\"@type\":\"WebPage\",\"@id\":\"https:\/\/www.cafedelhomme.com\/pt-br\/privatizar\/faca-suas-filmagens-e-aparelhos-de-tv-de-frente-para-a-torre-eiffel\",\"url\":\"https:\/\/www.cafedelhomme.com\/pt-br\/privatizar\/faca-suas-filmagens-e-aparelhos-de-tv-de-frente-para-a-torre-eiffel\",\"name\":\"Fa\u00e7a suas filmagens e aparelhos de TV de frente para a Torre Eiffel - Caf\u00e9 de l'Homme\",\"isPartOf\":{\"@id\":\"https:\/\/www.cafedelhomme.com\/pt-br#website\"},\"datePublished\":\"2023-06-14T09:17:10+00:00\",\"dateModified\":\"2025-03-18T08:55:27+00:00\",\"breadcrumb\":{\"@id\":\"https:\/\/www.cafedelhomme.com\/pt-br\/privatizar\/faca-suas-filmagens-e-aparelhos-de-tv-de-frente-para-a-torre-eiffel#breadcrumb\"},\"inLanguage\":\"pt-BR\",\"potentialAction\":[{\"@type\":\"ReadAction\",\"target\":[\"https:\/\/www.cafedelhomme.com\/pt-br\/privatizar\/faca-suas-filmagens-e-aparelhos-de-tv-de-frente-para-a-torre-eiffel\"]}]},{\"@type\":\"BreadcrumbList\",\"@id\":\"https:\/\/www.cafedelhomme.com\/pt-br\/privatizar\/faca-suas-filmagens-e-aparelhos-de-tv-de-frente-para-a-torre-eiffel#breadcrumb\",\"itemListElement\":[{\"@type\":\"ListItem\",\"position\":1,\"name\":\"Privatizar\",\"item\":\"https:\/\/www.cafedelhomme.com\/pt-br\/privatizar\"},{\"@type\":\"ListItem\",\"position\":2,\"name\":\"Fa\u00e7a suas filmagens e aparelhos de TV de frente para a Torre Eiffel\"}]},{\"@type\":\"WebSite\",\"@id\":\"https:\/\/www.cafedelhomme.com\/pt-br#website\",\"url\":\"https:\/\/www.cafedelhomme.com\/pt-br\",\"name\":\"Caf\u00e9 de l'Homme\",\"description\":\"\",\"publisher\":{\"@id\":\"https:\/\/www.cafedelhomme.com\/pt-br#organization\"},\"potentialAction\":[{\"@type\":\"SearchAction\",\"target\":{\"@type\":\"EntryPoint\",\"urlTemplate\":\"https:\/\/www.cafedelhomme.com\/pt-br?s={search_term_string}\"},\"query-input\":{\"@type\":\"PropertyValueSpecification\",\"valueRequired\":true,\"valueName\":\"search_term_string\"}}],\"inLanguage\":\"pt-BR\"},{\"@type\":\"Organization\",\"@id\":\"https:\/\/www.cafedelhomme.com\/pt-br#organization\",\"name\":\"Caf\u00e9 de l'Homme\",\"url\":\"https:\/\/www.cafedelhomme.com\/pt-br\",\"logo\":{\"@type\":\"ImageObject\",\"inLanguage\":\"pt-BR\",\"@id\":\"https:\/\/www.cafedelhomme.com\/pt-br#\/schema\/logo\/image\/\",\"url\":\"https:\/\/www.cafedelhomme.com\/wp-content\/uploads\/2023\/04\/big-logo-300x163-1.png\",\"contentUrl\":\"https:\/\/www.cafedelhomme.com\/wp-content\/uploads\/2023\/04\/big-logo-300x163-1.png\",\"width\":300,\"height\":163,\"caption\":\"Caf\u00e9 de l'Homme\"},\"image\":{\"@id\":\"https:\/\/www.cafedelhomme.com\/pt-br#\/schema\/logo\/image\/\"},\"sameAs\":[\"https:\/\/www.facebook.com\/cafedelhomme\",\"https:\/\/www.instagram.com\/cafedelhomme\/\"]}]}<\/script>\n<!-- \/ Yoast SEO Premium plugin. -->","yoast_head_json":{"title":"Fa\u00e7a suas filmagens e aparelhos de TV de frente para a Torre Eiffel - Caf\u00e9 de l'Homme","robots":{"index":"index","follow":"follow","max-snippet":"max-snippet:-1","max-image-preview":"max-image-preview:large","max-video-preview":"max-video-preview:-1"},"canonical":"https:\/\/www.cafedelhomme.com\/pt-br\/privatizar\/faca-suas-filmagens-e-aparelhos-de-tv-de-frente-para-a-torre-eiffel","og_locale":"pt_BR","og_type":"article","og_title":"Fa\u00e7a suas filmagens e aparelhos de TV de frente para a Torre Eiffel - Caf\u00e9 de l'Homme","og_description":"[vc_row sticky_row=&#8221;yes&#8221; css=&#8221;.vc_custom_1686733930095{background-image: url(https:\/\/www.cafedelhomme.com\/wp-content\/uploads\/2023\/06\/Emily-In-paris-Netflix.jpg?id=2774) !important;background-position: center !important;background-repeat: no-repeat !important;background-size: cover !important;}&#8221; el_id=&#8221;cabe\u00e7alho-p\u00e1gina-simples&#8221;][vc_column responsive_css=&#8221;padding_top_large:220px|padding_bottom_large:220px&#8221; css=&#8221;.vc_custom_1683277774171{padding-top: 120px !important;padding-bottom: 230px !important;}&#8221;][vc_custom_heading text=&#8221;Fa\u00e7a suas filmagens e aparelhos de TV de frente para a Torre Eiffel&#8221; font_container=&#8221;tag:h1|text_align:center&#8221; css=&#8221;.vc_custom_1686733935545{margin-bottom: 0px !important;}&#8221;][vc_column_text] Aproveite as vantagens de um cen\u00e1rio excepcional para sua filmagem...","og_url":"https:\/\/www.cafedelhomme.com\/pt-br\/privatizar\/faca-suas-filmagens-e-aparelhos-de-tv-de-frente-para-a-torre-eiffel","og_site_name":"Caf\u00e9 de l'Homme","article_publisher":"https:\/\/www.facebook.com\/cafedelhomme","article_modified_time":"2025-03-18T08:55:27+00:00","twitter_card":"summary_large_image","twitter_misc":{"Est. tempo de leitura":"10 minutos"},"schema":{"@context":"https:\/\/schema.org","@graph":[{"@type":"WebPage","@id":"https:\/\/www.cafedelhomme.com\/pt-br\/privatizar\/faca-suas-filmagens-e-aparelhos-de-tv-de-frente-para-a-torre-eiffel","url":"https:\/\/www.cafedelhomme.com\/pt-br\/privatizar\/faca-suas-filmagens-e-aparelhos-de-tv-de-frente-para-a-torre-eiffel","name":"Fa\u00e7a suas filmagens e aparelhos de TV de frente para a Torre Eiffel - Caf\u00e9 de l'Homme","isPartOf":{"@id":"https:\/\/www.cafedelhomme.com\/pt-br#website"},"datePublished":"2023-06-14T09:17:10+00:00","dateModified":"2025-03-18T08:55:27+00:00","breadcrumb":{"@id":"https:\/\/www.cafedelhomme.com\/pt-br\/privatizar\/faca-suas-filmagens-e-aparelhos-de-tv-de-frente-para-a-torre-eiffel#breadcrumb"},"inLanguage":"pt-BR","potentialAction":[{"@type":"ReadAction","target":["https:\/\/www.cafedelhomme.com\/pt-br\/privatizar\/faca-suas-filmagens-e-aparelhos-de-tv-de-frente-para-a-torre-eiffel"]}]},{"@type":"BreadcrumbList","@id":"https:\/\/www.cafedelhomme.com\/pt-br\/privatizar\/faca-suas-filmagens-e-aparelhos-de-tv-de-frente-para-a-torre-eiffel#breadcrumb","itemListElement":[{"@type":"ListItem","position":1,"name":"Privatizar","item":"https:\/\/www.cafedelhomme.com\/pt-br\/privatizar"},{"@type":"ListItem","position":2,"name":"Fa\u00e7a suas filmagens e aparelhos de TV de frente para a Torre Eiffel"}]},{"@type":"WebSite","@id":"https:\/\/www.cafedelhomme.com\/pt-br#website","url":"https:\/\/www.cafedelhomme.com\/pt-br","name":"Caf\u00e9 de l'Homme","description":"","publisher":{"@id":"https:\/\/www.cafedelhomme.com\/pt-br#organization"},"potentialAction":[{"@type":"SearchAction","target":{"@type":"EntryPoint","urlTemplate":"https:\/\/www.cafedelhomme.com\/pt-br?s={search_term_string}"},"query-input":{"@type":"PropertyValueSpecification","valueRequired":true,"valueName":"search_term_string"}}],"inLanguage":"pt-BR"},{"@type":"Organization","@id":"https:\/\/www.cafedelhomme.com\/pt-br#organization","name":"Caf\u00e9 de l'Homme","url":"https:\/\/www.cafedelhomme.com\/pt-br","logo":{"@type":"ImageObject","inLanguage":"pt-BR","@id":"https:\/\/www.cafedelhomme.com\/pt-br#\/schema\/logo\/image\/","url":"https:\/\/www.cafedelhomme.com\/wp-content\/uploads\/2023\/04\/big-logo-300x163-1.png","contentUrl":"https:\/\/www.cafedelhomme.com\/wp-content\/uploads\/2023\/04\/big-logo-300x163-1.png","width":300,"height":163,"caption":"Caf\u00e9 de l'Homme"},"image":{"@id":"https:\/\/www.cafedelhomme.com\/pt-br#\/schema\/logo\/image\/"},"sameAs":["https:\/\/www.facebook.com\/cafedelhomme","https:\/\/www.instagram.com\/cafedelhomme\/"]}]}},"_links":{"self":[{"href":"https:\/\/www.cafedelhomme.com\/pt-br\/wp-json\/wp\/v2\/pages\/8509","targetHints":{"allow":["GET"]}}],"collection":[{"href":"https:\/\/www.cafedelhomme.com\/pt-br\/wp-json\/wp\/v2\/pages"}],"about":[{"href":"https:\/\/www.cafedelhomme.com\/pt-br\/wp-json\/wp\/v2\/types\/page"}],"author":[{"embeddable":true,"href":"https:\/\/www.cafedelhomme.com\/pt-br\/wp-json\/wp\/v2\/users\/1"}],"replies":[{"embeddable":true,"href":"https:\/\/www.cafedelhomme.com\/pt-br\/wp-json\/wp\/v2\/comments?post=8509"}],"version-history":[{"count":1,"href":"https:\/\/www.cafedelhomme.com\/pt-br\/wp-json\/wp\/v2\/pages\/8509\/revisions"}],"predecessor-version":[{"id":8513,"href":"https:\/\/www.cafedelhomme.com\/pt-br\/wp-json\/wp\/v2\/pages\/8509\/revisions\/8513"}],"up":[{"embeddable":true,"href":"https:\/\/www.cafedelhomme.com\/pt-br\/wp-json\/wp\/v2\/pages\/8082"}],"wp:attachment":[{"href":"https:\/\/www.cafedelhomme.com\/pt-br\/wp-json\/wp\/v2\/media?parent=8509"}],"curies":[{"name":"wp","href":"https:\/\/api.w.org\/{rel}","templated":true}]}}