{"id":8560,"date":"2023-06-13T17:26:38","date_gmt":"2023-06-13T15:26:38","guid":{"rendered":"https:\/\/www.cafedelhomme.com\/privatizar\/seu-baile-de-gala-beneficente-em-frente-a-torre-eiffel"},"modified":"2025-03-18T09:55:37","modified_gmt":"2025-03-18T08:55:37","slug":"seu-baile-de-gala-beneficente-em-frente-a-torre-eiffel","status":"publish","type":"page","link":"https:\/\/www.cafedelhomme.com\/pt-br\/privatizar\/seu-baile-de-gala-beneficente-em-frente-a-torre-eiffel","title":{"rendered":"Seu baile de gala beneficente em frente \u00e0 Torre Eiffel"},"content":{"rendered":"<div class=\"wpb-content-wrapper\"><p>[vc_row sticky_row=&#8221;yes&#8221; css=&#8221;.vc_custom_1686663502715{background-image: url(https:\/\/www.cafedelhomme.com\/wp-content\/uploads\/2023\/06\/280534928_1045432909714989_378998164212777935_n-1024&#215;1024-1.jpg?id=2748) !important;background-position: center !important;background-repeat: no-repeat !important;background-size: cover !important;}&#8221; el_id=&#8221;cabe\u00e7alho-p\u00e1gina-simples&#8221;][vc_column responsive_css=&#8221;padding_top_large:220px|padding_bottom_large:220px&#8221; css=&#8221;.vc_custom_1683277774171{padding-top: 120px !important;padding-bottom: 230px !important;}&#8221;][vc_custom_heading text=&#8221;Seu baile de gala beneficente<br \/>\nem frente \u00e0 Torre Eiffel&#8221; font_container=&#8221;tag:h1|text_align:center&#8221; css=&#8221;.vc_custom_1686670054399{margin-bottom: 0px !important;}&#8221;][vc_column_text]<\/p>\n<p style=\"text-align: center;\">Privatize um local exclusivo em Paris para sua festa de gala beneficente<\/p>\n<p>[\/vc_column_text][\/vc_column][\/vc_row][vc_row el_id=&#8221;img-e-texto&#8221; responsive_css=&#8221;padding_top_large:160px|padding_bottom_large:80px&#8221; css=&#8221;.vc_custom_1686141382134{padding-bottom: 40px !important;background-color: #ffffff !important;}&#8221;][vc_column][vc_row_inner equal_height=&#8221;yes&#8221; content_placement=&#8221;middle&#8221; responsive_css=&#8221;margin_bottom_large:80px&#8221; css=&#8221;.vc_custom_1686138812636{margin-bottom: 40px !important;}&#8221;][vc_column_inner width=&#8221;1\/2&#8243; el_class=&#8221;picture_top&#8221;][vc_single_image image=&#8221;2815&#8243; img_size=&#8221;full&#8221; css=&#8221;.vc_custom_1686670997482{margin-bottom: 0px !important;}&#8221;][\/vc_column_inner][vc_column_inner width=&#8221;1\/2&#8243; el_class=&#8221;text_right&#8221;][vc_custom_heading text=&#8221;Organize seu baile de gala beneficente em Paris em um cen\u00e1rio ic\u00f4nico&#8221;][vc_column_text]Com 550 m\u00b2 de espa\u00e7o no cora\u00e7\u00e3o do Palais de Chaillot, o Caf\u00e9 de l&#8217;Homme oferece um ambiente \u00fanico para o seu baile <strong>de gala beneficente<\/strong>.<\/p>\n<p>Suas vistas de tirar o f\u00f4lego da Torre Eiffel, dos jardins do Trocadero, do Champ-de-Mars e dos monumentos de Paris deslumbrar\u00e3o seus convidados. O interior, projetado pelos arquitetos de interiores Gilles &amp; Boissier no estilo Art D\u00e9co, pode ser organizado de acordo com suas necessidades. <\/p>\n<p>Aumente a conscientiza\u00e7\u00e3o dos <strong>doadores<\/strong> sobre a sua causa em uma <strong>Gala de Bienfaisance<\/strong> em um local de prest\u00edgio e confidencial, conhecido por sua eleg\u00e2ncia e vistas inesquec\u00edveis.<\/p>\n<p>Nossa <strong>equipe de eventos<\/strong> ajudar\u00e1 voc\u00ea a criar esse evento beneficente para atender \u00e0s suas diversas necessidades.<\/p>\n<p><strong>Ag\u00eancia de eventos<\/strong> ou <strong>organizador de gala<\/strong>, entre em contato conosco para discutir os objetivos dessa campanha de arrecada\u00e7\u00e3o de fundos.[\/vc_column_text][\/vc_column_inner][\/vc_row_inner][vc_row_inner equal_height=&#8221;yes&#8221; content_placement=&#8221;middle&#8221;][vc_column_inner width=&#8221;1\/2&#8243; el_class=&#8221;text_left&#8221;][vc_custom_heading text=&#8221;Um local de prest\u00edgio para sua festa de gala&#8221;][vc_column_text]No cora\u00e7\u00e3o do <strong>16\u00ba arrondissement<\/strong>, em um <strong>ambiente refinado<\/strong> de frente para a famosa Torre <strong>Eiffel<\/strong>, damos as boas-vindas a voc\u00ea para organizar sua <strong>Gala Beneficente em Paris<\/strong>.<\/p>\n<p>Uma <strong>localiza\u00e7\u00e3o ideal<\/strong>, um ambiente \u00fanico, <strong>servi\u00e7os de primeira linha<\/strong> e <strong>suporte personalizado<\/strong> fazem do Le <strong>Caf\u00e9 de l&#8217;<\/strong> Homme um local de primeira classe.<\/p>\n<p>Mobilizamos todas as nossas habilidades para garantir que o seu <strong>evento beneficente<\/strong> atenda a todos os seus requisitos e permita que voc\u00ea obtenha as doa\u00e7\u00f5es necess\u00e1rias para apoiar a causa que est\u00e1 apoiando.<\/p>\n<p>Ao confiar a n\u00f3s a organiza\u00e7\u00e3o do seu baile <strong>de gala beneficente<\/strong>, voc\u00ea pode ter certeza de que ter\u00e1 um evento <strong>de alta qualidade<\/strong> que deixar\u00e1 uma impress\u00e3o duradoura em seus convidados.[\/vc_column_text]<a href=\"#\" class=\"btn btn-naked btn_underline open-contact ld_button_69f3eb64e57ea\">\n\t<span>\n\t\t\n\t\t\t\t\t<span class=\"btn-txt\">privatisez.<\/span>\n\t\t\t\n\t\t\t\t<\/span>\n<\/a>\n[\/vc_column_inner][vc_column_inner width=&#8221;1\/2&#8243; el_class=&#8221;picture_bottom&#8221;][vc_single_image image=&#8221;8504&#8243; img_size=&#8221;full&#8221;][\/vc_column_inner][\/vc_row_inner][\/vc_column][\/vc_row][vc_row el_id=&#8221;img-e-texto&#8221; responsive_css=&#8221;padding_top_large:160px|padding_bottom_large:80px&#8221; css=&#8221;.vc_custom_1682610552612{padding-bottom: 40px !important;}&#8221;][vc_column][vc_row_inner equal_height=&#8221;yes&#8221; content_placement=&#8221;middle&#8221;][vc_column_inner width=&#8221;1\/2&#8243; el_class=&#8221;picture_top&#8221;][vc_single_image image=&#8221;2574&#8243; img_size=&#8221;full&#8221;][\/vc_column_inner][vc_column_inner width=&#8221;1\/2&#8243; el_class=&#8221;text_right&#8221;][vc_custom_heading text=&#8221;Restaurante&#8221;][vc_column_text]Fa\u00e7a com que o restaurante seja s\u00f3 seu e desfrute da vista deslumbrante da Torre Eiffel.<\/p>\n<ul>\n<li>Op\u00e7\u00e3o de coquetel de recep\u00e7\u00e3o:<br \/>\nAt\u00e9 300 pessoas no ver\u00e3o<br \/>\nAt\u00e9 200 pessoas no inverno<\/li>\n<li>Op\u00e7\u00e3o de jantar sentado:<br \/>\nAt\u00e9 130 pessoas no terra\u00e7o ou 130 em ambientes fechados<\/li>\n<\/ul>\n<p>[\/vc_column_text]<a href=\"#\" class=\"btn btn-naked btn_underline open-contact ld_button_69f3eb64e59ac\">\n\t<span>\n\t\t\n\t\t\t\t\t<span class=\"btn-txt\">privatisez.<\/span>\n\t\t\t\n\t\t\t\t<\/span>\n<\/a>\n[\/vc_column_inner][\/vc_row_inner][vc_row_inner equal_height=&#8221;yes&#8221; content_placement=&#8221;middle&#8221;][vc_column_inner width=&#8221;1\/2&#8243; el_class=&#8221;text_left&#8221;][vc_custom_heading text=&#8221;Ala do jardim&#8221;][vc_column_text]Um ambiente excepcional para seus jantares, confer\u00eancias, coquet\u00e9is e festas.<\/p>\n<ul>\n<li>Coquetel de almo\u00e7o ou jantar para at\u00e9 100 pessoas<\/li>\n<li>Almo\u00e7o ou jantar sentado para at\u00e9 70 pessoas<\/li>\n<li>A asa \u00e9 coberta e aquecida em 90% de sua \u00e1rea de superf\u00edcie<\/li>\n<\/ul>\n<p>[\/vc_column_text]<a href=\"#\" class=\"btn btn-naked btn_underline open-contact ld_button_69f3eb64e5ae3\">\n\t<span>\n\t\t\n\t\t\t\t\t<span class=\"btn-txt\">privatisez.<\/span>\n\t\t\t\n\t\t\t\t<\/span>\n<\/a>\n[\/vc_column_inner][vc_column_inner width=&#8221;1\/2&#8243; el_class=&#8221;picture_bottom&#8221;][vc_single_image image=&#8221;2589&#8243; img_size=&#8221;full&#8221;][\/vc_column_inner][\/vc_row_inner][vc_row_inner equal_height=&#8221;yes&#8221; content_placement=&#8221;middle&#8221;][vc_column_inner width=&#8221;1\/2&#8243; el_class=&#8221;picture_top&#8221;][vc_single_image image=&#8221;2590&#8243; img_size=&#8221;full&#8221;][\/vc_column_inner][vc_column_inner width=&#8221;1\/2&#8243; el_class=&#8221;text_right&#8221;][vc_custom_heading text=&#8221;Asa Eiffel&#8221;][vc_column_text]Venha e experimente um momento de prest\u00edgio em um ambiente incomum no cora\u00e7\u00e3o de Paris.<\/p>\n<ul>\n<li>Coquetel de almo\u00e7o ou jantar para at\u00e9 100 pessoas<\/li>\n<li>Almo\u00e7o ou jantar sentado para at\u00e9 70 pessoas<\/li>\n<li>A asa \u00e9 coberta e aquecida em 90% de sua \u00e1rea de superf\u00edcie<\/li>\n<\/ul>\n<p>[\/vc_column_text]<a href=\"#\" class=\"btn btn-naked btn_underline open-contact ld_button_69f3eb64e5c04\">\n\t<span>\n\t\t\n\t\t\t\t\t<span class=\"btn-txt\">privatisez.<\/span>\n\t\t\t\n\t\t\t\t<\/span>\n<\/a>\n[\/vc_column_inner][\/vc_row_inner][vc_row_inner equal_height=&#8221;yes&#8221; content_placement=&#8221;middle&#8221;][vc_column_inner width=&#8221;1\/2&#8243; el_class=&#8221;text_left&#8221;][vc_custom_heading text=&#8221;O Mezanino&#8221;][vc_column_text]O mezanino tem vista para o sal\u00e3o principal. Sua decora\u00e7\u00e3o, com linhas s\u00f3brias e refinadas, confere a esse espa\u00e7o um charme inigual\u00e1vel. Com seu ambiente \u00edntimo, o mezanino \u00e9 ideal para eventos de prest\u00edgio para pequenos grupos.  <\/p>\n<ul>\n<li>Capacidade para at\u00e9 18 pessoas<\/li>\n<li>Tela de TV dispon\u00edvel<\/li>\n<\/ul>\n<p>[\/vc_column_text]<a href=\"#\" class=\"btn btn-naked btn_underline open-contact ld_button_69f3eb64e5d13\">\n\t<span>\n\t\t\n\t\t\t\t\t<span class=\"btn-txt\">privatisez.<\/span>\n\t\t\t\n\t\t\t\t<\/span>\n<\/a>\n[\/vc_column_inner][vc_column_inner width=&#8221;1\/2&#8243; el_class=&#8221;picture_bottom&#8221;][vc_single_image image=&#8221;2587&#8243; img_size=&#8221;full&#8221;][\/vc_column_inner][\/vc_row_inner][\/vc_column][\/vc_row][vc_row full_width=&#8221;stretch_row&#8221; equal_height=&#8221;yes&#8221; bg_position=&#8221;center center&#8221; css=&#8221;.vc_custom_1683016397706{padding-top: 80px !important;padding-bottom: 80px !important;background-image: url(https:\/\/www.cafedelhomme.com\/wp-content\/uploads\/2023\/04\/BG-1-1.jpg?id=354) !important;background-position: center !important;background-repeat: no-repeat !important;background-size: cover !important;}&#8221; el_id=&#8221;tela de imagem&#8221; responsive_css=&#8221;padding_top_large:250px|padding_bottom_large:250px&#8221;][vc_column align=&#8221;text-center&#8221;][vc_custom_heading text=&#8221;Entre em contato com nossa equipe de especialistas em<br \/>\n&#8221; font_container=&#8221;tag:h2|text_align:center&#8221; el_class=&#8221;title mb-16&#8243;][vc_column_text el_class=&#8221;sub-title mb-40&#8243;]<em>Ofertas sujeitas \u00e0 disponibilidade, os custos de privatiza\u00e7\u00e3o variam<\/em><br \/>\n<em>dependendo da frequ\u00eancia e das horas de opera\u00e7\u00e3o do<\/em><br \/>\n<em>nosso estabelecimento. Excluindo acess\u00f3rios e servi\u00e7os t\u00e9cnicos. <\/em>[\/vc_column_text]<a href=\"#\" class=\"btn btn-default btn-bordered border-thin btn btn-outline btn-outline-white open-contact ld_button_69f3eb64e5e18\">\n\t<span>\n\t\t\n\t\t\t\t\t<span class=\"btn-txt\">demande de devis personnalis\u00e9.<\/span>\n\t\t\t\n\t\t\t\t<\/span>\n<\/a>\n[\/vc_column][\/vc_row][vc_row el_id=&#8221;equipamentos&#8221; css=&#8221;.vc_custom_1686224179321{padding-top: 80px !important;padding-bottom: 80px !important;background-color: #faf9f6 !important;}&#8221; responsive_css=&#8221;padding_top_large:145px|padding_bottom_large:168px&#8221; el_class=&#8221;prestations&#8221;][vc_column width=&#8221;5\/12&#8243;][vc_custom_heading text=&#8221;Use nossos espa\u00e7os para organizar seu baile de gala beneficente<br \/>\n&#8221; css=&#8221;.vc_custom_1686670388607{margin-bottom: 40px !important;}&#8221;][vc_column_text css=&#8221;.vc_custom_1686670434157{margin-bottom: 40px !important;}&#8221;]D\u00ea vida a uma <strong>festa de gala beneficente<\/strong> no Le <strong>Caf\u00e9 de l&#8217;<\/strong>Homme. Nossas equipes far\u00e3o de tudo para que seu <strong>evento<\/strong> seja um sucesso. O local pode ser privatizado para receber seus convidados para um momento de compartilhamento e solidariedade. <\/p>\n<p>Desde o<strong>layout do<\/strong> local at\u00e9 os prestadores de servi\u00e7os e os <strong>equipamentos tecnol\u00f3gicos<\/strong>, estamos presentes em todas as etapas do processo para garantir que o seu projeto seja exatamente como voc\u00ea imaginou.[\/vc_column_text]<a href=\"#\" class=\"btn btn-naked btn_underline open-contact ld_button_69f3eb64e5f20\">\n\t<span>\n\t\t\n\t\t\t\t\t<span class=\"btn-txt\">privatisez le lieu.<\/span>\n\t\t\t\n\t\t\t\t<\/span>\n<\/a>\n[\/vc_column][vc_column width=&#8221;7\/12&#8243;][vc_row_inner equal_height=&#8221;yes&#8221; content_placement=&#8221;middle&#8221; responsive_css=&#8221;margin_bottom_large:30px&#8221; css=&#8221;.vc_custom_1686224165726{margin-bottom: 40px !important;}&#8221; el_class=&#8221;options&#8221;][vc_column_inner width=&#8221;1\/2&#8243; enable_overlay=&#8221;yes&#8221; align=&#8221;text-center&#8221; css=&#8221;.vc_custom_1686240038037{background-image: url(https:\/\/www.cafedelhomme.com\/wp-content\/uploads\/2023\/04\/img-right-scaled.jpg?id=371) !important;background-position: center !important;background-repeat: no-repeat !important;background-size: cover !important;}&#8221; overlay_bg=&#8221;rgba(0, 0, 0, 0.35)&#8221; el_class=&#8221;option-modal&#8221;]<a href=\"#\" class=\"btn btn-default btn-bordered border-thin btn btn-outline btn-outline-white open_modal-simple ld_button_69f3eb64e6032\">\n\t<span>\n\t\t\n\t\t\t\t\t<span class=\"btn-txt\">l'int\u00e9rieur et l'ext\u00e9rieur.<\/span>\n\t\t\t\n\t\t\t\t<\/span>\n<\/a>\n[vc_column_text el_class=&#8221;modal-content-simple&#8221;]Para tornar esse <strong>evento beneficente<\/strong> uma lembran\u00e7a inesquec\u00edvel tanto para os artistas quanto para os convidados, adaptamos o layout de nossos espa\u00e7os para que voc\u00ea possa exibir sua <strong>festa de gala beneficente<\/strong>.<\/p>\n<p>O Le <strong>Caf\u00e9 de l&#8217;<\/strong>Homme \u00e9 uma oportunidade \u00fanica para voc\u00ea mostrar sua arte em um ambiente sofisticado e elegante. A <strong>sala principal<\/strong> e o <strong>mezanino<\/strong> s\u00e3o decorados com bom gosto e delicadeza. <\/p>\n<p>Na \u00e1rea externa, o <strong>Terrasse, o Aile Eiffel e o Aile Jardin<\/strong> s\u00e3o espa\u00e7os verdes perfeitos para receber seus convidados para uma festa <strong>de gala beneficente<\/strong> com vista para a Torre Eiffel.[\/vc_column_text][\/vc_column_inner][vc_column_inner width=&#8221;1\/2&#8243; enable_overlay=&#8221;yes&#8221; align=&#8221;text-center&#8221; css=&#8221;.vc_custom_1686240015414{background-image: url(https:\/\/www.cafedelhomme.com\/wp-content\/uploads\/2023\/04\/bg-fullscreen-scaled.jpg?id=452) !important;background-position: center !important;background-repeat: no-repeat !important;background-size: cover !important;}&#8221; overlay_bg=&#8221;rgba(0, 0, 0, 0.35)&#8221; el_class=&#8221;option-modal&#8221;]<a href=\"#\" class=\"btn btn-default btn-bordered border-thin btn btn-outline btn-outline-white open_modal-simple ld_button_69f3eb64e6134\">\n\t<span>\n\t\t\n\t\t\t\t\t<span class=\"btn-txt\">le mat\u00e9riel technologique fourni.<\/span>\n\t\t\t\n\t\t\t\t<\/span>\n<\/a>\n[vc_column_text el_class=&#8221;modal-content-simple&#8221;]Fornecemos a voc\u00ea <strong>equipamentos de alta tecnologia<\/strong> para compartilhar seu <strong>conte\u00fado audiovisual<\/strong> em todo o seu <strong>evento beneficente<\/strong>.<\/p>\n<p><strong>Alto-falantes multitransmiss\u00e3o<\/strong> s\u00e3o instalados em nossas diferentes \u00e1reas para transmitir o seu som por todo o local. Para que os anfitri\u00f5es do evento possam presidir a <strong>gala<\/strong>, fornecemos <strong>microfones<\/strong> e <strong>microfones de lapela<\/strong> para todo o dia ou noite. <\/p>\n<p><strong>Telas gigantes<\/strong> e <strong>projetores de v\u00eddeo<\/strong> tamb\u00e9m est\u00e3o dispon\u00edveis na sala de recep\u00e7\u00e3o para que voc\u00ea possa compartilhar seus v\u00eddeos e fotos com seus <strong>convidados<\/strong>. No andar de cima, o <strong>mezanino<\/strong> tamb\u00e9m est\u00e1 equipado com uma <strong>televis\u00e3o Samsung\u00ae<\/strong> para que voc\u00ea possa transmitir suas apresenta\u00e7\u00f5es. <\/p>\n<p>Por fim, no <strong>terra\u00e7o panor\u00e2mico<\/strong> do <strong>Caf\u00e9 de l&#8217;Homme<\/strong>, <strong>os guarda-s\u00f3is French House<\/strong> e <strong>TUUCI<\/strong> est\u00e3o dispon\u00edveis para manter voc\u00ea fresco no ver\u00e3o e aquecido no inverno.[\/vc_column_text][\/vc_column_inner][\/vc_row_inner][vc_row_inner equal_height=&#8221;yes&#8221; content_placement=&#8221;middle&#8221; responsive_css=&#8221;margin_bottom_large:10px&#8221; css=&#8221;.vc_custom_1686224370091{margin-bottom: 40px !important;}&#8221; el_class=&#8221;options&#8221;][vc_column_inner width=&#8221;1\/2&#8243; enable_overlay=&#8221;yes&#8221; align=&#8221;text-center&#8221; css=&#8221;.vc_custom_1686240081843{background-image: url(https:\/\/www.cafedelhomme.com\/wp-content\/uploads\/2023\/04\/BG-1-1.jpg?id=354) !important;background-position: center !important;background-repeat: no-repeat !important;background-size: cover !important;}&#8221; overlay_bg=&#8221;rgba(0, 0, 0, 0.35)&#8221; el_class=&#8221;option-modal&#8221;]<a href=\"#\" class=\"btn btn-default btn-bordered border-thin btn btn-outline btn-outline-white open_modal-simple ld_button_69f3eb64e623a\">\n\t<span>\n\t\t\n\t\t\t\t\t<span class=\"btn-txt\">un lieu d'exception.<\/span>\n\t\t\t\n\t\t\t\t<\/span>\n<\/a>\n[vc_column_text el_class=&#8221;modal-content-simple&#8221;]A localiza\u00e7\u00e3o do <strong>Caf\u00e9 de l&#8217;Homme<\/strong> em <strong>Paris<\/strong> faz dele o <strong>lugar<\/strong> perfeito para voc\u00ea receber seus convidados. Localizado no <strong>Palais de Chaillot<\/strong>, no <strong>16\u00ba arrondissement<\/strong>, aos p\u00e9s do <strong>Trocadero<\/strong>, nossos quartos s\u00e3o acess\u00edveis por v\u00e1rios meios de transporte (\u00f4nibus, metr\u00f4, RER). <\/p>\n<p>Tamb\u00e9m oferecemos <strong>estacionamento com manobrista<\/strong> para levar seus convidados do hotel at\u00e9 o evento <strong>de gala beneficente<\/strong>.<\/p>\n<p>Certifique-se de que seus convidados tenham uma experi\u00eancia excepcional, oferecendo a eles a chance de desfrutar de uma vista deslumbrante da Torre <strong>Eiffel<\/strong> durante uma <strong>noite beneficente<\/strong>.[\/vc_column_text][\/vc_column_inner][vc_column_inner width=&#8221;1\/2&#8243; enable_overlay=&#8221;yes&#8221; align=&#8221;text-center&#8221; css=&#8221;.vc_custom_1686240058941{background-image: url(https:\/\/www.cafedelhomme.com\/wp-content\/uploads\/2023\/04\/img-left-scaled.jpg?id=370) !important;background-position: center !important;background-repeat: no-repeat !important;background-size: cover !important;}&#8221; overlay_bg=&#8221;rgba(0, 0, 0, 0.35)&#8221; el_class=&#8221;option-modal&#8221;]<a href=\"#\" class=\"btn btn-default btn-bordered border-thin btn btn-outline btn-outline-white open_modal-simple ld_button_69f3eb64e633b\">\n\t<span>\n\t\t\n\t\t\t\t\t<span class=\"btn-txt\">les prestations annexes.<\/span>\n\t\t\t\n\t\t\t\t<\/span>\n<\/a>\n[vc_column_text el_class=&#8221;modal-content-simple&#8221;]As equipes do Caf\u00e9 de l&#8217;Homme oferecem <strong>servi\u00e7os sob medida<\/strong> para tornar seu <strong>evento beneficente<\/strong> inesquec\u00edvel.<\/p>\n<p>Voc\u00ea gostaria de trazer <strong>artistas profissionais<\/strong> ou organizar um <strong>coquetel de recep\u00e7\u00e3o<\/strong> para os <strong>doadores <\/strong>que participar\u00e3o do seu evento? Trabalharemos com voc\u00ea para selecionar os <strong>melhores prestadores de servi\u00e7os<\/strong>. <\/p>\n<p>Para a sua <strong>Gala de Bienfaisance<\/strong>, voc\u00ea tamb\u00e9m pode mobiliar <strong>nossos espa\u00e7os<\/strong> no estilo de sua escolha e alugar ou n\u00e3o os m\u00f3veis dispon\u00edveis no Le Caf\u00e9 de l&#8217;Homme.[\/vc_column_text][\/vc_column_inner][\/vc_row_inner][\/vc_column][\/vc_row][vc_row el_id=&#8221;experi\u00eancia-cdh&#8221; responsive_css=&#8221;padding_top_large:250px|padding_bottom_large:250px&#8221; css=&#8221;.vc_custom_1682676040834{padding-top: 80px !important;padding-bottom: 80px !important;}&#8221;][vc_column][vc_custom_heading text=&#8221;Venha e descubra a experi\u00eancia do Caf\u00e9 de l&apos;Homme&#8221; font_container=&#8221;tag:h2|text_align:center&#8221;][vc_column_text]Desfrute de uma experi\u00eancia verdadeiramente atemporal. Voc\u00ea est\u00e1 pronto para essa experi\u00eancia?[\/vc_column_text][vc_row_inner][vc_column_inner align=&#8221;text-center&#8221; el_class=&#8221;group_btn&#8221;]<a href=\"https:\/\/www.cafedelhomme.com\/nos-experiences\" title=\"Nos exp\u00e9riences\" class=\"btn btn-default btn-bordered border-thin btn btn-outline btn-outline-white ld_button_69f3eb64e6444\">\n\t<span>\n\t\t\n\t\t\t\t\t<span class=\"btn-txt\">nossas experi\u00eancias.<\/span>\n\t\t\t\n\t\t\t\t<\/span>\n<\/a>\n<a href=\"https:\/\/www.cafedelhomme.com\/la-carte\" title=\"La Carte\" class=\"btn btn-default btn-bordered border-thin btn btn-outline btn-outline-white ld_button_69f3eb64e6558\">\n\t<span>\n\t\t\n\t\t\t\t\t<span class=\"btn-txt\">Veja o mapa.<\/span>\n\t\t\t\n\t\t\t\t<\/span>\n<\/a>\n[\/vc_column_inner][\/vc_row_inner][\/vc_column][\/vc_row]<\/p>\n<\/div>","protected":false},"excerpt":{"rendered":"<p>[vc_row sticky_row=&#8221;yes&#8221; css=&#8221;.vc_custom_1686663502715{background-image: url(https:\/\/www.cafedelhomme.com\/wp-content\/uploads\/2023\/06\/280534928_1045432909714989_378998164212777935_n-1024&#215;1024-1.jpg?id=2748) !important;background-position: center !important;background-repeat: no-repeat !important;background-size: cover !important;}&#8221; el_id=&#8221;cabe\u00e7alho-p\u00e1gina-simples&#8221;][vc_column responsive_css=&#8221;padding_top_large:220px|padding_bottom_large:220px&#8221; css=&#8221;.vc_custom_1683277774171{padding-top: 120px !important;padding-bottom: 230px !important;}&#8221;][vc_custom_heading text=&#8221;Seu baile de gala beneficente em frente \u00e0 Torre Eiffel&#8221; font_container=&#8221;tag:h1|text_align:center&#8221; css=&#8221;.vc_custom_1686670054399{margin-bottom: 0px !important;}&#8221;][vc_column_text] Privatize um local exclusivo em Paris para sua festa de gala beneficente [\/vc_column_text][\/vc_column][\/vc_row][vc_row&#8230;<\/p>\n","protected":false},"author":1,"featured_media":0,"parent":8082,"menu_order":0,"comment_status":"closed","ping_status":"closed","template":"","meta":{"_acf_changed":false,"footnotes":""},"class_list":["post-8560","page","type-page","status-publish","hentry"],"acf":[],"yoast_head":"<!-- This site is optimized with the Yoast SEO Premium plugin v20.10 (Yoast SEO v27.0) - https:\/\/yoast.com\/product\/yoast-seo-premium-wordpress\/ -->\n<title>Seu baile de gala beneficente em frente \u00e0 Torre Eiffel - Caf\u00e9 de l&#039;Homme<\/title>\n<meta name=\"robots\" content=\"index, follow, max-snippet:-1, max-image-preview:large, max-video-preview:-1\" \/>\n<link rel=\"canonical\" href=\"https:\/\/www.cafedelhomme.com\/pt-br\/privatizar\/seu-baile-de-gala-beneficente-em-frente-a-torre-eiffel\" \/>\n<meta property=\"og:locale\" content=\"pt_BR\" \/>\n<meta property=\"og:type\" content=\"article\" \/>\n<meta property=\"og:title\" content=\"Seu baile de gala beneficente em frente \u00e0 Torre Eiffel - Caf\u00e9 de l&#039;Homme\" \/>\n<meta property=\"og:description\" content=\"[vc_row sticky_row=&#8221;yes&#8221; css=&#8221;.vc_custom_1686663502715{background-image: url(https:\/\/www.cafedelhomme.com\/wp-content\/uploads\/2023\/06\/280534928_1045432909714989_378998164212777935_n-1024&#215;1024-1.jpg?id=2748) !important;background-position: center !important;background-repeat: no-repeat !important;background-size: cover !important;}&#8221; el_id=&#8221;cabe\u00e7alho-p\u00e1gina-simples&#8221;][vc_column responsive_css=&#8221;padding_top_large:220px|padding_bottom_large:220px&#8221; css=&#8221;.vc_custom_1683277774171{padding-top: 120px !important;padding-bottom: 230px !important;}&#8221;][vc_custom_heading text=&#8221;Seu baile de gala beneficente em frente \u00e0 Torre Eiffel&#8221; font_container=&#8221;tag:h1|text_align:center&#8221; css=&#8221;.vc_custom_1686670054399{margin-bottom: 0px !important;}&#8221;][vc_column_text] Privatize um local exclusivo em Paris para sua festa de gala beneficente [\/vc_column_text][\/vc_column][\/vc_row][vc_row...\" \/>\n<meta property=\"og:url\" content=\"https:\/\/www.cafedelhomme.com\/pt-br\/privatizar\/seu-baile-de-gala-beneficente-em-frente-a-torre-eiffel\" \/>\n<meta property=\"og:site_name\" content=\"Caf\u00e9 de l&#039;Homme\" \/>\n<meta property=\"article:publisher\" content=\"https:\/\/www.facebook.com\/cafedelhomme\" \/>\n<meta property=\"article:modified_time\" content=\"2025-03-18T08:55:37+00:00\" \/>\n<meta name=\"twitter:card\" content=\"summary_large_image\" \/>\n<meta name=\"twitter:label1\" content=\"Est. tempo de leitura\" \/>\n\t<meta name=\"twitter:data1\" content=\"11 minutos\" \/>\n<script type=\"application\/ld+json\" class=\"yoast-schema-graph\">{\"@context\":\"https:\/\/schema.org\",\"@graph\":[{\"@type\":\"WebPage\",\"@id\":\"https:\/\/www.cafedelhomme.com\/pt-br\/privatizar\/seu-baile-de-gala-beneficente-em-frente-a-torre-eiffel\",\"url\":\"https:\/\/www.cafedelhomme.com\/pt-br\/privatizar\/seu-baile-de-gala-beneficente-em-frente-a-torre-eiffel\",\"name\":\"Seu baile de gala beneficente em frente \u00e0 Torre Eiffel - Caf\u00e9 de l'Homme\",\"isPartOf\":{\"@id\":\"https:\/\/www.cafedelhomme.com\/pt-br#website\"},\"datePublished\":\"2023-06-13T15:26:38+00:00\",\"dateModified\":\"2025-03-18T08:55:37+00:00\",\"breadcrumb\":{\"@id\":\"https:\/\/www.cafedelhomme.com\/pt-br\/privatizar\/seu-baile-de-gala-beneficente-em-frente-a-torre-eiffel#breadcrumb\"},\"inLanguage\":\"pt-BR\",\"potentialAction\":[{\"@type\":\"ReadAction\",\"target\":[\"https:\/\/www.cafedelhomme.com\/pt-br\/privatizar\/seu-baile-de-gala-beneficente-em-frente-a-torre-eiffel\"]}]},{\"@type\":\"BreadcrumbList\",\"@id\":\"https:\/\/www.cafedelhomme.com\/pt-br\/privatizar\/seu-baile-de-gala-beneficente-em-frente-a-torre-eiffel#breadcrumb\",\"itemListElement\":[{\"@type\":\"ListItem\",\"position\":1,\"name\":\"Privatizar\",\"item\":\"https:\/\/www.cafedelhomme.com\/pt-br\/privatizar\"},{\"@type\":\"ListItem\",\"position\":2,\"name\":\"Seu baile de gala beneficente em frente \u00e0 Torre Eiffel\"}]},{\"@type\":\"WebSite\",\"@id\":\"https:\/\/www.cafedelhomme.com\/pt-br#website\",\"url\":\"https:\/\/www.cafedelhomme.com\/pt-br\",\"name\":\"Caf\u00e9 de l'Homme\",\"description\":\"\",\"publisher\":{\"@id\":\"https:\/\/www.cafedelhomme.com\/pt-br#organization\"},\"potentialAction\":[{\"@type\":\"SearchAction\",\"target\":{\"@type\":\"EntryPoint\",\"urlTemplate\":\"https:\/\/www.cafedelhomme.com\/pt-br?s={search_term_string}\"},\"query-input\":{\"@type\":\"PropertyValueSpecification\",\"valueRequired\":true,\"valueName\":\"search_term_string\"}}],\"inLanguage\":\"pt-BR\"},{\"@type\":\"Organization\",\"@id\":\"https:\/\/www.cafedelhomme.com\/pt-br#organization\",\"name\":\"Caf\u00e9 de l'Homme\",\"url\":\"https:\/\/www.cafedelhomme.com\/pt-br\",\"logo\":{\"@type\":\"ImageObject\",\"inLanguage\":\"pt-BR\",\"@id\":\"https:\/\/www.cafedelhomme.com\/pt-br#\/schema\/logo\/image\/\",\"url\":\"https:\/\/www.cafedelhomme.com\/wp-content\/uploads\/2023\/04\/big-logo-300x163-1.png\",\"contentUrl\":\"https:\/\/www.cafedelhomme.com\/wp-content\/uploads\/2023\/04\/big-logo-300x163-1.png\",\"width\":300,\"height\":163,\"caption\":\"Caf\u00e9 de l'Homme\"},\"image\":{\"@id\":\"https:\/\/www.cafedelhomme.com\/pt-br#\/schema\/logo\/image\/\"},\"sameAs\":[\"https:\/\/www.facebook.com\/cafedelhomme\",\"https:\/\/www.instagram.com\/cafedelhomme\/\"]}]}<\/script>\n<!-- \/ Yoast SEO Premium plugin. -->","yoast_head_json":{"title":"Seu baile de gala beneficente em frente \u00e0 Torre Eiffel - Caf\u00e9 de l'Homme","robots":{"index":"index","follow":"follow","max-snippet":"max-snippet:-1","max-image-preview":"max-image-preview:large","max-video-preview":"max-video-preview:-1"},"canonical":"https:\/\/www.cafedelhomme.com\/pt-br\/privatizar\/seu-baile-de-gala-beneficente-em-frente-a-torre-eiffel","og_locale":"pt_BR","og_type":"article","og_title":"Seu baile de gala beneficente em frente \u00e0 Torre Eiffel - Caf\u00e9 de l'Homme","og_description":"[vc_row sticky_row=&#8221;yes&#8221; css=&#8221;.vc_custom_1686663502715{background-image: url(https:\/\/www.cafedelhomme.com\/wp-content\/uploads\/2023\/06\/280534928_1045432909714989_378998164212777935_n-1024&#215;1024-1.jpg?id=2748) !important;background-position: center !important;background-repeat: no-repeat !important;background-size: cover !important;}&#8221; el_id=&#8221;cabe\u00e7alho-p\u00e1gina-simples&#8221;][vc_column responsive_css=&#8221;padding_top_large:220px|padding_bottom_large:220px&#8221; css=&#8221;.vc_custom_1683277774171{padding-top: 120px !important;padding-bottom: 230px !important;}&#8221;][vc_custom_heading text=&#8221;Seu baile de gala beneficente em frente \u00e0 Torre Eiffel&#8221; font_container=&#8221;tag:h1|text_align:center&#8221; css=&#8221;.vc_custom_1686670054399{margin-bottom: 0px !important;}&#8221;][vc_column_text] Privatize um local exclusivo em Paris para sua festa de gala beneficente [\/vc_column_text][\/vc_column][\/vc_row][vc_row...","og_url":"https:\/\/www.cafedelhomme.com\/pt-br\/privatizar\/seu-baile-de-gala-beneficente-em-frente-a-torre-eiffel","og_site_name":"Caf\u00e9 de l'Homme","article_publisher":"https:\/\/www.facebook.com\/cafedelhomme","article_modified_time":"2025-03-18T08:55:37+00:00","twitter_card":"summary_large_image","twitter_misc":{"Est. tempo de leitura":"11 minutos"},"schema":{"@context":"https:\/\/schema.org","@graph":[{"@type":"WebPage","@id":"https:\/\/www.cafedelhomme.com\/pt-br\/privatizar\/seu-baile-de-gala-beneficente-em-frente-a-torre-eiffel","url":"https:\/\/www.cafedelhomme.com\/pt-br\/privatizar\/seu-baile-de-gala-beneficente-em-frente-a-torre-eiffel","name":"Seu baile de gala beneficente em frente \u00e0 Torre Eiffel - Caf\u00e9 de l'Homme","isPartOf":{"@id":"https:\/\/www.cafedelhomme.com\/pt-br#website"},"datePublished":"2023-06-13T15:26:38+00:00","dateModified":"2025-03-18T08:55:37+00:00","breadcrumb":{"@id":"https:\/\/www.cafedelhomme.com\/pt-br\/privatizar\/seu-baile-de-gala-beneficente-em-frente-a-torre-eiffel#breadcrumb"},"inLanguage":"pt-BR","potentialAction":[{"@type":"ReadAction","target":["https:\/\/www.cafedelhomme.com\/pt-br\/privatizar\/seu-baile-de-gala-beneficente-em-frente-a-torre-eiffel"]}]},{"@type":"BreadcrumbList","@id":"https:\/\/www.cafedelhomme.com\/pt-br\/privatizar\/seu-baile-de-gala-beneficente-em-frente-a-torre-eiffel#breadcrumb","itemListElement":[{"@type":"ListItem","position":1,"name":"Privatizar","item":"https:\/\/www.cafedelhomme.com\/pt-br\/privatizar"},{"@type":"ListItem","position":2,"name":"Seu baile de gala beneficente em frente \u00e0 Torre Eiffel"}]},{"@type":"WebSite","@id":"https:\/\/www.cafedelhomme.com\/pt-br#website","url":"https:\/\/www.cafedelhomme.com\/pt-br","name":"Caf\u00e9 de l'Homme","description":"","publisher":{"@id":"https:\/\/www.cafedelhomme.com\/pt-br#organization"},"potentialAction":[{"@type":"SearchAction","target":{"@type":"EntryPoint","urlTemplate":"https:\/\/www.cafedelhomme.com\/pt-br?s={search_term_string}"},"query-input":{"@type":"PropertyValueSpecification","valueRequired":true,"valueName":"search_term_string"}}],"inLanguage":"pt-BR"},{"@type":"Organization","@id":"https:\/\/www.cafedelhomme.com\/pt-br#organization","name":"Caf\u00e9 de l'Homme","url":"https:\/\/www.cafedelhomme.com\/pt-br","logo":{"@type":"ImageObject","inLanguage":"pt-BR","@id":"https:\/\/www.cafedelhomme.com\/pt-br#\/schema\/logo\/image\/","url":"https:\/\/www.cafedelhomme.com\/wp-content\/uploads\/2023\/04\/big-logo-300x163-1.png","contentUrl":"https:\/\/www.cafedelhomme.com\/wp-content\/uploads\/2023\/04\/big-logo-300x163-1.png","width":300,"height":163,"caption":"Caf\u00e9 de l'Homme"},"image":{"@id":"https:\/\/www.cafedelhomme.com\/pt-br#\/schema\/logo\/image\/"},"sameAs":["https:\/\/www.facebook.com\/cafedelhomme","https:\/\/www.instagram.com\/cafedelhomme\/"]}]}},"_links":{"self":[{"href":"https:\/\/www.cafedelhomme.com\/pt-br\/wp-json\/wp\/v2\/pages\/8560","targetHints":{"allow":["GET"]}}],"collection":[{"href":"https:\/\/www.cafedelhomme.com\/pt-br\/wp-json\/wp\/v2\/pages"}],"about":[{"href":"https:\/\/www.cafedelhomme.com\/pt-br\/wp-json\/wp\/v2\/types\/page"}],"author":[{"embeddable":true,"href":"https:\/\/www.cafedelhomme.com\/pt-br\/wp-json\/wp\/v2\/users\/1"}],"replies":[{"embeddable":true,"href":"https:\/\/www.cafedelhomme.com\/pt-br\/wp-json\/wp\/v2\/comments?post=8560"}],"version-history":[{"count":2,"href":"https:\/\/www.cafedelhomme.com\/pt-br\/wp-json\/wp\/v2\/pages\/8560\/revisions"}],"predecessor-version":[{"id":8598,"href":"https:\/\/www.cafedelhomme.com\/pt-br\/wp-json\/wp\/v2\/pages\/8560\/revisions\/8598"}],"up":[{"embeddable":true,"href":"https:\/\/www.cafedelhomme.com\/pt-br\/wp-json\/wp\/v2\/pages\/8082"}],"wp:attachment":[{"href":"https:\/\/www.cafedelhomme.com\/pt-br\/wp-json\/wp\/v2\/media?parent=8560"}],"curies":[{"name":"wp","href":"https:\/\/api.w.org\/{rel}","templated":true}]}}