{"id":8607,"date":"2023-06-12T17:29:53","date_gmt":"2023-06-12T15:29:53","guid":{"rendered":"https:\/\/www.cafedelhomme.com\/dados-pessoais"},"modified":"2025-03-18T09:55:44","modified_gmt":"2025-03-18T08:55:44","slug":"dados-pessoais","status":"publish","type":"page","link":"https:\/\/www.cafedelhomme.com\/pt-br\/dados-pessoais","title":{"rendered":"Dados pessoais"},"content":{"rendered":"<div class=\"wpb-content-wrapper\"><p>[vc_row sticky_row=&#8221;yes&#8221; css=&#8221;.vc_custom_1686584680030{background-image: url(https:\/\/www.cafedelhomme.com\/wp-content\/uploads\/2023\/06\/helicot.jpg?id=2448) !important;background-position: center !important;background-repeat: no-repeat !important;background-size: cover !important;}&#8221; el_id=&#8221;cabe\u00e7alho-p\u00e1gina-simples&#8221;][vc_column responsive_css=&#8221;padding_top_large:220px|padding_bottom_large:220px&#8221; css=&#8221;.vc_custom_1683277774171{padding-top: 120px !important;padding-bottom: 230px !important;}&#8221;][vc_custom_heading text=&#8221;Dados pessoais&#8221; font_container=&#8221;tag:h1|text_align:center&#8221; css=&#8221;.vc_custom_1686584132766{margin-bottom: 0px !important;}&#8221;][vc_column_text]<\/p>\n<p style=\"text-align: center;\">Saiba mais sobre os dados pessoais que coletamos.<\/p>\n<p>[\/vc_column_text][\/vc_column][\/vc_row][vc_row responsive_css=&#8221;padding_top_large:40px|padding_bottom_large:80px&#8221; css=&#8221;.vc_custom_1686584601510{padding-top: 40px !important;padding-bottom: 40px !important;background-color: #ffffff !important;}&#8221;][vc_column][vc_custom_heading text=&#8221;Quem somos n\u00f3s?&#8221;][vc_column_text]O Cafe de l&#8217;Homme (doravante denominado &#8220;n\u00f3s&#8221; ou &#8220;nos&#8221;), uma sociedade an\u00f4nima simplificada com sede social em 17 PLACE DU TROCADERO - 75116 PARIS, \u00e9 respons\u00e1vel pelo processamento de seus dados pessoais.[\/vc_column_text][vc_custom_heading text=&#8221;Os dados pessoais que coletamos&#8221; css=&#8221;.vc_custom_1686584532203{margin-top: 30px !important;}&#8221;][vc_column_text]Coletamos e usamos somente os dados de que precisamos para fornecer a voc\u00ea servi\u00e7os personalizados e de alta qualidade como parte de nossas atividades.<\/p>\n<p>Podemos coletar v\u00e1rias categorias de dados pessoais, incluindo:<\/p>\n<p>- Informa\u00e7\u00f5es de contato (sobrenome, nome, data de nascimento, endere\u00e7o postal e de e-mail, n\u00famero de telefone, sexo e idade).<br \/>\n- Dados de identifica\u00e7\u00e3o e autentica\u00e7\u00e3o, especialmente ao usar nossas lojas on-line (registros t\u00e9cnicos, rastros de computador, informa\u00e7\u00f5es sobre seguran\u00e7a e uso do terminal, endere\u00e7o IP).[\/vc_column_text][vc_custom_heading text=&#8221;Uso de seus dados pessoais&#8221; css=&#8221;.vc_custom_1686584537031{margin-top: 30px !important;}&#8221;][vc_column_text]Garantimos total transpar\u00eancia no uso de seus dados pessoais. Consulte a tabela abaixo para entender como processamos seus dados.<\/p>\n<p>[\/vc_column_text][vc_row_inner][vc_column_inner width=&#8221;1\/3&#8243;][vc_custom_heading text=&#8221;Finalidade&#8221; font_container=&#8221;tag:h3|text_align:left&#8221;][vc_column_text]Para facilitar a navega\u00e7\u00e3o de voc\u00ea em nosso site[\/vc_column_text][vc_column_text]Para informar voc\u00ea de forma direcionada por meio de publicidade paga (redes sociais, Google Ads, etc.) sobre nossas novidades e produtos.[\/vc_column_text][vc_column_text]Para manter voc\u00ea informado por meio de boletins informativos sobre nossas novidades e produtos[\/vc_column_text][vc_column_text]Para vender um servi\u00e7o ou fazer uma reserva[\/vc_column_text][vc_column_text]Para medir e analisar o tr\u00e1fego do site[\/vc_column_text][vc_column_text]Para responder \u00e0s suas solicita\u00e7\u00f5es por meio de nosso formul\u00e1rio de contato, um de nossos endere\u00e7os de e-mail ou um dos n\u00fameros de telefone dispon\u00edveis para voc\u00ea.[\/vc_column_text][\/vc_column_inner][vc_column_inner width=&#8221;1\/3&#8243;][vc_custom_heading text=&#8221;Tipo de dados&#8221; font_container=&#8221;tag:h3|text_align:left&#8221;][vc_column_text]Endere\u00e7o IP\/Mac Dados do navegador e\/ou do dispositivo Conex\u00e3o com o site e dados de navega\u00e7\u00e3o[\/vc_column_text][vc_column_text]Endere\u00e7o IP\/Mac Dados do navegador e\/ou do dispositivo Conex\u00e3o com o site e dados de navega\u00e7\u00e3o[\/vc_column_text][vc_column_text]Endere\u00e7o de e-mail[\/vc_column_text][vc_column_text]Sobrenome e nome T\u00edtulo Endere\u00e7o de e-mail (endere\u00e7o postal) N\u00famero de telefone[\/vc_column_text][vc_column_text]Endere\u00e7o IP\/Mac Dados do navegador e\/ou do dispositivo Conex\u00e3o com o site e dados de navega\u00e7\u00e3o[\/vc_column_text][vc_column_text]Nome completo Endere\u00e7o de e-mail Endere\u00e7o de entrega e cobran\u00e7a N\u00famero de telefone Qualquer outra informa\u00e7\u00e3o que voc\u00ea gostaria de nos fornecer[\/vc_column_text][\/vc_column_inner][vc_column_inner width=&#8221;1\/3&#8243;][vc_custom_heading text=&#8221;Base legal&#8221; font_container=&#8221;tag:h3|text_align:left&#8221;][vc_column_text]Nossos interesses leg\u00edtimos (o chamado rastreamento &#8220;estritamente necess\u00e1rio&#8221;, que n\u00e3o requer seu consentimento pr\u00e9vio)[\/vc_column_text][vc_column_text]Nossos interesses leg\u00edtimos (desenvolver nossos neg\u00f3cios e implementar nossa estrat\u00e9gia de marketing)[\/vc_column_text][vc_column_text]Seu consentimento para receber comunica\u00e7\u00f5es de marketing por e-mail Nossos interesses leg\u00edtimos (desenvolver nossos neg\u00f3cios e implementar nossa estrat\u00e9gia de marketing)[\/vc_column_text][vc_column_text]Necess\u00e1rio para a execu\u00e7\u00e3o de um contrato celebrado com voc\u00ea[\/vc_column_text][vc_column_text]Nossos interesses leg\u00edtimos (manter nosso site atualizado e relevante, coletar estat\u00edsticas de uso, desenvolver nossos neg\u00f3cios e realizar nossa estrat\u00e9gia de marketing)[\/vc_column_text][vc_column_text]Necess\u00e1rio para a execu\u00e7\u00e3o de um contrato celebrado com voc\u00ea[\/vc_column_text][\/vc_column_inner][\/vc_row_inner][vc_custom_heading text=&#8221;Compartilhamento de seus dados pessoais&#8221; css=&#8221;.vc_custom_1686584541681{margin-top: 30px !important;}&#8221;][vc_column_text]Para cumprir as finalidades descritas acima, divulgamos seus dados pessoais somente a prestadores de servi\u00e7os e subcontratados que prestam servi\u00e7os em nosso nome. Mantemos seus dados pessoais por 3 anos a partir da data de coleta ou da data de sua \u00faltima atividade.<\/p>\n<p>[\/vc_column_text][vc_custom_heading text=&#8221;Cookies&#8221; css=&#8221;.vc_custom_1686584545678{margin-top: 30px !important;}&#8221;][vc_column_text]Este site usa cookies. Esses s\u00e3o arquivos que cont\u00eam um identificador enviado de um servidor da Web para o navegador da Web e, em seguida, armazenados no computador do usu\u00e1rio. Eles podem ser usados para facilitar o acesso e rastrear os usu\u00e1rios enquanto eles navegam no site. Ao visitar o site, os usu\u00e1rios tamb\u00e9m podem receber cookies de terceiros, em especial do Google Analytics. Essa solu\u00e7\u00e3o nos permite analisar o uso do site e gerar estat\u00edsticas sobre as visitas. As regras de confidencialidade do Google est\u00e3o dispon\u00edveis em https:\/\/policies.google.com\/?hl=fr&amp;gl=fr     <\/p>\n<p>Voc\u00ea pode aceitar ou rejeitar cookies. As configura\u00e7\u00f5es para o gerenciamento de cookies dependem de seu navegador. Voc\u00ea pode encontrar informa\u00e7\u00f5es sobre o gerenciamento de cookies para os principais navegadores nos endere\u00e7os abaixo:  <\/p>\n<p>- Para Internet Explorer<br \/>\n- Para Chrome<br \/>\n- Para Safari<br \/>\n- Para Firefox<br \/>\n- Para Opera[\/vc_column_text][vc_custom_heading text=&#8221;Seus direitos&#8221; css=&#8221;.vc_custom_1686584550241{margin-top: 30px !important;}&#8221;][vc_column_text]De acordo com os regulamentos aplic\u00e1veis, voc\u00ea tem v\u00e1rios direitos:<\/p>\n<p>- Direito de acesso: voc\u00ea pode obter informa\u00e7\u00f5es sobre o processamento de seus dados pessoais e uma c\u00f3pia desses dados.<br \/>\n- Direito de retifica\u00e7\u00e3o: se voc\u00ea acreditar que seus dados pessoais est\u00e3o imprecisos ou incompletos, poder\u00e1 solicitar que eles sejam alterados de acordo.<br \/>\n- Direito de exclus\u00e3o: voc\u00ea pode solicitar a exclus\u00e3o de seus dados pessoais na medida permitida por lei.<br \/>\n- Direito de limitar o processamento: voc\u00ea pode solicitar que o processamento dos seus dados pessoais seja limitado.<br \/>\n- Direito de obje\u00e7\u00e3o: voc\u00ea pode se opor ao processamento de seus dados pessoais por motivos relacionados \u00e0 sua situa\u00e7\u00e3o espec\u00edfica. Voc\u00ea tem o direito absoluto de se opor ao processamento de seus dados pessoais para fins de prospec\u00e7\u00e3o comercial, incluindo a cria\u00e7\u00e3o de perfis associada a essa prospec\u00e7\u00e3o.<br \/>\n- Direito \u00e0 portabilidade de seus dados, quando esse direito for aplic\u00e1vel, voc\u00ea tem o direito de ter os dados pessoais que nos forneceu devolvidos a voc\u00ea ou, quando tecnicamente poss\u00edvel, transferidos a terceiros.<br \/>\n- Voc\u00ea tem o direito de definir diretrizes relativas \u00e0 conserva\u00e7\u00e3o, exclus\u00e3o ou comunica\u00e7\u00e3o de seus dados pessoais, aplic\u00e1veis ap\u00f3s sua morte.<br \/>\n- Direito de retirar seu consentimento: se voc\u00ea deu seu consentimento para o processamento de seus dados pessoais, voc\u00ea tem o direito de retirar seu consentimento a qualquer momento.<br \/>\nVoc\u00ea pode exercer os direitos listados acima escrevendo para CAFE DE L&#8217;HOMME, D\u00e9l\u00e9gu\u00e9 \u00e0 la Protection des donn\u00e9es, 17 PLACE DU TROCADERO - 75116 PARIS, ou pelo e-mail dpo@cafedelhomme.com<\/p>\n<p>De acordo com os regulamentos aplic\u00e1veis, voc\u00ea tem o direito de apresentar uma reclama\u00e7\u00e3o \u00e0 autoridade supervisora competente, como a Commission Nationale de l&#8217;Informatique et des Libert\u00e9s (CNIL): 3 Place de Fontenoy - TSA 80715 - 75334 Paris 07.<\/p>\n<p>[\/vc_column_text][vc_custom_heading text=&#8221;Altera\u00e7\u00f5es a esta Pol\u00edtica de Confidencialidade e Prote\u00e7\u00e3o de Dados Pessoais&#8221; css=&#8221;.vc_custom_1686584554599{margin-top: 30px !important;}&#8221;][vc_column_text]N\u00f3s nos reservamos o direito de modificar esta pol\u00edtica de privacidade. Convidamos voc\u00ea a consultar a vers\u00e3o mais recente deste documento em nossos sites e o informaremos sobre quaisquer altera\u00e7\u00f5es substanciais por meio de nossos sites ou por nossos meios de comunica\u00e7\u00e3o habituais.[\/vc_column_text][vc_custom_heading text=&#8221;Como voc\u00ea pode entrar em contato conosco?&#8221; css=&#8221;.vc_custom_1686584558585{margin-top: 30px !important;}&#8221;][vc_column_text]Se tiver alguma d\u00favida sobre o uso de seus dados pessoais abrangidos por este documento, voc\u00ea pode entrar em contato com nosso Diretor de Prote\u00e7\u00e3o de Dados pelo correio, no CAFE DE L&#8217;HOMME, D\u00e9l\u00e9gu\u00e9 \u00e0 la Protection des donn\u00e9es, 17 PLACE DU TROCADERO - 75116 PARIS, ou pelo e-mail dpo@cafedelhomme.com[\/vc_column_text][\/vc_column][\/vc_row]<\/p>\n<\/div>","protected":false},"excerpt":{"rendered":"<p>[vc_row sticky_row=&#8221;yes&#8221; css=&#8221;.vc_custom_1686584680030{background-image: url(https:\/\/www.cafedelhomme.com\/wp-content\/uploads\/2023\/06\/helicot.jpg?id=2448) !important;background-position: center !important;background-repeat: no-repeat !important;background-size: cover !important;}&#8221; el_id=&#8221;cabe\u00e7alho-p\u00e1gina-simples&#8221;][vc_column responsive_css=&#8221;padding_top_large:220px|padding_bottom_large:220px&#8221; css=&#8221;.vc_custom_1683277774171{padding-top: 120px !important;padding-bottom: 230px !important;}&#8221;][vc_custom_heading text=&#8221;Dados pessoais&#8221; font_container=&#8221;tag:h1|text_align:center&#8221; css=&#8221;.vc_custom_1686584132766{margin-bottom: 0px !important;}&#8221;][vc_column_text] Saiba mais sobre os dados pessoais que coletamos. [\/vc_column_text][\/vc_column][\/vc_row][vc_row responsive_css=&#8221;padding_top_large:40px|padding_bottom_large:80px&#8221; css=&#8221;.vc_custom_1686584601510{padding-top: 40px !important;padding-bottom: 40px !important;background-color: #ffffff !important;}&#8221;][vc_column][vc_custom_heading text=&#8221;Quem somos n\u00f3s?&#8221;][vc_column_text]O Cafe&#8230;<\/p>\n","protected":false},"author":1,"featured_media":8608,"parent":0,"menu_order":0,"comment_status":"closed","ping_status":"closed","template":"","meta":{"_acf_changed":false,"footnotes":""},"class_list":["post-8607","page","type-page","status-publish","has-post-thumbnail","hentry"],"acf":[],"yoast_head":"<!-- This site is optimized with the Yoast SEO Premium plugin v20.10 (Yoast SEO v27.0) - https:\/\/yoast.com\/product\/yoast-seo-premium-wordpress\/ -->\n<title>Dados pessoais - Caf\u00e9 de l&#039;Homme<\/title>\n<meta name=\"robots\" content=\"index, follow, max-snippet:-1, max-image-preview:large, max-video-preview:-1\" \/>\n<link rel=\"canonical\" href=\"https:\/\/www.cafedelhomme.com\/pt-br\/dados-pessoais\" \/>\n<meta property=\"og:locale\" content=\"pt_BR\" \/>\n<meta property=\"og:type\" content=\"article\" \/>\n<meta property=\"og:title\" content=\"Dados pessoais - Caf\u00e9 de l&#039;Homme\" \/>\n<meta property=\"og:description\" content=\"[vc_row sticky_row=&#8221;yes&#8221; css=&#8221;.vc_custom_1686584680030{background-image: url(https:\/\/www.cafedelhomme.com\/wp-content\/uploads\/2023\/06\/helicot.jpg?id=2448) !important;background-position: center !important;background-repeat: no-repeat !important;background-size: cover !important;}&#8221; el_id=&#8221;cabe\u00e7alho-p\u00e1gina-simples&#8221;][vc_column responsive_css=&#8221;padding_top_large:220px|padding_bottom_large:220px&#8221; css=&#8221;.vc_custom_1683277774171{padding-top: 120px !important;padding-bottom: 230px !important;}&#8221;][vc_custom_heading text=&#8221;Dados pessoais&#8221; font_container=&#8221;tag:h1|text_align:center&#8221; css=&#8221;.vc_custom_1686584132766{margin-bottom: 0px !important;}&#8221;][vc_column_text] Saiba mais sobre os dados pessoais que coletamos. [\/vc_column_text][\/vc_column][\/vc_row][vc_row responsive_css=&#8221;padding_top_large:40px|padding_bottom_large:80px&#8221; css=&#8221;.vc_custom_1686584601510{padding-top: 40px !important;padding-bottom: 40px !important;background-color: #ffffff !important;}&#8221;][vc_column][vc_custom_heading text=&#8221;Quem somos n\u00f3s?&#8221;][vc_column_text]O Cafe...\" \/>\n<meta property=\"og:url\" content=\"https:\/\/www.cafedelhomme.com\/pt-br\/dados-pessoais\" \/>\n<meta property=\"og:site_name\" content=\"Caf\u00e9 de l&#039;Homme\" \/>\n<meta property=\"article:publisher\" content=\"https:\/\/www.facebook.com\/cafedelhomme\" \/>\n<meta property=\"article:modified_time\" content=\"2025-03-18T08:55:44+00:00\" \/>\n<meta property=\"og:image\" content=\"https:\/\/www.cafedelhomme.com\/wp-content\/uploads\/2023\/06\/helicot.jpg\" \/>\n\t<meta property=\"og:image:width\" content=\"1138\" \/>\n\t<meta property=\"og:image:height\" content=\"765\" \/>\n\t<meta property=\"og:image:type\" content=\"image\/jpeg\" \/>\n<meta name=\"twitter:card\" content=\"summary_large_image\" \/>\n<meta name=\"twitter:label1\" content=\"Est. tempo de leitura\" \/>\n\t<meta name=\"twitter:data1\" content=\"8 minutos\" \/>\n<script type=\"application\/ld+json\" class=\"yoast-schema-graph\">{\"@context\":\"https:\/\/schema.org\",\"@graph\":[{\"@type\":\"WebPage\",\"@id\":\"https:\/\/www.cafedelhomme.com\/pt-br\/dados-pessoais\",\"url\":\"https:\/\/www.cafedelhomme.com\/pt-br\/dados-pessoais\",\"name\":\"Dados pessoais - Caf\u00e9 de l'Homme\",\"isPartOf\":{\"@id\":\"https:\/\/www.cafedelhomme.com\/pt-br#website\"},\"primaryImageOfPage\":{\"@id\":\"https:\/\/www.cafedelhomme.com\/pt-br\/dados-pessoais#primaryimage\"},\"image\":{\"@id\":\"https:\/\/www.cafedelhomme.com\/pt-br\/dados-pessoais#primaryimage\"},\"thumbnailUrl\":\"https:\/\/www.cafedelhomme.com\/wp-content\/uploads\/2023\/06\/helicot.jpg\",\"datePublished\":\"2023-06-12T15:29:53+00:00\",\"dateModified\":\"2025-03-18T08:55:44+00:00\",\"inLanguage\":\"pt-BR\",\"potentialAction\":[{\"@type\":\"ReadAction\",\"target\":[\"https:\/\/www.cafedelhomme.com\/pt-br\/dados-pessoais\"]}]},{\"@type\":\"ImageObject\",\"inLanguage\":\"pt-BR\",\"@id\":\"https:\/\/www.cafedelhomme.com\/pt-br\/dados-pessoais#primaryimage\",\"url\":\"https:\/\/www.cafedelhomme.com\/wp-content\/uploads\/2023\/06\/helicot.jpg\",\"contentUrl\":\"https:\/\/www.cafedelhomme.com\/wp-content\/uploads\/2023\/06\/helicot.jpg\",\"width\":1138,\"height\":765},{\"@type\":\"WebSite\",\"@id\":\"https:\/\/www.cafedelhomme.com\/pt-br#website\",\"url\":\"https:\/\/www.cafedelhomme.com\/pt-br\",\"name\":\"Caf\u00e9 de l'Homme\",\"description\":\"\",\"publisher\":{\"@id\":\"https:\/\/www.cafedelhomme.com\/pt-br#organization\"},\"potentialAction\":[{\"@type\":\"SearchAction\",\"target\":{\"@type\":\"EntryPoint\",\"urlTemplate\":\"https:\/\/www.cafedelhomme.com\/pt-br?s={search_term_string}\"},\"query-input\":{\"@type\":\"PropertyValueSpecification\",\"valueRequired\":true,\"valueName\":\"search_term_string\"}}],\"inLanguage\":\"pt-BR\"},{\"@type\":\"Organization\",\"@id\":\"https:\/\/www.cafedelhomme.com\/pt-br#organization\",\"name\":\"Caf\u00e9 de l'Homme\",\"url\":\"https:\/\/www.cafedelhomme.com\/pt-br\",\"logo\":{\"@type\":\"ImageObject\",\"inLanguage\":\"pt-BR\",\"@id\":\"https:\/\/www.cafedelhomme.com\/pt-br#\/schema\/logo\/image\/\",\"url\":\"https:\/\/www.cafedelhomme.com\/wp-content\/uploads\/2023\/04\/big-logo-300x163-1.png\",\"contentUrl\":\"https:\/\/www.cafedelhomme.com\/wp-content\/uploads\/2023\/04\/big-logo-300x163-1.png\",\"width\":300,\"height\":163,\"caption\":\"Caf\u00e9 de l'Homme\"},\"image\":{\"@id\":\"https:\/\/www.cafedelhomme.com\/pt-br#\/schema\/logo\/image\/\"},\"sameAs\":[\"https:\/\/www.facebook.com\/cafedelhomme\",\"https:\/\/www.instagram.com\/cafedelhomme\/\"]}]}<\/script>\n<!-- \/ Yoast SEO Premium plugin. -->","yoast_head_json":{"title":"Dados pessoais - Caf\u00e9 de l'Homme","robots":{"index":"index","follow":"follow","max-snippet":"max-snippet:-1","max-image-preview":"max-image-preview:large","max-video-preview":"max-video-preview:-1"},"canonical":"https:\/\/www.cafedelhomme.com\/pt-br\/dados-pessoais","og_locale":"pt_BR","og_type":"article","og_title":"Dados pessoais - Caf\u00e9 de l'Homme","og_description":"[vc_row sticky_row=&#8221;yes&#8221; css=&#8221;.vc_custom_1686584680030{background-image: url(https:\/\/www.cafedelhomme.com\/wp-content\/uploads\/2023\/06\/helicot.jpg?id=2448) !important;background-position: center !important;background-repeat: no-repeat !important;background-size: cover !important;}&#8221; el_id=&#8221;cabe\u00e7alho-p\u00e1gina-simples&#8221;][vc_column responsive_css=&#8221;padding_top_large:220px|padding_bottom_large:220px&#8221; css=&#8221;.vc_custom_1683277774171{padding-top: 120px !important;padding-bottom: 230px !important;}&#8221;][vc_custom_heading text=&#8221;Dados pessoais&#8221; font_container=&#8221;tag:h1|text_align:center&#8221; css=&#8221;.vc_custom_1686584132766{margin-bottom: 0px !important;}&#8221;][vc_column_text] Saiba mais sobre os dados pessoais que coletamos. [\/vc_column_text][\/vc_column][\/vc_row][vc_row responsive_css=&#8221;padding_top_large:40px|padding_bottom_large:80px&#8221; css=&#8221;.vc_custom_1686584601510{padding-top: 40px !important;padding-bottom: 40px !important;background-color: #ffffff !important;}&#8221;][vc_column][vc_custom_heading text=&#8221;Quem somos n\u00f3s?&#8221;][vc_column_text]O Cafe...","og_url":"https:\/\/www.cafedelhomme.com\/pt-br\/dados-pessoais","og_site_name":"Caf\u00e9 de l'Homme","article_publisher":"https:\/\/www.facebook.com\/cafedelhomme","article_modified_time":"2025-03-18T08:55:44+00:00","og_image":[{"width":1138,"height":765,"url":"https:\/\/www.cafedelhomme.com\/wp-content\/uploads\/2023\/06\/helicot.jpg","type":"image\/jpeg"}],"twitter_card":"summary_large_image","twitter_misc":{"Est. tempo de leitura":"8 minutos"},"schema":{"@context":"https:\/\/schema.org","@graph":[{"@type":"WebPage","@id":"https:\/\/www.cafedelhomme.com\/pt-br\/dados-pessoais","url":"https:\/\/www.cafedelhomme.com\/pt-br\/dados-pessoais","name":"Dados pessoais - Caf\u00e9 de l'Homme","isPartOf":{"@id":"https:\/\/www.cafedelhomme.com\/pt-br#website"},"primaryImageOfPage":{"@id":"https:\/\/www.cafedelhomme.com\/pt-br\/dados-pessoais#primaryimage"},"image":{"@id":"https:\/\/www.cafedelhomme.com\/pt-br\/dados-pessoais#primaryimage"},"thumbnailUrl":"https:\/\/www.cafedelhomme.com\/wp-content\/uploads\/2023\/06\/helicot.jpg","datePublished":"2023-06-12T15:29:53+00:00","dateModified":"2025-03-18T08:55:44+00:00","inLanguage":"pt-BR","potentialAction":[{"@type":"ReadAction","target":["https:\/\/www.cafedelhomme.com\/pt-br\/dados-pessoais"]}]},{"@type":"ImageObject","inLanguage":"pt-BR","@id":"https:\/\/www.cafedelhomme.com\/pt-br\/dados-pessoais#primaryimage","url":"https:\/\/www.cafedelhomme.com\/wp-content\/uploads\/2023\/06\/helicot.jpg","contentUrl":"https:\/\/www.cafedelhomme.com\/wp-content\/uploads\/2023\/06\/helicot.jpg","width":1138,"height":765},{"@type":"WebSite","@id":"https:\/\/www.cafedelhomme.com\/pt-br#website","url":"https:\/\/www.cafedelhomme.com\/pt-br","name":"Caf\u00e9 de l'Homme","description":"","publisher":{"@id":"https:\/\/www.cafedelhomme.com\/pt-br#organization"},"potentialAction":[{"@type":"SearchAction","target":{"@type":"EntryPoint","urlTemplate":"https:\/\/www.cafedelhomme.com\/pt-br?s={search_term_string}"},"query-input":{"@type":"PropertyValueSpecification","valueRequired":true,"valueName":"search_term_string"}}],"inLanguage":"pt-BR"},{"@type":"Organization","@id":"https:\/\/www.cafedelhomme.com\/pt-br#organization","name":"Caf\u00e9 de l'Homme","url":"https:\/\/www.cafedelhomme.com\/pt-br","logo":{"@type":"ImageObject","inLanguage":"pt-BR","@id":"https:\/\/www.cafedelhomme.com\/pt-br#\/schema\/logo\/image\/","url":"https:\/\/www.cafedelhomme.com\/wp-content\/uploads\/2023\/04\/big-logo-300x163-1.png","contentUrl":"https:\/\/www.cafedelhomme.com\/wp-content\/uploads\/2023\/04\/big-logo-300x163-1.png","width":300,"height":163,"caption":"Caf\u00e9 de l'Homme"},"image":{"@id":"https:\/\/www.cafedelhomme.com\/pt-br#\/schema\/logo\/image\/"},"sameAs":["https:\/\/www.facebook.com\/cafedelhomme","https:\/\/www.instagram.com\/cafedelhomme\/"]}]}},"_links":{"self":[{"href":"https:\/\/www.cafedelhomme.com\/pt-br\/wp-json\/wp\/v2\/pages\/8607","targetHints":{"allow":["GET"]}}],"collection":[{"href":"https:\/\/www.cafedelhomme.com\/pt-br\/wp-json\/wp\/v2\/pages"}],"about":[{"href":"https:\/\/www.cafedelhomme.com\/pt-br\/wp-json\/wp\/v2\/types\/page"}],"author":[{"embeddable":true,"href":"https:\/\/www.cafedelhomme.com\/pt-br\/wp-json\/wp\/v2\/users\/1"}],"replies":[{"embeddable":true,"href":"https:\/\/www.cafedelhomme.com\/pt-br\/wp-json\/wp\/v2\/comments?post=8607"}],"version-history":[{"count":1,"href":"https:\/\/www.cafedelhomme.com\/pt-br\/wp-json\/wp\/v2\/pages\/8607\/revisions"}],"predecessor-version":[{"id":8611,"href":"https:\/\/www.cafedelhomme.com\/pt-br\/wp-json\/wp\/v2\/pages\/8607\/revisions\/8611"}],"wp:featuredmedia":[{"embeddable":true,"href":"https:\/\/www.cafedelhomme.com\/pt-br\/wp-json\/wp\/v2\/media\/8608"}],"wp:attachment":[{"href":"https:\/\/www.cafedelhomme.com\/pt-br\/wp-json\/wp\/v2\/media?parent=8607"}],"curies":[{"name":"wp","href":"https:\/\/api.w.org\/{rel}","templated":true}]}}